{"version":"1.0","provider_name":"Weltladen Cabanja","provider_url":"https:\/\/weltlaeden.de\/zell-im-wiesental","title":"\u00dcber uns - Weltladen Cabanja","type":"rich","width":600,"height":338,"html":"<blockquote class=\"wp-embedded-content\" data-secret=\"Ykq4oWjyr7\"><a href=\"https:\/\/weltlaeden.de\/zell-im-wiesental\/ueber-uns\/\">\u00dcber uns<\/a><\/blockquote><iframe sandbox=\"allow-scripts\" security=\"restricted\" src=\"https:\/\/weltlaeden.de\/zell-im-wiesental\/ueber-uns\/embed\/#?secret=Ykq4oWjyr7\" width=\"600\" height=\"338\" title=\"&#8222;\u00dcber uns&#8220; &#8211; Weltladen Cabanja\" data-secret=\"Ykq4oWjyr7\" frameborder=\"0\" marginwidth=\"0\" marginheight=\"0\" scrolling=\"no\" class=\"wp-embedded-content\"><\/iframe><script>\n\/*! This file is auto-generated *\/\n!function(d,l){\"use strict\";l.querySelector&&d.addEventListener&&\"undefined\"!=typeof URL&&(d.wp=d.wp||{},d.wp.receiveEmbedMessage||(d.wp.receiveEmbedMessage=function(e){var t=e.data;if((t||t.secret||t.message||t.value)&&!\/[^a-zA-Z0-9]\/.test(t.secret)){for(var s,r,n,a=l.querySelectorAll('iframe[data-secret=\"'+t.secret+'\"]'),o=l.querySelectorAll('blockquote[data-secret=\"'+t.secret+'\"]'),c=new RegExp(\"^https?:$\",\"i\"),i=0;i<o.length;i++)o[i].style.display=\"none\";for(i=0;i<a.length;i++)s=a[i],e.source===s.contentWindow&&(s.removeAttribute(\"style\"),\"height\"===t.message?(1e3<(r=parseInt(t.value,10))?r=1e3:~~r<200&&(r=200),s.height=r):\"link\"===t.message&&(r=new URL(s.getAttribute(\"src\")),n=new URL(t.value),c.test(n.protocol))&&n.host===r.host&&l.activeElement===s&&(d.top.location.href=t.value))}},d.addEventListener(\"message\",d.wp.receiveEmbedMessage,!1),l.addEventListener(\"DOMContentLoaded\",function(){for(var e,t,s=l.querySelectorAll(\"iframe.wp-embedded-content\"),r=0;r<s.length;r++)(t=(e=s[r]).getAttribute(\"data-secret\"))||(t=Math.random().toString(36).substring(2,12),e.src+=\"#?secret=\"+t,e.setAttribute(\"data-secret\",t)),e.contentWindow.postMessage({message:\"ready\",secret:t},\"*\")},!1)))}(window,document);\n<\/script>\n","description":"[vc_row][vc_column][vc_empty_space][vc_column_text] \u00dcber den Weltladen Cabanja [\/vc_column_text][vc_column_text] Der Weltladen Cabanja ging 1985 zusammen mit dem Tr\u00e4gerverein \u201eFrieden und Entwicklung e.V.\u201c aus der damaligen Friedensbewegung in Zell hervor. Nach Anf\u00e4ngen in einem kleinen unbeheizten Ladenlokal am Rande von Zell, zog der Laden im Jahre 2000 in die Kirchstra\u00dfe. Es fanden sich gen\u00fcgend ehrenamtliche Mitarbeiter, um den Weltladen&hellip;","thumbnail_url":"https:\/\/weltlaeden.de\/zell-im-wiesental\/wp-content\/uploads\/sites\/148\/2020\/10\/MG_9122.jpeg"}