{"id":23,"date":"2016-10-14T09:05:21","date_gmt":"2016-10-14T07:05:21","guid":{"rendered":"https:\/\/wl.heimpixel.de\/vorlage\/termine\/"},"modified":"2019-11-12T17:11:14","modified_gmt":"2019-11-12T16:11:14","slug":"termine","status":"publish","type":"page","link":"https:\/\/weltlaeden.de\/wolfenbuettel\/termine\/","title":{"rendered":"Termine"},"content":{"rendered":"<div class=\"wpb-content-wrapper\"><p>[vc_row][vc_column]<div class=\"wl_einzelbild\"><p><img loading=\"lazy\" decoding=\"async\" class=\"alignnone size-medium wp-image-581\" src=\"https:\/\/weltlaeden.de\/wolfenbuettel\/wp-content\/uploads\/sites\/111\/2019\/11\/Kirchenuhr-300x195.jpg\" alt=\"\" width=\"300\" height=\"195\" srcset=\"https:\/\/weltlaeden.de\/wolfenbuettel\/wp-content\/uploads\/sites\/111\/2019\/11\/Kirchenuhr-300x195.jpg 300w, https:\/\/weltlaeden.de\/wolfenbuettel\/wp-content\/uploads\/sites\/111\/2019\/11\/Kirchenuhr.jpg 509w\" sizes=\"auto, (max-width: 300px) 100vw, 300px\" \/><\/p><\/div>[vc_empty_space height=&#8220;30px&#8220;][vc_column_text]<\/p>\n<h1>Termine<\/h1>\n<h4><\/h4>\n<p>[\/vc_column_text][vc_empty_space height=&#8220;30px&#8220;][\/vc_column][\/vc_row][vc_row][vc_column width=&#8220;2\/3&#8243;][vc_column_text]<\/p>\n<h2>Kommende Termine<\/h2>\n<p>[\/vc_column_text]<ul class=\"termine-page current aktuell\">[vc_empty_space height=&#8220;30px&#8220;][vc_column_text]<\/p>\n<h2>Vergangene Termine<\/h2>\n<p>[\/vc_column_text]<ul class=\"termine-page past vergangen\"><li><h5 class=\"termine-titel\"><a href=\"https:\/\/weltlaeden.de\/wolfenbuettel\/termin\/ultra-fast-fashion-schluss-mit-der-wegwerfmode\/\">\u201eUltra Fast Fashion\u201c \u2013 Schluss mit der Wegwerfmode!<\/a><\/h5><p class=\"termine-date\">Do., 11.09.2025, 19:00<\/p><p class=\"termine-auszug\">Referent: Frank Herrmann, der Entwicklungsexperte und Nachhaltigkeitsexperte hat 20 Jahre in Lateinamerika gelebt. In immer k\u00fcrzeren Abst\u00e4nden wirft die Modebranche neue Billigkleidung auf den Markt und nutzt inzwischen verst\u00e4rkt die Sozialen Netzwerke als Vertriebskanal. Doch f\u00fcr den Ultra-Fast-Fashion-Kaufrausch zahlt der Planet einen hohen Preis. Nachhaltigkeitsexperte Frank Herrmann erl\u00e4utert, welche Folgen die Wegwerfmode f\u00fcr Mensch und Umwelt mit sich bringt, warum weniger mehr ist und welche Alternativen es beim Einkauf gibt. Denn sich fair, bio und klimafreundlich zu bekleiden, ist mehr als nur Shoppen f\u00fcrs gute Gewissen. Es ist Teil einer Grundhaltung, die zeigt, dass jeder und jede von uns die Welt ein wenig \u201efair bessern\u201c kann. Veranstalter: Stadt Wolfenb\u00fcttel und Steuerungsgruppe Fairtrade-Stadt; Kontakt: umwelt@wolfenbuettel.de oder bei Martina M\u00fcnstermann-Kreifels, Telefon 05331 86-289<p class=termine-ort\"><small>Ort: <i>WOW! \u2013 Wissensort Wolfenb\u00fcttel, L\u00f6wenstra\u00dfe 1, 38300 Wolfenb\u00fcttel<\/i><\/small><\/p><\/li><li><h5 class=\"termine-titel\"><a href=\"https:\/\/weltlaeden.de\/wolfenbuettel\/termin\/nepal-vielfaeltige-reiseeindruecke\/\">Nepal &#8211; Vielf\u00e4ltige Reiseeindr\u00fccke<\/a><\/h5><p class=\"termine-date\">Do., 13.02.2025, 19:00<\/p><p class=\"termine-auszug\">\u00d6ffentliche Vortr\u00e4ge mit Bildern <a class=\"dt-pswp-item\" href=\"https:\/\/weltlaeden.de\/wolfenbuettel\/wp-content\/uploads\/sites\/111\/2025\/02\/Nepal-Vortrag-Feb2025-scaled.jpg\" data-dt-img-description=\"\" data-large_image_width=\"1920\" data-large_image_height=\"2560\"><\/a>Am 13.02.2025 werden um 19.00 Uhr im Gemeindehaus der Hauptkirche Wolfenb\u00fcttel, Michael-Praetorius-Platz 9, die Referentinnen Christiane D\u00f6ring (Verein Werkstatt Solidarische Welt e.V. \/ (Weltladen) und Edith Malzer (NEPRA e. V.) ihre Eindr\u00fccke von Reisen nach Nepal pr\u00e4sentieren. In Wort und Bild erz\u00e4hlt Christiane D\u00f6ring von ihrer dritten Nepal Reise. Diese war organisiert von internationalen Organisationen wie Children\u2019s Aid International und Women Welcome Women Worldwide. Im Zentrum dieser auch touristischen Reise standen die Besuche in einem Kinderheim f\u00fcr benachteiligte Kinder. Christiane D\u00f6ring war zu Gast bei der Kumbeshwar Technical School (KTS) und New SADLE zwei gro\u00dfen Fair Trade Handwerksbetrieben. Bei New SADLE lernte sie auch Edith Malzer kennen. Die Betriebe geh\u00f6ren der Fairtrade Group Nepal an und exportieren in alle Welt. Die Weltl\u00e4den in Deutschland verkaufen deren Produkte. Edith Malzer besuchte als Fairtrade Importeurin und Vorsitzende von NEPRA e. V. unz\u00e4hlige Male [...] <a href=\"https:\/\/weltlaeden.de\/wolfenbuettel\/termin\/nepal-vielfaeltige-reiseeindruecke\/\"><small>[WEITERLESEN]<\/small><\/a><\/p><p class=termine-ort\"><small>Ort: <i>Gemeindehaus der Hauptkirche Wolfenb\u00fcttel, Michael-Praetorius-Platz 9<\/i><\/small><\/p><\/li><li><h5 class=\"termine-titel\"><a href=\"https:\/\/weltlaeden.de\/wolfenbuettel\/termin\/tag-des-fairen-kaffees\/\">Tag des Fairen Kaffees<\/a><\/h5><p class=\"termine-date\">Sa., 28.09.2024, 10:00 bis 28.09.2024, 14:00<\/p><p class=\"termine-auszug\">Dieses Jahr wird es am \u201eTag des Fairen Kaffees\u201c u.a. wieder Kostproben des fairen Wolfenb\u00fcttel-Kaffees geben. Und zwar nach dem Motto \u201eQualit\u00e4t schmecken und Fairness f\u00f6rdern\u201c. Kaffee k\u00f6nnte zuk\u00fcnftig ein rares Gut werden. Denn der Klimawandel trifft die Landwirtschaft im Globalen S\u00fcden sehr empfindlich: Bei Temperaturerh\u00f6hungen von 1\u00b0C-2\u00b0C verbreiten sich Pflanzenkrankheiten und Sch\u00e4dlinge viel schneller, was in der Vergangenheit bereits zu gro\u00dfen Ernte- und Einkommenssch\u00e4den f\u00fchrte. Daher ist es wichtiger, sich f\u00fcr ein faires und nachhaltiges Miteinander zum Schutz der Umwelt einzusetzen.<p class=termine-ort\"><small>Ort: <i>Weltladen Wolfenb\u00fcttel, Krambuden 9<\/i><\/small><\/p><\/li><li><h5 class=\"termine-titel\"><a href=\"https:\/\/weltlaeden.de\/wolfenbuettel\/termin\/1391\/\">Filmvorf\u00fchrung in der Fairen Woche<\/a><\/h5><p class=\"termine-date\">Mi., 25.09.2024, 19:00<\/p><p class=\"termine-auszug\"><a class=\"dt-pswp-item\" href=\"https:\/\/weltlaeden.de\/wolfenbuettel\/wp-content\/uploads\/sites\/111\/2024\/09\/sharepic_oneword.jpg\" data-dt-img-description=\"\" data-large_image_width=\"1280\" data-large_image_height=\"1280\"><\/a>\u201eOne Word\u201c ist ein Dokumentarfilm von Viviana und Mark Uriona \u00fcber die Auswirkungen des Klimawandels auf die Republik der Marshallinseln und ihre Bev\u00f6lkerung. Das Meer steigt an und f\u00fcr 2050 ist die Unbewohnbarkeit der Insel prognostiziert. Der Film gibt den Menschen eine Stimme, die von dem bevorstehenden Kollaps beruflich und privat betroffen sind. Sie erz\u00e4hlen ebenso wie Wissenschaftler:innen und Vertreter:innen von NGOs von fr\u00fcher und heute. Sowohl Ursachen als auch L\u00f6sungsans\u00e4tze werden diskutiert. Dazwischen sorgen grandiose Drohnenaufnahmen der \u00fcberw\u00e4ltigenden Natur und ausgesuchte Indie-Musik f\u00fcr Momente des Aufatmens. <strong>Ort:<\/strong> Filmpalast, 19.00 Uhr, anschlie\u00dfende <strong>Diskussion in der<\/strong> <strong>Ver\u00e4nder.Bar<\/strong> <strong>Kontakt:<\/strong> Weltladen, E-Mail: info@weltladen-wf.de, Telefon: 05331 7107303 <strong>Veranstalter:<\/strong> gemeinsame Aktion von B\u00fcndnis 90\/ Die Gr\u00fcnen Wolfenb\u00fcttel und dem Verein Werkstatt Solidarische Welt e.V.\/ Weltladen.<p class=termine-ort\"><small>Ort: <i>Filmpalast, Lange Stra\u00dfe 5, 38300 WF<\/i><\/small><\/p><\/li><li><h5 class=\"termine-titel\"><a href=\"https:\/\/weltlaeden.de\/wolfenbuettel\/termin\/wolfenbuetteler-umweltmarkt-2\/\">Wolfenb\u00fctteler Umweltmarkt<\/a><\/h5><p class=\"termine-date\">Sa., 15.06.2024, 10:00 bis 15.06.2024, 14:00<\/p><p class=\"termine-auszug\">Der Weltladen ist wieder mit einem Stand auf dem WUM vertreten. Mehr Informationen auf <a href=\"http:\/\/der-wum.de\/\">http:\/\/der-wum.de\/<\/a> . &nbsp;<\/li><li><h5 class=\"termine-titel\"><a href=\"https:\/\/weltlaeden.de\/wolfenbuettel\/termin\/eroeffnung-des-neuen-ladens\/\">Er\u00f6ffnung des neuen Ladens<\/a><\/h5><p class=\"termine-date\">Sa., 04.05.2024, 10:00<\/p><p class=\"termine-auszug\">Der Weltladen er\u00f6ffnet den neuen Laden an den Krambuden 9 mit zahlreichen Aktionen!<\/li><li><h5 class=\"termine-titel\"><a href=\"https:\/\/weltlaeden.de\/wolfenbuettel\/termin\/sonderfairkauf-vom-9-bis-14-oktober\/\">SonderFairkauf vom 9. bis 14. Oktober!<\/a><\/h5><p class=\"termine-date\">Mo., 09.10.2023, 10:00 bis 14.10.2023, 13:30<\/p><p class=\"termine-auszug\">Beim SonderFairkauf ist es wieder m\u00f6glich, einige Artikel zu besonders g\u00fcnstigen Preisen zu erwerben. <a class=\"dt-pswp-item\" href=\"https:\/\/weltlaeden.de\/wolfenbuettel\/wp-content\/uploads\/sites\/111\/2023\/10\/IMG_2059-.jpg\" data-dt-img-description=\"\" data-large_image_width=\"1008\" data-large_image_height=\"756\"><\/a><\/li><li><h5 class=\"termine-titel\"><a href=\"https:\/\/weltlaeden.de\/wolfenbuettel\/termin\/faire-woche-2\/\">Faire Woche<\/a><\/h5><p class=\"termine-date\">Fr., 15.09.2023 bis 29.09.2023<\/p><p class=\"termine-auszug\">Bundesweite Faire Woche: Klimagerechtigkeit vom 15. bis 29. September 2023 <strong>Veranstaltungen in Wolfenb\u00fcttel, siehe auch: <\/strong><a href=\"https:\/\/www.bs-live.de\/xnews\/aktuelle-news\/wolfenbuettel-nimmt-an-der-fairen-woche-2023-teil.html\">https:\/\/www.bs-live.de\/xnews\/aktuelle-news\/wolfenbuettel-nimmt-an-der-fairen-woche-2023-teil.html<\/a><strong> <\/strong> Sa. 16.9., abends: Verkauf von fairen Snacks und Getr\u00e4nken im Rahmen der Kulturnacht,\u00a0 St. Trinitatis Sa. 23.9. 12 Uhr: Fahrradtour von Wolfenb\u00fcttel zum \u201eKultur im Zelt-Nachhaltigkeitsmarkt\" in Braunschweig\/B\u00fcrgerpark, R\u00fcckfahrt ab 16 Uhr - mehr Infos beim VCD: <a href=\"https:\/\/niedersachsen.vcd.org\/der-vcd-in-niedersachsen\/wolfenbuettel\/termine\/default-75f9fb7989196f173094e7eba717ef25\">Klima-Radtour \u2013 Faire Woche 2023 | VCD vor Ort - Mobilit\u00e4t f\u00fcr Menschen<\/a> und beim ADFC: <a href=\"https:\/\/touren-termine.adfc.de\/radveranstaltung\/105804-klimaradtour-faire-woche-2023\">Klima-Radtour \u2013 Faire Woche 2023 | ADFC Veranstaltungsportal<\/a> Mi. 27.9. 19 Uhr: Gr\u00fcner Film \u201eMade in Bangladesh\u201c mit anschlie\u00dfender Diskussion, Filmpalast Wolfenb\u00fcttel; Kooperation: OV B\u00fcndnis 90\/ DIE GR\u00dcNEN und Werkstatt Solidarische Welt e. V. Sa. 30.9. 10 - 13 Uhr: Tag des Fairen Kaffees, Weltladen; Weltladen in Kooperation mit FairtadeStadt Wolfenb\u00fcttel <a style=\"color: #ff9900\" href=\"https:\/\/weltlaeden.de\/wolfenbuettel\/wp-content\/uploads\/sites\/111\/2023\/08\/Flyer-Faire-Woche-2023_web-1.pdf\"><strong>Flyer mit allen Veranstaltungen<\/strong><\/a> (PDF-Datei)<\/li><li><h5 class=\"termine-titel\"><a href=\"https:\/\/weltlaeden.de\/wolfenbuettel\/termin\/mitgliedersammlung-des-vereins-werkstatt-solidarische-welt\/\">Mitgliedersammlung des Vereins \u201eWerkstatt Solidarische Welt\u201c<\/a><\/h5><p class=\"termine-date\">Do., 27.07.2023, 19:00<\/p><p class=\"termine-auszug\">Die Mitgliederversammlung des Vereins \u201eWerkstatt Solidarische Welt\u201c findet am 27. Juli 2023 um 19 Uhr im Gemeindehaus der Hauptkirche BMV statt.<p class=termine-ort\"><small>Ort: <i>Gemeindehaus der Hauptkirche BMV, Michael-Praetorius-Platz 9, 38300 WF<\/i><\/small><\/p><\/li><li><h5 class=\"termine-titel\"><a href=\"https:\/\/weltlaeden.de\/wolfenbuettel\/termin\/weltbienentag-honigverkostung\/\">Weltbienentag &#8211; Honigverkostung<\/a><\/h5><p class=\"termine-date\">Sa., 20.05.2023, 10:00 bis 20.05.2023, 13:00<\/p><p class=\"termine-auszug\"><a class=\"dt-pswp-item\" href=\"https:\/\/weltlaeden.de\/wolfenbuettel\/wp-content\/uploads\/sites\/111\/2023\/05\/Weltbienentag_23__teas2x2.jpg\" data-dt-img-description=\"\" data-large_image_width=\"462\" data-large_image_height=\"462\"><\/a><p class=termine-ort\"><small>Ort: <i>vor dem Weltladen<\/i><\/small><\/p><\/li><li><h5 class=\"termine-titel\"><a href=\"https:\/\/weltlaeden.de\/wolfenbuettel\/termin\/maechtig-fair-weltladentag-mit-aktionen-in-der-fussgaengerzone\/\">M\u00c4CHTIG FAIR: Weltladentag mit Aktionen in der Fu\u00dfg\u00e4ngerzone<\/a><\/h5><p class=\"termine-date\">Sa., 13.05.2023, 10:00 bis 13.05.2023, 14:00<\/p><p class=\"termine-auszug\">Mit einer Tatort-Installation am L\u00f6wentor und einer riesigen Zeitung, die an verschiedenen Stellen der Fu\u00dfg\u00e4ngerzone lesbar sein wird, ist der Weltladen Wolfenb\u00fcttel anl\u00e4sslich des Weltladentags am Samstag, 13.5.23 zwischen 10.00 und 14.00 Uhr im Zentrum Wolfenb\u00fcttels pr\u00e4sent. <a class=\"dt-pswp-item\" href=\"https:\/\/weltlaeden.de\/wolfenbuettel\/wp-content\/uploads\/sites\/111\/2023\/05\/Maechtig-Fair_Keyvisual_Website_3000x1000.jpg\" data-dt-img-description=\"\" data-large_image_width=\"2048\" data-large_image_height=\"683\"><\/a> Mehr Informationen: <a href=\"https:\/\/weltlaeden.de\/wolfenbuettel\/weltladentag-2023-am-13-mai-wir-sind-dabei\/\">Weltladentag 2023 am 13. Mai \u2013 Wir sind dabei!<\/a><p class=termine-ort\"><small>Ort: <i>L\u00f6wentor\/Fu\u00dfg\u00e4ngerzone<\/i><\/small><\/p><\/li><li><h5 class=\"termine-titel\"><a href=\"https:\/\/weltlaeden.de\/wolfenbuettel\/termin\/schoene-heile-fussballwelt\/\">Sch\u00f6ne heile Fu\u00dfballwelt?<\/a><\/h5><p class=\"termine-date\">Di., 13.12.2022, 18:00<\/p><p class=\"termine-auszug\"><a class=\"dt-pswp-item\" href=\"https:\/\/weltlaeden.de\/wolfenbuettel\/wp-content\/uploads\/sites\/111\/2021\/06\/fussbaelle.1200x675.jpg\" data-dt-img-description=\"\" data-large_image_width=\"902\" data-large_image_height=\"601\"><\/a>Veranstaltung des Forum Nachhaltigkeit der Brunswick European Law School (BELS) au\u00dfer in der Ostfalia auch <a title=\"Sch\u00f6ne Heile Fu\u00dfballwelt\" href=\"https:\/\/www.ostfalia.de\/cms\/de\/r\/detail\/news\/9a4993ef-7157-11ed-8745-d96edd3be9f9\" target=\"_top\" rel=\"noopener\" name=\"Sch\u00f6ne Heile Fu\u00dfballwelt\">Online<\/a>. Welche Rolle spielt Nachhaltigkeit beim Fu\u00dfball? Das Forum Nachhaltigkeit der Brunswick European Law School (BELS) besch\u00e4ftigt sich am Dienstag, den 13.12. um 18 Uhr vor dem Hintergrund der laufenden Fu\u00dfball-Weltmeisterschaft der M\u00e4nner in Katar mit der eigentlich \"sch\u00f6nsten Nebensache der Welt\". Wir freuen uns, dass wir mit dem VfL Wolfsburg und dem Deutschen Fu\u00dfball-Bund (DFB) zwei hochrangige Fu\u00dfball-Akteure bei uns zu Gast haben werden: Begr\u00fc\u00dfung und Einf\u00fchrung Prof. Dr. iur. Kai Litschen, Dekan der Fakult\u00e4t Recht Input: \"\u00d6kologische Nachhaltigkeit im Fu\u00dfball: Chancen und Herausforderungen f\u00fcr den VfL Wolfsburg\" (Nico Briskorn, Leiter der Corporate Social Responsibility des VfL Wolfsburg) Paneldiskussion mit Dr. Irina Kummert (Vorsitzende der DFB-Ethikkommission): Fu\u00dfball zwischen Leidenschaft und Kommerz - Machen \u00f6konomische Interessen den Fu\u00dfball kaputt? &nbsp;<p class=termine-ort\"><small>Ort: <i>Ostfalia, Raum O01 des BELS-Verwaltungsgeb\u00e4udes, Salzdahlumer Stra\u00dfe 46-48, 38302 Wolfenb\u00fcttel<\/i><\/small><\/p><\/li><li><h5 class=\"termine-titel\"><a href=\"https:\/\/weltlaeden.de\/wolfenbuettel\/termin\/sonderfairkauf-2\/\">SonderFairkauf<\/a><\/h5><p class=\"termine-date\">Di., 04.10.2022 bis 08.10.2022<\/p><p class=\"termine-auszug\"><strong>Beim SonderFairkauf ist es wieder m\u00f6glich, einige Artikel zu besonders g\u00fcnstigen Preisen zu erwerben.<\/strong> Vorbereitung auf den SonderFairkauf im Weltladen von Dienstag, 4.10. bis Samstag 8.10. Alle Kisten durchsucht, den Dachboden aufger\u00e4umt und nun sind viele sch\u00f6ne Dinge im Sonderangebot. Es lohnt sich. Nur diese Woche gibt es das ein oder andere Schn\u00e4ppchen! <a class=\"dt-pswp-item\" href=\"https:\/\/weltlaeden.de\/wolfenbuettel\/wp-content\/uploads\/sites\/111\/2022\/10\/image0-1.jpg\" data-dt-img-description=\"\" data-large_image_width=\"643\" data-large_image_height=\"858\"><\/a> <a class=\"dt-pswp-item\" href=\"https:\/\/weltlaeden.de\/wolfenbuettel\/wp-content\/uploads\/sites\/111\/2022\/10\/image2.jpeg\" data-dt-img-description=\"\" data-large_image_width=\"640\" data-large_image_height=\"480\"><\/a> <a class=\"dt-pswp-item\" href=\"https:\/\/weltlaeden.de\/wolfenbuettel\/wp-content\/uploads\/sites\/111\/2022\/10\/image1.jpeg\" data-dt-img-description=\"\" data-large_image_width=\"640\" data-large_image_height=\"480\"><\/a><p class=termine-ort\"><small>Ort: <i>Weltladen<\/i><\/small><\/p><\/li><li><h5 class=\"termine-titel\"><a href=\"https:\/\/weltlaeden.de\/wolfenbuettel\/termin\/tag-des-fairen-kaffees-mit-verkostung\/\">Tag des Fairen Kaffees mit Verkostung<\/a><\/h5><p class=\"termine-date\">Sa., 01.10.2022, 10:00 bis 01.10.2022, 13:30<\/p><p class=\"termine-auszug\">Verkostung von verschiedenen Kaffeesorten und Auslosung der Rallye-Gewinner*innen Findet im Rahmen der Fairen Woche statt.<p class=termine-ort\"><small>Ort: <i>Weltladen<\/i><\/small><\/p><\/li><li><h5 class=\"termine-titel\"><a href=\"https:\/\/weltlaeden.de\/wolfenbuettel\/termin\/radpilgertour-von-braunschweig-nach-wolfenbuettel\/\">Radpilgertour von Braunschweig nach Wolfenb\u00fcttel<\/a><\/h5><p class=\"termine-date\">So., 25.09.2022, 11:00 bis 25.09.2022, 17:00<\/p><p class=\"termine-auszug\">Start an der Klosterkirche Riddagshausen\u00a0 bis zum Weltladen Wolfenb\u00fcttel Findet im Rahmen der Fairen Woche statt. &nbsp;<p class=termine-ort\"><small>Ort: <i>Start Klosterkirche Riddagshausen<\/i><\/small><\/p><\/li><li><h5 class=\"termine-titel\"><a href=\"https:\/\/weltlaeden.de\/wolfenbuettel\/termin\/kaffeeanbau-und-landleben-in-nicaragua\/\">Fairer Bio Kaffeeanbau in Nicaragua &#8211; ein Kaffeebauer berichtet<\/a><\/h5><p class=\"termine-date\">Fr., 23.09.2022, 19:00<\/p><p class=\"termine-auszug\"><strong>Referent Jolver Mendoza, Multimedia Vortrag<\/strong> <strong>um 19.00 Uhr im Pavillon<\/strong> in der VHS Harzstra\u00dfe 2-5 Wolfenb\u00fcttel <a class=\"dt-pswp-item\" href=\"https:\/\/weltlaeden.de\/wolfenbuettel\/wp-content\/uploads\/sites\/111\/2022\/09\/Cafe-Chavalo_Logo_1500px.jpg\" data-dt-img-description=\"\" data-large_image_width=\"1500\" data-large_image_height=\"1555\"><\/a> <a class=\"dt-pswp-item\" href=\"https:\/\/weltlaeden.de\/wolfenbuettel\/wp-content\/uploads\/sites\/111\/2022\/09\/FNK2EU-klein.jpg\" data-dt-img-description=\"\" data-large_image_width=\"829\" data-large_image_height=\"1106\"><\/a> Unsere t\u00e4gliche Tasse Kaffee ist uns wichtig. Aroma soll der Kaffee haben, einen guten Geschmack, aber zahlen wir auch einen gerechten Preis daf\u00fcr? Jolver Mendoza, der als Kaffeebauer im Naturreservat Miraflor in Nicaragua lebt, baut dort gemeinsam mit seiner Mutter Bio-Kaffee an. Er wird in seinem Vortrag mit nicaraguanischer Musik unter anderem \u00fcber den biologischen Kaffeeanbau und das Landleben in Nicaragua sprechen. Er gibt Einblicke in die Arbeit der Kaffee-Genossenschaften und erl\u00e4utert, welchen Herausforderungen sich die Kaffeeproduzentinnen und -produzenten in Nicaragua derzeit stellen m\u00fcssen. Die Veranstalter laden zu einer Diskussion dar\u00fcber ein, wie Fairer Handel mit Nicaragua funktionieren kann, und was sich ver\u00e4ndern muss, damit Kaffeebauern einen gerechten Lohn f\u00fcr ihre Arbeit erhalten. Jolver macht auf Einladung von Cafe Chavalo eine Vortragsreise [...] <a href=\"https:\/\/weltlaeden.de\/wolfenbuettel\/termin\/kaffeeanbau-und-landleben-in-nicaragua\/\"><small>[WEITERLESEN]<\/small><\/a><\/p><p class=termine-ort\"><small>Ort: <i>Bildungszentrum, Harzstra\u00dfe 2-5<\/i><\/small><\/p><\/li><li><h5 class=\"termine-titel\"><a href=\"https:\/\/weltlaeden.de\/wolfenbuettel\/termin\/fair-steht-dir-fairhandeln-fuer-menschenrechte-weltweit\/\">Fair steht dir \u2013 #fairhandeln f\u00fcr Menschenrechte weltweit\u201c<\/a><\/h5><p class=\"termine-date\">Sa., 17.09.2022, 10:00 bis 17.09.2022, 13:30<\/p><p class=\"termine-auszug\"><strong>Informationsvormittag<\/strong> Als Auftakt zur Fairen Woche in Wolfenb\u00fcttel bietet der Weltladen vor seinem Gesch\u00e4ft ein breites Informationsangebot unter dem Thema \u201eFair steht dir \u2013 #fairhandeln f\u00fcr Menschenrechte weltweit\u201c an. Im Fokus stehen dabei Konzepte zur Schaffung von menschenw\u00fcrdigen Arbeitsbedingungen und Beispiele zum nachhaltigem Wirtschaften in der Textil-Lieferkette. Konkret greifbar wird das Thema durch eine Pr\u00e4sentation von Fair produzierter und gehandelter Kleidung. Die Model\u00e4den Freya und Celia, ebenso der Weltladen Gifhorn unterst\u00fctzen die Aktion mit Fairer Ware. <strong>Um 11.00 Uhr wird vor dem Weltladen <\/strong><strong>fair produzierte und gehandelte Kleidung <\/strong><strong>in einer <\/strong><strong>\u00f6ko-fairen Modenschau pr\u00e4sentiert.<\/strong><p class=termine-ort\"><small>Ort: <i>Weltladen<\/i><\/small><\/p><\/li><li><h5 class=\"termine-titel\"><a href=\"https:\/\/weltlaeden.de\/wolfenbuettel\/termin\/faire-woche-2022\/\">Faire Woche 2022<\/a><\/h5><p class=\"termine-date\">Sa., 10.09.2022 bis 01.10.2022<\/p><p class=\"termine-auszug\">Im September gibt es bereits seit 20 Jahren die <a href=\"https:\/\/www.faire-woche.de\/\">Faire Woche<\/a> - in diesem Jahr offiziell vom 16.9. bis zum 30.9. In Wolfenb\u00fcttel beginnt die erste Veranstaltung in diesem Rahmen bereits am 10. September und die letzte Veranstaltung findet am 1. Oktober statt. Mehr Informationen zu den zahlreichen Aktionen und Veranstaltungen in Wolfenb\u00fcttel gibt es in dieser <a href=\"https:\/\/weltlaeden.de\/wolfenbuettel\/wp-content\/uploads\/sites\/111\/2022\/08\/Flyer-Faire-Woche-2022_final_web.pdf\">PDF-Datei<\/a>.<p class=termine-ort\"><small>Ort: <i>Wolfenb\u00fcttel<\/i><\/small><\/p><\/li><li><h5 class=\"termine-titel\"><a href=\"https:\/\/weltlaeden.de\/wolfenbuettel\/termin\/orte-fairen-handels-in-wolfenbuettel\/\">Orte Fairen Handels in Wolfenb\u00fcttel<\/a><\/h5><p class=\"termine-date\">Sa., 10.09.2022 bis 24.09.2022<\/p><p class=\"termine-auszug\">Rallye f\u00fcr Familien und Einzelpersonen im Rahmen der Fairen Woche<p class=termine-ort\"><small>Ort: <i>Start Weltladen<\/i><\/small><\/p><\/li><li><h5 class=\"termine-titel\"><a href=\"https:\/\/weltlaeden.de\/wolfenbuettel\/termin\/wolfenbuetteler-umweltmarkt-wum\/\">Wolfenb\u00fctteler Umweltmarkt (WUM)<\/a><\/h5><p class=\"termine-date\">Sa., 11.06.2022, 09:00 bis 11.06.2022, 14:00<\/p><p class=\"termine-auszug\">Der WUM findet in diesem Jahr zum 30. Mal statt - erstmals auf dem Schlossplatz. Mehr Infos siehe <a href=\"https:\/\/weltlaeden.de\/wolfenbuettel\/weltladen-auf-dem-wolfenbuetteler-umweltmarkt-am-11-06-22\/\">Weltladen auf dem Wolfenb\u00fctteler Umweltmarkt am 11.06.22 - Weltladen Wolfenb\u00fcttel (weltlaeden.de)<\/a><p class=termine-ort\"><small>Ort: <i>Schlossplatz in Wolfenb\u00fcttel<\/i><\/small><\/p><\/li><li><h5 class=\"termine-titel\"><a href=\"https:\/\/weltlaeden.de\/wolfenbuettel\/termin\/weltladentag-unter-dem-motto-maechtig-unfair\/\">Weltladentag unter dem Motto \u201eM\u00c4CHTIG unfair\u201c<\/a><\/h5><p class=\"termine-date\">Sa., 07.05.2022, 09:30<\/p><p class=\"termine-auszug\">Warum sind ein Box-Handschuh, eine Saftpresse und eine Kaffeem\u00fchle ausgestellt? Zu dieser kuriosen Installation l\u00e4dt der Weltladen Wolfenb\u00fcttel anl\u00e4sslich des Weltladentags am 14. Mai schon am<strong> Samstag, 7. Mai von 9.30 \u2013 13.30 Uhr<\/strong> in die Fu\u00dfg\u00e4ngerzone neben der Drogerie Douglas und Depot ein. Anhand verschiedener Alltagsgegenst\u00e4nde machen Weltl\u00e4den in ganz Deutschland unter dem Motto \u201eM\u00c4CHTIG unfair\u201c darauf aufmerksam, dass viele Produzent*innen weltweit kein existenzsicherndes Einkommen aus dem Handel mit ihren Produkten erzielen. Im Schaufenster des Weltladens in der Okerstra\u00dfe 10 ist die Thematik bereits pr\u00e4sent. Mehr Informationen zum Weltladentag:\u00a0 <a href=\"https:\/\/weltlaeden.de\/wolfenbuettel\/bundesweiter-weltladentag-unter-dem-motto-maechtig-unfair\/\">https:\/\/weltlaeden.de\/wolfenbuettel\/bundesweiter-weltladentag-unter-dem-motto-maechtig-unfair\/<\/a> .<\/li><li><h5 class=\"termine-titel\"><a href=\"https:\/\/weltlaeden.de\/wolfenbuettel\/termin\/onlinevortrag-ethische-geldanlage-was-gutes-geld-bewirken-kann\/\">Onlinevortrag: Ethische Geldanlage- was gutes Geld bewirken kann<\/a><\/h5><p class=\"termine-date\">Mi., 23.02.2022, 19:00<\/p><p class=\"termine-auszug\">Am Mittwoch, den 23.2.2022 um 19.00 Uhr spricht Frau Franziska Dickschen auf Einladung des Vereins Werkstatt Solidarische Welt e. V. und des Weltladens wie ethische Geldanlagen die Welt fair\u00e4ndern k\u00f6nnen. Die Menschen sind zunehmend daran interessiert, dass ihr Geld ethisch sinnvoll investiert wird und nicht in fragw\u00fcrdige oder undurchsichtige Gesch\u00e4fte flie\u00dft. Aber kann Geld auch Gutes Geld sein? Lassen sich Geld und Ethik vereinbaren? Frau Dickschen m\u00f6chte zeigen, wie das funktionieren kann, worauf zu achten ist und welche Kriterien relevant sind. Frau Dickschen ist Gesch\u00e4ftsf\u00fchrerin von Oikocredit f\u00fcr den F\u00f6rderkreis Niedersachsen- Bremen. Die Entwicklungsgenossenschaft OIKOCREDIT gibt Kleinkredite an ca. 90 Unternehmen des Fairen Handels rund um den Globus. Der Onlinevortrag wird in Zusammenarbeit mit der Volkshochschule des Bildungszentrums Landkreis Wolfenb\u00fcttel angeboten; die Teilnahme an der Veranstaltung ist kostenfrei. Die Veranstaltung ist kostenfrei, eine Anmeldung ist bis zum 20. Februar 2022 unbedingt erforderlich. Auf der Webseite des Bildungszentrums www.bildungszentrum-wolfenbuettel.de erhalten Sie [...] <a href=\"https:\/\/weltlaeden.de\/wolfenbuettel\/termin\/onlinevortrag-ethische-geldanlage-was-gutes-geld-bewirken-kann\/\"><small>[WEITERLESEN]<\/small><\/a><\/p><\/li><li><h5 class=\"termine-titel\"><a href=\"https:\/\/weltlaeden.de\/wolfenbuettel\/termin\/vortrag-zum-thema-kaffeeproduktion-fairness\/\">Vortrag: &#8222;Fairtrade Kaffee: Warum Fair und Bio besser ist f\u00fcr Kaffeeb\u00e4uerinnen, unser Klima und den Geschmack.&#8220;<\/a><\/h5><p class=\"termine-date\">Fr., 01.10.2021, 19:00<\/p><p class=\"termine-auszug\">Vortrag von Anna Wolf von El Puente mit dem Titel: \"Fairtrade Kaffee: Warum Fair und Bio besser ist f\u00fcr Kaffeeb\u00e4uerinnen, unser Klima und den Geschmack.\" Ort: Jugendg\u00e4stehaus, Am Seeliger Park 1 ( Landesmusikakademie) Anmeldung: <a class=\"moz-txt-link-abbreviated\" href=\"mailto:info@weltladen-wf.de\">info@weltladen-wf.de<\/a><\/li><li><h5 class=\"termine-titel\"><a href=\"https:\/\/weltlaeden.de\/wolfenbuettel\/termin\/kaffeetag\/\">Kaffeetag<\/a><\/h5><p class=\"termine-date\">Fr., 01.10.2021, 10:00 bis 01.10.2021, 18:00<\/p><p class=\"termine-auszug\">Am 1. Oktober ist internationaler Tag des Kaffees und in Wolfenb\u00fcttel wird der Tag des fairen Kaffees begangen. Nat\u00fcrlich ist der Weltladen dabei. Den ganzen Tag gibt es den neuen Wolfenb\u00fcttel-Kaffee zum Einf\u00fchrungspreis von 4,50 \u20ac Vor dem Weltladen kann man ihn auch probieren. Bringt euren eigenen Coffee-to-go-Becher mit oder kauft vor Ort gegen eine Spende (10 Euro) einen Wolfenb\u00fcttel-Becher. Mit diesem Becher kann man auch bei allen anderen teilnehmenden Gesch\u00e4ften am 1.10. Kaffeekostproben bekommen. Das Wissen \u00fcber fairen Kaffee und den fairen Handel kann an einem Gl\u00fccksrad getestet werden.<p class=termine-ort\"><small>Ort: <i>Weltladen Wolfenb\u00fcttel<\/i><\/small><\/p><\/li><li><h5 class=\"termine-titel\"><a href=\"https:\/\/weltlaeden.de\/wolfenbuettel\/termin\/wolfenbuetteler-umweltmarkt\/\">Wolfenb\u00fctteler Umweltmarkt<\/a><\/h5><p class=\"termine-date\">Sa., 11.09.2021, 09:00<\/p><p class=\"termine-auszug\">Wie in den Vorjahren ist der Weltladen Wolfenb\u00fcttel wieder auf dem <a href=\"http:\/\/www.der-wum.de\">Wolfenb\u00fctteler Umweltmarkt<\/a> (WUM) vertreten, der wegen der Corona-Pandemie wieder auf den September verschoben werden musste und wahrscheinlich auf dem Stadtmarkt stattfinden wird. Da dort noch das Corona-Testzentrum aufgebaut ist, ist die Austragung des WUM noch nicht sicher.<\/li><li><h5 class=\"termine-titel\"><a href=\"https:\/\/weltlaeden.de\/wolfenbuettel\/termin\/vortrag-der-ball-ist-rund-faire-ballproduktion-in-pakistan\/\">Vortrag \u201eDer Ball ist rund  &#8211; FAIRE Ballproduktion in Pakistan\u201c<\/a><\/h5><p class=\"termine-date\">Di., 29.09.2020, 18:00<\/p><p class=\"termine-auszug\">Der Referent Robert Weber (Marketing &amp; Sales, BAD BOYZ BALLFABRIK e.K.) informiert \u00fcber die Produktion von Fairen B\u00e4llen in Pakistan.<p class=termine-ort\"><small>Ort: <i>Lindenhalle<\/i><\/small><\/p><\/li><li><h5 class=\"termine-titel\"><a href=\"https:\/\/weltlaeden.de\/wolfenbuettel\/termin\/sonderfairkauf\/\">SonderFairkauf<\/a><\/h5><p class=\"termine-date\">Sa., 12.09.2020 bis 19.09.2020<\/p><p class=\"termine-auszug\">Beim SonderFairkauf ist es wieder m\u00f6glich, einige Artikel zu besonders g\u00fcnstigen Preisen zu erwerben.<\/li><li><h5 class=\"termine-titel\"><a href=\"https:\/\/weltlaeden.de\/wolfenbuettel\/termin\/faire-woche\/\">Faire Woche<\/a><\/h5><p class=\"termine-date\">Fr., 11.09.2020 bis 25.09.2020<\/p><p class=\"termine-auszug\">Bundesweite Faire Woche: Fair statt mehr. Ein gutes Leben \u2013 mit fairem Handel zu nachhaltigen Produktions- und Konsummustern.<\/li><li><h5 class=\"termine-titel\"><a href=\"https:\/\/weltlaeden.de\/wolfenbuettel\/termin\/fit-for-fair-ausstellung-im-forum\/\">Fit for Fair &#8211; Ausstellung im Forum<\/a><\/h5><p class=\"termine-date\">Di., 01.09.2020 bis 10.09.2020<\/p><p class=\"termine-auszug\">In Zusammenarbeit von Fairtrade Stadt Wolfenb\u00fcttel und Weltladen kommt die Ausstellung Fit for Fair vom 1.9.20-10.9.20 ins Forum Einkaufscenter in Wolfenb\u00fcttel.<\/li><li><h5 class=\"termine-titel\"><a href=\"https:\/\/weltlaeden.de\/wolfenbuettel\/termin\/jahreshauptversammlung\/\">Abgesagt: Jahreshauptversammlung<\/a><\/h5><p class=\"termine-date\">Di., 17.03.2020, 19:00<\/p><p class=\"termine-auszug\">Die f\u00fcr den 17.3. vorgesehene Jahreshauptversammlung des Vereins \"Werkstatt Solidarische Welt\" muss leider aus aktuellem Anlass (Corona-Pandemie) abgesagt werden. Sobald der neue Termin fest steht, wird er auf dieser Webseite angek\u00fcndigt.<\/li><li><h5 class=\"termine-titel\"><a href=\"https:\/\/weltlaeden.de\/wolfenbuettel\/termin\/der-weltladen-sucht-kakao-tester\/\">Der Weltladen sucht Kakao Tester<\/a><\/h5><p class=\"termine-date\">Sa., 07.03.2020, 10:00 bis 07.03.2020, 13:00<\/p><p class=\"termine-auszug\">Am Samstag, dem 7.3.2020 stellt der Weltladen von 10 Uhr bis 13 Uhr in der Okerstra\u00dfe 10 verschiedene Kakaos vor. Welcher schmeckt Ihnen am besten? Die feine Bio Trinkschokolade mit dem exotischen Geschmack von Ingwer, von orientalischen Gew\u00fcrzen oder von Orange? Kennen Sie Kakao-Schalen Tee aus Peru mit Milch oder Wasser zubereitet? Die Ehrenamtlichen des Weltladens versorgen Sie mit Kostproben und interessanten Informationen rund um den Kakao. Hier schon ein paar Informationen vorweg: Bei den Azteken wurde die Kakao Bohne so gesch\u00e4tzt, dass sie Zahlungsmittel war. 70% der weltweiten Kakao Produktion kommt aus Ghana und der Elfenbeink\u00fcste. Die restlichen 30% werden in verschiedenen L\u00e4ndern in \u00c4quatorn\u00e4he produziert. Fairhandelspreise liegen ca 30% \u00fcber dem Weltmarkt Preis. Der Faire Handel unterst\u00fctzt vor allem Kleinbauern, die sich zur besseren Vermarktung zusammengeschlossen haben. Sie werden geschult im Bioanbau. Sie k\u00f6nnen sicher sein, dass Ihr fairer Kakao Genuss nicht mit Kinderarbeit erkauft wurde. Neugierig geworden? [...] <a href=\"https:\/\/weltlaeden.de\/wolfenbuettel\/termin\/der-weltladen-sucht-kakao-tester\/\"><small>[WEITERLESEN]<\/small><\/a><\/p><p class=termine-ort\"><small>Ort: <i>Okerstra\u00dfe 10, 38300 Wolfenb\u00fcttel<\/i><\/small><\/p><\/li><li><h5 class=\"termine-titel\"><a href=\"https:\/\/weltlaeden.de\/wolfenbuettel\/termin\/vortrag-fair-handeln-freude-am-kaufen\/\">Vortrag \u201eFair Handeln &#8211; Freude am Kaufen!\u201c<\/a><\/h5><p class=\"termine-date\">Mi., 05.02.2020, 19:00<\/p><p class=\"termine-auszug\"><strong>Freude am Kaufen. Fair handeln.<\/strong> Farbenfrohe Filzwaren, Taschen aus Nylon Netzresten, Stofftaschen und vieles mehr bezieht der Weltladen Wolfenb\u00fcttel von dem Fair Handels Unternehmen <a href=\"https:\/\/www.fridafeeling.de\/\">Frida Feeling<\/a>. Nun kommt der Gesch\u00e4ftsf\u00fchrer J\u00fcrgen Herold am 5.2.2020 um 19.00 Uhr in den Pavillon des Bildungszentrums in Wolfenb\u00fcttel. Unter den Rahmenbedingungen des fairen Handels bietet Frida Feeling ihren Kunden hochwertige und handgefertigte Waren zu fair kalkulierten Preisen an. Das Unternehmen liefert ausgezeichnete Qualit\u00e4t und er\u00f6ffnet Produzenten aus schwach entwickelten L\u00e4ndern den Zugang zu M\u00e4rkten. Mit dieser Einladung zeigt der Verein wieder einmal seine besondere Verbindung zu Nepal. So wurden Gewinne aus dem Weltladen in den letzten Jahren an Nepra e.V. gespendet. Nepra e. V. ist eine Organisation, die sich besonders f\u00fcr die Gesundheit und die Erwerbst\u00e4tigkeit von Lepra Kranken und ihren Familien einsetzt. Ebenfalls in der Volkshochschule sprach vor zwei Jahren Satyendra Khadgi dar\u00fcber, wie die Kumbeshwar Technical School vielen Menschen zu einem [...] <a href=\"https:\/\/weltlaeden.de\/wolfenbuettel\/termin\/vortrag-fair-handeln-freude-am-kaufen\/\"><small>[WEITERLESEN]<\/small><\/a><\/p><p class=termine-ort\"><small>Ort: <i>Pavillion der KVHS, Harzstr. 2-4, Wolfenb\u00fcttel<\/i><\/small><\/p><\/li><li><h5 class=\"termine-titel\"><a href=\"https:\/\/weltlaeden.de\/wolfenbuettel\/termin\/messe-fuer-nachhaltigkeit-ernaehrung-und-umwelt-marktplatz-gruene-zukunft\/\">Messe f\u00fcr Nachhaltigkeit, Ern\u00e4hrung und Umwelt &#8211; \u201eMarktplatz Gr\u00fcne Zukunft\u201c<\/a><\/h5><p class=\"termine-date\">So., 26.01.2020, 10:00 bis 26.01.2020, 17:00<\/p><p class=\"termine-auszug\">Auch der Weltladen wird bei der Messe mit einem Stand vertreten sein.<p class=termine-ort\"><small>Ort: <i>Lindenhalle, Wolfenb\u00fcttel<\/i><\/small><\/p><\/li><li><h5 class=\"termine-titel\"><a href=\"https:\/\/weltlaeden.de\/wolfenbuettel\/termin\/multivisionsshow-weltreise\/\">Multivisionsshow: WELTREISE<\/a><\/h5><p class=\"termine-date\">Do., 21.11.2019, 19:00<\/p><p class=\"termine-auszug\">Am 21. November 2019 19.00 Uhr in der KUBA Halle, Lindener Stra\u00dfe 15, Wolfenb\u00fcttel: <strong>Multivisionsshow: WELTREISE zu Fair-Trade-Produzenten, Naturwundern &amp; Heiligt\u00fcmern<\/strong> <em>Vorverkauf im Weltladen Wolfenb\u00fcttel: 8 \u20ac, an der Abendkasse 10 \u20ac<\/em> Wie leben die Menschen weltweit? Was essen sie? Welche Bedeutung hat f\u00fcr sie der Faire Handel? Wie feiern sie ihre Feste? Bestehen kultur\u00fcbergreifende Gemeinsamkeiten? Oder \u00fcberwiegen die Unterschiede? Diese Fragen stehen im Zentrum der Multivisionsshow! Mit wundersch\u00f6nen Fotos auf Gro\u00dfleinwand, inspirierenden Erz\u00e4hlungen und stimmungsvoller Musik nehmen Dr. Jutta Ulmer und Dr. Michael Wolfsteiner die Zuschauer mit auf eine au\u00dfergew\u00f6hnliche Reise um unseren Planeten. In Ghana, Israel|Pal\u00e4stina, Sri Lanka, Nepal und Ecuador besuchten die beiden Fotojournalisten imposante Heiligt\u00fcmer der f\u00fcnf Weltreligionen. Sie begaben sich zum tiefsten Punkt und ins h\u00f6chste Gebirge der Erde. Ob in trocken-kargen Savannen- und W\u00fcstengebieten, an palmenbestandenen Traumstr\u00e4nden, in steilen Bergd\u00f6rfern oder im wuchernd-gr\u00fcnen Regenwald, \u00fcberall erhielten die Zwei einzigartige Einblicke ins Leben von Fair-Trade-Produzenten. [...] <a href=\"https:\/\/weltlaeden.de\/wolfenbuettel\/termin\/multivisionsshow-weltreise\/\"><small>[WEITERLESEN]<\/small><\/a><\/p><p class=termine-ort\"><small>Ort: <i>Wolfenb\u00fcttel<\/i><\/small><\/p><\/li><\/ul>[\/vc_column][\/vc_row]<\/p>\n<\/div>","protected":false},"excerpt":{"rendered":"<p>[vc_row][vc_column][vc_empty_space height=&#8220;30px&#8220;][vc_column_text] Termine [\/vc_column_text][vc_empty_space height=&#8220;30px&#8220;][\/vc_column][\/vc_row][vc_row][vc_column width=&#8220;2\/3&#8243;][vc_column_text] Kommende Termine [\/vc_column_text][vc_empty_space height=&#8220;30px&#8220;][vc_column_text] Vergangene Termine [\/vc_column_text][\/vc_column][\/vc_row]<\/p>\n","protected":false},"author":1,"featured_media":0,"parent":0,"menu_order":5,"comment_status":"closed","ping_status":"closed","template":"","meta":{"footnotes":""},"class_list":["post-23","page","type-page","status-publish","hentry","description-off"],"yoast_head":"<!-- This site is optimized with the Yoast SEO plugin v26.8 - https:\/\/yoast.com\/product\/yoast-seo-wordpress\/ -->\n<title>Termine - Weltladen Wolfenb\u00fcttel<\/title>\n<meta name=\"robots\" content=\"index, follow, max-snippet:-1, max-image-preview:large, max-video-preview:-1\" \/>\n<link rel=\"canonical\" href=\"https:\/\/weltlaeden.de\/wolfenbuettel\/termine\/\" \/>\n<meta property=\"og:locale\" content=\"de_DE\" \/>\n<meta property=\"og:type\" content=\"article\" \/>\n<meta property=\"og:title\" content=\"Termine - Weltladen Wolfenb\u00fcttel\" \/>\n<meta property=\"og:description\" content=\"[vc_row][vc_column][vc_empty_space height=&#8220;30px&#8220;][vc_column_text] Termine [\/vc_column_text][vc_empty_space height=&#8220;30px&#8220;][\/vc_column][\/vc_row][vc_row][vc_column width=&#8220;2\/3&#8243;][vc_column_text] Kommende Termine [\/vc_column_text][vc_empty_space height=&#8220;30px&#8220;][vc_column_text] Vergangene Termine [\/vc_column_text][\/vc_column][\/vc_row]\" \/>\n<meta property=\"og:url\" content=\"https:\/\/weltlaeden.de\/wolfenbuettel\/termine\/\" \/>\n<meta property=\"og:site_name\" content=\"Weltladen Wolfenb\u00fcttel\" \/>\n<meta property=\"article:modified_time\" content=\"2019-11-12T16:11:14+00:00\" \/>\n<meta property=\"og:image\" content=\"https:\/\/weltlaeden.de\/wolfenbuettel\/wp-content\/uploads\/sites\/111\/2019\/11\/Kirchenuhr-300x195.jpg\" \/>\n<meta name=\"twitter:card\" content=\"summary_large_image\" \/>\n<script type=\"application\/ld+json\" class=\"yoast-schema-graph\">{\"@context\":\"https:\/\/schema.org\",\"@graph\":[{\"@type\":\"WebPage\",\"@id\":\"https:\/\/weltlaeden.de\/wolfenbuettel\/termine\/\",\"url\":\"https:\/\/weltlaeden.de\/wolfenbuettel\/termine\/\",\"name\":\"Termine - Weltladen Wolfenb\u00fcttel\",\"isPartOf\":{\"@id\":\"https:\/\/weltlaeden.de\/wolfenbuettel\/#website\"},\"primaryImageOfPage\":{\"@id\":\"https:\/\/weltlaeden.de\/wolfenbuettel\/termine\/#primaryimage\"},\"image\":{\"@id\":\"https:\/\/weltlaeden.de\/wolfenbuettel\/termine\/#primaryimage\"},\"thumbnailUrl\":\"https:\/\/weltlaeden.de\/wolfenbuettel\/wp-content\/uploads\/sites\/111\/2019\/11\/Kirchenuhr-300x195.jpg\",\"datePublished\":\"2016-10-14T07:05:21+00:00\",\"dateModified\":\"2019-11-12T16:11:14+00:00\",\"breadcrumb\":{\"@id\":\"https:\/\/weltlaeden.de\/wolfenbuettel\/termine\/#breadcrumb\"},\"inLanguage\":\"de\",\"potentialAction\":[{\"@type\":\"ReadAction\",\"target\":[\"https:\/\/weltlaeden.de\/wolfenbuettel\/termine\/\"]}]},{\"@type\":\"ImageObject\",\"inLanguage\":\"de\",\"@id\":\"https:\/\/weltlaeden.de\/wolfenbuettel\/termine\/#primaryimage\",\"url\":\"https:\/\/weltlaeden.de\/wolfenbuettel\/wp-content\/uploads\/sites\/111\/2019\/11\/Kirchenuhr.jpg\",\"contentUrl\":\"https:\/\/weltlaeden.de\/wolfenbuettel\/wp-content\/uploads\/sites\/111\/2019\/11\/Kirchenuhr.jpg\",\"width\":509,\"height\":331},{\"@type\":\"BreadcrumbList\",\"@id\":\"https:\/\/weltlaeden.de\/wolfenbuettel\/termine\/#breadcrumb\",\"itemListElement\":[{\"@type\":\"ListItem\",\"position\":1,\"name\":\"Startseite\",\"item\":\"https:\/\/weltlaeden.de\/wolfenbuettel\/\"},{\"@type\":\"ListItem\",\"position\":2,\"name\":\"Termine\"}]},{\"@type\":\"WebSite\",\"@id\":\"https:\/\/weltlaeden.de\/wolfenbuettel\/#website\",\"url\":\"https:\/\/weltlaeden.de\/wolfenbuettel\/\",\"name\":\"Weltladen Wolfenb\u00fcttel\",\"description\":\"Faire Produkte seit 2014\",\"potentialAction\":[{\"@type\":\"SearchAction\",\"target\":{\"@type\":\"EntryPoint\",\"urlTemplate\":\"https:\/\/weltlaeden.de\/wolfenbuettel\/?s={search_term_string}\"},\"query-input\":{\"@type\":\"PropertyValueSpecification\",\"valueRequired\":true,\"valueName\":\"search_term_string\"}}],\"inLanguage\":\"de\"}]}<\/script>\n<!-- \/ Yoast SEO plugin. -->","yoast_head_json":{"title":"Termine - Weltladen Wolfenb\u00fcttel","robots":{"index":"index","follow":"follow","max-snippet":"max-snippet:-1","max-image-preview":"max-image-preview:large","max-video-preview":"max-video-preview:-1"},"canonical":"https:\/\/weltlaeden.de\/wolfenbuettel\/termine\/","og_locale":"de_DE","og_type":"article","og_title":"Termine - Weltladen Wolfenb\u00fcttel","og_description":"[vc_row][vc_column][vc_empty_space height=&#8220;30px&#8220;][vc_column_text] Termine [\/vc_column_text][vc_empty_space height=&#8220;30px&#8220;][\/vc_column][\/vc_row][vc_row][vc_column width=&#8220;2\/3&#8243;][vc_column_text] Kommende Termine [\/vc_column_text][vc_empty_space height=&#8220;30px&#8220;][vc_column_text] Vergangene Termine [\/vc_column_text][\/vc_column][\/vc_row]","og_url":"https:\/\/weltlaeden.de\/wolfenbuettel\/termine\/","og_site_name":"Weltladen Wolfenb\u00fcttel","article_modified_time":"2019-11-12T16:11:14+00:00","og_image":[{"url":"https:\/\/weltlaeden.de\/wolfenbuettel\/wp-content\/uploads\/sites\/111\/2019\/11\/Kirchenuhr-300x195.jpg","type":"","width":"","height":""}],"twitter_card":"summary_large_image","schema":{"@context":"https:\/\/schema.org","@graph":[{"@type":"WebPage","@id":"https:\/\/weltlaeden.de\/wolfenbuettel\/termine\/","url":"https:\/\/weltlaeden.de\/wolfenbuettel\/termine\/","name":"Termine - Weltladen Wolfenb\u00fcttel","isPartOf":{"@id":"https:\/\/weltlaeden.de\/wolfenbuettel\/#website"},"primaryImageOfPage":{"@id":"https:\/\/weltlaeden.de\/wolfenbuettel\/termine\/#primaryimage"},"image":{"@id":"https:\/\/weltlaeden.de\/wolfenbuettel\/termine\/#primaryimage"},"thumbnailUrl":"https:\/\/weltlaeden.de\/wolfenbuettel\/wp-content\/uploads\/sites\/111\/2019\/11\/Kirchenuhr-300x195.jpg","datePublished":"2016-10-14T07:05:21+00:00","dateModified":"2019-11-12T16:11:14+00:00","breadcrumb":{"@id":"https:\/\/weltlaeden.de\/wolfenbuettel\/termine\/#breadcrumb"},"inLanguage":"de","potentialAction":[{"@type":"ReadAction","target":["https:\/\/weltlaeden.de\/wolfenbuettel\/termine\/"]}]},{"@type":"ImageObject","inLanguage":"de","@id":"https:\/\/weltlaeden.de\/wolfenbuettel\/termine\/#primaryimage","url":"https:\/\/weltlaeden.de\/wolfenbuettel\/wp-content\/uploads\/sites\/111\/2019\/11\/Kirchenuhr.jpg","contentUrl":"https:\/\/weltlaeden.de\/wolfenbuettel\/wp-content\/uploads\/sites\/111\/2019\/11\/Kirchenuhr.jpg","width":509,"height":331},{"@type":"BreadcrumbList","@id":"https:\/\/weltlaeden.de\/wolfenbuettel\/termine\/#breadcrumb","itemListElement":[{"@type":"ListItem","position":1,"name":"Startseite","item":"https:\/\/weltlaeden.de\/wolfenbuettel\/"},{"@type":"ListItem","position":2,"name":"Termine"}]},{"@type":"WebSite","@id":"https:\/\/weltlaeden.de\/wolfenbuettel\/#website","url":"https:\/\/weltlaeden.de\/wolfenbuettel\/","name":"Weltladen Wolfenb\u00fcttel","description":"Faire Produkte seit 2014","potentialAction":[{"@type":"SearchAction","target":{"@type":"EntryPoint","urlTemplate":"https:\/\/weltlaeden.de\/wolfenbuettel\/?s={search_term_string}"},"query-input":{"@type":"PropertyValueSpecification","valueRequired":true,"valueName":"search_term_string"}}],"inLanguage":"de"}]}},"_links":{"self":[{"href":"https:\/\/weltlaeden.de\/wolfenbuettel\/wp-json\/wp\/v2\/pages\/23","targetHints":{"allow":["GET"]}}],"collection":[{"href":"https:\/\/weltlaeden.de\/wolfenbuettel\/wp-json\/wp\/v2\/pages"}],"about":[{"href":"https:\/\/weltlaeden.de\/wolfenbuettel\/wp-json\/wp\/v2\/types\/page"}],"author":[{"embeddable":true,"href":"https:\/\/weltlaeden.de\/wolfenbuettel\/wp-json\/wp\/v2\/users\/1"}],"replies":[{"embeddable":true,"href":"https:\/\/weltlaeden.de\/wolfenbuettel\/wp-json\/wp\/v2\/comments?post=23"}],"version-history":[{"count":15,"href":"https:\/\/weltlaeden.de\/wolfenbuettel\/wp-json\/wp\/v2\/pages\/23\/revisions"}],"predecessor-version":[{"id":582,"href":"https:\/\/weltlaeden.de\/wolfenbuettel\/wp-json\/wp\/v2\/pages\/23\/revisions\/582"}],"wp:attachment":[{"href":"https:\/\/weltlaeden.de\/wolfenbuettel\/wp-json\/wp\/v2\/media?parent=23"}],"curies":[{"name":"wp","href":"https:\/\/api.w.org\/{rel}","templated":true}]}}