{"version":"1.0","provider_name":"Weltladen Wolfenb\u00fcttel","provider_url":"https:\/\/weltlaeden.de\/wolfenbuettel","title":"SonderFairkauf - Weltladen Wolfenb\u00fcttel","type":"rich","width":600,"height":338,"html":"<blockquote class=\"wp-embedded-content\" data-secret=\"p9IoY1rvEC\"><a href=\"https:\/\/weltlaeden.de\/wolfenbuettel\/termin\/sonderfairkauf-2\/\">SonderFairkauf<\/a><\/blockquote><iframe sandbox=\"allow-scripts\" security=\"restricted\" src=\"https:\/\/weltlaeden.de\/wolfenbuettel\/termin\/sonderfairkauf-2\/embed\/#?secret=p9IoY1rvEC\" width=\"600\" height=\"338\" title=\"&#8222;SonderFairkauf&#8220; &#8211; Weltladen Wolfenb\u00fcttel\" data-secret=\"p9IoY1rvEC\" frameborder=\"0\" marginwidth=\"0\" marginheight=\"0\" scrolling=\"no\" class=\"wp-embedded-content\"><\/iframe><script>\n\/*! This file is auto-generated *\/\n!function(d,l){\"use strict\";l.querySelector&&d.addEventListener&&\"undefined\"!=typeof URL&&(d.wp=d.wp||{},d.wp.receiveEmbedMessage||(d.wp.receiveEmbedMessage=function(e){var t=e.data;if((t||t.secret||t.message||t.value)&&!\/[^a-zA-Z0-9]\/.test(t.secret)){for(var s,r,n,a=l.querySelectorAll('iframe[data-secret=\"'+t.secret+'\"]'),o=l.querySelectorAll('blockquote[data-secret=\"'+t.secret+'\"]'),c=new RegExp(\"^https?:$\",\"i\"),i=0;i<o.length;i++)o[i].style.display=\"none\";for(i=0;i<a.length;i++)s=a[i],e.source===s.contentWindow&&(s.removeAttribute(\"style\"),\"height\"===t.message?(1e3<(r=parseInt(t.value,10))?r=1e3:~~r<200&&(r=200),s.height=r):\"link\"===t.message&&(r=new URL(s.getAttribute(\"src\")),n=new URL(t.value),c.test(n.protocol))&&n.host===r.host&&l.activeElement===s&&(d.top.location.href=t.value))}},d.addEventListener(\"message\",d.wp.receiveEmbedMessage,!1),l.addEventListener(\"DOMContentLoaded\",function(){for(var e,t,s=l.querySelectorAll(\"iframe.wp-embedded-content\"),r=0;r<s.length;r++)(t=(e=s[r]).getAttribute(\"data-secret\"))||(t=Math.random().toString(36).substring(2,12),e.src+=\"#?secret=\"+t,e.setAttribute(\"data-secret\",t)),e.contentWindow.postMessage({message:\"ready\",secret:t},\"*\")},!1)))}(window,document);\n<\/script>\n","description":"Beim SonderFairkauf ist es wieder m\u00f6glich, einige Artikel zu besonders g\u00fcnstigen Preisen zu erwerben. Vorbereitung auf den SonderFairkauf im Weltladen von Dienstag, 4.10. bis Samstag 8.10. Alle Kisten durchsucht, den Dachboden aufger\u00e4umt und nun sind viele sch\u00f6ne Dinge im Sonderangebot. Es lohnt sich. Nur diese Woche gibt es das ein oder andere Schn\u00e4ppchen!","thumbnail_url":"https:\/\/weltlaeden.de\/wolfenbuettel\/wp-content\/uploads\/sites\/111\/2022\/10\/image0-1.jpg"}