{"version":"1.0","provider_name":"Weltladen Wolfenb\u00fcttel","provider_url":"https:\/\/weltlaeden.de\/wolfenbuettel","title":"Der Weltladen Wolfenb\u00fcttel feierte - Weltladen Wolfenb\u00fcttel","type":"rich","width":600,"height":338,"html":"<blockquote class=\"wp-embedded-content\" data-secret=\"sAa0ty7bs5\"><a href=\"https:\/\/weltlaeden.de\/wolfenbuettel\/der-weltladen-wolfenbuettel-feierte\/\">Der Weltladen Wolfenb\u00fcttel feierte<\/a><\/blockquote><iframe sandbox=\"allow-scripts\" security=\"restricted\" src=\"https:\/\/weltlaeden.de\/wolfenbuettel\/der-weltladen-wolfenbuettel-feierte\/embed\/#?secret=sAa0ty7bs5\" width=\"600\" height=\"338\" title=\"&#8222;Der Weltladen Wolfenb\u00fcttel feierte&#8220; &#8211; Weltladen Wolfenb\u00fcttel\" data-secret=\"sAa0ty7bs5\" frameborder=\"0\" marginwidth=\"0\" marginheight=\"0\" scrolling=\"no\" class=\"wp-embedded-content\"><\/iframe><script>\n\/*! This file is auto-generated *\/\n!function(d,l){\"use strict\";l.querySelector&&d.addEventListener&&\"undefined\"!=typeof URL&&(d.wp=d.wp||{},d.wp.receiveEmbedMessage||(d.wp.receiveEmbedMessage=function(e){var t=e.data;if((t||t.secret||t.message||t.value)&&!\/[^a-zA-Z0-9]\/.test(t.secret)){for(var s,r,n,a=l.querySelectorAll('iframe[data-secret=\"'+t.secret+'\"]'),o=l.querySelectorAll('blockquote[data-secret=\"'+t.secret+'\"]'),c=new RegExp(\"^https?:$\",\"i\"),i=0;i<o.length;i++)o[i].style.display=\"none\";for(i=0;i<a.length;i++)s=a[i],e.source===s.contentWindow&&(s.removeAttribute(\"style\"),\"height\"===t.message?(1e3<(r=parseInt(t.value,10))?r=1e3:~~r<200&&(r=200),s.height=r):\"link\"===t.message&&(r=new URL(s.getAttribute(\"src\")),n=new URL(t.value),c.test(n.protocol))&&n.host===r.host&&l.activeElement===s&&(d.top.location.href=t.value))}},d.addEventListener(\"message\",d.wp.receiveEmbedMessage,!1),l.addEventListener(\"DOMContentLoaded\",function(){for(var e,t,s=l.querySelectorAll(\"iframe.wp-embedded-content\"),r=0;r<s.length;r++)(t=(e=s[r]).getAttribute(\"data-secret\"))||(t=Math.random().toString(36).substring(2,12),e.src+=\"#?secret=\"+t,e.setAttribute(\"data-secret\",t)),e.contentWindow.postMessage({message:\"ready\",secret:t},\"*\")},!1)))}(window,document);\n<\/script>\n","thumbnail_url":"https:\/\/weltlaeden.de\/wolfenbuettel\/wp-content\/uploads\/sites\/111\/2019\/11\/5-Jahre-Weltladen-2.jpg","thumbnail_width":568,"thumbnail_height":462,"description":"5 Jahre Weltladen Nach langer Vorbereitung war es so weit: Der Weltladen Wolfenb\u00fcttel feierte das 5 j\u00e4hrige Jubil\u00e4um vor dem Weltladen in der abgesperrten Okerstra\u00dfe mit einem abwechslungsreichen Programm. Bierzeltgarnituren luden zum Sitzen, Kl\u00f6nen und Kaffeetrinken ein, was bei herrlichem Sonnenschein gut angenommen wurde. In ihrer Er\u00f6ffnungsrede ging Beate Koch auf die Geschichte des Vereins&hellip;"}