{"id":361,"date":"2018-04-05T09:52:53","date_gmt":"2018-04-05T07:52:53","guid":{"rendered":"https:\/\/weltlaeden.de\/winsen-luhe\/?page_id=361"},"modified":"2021-08-27T11:13:18","modified_gmt":"2021-08-27T09:13:18","slug":"neuigkeiten","status":"publish","type":"page","link":"https:\/\/weltlaeden.de\/winsen-luhe\/neuigkeiten\/","title":{"rendered":"Neuigkeiten"},"content":{"rendered":"<div class=\"wpb-content-wrapper\"><p>[vc_row][vc_column][vc_column_text]<\/p>\n<h1>Neuigkeiten<\/h1>\n<p>[\/vc_column_text]<style type=\"text\/css\" data-type=\"the7_shortcodes-inline-css\">.blog-shortcode.blog-masonry-shortcode-id-0ddd336bd86344bdbd47db493b51c1fd.dividers-on.classic-layout-list article {\n  padding-top: 0;\n}\n.blog-shortcode.blog-masonry-shortcode-id-0ddd336bd86344bdbd47db493b51c1fd.dividers-on.classic-layout-list article:first-of-type {\n  margin-top: 0;\n  padding-top: 0;\n}\n.blog-shortcode.blog-masonry-shortcode-id-0ddd336bd86344bdbd47db493b51c1fd.classic-layout-list.mode-list .post-entry-content {\n  width: calc(100% - );\n}\n.blog-shortcode.blog-masonry-shortcode-id-0ddd336bd86344bdbd47db493b51c1fd.classic-layout-list.mode-list .no-img .post-entry-content {\n  width: 100%;\n}\n.blog-shortcode.blog-masonry-shortcode-id-0ddd336bd86344bdbd47db493b51c1fd .filter-bg-decoration .filter-categories a.act {\n  color: #fff;\n}\n.blog-shortcode.blog-masonry-shortcode-id-0ddd336bd86344bdbd47db493b51c1fd:not(.mode-masonry) article:first-of-type,\n.blog-shortcode.blog-masonry-shortcode-id-0ddd336bd86344bdbd47db493b51c1fd:not(.mode-masonry) article.visible.first:not(.product) {\n  margin-top: 0;\n}\n.blog-shortcode.blog-masonry-shortcode-id-0ddd336bd86344bdbd47db493b51c1fd.dividers-on:not(.mode-masonry) article {\n  margin-top: 0;\n}\n.blog-shortcode.blog-masonry-shortcode-id-0ddd336bd86344bdbd47db493b51c1fd.dividers-on:not(.mode-masonry) article:first-of-type,\n.blog-shortcode.blog-masonry-shortcode-id-0ddd336bd86344bdbd47db493b51c1fd.dividers-on:not(.mode-masonry) article.visible.first:not(.product) {\n  margin-top: 0;\n  padding-top: 0;\n}\n.blog-shortcode.blog-masonry-shortcode-id-0ddd336bd86344bdbd47db493b51c1fd .post-thumbnail-wrap {\n  padding: 0px 0px 0px 0px;\n}\n.blog-shortcode.blog-masonry-shortcode-id-0ddd336bd86344bdbd47db493b51c1fd.enable-bg-rollover .post-thumbnail-rollover:after {\n  background: -webkit-linear-gradient();\n  background: linear-gradient();\n}\n.blog-shortcode.blog-masonry-shortcode-id-0ddd336bd86344bdbd47db493b51c1fd .gallery-zoom-ico {\n  width: 44px;\n  height: 44px;\n  line-height: 44px;\n  border-radius: 100px;\n  margin: -22px 0 0 -22px;\n  border-width: 0px;\n  color: #ffffff;\n}\n.bottom-overlap-layout-list.blog-shortcode.blog-masonry-shortcode-id-0ddd336bd86344bdbd47db493b51c1fd .gallery-zoom-ico {\n  margin-top: -72px;\n}\n.gradient-overlay-layout-list.blog-shortcode.blog-masonry-shortcode-id-0ddd336bd86344bdbd47db493b51c1fd .gallery-zoom-ico,\n.content-rollover-layout-list.blog-shortcode.blog-masonry-shortcode-id-0ddd336bd86344bdbd47db493b51c1fd .gallery-zoom-ico {\n  margin: 0 0 10px;\n}\n.content-align-center.gradient-overlay-layout-list.blog-shortcode.blog-masonry-shortcode-id-0ddd336bd86344bdbd47db493b51c1fd .gallery-zoom-ico,\n.content-align-center.content-rollover-layout-list.blog-shortcode.blog-masonry-shortcode-id-0ddd336bd86344bdbd47db493b51c1fd .gallery-zoom-ico {\n  margin: 0 auto 10px;\n}\n.dt-icon-bg-on.blog-shortcode.blog-masonry-shortcode-id-0ddd336bd86344bdbd47db493b51c1fd .gallery-zoom-ico {\n  background: rgba(255,255,255,0.3);\n  box-shadow: none;\n}\n.blog-shortcode.blog-masonry-shortcode-id-0ddd336bd86344bdbd47db493b51c1fd .gallery-zoom-ico > span,\n.blog-shortcode.blog-masonry-shortcode-id-0ddd336bd86344bdbd47db493b51c1fd .gallery-zoom-ico:before {\n  font-size: 32px;\n  line-height: 44px;\n}\n.blog-shortcode.blog-masonry-shortcode-id-0ddd336bd86344bdbd47db493b51c1fd .gallery-zoom-ico > span,\n.blog-shortcode.blog-masonry-shortcode-id-0ddd336bd86344bdbd47db493b51c1fd .gallery-zoom-ico:before {\n  color: #ffffff;\n}\n.blog-shortcode.blog-masonry-shortcode-id-0ddd336bd86344bdbd47db493b51c1fd .entry-title,\n.blog-shortcode.blog-masonry-shortcode-id-0ddd336bd86344bdbd47db493b51c1fd.owl-carousel .entry-title {\n  margin-bottom: 5px;\n  font-weight: bold;\n}\n.blog-shortcode.blog-masonry-shortcode-id-0ddd336bd86344bdbd47db493b51c1fd .entry-meta {\n  margin-bottom: 15px;\n}\n.blog-shortcode.blog-masonry-shortcode-id-0ddd336bd86344bdbd47db493b51c1fd .portfolio-categories {\n  margin-bottom: 15px;\n}\n.blog-shortcode.blog-masonry-shortcode-id-0ddd336bd86344bdbd47db493b51c1fd .entry-excerpt {\n  margin-bottom: 5px;\n}\n.blog-shortcode.blog-masonry-shortcode-id-0ddd336bd86344bdbd47db493b51c1fd:not(.centered-layout-list) .post-entry-content {\n  padding: 25px 30px 30px 30px;\n}\n.blog-shortcode.blog-masonry-shortcode-id-0ddd336bd86344bdbd47db493b51c1fd:not(.centered-layout-list):not(.content-bg-on):not(.mode-list) .no-img .post-entry-content {\n  padding: 0;\n}\n@media screen and (max-width: ) {\n  .blog-shortcode.blog-masonry-shortcode-id-0ddd336bd86344bdbd47db493b51c1fd article {\n    -ms-flex-flow: column nowrap;\n    flex-flow: column nowrap;\n    margin-top: 20px;\n  }\n  .blog-shortcode.blog-masonry-shortcode-id-0ddd336bd86344bdbd47db493b51c1fd.dividers-on article {\n    border: none;\n  }\n  .blog-shortcode.blog-masonry-shortcode-id-0ddd336bd86344bdbd47db493b51c1fd.content-bg-on.centered-layout-list article {\n    padding: 0;\n  }\n  .blog-shortcode.blog-masonry-shortcode-id-0ddd336bd86344bdbd47db493b51c1fd.blog-shortcode.dividers-on article,\n  .blog-shortcode.blog-masonry-shortcode-id-0ddd336bd86344bdbd47db493b51c1fd.dividers-on.classic-layout-list article {\n    margin-top: 20px;\n    padding: 0;\n  }\n  .blog-shortcode.blog-masonry-shortcode-id-0ddd336bd86344bdbd47db493b51c1fd.blog-shortcode.dividers-on article:first-of-type,\n  .blog-shortcode.blog-masonry-shortcode-id-0ddd336bd86344bdbd47db493b51c1fd.dividers-on.classic-layout-list article:first-of-type {\n    padding: 0;\n  }\n  #page .blog-shortcode.blog-masonry-shortcode-id-0ddd336bd86344bdbd47db493b51c1fd .post-thumbnail-wrap,\n  #page .blog-shortcode.blog-masonry-shortcode-id-0ddd336bd86344bdbd47db493b51c1fd .post-entry-content {\n    width: 100%;\n    margin: 0;\n    top: 0;\n  }\n  #page .blog-shortcode.blog-masonry-shortcode-id-0ddd336bd86344bdbd47db493b51c1fd .post-thumbnail-wrap {\n    padding: 0;\n  }\n  #page .blog-shortcode.blog-masonry-shortcode-id-0ddd336bd86344bdbd47db493b51c1fd .post-entry-content:after {\n    display: none;\n  }\n  #page .blog-shortcode.blog-masonry-shortcode-id-0ddd336bd86344bdbd47db493b51c1fd .project-even .post-thumbnail-wrap,\n  #page .blog-shortcode.blog-masonry-shortcode-id-0ddd336bd86344bdbd47db493b51c1fd.centered-layout-list .post-thumbnail-wrap {\n    -ms-flex-order: 0;\n    order: 0;\n  }\n  #page .blog-shortcode.blog-masonry-shortcode-id-0ddd336bd86344bdbd47db493b51c1fd.centered-layout-list .post-entry-title-content {\n    -ms-flex-order: 1;\n    order: 1;\n    width: 100%;\n    padding: 20px 20px 0;\n  }\n  #page .blog-shortcode.blog-masonry-shortcode-id-0ddd336bd86344bdbd47db493b51c1fd.centered-layout-list .post-entry-content {\n    -ms-flex-order: 2;\n    order: 2;\n    padding-top: 0;\n  }\n  #page .blog-shortcode.blog-masonry-shortcode-id-0ddd336bd86344bdbd47db493b51c1fd .fancy-categories {\n    top: 10px;\n    left: 10px;\n    bottom: auto;\n    right: auto;\n  }\n  #page .blog-shortcode.blog-masonry-shortcode-id-0ddd336bd86344bdbd47db493b51c1fd .fancy-date a {\n    top: 10px;\n    right: 10px;\n    left: auto;\n    bottom: auto;\n  }\n  #page .blog-shortcode.blog-masonry-shortcode-id-0ddd336bd86344bdbd47db493b51c1fd .post-entry-content {\n    padding: 20px;\n  }\n  #page .blog-shortcode.blog-masonry-shortcode-id-0ddd336bd86344bdbd47db493b51c1fd .entry-title {\n    margin: 3px 0 5px;\n    font-size: 20px;\n    line-height: 26px;\n  }\n  #page .blog-shortcode.blog-masonry-shortcode-id-0ddd336bd86344bdbd47db493b51c1fd .entry-meta {\n    margin: 5px 0 5px;\n  }\n  #page .blog-shortcode.blog-masonry-shortcode-id-0ddd336bd86344bdbd47db493b51c1fd .entry-excerpt {\n    margin: 15px 0 0;\n  }\n  #page .blog-shortcode.blog-masonry-shortcode-id-0ddd336bd86344bdbd47db493b51c1fd .post-details {\n    margin: 5px 0 10px;\n  }\n  #page .blog-shortcode.blog-masonry-shortcode-id-0ddd336bd86344bdbd47db493b51c1fd .post-details.details-type-link {\n    margin-bottom: 2px;\n  }\n}<\/style><div class=\"blog-shortcode blog-masonry-shortcode-id-0ddd336bd86344bdbd47db493b51c1fd mode-masonry classic-layout-list content-bg-on scale-img dt-icon-bg-off resize-by-browser-width loading-effect-none description-under-image \" data-padding=\"15px\" data-cur-page=\"1\" data-post-limit=\"-1\" data-pagination-mode=\"pages\" data-desktop-columns-num=\"2\" data-v-tablet-columns-num=\"1\" data-h-tablet-columns-num=\"2\" data-phone-columns-num=\"1\" data-width=\"0px\" data-columns=\"0\"><div class=\"iso-container\" ><div class=\"visible wf-cell iso-item\" data-post-id=\"739\" data-date=\"2024-11-09T12:14:55+01:00\" data-name=\"Unsere Adventskalender\"><article class=\"post project-odd visible post-739 type-post status-publish format-standard has-post-thumbnail hentry category-neues tag-adventskalender category-8\" data-name=\"Unsere Adventskalender\" data-date=\"2024-11-09T12:14:55+01:00\">\n\n<div class=\"post-thumbnail-wrap\">\n\t<div class=\"post-thumbnail\">\n\t\t\n\t\t\n\t\t<a href=\"https:\/\/weltlaeden.de\/winsen-luhe\/unsere-adventskalender\/\" class=\"post-thumbnail-rollover layzr-bg layzr-bg\" ><img fetchpriority=\"high\" decoding=\"async\" class=\"iso-lazy-load preload-me iso-lazy-load aspect\" src=\"data:image\/svg+xml,%3Csvg%20xmlns%3D&#39;http%3A%2F%2Fwww.w3.org%2F2000%2Fsvg&#39;%20viewBox%3D&#39;0%200%20768%20512&#39;%2F%3E\" data-src=\"https:\/\/weltlaeden.de\/winsen-luhe\/wp-content\/uploads\/sites\/188\/2024\/11\/IMG_2776-scaled-768x512.jpeg\" data-srcset=\"https:\/\/weltlaeden.de\/winsen-luhe\/wp-content\/uploads\/sites\/188\/2024\/11\/IMG_2776-scaled-768x512.jpeg 768w, https:\/\/weltlaeden.de\/winsen-luhe\/wp-content\/uploads\/sites\/188\/2024\/11\/IMG_2776-scaled-1152x768.jpeg 1152w\" loading=\"eager\" style=\"--ratio: 768 \/ 512\" sizes=\"(max-width: 768px) 100vw, 768px\" alt=\"\" title=\"IMG_2776\" width=\"768\" height=\"512\"  \/><\/a>\t<\/div>\n<\/div>\n\n\n<div class=\"post-entry-content\">\n\n\t<h3 class=\"entry-title\">\n\t\t<a href=\"https:\/\/weltlaeden.de\/winsen-luhe\/unsere-adventskalender\/\" title=\"Unsere Adventskalender\" rel=\"bookmark\">Unsere Adventskalender<\/a>\n\t<\/h3>\n\n\t<div class=\"entry-meta\"><a href=\"https:\/\/weltlaeden.de\/winsen-luhe\/2024\/11\/09\/\" title=\"12:14\" class=\"data-link\" rel=\"bookmark\"><time class=\"entry-date updated\" datetime=\"2024-11-09T12:14:55+01:00\">9. November 2024<\/time><\/a><\/div>\n\t<div class=\"entry-excerpt\"><p>Wir haben gleich drei Adventskalender dieses Jahr. Wie jedes Jahr haben wir den Lions Adventskalender mit Gutscheinen oder kleinen \u00dcberraschungen. Zus\u00e4tzlich haben wir den &#8222;anderen Adventskalender&#8220; \u2013 f\u00fcr Kinder oder f\u00fcr Erwachsene. Im anderen Adventskalender beinhaltet jeden Tag kleine Texte und Illustrationen.<\/p>\n<\/div>\n\t\n<a href=\"https:\/\/weltlaeden.de\/winsen-luhe\/unsere-adventskalender\/\" class=\"dt-btn-s dt-btn post-details details-type-btn\" aria-label=\"Read more about Unsere Adventskalender\">Weiterlesen<i class=\"dt-icon-the7-arrow-03\" aria-hidden=\"true\"><\/i><\/a>\n\n<\/div><\/article><\/div><div class=\"visible wf-cell iso-item\" data-post-id=\"735\" data-date=\"2024-10-25T17:15:12+02:00\" data-name=\"Sari-Schals wieder da\"><article class=\"post project-odd visible post-735 type-post status-publish format-standard has-post-thumbnail hentry category-neues category-8\" data-name=\"Sari-Schals wieder da\" data-date=\"2024-10-25T17:15:12+02:00\">\n\n<div class=\"post-thumbnail-wrap\">\n\t<div class=\"post-thumbnail\">\n\t\t\n\t\t\n\t\t<a href=\"https:\/\/weltlaeden.de\/winsen-luhe\/sari-schals-wieder-da\/\" class=\"post-thumbnail-rollover layzr-bg layzr-bg\" ><img decoding=\"async\" class=\"iso-lazy-load preload-me iso-lazy-load aspect\" src=\"data:image\/svg+xml,%3Csvg%20xmlns%3D&#39;http%3A%2F%2Fwww.w3.org%2F2000%2Fsvg&#39;%20viewBox%3D&#39;0%200%20768%20512&#39;%2F%3E\" data-src=\"https:\/\/weltlaeden.de\/winsen-luhe\/wp-content\/uploads\/sites\/188\/2024\/10\/bcfc2b4a-f607-4474-b8af-582635f10c69-768x512.jpg\" data-srcset=\"https:\/\/weltlaeden.de\/winsen-luhe\/wp-content\/uploads\/sites\/188\/2024\/10\/bcfc2b4a-f607-4474-b8af-582635f10c69-768x512.jpg 768w, https:\/\/weltlaeden.de\/winsen-luhe\/wp-content\/uploads\/sites\/188\/2024\/10\/bcfc2b4a-f607-4474-b8af-582635f10c69-1152x768.jpg 1152w\" loading=\"eager\" style=\"--ratio: 768 \/ 512\" sizes=\"(max-width: 768px) 100vw, 768px\" alt=\"\" title=\"bcfc2b4a-f607-4474-b8af-582635f10c69\" width=\"768\" height=\"512\"  \/><\/a>\t<\/div>\n<\/div>\n\n\n<div class=\"post-entry-content\">\n\n\t<h3 class=\"entry-title\">\n\t\t<a href=\"https:\/\/weltlaeden.de\/winsen-luhe\/sari-schals-wieder-da\/\" title=\"Sari-Schals wieder da\" rel=\"bookmark\">Sari-Schals wieder da<\/a>\n\t<\/h3>\n\n\t<div class=\"entry-meta\"><a href=\"https:\/\/weltlaeden.de\/winsen-luhe\/2024\/10\/25\/\" title=\"17:15\" class=\"data-link\" rel=\"bookmark\"><time class=\"entry-date updated\" datetime=\"2024-10-25T17:15:12+02:00\">25. Oktober 2024<\/time><\/a><\/div>\n\t<div class=\"entry-excerpt\"><p>Unikate mit Vorleben. Aus Saristoffen, die wiederverwertet wurden hat Nepalaya diesen wundersch\u00f6nen Stoffen ein neues Leben eingebaut, indem der Stoff, aufwendig mit Filz veredelt wurde. Jeder Schal ist Garantiert ein Unikat #weltladen\u00a0#fairtrade\u00a0#schal\u00a0#filz\u00a0#sari<\/p>\n<\/div>\n\t\n<a href=\"https:\/\/weltlaeden.de\/winsen-luhe\/sari-schals-wieder-da\/\" class=\"dt-btn-s dt-btn post-details details-type-btn\" aria-label=\"Read more about Sari-Schals wieder da\">Weiterlesen<i class=\"dt-icon-the7-arrow-03\" aria-hidden=\"true\"><\/i><\/a>\n\n<\/div><\/article><\/div><div class=\"visible wf-cell iso-item\" data-post-id=\"720\" data-date=\"2024-07-13T12:52:25+02:00\" data-name=\"Pr\u00e4sentk\u00f6rbe f\u00fcr jeden\"><article class=\"post project-odd visible post-720 type-post status-publish format-standard has-post-thumbnail hentry category-neues tag-geschenk tag-praesentkorb tag-weltladen category-8\" data-name=\"Pr\u00e4sentk\u00f6rbe f\u00fcr jeden\" data-date=\"2024-07-13T12:52:25+02:00\">\n\n<div class=\"post-thumbnail-wrap\">\n\t<div class=\"post-thumbnail\">\n\t\t\n\t\t\n\t\t<a href=\"https:\/\/weltlaeden.de\/winsen-luhe\/praesentkoerbe-fuer-jeden\/\" class=\"post-thumbnail-rollover layzr-bg layzr-bg\" ><img decoding=\"async\" class=\"iso-lazy-load preload-me iso-lazy-load aspect\" src=\"data:image\/svg+xml,%3Csvg%20xmlns%3D&#39;http%3A%2F%2Fwww.w3.org%2F2000%2Fsvg&#39;%20viewBox%3D&#39;0%200%20768%20512&#39;%2F%3E\" data-src=\"https:\/\/weltlaeden.de\/winsen-luhe\/wp-content\/uploads\/sites\/188\/2024\/07\/IMG_1340-rotated-e1720867907376-768x512.jpeg\" data-srcset=\"https:\/\/weltlaeden.de\/winsen-luhe\/wp-content\/uploads\/sites\/188\/2024\/07\/IMG_1340-rotated-e1720867907376-768x512.jpeg 768w, https:\/\/weltlaeden.de\/winsen-luhe\/wp-content\/uploads\/sites\/188\/2024\/07\/IMG_1340-rotated-e1720867907376-1152x768.jpeg 1152w\" loading=\"eager\" style=\"--ratio: 768 \/ 512\" sizes=\"(max-width: 768px) 100vw, 768px\" alt=\"Ein Pr\u00e4sentkorb mit dem Thema Afrika\" title=\"IMG_1340\" width=\"768\" height=\"512\"  \/><\/a>\t<\/div>\n<\/div>\n\n\n<div class=\"post-entry-content\">\n\n\t<h3 class=\"entry-title\">\n\t\t<a href=\"https:\/\/weltlaeden.de\/winsen-luhe\/praesentkoerbe-fuer-jeden\/\" title=\"Pr\u00e4sentk\u00f6rbe f\u00fcr jeden\" rel=\"bookmark\">Pr\u00e4sentk\u00f6rbe f\u00fcr jeden<\/a>\n\t<\/h3>\n\n\t<div class=\"entry-meta\"><a href=\"https:\/\/weltlaeden.de\/winsen-luhe\/2024\/07\/13\/\" title=\"12:52\" class=\"data-link\" rel=\"bookmark\"><time class=\"entry-date updated\" datetime=\"2024-07-13T12:52:25+02:00\">13. Juli 2024<\/time><\/a><\/div>\n\t<div class=\"entry-excerpt\"><p>Der Weltladen Winsen hat viele sch\u00f6ne Geschenke im Laden. Auch Pr\u00e4sentk\u00f6rbe packen wir gerne f\u00fcr Sie. Egal ob f\u00fcr einen Kollegen, die beste Freundin oder ein liebes Familienmitglied: Wir haben das Richtige f\u00fcr ihre Liebsten. Zu einem Preis, den Sie entscheiden k\u00f6nnen und wenn gew\u00fcnscht auch mit einem Oberthema packen wir einen Korb f\u00fcr Sie!&hellip;<\/p>\n<\/div>\n\t\n<a href=\"https:\/\/weltlaeden.de\/winsen-luhe\/praesentkoerbe-fuer-jeden\/\" class=\"dt-btn-s dt-btn post-details details-type-btn\" aria-label=\"Read more about Pr\u00e4sentk\u00f6rbe f\u00fcr jeden\">Weiterlesen<i class=\"dt-icon-the7-arrow-03\" aria-hidden=\"true\"><\/i><\/a>\n\n<\/div><\/article><\/div><div class=\"visible wf-cell iso-item\" data-post-id=\"710\" data-date=\"2024-07-13T12:08:35+02:00\" data-name=\"Wir bleiben bestehen!\"><article class=\"post project-odd visible post-710 type-post status-publish format-standard has-post-thumbnail hentry category-neues tag-luhe tag-weltladen tag-winsen category-8\" data-name=\"Wir bleiben bestehen!\" data-date=\"2024-07-13T12:08:35+02:00\">\n\n<div class=\"post-thumbnail-wrap\">\n\t<div class=\"post-thumbnail\">\n\t\t\n\t\t\n\t\t<a href=\"https:\/\/weltlaeden.de\/winsen-luhe\/wir-bleiben-bestehen\/\" class=\"post-thumbnail-rollover layzr-bg layzr-bg\" ><img decoding=\"async\" class=\"iso-lazy-load preload-me iso-lazy-load aspect\" src=\"data:image\/svg+xml,%3Csvg%20xmlns%3D&#39;http%3A%2F%2Fwww.w3.org%2F2000%2Fsvg&#39;%20viewBox%3D&#39;0%200%20768%20512&#39;%2F%3E\" data-src=\"https:\/\/weltlaeden.de\/winsen-luhe\/wp-content\/uploads\/sites\/188\/2024\/06\/WhatsApp-Image-2024-06-23-at-08.44.02-768x512.jpeg\" data-srcset=\"https:\/\/weltlaeden.de\/winsen-luhe\/wp-content\/uploads\/sites\/188\/2024\/06\/WhatsApp-Image-2024-06-23-at-08.44.02-768x512.jpeg 768w, https:\/\/weltlaeden.de\/winsen-luhe\/wp-content\/uploads\/sites\/188\/2024\/06\/WhatsApp-Image-2024-06-23-at-08.44.02-1152x768.jpeg 1152w\" loading=\"eager\" style=\"--ratio: 768 \/ 512\" sizes=\"(max-width: 768px) 100vw, 768px\" alt=\"Teamfoto des Weltladen 2024\" title=\"WhatsApp Image 2024-06-23 at 08.44.02\" width=\"768\" height=\"512\"  \/><\/a>\t<\/div>\n<\/div>\n\n\n<div class=\"post-entry-content\">\n\n\t<h3 class=\"entry-title\">\n\t\t<a href=\"https:\/\/weltlaeden.de\/winsen-luhe\/wir-bleiben-bestehen\/\" title=\"Wir bleiben bestehen!\" rel=\"bookmark\">Wir bleiben bestehen!<\/a>\n\t<\/h3>\n\n\t<div class=\"entry-meta\"><a href=\"https:\/\/weltlaeden.de\/winsen-luhe\/2024\/07\/13\/\" title=\"12:08\" class=\"data-link\" rel=\"bookmark\"><time class=\"entry-date updated\" datetime=\"2024-07-13T12:08:35+02:00\">13. Juli 2024<\/time><\/a><\/div>\n\t<div class=\"entry-excerpt\"><p>Der Weltladen Winsen stand vor dem Aus \u2013 aber das ist jetzt vorbei! Dank vieler neuer ehrenamtlicher Helferinnen und Helfer kann der Weltladen weiter die T\u00fcren \u00f6ffnen. Das wird gefeiert. Am 6. Oktober ab 10 Uhr feiern wir den 40. Geburtstags des Weltladens w\u00e4hrend des Erntedankgottesdienstes. Dieser besondere Gottesdienst bietet eine Gelegenheit, Dankbarkeit f\u00fcr die&hellip;<\/p>\n<\/div>\n\t\n<a href=\"https:\/\/weltlaeden.de\/winsen-luhe\/wir-bleiben-bestehen\/\" class=\"dt-btn-s dt-btn post-details details-type-btn\" aria-label=\"Read more about Wir bleiben bestehen!\">Weiterlesen<i class=\"dt-icon-the7-arrow-03\" aria-hidden=\"true\"><\/i><\/a>\n\n<\/div><\/article><\/div><div class=\"visible wf-cell iso-item\" data-post-id=\"708\" data-date=\"2024-07-13T12:07:08+02:00\" data-name=\"Wir werden 40. Jahre!\"><article class=\"post project-odd visible post-708 type-post status-publish format-standard has-post-thumbnail hentry category-neues tag-geburtstag tag-weltladen tag-winsen category-8\" data-name=\"Wir werden 40. Jahre!\" data-date=\"2024-07-13T12:07:08+02:00\">\n\n<div class=\"post-thumbnail-wrap\">\n\t<div class=\"post-thumbnail\">\n\t\t\n\t\t\n\t\t<a href=\"https:\/\/weltlaeden.de\/winsen-luhe\/wir-werden-40-jahre\/\" class=\"post-thumbnail-rollover layzr-bg layzr-bg\" ><img decoding=\"async\" class=\"iso-lazy-load preload-me iso-lazy-load aspect\" src=\"data:image\/svg+xml,%3Csvg%20xmlns%3D&#39;http%3A%2F%2Fwww.w3.org%2F2000%2Fsvg&#39;%20viewBox%3D&#39;0%200%20768%20512&#39;%2F%3E\" data-src=\"https:\/\/weltlaeden.de\/winsen-luhe\/wp-content\/uploads\/sites\/188\/2024\/07\/40-jahre-768x512.jpg\" data-srcset=\"https:\/\/weltlaeden.de\/winsen-luhe\/wp-content\/uploads\/sites\/188\/2024\/07\/40-jahre-768x512.jpg 768w, https:\/\/weltlaeden.de\/winsen-luhe\/wp-content\/uploads\/sites\/188\/2024\/07\/40-jahre-1152x768.jpg 1152w\" loading=\"eager\" style=\"--ratio: 768 \/ 512\" sizes=\"(max-width: 768px) 100vw, 768px\" alt=\"40 Jahre Weltladen Winsen, buntes Bild mit Blumen und Ballons\" title=\"40 jahre\" width=\"768\" height=\"512\"  \/><\/a>\t<\/div>\n<\/div>\n\n\n<div class=\"post-entry-content\">\n\n\t<h3 class=\"entry-title\">\n\t\t<a href=\"https:\/\/weltlaeden.de\/winsen-luhe\/wir-werden-40-jahre\/\" title=\"Wir werden 40. Jahre!\" rel=\"bookmark\">Wir werden 40. Jahre!<\/a>\n\t<\/h3>\n\n\t<div class=\"entry-meta\"><a href=\"https:\/\/weltlaeden.de\/winsen-luhe\/2024\/07\/13\/\" title=\"12:07\" class=\"data-link\" rel=\"bookmark\"><time class=\"entry-date updated\" datetime=\"2024-07-13T12:07:08+02:00\">13. Juli 2024<\/time><\/a><\/div>\n\t<div class=\"entry-excerpt\"><p>Seit 1984 gibt es den Weltaden in Winsen und das wollen wir feiern! Am 6. Oktober ab 10 Uhr feiern wir den 40. Geburtstags des Weltladens w\u00e4hrend des Erntedankgottesdienstes. Dieser besondere Gottesdienst bietet eine Gelegenheit, Dankbarkeit f\u00fcr die Ernte und die Gemeinschaft zu zeigen. Im Anschluss an den Gottesdienst sind alle G\u00e4ste zu einem Buffet&hellip;<\/p>\n<\/div>\n\t\n<a href=\"https:\/\/weltlaeden.de\/winsen-luhe\/wir-werden-40-jahre\/\" class=\"dt-btn-s dt-btn post-details details-type-btn\" aria-label=\"Read more about Wir werden 40. Jahre!\">Weiterlesen<i class=\"dt-icon-the7-arrow-03\" aria-hidden=\"true\"><\/i><\/a>\n\n<\/div><\/article><\/div><div class=\"visible wf-cell iso-item\" data-post-id=\"687\" data-date=\"2024-06-02T16:04:44+02:00\" data-name=\"Weltladen Winsen kennenlernen\"><article class=\"post project-odd visible post-687 type-post status-publish format-standard has-post-thumbnail hentry category-neues tag-ukukhanya tag-weltladen tag-winsen category-8\" data-name=\"Weltladen Winsen kennenlernen\" data-date=\"2024-06-02T16:04:44+02:00\">\n\n<div class=\"post-thumbnail-wrap\">\n\t<div class=\"post-thumbnail\">\n\t\t\n\t\t\n\t\t<a href=\"https:\/\/weltlaeden.de\/winsen-luhe\/weltladen-winsen-kennenlernen\/\" class=\"post-thumbnail-rollover layzr-bg layzr-bg\" ><img decoding=\"async\" class=\"iso-lazy-load preload-me iso-lazy-load aspect\" src=\"data:image\/svg+xml,%3Csvg%20xmlns%3D&#39;http%3A%2F%2Fwww.w3.org%2F2000%2Fsvg&#39;%20viewBox%3D&#39;0%200%20768%20512&#39;%2F%3E\" data-src=\"https:\/\/weltlaeden.de\/winsen-luhe\/wp-content\/uploads\/sites\/188\/2024\/06\/IMG_0694-rotated-768x512.jpeg\" data-srcset=\"https:\/\/weltlaeden.de\/winsen-luhe\/wp-content\/uploads\/sites\/188\/2024\/06\/IMG_0694-rotated-768x512.jpeg 768w, https:\/\/weltlaeden.de\/winsen-luhe\/wp-content\/uploads\/sites\/188\/2024\/06\/IMG_0694-rotated-1152x768.jpeg 1152w\" loading=\"eager\" style=\"--ratio: 768 \/ 512\" sizes=\"(max-width: 768px) 100vw, 768px\" alt=\"\" title=\"IMG_0694\" width=\"768\" height=\"512\"  \/><\/a>\t<\/div>\n<\/div>\n\n\n<div class=\"post-entry-content\">\n\n\t<h3 class=\"entry-title\">\n\t\t<a href=\"https:\/\/weltlaeden.de\/winsen-luhe\/weltladen-winsen-kennenlernen\/\" title=\"Weltladen Winsen kennenlernen\" rel=\"bookmark\">Weltladen Winsen kennenlernen<\/a>\n\t<\/h3>\n\n\t<div class=\"entry-meta\"><a href=\"https:\/\/weltlaeden.de\/winsen-luhe\/2024\/06\/02\/\" title=\"16:04\" class=\"data-link\" rel=\"bookmark\"><time class=\"entry-date updated\" datetime=\"2024-06-02T16:04:44+02:00\">2. Juni 2024<\/time><\/a><\/div>\n\t<div class=\"entry-excerpt\"><p>Der Weltladen in Winsen ist l\u00e4ngst allererste Anlaufstelle f\u00fcr all diejenigen, die ein besonderes Geschenk suchen. Ein Mitbringsel f\u00fcrs Kaffeetrinken beim Nachbarn, eine Aufmerksamkeit f\u00fcr den Besuch von Freunden, ein Pr\u00e4sent f\u00fcr das Geburtstagskind, den Jubilar: im Weltladen wartet das passende Produkt. Obendrein tr\u00e4gt der Einkauf im Weltladen dazu bei, eben diese Welt ein kleines&hellip;<\/p>\n<\/div>\n\t\n<a href=\"https:\/\/weltlaeden.de\/winsen-luhe\/weltladen-winsen-kennenlernen\/\" class=\"dt-btn-s dt-btn post-details details-type-btn\" aria-label=\"Read more about Weltladen Winsen kennenlernen\">Weiterlesen<i class=\"dt-icon-the7-arrow-03\" aria-hidden=\"true\"><\/i><\/a>\n\n<\/div><\/article><\/div><div class=\"visible wf-cell iso-item\" data-post-id=\"674\" data-date=\"2022-11-16T14:06:58+01:00\" data-name=\"Adventskalender f\u00fcr alle!\"><article class=\"post project-odd visible post-674 type-post status-publish format-standard has-post-thumbnail hentry category-neues category-8\" data-name=\"Adventskalender f\u00fcr alle!\" data-date=\"2022-11-16T14:06:58+01:00\">\n\n<div class=\"post-thumbnail-wrap\">\n\t<div class=\"post-thumbnail\">\n\t\t\n\t\t\n\t\t<a href=\"https:\/\/weltlaeden.de\/winsen-luhe\/adventskalender-fuer-alle\/\" class=\"post-thumbnail-rollover layzr-bg layzr-bg\" ><img decoding=\"async\" class=\"iso-lazy-load preload-me iso-lazy-load aspect\" src=\"data:image\/svg+xml,%3Csvg%20xmlns%3D&#39;http%3A%2F%2Fwww.w3.org%2F2000%2Fsvg&#39;%20viewBox%3D&#39;0%200%20768%20512&#39;%2F%3E\" data-src=\"https:\/\/weltlaeden.de\/winsen-luhe\/wp-content\/uploads\/sites\/188\/2022\/11\/1C2B6B37-9B2C-4414-9A29-08994F321EB8-768x512.jpg\" data-srcset=\"https:\/\/weltlaeden.de\/winsen-luhe\/wp-content\/uploads\/sites\/188\/2022\/11\/1C2B6B37-9B2C-4414-9A29-08994F321EB8-768x512.jpg 768w, https:\/\/weltlaeden.de\/winsen-luhe\/wp-content\/uploads\/sites\/188\/2022\/11\/1C2B6B37-9B2C-4414-9A29-08994F321EB8-1152x768.jpg 1152w\" loading=\"eager\" style=\"--ratio: 768 \/ 512\" sizes=\"(max-width: 768px) 100vw, 768px\" alt=\"\" title=\"1C2B6B37-9B2C-4414-9A29-08994F321EB8\" width=\"768\" height=\"512\"  \/><\/a>\t<\/div>\n<\/div>\n\n\n<div class=\"post-entry-content\">\n\n\t<h3 class=\"entry-title\">\n\t\t<a href=\"https:\/\/weltlaeden.de\/winsen-luhe\/adventskalender-fuer-alle\/\" title=\"Adventskalender f\u00fcr alle!\" rel=\"bookmark\">Adventskalender f\u00fcr alle!<\/a>\n\t<\/h3>\n\n\t<div class=\"entry-meta\"><a href=\"https:\/\/weltlaeden.de\/winsen-luhe\/2022\/11\/16\/\" title=\"14:06\" class=\"data-link\" rel=\"bookmark\"><time class=\"entry-date updated\" datetime=\"2022-11-16T14:06:58+01:00\">16. November 2022<\/time><\/a><\/div>\n\t<div class=\"entry-excerpt\"><p>Wir haben im Weltladen tolle Adventskalender. F\u00fcr jeden ist etwas dabei! Wir haben Tee-Adventskalender, welche mit Scokoladen, zum Lesen, mit Bildern und einen Tr\u00fcffeladventskalender! Schauen Sie rein und finden Sie genau das Richtige f\u00fcr Ihre Liebsten.<\/p>\n<\/div>\n\t\n<a href=\"https:\/\/weltlaeden.de\/winsen-luhe\/adventskalender-fuer-alle\/\" class=\"dt-btn-s dt-btn post-details details-type-btn\" aria-label=\"Read more about Adventskalender f\u00fcr alle!\">Weiterlesen<i class=\"dt-icon-the7-arrow-03\" aria-hidden=\"true\"><\/i><\/a>\n\n<\/div><\/article><\/div><div class=\"visible wf-cell iso-item\" data-post-id=\"663\" data-date=\"2022-09-28T22:17:57+02:00\" data-name=\"Wir werden 4!\"><article class=\"post project-odd visible post-663 type-post status-publish format-standard has-post-thumbnail hentry category-neues category-8\" data-name=\"Wir werden 4!\" data-date=\"2022-09-28T22:17:57+02:00\">\n\n<div class=\"post-thumbnail-wrap\">\n\t<div class=\"post-thumbnail\">\n\t\t\n\t\t\n\t\t<a href=\"https:\/\/weltlaeden.de\/winsen-luhe\/wir-werden-4\/\" class=\"post-thumbnail-rollover layzr-bg layzr-bg\" ><img decoding=\"async\" class=\"iso-lazy-load preload-me iso-lazy-load aspect\" src=\"data:image\/svg+xml,%3Csvg%20xmlns%3D&#39;http%3A%2F%2Fwww.w3.org%2F2000%2Fsvg&#39;%20viewBox%3D&#39;0%200%20768%20512&#39;%2F%3E\" data-src=\"https:\/\/weltlaeden.de\/winsen-luhe\/wp-content\/uploads\/sites\/188\/2022\/09\/aniketh-kanukurthi-Qaor6nxikUM-unsplash-768x512.jpg\" data-srcset=\"https:\/\/weltlaeden.de\/winsen-luhe\/wp-content\/uploads\/sites\/188\/2022\/09\/aniketh-kanukurthi-Qaor6nxikUM-unsplash-768x512.jpg 768w, https:\/\/weltlaeden.de\/winsen-luhe\/wp-content\/uploads\/sites\/188\/2022\/09\/aniketh-kanukurthi-Qaor6nxikUM-unsplash-1152x768.jpg 1152w\" loading=\"eager\" style=\"--ratio: 768 \/ 512\" sizes=\"(max-width: 768px) 100vw, 768px\" alt=\"\" title=\"aniketh-kanukurthi-Qaor6nxikUM-unsplash\" width=\"768\" height=\"512\"  \/><\/a>\t<\/div>\n<\/div>\n\n\n<div class=\"post-entry-content\">\n\n\t<h3 class=\"entry-title\">\n\t\t<a href=\"https:\/\/weltlaeden.de\/winsen-luhe\/wir-werden-4\/\" title=\"Wir werden 4!\" rel=\"bookmark\">Wir werden 4!<\/a>\n\t<\/h3>\n\n\t<div class=\"entry-meta\"><a href=\"https:\/\/weltlaeden.de\/winsen-luhe\/2022\/09\/28\/\" title=\"22:17\" class=\"data-link\" rel=\"bookmark\"><time class=\"entry-date updated\" datetime=\"2022-09-28T22:17:57+02:00\">28. September 2022<\/time><\/a><\/div>\n\t<div class=\"entry-excerpt\"><p>\u00a0Der Ukukhanya Weltladen ist seit ganzen vier Jahren schon im Schanzenring 8, 21423 Winsen vertreten. Um das zu feiern und uns bei unseren tollen Kunden zu bedanken, ohne die unser Laden nicht bestehen w\u00fcrde, m\u00f6chten wir unseren Kunden etwas gutes tun! Daher gibt es vom 04. bis zum 09. Oktober 2022 f\u00fcr alle Kunden w\u00e4hrend&hellip;<\/p>\n<\/div>\n\t\n<a href=\"https:\/\/weltlaeden.de\/winsen-luhe\/wir-werden-4\/\" class=\"dt-btn-s dt-btn post-details details-type-btn\" aria-label=\"Read more about Wir werden 4!\">Weiterlesen<i class=\"dt-icon-the7-arrow-03\" aria-hidden=\"true\"><\/i><\/a>\n\n<\/div><\/article><\/div><div class=\"visible wf-cell iso-item\" data-post-id=\"659\" data-date=\"2022-09-26T18:17:25+02:00\" data-name=\"Dekoratives Handwerk\"><article class=\"post project-odd visible post-659 type-post status-publish format-standard has-post-thumbnail hentry category-neues category-8\" data-name=\"Dekoratives Handwerk\" data-date=\"2022-09-26T18:17:25+02:00\">\n\n<div class=\"post-thumbnail-wrap\">\n\t<div class=\"post-thumbnail\">\n\t\t\n\t\t\n\t\t<a href=\"https:\/\/weltlaeden.de\/winsen-luhe\/dekoratives-handwerk\/\" class=\"post-thumbnail-rollover layzr-bg layzr-bg\" ><img decoding=\"async\" class=\"iso-lazy-load preload-me iso-lazy-load aspect\" src=\"data:image\/svg+xml,%3Csvg%20xmlns%3D&#39;http%3A%2F%2Fwww.w3.org%2F2000%2Fsvg&#39;%20viewBox%3D&#39;0%200%20768%20512&#39;%2F%3E\" data-src=\"https:\/\/weltlaeden.de\/winsen-luhe\/wp-content\/uploads\/sites\/188\/2022\/07\/P7090409-scaled-768x512.jpg\" data-srcset=\"https:\/\/weltlaeden.de\/winsen-luhe\/wp-content\/uploads\/sites\/188\/2022\/07\/P7090409-scaled-768x512.jpg 768w, https:\/\/weltlaeden.de\/winsen-luhe\/wp-content\/uploads\/sites\/188\/2022\/07\/P7090409-scaled-1152x768.jpg 1152w\" loading=\"eager\" style=\"--ratio: 768 \/ 512\" sizes=\"(max-width: 768px) 100vw, 768px\" alt=\"\" title=\"OLYMPUS DIGITAL CAMERA\" width=\"768\" height=\"512\"  \/><\/a>\t<\/div>\n<\/div>\n\n\n<div class=\"post-entry-content\">\n\n\t<h3 class=\"entry-title\">\n\t\t<a href=\"https:\/\/weltlaeden.de\/winsen-luhe\/dekoratives-handwerk\/\" title=\"Dekoratives Handwerk\" rel=\"bookmark\">Dekoratives Handwerk<\/a>\n\t<\/h3>\n\n\t<div class=\"entry-meta\"><a href=\"https:\/\/weltlaeden.de\/winsen-luhe\/2022\/09\/26\/\" title=\"18:17\" class=\"data-link\" rel=\"bookmark\"><time class=\"entry-date updated\" datetime=\"2022-09-26T18:17:25+02:00\">26. September 2022<\/time><\/a><\/div>\n\t<div class=\"entry-excerpt\"><p>Fein gearbeitete Handarbeiten aus aller Welt gibt es direkt bei uns im Laden. Schanzenring 8 in 21423 Winsen<\/p>\n<\/div>\n\t\n<a href=\"https:\/\/weltlaeden.de\/winsen-luhe\/dekoratives-handwerk\/\" class=\"dt-btn-s dt-btn post-details details-type-btn\" aria-label=\"Read more about Dekoratives Handwerk\">Weiterlesen<i class=\"dt-icon-the7-arrow-03\" aria-hidden=\"true\"><\/i><\/a>\n\n<\/div><\/article><\/div><div class=\"visible wf-cell iso-item\" data-post-id=\"657\" data-date=\"2022-09-26T18:15:11+02:00\" data-name=\"Sari-Schals aus Asien\"><article class=\"post project-odd visible post-657 type-post status-publish format-standard has-post-thumbnail hentry category-neues category-8\" data-name=\"Sari-Schals aus Asien\" data-date=\"2022-09-26T18:15:11+02:00\">\n\n<div class=\"post-thumbnail-wrap\">\n\t<div class=\"post-thumbnail\">\n\t\t\n\t\t\n\t\t<a href=\"https:\/\/weltlaeden.de\/winsen-luhe\/sari-schals-aus-asien\/\" class=\"post-thumbnail-rollover layzr-bg layzr-bg\" ><img decoding=\"async\" class=\"iso-lazy-load preload-me iso-lazy-load aspect\" src=\"data:image\/svg+xml,%3Csvg%20xmlns%3D&#39;http%3A%2F%2Fwww.w3.org%2F2000%2Fsvg&#39;%20viewBox%3D&#39;0%200%20768%20512&#39;%2F%3E\" data-src=\"https:\/\/weltlaeden.de\/winsen-luhe\/wp-content\/uploads\/sites\/188\/2022\/09\/308104109_585905339994351_5129088027197159315_n-768x512.jpg\" data-srcset=\"https:\/\/weltlaeden.de\/winsen-luhe\/wp-content\/uploads\/sites\/188\/2022\/09\/308104109_585905339994351_5129088027197159315_n-768x512.jpg 768w, https:\/\/weltlaeden.de\/winsen-luhe\/wp-content\/uploads\/sites\/188\/2022\/09\/308104109_585905339994351_5129088027197159315_n-1152x768.jpg 1152w\" loading=\"eager\" style=\"--ratio: 768 \/ 512\" sizes=\"(max-width: 768px) 100vw, 768px\" alt=\"\" title=\"308104109_585905339994351_5129088027197159315_n\" width=\"768\" height=\"512\"  \/><\/a>\t<\/div>\n<\/div>\n\n\n<div class=\"post-entry-content\">\n\n\t<h3 class=\"entry-title\">\n\t\t<a href=\"https:\/\/weltlaeden.de\/winsen-luhe\/sari-schals-aus-asien\/\" title=\"Sari-Schals aus Asien\" rel=\"bookmark\">Sari-Schals aus Asien<\/a>\n\t<\/h3>\n\n\t<div class=\"entry-meta\"><a href=\"https:\/\/weltlaeden.de\/winsen-luhe\/2022\/09\/26\/\" title=\"18:15\" class=\"data-link\" rel=\"bookmark\"><time class=\"entry-date updated\" datetime=\"2022-09-26T18:15:11+02:00\">26. September 2022<\/time><\/a><\/div>\n\t<div class=\"entry-excerpt\"><p>Wir haben ganz neue diese tollen Schals im Laden! Recycling und Mode kann auch Hand in Hand gehen! Aus abgelegten Saris werden mithilfe von Filz neue Schals produziert. Wir lieben die tollen Varianten, nat\u00fcrlich jeder ein Unikat.<\/p>\n<\/div>\n\t\n<a href=\"https:\/\/weltlaeden.de\/winsen-luhe\/sari-schals-aus-asien\/\" class=\"dt-btn-s dt-btn post-details details-type-btn\" aria-label=\"Read more about Sari-Schals aus Asien\">Weiterlesen<i class=\"dt-icon-the7-arrow-03\" aria-hidden=\"true\"><\/i><\/a>\n\n<\/div><\/article><\/div><\/div><!-- iso-container|iso-grid --><div class=\"paginator\" role=\"navigation\"><span class=\"nav-prev disabled\">\u2192<\/span><a href=\"https:\/\/weltlaeden.de\/winsen-luhe\/wp-json\/wp\/v2\/pages\/361\/\" class=\"page-numbers act\" data-page-num=\"1\">1<\/a><a href=\"https:\/\/weltlaeden.de\/winsen-luhe\/wp-json\/wp\/v2\/pages\/361\/page\/2\/\" class=\"page-numbers \" data-page-num=\"2\">2<\/a><a href=\"https:\/\/weltlaeden.de\/winsen-luhe\/wp-json\/wp\/v2\/pages\/361\/page\/2\/\" class=\"page-numbers nav-next filter-item\" data-page-num=\"2\" >\u2192<\/a><\/div><\/div>[\/vc_column][\/vc_row]<\/p>\n<\/div>","protected":false},"excerpt":{"rendered":"<p>[vc_row][vc_column][vc_column_text] Neuigkeiten [\/vc_column_text][\/vc_column][\/vc_row]<\/p>\n","protected":false},"author":1,"featured_media":0,"parent":0,"menu_order":4,"comment_status":"closed","ping_status":"closed","template":"","meta":{"footnotes":""},"class_list":["post-361","page","type-page","status-publish","hentry","description-off"],"yoast_head":"<!-- This site is optimized with the Yoast SEO plugin v26.8 - https:\/\/yoast.com\/product\/yoast-seo-wordpress\/ -->\n<title>Neuigkeiten - Weltladen Winsen Luhe<\/title>\n<meta name=\"robots\" content=\"index, follow, max-snippet:-1, max-image-preview:large, max-video-preview:-1\" \/>\n<link rel=\"canonical\" href=\"https:\/\/weltlaeden.de\/winsen-luhe\/neuigkeiten\/\" \/>\n<meta property=\"og:locale\" content=\"de_DE\" \/>\n<meta property=\"og:type\" content=\"article\" \/>\n<meta property=\"og:title\" content=\"Neuigkeiten - Weltladen Winsen Luhe\" \/>\n<meta property=\"og:description\" content=\"[vc_row][vc_column][vc_column_text] Neuigkeiten [\/vc_column_text][\/vc_column][\/vc_row]\" \/>\n<meta property=\"og:url\" content=\"https:\/\/weltlaeden.de\/winsen-luhe\/neuigkeiten\/\" \/>\n<meta property=\"og:site_name\" content=\"Weltladen Winsen Luhe\" \/>\n<meta property=\"article:modified_time\" content=\"2021-08-27T09:13:18+00:00\" \/>\n<meta name=\"twitter:card\" content=\"summary_large_image\" \/>\n<script type=\"application\/ld+json\" class=\"yoast-schema-graph\">{\"@context\":\"https:\/\/schema.org\",\"@graph\":[{\"@type\":\"WebPage\",\"@id\":\"https:\/\/weltlaeden.de\/winsen-luhe\/neuigkeiten\/\",\"url\":\"https:\/\/weltlaeden.de\/winsen-luhe\/neuigkeiten\/\",\"name\":\"Neuigkeiten - Weltladen Winsen Luhe\",\"isPartOf\":{\"@id\":\"https:\/\/weltlaeden.de\/winsen-luhe\/#website\"},\"datePublished\":\"2018-04-05T07:52:53+00:00\",\"dateModified\":\"2021-08-27T09:13:18+00:00\",\"breadcrumb\":{\"@id\":\"https:\/\/weltlaeden.de\/winsen-luhe\/neuigkeiten\/#breadcrumb\"},\"inLanguage\":\"de\",\"potentialAction\":[{\"@type\":\"ReadAction\",\"target\":[\"https:\/\/weltlaeden.de\/winsen-luhe\/neuigkeiten\/\"]}]},{\"@type\":\"BreadcrumbList\",\"@id\":\"https:\/\/weltlaeden.de\/winsen-luhe\/neuigkeiten\/#breadcrumb\",\"itemListElement\":[{\"@type\":\"ListItem\",\"position\":1,\"name\":\"Startseite\",\"item\":\"https:\/\/weltlaeden.de\/winsen-luhe\/\"},{\"@type\":\"ListItem\",\"position\":2,\"name\":\"Neuigkeiten\"}]},{\"@type\":\"WebSite\",\"@id\":\"https:\/\/weltlaeden.de\/winsen-luhe\/#website\",\"url\":\"https:\/\/weltlaeden.de\/winsen-luhe\/\",\"name\":\"Weltladen Winsen Luhe\",\"description\":\"Faire Produkte seit 1990\",\"potentialAction\":[{\"@type\":\"SearchAction\",\"target\":{\"@type\":\"EntryPoint\",\"urlTemplate\":\"https:\/\/weltlaeden.de\/winsen-luhe\/?s={search_term_string}\"},\"query-input\":{\"@type\":\"PropertyValueSpecification\",\"valueRequired\":true,\"valueName\":\"search_term_string\"}}],\"inLanguage\":\"de\"}]}<\/script>\n<!-- \/ Yoast SEO plugin. -->","yoast_head_json":{"title":"Neuigkeiten - Weltladen Winsen Luhe","robots":{"index":"index","follow":"follow","max-snippet":"max-snippet:-1","max-image-preview":"max-image-preview:large","max-video-preview":"max-video-preview:-1"},"canonical":"https:\/\/weltlaeden.de\/winsen-luhe\/neuigkeiten\/","og_locale":"de_DE","og_type":"article","og_title":"Neuigkeiten - Weltladen Winsen Luhe","og_description":"[vc_row][vc_column][vc_column_text] Neuigkeiten [\/vc_column_text][\/vc_column][\/vc_row]","og_url":"https:\/\/weltlaeden.de\/winsen-luhe\/neuigkeiten\/","og_site_name":"Weltladen Winsen Luhe","article_modified_time":"2021-08-27T09:13:18+00:00","twitter_card":"summary_large_image","schema":{"@context":"https:\/\/schema.org","@graph":[{"@type":"WebPage","@id":"https:\/\/weltlaeden.de\/winsen-luhe\/neuigkeiten\/","url":"https:\/\/weltlaeden.de\/winsen-luhe\/neuigkeiten\/","name":"Neuigkeiten - Weltladen Winsen Luhe","isPartOf":{"@id":"https:\/\/weltlaeden.de\/winsen-luhe\/#website"},"datePublished":"2018-04-05T07:52:53+00:00","dateModified":"2021-08-27T09:13:18+00:00","breadcrumb":{"@id":"https:\/\/weltlaeden.de\/winsen-luhe\/neuigkeiten\/#breadcrumb"},"inLanguage":"de","potentialAction":[{"@type":"ReadAction","target":["https:\/\/weltlaeden.de\/winsen-luhe\/neuigkeiten\/"]}]},{"@type":"BreadcrumbList","@id":"https:\/\/weltlaeden.de\/winsen-luhe\/neuigkeiten\/#breadcrumb","itemListElement":[{"@type":"ListItem","position":1,"name":"Startseite","item":"https:\/\/weltlaeden.de\/winsen-luhe\/"},{"@type":"ListItem","position":2,"name":"Neuigkeiten"}]},{"@type":"WebSite","@id":"https:\/\/weltlaeden.de\/winsen-luhe\/#website","url":"https:\/\/weltlaeden.de\/winsen-luhe\/","name":"Weltladen Winsen Luhe","description":"Faire Produkte seit 1990","potentialAction":[{"@type":"SearchAction","target":{"@type":"EntryPoint","urlTemplate":"https:\/\/weltlaeden.de\/winsen-luhe\/?s={search_term_string}"},"query-input":{"@type":"PropertyValueSpecification","valueRequired":true,"valueName":"search_term_string"}}],"inLanguage":"de"}]}},"_links":{"self":[{"href":"https:\/\/weltlaeden.de\/winsen-luhe\/wp-json\/wp\/v2\/pages\/361","targetHints":{"allow":["GET"]}}],"collection":[{"href":"https:\/\/weltlaeden.de\/winsen-luhe\/wp-json\/wp\/v2\/pages"}],"about":[{"href":"https:\/\/weltlaeden.de\/winsen-luhe\/wp-json\/wp\/v2\/types\/page"}],"author":[{"embeddable":true,"href":"https:\/\/weltlaeden.de\/winsen-luhe\/wp-json\/wp\/v2\/users\/1"}],"replies":[{"embeddable":true,"href":"https:\/\/weltlaeden.de\/winsen-luhe\/wp-json\/wp\/v2\/comments?post=361"}],"version-history":[{"count":8,"href":"https:\/\/weltlaeden.de\/winsen-luhe\/wp-json\/wp\/v2\/pages\/361\/revisions"}],"predecessor-version":[{"id":539,"href":"https:\/\/weltlaeden.de\/winsen-luhe\/wp-json\/wp\/v2\/pages\/361\/revisions\/539"}],"wp:attachment":[{"href":"https:\/\/weltlaeden.de\/winsen-luhe\/wp-json\/wp\/v2\/media?parent=361"}],"curies":[{"name":"wp","href":"https:\/\/api.w.org\/{rel}","templated":true}]}}