{"version":"1.0","provider_name":"Weltladen Winsen Luhe","provider_url":"https:\/\/weltlaeden.de\/winsen-luhe","title":"Dahlienfest - Weltladen Winsen Luhe","type":"rich","width":600,"height":338,"html":"<blockquote class=\"wp-embedded-content\" data-secret=\"mUe8C4NN5R\"><a href=\"https:\/\/weltlaeden.de\/winsen-luhe\/termin\/dahlienfest\/\">Dahlienfest<\/a><\/blockquote><iframe sandbox=\"allow-scripts\" security=\"restricted\" src=\"https:\/\/weltlaeden.de\/winsen-luhe\/termin\/dahlienfest\/embed\/#?secret=mUe8C4NN5R\" width=\"600\" height=\"338\" title=\"&#8222;Dahlienfest&#8220; &#8211; Weltladen Winsen Luhe\" data-secret=\"mUe8C4NN5R\" frameborder=\"0\" marginwidth=\"0\" marginheight=\"0\" scrolling=\"no\" class=\"wp-embedded-content\"><\/iframe><script>\n\/*! This file is auto-generated *\/\n!function(d,l){\"use strict\";l.querySelector&&d.addEventListener&&\"undefined\"!=typeof URL&&(d.wp=d.wp||{},d.wp.receiveEmbedMessage||(d.wp.receiveEmbedMessage=function(e){var t=e.data;if((t||t.secret||t.message||t.value)&&!\/[^a-zA-Z0-9]\/.test(t.secret)){for(var s,r,n,a=l.querySelectorAll('iframe[data-secret=\"'+t.secret+'\"]'),o=l.querySelectorAll('blockquote[data-secret=\"'+t.secret+'\"]'),c=new RegExp(\"^https?:$\",\"i\"),i=0;i<o.length;i++)o[i].style.display=\"none\";for(i=0;i<a.length;i++)s=a[i],e.source===s.contentWindow&&(s.removeAttribute(\"style\"),\"height\"===t.message?(1e3<(r=parseInt(t.value,10))?r=1e3:~~r<200&&(r=200),s.height=r):\"link\"===t.message&&(r=new URL(s.getAttribute(\"src\")),n=new URL(t.value),c.test(n.protocol))&&n.host===r.host&&l.activeElement===s&&(d.top.location.href=t.value))}},d.addEventListener(\"message\",d.wp.receiveEmbedMessage,!1),l.addEventListener(\"DOMContentLoaded\",function(){for(var e,t,s=l.querySelectorAll(\"iframe.wp-embedded-content\"),r=0;r<s.length;r++)(t=(e=s[r]).getAttribute(\"data-secret\"))||(t=Math.random().toString(36).substring(2,12),e.src+=\"#?secret=\"+t,e.setAttribute(\"data-secret\",t)),e.contentWindow.postMessage({message:\"ready\",secret:t},\"*\")},!1)))}(window,document);\n<\/script>\n","description":"Am 08. September ist Dahlienfest! Anfang September laden die\u00a0Winsener Luheg\u00e4rten\u00a0zum allj\u00e4hrlichen\u00a0Dahlientag\u00a0ein. Auch dieses Fest dreht sich wiedermal um eine florale Sch\u00f6nheit: So k\u00f6nnen die Besucher am 08.09. in der Zeit von\u00a010:00\u00a0\u2013\u00a018:00 Uhr\u00a0ca.\u00a0350 Dahliensorten\u00a0bestaunen. Zudem bietet der Dahlientag ein abwechslungsreiches Programm f\u00fcr die ganze Familie mit Livemusik und Produkten \u00f6rtlicher Kunsthandwerker. Dazu z\u00e4hlen neben\u00a0Malereien,\u00a0Fotografien,\u00a0Windspielen\u00a0und vielen weiteren&hellip;"}