{"id":219,"date":"2016-10-28T13:34:47","date_gmt":"2016-10-28T11:34:47","guid":{"rendered":"https:\/\/wl.heimpixel.de\/vorlage\/ueber-uns\/"},"modified":"2021-09-08T00:45:24","modified_gmt":"2021-09-07T22:45:24","slug":"ueber-uns","status":"publish","type":"page","link":"https:\/\/weltlaeden.de\/weltladenteltow\/ueber-uns\/","title":{"rendered":"\u00dcber uns"},"content":{"rendered":"<div class=\"wpb-content-wrapper\"><p>[vc_row][vc_column]<div class=\"wl_einzelbild\"><p><a href=\"https:\/\/youtu.be\/M0g9B9dmrew\" target=\"_blank\" rel=\"noopener\"><img loading=\"lazy\" decoding=\"async\" class=\"alignnone size-medium wp-image-494\" src=\"https:\/\/weltlaeden.de\/weltladenteltow\/wp-content\/uploads\/sites\/72\/2019\/11\/Weltladen-Telow-stellt_sich_vor-300x169.png\" alt=\"\" width=\"300\" height=\"169\" srcset=\"https:\/\/weltlaeden.de\/weltladenteltow\/wp-content\/uploads\/sites\/72\/2019\/11\/Weltladen-Telow-stellt_sich_vor-300x169.png 300w, https:\/\/weltlaeden.de\/weltladenteltow\/wp-content\/uploads\/sites\/72\/2019\/11\/Weltladen-Telow-stellt_sich_vor-768x432.png 768w, https:\/\/weltlaeden.de\/weltladenteltow\/wp-content\/uploads\/sites\/72\/2019\/11\/Weltladen-Telow-stellt_sich_vor-1024x576.png 1024w, https:\/\/weltlaeden.de\/weltladenteltow\/wp-content\/uploads\/sites\/72\/2019\/11\/Weltladen-Telow-stellt_sich_vor.png 1280w\" sizes=\"auto, (max-width: 300px) 100vw, 300px\" \/><\/a><\/p><\/div>[vc_empty_space][vc_column_text]<\/p>\n<h1>\u00dcber den Weltladen in Teltow<\/h1>\n<p>[\/vc_column_text][vc_column_text]<strong>Weltladen in Teltow &#8211;\u00a0&#8222;<\/strong><strong>Eine-Welt-Angebot&#8220;\u00a0<\/strong><\/p>\n<p>&#8222;Fairer Handel&#8220; &#8211;\u00a0Zeichen einer partnerschaftlichen Handelsbeziehung mit KleinproduzentInnen<\/p>\n<p>rund um den Globus &#8211; zu finden in den rund 700 Weltl\u00e4den in Deutschland, in etwa 2.500 L\u00e4den Europas\u00a0 und in einigen tausend Aktionsgruppen &#8211; seit vielen Jahren auch in Teltow.<\/p>\n<p>Im Fairen Handel stehen die Menschen und ihre elementaren Bed\u00fcrfnisse im Vordergrund. Seine Qualit\u00e4t besteht nicht nur in der Hochwertigkeit der gehandelten Produkte, sondern ganz besonders<\/p>\n<p>in sozialen Arbeitsbedingungen, in Handelskonditionen, die dazu beitragen, die Existenz der ProduzentInnen zu sichern und im Respekt f\u00fcr Mensch und Umwelt.<\/p>\n<p>H\u00f6here Erl\u00f6se f\u00fcr die ProduzentInnen, Vorfinanzierung der Produktion \/ der Ernte und die finanzielle\u00a0\u00a0\u00a0 F\u00f6rderung sozialer Verbesserungen unterscheiden ihn vom &#8222;Normal&#8220; &#8211; Handel.<\/p>\n<p>Weitere Kriterie sind:<\/p>\n<ul>\n<li style=\"list-style-type: none\">\n<ul>\n<li>langfristige Handelsbeziehungen<\/li>\n<li>vertrauensvolle Partnerschaften<\/li>\n<li>wechselseitige Transparenz der Handelwege<\/li>\n<li>F\u00f6rderung von Bio<\/li>\n<li>Anbau und umweltfreundlicher Produktion<\/li>\n<li>keine gentechnisch ver\u00e4nderte Rohware<\/li>\n<li>umweltfreundliche Verpackungen<strong><br \/>\n<\/strong><\/li>\n<\/ul>\n<\/li>\n<\/ul>\n<p>Auf allen Ebenen des Handels werden Erl\u00f6se f\u00fcr Gemeinschaftsaufgaben und die St\u00e4rkung des Fairen Handels verwendet (z.B. Bildung).<\/p>\n<p>Mit unserem Weltladenangebot wollen wir sozial benachteiligte Produzenten und Kleinbauern unterst\u00fctzen. Ganz besonders wichtig ist es uns immer wieder auf die oft menschenunw\u00fcrdigen Arbeits- und Lebensumst\u00e4nde von Kindern in vielen L\u00e4ndern hinzuweisen. Der Faire Handel in Verbindung mit der aufkl\u00e4renden \u00d6ffentlichkeitsarbeit der Weltl\u00e4den bietet hier eine echte Alternative Umkehr zu einem menschlichen Dasein.<\/p>\n<p>Wenn wir im Fairen Handel von sozialer Verantwortung reden, dann stellen wir uns diesem Anspruch auch in Deutschland. So werden viele Dienstleistungen, wie z.B. das Abf\u00fcllen von Tees und Gew\u00fcrzen, in den Fairhandelsorganisationen hier in Deutschland von psychisch kranken Menschen durchgef\u00fchrt &#8211; eine Chance der aktiven Teilnahme am Arbeitsleben.<\/p>\n<p>Weitere Informationen erhalten Sie z.B. auf den Internetseiten des Weltladen Dachverbandes: www.weltlaeden.de\u00a0oder der einzelnen Fairhandelsorganisationen.<\/p>\n<p>[\/vc_column_text][\/vc_column][\/vc_row][vc_row type=&#8220;vc_default&#8220;][vc_column][vc_column_text css_animation=&#8220;bounceIn&#8220;][\/vc_column_text][vc_empty_space][vc_column_text]<\/p>\n<h1>Mitmachen bei uns in Teltow<\/h1>\n<p>&nbsp;<\/p>\n<p><strong>Wir suchen<\/strong> Menschen, die Lust haben, sich ehrenamtlich f\u00fcr eine offene, transparente, \u00f6kologische und nachhaltige Form des Wirtschaftens zu engagieren. Ob im Verkauf, der Informations- oder Bildungsarbeit &#8211; die M\u00f6glichkeiten, in unserem Team mitzumachen sind vielf\u00e4ltig und lassen sich bestimmt auch in Deinen Alltag integrieren! Neben regelm\u00e4\u00dfigen Aufgaben gibt es bei uns auch immer wieder einzelne zeitlich befristete Projekte, f\u00fcr die wir Unterst\u00fctzer\/innen suchen. Viele Aufgaben erfordern keine speziellen Vorkenntnisse, sondern nur Deine Bereitschaft, Deine F\u00e4higkeiten einzubringen und eventuell in neuen Bereichen dazuzulernen.<\/p>\n<p><strong>Wir bieten<\/strong> ein nettes Team aus Engagierten mit vielf\u00e4ltigen M\u00f6glichkeiten, sich selbst einzubringen. Eine Gemeinschaft, die Dich herzlich aufnimmt, einarbeitet und bei Fragen zur Verf\u00fcgung steht. Fortbildungsm\u00f6glichkeiten nach Deinen Interessen und Aufgaben.<\/p>\n<ul>\n<li>Sie m\u00f6chten die Arbeit unseres Ladens unterst\u00fctzen?<\/li>\n<\/ul>\n<ul>\n<li>Sie sind an Produkten aus dem Fairen Handel interesiert?<\/li>\n<\/ul>\n<ul>\n<li>Sie w\u00fcnschen sich eine Zusammenarbeit mit uns?<\/li>\n<\/ul>\n<p>Dann w\u00fcrden wir uns freuen, wenn Sie Kontakt\u00bb mit uns aufnehmen w\u00fcrden.<\/p>\n<p>&nbsp;<\/p>\n<p>&nbsp;<\/p>\n<p><strong>Ansprechpartner\/in:<\/strong><br \/>\nManuela Zellmann<br \/>\nFeldstr.24<br \/>\n14513 Teltow<br \/>\nTel. 03328-41921<\/p>\n<p>&nbsp;<\/p>\n<p>&nbsp;<\/p>\n<p><strong>Wir freuen uns auf Dich!<\/strong>[\/vc_column_text][\/vc_column][\/vc_row]<\/p>\n<\/div>","protected":false},"excerpt":{"rendered":"<p>[vc_row][vc_column][vc_empty_space][vc_column_text] \u00dcber den Weltladen in Teltow [\/vc_column_text][vc_column_text]Weltladen in Teltow &#8211;\u00a0&#8222;Eine-Welt-Angebot&#8220;\u00a0 &#8222;Fairer Handel&#8220; &#8211;\u00a0Zeichen einer partnerschaftlichen Handelsbeziehung mit KleinproduzentInnen rund um den Globus &#8211; zu finden in den rund 700 Weltl\u00e4den in Deutschland, in etwa 2.500 L\u00e4den Europas\u00a0 und in einigen tausend Aktionsgruppen &#8211; seit vielen Jahren auch in Teltow. Im Fairen Handel stehen die Menschen&hellip;<\/p>\n","protected":false},"author":1,"featured_media":413,"parent":0,"menu_order":9,"comment_status":"closed","ping_status":"closed","template":"","meta":{"footnotes":""},"class_list":["post-219","page","type-page","status-publish","has-post-thumbnail","hentry","description-off"],"yoast_head":"<!-- This site is optimized with the Yoast SEO plugin v26.8 - https:\/\/yoast.com\/product\/yoast-seo-wordpress\/ -->\n<title>\u00dcber uns - Weltladen Teltow<\/title>\n<meta name=\"robots\" content=\"index, follow, max-snippet:-1, max-image-preview:large, max-video-preview:-1\" \/>\n<link rel=\"canonical\" href=\"https:\/\/weltlaeden.de\/weltladenteltow\/ueber-uns\/\" \/>\n<meta property=\"og:locale\" content=\"de_DE\" \/>\n<meta property=\"og:type\" content=\"article\" \/>\n<meta property=\"og:title\" content=\"\u00dcber uns - Weltladen Teltow\" \/>\n<meta property=\"og:description\" content=\"[vc_row][vc_column][vc_empty_space][vc_column_text] \u00dcber den Weltladen in Teltow [\/vc_column_text][vc_column_text]Weltladen in Teltow &#8211;\u00a0&#8222;Eine-Welt-Angebot&#8220;\u00a0 &#8222;Fairer Handel&#8220; &#8211;\u00a0Zeichen einer partnerschaftlichen Handelsbeziehung mit KleinproduzentInnen rund um den Globus &#8211; zu finden in den rund 700 Weltl\u00e4den in Deutschland, in etwa 2.500 L\u00e4den Europas\u00a0 und in einigen tausend Aktionsgruppen &#8211; seit vielen Jahren auch in Teltow. Im Fairen Handel stehen die Menschen&hellip;\" \/>\n<meta property=\"og:url\" content=\"https:\/\/weltlaeden.de\/weltladenteltow\/ueber-uns\/\" \/>\n<meta property=\"og:site_name\" content=\"Weltladen Teltow\" \/>\n<meta property=\"article:modified_time\" content=\"2021-09-07T22:45:24+00:00\" \/>\n<meta property=\"og:image\" content=\"https:\/\/weltlaeden.de\/weltladenteltow\/wp-content\/uploads\/sites\/72\/2019\/02\/Banner-130x131Koronaabstand.png\" \/>\n\t<meta property=\"og:image:width\" content=\"130\" \/>\n\t<meta property=\"og:image:height\" content=\"131\" \/>\n\t<meta property=\"og:image:type\" content=\"image\/png\" \/>\n<meta name=\"twitter:card\" content=\"summary_large_image\" \/>\n<meta name=\"twitter:label1\" content=\"Gesch\u00e4tzte Lesezeit\" \/>\n\t<meta name=\"twitter:data1\" content=\"3\u00a0Minuten\" \/>\n<script type=\"application\/ld+json\" class=\"yoast-schema-graph\">{\"@context\":\"https:\/\/schema.org\",\"@graph\":[{\"@type\":\"WebPage\",\"@id\":\"https:\/\/weltlaeden.de\/weltladenteltow\/ueber-uns\/\",\"url\":\"https:\/\/weltlaeden.de\/weltladenteltow\/ueber-uns\/\",\"name\":\"\u00dcber uns - Weltladen Teltow\",\"isPartOf\":{\"@id\":\"https:\/\/weltlaeden.de\/weltladenteltow\/#website\"},\"primaryImageOfPage\":{\"@id\":\"https:\/\/weltlaeden.de\/weltladenteltow\/ueber-uns\/#primaryimage\"},\"image\":{\"@id\":\"https:\/\/weltlaeden.de\/weltladenteltow\/ueber-uns\/#primaryimage\"},\"thumbnailUrl\":\"https:\/\/weltlaeden.de\/weltladenteltow\/wp-content\/uploads\/sites\/72\/2019\/02\/Banner-130x131Koronaabstand.png\",\"datePublished\":\"2016-10-28T11:34:47+00:00\",\"dateModified\":\"2021-09-07T22:45:24+00:00\",\"breadcrumb\":{\"@id\":\"https:\/\/weltlaeden.de\/weltladenteltow\/ueber-uns\/#breadcrumb\"},\"inLanguage\":\"de\",\"potentialAction\":[{\"@type\":\"ReadAction\",\"target\":[\"https:\/\/weltlaeden.de\/weltladenteltow\/ueber-uns\/\"]}]},{\"@type\":\"ImageObject\",\"inLanguage\":\"de\",\"@id\":\"https:\/\/weltlaeden.de\/weltladenteltow\/ueber-uns\/#primaryimage\",\"url\":\"https:\/\/weltlaeden.de\/weltladenteltow\/wp-content\/uploads\/sites\/72\/2019\/02\/Banner-130x131Koronaabstand.png\",\"contentUrl\":\"https:\/\/weltlaeden.de\/weltladenteltow\/wp-content\/uploads\/sites\/72\/2019\/02\/Banner-130x131Koronaabstand.png\",\"width\":130,\"height\":131},{\"@type\":\"BreadcrumbList\",\"@id\":\"https:\/\/weltlaeden.de\/weltladenteltow\/ueber-uns\/#breadcrumb\",\"itemListElement\":[{\"@type\":\"ListItem\",\"position\":1,\"name\":\"Startseite\",\"item\":\"https:\/\/weltlaeden.de\/weltladenteltow\/\"},{\"@type\":\"ListItem\",\"position\":2,\"name\":\"\u00dcber uns\"}]},{\"@type\":\"WebSite\",\"@id\":\"https:\/\/weltlaeden.de\/weltladenteltow\/#website\",\"url\":\"https:\/\/weltlaeden.de\/weltladenteltow\/\",\"name\":\"Weltladen Teltow\",\"description\":\"Faire Produkte seit 1990\",\"potentialAction\":[{\"@type\":\"SearchAction\",\"target\":{\"@type\":\"EntryPoint\",\"urlTemplate\":\"https:\/\/weltlaeden.de\/weltladenteltow\/?s={search_term_string}\"},\"query-input\":{\"@type\":\"PropertyValueSpecification\",\"valueRequired\":true,\"valueName\":\"search_term_string\"}}],\"inLanguage\":\"de\"}]}<\/script>\n<!-- \/ Yoast SEO plugin. -->","yoast_head_json":{"title":"\u00dcber uns - Weltladen Teltow","robots":{"index":"index","follow":"follow","max-snippet":"max-snippet:-1","max-image-preview":"max-image-preview:large","max-video-preview":"max-video-preview:-1"},"canonical":"https:\/\/weltlaeden.de\/weltladenteltow\/ueber-uns\/","og_locale":"de_DE","og_type":"article","og_title":"\u00dcber uns - Weltladen Teltow","og_description":"[vc_row][vc_column][vc_empty_space][vc_column_text] \u00dcber den Weltladen in Teltow [\/vc_column_text][vc_column_text]Weltladen in Teltow &#8211;\u00a0&#8222;Eine-Welt-Angebot&#8220;\u00a0 &#8222;Fairer Handel&#8220; &#8211;\u00a0Zeichen einer partnerschaftlichen Handelsbeziehung mit KleinproduzentInnen rund um den Globus &#8211; zu finden in den rund 700 Weltl\u00e4den in Deutschland, in etwa 2.500 L\u00e4den Europas\u00a0 und in einigen tausend Aktionsgruppen &#8211; seit vielen Jahren auch in Teltow. Im Fairen Handel stehen die Menschen&hellip;","og_url":"https:\/\/weltlaeden.de\/weltladenteltow\/ueber-uns\/","og_site_name":"Weltladen Teltow","article_modified_time":"2021-09-07T22:45:24+00:00","og_image":[{"width":130,"height":131,"url":"https:\/\/weltlaeden.de\/weltladenteltow\/wp-content\/uploads\/sites\/72\/2019\/02\/Banner-130x131Koronaabstand.png","type":"image\/png"}],"twitter_card":"summary_large_image","twitter_misc":{"Gesch\u00e4tzte Lesezeit":"3\u00a0Minuten"},"schema":{"@context":"https:\/\/schema.org","@graph":[{"@type":"WebPage","@id":"https:\/\/weltlaeden.de\/weltladenteltow\/ueber-uns\/","url":"https:\/\/weltlaeden.de\/weltladenteltow\/ueber-uns\/","name":"\u00dcber uns - Weltladen Teltow","isPartOf":{"@id":"https:\/\/weltlaeden.de\/weltladenteltow\/#website"},"primaryImageOfPage":{"@id":"https:\/\/weltlaeden.de\/weltladenteltow\/ueber-uns\/#primaryimage"},"image":{"@id":"https:\/\/weltlaeden.de\/weltladenteltow\/ueber-uns\/#primaryimage"},"thumbnailUrl":"https:\/\/weltlaeden.de\/weltladenteltow\/wp-content\/uploads\/sites\/72\/2019\/02\/Banner-130x131Koronaabstand.png","datePublished":"2016-10-28T11:34:47+00:00","dateModified":"2021-09-07T22:45:24+00:00","breadcrumb":{"@id":"https:\/\/weltlaeden.de\/weltladenteltow\/ueber-uns\/#breadcrumb"},"inLanguage":"de","potentialAction":[{"@type":"ReadAction","target":["https:\/\/weltlaeden.de\/weltladenteltow\/ueber-uns\/"]}]},{"@type":"ImageObject","inLanguage":"de","@id":"https:\/\/weltlaeden.de\/weltladenteltow\/ueber-uns\/#primaryimage","url":"https:\/\/weltlaeden.de\/weltladenteltow\/wp-content\/uploads\/sites\/72\/2019\/02\/Banner-130x131Koronaabstand.png","contentUrl":"https:\/\/weltlaeden.de\/weltladenteltow\/wp-content\/uploads\/sites\/72\/2019\/02\/Banner-130x131Koronaabstand.png","width":130,"height":131},{"@type":"BreadcrumbList","@id":"https:\/\/weltlaeden.de\/weltladenteltow\/ueber-uns\/#breadcrumb","itemListElement":[{"@type":"ListItem","position":1,"name":"Startseite","item":"https:\/\/weltlaeden.de\/weltladenteltow\/"},{"@type":"ListItem","position":2,"name":"\u00dcber uns"}]},{"@type":"WebSite","@id":"https:\/\/weltlaeden.de\/weltladenteltow\/#website","url":"https:\/\/weltlaeden.de\/weltladenteltow\/","name":"Weltladen Teltow","description":"Faire Produkte seit 1990","potentialAction":[{"@type":"SearchAction","target":{"@type":"EntryPoint","urlTemplate":"https:\/\/weltlaeden.de\/weltladenteltow\/?s={search_term_string}"},"query-input":{"@type":"PropertyValueSpecification","valueRequired":true,"valueName":"search_term_string"}}],"inLanguage":"de"}]}},"_links":{"self":[{"href":"https:\/\/weltlaeden.de\/weltladenteltow\/wp-json\/wp\/v2\/pages\/219","targetHints":{"allow":["GET"]}}],"collection":[{"href":"https:\/\/weltlaeden.de\/weltladenteltow\/wp-json\/wp\/v2\/pages"}],"about":[{"href":"https:\/\/weltlaeden.de\/weltladenteltow\/wp-json\/wp\/v2\/types\/page"}],"author":[{"embeddable":true,"href":"https:\/\/weltlaeden.de\/weltladenteltow\/wp-json\/wp\/v2\/users\/1"}],"replies":[{"embeddable":true,"href":"https:\/\/weltlaeden.de\/weltladenteltow\/wp-json\/wp\/v2\/comments?post=219"}],"version-history":[{"count":22,"href":"https:\/\/weltlaeden.de\/weltladenteltow\/wp-json\/wp\/v2\/pages\/219\/revisions"}],"predecessor-version":[{"id":1021,"href":"https:\/\/weltlaeden.de\/weltladenteltow\/wp-json\/wp\/v2\/pages\/219\/revisions\/1021"}],"wp:featuredmedia":[{"embeddable":true,"href":"https:\/\/weltlaeden.de\/weltladenteltow\/wp-json\/wp\/v2\/media\/413"}],"wp:attachment":[{"href":"https:\/\/weltlaeden.de\/weltladenteltow\/wp-json\/wp\/v2\/media?parent=219"}],"curies":[{"name":"wp","href":"https:\/\/api.w.org\/{rel}","templated":true}]}}