{"id":20,"date":"2016-10-14T09:05:21","date_gmt":"2016-10-14T07:05:21","guid":{"rendered":"https:\/\/wl.heimpixel.de\/vorlage\/weltladen-musterdorf\/"},"modified":"2026-04-28T13:06:05","modified_gmt":"2026-04-28T11:06:05","slug":"weltladen-musterdorf","status":"publish","type":"page","link":"https:\/\/weltlaeden.de\/weltladenteltow\/","title":{"rendered":"Weltladen Teltow &#8222;Eine-Welt-Angebot&#8220;"},"content":{"rendered":"<div class=\"wpb-content-wrapper\"><p>[vc_row animation=&#8220;pulse&#8220;][vc_column][vc_column_text css_animation=&#8220;none&#8220; css=&#8220;&#8220;]<\/p>\n<h2 style=\"text-align: center\">Willkommen im Weltladen Teltow<\/h2>\n<h2 style=\"text-align: center\">&#8222;Eine-Welt-Angebot&#8220;<\/h2>\n<p>&nbsp;<\/p>\n<p>[\/vc_column_text][\/vc_column][\/vc_row][vc_row][vc_column][vc_separator color=&#8220;orange&#8220; border_width=&#8220;3&#8243; css=&#8220;&#8220;][\/vc_column][\/vc_row][vc_row][vc_column width=&#8220;1\/4&#8243;][vc_single_image image=&#8220;1856&#8243; img_size=&#8220;large&#8220; css=&#8220;&#8220;][\/vc_column][vc_column width=&#8220;3\/4&#8243;][vc_column_text css=&#8220;&#8220;]<img loading=\"lazy\" decoding=\"async\" class=\"alignnone wp-image-1854 size-large\" src=\"https:\/\/weltlaeden.de\/weltladenteltow\/wp-content\/uploads\/sites\/72\/2026\/04\/2604_WLTag_Einladung_S2-1024x724.png\" alt=\"\" width=\"1024\" height=\"724\" srcset=\"https:\/\/weltlaeden.de\/weltladenteltow\/wp-content\/uploads\/sites\/72\/2026\/04\/2604_WLTag_Einladung_S2-1024x724.png 1024w, https:\/\/weltlaeden.de\/weltladenteltow\/wp-content\/uploads\/sites\/72\/2026\/04\/2604_WLTag_Einladung_S2-300x212.png 300w, https:\/\/weltlaeden.de\/weltladenteltow\/wp-content\/uploads\/sites\/72\/2026\/04\/2604_WLTag_Einladung_S2-768x543.png 768w, https:\/\/weltlaeden.de\/weltladenteltow\/wp-content\/uploads\/sites\/72\/2026\/04\/2604_WLTag_Einladung_S2-1536x1086.png 1536w, https:\/\/weltlaeden.de\/weltladenteltow\/wp-content\/uploads\/sites\/72\/2026\/04\/2604_WLTag_Einladung_S2.png 2000w\" sizes=\"auto, (max-width: 1024px) 100vw, 1024px\" \/>[\/vc_column_text][\/vc_column][\/vc_row][vc_row][vc_column width=&#8220;1\/4&#8243;][vc_separator color=&#8220;orange&#8220; border_width=&#8220;5&#8243;]<div class=\"wl_einzelbild\"><p><img loading=\"lazy\" decoding=\"async\" class=\"aligncenter\" src=\"https:\/\/www.weltladen.de\/site\/assets\/files\/44678\/39_fairtont__headerbild_website_3000x2000.480x0.png\" alt=\"\" width=\"480\" height=\"320\" \/><\/p><\/div>[\/vc_column][vc_column width=&#8220;3\/4&#8243;][vc_separator color=&#8220;orange&#8220; border_width=&#8220;5&#8243;][vc_column_text css=&#8220;&#8220;]<\/p>\n<h1 style=\"text-align: center\"><a href=\"https:\/\/www.weltladen.de\/ueber-weltlaeden\/fairtont\/39-ehrenamt\/\"><strong><span style=\"color: #ff9900\"> Ehrenamt &amp; Engagment im Weltladen &#8211; wieso, weshalb, warum?<\/span><\/strong><\/a><\/h1>\n<p style=\"text-align: center\"><a href=\"https:\/\/www.weltladen.de\/fairtont\"><strong><span style=\"color: #ff9900\">Hier gehts zum Podcast<\/span><\/strong><\/a><\/p>\n<p>[\/vc_column_text][\/vc_column][\/vc_row][vc_row][vc_column][vc_separator color=&#8220;orange&#8220; border_width=&#8220;5&#8243;][vc_column_text]<\/p>\n<h2>Was Sie auf dieser Website finden:<\/h2>\n<p>[\/vc_column_text][vc_empty_space height=&#8220;20px&#8220;][vc_row_inner][vc_column_inner width=&#8220;1\/4&#8243;]<div class=\"wl_einzelbild\"><p><img loading=\"lazy\" decoding=\"async\" class=\"alignleft size-thumbnail wp-image-nsm-3-15\" src=\"https:\/\/weltlaeden.de\/weltladenteltow\/wp-content\/uploads\/sites\/3\/2016\/11\/FairerHandel_ElPuente_Fingerpuppen_EccoExe_Peru-150x150.jpg\" alt=\"\" width=\"150\" height=\"150\" \/><\/p><\/div>[\/vc_column_inner][vc_column_inner width=&#8220;3\/4&#8243;][vc_column_text]<\/p>\n<h3>Fairer Handel<\/h3>\n<p>Was meint Fairer Handel \u00fcberhaupt? Welche Kriterien m\u00fcssen eingehalten werden und wer \u00fcberpr\u00fcft diese? <a href=\"https:\/\/weltlaeden.de\/weltladenteltow\/fairer-handel\/\">Erfahren Sie mehr &#8230;<\/a>[\/vc_column_text][\/vc_column_inner][\/vc_row_inner][vc_separator][vc_row_inner][vc_column_inner width=&#8220;1\/4&#8243;]<div class=\"wl_einzelbild\"><p><img loading=\"lazy\" decoding=\"async\" class=\"alignleft size-full wp-image-nsm-3-28\" src=\"https:\/\/weltlaeden.de\/weltladenteltow\/wp-content\/uploads\/sites\/3\/2018\/05\/Lebensmittel_WL-Bornheim-Christian-Schilling_150x150.jpg\" alt=\"\" width=\"150\" height=\"150\" \/><\/p><\/div>[\/vc_column_inner][vc_column_inner width=&#8220;3\/4&#8243;][vc_column_text]<\/p>\n<h3>Produkte<\/h3>\n<p>Unsere Produkte im Weltladen sind nat\u00fcrlich alle aus Fairem Handel, dennoch kommen sie von unterschiedlichen Fair-Handels-Importeuren. <a href=\"https:\/\/weltlaeden.de\/weltladenteltow\/produkte\/\">Hier zeigen wir Ihnen unser Sortiment &#8230;<\/a>[\/vc_column_text][\/vc_column_inner][\/vc_row_inner][vc_separator][vc_row_inner][vc_column_inner width=&#8220;1\/4&#8243;]<div class=\"wl_einzelbild\"><p><img loading=\"lazy\" decoding=\"async\" class=\"alignleft size-thumbnail wp-image-nsm-3-16\" src=\"https:\/\/weltlaeden.de\/weltladenteltow\/wp-content\/uploads\/sites\/3\/2016\/11\/ElPuente_Kakaobohnen_El-Ceibo_Bolivien-150x150.jpg\" alt=\"\" width=\"150\" height=\"150\" \/><\/p><\/div>[\/vc_column_inner][vc_column_inner width=&#8220;3\/4&#8243;][vc_column_text]<\/p>\n<h3>\u00dcber uns<\/h3>\n<p>Wer wir sind, warum wir uns f\u00fcr Fairen Handel engagieren und wie man bei uns mitmachen kann &#8211; <a href=\"https:\/\/weltlaeden.de\/weltladenteltow\/ueber-uns\/\">hier stellen wir uns vor &#8230;<\/a>[\/vc_column_text][\/vc_column_inner][\/vc_row_inner][vc_separator][vc_row_inner][vc_column_inner width=&#8220;1\/4&#8243;]<div class=\"wl_einzelbild\"><p><img loading=\"lazy\" decoding=\"async\" class=\"alignleft size-full wp-image-nsm-3-35\" src=\"https:\/\/weltlaeden.de\/weltladenteltow\/wp-content\/uploads\/sites\/3\/2018\/08\/pocket-watch-1637396_1920_150x150.png\" alt=\"\" width=\"150\" height=\"150\" \/><\/p><\/div>[\/vc_column_inner][vc_column_inner width=&#8220;1\/4&#8243;][vc_column_text css=&#8220;&#8220;]<\/p>\n<h3 style=\"text-align: left\">Termine<\/h3>\n<h3 style=\"text-align: left\"><\/h3>\n<p>[\/vc_column_text][\/vc_column_inner][vc_column_inner width=&#8220;1\/2&#8243;][vc_column_text css=&#8220;&#8220;]<a href=\"https:\/\/weltlaeden.de\/weltladenteltow\/termin\/weltladentag-09-05-2026\/\"><strong><span style=\"color: #ff9900\">hier mehr<\/span><\/strong><\/a><\/p>\n<p><a href=\"https:\/\/weltlaeden.de\/weltladenteltow\/termin\/weltladentag-09-05-2026\/\"><img loading=\"lazy\" decoding=\"async\" class=\"alignnone size-medium wp-image-1856\" src=\"https:\/\/weltlaeden.de\/weltladenteltow\/wp-content\/uploads\/sites\/72\/2026\/04\/sharepic_banane_mit_wlt_ankuendigungLogo_2700x2700-trans-300x300.png\" alt=\"\" width=\"300\" height=\"300\" srcset=\"https:\/\/weltlaeden.de\/weltladenteltow\/wp-content\/uploads\/sites\/72\/2026\/04\/sharepic_banane_mit_wlt_ankuendigungLogo_2700x2700-trans-300x300.png 300w, https:\/\/weltlaeden.de\/weltladenteltow\/wp-content\/uploads\/sites\/72\/2026\/04\/sharepic_banane_mit_wlt_ankuendigungLogo_2700x2700-trans-1024x1024.png 1024w, https:\/\/weltlaeden.de\/weltladenteltow\/wp-content\/uploads\/sites\/72\/2026\/04\/sharepic_banane_mit_wlt_ankuendigungLogo_2700x2700-trans-150x150.png 150w, https:\/\/weltlaeden.de\/weltladenteltow\/wp-content\/uploads\/sites\/72\/2026\/04\/sharepic_banane_mit_wlt_ankuendigungLogo_2700x2700-trans-768x768.png 768w, https:\/\/weltlaeden.de\/weltladenteltow\/wp-content\/uploads\/sites\/72\/2026\/04\/sharepic_banane_mit_wlt_ankuendigungLogo_2700x2700-trans-1536x1536.png 1536w, https:\/\/weltlaeden.de\/weltladenteltow\/wp-content\/uploads\/sites\/72\/2026\/04\/sharepic_banane_mit_wlt_ankuendigungLogo_2700x2700-trans-2048x2048.png 2048w, https:\/\/weltlaeden.de\/weltladenteltow\/wp-content\/uploads\/sites\/72\/2026\/04\/sharepic_banane_mit_wlt_ankuendigungLogo_2700x2700-trans-600x600.png 600w\" sizes=\"auto, (max-width: 300px) 100vw, 300px\" \/><\/a>[\/vc_column_text][\/vc_column_inner][\/vc_row_inner][vc_separator][vc_empty_space][\/vc_column][\/vc_row][vc_row][vc_column width=&#8220;1\/2&#8243;]<div class=\"wl_einzelbild\"><p><\/p>\n<p>&nbsp;<\/p>\n<p><img loading=\"lazy\" decoding=\"async\" class=\"size-medium wp-image-1627 aligncenter\" src=\"https:\/\/weltlaeden.de\/weltladenteltow\/wp-content\/uploads\/sites\/72\/2024\/09\/240927_Abo1_bearbeitet_Canva_HP-300x300.png\" alt=\"\" width=\"300\" height=\"300\" srcset=\"https:\/\/weltlaeden.de\/weltladenteltow\/wp-content\/uploads\/sites\/72\/2024\/09\/240927_Abo1_bearbeitet_Canva_HP-300x300.png 300w, https:\/\/weltlaeden.de\/weltladenteltow\/wp-content\/uploads\/sites\/72\/2024\/09\/240927_Abo1_bearbeitet_Canva_HP-1024x1024.png 1024w, https:\/\/weltlaeden.de\/weltladenteltow\/wp-content\/uploads\/sites\/72\/2024\/09\/240927_Abo1_bearbeitet_Canva_HP-150x150.png 150w, https:\/\/weltlaeden.de\/weltladenteltow\/wp-content\/uploads\/sites\/72\/2024\/09\/240927_Abo1_bearbeitet_Canva_HP-768x768.png 768w, https:\/\/weltlaeden.de\/weltladenteltow\/wp-content\/uploads\/sites\/72\/2024\/09\/240927_Abo1_bearbeitet_Canva_HP-500x500.png 500w, https:\/\/weltlaeden.de\/weltladenteltow\/wp-content\/uploads\/sites\/72\/2024\/09\/240927_Abo1_bearbeitet_Canva_HP.png 1080w\" sizes=\"auto, (max-width: 300px) 100vw, 300px\" \/><\/p><\/div>[\/vc_column][vc_column width=&#8220;1\/2&#8243;]<div class=\"wl_einzelbild\"><p><\/p>\n<p>&nbsp;<\/p>\n<p><img loading=\"lazy\" decoding=\"async\" class=\"size-medium wp-image-1628 aligncenter\" src=\"https:\/\/weltlaeden.de\/weltladenteltow\/wp-content\/uploads\/sites\/72\/2024\/09\/240927_TextZumAbo_Canva-300x300.png\" alt=\"\" width=\"300\" height=\"300\" srcset=\"https:\/\/weltlaeden.de\/weltladenteltow\/wp-content\/uploads\/sites\/72\/2024\/09\/240927_TextZumAbo_Canva-300x300.png 300w, https:\/\/weltlaeden.de\/weltladenteltow\/wp-content\/uploads\/sites\/72\/2024\/09\/240927_TextZumAbo_Canva-1024x1024.png 1024w, https:\/\/weltlaeden.de\/weltladenteltow\/wp-content\/uploads\/sites\/72\/2024\/09\/240927_TextZumAbo_Canva-150x150.png 150w, https:\/\/weltlaeden.de\/weltladenteltow\/wp-content\/uploads\/sites\/72\/2024\/09\/240927_TextZumAbo_Canva-768x768.png 768w, https:\/\/weltlaeden.de\/weltladenteltow\/wp-content\/uploads\/sites\/72\/2024\/09\/240927_TextZumAbo_Canva-500x500.png 500w, https:\/\/weltlaeden.de\/weltladenteltow\/wp-content\/uploads\/sites\/72\/2024\/09\/240927_TextZumAbo_Canva.png 1080w\" sizes=\"auto, (max-width: 300px) 100vw, 300px\" \/><\/p><\/div>[\/vc_column][\/vc_row][vc_row][vc_column][vc_column_text]<\/p>\n<h2>News<\/h2>\n<p>[\/vc_column_text][\/vc_column][\/vc_row]<\/p>\n<\/div>","protected":false},"excerpt":{"rendered":"<p>[vc_row animation=&#8220;pulse&#8220;][vc_column][vc_column_text css_animation=&#8220;none&#8220; css=&#8220;&#8220;] Willkommen im Weltladen Teltow &#8222;Eine-Welt-Angebot&#8220; &nbsp; [\/vc_column_text][\/vc_column][\/vc_row][vc_row][vc_column][vc_separator color=&#8220;orange&#8220; border_width=&#8220;3&#8243; css=&#8220;&#8220;][\/vc_column][\/vc_row][vc_row][vc_column width=&#8220;1\/4&#8243;][vc_single_image image=&#8220;1856&#8243; img_size=&#8220;large&#8220; css=&#8220;&#8220;][\/vc_column][vc_column width=&#8220;3\/4&#8243;][vc_column_text css=&#8220;&#8220;][\/vc_column_text][\/vc_column][\/vc_row][vc_row][vc_column width=&#8220;1\/4&#8243;][vc_separator color=&#8220;orange&#8220; border_width=&#8220;5&#8243;][\/vc_column][vc_column width=&#8220;3\/4&#8243;][vc_separator color=&#8220;orange&#8220; border_width=&#8220;5&#8243;][vc_column_text css=&#8220;&#8220;] Ehrenamt &amp; Engagment im Weltladen &#8211; wieso, weshalb, warum? Hier gehts zum Podcast [\/vc_column_text][\/vc_column][\/vc_row][vc_row][vc_column][vc_separator color=&#8220;orange&#8220; border_width=&#8220;5&#8243;][vc_column_text] Was Sie auf dieser Website finden: [\/vc_column_text][vc_empty_space height=&#8220;20px&#8220;][vc_row_inner][vc_column_inner width=&#8220;1\/4&#8243;][\/vc_column_inner][vc_column_inner width=&#8220;3\/4&#8243;][vc_column_text] Fairer Handel&hellip;<\/p>\n","protected":false},"author":1,"featured_media":0,"parent":0,"menu_order":0,"comment_status":"closed","ping_status":"closed","template":"","meta":{"footnotes":""},"class_list":["post-20","page","type-page","status-publish","hentry","description-off"],"yoast_head":"<!-- This site is optimized with the Yoast SEO plugin v26.8 - https:\/\/yoast.com\/product\/yoast-seo-wordpress\/ -->\n<title>Weltladen Teltow &quot;Eine-Welt-Angebot&quot; - Weltladen Teltow<\/title>\n<meta name=\"robots\" content=\"index, follow, max-snippet:-1, max-image-preview:large, max-video-preview:-1\" \/>\n<link rel=\"canonical\" href=\"https:\/\/weltlaeden.de\/weltladenteltow\/\" \/>\n<meta property=\"og:locale\" content=\"de_DE\" \/>\n<meta property=\"og:type\" content=\"article\" \/>\n<meta property=\"og:title\" content=\"Weltladen Teltow &quot;Eine-Welt-Angebot&quot; - Weltladen Teltow\" \/>\n<meta property=\"og:description\" content=\"[vc_row animation=&#8220;pulse&#8220;][vc_column][vc_column_text css_animation=&#8220;none&#8220; css=&#8220;&#8220;] Willkommen im Weltladen Teltow &#8222;Eine-Welt-Angebot&#8220; &nbsp; [\/vc_column_text][\/vc_column][\/vc_row][vc_row][vc_column][vc_separator color=&#8220;orange&#8220; border_width=&#8220;3&#8243; css=&#8220;&#8220;][\/vc_column][\/vc_row][vc_row][vc_column width=&#8220;1\/4&#8243;][vc_single_image image=&#8220;1856&#8243; img_size=&#8220;large&#8220; css=&#8220;&#8220;][\/vc_column][vc_column width=&#8220;3\/4&#8243;][vc_column_text css=&#8220;&#8220;][\/vc_column_text][\/vc_column][\/vc_row][vc_row][vc_column width=&#8220;1\/4&#8243;][vc_separator color=&#8220;orange&#8220; border_width=&#8220;5&#8243;][\/vc_column][vc_column width=&#8220;3\/4&#8243;][vc_separator color=&#8220;orange&#8220; border_width=&#8220;5&#8243;][vc_column_text css=&#8220;&#8220;] Ehrenamt &amp; Engagment im Weltladen &#8211; wieso, weshalb, warum? Hier gehts zum Podcast [\/vc_column_text][\/vc_column][\/vc_row][vc_row][vc_column][vc_separator color=&#8220;orange&#8220; border_width=&#8220;5&#8243;][vc_column_text] Was Sie auf dieser Website finden: [\/vc_column_text][vc_empty_space height=&#8220;20px&#8220;][vc_row_inner][vc_column_inner width=&#8220;1\/4&#8243;][\/vc_column_inner][vc_column_inner width=&#8220;3\/4&#8243;][vc_column_text] Fairer Handel&hellip;\" \/>\n<meta property=\"og:url\" content=\"https:\/\/weltlaeden.de\/weltladenteltow\/\" \/>\n<meta property=\"og:site_name\" content=\"Weltladen Teltow\" \/>\n<meta property=\"article:modified_time\" content=\"2026-04-28T11:06:05+00:00\" \/>\n<meta property=\"og:image\" content=\"https:\/\/weltlaeden.de\/weltladenteltow\/wp-content\/uploads\/sites\/72\/2026\/04\/2604_WLTag_Einladung_S2-1024x724.png\" \/>\n<meta name=\"twitter:card\" content=\"summary_large_image\" \/>\n<meta name=\"twitter:label1\" content=\"Gesch\u00e4tzte Lesezeit\" \/>\n\t<meta name=\"twitter:data1\" content=\"3\u00a0Minuten\" \/>\n<script type=\"application\/ld+json\" class=\"yoast-schema-graph\">{\"@context\":\"https:\/\/schema.org\",\"@graph\":[{\"@type\":\"WebPage\",\"@id\":\"https:\/\/weltlaeden.de\/weltladenteltow\/\",\"url\":\"https:\/\/weltlaeden.de\/weltladenteltow\/\",\"name\":\"Weltladen Teltow \\\"Eine-Welt-Angebot\\\" - Weltladen Teltow\",\"isPartOf\":{\"@id\":\"https:\/\/weltlaeden.de\/weltladenteltow\/#website\"},\"primaryImageOfPage\":{\"@id\":\"https:\/\/weltlaeden.de\/weltladenteltow\/#primaryimage\"},\"image\":{\"@id\":\"https:\/\/weltlaeden.de\/weltladenteltow\/#primaryimage\"},\"thumbnailUrl\":\"https:\/\/weltlaeden.de\/weltladenteltow\/wp-content\/uploads\/sites\/72\/2026\/04\/2604_WLTag_Einladung_S2-1024x724.png\",\"datePublished\":\"2016-10-14T07:05:21+00:00\",\"dateModified\":\"2026-04-28T11:06:05+00:00\",\"breadcrumb\":{\"@id\":\"https:\/\/weltlaeden.de\/weltladenteltow\/#breadcrumb\"},\"inLanguage\":\"de\",\"potentialAction\":[{\"@type\":\"ReadAction\",\"target\":[\"https:\/\/weltlaeden.de\/weltladenteltow\/\"]}]},{\"@type\":\"ImageObject\",\"inLanguage\":\"de\",\"@id\":\"https:\/\/weltlaeden.de\/weltladenteltow\/#primaryimage\",\"url\":\"https:\/\/weltlaeden.de\/weltladenteltow\/wp-content\/uploads\/sites\/72\/2026\/04\/2604_WLTag_Einladung_S2.png\",\"contentUrl\":\"https:\/\/weltlaeden.de\/weltladenteltow\/wp-content\/uploads\/sites\/72\/2026\/04\/2604_WLTag_Einladung_S2.png\",\"width\":2000,\"height\":1414},{\"@type\":\"BreadcrumbList\",\"@id\":\"https:\/\/weltlaeden.de\/weltladenteltow\/#breadcrumb\",\"itemListElement\":[{\"@type\":\"ListItem\",\"position\":1,\"name\":\"Startseite\",\"item\":\"https:\/\/weltlaeden.de\/weltladenteltow\/\"},{\"@type\":\"ListItem\",\"position\":2,\"name\":\"Weltladen Teltow &#8222;Eine-Welt-Angebot&#8220;\"}]},{\"@type\":\"WebSite\",\"@id\":\"https:\/\/weltlaeden.de\/weltladenteltow\/#website\",\"url\":\"https:\/\/weltlaeden.de\/weltladenteltow\/\",\"name\":\"Weltladen Teltow\",\"description\":\"Faire Produkte seit 1990\",\"potentialAction\":[{\"@type\":\"SearchAction\",\"target\":{\"@type\":\"EntryPoint\",\"urlTemplate\":\"https:\/\/weltlaeden.de\/weltladenteltow\/?s={search_term_string}\"},\"query-input\":{\"@type\":\"PropertyValueSpecification\",\"valueRequired\":true,\"valueName\":\"search_term_string\"}}],\"inLanguage\":\"de\"}]}<\/script>\n<!-- \/ Yoast SEO plugin. -->","yoast_head_json":{"title":"Weltladen Teltow \"Eine-Welt-Angebot\" - Weltladen Teltow","robots":{"index":"index","follow":"follow","max-snippet":"max-snippet:-1","max-image-preview":"max-image-preview:large","max-video-preview":"max-video-preview:-1"},"canonical":"https:\/\/weltlaeden.de\/weltladenteltow\/","og_locale":"de_DE","og_type":"article","og_title":"Weltladen Teltow \"Eine-Welt-Angebot\" - Weltladen Teltow","og_description":"[vc_row animation=&#8220;pulse&#8220;][vc_column][vc_column_text css_animation=&#8220;none&#8220; css=&#8220;&#8220;] Willkommen im Weltladen Teltow &#8222;Eine-Welt-Angebot&#8220; &nbsp; [\/vc_column_text][\/vc_column][\/vc_row][vc_row][vc_column][vc_separator color=&#8220;orange&#8220; border_width=&#8220;3&#8243; css=&#8220;&#8220;][\/vc_column][\/vc_row][vc_row][vc_column width=&#8220;1\/4&#8243;][vc_single_image image=&#8220;1856&#8243; img_size=&#8220;large&#8220; css=&#8220;&#8220;][\/vc_column][vc_column width=&#8220;3\/4&#8243;][vc_column_text css=&#8220;&#8220;][\/vc_column_text][\/vc_column][\/vc_row][vc_row][vc_column width=&#8220;1\/4&#8243;][vc_separator color=&#8220;orange&#8220; border_width=&#8220;5&#8243;][\/vc_column][vc_column width=&#8220;3\/4&#8243;][vc_separator color=&#8220;orange&#8220; border_width=&#8220;5&#8243;][vc_column_text css=&#8220;&#8220;] Ehrenamt &amp; Engagment im Weltladen &#8211; wieso, weshalb, warum? Hier gehts zum Podcast [\/vc_column_text][\/vc_column][\/vc_row][vc_row][vc_column][vc_separator color=&#8220;orange&#8220; border_width=&#8220;5&#8243;][vc_column_text] Was Sie auf dieser Website finden: [\/vc_column_text][vc_empty_space height=&#8220;20px&#8220;][vc_row_inner][vc_column_inner width=&#8220;1\/4&#8243;][\/vc_column_inner][vc_column_inner width=&#8220;3\/4&#8243;][vc_column_text] Fairer Handel&hellip;","og_url":"https:\/\/weltlaeden.de\/weltladenteltow\/","og_site_name":"Weltladen Teltow","article_modified_time":"2026-04-28T11:06:05+00:00","og_image":[{"url":"https:\/\/weltlaeden.de\/weltladenteltow\/wp-content\/uploads\/sites\/72\/2026\/04\/2604_WLTag_Einladung_S2-1024x724.png","type":"","width":"","height":""}],"twitter_card":"summary_large_image","twitter_misc":{"Gesch\u00e4tzte Lesezeit":"3\u00a0Minuten"},"schema":{"@context":"https:\/\/schema.org","@graph":[{"@type":"WebPage","@id":"https:\/\/weltlaeden.de\/weltladenteltow\/","url":"https:\/\/weltlaeden.de\/weltladenteltow\/","name":"Weltladen Teltow \"Eine-Welt-Angebot\" - Weltladen Teltow","isPartOf":{"@id":"https:\/\/weltlaeden.de\/weltladenteltow\/#website"},"primaryImageOfPage":{"@id":"https:\/\/weltlaeden.de\/weltladenteltow\/#primaryimage"},"image":{"@id":"https:\/\/weltlaeden.de\/weltladenteltow\/#primaryimage"},"thumbnailUrl":"https:\/\/weltlaeden.de\/weltladenteltow\/wp-content\/uploads\/sites\/72\/2026\/04\/2604_WLTag_Einladung_S2-1024x724.png","datePublished":"2016-10-14T07:05:21+00:00","dateModified":"2026-04-28T11:06:05+00:00","breadcrumb":{"@id":"https:\/\/weltlaeden.de\/weltladenteltow\/#breadcrumb"},"inLanguage":"de","potentialAction":[{"@type":"ReadAction","target":["https:\/\/weltlaeden.de\/weltladenteltow\/"]}]},{"@type":"ImageObject","inLanguage":"de","@id":"https:\/\/weltlaeden.de\/weltladenteltow\/#primaryimage","url":"https:\/\/weltlaeden.de\/weltladenteltow\/wp-content\/uploads\/sites\/72\/2026\/04\/2604_WLTag_Einladung_S2.png","contentUrl":"https:\/\/weltlaeden.de\/weltladenteltow\/wp-content\/uploads\/sites\/72\/2026\/04\/2604_WLTag_Einladung_S2.png","width":2000,"height":1414},{"@type":"BreadcrumbList","@id":"https:\/\/weltlaeden.de\/weltladenteltow\/#breadcrumb","itemListElement":[{"@type":"ListItem","position":1,"name":"Startseite","item":"https:\/\/weltlaeden.de\/weltladenteltow\/"},{"@type":"ListItem","position":2,"name":"Weltladen Teltow &#8222;Eine-Welt-Angebot&#8220;"}]},{"@type":"WebSite","@id":"https:\/\/weltlaeden.de\/weltladenteltow\/#website","url":"https:\/\/weltlaeden.de\/weltladenteltow\/","name":"Weltladen Teltow","description":"Faire Produkte seit 1990","potentialAction":[{"@type":"SearchAction","target":{"@type":"EntryPoint","urlTemplate":"https:\/\/weltlaeden.de\/weltladenteltow\/?s={search_term_string}"},"query-input":{"@type":"PropertyValueSpecification","valueRequired":true,"valueName":"search_term_string"}}],"inLanguage":"de"}]}},"_links":{"self":[{"href":"https:\/\/weltlaeden.de\/weltladenteltow\/wp-json\/wp\/v2\/pages\/20","targetHints":{"allow":["GET"]}}],"collection":[{"href":"https:\/\/weltlaeden.de\/weltladenteltow\/wp-json\/wp\/v2\/pages"}],"about":[{"href":"https:\/\/weltlaeden.de\/weltladenteltow\/wp-json\/wp\/v2\/types\/page"}],"author":[{"embeddable":true,"href":"https:\/\/weltlaeden.de\/weltladenteltow\/wp-json\/wp\/v2\/users\/1"}],"replies":[{"embeddable":true,"href":"https:\/\/weltlaeden.de\/weltladenteltow\/wp-json\/wp\/v2\/comments?post=20"}],"version-history":[{"count":403,"href":"https:\/\/weltlaeden.de\/weltladenteltow\/wp-json\/wp\/v2\/pages\/20\/revisions"}],"predecessor-version":[{"id":1861,"href":"https:\/\/weltlaeden.de\/weltladenteltow\/wp-json\/wp\/v2\/pages\/20\/revisions\/1861"}],"wp:attachment":[{"href":"https:\/\/weltlaeden.de\/weltladenteltow\/wp-json\/wp\/v2\/media?parent=20"}],"curies":[{"name":"wp","href":"https:\/\/api.w.org\/{rel}","templated":true}]}}