{"id":217,"date":"2016-10-28T13:34:47","date_gmt":"2016-10-28T11:34:47","guid":{"rendered":"https:\/\/wl.heimpixel.de\/vorlage\/produkte\/"},"modified":"2025-04-14T15:32:53","modified_gmt":"2025-04-14T13:32:53","slug":"produkte","status":"publish","type":"page","link":"https:\/\/weltlaeden.de\/weltladen-zeichen-der-zeit\/produkte\/","title":{"rendered":"Was gibt es bei uns?"},"content":{"rendered":"<div class=\"wpb-content-wrapper\"><p>[vc_row][vc_column]<div class=\"wl_einzelbild\"><p><img loading=\"lazy\" decoding=\"async\" class=\"alignnone wp-image-1558 size-medium\" src=\"https:\/\/weltlaeden.de\/weltladen-zeichen-der-zeit\/wp-content\/uploads\/sites\/102\/2025\/03\/Schaufenster-Modeschmuck-225x300.jpg\" alt=\"\" width=\"225\" height=\"300\" srcset=\"https:\/\/weltlaeden.de\/weltladen-zeichen-der-zeit\/wp-content\/uploads\/sites\/102\/2025\/03\/Schaufenster-Modeschmuck-225x300.jpg 225w, https:\/\/weltlaeden.de\/weltladen-zeichen-der-zeit\/wp-content\/uploads\/sites\/102\/2025\/03\/Schaufenster-Modeschmuck-768x1024.jpg 768w, https:\/\/weltlaeden.de\/weltladen-zeichen-der-zeit\/wp-content\/uploads\/sites\/102\/2025\/03\/Schaufenster-Modeschmuck-1152x1536.jpg 1152w, https:\/\/weltlaeden.de\/weltladen-zeichen-der-zeit\/wp-content\/uploads\/sites\/102\/2025\/03\/Schaufenster-Modeschmuck.jpg 1536w\" sizes=\"auto, (max-width: 225px) 100vw, 225px\" \/><\/p><\/div>[vc_empty_space][vc_column_text css=&#8220;&#8220;]<\/p>\n<h1>Das kannst du bei uns kaufen<\/h1>\n<p>[\/vc_column_text][vc_empty_space][vc_row_inner][vc_column_inner width=&#8220;1\/2&#8243;][vc_column_text css=&#8220;&#8220;]<\/p>\n<h2>Leckeres f\u00fcr Dich zum Naschen und Kochen<\/h2>\n<p>[\/vc_column_text]<div class=\"wl_einzelbild\"><p><img loading=\"lazy\" decoding=\"async\" class=\"alignnone size-full wp-image-1526\" src=\"https:\/\/weltlaeden.de\/weltladen-zeichen-der-zeit\/wp-content\/uploads\/sites\/102\/2025\/02\/23.-Oktober-2024-Zeichenderzeit-6-scaled.jpg\" alt=\"\" width=\"2560\" height=\"1093\" srcset=\"https:\/\/weltlaeden.de\/weltladen-zeichen-der-zeit\/wp-content\/uploads\/sites\/102\/2025\/02\/23.-Oktober-2024-Zeichenderzeit-6-scaled.jpg 2560w, https:\/\/weltlaeden.de\/weltladen-zeichen-der-zeit\/wp-content\/uploads\/sites\/102\/2025\/02\/23.-Oktober-2024-Zeichenderzeit-6-300x128.jpg 300w, https:\/\/weltlaeden.de\/weltladen-zeichen-der-zeit\/wp-content\/uploads\/sites\/102\/2025\/02\/23.-Oktober-2024-Zeichenderzeit-6-1024x437.jpg 1024w, https:\/\/weltlaeden.de\/weltladen-zeichen-der-zeit\/wp-content\/uploads\/sites\/102\/2025\/02\/23.-Oktober-2024-Zeichenderzeit-6-768x328.jpg 768w, https:\/\/weltlaeden.de\/weltladen-zeichen-der-zeit\/wp-content\/uploads\/sites\/102\/2025\/02\/23.-Oktober-2024-Zeichenderzeit-6-1536x656.jpg 1536w, https:\/\/weltlaeden.de\/weltladen-zeichen-der-zeit\/wp-content\/uploads\/sites\/102\/2025\/02\/23.-Oktober-2024-Zeichenderzeit-6-2048x875.jpg 2048w\" sizes=\"auto, (max-width: 2560px) 100vw, 2560px\" \/><\/p><\/div>[vc_column_text css=&#8220;&#8220;]<\/p>\n<p>Wir haben ein besonders ausgefallenes <a href=\"https:\/\/weltlaeden.de\/weltladen-zeichen-der-zeit\/lebensmittel\/\">Lebensmittel Sortiment<\/a>. Du findest hier, was du sonst nirgends kriegst.<\/p>\n<p>Unser Kaffee kommt oft von kleinen Produzenten und speziellen R\u00f6stern.<br \/>\nUnser Schokolade kommt von Gepa, Fair Afric, Zotter und dem Regenwaldladen.<br \/>\nTee haben wir u.a. direkt aus Tansania von Kasi Yetu, und tolle Bergkr\u00e4uter aus \u00d6sterreich.<br \/>\nBesonders ist, dass viele Produkte im Land selbst veredelt und abgepackt werden &#8211; so bleibt der Mehrwert bei den Produzenten im Land.<\/p>\n<p>Au\u00dferdem findest du bei uns:<\/p>\n<ul>\n<li>Riegel und salzige Snacks, auch vegan<\/li>\n<li>Confiserie wie Pralinen und Tr\u00fcffel<\/li>\n<li>tolle scharfe Saucen<\/li>\n<li>ein umfangreiches Gew\u00fcrzangebot<\/li>\n<li>Weine aus S\u00fcdafrika, Chile, Italien, aber auch Deutschland<\/li>\n<li>bunten Reis, Bohnen, Couscous, Bulghur, Frehkeh, Quinua,<\/li>\n<li>Mascobadozucker<\/li>\n<li>vegane Bolo, Carbonara, Currys<\/li>\n<li>leckere Schoko- und Nussaufstriche und Zitrusmarmeladen<\/li>\n<\/ul>\n<p>[\/vc_column_text][\/vc_column_inner][vc_column_inner width=&#8220;1\/2&#8243;][vc_column_text css=&#8220;&#8220;]<\/p>\n<h2>Sch\u00f6nes f\u00fcr Dich und dein Zuhause<\/h2>\n<p>[\/vc_column_text]<div class=\"wl_einzelbild\"><p><img loading=\"lazy\" decoding=\"async\" class=\"alignnone size-full wp-image-1505\" src=\"https:\/\/weltlaeden.de\/weltladen-zeichen-der-zeit\/wp-content\/uploads\/sites\/102\/2024\/11\/202411-Header-scaled-e1739990517793.jpg\" alt=\"\" width=\"1810\" height=\"1260\" srcset=\"https:\/\/weltlaeden.de\/weltladen-zeichen-der-zeit\/wp-content\/uploads\/sites\/102\/2024\/11\/202411-Header-scaled-e1739990517793.jpg 1810w, https:\/\/weltlaeden.de\/weltladen-zeichen-der-zeit\/wp-content\/uploads\/sites\/102\/2024\/11\/202411-Header-scaled-e1739990517793-300x209.jpg 300w, https:\/\/weltlaeden.de\/weltladen-zeichen-der-zeit\/wp-content\/uploads\/sites\/102\/2024\/11\/202411-Header-scaled-e1739990517793-1024x713.jpg 1024w, https:\/\/weltlaeden.de\/weltladen-zeichen-der-zeit\/wp-content\/uploads\/sites\/102\/2024\/11\/202411-Header-scaled-e1739990517793-768x535.jpg 768w, https:\/\/weltlaeden.de\/weltladen-zeichen-der-zeit\/wp-content\/uploads\/sites\/102\/2024\/11\/202411-Header-scaled-e1739990517793-1536x1069.jpg 1536w\" sizes=\"auto, (max-width: 1810px) 100vw, 1810px\" \/><\/p><\/div>[vc_column_text css=&#8220;&#8220;]Unser <a href=\"https:\/\/weltlaeden.de\/weltladen-zeichen-der-zeit\/kunsthandwerk\/\">Handwerkssortiment <\/a> bietet viel f\u00fcr dich und die Deinen. Wenn du ein Geschenk suchst, bist Du bei uns richtig. Zu Weihnachten und zu Ostern haben wir die passende Dekoration, die du sonst nirgends findest. Wenn du deine Basis-Garderobe erg\u00e4nzen willst, auch. Fehlt dir was in der Wohnung? Schau erst mal bei uns. Willst du verreisen? Wir haben die n\u00f6tigen Utensilien.<br \/>\nZum Beispiel:<\/p>\n<ul>\n<li>aktuellen Schmuck in neuen Trends<\/li>\n<li>Taschen und Rucks\u00e4cke von TicketToTheMoon<\/li>\n<li>sch\u00f6ne T\u00fccher &amp; und Schals<\/li>\n<li>Kissen und Decken f\u00fcr dein Sofa<\/li>\n<li>T-Shirts, Hoodies, Socken, Unterw\u00e4sche von Comazo<\/li>\n<li>Notizb\u00fccher, Geschenktaschen und -Papier<\/li>\n<li>Geschirrhandt\u00fccher und alles f\u00fcr die K\u00fcche<\/li>\n<li>W\u00e4rmflaschen, K\u00fcchen- und Gartenhandschuhe, Frisbees aus Naturkautschuk<\/li>\n<li>Tassen, Gl\u00e4ser und schicke Vasen<\/li>\n<li>Prinzessinen-Ecke mit Kleinigkeiten f\u00fcr die Kids<\/li>\n<li>Fu\u00dfb\u00e4lle von BadBoyz Ballfabrik<\/li>\n<li>Kerzen, Kerzen, Kerzen aus Indonesien und S\u00fcdafrika<\/li>\n<\/ul>\n<p>[\/vc_column_text][\/vc_column_inner][\/vc_row_inner][vc_empty_space][\/vc_column][\/vc_row][vc_row][vc_column width=&#8220;1\/3&#8243;][\/vc_column][vc_column width=&#8220;1\/3&#8243;][\/vc_column][vc_column width=&#8220;1\/3&#8243;][\/vc_column][\/vc_row]<\/p>\n<\/div>","protected":false},"excerpt":{"rendered":"<p>[vc_row][vc_column][vc_empty_space][vc_column_text css=&#8220;&#8220;] Das kannst du bei uns kaufen [\/vc_column_text][vc_empty_space][vc_row_inner][vc_column_inner width=&#8220;1\/2&#8243;][vc_column_text css=&#8220;&#8220;] Leckeres f\u00fcr Dich zum Naschen und Kochen [\/vc_column_text][vc_column_text css=&#8220;&#8220;] Wir haben ein besonders ausgefallenes Lebensmittel Sortiment. Du findest hier, was du sonst nirgends kriegst. Unser Kaffee kommt oft von kleinen Produzenten und speziellen R\u00f6stern. Unser Schokolade kommt von Gepa, Fair Afric, Zotter und dem&hellip;<\/p>\n","protected":false},"author":1,"featured_media":0,"parent":0,"menu_order":11,"comment_status":"closed","ping_status":"closed","template":"","meta":{"footnotes":""},"class_list":["post-217","page","type-page","status-publish","hentry","description-off"],"yoast_head":"<!-- This site is optimized with the Yoast SEO plugin v26.8 - https:\/\/yoast.com\/product\/yoast-seo-wordpress\/ -->\n<title>Was gibt es bei uns? - Weltladen ZeichenDerZeit<\/title>\n<meta name=\"robots\" content=\"index, follow, max-snippet:-1, max-image-preview:large, max-video-preview:-1\" \/>\n<link rel=\"canonical\" href=\"https:\/\/weltlaeden.de\/weltladen-zeichen-der-zeit\/produkte\/\" \/>\n<meta property=\"og:locale\" content=\"de_DE\" \/>\n<meta property=\"og:type\" content=\"article\" \/>\n<meta property=\"og:title\" content=\"Was gibt es bei uns? - Weltladen ZeichenDerZeit\" \/>\n<meta property=\"og:description\" content=\"[vc_row][vc_column][vc_empty_space][vc_column_text css=&#8220;&#8220;] Das kannst du bei uns kaufen [\/vc_column_text][vc_empty_space][vc_row_inner][vc_column_inner width=&#8220;1\/2&#8243;][vc_column_text css=&#8220;&#8220;] Leckeres f\u00fcr Dich zum Naschen und Kochen [\/vc_column_text][vc_column_text css=&#8220;&#8220;] Wir haben ein besonders ausgefallenes Lebensmittel Sortiment. Du findest hier, was du sonst nirgends kriegst. Unser Kaffee kommt oft von kleinen Produzenten und speziellen R\u00f6stern. Unser Schokolade kommt von Gepa, Fair Afric, Zotter und dem&hellip;\" \/>\n<meta property=\"og:url\" content=\"https:\/\/weltlaeden.de\/weltladen-zeichen-der-zeit\/produkte\/\" \/>\n<meta property=\"og:site_name\" content=\"Weltladen ZeichenDerZeit\" \/>\n<meta property=\"article:modified_time\" content=\"2025-04-14T13:32:53+00:00\" \/>\n<meta property=\"og:image\" content=\"https:\/\/weltlaeden.de\/weltladen-zeichen-der-zeit\/wp-content\/uploads\/sites\/102\/2025\/03\/Schaufenster-Modeschmuck.jpg\" \/>\n\t<meta property=\"og:image:width\" content=\"1536\" \/>\n\t<meta property=\"og:image:height\" content=\"2048\" \/>\n\t<meta property=\"og:image:type\" content=\"image\/jpeg\" \/>\n<meta name=\"twitter:card\" content=\"summary_large_image\" \/>\n<meta name=\"twitter:label1\" content=\"Gesch\u00e4tzte Lesezeit\" \/>\n\t<meta name=\"twitter:data1\" content=\"3\u00a0Minuten\" \/>\n<script type=\"application\/ld+json\" class=\"yoast-schema-graph\">{\"@context\":\"https:\/\/schema.org\",\"@graph\":[{\"@type\":\"WebPage\",\"@id\":\"https:\/\/weltlaeden.de\/weltladen-zeichen-der-zeit\/produkte\/\",\"url\":\"https:\/\/weltlaeden.de\/weltladen-zeichen-der-zeit\/produkte\/\",\"name\":\"Was gibt es bei uns? - Weltladen ZeichenDerZeit\",\"isPartOf\":{\"@id\":\"https:\/\/weltlaeden.de\/weltladen-zeichen-der-zeit\/#website\"},\"primaryImageOfPage\":{\"@id\":\"https:\/\/weltlaeden.de\/weltladen-zeichen-der-zeit\/produkte\/#primaryimage\"},\"image\":{\"@id\":\"https:\/\/weltlaeden.de\/weltladen-zeichen-der-zeit\/produkte\/#primaryimage\"},\"thumbnailUrl\":\"https:\/\/weltlaeden.de\/weltladen-zeichen-der-zeit\/wp-content\/uploads\/sites\/102\/2025\/03\/Schaufenster-Modeschmuck-225x300.jpg\",\"datePublished\":\"2016-10-28T11:34:47+00:00\",\"dateModified\":\"2025-04-14T13:32:53+00:00\",\"breadcrumb\":{\"@id\":\"https:\/\/weltlaeden.de\/weltladen-zeichen-der-zeit\/produkte\/#breadcrumb\"},\"inLanguage\":\"de\",\"potentialAction\":[{\"@type\":\"ReadAction\",\"target\":[\"https:\/\/weltlaeden.de\/weltladen-zeichen-der-zeit\/produkte\/\"]}]},{\"@type\":\"ImageObject\",\"inLanguage\":\"de\",\"@id\":\"https:\/\/weltlaeden.de\/weltladen-zeichen-der-zeit\/produkte\/#primaryimage\",\"url\":\"https:\/\/weltlaeden.de\/weltladen-zeichen-der-zeit\/wp-content\/uploads\/sites\/102\/2025\/03\/Schaufenster-Modeschmuck.jpg\",\"contentUrl\":\"https:\/\/weltlaeden.de\/weltladen-zeichen-der-zeit\/wp-content\/uploads\/sites\/102\/2025\/03\/Schaufenster-Modeschmuck.jpg\",\"width\":1536,\"height\":2048},{\"@type\":\"BreadcrumbList\",\"@id\":\"https:\/\/weltlaeden.de\/weltladen-zeichen-der-zeit\/produkte\/#breadcrumb\",\"itemListElement\":[{\"@type\":\"ListItem\",\"position\":1,\"name\":\"Startseite\",\"item\":\"https:\/\/weltlaeden.de\/weltladen-zeichen-der-zeit\/\"},{\"@type\":\"ListItem\",\"position\":2,\"name\":\"Was gibt es bei uns?\"}]},{\"@type\":\"WebSite\",\"@id\":\"https:\/\/weltlaeden.de\/weltladen-zeichen-der-zeit\/#website\",\"url\":\"https:\/\/weltlaeden.de\/weltladen-zeichen-der-zeit\/\",\"name\":\"Weltladen ZeichenDerZeit\",\"description\":\"Faire Produkte seit 1990\",\"potentialAction\":[{\"@type\":\"SearchAction\",\"target\":{\"@type\":\"EntryPoint\",\"urlTemplate\":\"https:\/\/weltlaeden.de\/weltladen-zeichen-der-zeit\/?s={search_term_string}\"},\"query-input\":{\"@type\":\"PropertyValueSpecification\",\"valueRequired\":true,\"valueName\":\"search_term_string\"}}],\"inLanguage\":\"de\"}]}<\/script>\n<!-- \/ Yoast SEO plugin. -->","yoast_head_json":{"title":"Was gibt es bei uns? - Weltladen ZeichenDerZeit","robots":{"index":"index","follow":"follow","max-snippet":"max-snippet:-1","max-image-preview":"max-image-preview:large","max-video-preview":"max-video-preview:-1"},"canonical":"https:\/\/weltlaeden.de\/weltladen-zeichen-der-zeit\/produkte\/","og_locale":"de_DE","og_type":"article","og_title":"Was gibt es bei uns? - Weltladen ZeichenDerZeit","og_description":"[vc_row][vc_column][vc_empty_space][vc_column_text css=&#8220;&#8220;] Das kannst du bei uns kaufen [\/vc_column_text][vc_empty_space][vc_row_inner][vc_column_inner width=&#8220;1\/2&#8243;][vc_column_text css=&#8220;&#8220;] Leckeres f\u00fcr Dich zum Naschen und Kochen [\/vc_column_text][vc_column_text css=&#8220;&#8220;] Wir haben ein besonders ausgefallenes Lebensmittel Sortiment. Du findest hier, was du sonst nirgends kriegst. Unser Kaffee kommt oft von kleinen Produzenten und speziellen R\u00f6stern. Unser Schokolade kommt von Gepa, Fair Afric, Zotter und dem&hellip;","og_url":"https:\/\/weltlaeden.de\/weltladen-zeichen-der-zeit\/produkte\/","og_site_name":"Weltladen ZeichenDerZeit","article_modified_time":"2025-04-14T13:32:53+00:00","og_image":[{"width":1536,"height":2048,"url":"https:\/\/weltlaeden.de\/weltladen-zeichen-der-zeit\/wp-content\/uploads\/sites\/102\/2025\/03\/Schaufenster-Modeschmuck.jpg","type":"image\/jpeg"}],"twitter_card":"summary_large_image","twitter_misc":{"Gesch\u00e4tzte Lesezeit":"3\u00a0Minuten"},"schema":{"@context":"https:\/\/schema.org","@graph":[{"@type":"WebPage","@id":"https:\/\/weltlaeden.de\/weltladen-zeichen-der-zeit\/produkte\/","url":"https:\/\/weltlaeden.de\/weltladen-zeichen-der-zeit\/produkte\/","name":"Was gibt es bei uns? - Weltladen ZeichenDerZeit","isPartOf":{"@id":"https:\/\/weltlaeden.de\/weltladen-zeichen-der-zeit\/#website"},"primaryImageOfPage":{"@id":"https:\/\/weltlaeden.de\/weltladen-zeichen-der-zeit\/produkte\/#primaryimage"},"image":{"@id":"https:\/\/weltlaeden.de\/weltladen-zeichen-der-zeit\/produkte\/#primaryimage"},"thumbnailUrl":"https:\/\/weltlaeden.de\/weltladen-zeichen-der-zeit\/wp-content\/uploads\/sites\/102\/2025\/03\/Schaufenster-Modeschmuck-225x300.jpg","datePublished":"2016-10-28T11:34:47+00:00","dateModified":"2025-04-14T13:32:53+00:00","breadcrumb":{"@id":"https:\/\/weltlaeden.de\/weltladen-zeichen-der-zeit\/produkte\/#breadcrumb"},"inLanguage":"de","potentialAction":[{"@type":"ReadAction","target":["https:\/\/weltlaeden.de\/weltladen-zeichen-der-zeit\/produkte\/"]}]},{"@type":"ImageObject","inLanguage":"de","@id":"https:\/\/weltlaeden.de\/weltladen-zeichen-der-zeit\/produkte\/#primaryimage","url":"https:\/\/weltlaeden.de\/weltladen-zeichen-der-zeit\/wp-content\/uploads\/sites\/102\/2025\/03\/Schaufenster-Modeschmuck.jpg","contentUrl":"https:\/\/weltlaeden.de\/weltladen-zeichen-der-zeit\/wp-content\/uploads\/sites\/102\/2025\/03\/Schaufenster-Modeschmuck.jpg","width":1536,"height":2048},{"@type":"BreadcrumbList","@id":"https:\/\/weltlaeden.de\/weltladen-zeichen-der-zeit\/produkte\/#breadcrumb","itemListElement":[{"@type":"ListItem","position":1,"name":"Startseite","item":"https:\/\/weltlaeden.de\/weltladen-zeichen-der-zeit\/"},{"@type":"ListItem","position":2,"name":"Was gibt es bei uns?"}]},{"@type":"WebSite","@id":"https:\/\/weltlaeden.de\/weltladen-zeichen-der-zeit\/#website","url":"https:\/\/weltlaeden.de\/weltladen-zeichen-der-zeit\/","name":"Weltladen ZeichenDerZeit","description":"Faire Produkte seit 1990","potentialAction":[{"@type":"SearchAction","target":{"@type":"EntryPoint","urlTemplate":"https:\/\/weltlaeden.de\/weltladen-zeichen-der-zeit\/?s={search_term_string}"},"query-input":{"@type":"PropertyValueSpecification","valueRequired":true,"valueName":"search_term_string"}}],"inLanguage":"de"}]}},"_links":{"self":[{"href":"https:\/\/weltlaeden.de\/weltladen-zeichen-der-zeit\/wp-json\/wp\/v2\/pages\/217","targetHints":{"allow":["GET"]}}],"collection":[{"href":"https:\/\/weltlaeden.de\/weltladen-zeichen-der-zeit\/wp-json\/wp\/v2\/pages"}],"about":[{"href":"https:\/\/weltlaeden.de\/weltladen-zeichen-der-zeit\/wp-json\/wp\/v2\/types\/page"}],"author":[{"embeddable":true,"href":"https:\/\/weltlaeden.de\/weltladen-zeichen-der-zeit\/wp-json\/wp\/v2\/users\/1"}],"replies":[{"embeddable":true,"href":"https:\/\/weltlaeden.de\/weltladen-zeichen-der-zeit\/wp-json\/wp\/v2\/comments?post=217"}],"version-history":[{"count":36,"href":"https:\/\/weltlaeden.de\/weltladen-zeichen-der-zeit\/wp-json\/wp\/v2\/pages\/217\/revisions"}],"predecessor-version":[{"id":1603,"href":"https:\/\/weltlaeden.de\/weltladen-zeichen-der-zeit\/wp-json\/wp\/v2\/pages\/217\/revisions\/1603"}],"wp:attachment":[{"href":"https:\/\/weltlaeden.de\/weltladen-zeichen-der-zeit\/wp-json\/wp\/v2\/media?parent=217"}],"curies":[{"name":"wp","href":"https:\/\/api.w.org\/{rel}","templated":true}]}}