{"id":592,"date":"2020-10-21T10:41:34","date_gmt":"2020-10-21T08:41:34","guid":{"rendered":"https:\/\/weltlaeden.de\/weissenhorn\/?page_id=592"},"modified":"2020-10-28T11:09:16","modified_gmt":"2020-10-28T10:09:16","slug":"neuigkeiten-2","status":"publish","type":"page","link":"https:\/\/weltlaeden.de\/weissenhorn\/neuigkeiten-2\/","title":{"rendered":"Neuigkeiten"},"content":{"rendered":"<div class=\"wpb-content-wrapper\"><p>[vc_row][vc_column]<style type=\"text\/css\" data-type=\"the7_shortcodes-inline-css\">.blog-shortcode.blog-masonry-shortcode-id-9664bf0d64dac7f9b325daa85b2cd753.dividers-on.classic-layout-list article {\n  padding-top: 0;\n}\n.blog-shortcode.blog-masonry-shortcode-id-9664bf0d64dac7f9b325daa85b2cd753.dividers-on.classic-layout-list article:first-of-type {\n  margin-top: 0;\n  padding-top: 0;\n}\n.blog-shortcode.blog-masonry-shortcode-id-9664bf0d64dac7f9b325daa85b2cd753.classic-layout-list.mode-list .post-entry-content {\n  width: calc(100% - );\n}\n.blog-shortcode.blog-masonry-shortcode-id-9664bf0d64dac7f9b325daa85b2cd753.classic-layout-list.mode-list .no-img .post-entry-content {\n  width: 100%;\n}\n.blog-shortcode.blog-masonry-shortcode-id-9664bf0d64dac7f9b325daa85b2cd753 .filter-bg-decoration .filter-categories a.act {\n  color: #fff;\n}\n.blog-shortcode.blog-masonry-shortcode-id-9664bf0d64dac7f9b325daa85b2cd753:not(.mode-masonry) article:first-of-type,\n.blog-shortcode.blog-masonry-shortcode-id-9664bf0d64dac7f9b325daa85b2cd753:not(.mode-masonry) article.visible.first:not(.product) {\n  margin-top: 0;\n}\n.blog-shortcode.blog-masonry-shortcode-id-9664bf0d64dac7f9b325daa85b2cd753.dividers-on:not(.mode-masonry) article {\n  margin-top: 0;\n}\n.blog-shortcode.blog-masonry-shortcode-id-9664bf0d64dac7f9b325daa85b2cd753.dividers-on:not(.mode-masonry) article:first-of-type,\n.blog-shortcode.blog-masonry-shortcode-id-9664bf0d64dac7f9b325daa85b2cd753.dividers-on:not(.mode-masonry) article.visible.first:not(.product) {\n  margin-top: 0;\n  padding-top: 0;\n}\n.blog-shortcode.blog-masonry-shortcode-id-9664bf0d64dac7f9b325daa85b2cd753 .post-thumbnail-wrap {\n  padding: 0px 0px 0px 0px;\n}\n.blog-shortcode.blog-masonry-shortcode-id-9664bf0d64dac7f9b325daa85b2cd753.enable-bg-rollover .post-thumbnail-rollover:after {\n  background: -webkit-linear-gradient();\n  background: linear-gradient();\n}\n.blog-shortcode.blog-masonry-shortcode-id-9664bf0d64dac7f9b325daa85b2cd753 .gallery-zoom-ico {\n  width: 44px;\n  height: 44px;\n  line-height: 44px;\n  border-radius: 100px;\n  margin: -22px 0 0 -22px;\n  border-width: 0px;\n  color: #ffffff;\n}\n.bottom-overlap-layout-list.blog-shortcode.blog-masonry-shortcode-id-9664bf0d64dac7f9b325daa85b2cd753 .gallery-zoom-ico {\n  margin-top: -72px;\n}\n.gradient-overlay-layout-list.blog-shortcode.blog-masonry-shortcode-id-9664bf0d64dac7f9b325daa85b2cd753 .gallery-zoom-ico,\n.content-rollover-layout-list.blog-shortcode.blog-masonry-shortcode-id-9664bf0d64dac7f9b325daa85b2cd753 .gallery-zoom-ico {\n  margin: 0 0 10px;\n}\n.content-align-center.gradient-overlay-layout-list.blog-shortcode.blog-masonry-shortcode-id-9664bf0d64dac7f9b325daa85b2cd753 .gallery-zoom-ico,\n.content-align-center.content-rollover-layout-list.blog-shortcode.blog-masonry-shortcode-id-9664bf0d64dac7f9b325daa85b2cd753 .gallery-zoom-ico {\n  margin: 0 auto 10px;\n}\n.dt-icon-bg-on.blog-shortcode.blog-masonry-shortcode-id-9664bf0d64dac7f9b325daa85b2cd753 .gallery-zoom-ico {\n  background: rgba(255,255,255,0.3);\n  box-shadow: none;\n}\n.blog-shortcode.blog-masonry-shortcode-id-9664bf0d64dac7f9b325daa85b2cd753 .gallery-zoom-ico > span,\n.blog-shortcode.blog-masonry-shortcode-id-9664bf0d64dac7f9b325daa85b2cd753 .gallery-zoom-ico:before {\n  font-size: 32px;\n  line-height: 44px;\n}\n.blog-shortcode.blog-masonry-shortcode-id-9664bf0d64dac7f9b325daa85b2cd753 .gallery-zoom-ico > span,\n.blog-shortcode.blog-masonry-shortcode-id-9664bf0d64dac7f9b325daa85b2cd753 .gallery-zoom-ico:before {\n  color: #ffffff;\n}\n.blog-shortcode.blog-masonry-shortcode-id-9664bf0d64dac7f9b325daa85b2cd753 .entry-title,\n.blog-shortcode.blog-masonry-shortcode-id-9664bf0d64dac7f9b325daa85b2cd753.owl-carousel .entry-title {\n  margin-bottom: 5px;\n  font-weight: bold;\n}\n.blog-shortcode.blog-masonry-shortcode-id-9664bf0d64dac7f9b325daa85b2cd753 .entry-meta {\n  margin-bottom: 15px;\n}\n.blog-shortcode.blog-masonry-shortcode-id-9664bf0d64dac7f9b325daa85b2cd753 .portfolio-categories {\n  margin-bottom: 15px;\n}\n.blog-shortcode.blog-masonry-shortcode-id-9664bf0d64dac7f9b325daa85b2cd753 .entry-excerpt {\n  margin-bottom: 5px;\n}\n.blog-shortcode.blog-masonry-shortcode-id-9664bf0d64dac7f9b325daa85b2cd753:not(.centered-layout-list) .post-entry-content {\n  padding: 25px 30px 30px 30px;\n}\n.blog-shortcode.blog-masonry-shortcode-id-9664bf0d64dac7f9b325daa85b2cd753:not(.centered-layout-list):not(.content-bg-on):not(.mode-list) .no-img .post-entry-content {\n  padding: 0;\n}\n@media screen and (max-width: ) {\n  .blog-shortcode.blog-masonry-shortcode-id-9664bf0d64dac7f9b325daa85b2cd753 article {\n    -ms-flex-flow: column nowrap;\n    flex-flow: column nowrap;\n    margin-top: 20px;\n  }\n  .blog-shortcode.blog-masonry-shortcode-id-9664bf0d64dac7f9b325daa85b2cd753.dividers-on article {\n    border: none;\n  }\n  .blog-shortcode.blog-masonry-shortcode-id-9664bf0d64dac7f9b325daa85b2cd753.content-bg-on.centered-layout-list article {\n    padding: 0;\n  }\n  .blog-shortcode.blog-masonry-shortcode-id-9664bf0d64dac7f9b325daa85b2cd753.blog-shortcode.dividers-on article,\n  .blog-shortcode.blog-masonry-shortcode-id-9664bf0d64dac7f9b325daa85b2cd753.dividers-on.classic-layout-list article {\n    margin-top: 20px;\n    padding: 0;\n  }\n  .blog-shortcode.blog-masonry-shortcode-id-9664bf0d64dac7f9b325daa85b2cd753.blog-shortcode.dividers-on article:first-of-type,\n  .blog-shortcode.blog-masonry-shortcode-id-9664bf0d64dac7f9b325daa85b2cd753.dividers-on.classic-layout-list article:first-of-type {\n    padding: 0;\n  }\n  #page .blog-shortcode.blog-masonry-shortcode-id-9664bf0d64dac7f9b325daa85b2cd753 .post-thumbnail-wrap,\n  #page .blog-shortcode.blog-masonry-shortcode-id-9664bf0d64dac7f9b325daa85b2cd753 .post-entry-content {\n    width: 100%;\n    margin: 0;\n    top: 0;\n  }\n  #page .blog-shortcode.blog-masonry-shortcode-id-9664bf0d64dac7f9b325daa85b2cd753 .post-thumbnail-wrap {\n    padding: 0;\n  }\n  #page .blog-shortcode.blog-masonry-shortcode-id-9664bf0d64dac7f9b325daa85b2cd753 .post-entry-content:after {\n    display: none;\n  }\n  #page .blog-shortcode.blog-masonry-shortcode-id-9664bf0d64dac7f9b325daa85b2cd753 .project-even .post-thumbnail-wrap,\n  #page .blog-shortcode.blog-masonry-shortcode-id-9664bf0d64dac7f9b325daa85b2cd753.centered-layout-list .post-thumbnail-wrap {\n    -ms-flex-order: 0;\n    order: 0;\n  }\n  #page .blog-shortcode.blog-masonry-shortcode-id-9664bf0d64dac7f9b325daa85b2cd753.centered-layout-list .post-entry-title-content {\n    -ms-flex-order: 1;\n    order: 1;\n    width: 100%;\n    padding: 20px 20px 0;\n  }\n  #page .blog-shortcode.blog-masonry-shortcode-id-9664bf0d64dac7f9b325daa85b2cd753.centered-layout-list .post-entry-content {\n    -ms-flex-order: 2;\n    order: 2;\n    padding-top: 0;\n  }\n  #page .blog-shortcode.blog-masonry-shortcode-id-9664bf0d64dac7f9b325daa85b2cd753 .fancy-categories {\n    top: 10px;\n    left: 10px;\n    bottom: auto;\n    right: auto;\n  }\n  #page .blog-shortcode.blog-masonry-shortcode-id-9664bf0d64dac7f9b325daa85b2cd753 .fancy-date a {\n    top: 10px;\n    right: 10px;\n    left: auto;\n    bottom: auto;\n  }\n  #page .blog-shortcode.blog-masonry-shortcode-id-9664bf0d64dac7f9b325daa85b2cd753 .post-entry-content {\n    padding: 20px;\n  }\n  #page .blog-shortcode.blog-masonry-shortcode-id-9664bf0d64dac7f9b325daa85b2cd753 .entry-title {\n    margin: 3px 0 5px;\n    font-size: 20px;\n    line-height: 26px;\n  }\n  #page .blog-shortcode.blog-masonry-shortcode-id-9664bf0d64dac7f9b325daa85b2cd753 .entry-meta {\n    margin: 5px 0 5px;\n  }\n  #page .blog-shortcode.blog-masonry-shortcode-id-9664bf0d64dac7f9b325daa85b2cd753 .entry-excerpt {\n    margin: 15px 0 0;\n  }\n  #page .blog-shortcode.blog-masonry-shortcode-id-9664bf0d64dac7f9b325daa85b2cd753 .post-details {\n    margin: 5px 0 10px;\n  }\n  #page .blog-shortcode.blog-masonry-shortcode-id-9664bf0d64dac7f9b325daa85b2cd753 .post-details.details-type-link {\n    margin-bottom: 2px;\n  }\n}<\/style><div class=\"blog-shortcode blog-masonry-shortcode-id-9664bf0d64dac7f9b325daa85b2cd753 mode-masonry classic-layout-list content-bg-on scale-img dt-icon-bg-off resize-by-browser-width loading-effect-none description-under-image \" data-padding=\"15px\" data-cur-page=\"1\" data-post-limit=\"-1\" data-pagination-mode=\"pages\" data-desktop-columns-num=\"2\" data-v-tablet-columns-num=\"1\" data-h-tablet-columns-num=\"2\" data-phone-columns-num=\"1\" data-width=\"0px\" data-columns=\"0\"><div class=\"iso-container\" ><div class=\"visible wf-cell iso-item\" data-post-id=\"1047\" data-date=\"2024-12-22T11:50:49+01:00\" data-name=\"Danke\"><article class=\"post project-odd visible no-img post-1047 type-post status-publish format-standard hentry category-neues category-8\" data-name=\"Danke\" data-date=\"2024-12-22T11:50:49+01:00\">\n\n<div class=\"post-entry-content\">\n\n\t<h3 class=\"entry-title\">\n\t\t<a href=\"https:\/\/weltlaeden.de\/weissenhorn\/danke\/\" title=\"Danke\" rel=\"bookmark\">Danke<\/a>\n\t<\/h3>\n\n\t<div class=\"entry-meta\"><span class=\"category-link\"><a href=\"https:\/\/weltlaeden.de\/weissenhorn\/category\/neues\/\" >Neuigkeiten<\/a><\/span><a class=\"author vcard\" href=\"https:\/\/weltlaeden.de\/weissenhorn\/author\/weissenhorn\/\" title=\"Zeige alle Beitr\u00e4ge von weissenhorn\" rel=\"author\">Von <span class=\"fn\">weissenhorn<\/span><\/a><a href=\"https:\/\/weltlaeden.de\/weissenhorn\/2024\/12\/22\/\" title=\"11:50\" class=\"data-link\" rel=\"bookmark\"><time class=\"entry-date updated\" datetime=\"2024-12-22T11:50:49+01:00\">22. Dezember 2024<\/time><\/a><\/div>\n\t<div class=\"entry-excerpt\"><p>\u00a0 \u00a0 \u00a0 \u00a0 \u00a0 \u00a0 \u00a0 \u00a0 Wieder neigt sich ein Jahr dem Ende zu. \u00a0 \u00a0 \u00a0 \u00a0 \u00a0 \u00a0 \u00a0 \u00a0 \u00a0Wir m\u00f6chten dies zum Anlass nehmen, \u00a0 \u00a0 \u00a0 \u00a0 um uns bei unseren Kunden, Freunden und Bekannten \u00a0 \u00a0 \u00a0 \u00a0 \u00a0 \u00a0 \u00a0 \u00a0 \u00a0 \u00a0herzlichst zu bedanken! &nbsp;&hellip;<\/p>\n<\/div>\n\t\n<a href=\"https:\/\/weltlaeden.de\/weissenhorn\/danke\/\" class=\"post-details details-type-link\" aria-label=\"Read more about Danke\">Read more<i class=\"dt-icon-the7-arrow-03\" aria-hidden=\"true\"><\/i><\/a>\n\n<\/div><\/article><\/div><div class=\"visible wf-cell iso-item\" data-post-id=\"1011\" data-date=\"2024-07-01T12:36:18+02:00\" data-name=\"Landtagsabgeordneter Thorsten Freudenberger besucht den lokalen Garanten f\u00fcr fairen Handel\"><article class=\"post project-odd visible no-img post-1011 type-post status-publish format-standard hentry category-neues category-8\" data-name=\"Landtagsabgeordneter Thorsten Freudenberger besucht den lokalen Garanten f\u00fcr fairen Handel\" data-date=\"2024-07-01T12:36:18+02:00\">\n\n<div class=\"post-entry-content\">\n\n\t<h3 class=\"entry-title\">\n\t\t<a href=\"https:\/\/weltlaeden.de\/weissenhorn\/landtagsabgeordneter-thorsten-freudenberger-besucht-den-lokalen-garanten-fuer-fairen-handel\/\" title=\"Landtagsabgeordneter Thorsten Freudenberger besucht den lokalen Garanten f\u00fcr fairen Handel\" rel=\"bookmark\">Landtagsabgeordneter Thorsten Freudenberger besucht den lokalen Garanten f\u00fcr fairen Handel<\/a>\n\t<\/h3>\n\n\t<div class=\"entry-meta\"><span class=\"category-link\"><a href=\"https:\/\/weltlaeden.de\/weissenhorn\/category\/neues\/\" >Neuigkeiten<\/a><\/span><a class=\"author vcard\" href=\"https:\/\/weltlaeden.de\/weissenhorn\/author\/weissenhorn\/\" title=\"Zeige alle Beitr\u00e4ge von weissenhorn\" rel=\"author\">Von <span class=\"fn\">weissenhorn<\/span><\/a><a href=\"https:\/\/weltlaeden.de\/weissenhorn\/2024\/07\/01\/\" title=\"12:36\" class=\"data-link\" rel=\"bookmark\"><time class=\"entry-date updated\" datetime=\"2024-07-01T12:36:18+02:00\">1. Juli 2024<\/time><\/a><\/div>\n\t<div class=\"entry-excerpt\"><p>Weltladen Wei\u00dfenhorn &#8211; Landtagsabgeordneter Thorsten Freudenberger besucht den lokalen Garanten f\u00fcr fairen Handel Seit 22 Jahren schon bietet der Weltladen Wei\u00dfenhorn fair gehandelte Produkte in der Fuggerstadt an. Von Ehrenamtlichen getragen, leistet er einen lokalen Beitrag zur globalen Gerechtigkeit. Landtagsabgeordneter Thorsten Freudenberger informierte sich nun vor Ort \u00fcber das langj\u00e4hrige Engagement. Im Mittelpunkt des Austauschs&hellip;<\/p>\n<\/div>\n\t\n<a href=\"https:\/\/weltlaeden.de\/weissenhorn\/landtagsabgeordneter-thorsten-freudenberger-besucht-den-lokalen-garanten-fuer-fairen-handel\/\" class=\"post-details details-type-link\" aria-label=\"Read more about Landtagsabgeordneter Thorsten Freudenberger besucht den lokalen Garanten f\u00fcr fairen Handel\">Read more<i class=\"dt-icon-the7-arrow-03\" aria-hidden=\"true\"><\/i><\/a>\n\n<\/div><\/article><\/div><div class=\"visible wf-cell iso-item\" data-post-id=\"975\" data-date=\"2024-01-17T09:48:18+01:00\" data-name=\"Fastenaktion &quot; Faire T\u00fcten &quot;  - das Plus mit Genuss\"><article class=\"post project-odd visible post-975 type-post status-publish format-standard has-post-thumbnail hentry category-neues category-8\" data-name=\"Fastenaktion &#8220; Faire T\u00fcten &#8220;  &#8211; das Plus mit Genuss\" data-date=\"2024-01-17T09:48:18+01:00\">\n\n<div class=\"post-thumbnail-wrap\">\n\t<div class=\"post-thumbnail\">\n\t\t\n\t\t\n\t\t<a href=\"https:\/\/weltlaeden.de\/weissenhorn\/fastenaktion-faire-tueten-das-plus-mit-genuss\/\" class=\"post-thumbnail-rollover layzr-bg layzr-bg\" ><img fetchpriority=\"high\" decoding=\"async\" class=\"iso-lazy-load preload-me iso-lazy-load aspect\" src=\"data:image\/svg+xml,%3Csvg%20xmlns%3D&#39;http%3A%2F%2Fwww.w3.org%2F2000%2Fsvg&#39;%20viewBox%3D&#39;0%200%20768%20512&#39;%2F%3E\" data-src=\"https:\/\/weltlaeden.de\/weissenhorn\/wp-content\/uploads\/sites\/129\/2024\/01\/74B43BB7-EA6E-4017-8A21-E4986DFEC954-e1705480914119-768x512.jpeg\" data-srcset=\"https:\/\/weltlaeden.de\/weissenhorn\/wp-content\/uploads\/sites\/129\/2024\/01\/74B43BB7-EA6E-4017-8A21-E4986DFEC954-e1705480914119-768x512.jpeg 768w, https:\/\/weltlaeden.de\/weissenhorn\/wp-content\/uploads\/sites\/129\/2024\/01\/74B43BB7-EA6E-4017-8A21-E4986DFEC954-e1705480914119-1152x768.jpeg 1152w\" loading=\"eager\" style=\"--ratio: 768 \/ 512\" sizes=\"(max-width: 768px) 100vw, 768px\" alt=\"\" title=\"74B43BB7-EA6E-4017-8A21-E4986DFEC954\" width=\"768\" height=\"512\"  \/><\/a>\t<\/div>\n<\/div>\n\n\n<div class=\"post-entry-content\">\n\n\t<h3 class=\"entry-title\">\n\t\t<a href=\"https:\/\/weltlaeden.de\/weissenhorn\/fastenaktion-faire-tueten-das-plus-mit-genuss\/\" title=\"Fastenaktion &#8220; Faire T\u00fcten &#8220;  &#8211; das Plus mit Genuss\" rel=\"bookmark\">Fastenaktion &#8220; Faire T\u00fcten &#8220;  &#8211; das Plus mit Genuss<\/a>\n\t<\/h3>\n\n\t<div class=\"entry-meta\"><span class=\"category-link\"><a href=\"https:\/\/weltlaeden.de\/weissenhorn\/category\/neues\/\" >Neuigkeiten<\/a><\/span><a class=\"author vcard\" href=\"https:\/\/weltlaeden.de\/weissenhorn\/author\/weissenhorn\/\" title=\"Zeige alle Beitr\u00e4ge von weissenhorn\" rel=\"author\">Von <span class=\"fn\">weissenhorn<\/span><\/a><a href=\"https:\/\/weltlaeden.de\/weissenhorn\/2024\/01\/17\/\" title=\"9:48\" class=\"data-link\" rel=\"bookmark\"><time class=\"entry-date updated\" datetime=\"2024-01-17T09:48:18+01:00\">17. Januar 2024<\/time><\/a><\/div>\n\t<div class=\"entry-excerpt\"><p>Weltladen startet Fasten-Aktion \u201eFaire T\u00fcten\u201d &#8211; das Plus mit Genuss Jede Woche eine T\u00fcte mit fair gehandelten Lebensmitteln: Mit dieser Aktion will der Wei\u00dfenhorner Weltladen in der siebenw\u00f6chigen Fastenzeit ab Aschermittwoch daf\u00fcr werben, das eigene Konsumverhalten zu \u00fcberdenken. &nbsp; Die Kunden sollen sich fragen, ob sie alle Produkte in der &#8222;Billig-Variante&#8220; brauchen, sagt Franz Snehotta,&hellip;<\/p>\n<\/div>\n\t\n<a href=\"https:\/\/weltlaeden.de\/weissenhorn\/fastenaktion-faire-tueten-das-plus-mit-genuss\/\" class=\"post-details details-type-link\" aria-label=\"Read more about Fastenaktion &#8220; Faire T\u00fcten &#8220;  &#8211; das Plus mit Genuss\">Read more<i class=\"dt-icon-the7-arrow-03\" aria-hidden=\"true\"><\/i><\/a>\n\n<\/div><\/article><\/div><div class=\"visible wf-cell iso-item\" data-post-id=\"969\" data-date=\"2023-12-25T11:42:34+01:00\" data-name=\"die Nachbarschaft ganz fair\"><article class=\"post project-odd visible no-img post-969 type-post status-publish format-standard hentry category-neues category-8\" data-name=\"die Nachbarschaft ganz fair\" data-date=\"2023-12-25T11:42:34+01:00\">\n\n<div class=\"post-entry-content\">\n\n\t<h3 class=\"entry-title\">\n\t\t<a href=\"https:\/\/weltlaeden.de\/weissenhorn\/die-nachbarschaft-ganz-fair\/\" title=\"die Nachbarschaft ganz fair\" rel=\"bookmark\">die Nachbarschaft ganz fair<\/a>\n\t<\/h3>\n\n\t<div class=\"entry-meta\"><span class=\"category-link\"><a href=\"https:\/\/weltlaeden.de\/weissenhorn\/category\/neues\/\" >Neuigkeiten<\/a><\/span><a class=\"author vcard\" href=\"https:\/\/weltlaeden.de\/weissenhorn\/author\/weissenhorn\/\" title=\"Zeige alle Beitr\u00e4ge von weissenhorn\" rel=\"author\">Von <span class=\"fn\">weissenhorn<\/span><\/a><a href=\"https:\/\/weltlaeden.de\/weissenhorn\/2023\/12\/25\/\" title=\"11:42\" class=\"data-link\" rel=\"bookmark\"><time class=\"entry-date updated\" datetime=\"2023-12-25T11:42:34+01:00\">25. Dezember 2023<\/time><\/a><\/div>\n\t<div class=\"entry-excerpt\"><p>\u00a0 \u00a0 \u00a0<\/p>\n<\/div>\n\t\n<a href=\"https:\/\/weltlaeden.de\/weissenhorn\/die-nachbarschaft-ganz-fair\/\" class=\"post-details details-type-link\" aria-label=\"Read more about die Nachbarschaft ganz fair\">Read more<i class=\"dt-icon-the7-arrow-03\" aria-hidden=\"true\"><\/i><\/a>\n\n<\/div><\/article><\/div><div class=\"visible wf-cell iso-item\" data-post-id=\"960\" data-date=\"2023-12-24T09:26:14+01:00\" data-name=\"Danke sagen\"><article class=\"post project-odd visible no-img post-960 type-post status-publish format-standard hentry category-neues category-8\" data-name=\"Danke sagen\" data-date=\"2023-12-24T09:26:14+01:00\">\n\n<div class=\"post-entry-content\">\n\n\t<h3 class=\"entry-title\">\n\t\t<a href=\"https:\/\/weltlaeden.de\/weissenhorn\/danke-sagen-2\/\" title=\"Danke sagen\" rel=\"bookmark\">Danke sagen<\/a>\n\t<\/h3>\n\n\t<div class=\"entry-meta\"><span class=\"category-link\"><a href=\"https:\/\/weltlaeden.de\/weissenhorn\/category\/neues\/\" >Neuigkeiten<\/a><\/span><a class=\"author vcard\" href=\"https:\/\/weltlaeden.de\/weissenhorn\/author\/weissenhorn\/\" title=\"Zeige alle Beitr\u00e4ge von weissenhorn\" rel=\"author\">Von <span class=\"fn\">weissenhorn<\/span><\/a><a href=\"https:\/\/weltlaeden.de\/weissenhorn\/2023\/12\/24\/\" title=\"9:26\" class=\"data-link\" rel=\"bookmark\"><time class=\"entry-date updated\" datetime=\"2023-12-24T09:26:14+01:00\">24. Dezember 2023<\/time><\/a><\/div>\n\t<div class=\"entry-excerpt\"><p>Wieder neigt sich ein Jahr dem Ende zu. Wir m\u00f6chten dies zum Anlass nehmen, um uns bei unseren Kunden, Freunden und Bekannten herzlichst zu bedanken! F\u00fcr das\u00a0 Weihnachtsfest w\u00fcnschen wir frohe und gl\u00fcckliche Stunden sowie ein erfolgreiches und friedvolles neues Jahr<\/p>\n<\/div>\n\t\n<a href=\"https:\/\/weltlaeden.de\/weissenhorn\/danke-sagen-2\/\" class=\"post-details details-type-link\" aria-label=\"Read more about Danke sagen\">Read more<i class=\"dt-icon-the7-arrow-03\" aria-hidden=\"true\"><\/i><\/a>\n\n<\/div><\/article><\/div><div class=\"visible wf-cell iso-item\" data-post-id=\"884\" data-date=\"2023-01-03T11:21:02+01:00\" data-name=\"Bitte beachten!!! 7. Januar 2023 ist unser Weltladen geschlossen!\"><article class=\"post project-odd visible no-img post-884 type-post status-publish format-standard hentry category-neues category-8\" data-name=\"Bitte beachten!!! 7. Januar 2023 ist unser Weltladen geschlossen!\" data-date=\"2023-01-03T11:21:02+01:00\">\n\n<div class=\"post-entry-content\">\n\n\t<h3 class=\"entry-title\">\n\t\t<a href=\"https:\/\/weltlaeden.de\/weissenhorn\/bitte-beachten-7-januar-2023-ist-unser-weltladen-geschlossen\/\" title=\"Bitte beachten!!! 7. Januar 2023 ist unser Weltladen geschlossen!\" rel=\"bookmark\">Bitte beachten!!! 7. Januar 2023 ist unser Weltladen geschlossen!<\/a>\n\t<\/h3>\n\n\t<div class=\"entry-meta\"><span class=\"category-link\"><a href=\"https:\/\/weltlaeden.de\/weissenhorn\/category\/neues\/\" >Neuigkeiten<\/a><\/span><a class=\"author vcard\" href=\"https:\/\/weltlaeden.de\/weissenhorn\/author\/weissenhorn\/\" title=\"Zeige alle Beitr\u00e4ge von weissenhorn\" rel=\"author\">Von <span class=\"fn\">weissenhorn<\/span><\/a><a href=\"https:\/\/weltlaeden.de\/weissenhorn\/2023\/01\/03\/\" title=\"11:21\" class=\"data-link\" rel=\"bookmark\"><time class=\"entry-date updated\" datetime=\"2023-01-03T11:21:02+01:00\">3. Januar 2023<\/time><\/a><\/div>\n\t<div class=\"entry-excerpt\"><\/div>\n\t\n<a href=\"https:\/\/weltlaeden.de\/weissenhorn\/bitte-beachten-7-januar-2023-ist-unser-weltladen-geschlossen\/\" class=\"post-details details-type-link\" aria-label=\"Read more about Bitte beachten!!! 7. Januar 2023 ist unser Weltladen geschlossen!\">Read more<i class=\"dt-icon-the7-arrow-03\" aria-hidden=\"true\"><\/i><\/a>\n\n<\/div><\/article><\/div><div class=\"visible wf-cell iso-item\" data-post-id=\"875\" data-date=\"2022-12-04T14:17:59+01:00\" data-name=\"Hinweis  erweiterte \u00d6ffnungszeit in der Weihnachtszeit !!!\"><article class=\"post project-odd visible no-img post-875 type-post status-publish format-standard hentry category-neues category-8\" data-name=\"Hinweis  erweiterte \u00d6ffnungszeit in der Weihnachtszeit !!!\" data-date=\"2022-12-04T14:17:59+01:00\">\n\n<div class=\"post-entry-content\">\n\n\t<h3 class=\"entry-title\">\n\t\t<a href=\"https:\/\/weltlaeden.de\/weissenhorn\/hinweis-erweiterte-oeffnungszeit-in-der-weihnachtszeit\/\" title=\"Hinweis  erweiterte \u00d6ffnungszeit in der Weihnachtszeit !!!\" rel=\"bookmark\">Hinweis  erweiterte \u00d6ffnungszeit in der Weihnachtszeit !!!<\/a>\n\t<\/h3>\n\n\t<div class=\"entry-meta\"><span class=\"category-link\"><a href=\"https:\/\/weltlaeden.de\/weissenhorn\/category\/neues\/\" >Neuigkeiten<\/a><\/span><a class=\"author vcard\" href=\"https:\/\/weltlaeden.de\/weissenhorn\/author\/weissenhorn\/\" title=\"Zeige alle Beitr\u00e4ge von weissenhorn\" rel=\"author\">Von <span class=\"fn\">weissenhorn<\/span><\/a><a href=\"https:\/\/weltlaeden.de\/weissenhorn\/2022\/12\/04\/\" title=\"14:17\" class=\"data-link\" rel=\"bookmark\"><time class=\"entry-date updated\" datetime=\"2022-12-04T14:17:59+01:00\">4. Dezember 2022<\/time><\/a><\/div>\n\t<div class=\"entry-excerpt\"><p>&nbsp; in der Weihnachtszeit ist unser Weltladen nun auch Montags von 14 bis 18:Uhr ge\u00f6ffnet !!<\/p>\n<\/div>\n\t\n<a href=\"https:\/\/weltlaeden.de\/weissenhorn\/hinweis-erweiterte-oeffnungszeit-in-der-weihnachtszeit\/\" class=\"post-details details-type-link\" aria-label=\"Read more about Hinweis  erweiterte \u00d6ffnungszeit in der Weihnachtszeit !!!\">Read more<i class=\"dt-icon-the7-arrow-03\" aria-hidden=\"true\"><\/i><\/a>\n\n<\/div><\/article><\/div><div class=\"visible wf-cell iso-item\" data-post-id=\"862\" data-date=\"2022-10-17T12:16:06+02:00\" data-name=\"Feedback Mitarbeiter Fortbildung des Weltladens vom 8.Oktober 2022\"><article class=\"post project-odd visible post-862 type-post status-publish format-standard has-post-thumbnail hentry category-neues category-8\" data-name=\"Feedback Mitarbeiter Fortbildung des Weltladens vom 8.Oktober 2022\" data-date=\"2022-10-17T12:16:06+02:00\">\n\n<div class=\"post-thumbnail-wrap\">\n\t<div class=\"post-thumbnail\">\n\t\t\n\t\t\n\t\t<a href=\"https:\/\/weltlaeden.de\/weissenhorn\/feedback-mitarbeiter-fortbildung-des-weltladens-vom-8-oktober-2022\/\" class=\"post-thumbnail-rollover layzr-bg layzr-bg\" ><img decoding=\"async\" class=\"iso-lazy-load preload-me iso-lazy-load aspect\" src=\"data:image\/svg+xml,%3Csvg%20xmlns%3D&#39;http%3A%2F%2Fwww.w3.org%2F2000%2Fsvg&#39;%20viewBox%3D&#39;0%200%20768%20512&#39;%2F%3E\" data-src=\"https:\/\/weltlaeden.de\/weissenhorn\/wp-content\/uploads\/sites\/129\/2022\/10\/2EC9E007-C2A3-41A3-B7A6-4200E471F560_1_105_c-e1666001895858-768x512.jpeg\" data-srcset=\"https:\/\/weltlaeden.de\/weissenhorn\/wp-content\/uploads\/sites\/129\/2022\/10\/2EC9E007-C2A3-41A3-B7A6-4200E471F560_1_105_c-e1666001895858-768x512.jpeg 768w, https:\/\/weltlaeden.de\/weissenhorn\/wp-content\/uploads\/sites\/129\/2022\/10\/2EC9E007-C2A3-41A3-B7A6-4200E471F560_1_105_c-e1666001895858-977x652.jpeg 977w\" loading=\"eager\" style=\"--ratio: 768 \/ 512\" sizes=\"(max-width: 768px) 100vw, 768px\" alt=\"\" title=\"2EC9E007-C2A3-41A3-B7A6-4200E471F560_1_105_c\" width=\"768\" height=\"512\"  \/><\/a>\t<\/div>\n<\/div>\n\n\n<div class=\"post-entry-content\">\n\n\t<h3 class=\"entry-title\">\n\t\t<a href=\"https:\/\/weltlaeden.de\/weissenhorn\/feedback-mitarbeiter-fortbildung-des-weltladens-vom-8-oktober-2022\/\" title=\"Feedback Mitarbeiter Fortbildung des Weltladens vom 8.Oktober 2022\" rel=\"bookmark\">Feedback Mitarbeiter Fortbildung des Weltladens vom 8.Oktober 2022<\/a>\n\t<\/h3>\n\n\t<div class=\"entry-meta\"><span class=\"category-link\"><a href=\"https:\/\/weltlaeden.de\/weissenhorn\/category\/neues\/\" >Neuigkeiten<\/a><\/span><a class=\"author vcard\" href=\"https:\/\/weltlaeden.de\/weissenhorn\/author\/weissenhorn\/\" title=\"Zeige alle Beitr\u00e4ge von weissenhorn\" rel=\"author\">Von <span class=\"fn\">weissenhorn<\/span><\/a><a href=\"https:\/\/weltlaeden.de\/weissenhorn\/2022\/10\/17\/\" title=\"12:16\" class=\"data-link\" rel=\"bookmark\"><time class=\"entry-date updated\" datetime=\"2022-10-17T12:16:06+02:00\">17. Oktober 2022<\/time><\/a><\/div>\n\t<div class=\"entry-excerpt\"><p>Palm(kern)\u00f6l \u2013 Fluch oder Segen? Zu diesem Thema konnte Franz Snehotta, Vorstand im Weltladenverein, 21 Mitarbeiterinnen des Wei\u00dfenhorner Weltladens am Samstag, 8. Oktober 2022\u00a0 zur diesj\u00e4hrigen Mitarbeiterfortbildung im Augustanazentrum begr\u00fc\u00dfen. Die Referentin, Frau Anastasia Gas\u00f3 vom EineWeltNetzwerk Bayern hatte einen gro\u00dfen Koffer voll mit Produkten und Infos zum Palm\u00f6l mitgebracht. Wie es gewonnen, verarbeitet und&hellip;<\/p>\n<\/div>\n\t\n<a href=\"https:\/\/weltlaeden.de\/weissenhorn\/feedback-mitarbeiter-fortbildung-des-weltladens-vom-8-oktober-2022\/\" class=\"post-details details-type-link\" aria-label=\"Read more about Feedback Mitarbeiter Fortbildung des Weltladens vom 8.Oktober 2022\">Read more<i class=\"dt-icon-the7-arrow-03\" aria-hidden=\"true\"><\/i><\/a>\n\n<\/div><\/article><\/div><div class=\"visible wf-cell iso-item\" data-post-id=\"860\" data-date=\"2022-10-02T16:47:11+02:00\" data-name=\"Hinweis Weltladen ist am Samstag den 8.Oktober 2022 geschlossen\"><article class=\"post project-odd visible no-img post-860 type-post status-publish format-standard hentry category-neues category-8\" data-name=\"Hinweis Weltladen ist am Samstag den 8.Oktober 2022 geschlossen\" data-date=\"2022-10-02T16:47:11+02:00\">\n\n<div class=\"post-entry-content\">\n\n\t<h3 class=\"entry-title\">\n\t\t<a href=\"https:\/\/weltlaeden.de\/weissenhorn\/hinweis-weltladen-ist-am-samstag-den-8-oktober-2022-geschlossen\/\" title=\"Hinweis Weltladen ist am Samstag den 8.Oktober 2022 geschlossen\" rel=\"bookmark\">Hinweis Weltladen ist am Samstag den 8.Oktober 2022 geschlossen<\/a>\n\t<\/h3>\n\n\t<div class=\"entry-meta\"><span class=\"category-link\"><a href=\"https:\/\/weltlaeden.de\/weissenhorn\/category\/neues\/\" >Neuigkeiten<\/a><\/span><a class=\"author vcard\" href=\"https:\/\/weltlaeden.de\/weissenhorn\/author\/weissenhorn\/\" title=\"Zeige alle Beitr\u00e4ge von weissenhorn\" rel=\"author\">Von <span class=\"fn\">weissenhorn<\/span><\/a><a href=\"https:\/\/weltlaeden.de\/weissenhorn\/2022\/10\/02\/\" title=\"16:47\" class=\"data-link\" rel=\"bookmark\"><time class=\"entry-date updated\" datetime=\"2022-10-02T16:47:11+02:00\">2. Oktober 2022<\/time><\/a><\/div>\n\t<div class=\"entry-excerpt\"><p>Wichtiger Hinweis! am Samstag, den 8.10.2022 bleibt unser Weltladen wegen einer internen Mitarbeiter-Fortbildung geschlossen! Wir bitten um Ihr Verst\u00e4ndnis!<\/p>\n<\/div>\n\t\n<a href=\"https:\/\/weltlaeden.de\/weissenhorn\/hinweis-weltladen-ist-am-samstag-den-8-oktober-2022-geschlossen\/\" class=\"post-details details-type-link\" aria-label=\"Read more about Hinweis Weltladen ist am Samstag den 8.Oktober 2022 geschlossen\">Read more<i class=\"dt-icon-the7-arrow-03\" aria-hidden=\"true\"><\/i><\/a>\n\n<\/div><\/article><\/div><div class=\"visible wf-cell iso-item\" data-post-id=\"820\" data-date=\"2022-06-20T11:33:16+02:00\" data-name=\"Vom Bananenverk\u00e4ufer zum Immobilienbesitzer\"><article class=\"post project-odd visible no-img post-820 type-post status-publish format-standard hentry category-neues category-8\" data-name=\"Vom Bananenverk\u00e4ufer zum Immobilienbesitzer\" data-date=\"2022-06-20T11:33:16+02:00\">\n\n<div class=\"post-entry-content\">\n\n\t<h3 class=\"entry-title\">\n\t\t<a href=\"https:\/\/weltlaeden.de\/weissenhorn\/vom-bananenverkaeufer-zum-immobilienbesitze\/\" title=\"Vom Bananenverk\u00e4ufer zum Immobilienbesitzer\" rel=\"bookmark\">Vom Bananenverk\u00e4ufer zum Immobilienbesitzer<\/a>\n\t<\/h3>\n\n\t<div class=\"entry-meta\"><span class=\"category-link\"><a href=\"https:\/\/weltlaeden.de\/weissenhorn\/category\/neues\/\" >Neuigkeiten<\/a><\/span><a class=\"author vcard\" href=\"https:\/\/weltlaeden.de\/weissenhorn\/author\/weissenhorn\/\" title=\"Zeige alle Beitr\u00e4ge von weissenhorn\" rel=\"author\">Von <span class=\"fn\">weissenhorn<\/span><\/a><a href=\"https:\/\/weltlaeden.de\/weissenhorn\/2022\/06\/20\/\" title=\"11:33\" class=\"data-link\" rel=\"bookmark\"><time class=\"entry-date updated\" datetime=\"2022-06-20T11:33:16+02:00\">20. Juni 2022<\/time><\/a><\/div>\n\t<div class=\"entry-excerpt\"><p>Der faire Handel hat in Wei\u00dfenhorn etwas zu feiern &nbsp; Als vor 25 Jahren ein kleiner Kreis von Engagierten begann, in Wei\u00dfenhorn fairgehandelte Bananen zu verkaufen, konnte wohl noch niemand ahnen, dass gewachsen aus diesem kleinen Anfang ein Vierteljahrhundert sp\u00e4ter in einer Fairtrade-Stadt Wei\u00dfenhorn ein Weltladen im eigenen Haus mitten in der Altstadt seinen 20.Geburtstag&hellip;<\/p>\n<\/div>\n\t\n<a href=\"https:\/\/weltlaeden.de\/weissenhorn\/vom-bananenverkaeufer-zum-immobilienbesitze\/\" class=\"post-details details-type-link\" aria-label=\"Read more about Vom Bananenverk\u00e4ufer zum Immobilienbesitzer\">Read more<i class=\"dt-icon-the7-arrow-03\" aria-hidden=\"true\"><\/i><\/a>\n\n<\/div><\/article><\/div><div class=\"visible wf-cell iso-item\" data-post-id=\"812\" data-date=\"2022-05-17T21:47:32+02:00\" data-name=\"Musikalische Weltreise mit dem indischen MAHARAJ \u2013 TRIO\"><article class=\"post project-odd visible post-812 type-post status-publish format-standard has-post-thumbnail hentry category-neues category-8\" data-name=\"Musikalische Weltreise mit dem indischen MAHARAJ \u2013 TRIO\" data-date=\"2022-05-17T21:47:32+02:00\">\n\n<div class=\"post-thumbnail-wrap\">\n\t<div class=\"post-thumbnail\">\n\t\t\n\t\t\n\t\t<a href=\"https:\/\/weltlaeden.de\/weissenhorn\/musikalische-weltreise-mit-dem-indischen-maharaj-trio\/\" class=\"post-thumbnail-rollover layzr-bg layzr-bg\" ><img decoding=\"async\" class=\"iso-lazy-load preload-me iso-lazy-load aspect\" src=\"data:image\/svg+xml,%3Csvg%20xmlns%3D&#39;http%3A%2F%2Fwww.w3.org%2F2000%2Fsvg&#39;%20viewBox%3D&#39;0%200%20730%20487&#39;%2F%3E\" data-src=\"https:\/\/weltlaeden.de\/weissenhorn\/wp-content\/uploads\/sites\/129\/2022\/05\/C396E705-DA22-4232-85B3-A57CFF5B9D34_1_105_c-e1652817679318-730x487.jpeg\" data-srcset=\"https:\/\/weltlaeden.de\/weissenhorn\/wp-content\/uploads\/sites\/129\/2022\/05\/C396E705-DA22-4232-85B3-A57CFF5B9D34_1_105_c-e1652817679318-730x487.jpeg 730w\" loading=\"eager\" style=\"--ratio: 730 \/ 487\" sizes=\"(max-width: 730px) 100vw, 730px\" alt=\"\" title=\"C396E705-DA22-4232-85B3-A57CFF5B9D34_1_105_c\" width=\"730\" height=\"487\"  \/><\/a>\t<\/div>\n<\/div>\n\n\n<div class=\"post-entry-content\">\n\n\t<h3 class=\"entry-title\">\n\t\t<a href=\"https:\/\/weltlaeden.de\/weissenhorn\/musikalische-weltreise-mit-dem-indischen-maharaj-trio\/\" title=\"Musikalische Weltreise mit dem indischen MAHARAJ \u2013 TRIO\" rel=\"bookmark\">Musikalische Weltreise mit dem indischen MAHARAJ \u2013 TRIO<\/a>\n\t<\/h3>\n\n\t<div class=\"entry-meta\"><span class=\"category-link\"><a href=\"https:\/\/weltlaeden.de\/weissenhorn\/category\/neues\/\" >Neuigkeiten<\/a><\/span><a class=\"author vcard\" href=\"https:\/\/weltlaeden.de\/weissenhorn\/author\/weissenhorn\/\" title=\"Zeige alle Beitr\u00e4ge von weissenhorn\" rel=\"author\">Von <span class=\"fn\">weissenhorn<\/span><\/a><a href=\"https:\/\/weltlaeden.de\/weissenhorn\/2022\/05\/17\/\" title=\"21:47\" class=\"data-link\" rel=\"bookmark\"><time class=\"entry-date updated\" datetime=\"2022-05-17T21:47:32+02:00\">17. Mai 2022<\/time><\/a><\/div>\n\t<div class=\"entry-excerpt\"><p>Musikalische Weltreise mit dem indischen MAHARAJ \u2013 TRIO Freitag, 3. Juni 2022\u00a0 20.00 Uhr im\u00a0 Claretinerkolleg Wei\u00dfenhorn Im Rahmen seines 20 \u2013 j\u00e4hrigen Jubil\u00e4ums pr\u00e4sentiert der Weltladen Wei\u00dfenhorn e.V. in Zusammenarbeit mit der Katholischen Erwachsenenbildung Neu \u2013 Ulm (KEB) einen musikalischen Leckerbissen der feinsten Art: Klassische indische Musik auf den Instrumenten Sarod, Sitar und Tabla.&hellip;<\/p>\n<\/div>\n\t\n<a href=\"https:\/\/weltlaeden.de\/weissenhorn\/musikalische-weltreise-mit-dem-indischen-maharaj-trio\/\" class=\"post-details details-type-link\" aria-label=\"Read more about Musikalische Weltreise mit dem indischen MAHARAJ \u2013 TRIO\">Read more<i class=\"dt-icon-the7-arrow-03\" aria-hidden=\"true\"><\/i><\/a>\n\n<\/div><\/article><\/div><div class=\"visible wf-cell iso-item\" data-post-id=\"769\" data-date=\"2022-01-29T20:25:59+01:00\" data-name=\"Das &quot;Plus mit Genuss&quot; sieben Wochen mit der fairen T\u00fcte\"><article class=\"post project-odd visible post-769 type-post status-publish format-standard has-post-thumbnail hentry category-neues category-8\" data-name=\"Das &#8222;Plus mit Genuss&#8220; sieben Wochen mit der fairen T\u00fcte\" data-date=\"2022-01-29T20:25:59+01:00\">\n\n<div class=\"post-thumbnail-wrap\">\n\t<div class=\"post-thumbnail\">\n\t\t\n\t\t\n\t\t<a href=\"https:\/\/weltlaeden.de\/weissenhorn\/das-plus-mit-genuss-sieben-wochen-mit-der-fairen-tuete\/\" class=\"post-thumbnail-rollover layzr-bg layzr-bg\" ><img decoding=\"async\" class=\"iso-lazy-load preload-me iso-lazy-load aspect\" src=\"data:image\/svg+xml,%3Csvg%20xmlns%3D&#39;http%3A%2F%2Fwww.w3.org%2F2000%2Fsvg&#39;%20viewBox%3D&#39;0%200%20768%20512&#39;%2F%3E\" data-src=\"https:\/\/weltlaeden.de\/weissenhorn\/wp-content\/uploads\/sites\/129\/2022\/01\/1142A625-EEC7-4355-BEFC-C68BD29E1573_1_105_c-768x512.jpeg\" data-srcset=\"https:\/\/weltlaeden.de\/weissenhorn\/wp-content\/uploads\/sites\/129\/2022\/01\/1142A625-EEC7-4355-BEFC-C68BD29E1573_1_105_c-768x512.jpeg 768w, https:\/\/weltlaeden.de\/weissenhorn\/wp-content\/uploads\/sites\/129\/2022\/01\/1142A625-EEC7-4355-BEFC-C68BD29E1573_1_105_c-1069x712.jpeg 1069w\" loading=\"eager\" style=\"--ratio: 768 \/ 512\" sizes=\"(max-width: 768px) 100vw, 768px\" alt=\"\" title=\"1142A625-EEC7-4355-BEFC-C68BD29E1573_1_105_c\" width=\"768\" height=\"512\"  \/><\/a>\t<\/div>\n<\/div>\n\n\n<div class=\"post-entry-content\">\n\n\t<h3 class=\"entry-title\">\n\t\t<a href=\"https:\/\/weltlaeden.de\/weissenhorn\/das-plus-mit-genuss-sieben-wochen-mit-der-fairen-tuete\/\" title=\"Das &#8222;Plus mit Genuss&#8220; sieben Wochen mit der fairen T\u00fcte\" rel=\"bookmark\">Das &#8222;Plus mit Genuss&#8220; sieben Wochen mit der fairen T\u00fcte<\/a>\n\t<\/h3>\n\n\t<div class=\"entry-meta\"><span class=\"category-link\"><a href=\"https:\/\/weltlaeden.de\/weissenhorn\/category\/neues\/\" >Neuigkeiten<\/a><\/span><a class=\"author vcard\" href=\"https:\/\/weltlaeden.de\/weissenhorn\/author\/weissenhorn\/\" title=\"Zeige alle Beitr\u00e4ge von weissenhorn\" rel=\"author\">Von <span class=\"fn\">weissenhorn<\/span><\/a><a href=\"https:\/\/weltlaeden.de\/weissenhorn\/2022\/01\/29\/\" title=\"20:25\" class=\"data-link\" rel=\"bookmark\"><time class=\"entry-date updated\" datetime=\"2022-01-29T20:25:59+01:00\">29. Januar 2022<\/time><\/a><\/div>\n\t<div class=\"entry-excerpt\"><p>Die sieben Wochen der Fastenzeit sind eine gute Gelegenheit, \u00fcber unsere Konsumgewohnheiten nachzudenken \u2013 und sie genussvoll zu ver\u00e4ndern, sagte sich das Team des Wei\u00dfenhorner Weltladens. Und so nutzt der Weltladen zusammen mit evangelischer und katholischer Kirchengemeinde und dem Frauenbund Wei\u00dfenhorn die Zeit von Aschermittwoch bis Ostern f\u00fcr ein Angebot der besonderen Art: Die faire&hellip;<\/p>\n<\/div>\n\t\n<a href=\"https:\/\/weltlaeden.de\/weissenhorn\/das-plus-mit-genuss-sieben-wochen-mit-der-fairen-tuete\/\" class=\"post-details details-type-link\" aria-label=\"Read more about Das &#8222;Plus mit Genuss&#8220; sieben Wochen mit der fairen T\u00fcte\">Read more<i class=\"dt-icon-the7-arrow-03\" aria-hidden=\"true\"><\/i><\/a>\n\n<\/div><\/article><\/div><div class=\"visible wf-cell iso-item\" data-post-id=\"753\" data-date=\"2021-11-29T20:14:38+01:00\" data-name=\"Es weihnachtet  fair\"><article class=\"post project-odd visible post-753 type-post status-publish format-standard has-post-thumbnail hentry category-neues category-8\" data-name=\"Es weihnachtet  fair\" data-date=\"2021-11-29T20:14:38+01:00\">\n\n<div class=\"post-thumbnail-wrap\">\n\t<div class=\"post-thumbnail\">\n\t\t\n\t\t\n\t\t<a href=\"https:\/\/weltlaeden.de\/weissenhorn\/es-weihnachtet-fair\/\" class=\"post-thumbnail-rollover layzr-bg layzr-bg\" ><img decoding=\"async\" class=\"iso-lazy-load preload-me iso-lazy-load aspect\" src=\"data:image\/svg+xml,%3Csvg%20xmlns%3D&#39;http%3A%2F%2Fwww.w3.org%2F2000%2Fsvg&#39;%20viewBox%3D&#39;0%200%20745%20496&#39;%2F%3E\" data-src=\"https:\/\/weltlaeden.de\/weissenhorn\/wp-content\/uploads\/sites\/129\/2021\/11\/85D7F098-189A-47F8-9FDB-061CEEF75565_1_105_c-745x496.jpeg\" data-srcset=\"https:\/\/weltlaeden.de\/weissenhorn\/wp-content\/uploads\/sites\/129\/2021\/11\/85D7F098-189A-47F8-9FDB-061CEEF75565_1_105_c-745x496.jpeg 745w\" loading=\"eager\" style=\"--ratio: 745 \/ 496\" sizes=\"(max-width: 745px) 100vw, 745px\" alt=\"\" title=\"85D7F098-189A-47F8-9FDB-061CEEF75565_1_105_c\" width=\"745\" height=\"496\"  \/><\/a>\t<\/div>\n<\/div>\n\n\n<div class=\"post-entry-content\">\n\n\t<h3 class=\"entry-title\">\n\t\t<a href=\"https:\/\/weltlaeden.de\/weissenhorn\/es-weihnachtet-fair\/\" title=\"Es weihnachtet  fair\" rel=\"bookmark\">Es weihnachtet  fair<\/a>\n\t<\/h3>\n\n\t<div class=\"entry-meta\"><span class=\"category-link\"><a href=\"https:\/\/weltlaeden.de\/weissenhorn\/category\/neues\/\" >Neuigkeiten<\/a><\/span><a class=\"author vcard\" href=\"https:\/\/weltlaeden.de\/weissenhorn\/author\/weissenhorn\/\" title=\"Zeige alle Beitr\u00e4ge von weissenhorn\" rel=\"author\">Von <span class=\"fn\">weissenhorn<\/span><\/a><a href=\"https:\/\/weltlaeden.de\/weissenhorn\/2021\/11\/29\/\" title=\"20:14\" class=\"data-link\" rel=\"bookmark\"><time class=\"entry-date updated\" datetime=\"2021-11-29T20:14:38+01:00\">29. November 2021<\/time><\/a><\/div>\n\t<div class=\"entry-excerpt\"><p>&nbsp; Unser Schaufenster zur Weihnachtszeit zeigt Ihnen Geschenkideen f\u00fcr die Liebste! f\u00fcr M\u00e4nner! f\u00fcr Kinder! \u00a0 \u00a0 \u00a0 \u00a0f\u00fcr Kaffeeliebhaberinnen! \u00a0 \u00a0 \u00a0 \u00a0 \u00a0 \u00a0 \u00a0f\u00fcr den Gourmet! \u00a0 \u00a0 \u00a0 \u00a0 \u00a0 \u00a0 \u00a0 \u00a0 \u00a0 und f\u00fcr alle die etwas fairschenken! !in der Adventszeit ist unser Weltladen auch Montag Nachmittag\u00a0 ge\u00f6ffnet von&hellip;<\/p>\n<\/div>\n\t\n<a href=\"https:\/\/weltlaeden.de\/weissenhorn\/es-weihnachtet-fair\/\" class=\"post-details details-type-link\" aria-label=\"Read more about Es weihnachtet  fair\">Read more<i class=\"dt-icon-the7-arrow-03\" aria-hidden=\"true\"><\/i><\/a>\n\n<\/div><\/article><\/div><div class=\"visible wf-cell iso-item\" data-post-id=\"740\" data-date=\"2021-10-13T20:57:27+02:00\" data-name=\"wir sammeln gebrauchte Mobiltelefone\"><article class=\"post project-odd visible post-740 type-post status-publish format-standard has-post-thumbnail hentry category-allgemein category-neues category-1 category-8\" data-name=\"wir sammeln gebrauchte Mobiltelefone\" data-date=\"2021-10-13T20:57:27+02:00\">\n\n<div class=\"post-thumbnail-wrap\">\n\t<div class=\"post-thumbnail\">\n\t\t\n\t\t\n\t\t<a href=\"https:\/\/weltlaeden.de\/weissenhorn\/wir-sammeln-gebrauchte-mobiltelefone\/\" class=\"post-thumbnail-rollover layzr-bg layzr-bg\" ><img decoding=\"async\" class=\"iso-lazy-load preload-me iso-lazy-load aspect\" src=\"data:image\/svg+xml,%3Csvg%20xmlns%3D&#39;http%3A%2F%2Fwww.w3.org%2F2000%2Fsvg&#39;%20viewBox%3D&#39;0%200%20647%20431&#39;%2F%3E\" data-src=\"https:\/\/weltlaeden.de\/weissenhorn\/wp-content\/uploads\/sites\/129\/2021\/10\/2A16B7D0-8685-454C-AEBF-30016A82A73A_1_105_c-e1634154764216-647x431.jpeg\" data-srcset=\"https:\/\/weltlaeden.de\/weissenhorn\/wp-content\/uploads\/sites\/129\/2021\/10\/2A16B7D0-8685-454C-AEBF-30016A82A73A_1_105_c-e1634154764216-647x431.jpeg 647w\" loading=\"eager\" style=\"--ratio: 647 \/ 431\" sizes=\"(max-width: 647px) 100vw, 647px\" alt=\"\" title=\"2A16B7D0-8685-454C-AEBF-30016A82A73A_1_105_c\" width=\"647\" height=\"431\"  \/><\/a>\t<\/div>\n<\/div>\n\n\n<div class=\"post-entry-content\">\n\n\t<h3 class=\"entry-title\">\n\t\t<a href=\"https:\/\/weltlaeden.de\/weissenhorn\/wir-sammeln-gebrauchte-mobiltelefone\/\" title=\"wir sammeln gebrauchte Mobiltelefone\" rel=\"bookmark\">wir sammeln gebrauchte Mobiltelefone<\/a>\n\t<\/h3>\n\n\t<div class=\"entry-meta\"><span class=\"category-link\"><a href=\"https:\/\/weltlaeden.de\/weissenhorn\/category\/allgemein\/\" >Keine Kategorie<\/a>, <a href=\"https:\/\/weltlaeden.de\/weissenhorn\/category\/neues\/\" >Neuigkeiten<\/a><\/span><a class=\"author vcard\" href=\"https:\/\/weltlaeden.de\/weissenhorn\/author\/weissenhorn\/\" title=\"Zeige alle Beitr\u00e4ge von weissenhorn\" rel=\"author\">Von <span class=\"fn\">weissenhorn<\/span><\/a><a href=\"https:\/\/weltlaeden.de\/weissenhorn\/2021\/10\/13\/\" title=\"20:57\" class=\"data-link\" rel=\"bookmark\"><time class=\"entry-date updated\" datetime=\"2021-10-13T20:57:27+02:00\">13. Oktober 2021<\/time><\/a><\/div>\n\t<div class=\"entry-excerpt\"><p>\u00fcber\u00a0 100 Millionen alte Handys warten auf eine sichere Entsorgung. Tun Sie Gutes und sch\u00fctzen Sie mit uns die Umwelt. Mit der R\u00fcckgabe Ihres alten oder ungenutzten Handys tragen Sie dazu bei, wertvolle Rohstoffe zu sichern. Alle gesammelten Endger\u00e4te werden fachgerecht recycelt oder nach einer zertifizierten\u00a0Datenl\u00f6schung weiterverwertet. Aus den Erl\u00f6sen unterst\u00fctzt die Telekom gemeinn\u00fctzige Organisationen.&hellip;<\/p>\n<\/div>\n\t\n<a href=\"https:\/\/weltlaeden.de\/weissenhorn\/wir-sammeln-gebrauchte-mobiltelefone\/\" class=\"post-details details-type-link\" aria-label=\"Read more about wir sammeln gebrauchte Mobiltelefone\">Read more<i class=\"dt-icon-the7-arrow-03\" aria-hidden=\"true\"><\/i><\/a>\n\n<\/div><\/article><\/div><div class=\"visible wf-cell iso-item\" data-post-id=\"688\" data-date=\"2021-03-21T12:02:47+01:00\" data-name=\"Rezeptbuch\"><article class=\"post project-odd visible post-688 type-post status-publish format-standard has-post-thumbnail hentry category-neues category-rezepte category-8 category-13\" data-name=\"Rezeptbuch\" data-date=\"2021-03-21T12:02:47+01:00\">\n\n<div class=\"post-thumbnail-wrap\">\n\t<div class=\"post-thumbnail\">\n\t\t\n\t\t\n\t\t<a href=\"https:\/\/weltlaeden.de\/weissenhorn\/rezeptbuch\/\" class=\"post-thumbnail-rollover layzr-bg layzr-bg\" ><img decoding=\"async\" class=\"iso-lazy-load preload-me iso-lazy-load aspect\" src=\"data:image\/svg+xml,%3Csvg%20xmlns%3D&#39;http%3A%2F%2Fwww.w3.org%2F2000%2Fsvg&#39;%20viewBox%3D&#39;0%200%20321%20214&#39;%2F%3E\" data-src=\"https:\/\/weltlaeden.de\/weissenhorn\/wp-content\/uploads\/sites\/129\/2021\/03\/2021-03-RezeptBuchmat2-e1616324433648-321x214.jpg\" data-srcset=\"https:\/\/weltlaeden.de\/weissenhorn\/wp-content\/uploads\/sites\/129\/2021\/03\/2021-03-RezeptBuchmat2-e1616324433648-321x214.jpg 321w\" loading=\"eager\" style=\"--ratio: 321 \/ 214\" sizes=\"(max-width: 321px) 100vw, 321px\" alt=\"\" title=\"2021-03-RezeptBuchmat2\" width=\"321\" height=\"214\"  \/><\/a>\t<\/div>\n<\/div>\n\n\n<div class=\"post-entry-content\">\n\n\t<h3 class=\"entry-title\">\n\t\t<a href=\"https:\/\/weltlaeden.de\/weissenhorn\/rezeptbuch\/\" title=\"Rezeptbuch\" rel=\"bookmark\">Rezeptbuch<\/a>\n\t<\/h3>\n\n\t<div class=\"entry-meta\"><span class=\"category-link\"><a href=\"https:\/\/weltlaeden.de\/weissenhorn\/category\/neues\/\" >Neuigkeiten<\/a>, <a href=\"https:\/\/weltlaeden.de\/weissenhorn\/category\/rezepte\/\" >Rezepte<\/a><\/span><a class=\"author vcard\" href=\"https:\/\/weltlaeden.de\/weissenhorn\/author\/weissenhorn\/\" title=\"Zeige alle Beitr\u00e4ge von weissenhorn\" rel=\"author\">Von <span class=\"fn\">weissenhorn<\/span><\/a><a href=\"https:\/\/weltlaeden.de\/weissenhorn\/2021\/03\/21\/\" title=\"12:02\" class=\"data-link\" rel=\"bookmark\"><time class=\"entry-date updated\" datetime=\"2021-03-21T12:02:47+01:00\">21. M\u00e4rz 2021<\/time><\/a><\/div>\n\t<div class=\"entry-excerpt\"><\/div>\n\t\n<a href=\"https:\/\/weltlaeden.de\/weissenhorn\/rezeptbuch\/\" class=\"post-details details-type-link\" aria-label=\"Read more about Rezeptbuch\">Read more<i class=\"dt-icon-the7-arrow-03\" aria-hidden=\"true\"><\/i><\/a>\n\n<\/div><\/article><\/div><div class=\"visible wf-cell iso-item\" data-post-id=\"666\" data-date=\"2020-12-23T09:18:12+01:00\" data-name=\"Weihnachts- und Neujahrsw\u00fcnsche\"><article class=\"post project-odd visible post-666 type-post status-publish format-standard has-post-thumbnail hentry category-allgemein category-neues category-1 category-8\" data-name=\"Weihnachts- und Neujahrsw\u00fcnsche\" data-date=\"2020-12-23T09:18:12+01:00\">\n\n<div class=\"post-thumbnail-wrap\">\n\t<div class=\"post-thumbnail\">\n\t\t\n\t\t\n\t\t<a href=\"https:\/\/weltlaeden.de\/weissenhorn\/weihnachts-und-neujahrswuensche\/\" class=\"post-thumbnail-rollover layzr-bg layzr-bg\" ><img decoding=\"async\" class=\"iso-lazy-load preload-me iso-lazy-load aspect\" src=\"data:image\/svg+xml,%3Csvg%20xmlns%3D&#39;http%3A%2F%2Fwww.w3.org%2F2000%2Fsvg&#39;%20viewBox%3D&#39;0%200%20645%20430&#39;%2F%3E\" data-src=\"https:\/\/weltlaeden.de\/weissenhorn\/wp-content\/uploads\/sites\/129\/2020\/12\/Weihnachtswuensche-e1608716041897-645x430.jpg\" data-srcset=\"https:\/\/weltlaeden.de\/weissenhorn\/wp-content\/uploads\/sites\/129\/2020\/12\/Weihnachtswuensche-e1608716041897-645x430.jpg 645w\" loading=\"eager\" style=\"--ratio: 645 \/ 430\" sizes=\"(max-width: 645px) 100vw, 645px\" alt=\"\" title=\"Weihnachtswuensche\" width=\"645\" height=\"430\"  \/><\/a>\t<\/div>\n<\/div>\n\n\n<div class=\"post-entry-content\">\n\n\t<h3 class=\"entry-title\">\n\t\t<a href=\"https:\/\/weltlaeden.de\/weissenhorn\/weihnachts-und-neujahrswuensche\/\" title=\"Weihnachts- und Neujahrsw\u00fcnsche\" rel=\"bookmark\">Weihnachts- und Neujahrsw\u00fcnsche<\/a>\n\t<\/h3>\n\n\t<div class=\"entry-meta\"><span class=\"category-link\"><a href=\"https:\/\/weltlaeden.de\/weissenhorn\/category\/allgemein\/\" >Keine Kategorie<\/a>, <a href=\"https:\/\/weltlaeden.de\/weissenhorn\/category\/neues\/\" >Neuigkeiten<\/a><\/span><a class=\"author vcard\" href=\"https:\/\/weltlaeden.de\/weissenhorn\/author\/weissenhorn\/\" title=\"Zeige alle Beitr\u00e4ge von weissenhorn\" rel=\"author\">Von <span class=\"fn\">weissenhorn<\/span><\/a><a href=\"https:\/\/weltlaeden.de\/weissenhorn\/2020\/12\/23\/\" title=\"9:18\" class=\"data-link\" rel=\"bookmark\"><time class=\"entry-date updated\" datetime=\"2020-12-23T09:18:12+01:00\">23. Dezember 2020<\/time><\/a><\/div>\n\t<div class=\"entry-excerpt\"><p>Wir w\u00fcnschen unseren Kunden ein friedliches und gesegnetes Weihnachtsfest! f\u00fcr das neue Jahr Gesundheit\u00a0und viel Gl\u00fcck! Vielen Dank an Alle, dass Sie uns in diesem schwierigen Jahr die Treue gehalten haben, ohne Ihre Unterst\u00fctzung h\u00e4tten wir die herausfordernde Zeit nicht so gut \u00fcberstanden<\/p>\n<\/div>\n\t\n<a href=\"https:\/\/weltlaeden.de\/weissenhorn\/weihnachts-und-neujahrswuensche\/\" class=\"post-details details-type-link\" aria-label=\"Read more about Weihnachts- und Neujahrsw\u00fcnsche\">Read more<i class=\"dt-icon-the7-arrow-03\" aria-hidden=\"true\"><\/i><\/a>\n\n<\/div><\/article><\/div><div class=\"visible wf-cell iso-item\" data-post-id=\"649\" data-date=\"2020-11-21T17:57:43+01:00\" data-name=\"Der  faire Adventskalender\"><article class=\"post project-odd visible post-649 type-post status-publish format-standard has-post-thumbnail hentry category-neues category-8\" data-name=\"Der  faire Adventskalender\" data-date=\"2020-11-21T17:57:43+01:00\">\n\n<div class=\"post-thumbnail-wrap\">\n\t<div class=\"post-thumbnail\">\n\t\t\n\t\t\n\t\t<a href=\"https:\/\/weltlaeden.de\/weissenhorn\/der-faire-adventskalender\/\" class=\"post-thumbnail-rollover layzr-bg layzr-bg\" ><img decoding=\"async\" class=\"iso-lazy-load preload-me iso-lazy-load aspect\" src=\"data:image\/svg+xml,%3Csvg%20xmlns%3D&#39;http%3A%2F%2Fwww.w3.org%2F2000%2Fsvg&#39;%20viewBox%3D&#39;0%200%20768%20512&#39;%2F%3E\" data-src=\"https:\/\/weltlaeden.de\/weissenhorn\/wp-content\/uploads\/sites\/129\/2020\/11\/5E04AC90-8136-40F5-85B6-378380799177_1_105_c-768x512.jpeg\" data-srcset=\"https:\/\/weltlaeden.de\/weissenhorn\/wp-content\/uploads\/sites\/129\/2020\/11\/5E04AC90-8136-40F5-85B6-378380799177_1_105_c-768x512.jpeg 768w, https:\/\/weltlaeden.de\/weissenhorn\/wp-content\/uploads\/sites\/129\/2020\/11\/5E04AC90-8136-40F5-85B6-378380799177_1_105_c-927x618.jpeg 927w\" loading=\"eager\" style=\"--ratio: 768 \/ 512\" sizes=\"(max-width: 768px) 100vw, 768px\" alt=\"\" title=\"5E04AC90-8136-40F5-85B6-378380799177_1_105_c\" width=\"768\" height=\"512\"  \/><\/a>\t<\/div>\n<\/div>\n\n\n<div class=\"post-entry-content\">\n\n\t<h3 class=\"entry-title\">\n\t\t<a href=\"https:\/\/weltlaeden.de\/weissenhorn\/der-faire-adventskalender\/\" title=\"Der  faire Adventskalender\" rel=\"bookmark\">Der  faire Adventskalender<\/a>\n\t<\/h3>\n\n\t<div class=\"entry-meta\"><span class=\"category-link\"><a href=\"https:\/\/weltlaeden.de\/weissenhorn\/category\/neues\/\" >Neuigkeiten<\/a><\/span><a class=\"author vcard\" href=\"https:\/\/weltlaeden.de\/weissenhorn\/author\/weissenhorn\/\" title=\"Zeige alle Beitr\u00e4ge von weissenhorn\" rel=\"author\">Von <span class=\"fn\">weissenhorn<\/span><\/a><a href=\"https:\/\/weltlaeden.de\/weissenhorn\/2020\/11\/21\/\" title=\"17:57\" class=\"data-link\" rel=\"bookmark\"><time class=\"entry-date updated\" datetime=\"2020-11-21T17:57:43+01:00\">21. November 2020<\/time><\/a><\/div>\n\t<div class=\"entry-excerpt\"><p>Mit feinsten Pralinen und schokolierten Fr\u00fcchten, alle in dem kleinen kolumbianischen Unternehmen \u201eColor Cacao\u201c in aufw\u00e4ndiger Handarbeit geformt, ist der \u201efaire Adventskalender\u201c gef\u00fcllt, den der Wei\u00dfenhorner Weltladen heuer in seinem Sortiment hat. Die Zeiten sind vorbei, in denen Adventskalender nur f\u00fcr Kinder waren. Auch Erwachsene freuen sich, wenn es in der Vorweihnachtszeit jeden Tag eine&hellip;<\/p>\n<\/div>\n\t\n<a href=\"https:\/\/weltlaeden.de\/weissenhorn\/der-faire-adventskalender\/\" class=\"post-details details-type-link\" aria-label=\"Read more about Der  faire Adventskalender\">Read more<i class=\"dt-icon-the7-arrow-03\" aria-hidden=\"true\"><\/i><\/a>\n\n<\/div><\/article><\/div><div class=\"visible wf-cell iso-item\" data-post-id=\"635\" data-date=\"2020-11-11T12:01:50+01:00\" data-name=\"Fairer Nikolaus trotzt dem Weihnachtsmann\"><article class=\"post project-odd visible post-635 type-post status-publish format-standard has-post-thumbnail hentry category-neues category-8\" data-name=\"Fairer Nikolaus trotzt dem Weihnachtsmann\" data-date=\"2020-11-11T12:01:50+01:00\">\n\n<div class=\"post-thumbnail-wrap\">\n\t<div class=\"post-thumbnail\">\n\t\t\n\t\t\n\t\t<a href=\"https:\/\/weltlaeden.de\/weissenhorn\/fairer-nikolaus-trotzt-dem-weihnachtsmann\/\" class=\"post-thumbnail-rollover layzr-bg layzr-bg\" ><img decoding=\"async\" class=\"iso-lazy-load preload-me iso-lazy-load aspect\" src=\"data:image\/svg+xml,%3Csvg%20xmlns%3D&#39;http%3A%2F%2Fwww.w3.org%2F2000%2Fsvg&#39;%20viewBox%3D&#39;0%200%20768%20512&#39;%2F%3E\" data-src=\"https:\/\/weltlaeden.de\/weissenhorn\/wp-content\/uploads\/sites\/129\/2020\/11\/2020-11_Nikolaus_1200x600-768x512.jpg\" data-srcset=\"https:\/\/weltlaeden.de\/weissenhorn\/wp-content\/uploads\/sites\/129\/2020\/11\/2020-11_Nikolaus_1200x600-768x512.jpg 768w, https:\/\/weltlaeden.de\/weissenhorn\/wp-content\/uploads\/sites\/129\/2020\/11\/2020-11_Nikolaus_1200x600-900x600.jpg 900w\" loading=\"eager\" style=\"--ratio: 768 \/ 512\" sizes=\"(max-width: 768px) 100vw, 768px\" alt=\"\" title=\"2020-11_Nikolaus_1200x600\" width=\"768\" height=\"512\"  \/><\/a>\t<\/div>\n<\/div>\n\n\n<div class=\"post-entry-content\">\n\n\t<h3 class=\"entry-title\">\n\t\t<a href=\"https:\/\/weltlaeden.de\/weissenhorn\/fairer-nikolaus-trotzt-dem-weihnachtsmann\/\" title=\"Fairer Nikolaus trotzt dem Weihnachtsmann\" rel=\"bookmark\">Fairer Nikolaus trotzt dem Weihnachtsmann<\/a>\n\t<\/h3>\n\n\t<div class=\"entry-meta\"><span class=\"category-link\"><a href=\"https:\/\/weltlaeden.de\/weissenhorn\/category\/neues\/\" >Neuigkeiten<\/a><\/span><a class=\"author vcard\" href=\"https:\/\/weltlaeden.de\/weissenhorn\/author\/weissenhorn\/\" title=\"Zeige alle Beitr\u00e4ge von weissenhorn\" rel=\"author\">Von <span class=\"fn\">weissenhorn<\/span><\/a><a href=\"https:\/\/weltlaeden.de\/weissenhorn\/2020\/11\/11\/\" title=\"12:01\" class=\"data-link\" rel=\"bookmark\"><time class=\"entry-date updated\" datetime=\"2020-11-11T12:01:50+01:00\">11. November 2020<\/time><\/a><\/div>\n\t<div class=\"entry-excerpt\"><p>Was vor siebzehn Jahren begann,\u00a0\u00a0 ist inzwischen aus der Adventszeit nicht mehr wegzudenken: Damals hat das Fair Handelsunternehmen GEPA dem kommerziellen Weihnachtsmann aus Schokolade mit roter Pelzm\u00fctze den ersten fairen Schokobischof mit Mitra und Bischofsstab entgegengesetzt. Dessen Beliebtheit ist ungebrochen: auch in diesem Jahr hat ihn der Wei\u00dfenhorner Weltladen wieder in seinem Sortiment. &#8220; Wir&hellip;<\/p>\n<\/div>\n\t\n<a href=\"https:\/\/weltlaeden.de\/weissenhorn\/fairer-nikolaus-trotzt-dem-weihnachtsmann\/\" class=\"post-details details-type-link\" aria-label=\"Read more about Fairer Nikolaus trotzt dem Weihnachtsmann\">Read more<i class=\"dt-icon-the7-arrow-03\" aria-hidden=\"true\"><\/i><\/a>\n\n<\/div><\/article><\/div><\/div><!-- iso-container|iso-grid --><\/div>[\/vc_column][\/vc_row]<\/p>\n<\/div>","protected":false},"excerpt":{"rendered":"<p>[vc_row][vc_column][\/vc_column][\/vc_row]<\/p>\n","protected":false},"author":191,"featured_media":0,"parent":0,"menu_order":0,"comment_status":"closed","ping_status":"closed","template":"","meta":{"footnotes":""},"class_list":["post-592","page","type-page","status-publish","hentry","description-off"],"yoast_head":"<!-- This site is optimized with the Yoast SEO plugin v26.8 - https:\/\/yoast.com\/product\/yoast-seo-wordpress\/ -->\n<title>Neuigkeiten - Weltladen Wei\u00dfenhorn<\/title>\n<meta name=\"robots\" content=\"index, follow, max-snippet:-1, max-image-preview:large, max-video-preview:-1\" \/>\n<link rel=\"canonical\" href=\"https:\/\/weltlaeden.de\/weissenhorn\/neuigkeiten-2\/\" \/>\n<meta property=\"og:locale\" content=\"de_DE\" \/>\n<meta property=\"og:type\" content=\"article\" \/>\n<meta property=\"og:title\" content=\"Neuigkeiten - Weltladen Wei\u00dfenhorn\" \/>\n<meta property=\"og:description\" content=\"[vc_row][vc_column][\/vc_column][\/vc_row]\" \/>\n<meta property=\"og:url\" content=\"https:\/\/weltlaeden.de\/weissenhorn\/neuigkeiten-2\/\" \/>\n<meta property=\"og:site_name\" content=\"Weltladen Wei\u00dfenhorn\" \/>\n<meta property=\"article:modified_time\" content=\"2020-10-28T10:09:16+00:00\" \/>\n<meta name=\"twitter:card\" content=\"summary_large_image\" \/>\n<script type=\"application\/ld+json\" class=\"yoast-schema-graph\">{\"@context\":\"https:\/\/schema.org\",\"@graph\":[{\"@type\":\"WebPage\",\"@id\":\"https:\/\/weltlaeden.de\/weissenhorn\/neuigkeiten-2\/\",\"url\":\"https:\/\/weltlaeden.de\/weissenhorn\/neuigkeiten-2\/\",\"name\":\"Neuigkeiten - Weltladen Wei\u00dfenhorn\",\"isPartOf\":{\"@id\":\"https:\/\/weltlaeden.de\/weissenhorn\/#website\"},\"datePublished\":\"2020-10-21T08:41:34+00:00\",\"dateModified\":\"2020-10-28T10:09:16+00:00\",\"breadcrumb\":{\"@id\":\"https:\/\/weltlaeden.de\/weissenhorn\/neuigkeiten-2\/#breadcrumb\"},\"inLanguage\":\"de\",\"potentialAction\":[{\"@type\":\"ReadAction\",\"target\":[\"https:\/\/weltlaeden.de\/weissenhorn\/neuigkeiten-2\/\"]}]},{\"@type\":\"BreadcrumbList\",\"@id\":\"https:\/\/weltlaeden.de\/weissenhorn\/neuigkeiten-2\/#breadcrumb\",\"itemListElement\":[{\"@type\":\"ListItem\",\"position\":1,\"name\":\"Startseite\",\"item\":\"https:\/\/weltlaeden.de\/weissenhorn\/\"},{\"@type\":\"ListItem\",\"position\":2,\"name\":\"Neuigkeiten\"}]},{\"@type\":\"WebSite\",\"@id\":\"https:\/\/weltlaeden.de\/weissenhorn\/#website\",\"url\":\"https:\/\/weltlaeden.de\/weissenhorn\/\",\"name\":\"Weltladen Wei\u00dfenhorn\",\"description\":\"Faire Produkte seit 1990\",\"potentialAction\":[{\"@type\":\"SearchAction\",\"target\":{\"@type\":\"EntryPoint\",\"urlTemplate\":\"https:\/\/weltlaeden.de\/weissenhorn\/?s={search_term_string}\"},\"query-input\":{\"@type\":\"PropertyValueSpecification\",\"valueRequired\":true,\"valueName\":\"search_term_string\"}}],\"inLanguage\":\"de\"}]}<\/script>\n<!-- \/ Yoast SEO plugin. -->","yoast_head_json":{"title":"Neuigkeiten - Weltladen Wei\u00dfenhorn","robots":{"index":"index","follow":"follow","max-snippet":"max-snippet:-1","max-image-preview":"max-image-preview:large","max-video-preview":"max-video-preview:-1"},"canonical":"https:\/\/weltlaeden.de\/weissenhorn\/neuigkeiten-2\/","og_locale":"de_DE","og_type":"article","og_title":"Neuigkeiten - Weltladen Wei\u00dfenhorn","og_description":"[vc_row][vc_column][\/vc_column][\/vc_row]","og_url":"https:\/\/weltlaeden.de\/weissenhorn\/neuigkeiten-2\/","og_site_name":"Weltladen Wei\u00dfenhorn","article_modified_time":"2020-10-28T10:09:16+00:00","twitter_card":"summary_large_image","schema":{"@context":"https:\/\/schema.org","@graph":[{"@type":"WebPage","@id":"https:\/\/weltlaeden.de\/weissenhorn\/neuigkeiten-2\/","url":"https:\/\/weltlaeden.de\/weissenhorn\/neuigkeiten-2\/","name":"Neuigkeiten - Weltladen Wei\u00dfenhorn","isPartOf":{"@id":"https:\/\/weltlaeden.de\/weissenhorn\/#website"},"datePublished":"2020-10-21T08:41:34+00:00","dateModified":"2020-10-28T10:09:16+00:00","breadcrumb":{"@id":"https:\/\/weltlaeden.de\/weissenhorn\/neuigkeiten-2\/#breadcrumb"},"inLanguage":"de","potentialAction":[{"@type":"ReadAction","target":["https:\/\/weltlaeden.de\/weissenhorn\/neuigkeiten-2\/"]}]},{"@type":"BreadcrumbList","@id":"https:\/\/weltlaeden.de\/weissenhorn\/neuigkeiten-2\/#breadcrumb","itemListElement":[{"@type":"ListItem","position":1,"name":"Startseite","item":"https:\/\/weltlaeden.de\/weissenhorn\/"},{"@type":"ListItem","position":2,"name":"Neuigkeiten"}]},{"@type":"WebSite","@id":"https:\/\/weltlaeden.de\/weissenhorn\/#website","url":"https:\/\/weltlaeden.de\/weissenhorn\/","name":"Weltladen Wei\u00dfenhorn","description":"Faire Produkte seit 1990","potentialAction":[{"@type":"SearchAction","target":{"@type":"EntryPoint","urlTemplate":"https:\/\/weltlaeden.de\/weissenhorn\/?s={search_term_string}"},"query-input":{"@type":"PropertyValueSpecification","valueRequired":true,"valueName":"search_term_string"}}],"inLanguage":"de"}]}},"_links":{"self":[{"href":"https:\/\/weltlaeden.de\/weissenhorn\/wp-json\/wp\/v2\/pages\/592","targetHints":{"allow":["GET"]}}],"collection":[{"href":"https:\/\/weltlaeden.de\/weissenhorn\/wp-json\/wp\/v2\/pages"}],"about":[{"href":"https:\/\/weltlaeden.de\/weissenhorn\/wp-json\/wp\/v2\/types\/page"}],"author":[{"embeddable":true,"href":"https:\/\/weltlaeden.de\/weissenhorn\/wp-json\/wp\/v2\/users\/191"}],"replies":[{"embeddable":true,"href":"https:\/\/weltlaeden.de\/weissenhorn\/wp-json\/wp\/v2\/comments?post=592"}],"version-history":[{"count":4,"href":"https:\/\/weltlaeden.de\/weissenhorn\/wp-json\/wp\/v2\/pages\/592\/revisions"}],"predecessor-version":[{"id":608,"href":"https:\/\/weltlaeden.de\/weissenhorn\/wp-json\/wp\/v2\/pages\/592\/revisions\/608"}],"wp:attachment":[{"href":"https:\/\/weltlaeden.de\/weissenhorn\/wp-json\/wp\/v2\/media?parent=592"}],"curies":[{"name":"wp","href":"https:\/\/api.w.org\/{rel}","templated":true}]}}