{"id":20,"date":"2016-03-10T16:45:06","date_gmt":"2016-10-14T07:05:21","guid":{"rendered":"https:\/\/wl.heimpixel.de\/vorlage\/weltladen-musterdorf\/"},"modified":"2026-04-02T10:27:26","modified_gmt":"2026-04-02T08:27:26","slug":"weltladen-weissenhorn","status":"publish","type":"page","link":"https:\/\/weltlaeden.de\/weissenhorn\/","title":{"rendered":"Weltladen Wei\u00dfenhorn"},"content":{"rendered":"<div class=\"wpb-content-wrapper\"><p>[vc_row][vc_column]<div class=\"wl_einzelbild\"><p><img loading=\"lazy\" decoding=\"async\" class=\"alignnone wp-image-512\" src=\"https:\/\/weltlaeden.de\/weissenhorn\/wp-content\/uploads\/sites\/129\/2020\/09\/IMG_3995-300x228.jpg\" alt=\"\" width=\"601\" height=\"457\" srcset=\"https:\/\/weltlaeden.de\/weissenhorn\/wp-content\/uploads\/sites\/129\/2020\/09\/IMG_3995-300x228.jpg 300w, https:\/\/weltlaeden.de\/weissenhorn\/wp-content\/uploads\/sites\/129\/2020\/09\/IMG_3995-768x583.jpg 768w, https:\/\/weltlaeden.de\/weissenhorn\/wp-content\/uploads\/sites\/129\/2020\/09\/IMG_3995-1024x777.jpg 1024w, https:\/\/weltlaeden.de\/weissenhorn\/wp-content\/uploads\/sites\/129\/2020\/09\/IMG_3995.jpg 1920w\" sizes=\"auto, (max-width: 601px) 100vw, 601px\" \/><\/p><\/div>[vc_empty_space height=&#8220;20px&#8220;][\/vc_column][\/vc_row][vc_row][vc_column][vc_column_text]<\/p>\n<h1 style=\"text-align: left\">Willkommen im Weltladen Wei\u00dfenhorn!<\/h1>\n<p>[\/vc_column_text][vc_column_text]Unser <strong>Verein<\/strong> \u201eWeltladen Wei\u00dfenhorn- Eine Welt e.V.\u201c<br \/>\nbesteht aus ca. 150 Mitgliedern.<\/p>\n<p>Werden auch Sie gerne <strong>Mitglied<br \/>\n<\/strong>(Einzelmitgliedschaft ab 15 \u20ac, Paare ab 20 \u20ac).<\/p>\n<p>Zus\u00e4tzliche <strong>Mitarbeiter*innen<\/strong> im Weltladen sind jederzeit herzlich willkommen!<\/p>\n<p>Vorstand und Beir\u00e4te beraten Sie gerne,<br \/>\nwenn Sie etwas Zeit und Lust zur Mitarbeit haben.<\/p>\n<p><strong>Vorst\u00e4nde:<\/strong><br \/>\nFranz Snehotta \u00a0(Tel. 07309\/425509<br \/>\nE-Mail: <a href=\"mailto:franz.snehotta@t-online.de\">franz.snehotta@t-online.de<\/a>)<\/p>\n<p>Monika Meixner(Tel. 07309\/427920)<\/p>\n<p><strong>Schriftf\u00fchrer<\/strong>: Marianne Stetter<\/p>\n<p><strong>Kassiererin<\/strong>: Iris-Konard Merk<\/p>\n<p><strong>Beir\u00e4te:<\/strong><\/p>\n<p>Wolfgang Wei\u00df, Maria Wei\u00df, Uschi Ott, Jutta Hoffmann, Birgitt Otremba[\/vc_column_text][vc_empty_space height=&#8220;30px&#8220;][\/vc_column][\/vc_row][vc_row][vc_column][vc_column_text]<\/p>\n<h2>Was Sie auf dieser Website finden:<\/h2>\n<p>[\/vc_column_text][vc_empty_space height=&#8220;20px&#8220;][vc_row_inner][vc_column_inner width=&#8220;1\/4&#8243;]<div class=\"wl_einzelbild\"><p><img loading=\"lazy\" decoding=\"async\" class=\"alignleft size-thumbnail wp-image-nsm-3-15\" src=\"https:\/\/weltlaeden.de\/weissenhorn\/wp-content\/uploads\/sites\/3\/2016\/11\/FairerHandel_ElPuente_Fingerpuppen_EccoExe_Peru-150x150.jpg\" alt=\"\" width=\"150\" height=\"150\" \/><\/p><\/div>[\/vc_column_inner][vc_column_inner width=&#8220;3\/4&#8243;][vc_column_text]<\/p>\n<h3>Fairer Handel<\/h3>\n<p>Was meint Fairer Handel \u00fcberhaupt? Welche Kriterien m\u00fcssen eingehalten werden und wer \u00fcberpr\u00fcft diese? <a href=\"https:\/\/weltlaeden.de\/weissenhorn\/fairer-handel\/\">Erfahren Sie mehr &#8230;<\/a>[\/vc_column_text][\/vc_column_inner][\/vc_row_inner][vc_separator][vc_row_inner][vc_column_inner width=&#8220;1\/4&#8243;]<div class=\"wl_einzelbild\"><p><img loading=\"lazy\" decoding=\"async\" class=\"alignleft size-full wp-image-nsm-3-28\" src=\"https:\/\/weltlaeden.de\/weissenhorn\/wp-content\/uploads\/sites\/3\/2018\/05\/Lebensmittel_WL-Bornheim-Christian-Schilling_150x150.jpg\" alt=\"\" width=\"150\" height=\"150\" \/><\/p><\/div>[\/vc_column_inner][vc_column_inner width=&#8220;3\/4&#8243;][vc_column_text]<\/p>\n<h3>Produkte<\/h3>\n<p>Unsere Produkte im Weltladen sind nat\u00fcrlich alle aus Fairem Handel, dennoch kommen sie von unterschiedlichen Fair-Handels-Importeuren. <a href=\"https:\/\/weltlaeden.de\/weissenhorn\/produkte\/\">Hier zeigen wir Ihnen unser Sortiment &#8230;<\/a>[\/vc_column_text][\/vc_column_inner][\/vc_row_inner][vc_separator][vc_row_inner][vc_column_inner width=&#8220;1\/4&#8243;]<div class=\"wl_einzelbild\"><p><img loading=\"lazy\" decoding=\"async\" class=\"alignnone size-medium wp-image-718\" src=\"https:\/\/weltlaeden.de\/weissenhorn\/wp-content\/uploads\/sites\/129\/2021\/06\/341204AC-41E0-40AC-88E5-FC8A8F97B6E2_1_105_c-300x173.jpeg\" alt=\"\" width=\"300\" height=\"173\" \/><\/p><\/div>[\/vc_column_inner][vc_column_inner width=&#8220;3\/4&#8243;][vc_column_text]<\/p>\n<h3>\u00dcber uns<\/h3>\n<p>Wer wir sind, warum wir uns f\u00fcr Fairen Handel engagieren und wie man bei uns mitmachen kann &#8211; <a href=\"https:\/\/weltlaeden.de\/weissenhorn\/ueber-uns\/\">hier stellen wir uns vor &#8230;<\/a>[\/vc_column_text][\/vc_column_inner][\/vc_row_inner][vc_separator][vc_row_inner][vc_column_inner width=&#8220;1\/4&#8243;]<div class=\"wl_einzelbild\"><p><img loading=\"lazy\" decoding=\"async\" class=\"alignleft size-full wp-image-nsm-3-35\" src=\"https:\/\/weltlaeden.de\/weissenhorn\/wp-content\/uploads\/sites\/3\/2018\/08\/pocket-watch-1637396_1920_150x150.png\" alt=\"\" width=\"150\" height=\"150\" \/><\/p><\/div>[\/vc_column_inner][vc_column_inner width=&#8220;3\/4&#8243;][vc_column_text]<\/p>\n<h3>Termine<\/h3>\n<p>Bei uns ist immer etwas los! Wir treffen uns regelm\u00e4\u00dfig zu Teamsitzungen und Fortbildungen, organisieren aber auch immer mal wieder eine Veranstaltung zum Fairen Handel und verwandten Themen. <a href=\"https:\/\/weltlaeden.de\/weissenhorn\/termine\/\">Hier erfahren Sie was bei uns los ist \u2026<\/a><br \/>\n[\/vc_column_text][\/vc_column_inner][\/vc_row_inner][vc_separator][vc_empty_space][\/vc_column][\/vc_row][vc_row][vc_column][vc_column_text]<\/p>\n<h2>Neuigkeiten<\/h2>\n<p>[\/vc_column_text]<section class=\"items-grid wf-container\"><div class=\"wf-cell wf-1-2\"><article class=\"post-format-standard\"><div class=\"mini-post-img\"><a class=\"alignleft post-rollover no-avatar\" href=\"https:\/\/weltlaeden.de\/weissenhorn\/schals-aus-indien-sind-das-fairprodukt-des-monats-april\/\"  style=\"width:60px; height: 60px;\" aria-label=\"Post image\"><\/a><\/div><div class=\"post-content\"><a href=\"https:\/\/weltlaeden.de\/weissenhorn\/schals-aus-indien-sind-das-fairprodukt-des-monats-april\/\">Schals aus Indien         sind das FairProdukt         des Monats April<\/a><br \/><time class=\"text-secondary\" datetime=\"2026-04-02T10:13:58+02:00\">2. April 2026<\/time><\/div><\/article><\/div><div class=\"wf-cell wf-1-2\"><article class=\"post-format-standard\"><div class=\"mini-post-img\"><a class=\"alignleft post-rollover no-avatar\" href=\"https:\/\/weltlaeden.de\/weissenhorn\/fairprodukt-des-monats-maerz-2026\/\"  style=\"width:60px; height: 60px;\" aria-label=\"Post image\"><\/a><\/div><div class=\"post-content\"><a href=\"https:\/\/weltlaeden.de\/weissenhorn\/fairprodukt-des-monats-maerz-2026\/\">FairProdukt des Monats M\u00e4rz 2026<\/a><br \/><time class=\"text-secondary\" datetime=\"2026-02-24T16:02:55+01:00\">24. Februar 2026<\/time><\/div><\/article><\/div><div class=\"wf-cell wf-1-2\"><article class=\"post-format-standard\"><div class=\"mini-post-img\"><a class=\"alignleft post-rollover no-avatar\" href=\"https:\/\/weltlaeden.de\/weissenhorn\/fair-gestrickt-das-fairprodukt-des-monats-februar-haelt-warm\/\"  style=\"width:60px; height: 60px;\" aria-label=\"Post image\"><\/a><\/div><div class=\"post-content\"><a href=\"https:\/\/weltlaeden.de\/weissenhorn\/fair-gestrickt-das-fairprodukt-des-monats-februar-haelt-warm\/\">FAIR gestrickt   Das FairProdukt des Monats Februar h\u00e4lt warm<\/a><br \/><time class=\"text-secondary\" datetime=\"2026-01-26T15:42:59+01:00\">26. Januar 2026<\/time><\/div><\/article><\/div><div class=\"wf-cell wf-1-2\"><article class=\"post-format-standard\"><div class=\"mini-post-img\"><a class=\"alignleft post-rollover no-avatar\" href=\"https:\/\/weltlaeden.de\/weissenhorn\/filz-aus-nepal-4\/\"  style=\"width:60px; height: 60px;\" aria-label=\"Post image\"><\/a><\/div><div class=\"post-content\"><a href=\"https:\/\/weltlaeden.de\/weissenhorn\/filz-aus-nepal-4\/\">Filz aus Nepal<\/a><br \/><time class=\"text-secondary\" datetime=\"2025-12-09T11:30:58+01:00\">9. Dezember 2025<\/time><\/div><\/article><\/div><div class=\"wf-cell wf-1-2\"><article class=\"post-format-standard\"><div class=\"mini-post-img\"><a class=\"alignleft post-rollover no-avatar\" href=\"https:\/\/weltlaeden.de\/weissenhorn\/adventskalender-fuer-faire-vorfreude\/\"  style=\"width:60px; height: 60px;\" aria-label=\"Post image\"><\/a><\/div><div class=\"post-content\"><a href=\"https:\/\/weltlaeden.de\/weissenhorn\/adventskalender-fuer-faire-vorfreude\/\">Adventskalender f\u00fcr faire Vorfreude<\/a><br \/><time class=\"text-secondary\" datetime=\"2025-11-01T10:52:36+01:00\">1. November 2025<\/time><\/div><\/article><\/div><div class=\"wf-cell wf-1-2\"><article class=\"post-format-standard\"><div class=\"mini-post-img\"><a class=\"alignleft post-rollover no-avatar\" href=\"https:\/\/weltlaeden.de\/weissenhorn\/1074-2\/\"  style=\"width:60px; height: 60px;\" aria-label=\"Post image\"><\/a><\/div><div class=\"post-content\"><a href=\"https:\/\/weltlaeden.de\/weissenhorn\/1074-2\/\">Kein Titel<\/a><br \/><time class=\"text-secondary\" datetime=\"2025-10-01T09:16:12+02:00\">1. Oktober 2025<\/time><\/div><\/article><\/div><\/section><a href=\"https:\/\/weltlaeden.de\/weissenhorn\/neuigkeiten\" class=\"btn-shortcode dt-btn-s dt-btn default-btn-color default-btn-hover-color default-btn-bg-color default-btn-bg-hover-color\" target=\"_blank\" id=\"dt-btn-1\" rel=\"noopener\"><span>Alle Neuigkeiten<\/span><\/a>[\/vc_column][\/vc_row]<\/p>\n<\/div>","protected":false},"excerpt":{"rendered":"<p>[vc_row][vc_column][vc_empty_space height=&#8220;20px&#8220;][\/vc_column][\/vc_row][vc_row][vc_column][vc_column_text] Willkommen im Weltladen Wei\u00dfenhorn! [\/vc_column_text][vc_column_text]Unser Verein \u201eWeltladen Wei\u00dfenhorn- Eine Welt e.V.\u201c besteht aus ca. 150 Mitgliedern. Werden auch Sie gerne Mitglied (Einzelmitgliedschaft ab 15 \u20ac, Paare ab 20 \u20ac). Zus\u00e4tzliche Mitarbeiter*innen im Weltladen sind jederzeit herzlich willkommen! Vorstand und Beir\u00e4te beraten Sie gerne, wenn Sie etwas Zeit und Lust zur Mitarbeit haben. Vorst\u00e4nde:&hellip;<\/p>\n","protected":false},"author":1,"featured_media":0,"parent":0,"menu_order":0,"comment_status":"closed","ping_status":"closed","template":"","meta":{"footnotes":""},"class_list":["post-20","page","type-page","status-publish","hentry","description-off"],"yoast_head":"<!-- This site is optimized with the Yoast SEO plugin v26.8 - https:\/\/yoast.com\/product\/yoast-seo-wordpress\/ -->\n<title>Weltladen Wei\u00dfenhorn - Weltladen Wei\u00dfenhorn<\/title>\n<meta name=\"robots\" content=\"index, follow, max-snippet:-1, max-image-preview:large, max-video-preview:-1\" \/>\n<link rel=\"canonical\" href=\"https:\/\/weltlaeden.de\/weissenhorn\/\" \/>\n<meta property=\"og:locale\" content=\"de_DE\" \/>\n<meta property=\"og:type\" content=\"article\" \/>\n<meta property=\"og:title\" content=\"Weltladen Wei\u00dfenhorn - Weltladen Wei\u00dfenhorn\" \/>\n<meta property=\"og:description\" content=\"[vc_row][vc_column][vc_empty_space height=&#8220;20px&#8220;][\/vc_column][\/vc_row][vc_row][vc_column][vc_column_text] Willkommen im Weltladen Wei\u00dfenhorn! [\/vc_column_text][vc_column_text]Unser Verein \u201eWeltladen Wei\u00dfenhorn- Eine Welt e.V.\u201c besteht aus ca. 150 Mitgliedern. Werden auch Sie gerne Mitglied (Einzelmitgliedschaft ab 15 \u20ac, Paare ab 20 \u20ac). Zus\u00e4tzliche Mitarbeiter*innen im Weltladen sind jederzeit herzlich willkommen! Vorstand und Beir\u00e4te beraten Sie gerne, wenn Sie etwas Zeit und Lust zur Mitarbeit haben. Vorst\u00e4nde:&hellip;\" \/>\n<meta property=\"og:url\" content=\"https:\/\/weltlaeden.de\/weissenhorn\/\" \/>\n<meta property=\"og:site_name\" content=\"Weltladen Wei\u00dfenhorn\" \/>\n<meta property=\"article:modified_time\" content=\"2026-04-02T08:27:26+00:00\" \/>\n<meta property=\"og:image\" content=\"https:\/\/weltlaeden.de\/weissenhorn\/wp-content\/uploads\/sites\/129\/2020\/09\/IMG_3995.jpg\" \/>\n\t<meta property=\"og:image:width\" content=\"1920\" \/>\n\t<meta property=\"og:image:height\" content=\"1457\" \/>\n\t<meta property=\"og:image:type\" content=\"image\/jpeg\" \/>\n<meta name=\"twitter:card\" content=\"summary_large_image\" \/>\n<meta name=\"twitter:label1\" content=\"Gesch\u00e4tzte Lesezeit\" \/>\n\t<meta name=\"twitter:data1\" content=\"3\u00a0Minuten\" \/>\n<script type=\"application\/ld+json\" class=\"yoast-schema-graph\">{\"@context\":\"https:\/\/schema.org\",\"@graph\":[{\"@type\":\"WebPage\",\"@id\":\"https:\/\/weltlaeden.de\/weissenhorn\/\",\"url\":\"https:\/\/weltlaeden.de\/weissenhorn\/\",\"name\":\"Weltladen Wei\u00dfenhorn - Weltladen Wei\u00dfenhorn\",\"isPartOf\":{\"@id\":\"https:\/\/weltlaeden.de\/weissenhorn\/#website\"},\"primaryImageOfPage\":{\"@id\":\"https:\/\/weltlaeden.de\/weissenhorn\/#primaryimage\"},\"image\":{\"@id\":\"https:\/\/weltlaeden.de\/weissenhorn\/#primaryimage\"},\"thumbnailUrl\":\"https:\/\/weltlaeden.de\/weissenhorn\/wp-content\/uploads\/sites\/129\/2020\/09\/IMG_3995-300x228.jpg\",\"datePublished\":\"2016-10-14T07:05:21+00:00\",\"dateModified\":\"2026-04-02T08:27:26+00:00\",\"breadcrumb\":{\"@id\":\"https:\/\/weltlaeden.de\/weissenhorn\/#breadcrumb\"},\"inLanguage\":\"de\",\"potentialAction\":[{\"@type\":\"ReadAction\",\"target\":[\"https:\/\/weltlaeden.de\/weissenhorn\/\"]}]},{\"@type\":\"ImageObject\",\"inLanguage\":\"de\",\"@id\":\"https:\/\/weltlaeden.de\/weissenhorn\/#primaryimage\",\"url\":\"https:\/\/weltlaeden.de\/weissenhorn\/wp-content\/uploads\/sites\/129\/2020\/09\/IMG_3995.jpg\",\"contentUrl\":\"https:\/\/weltlaeden.de\/weissenhorn\/wp-content\/uploads\/sites\/129\/2020\/09\/IMG_3995.jpg\",\"width\":1920,\"height\":1457},{\"@type\":\"BreadcrumbList\",\"@id\":\"https:\/\/weltlaeden.de\/weissenhorn\/#breadcrumb\",\"itemListElement\":[{\"@type\":\"ListItem\",\"position\":1,\"name\":\"Startseite\",\"item\":\"https:\/\/weltlaeden.de\/weissenhorn\/\"},{\"@type\":\"ListItem\",\"position\":2,\"name\":\"Weltladen Wei\u00dfenhorn\"}]},{\"@type\":\"WebSite\",\"@id\":\"https:\/\/weltlaeden.de\/weissenhorn\/#website\",\"url\":\"https:\/\/weltlaeden.de\/weissenhorn\/\",\"name\":\"Weltladen Wei\u00dfenhorn\",\"description\":\"Faire Produkte seit 1990\",\"potentialAction\":[{\"@type\":\"SearchAction\",\"target\":{\"@type\":\"EntryPoint\",\"urlTemplate\":\"https:\/\/weltlaeden.de\/weissenhorn\/?s={search_term_string}\"},\"query-input\":{\"@type\":\"PropertyValueSpecification\",\"valueRequired\":true,\"valueName\":\"search_term_string\"}}],\"inLanguage\":\"de\"}]}<\/script>\n<!-- \/ Yoast SEO plugin. -->","yoast_head_json":{"title":"Weltladen Wei\u00dfenhorn - Weltladen Wei\u00dfenhorn","robots":{"index":"index","follow":"follow","max-snippet":"max-snippet:-1","max-image-preview":"max-image-preview:large","max-video-preview":"max-video-preview:-1"},"canonical":"https:\/\/weltlaeden.de\/weissenhorn\/","og_locale":"de_DE","og_type":"article","og_title":"Weltladen Wei\u00dfenhorn - Weltladen Wei\u00dfenhorn","og_description":"[vc_row][vc_column][vc_empty_space height=&#8220;20px&#8220;][\/vc_column][\/vc_row][vc_row][vc_column][vc_column_text] Willkommen im Weltladen Wei\u00dfenhorn! [\/vc_column_text][vc_column_text]Unser Verein \u201eWeltladen Wei\u00dfenhorn- Eine Welt e.V.\u201c besteht aus ca. 150 Mitgliedern. Werden auch Sie gerne Mitglied (Einzelmitgliedschaft ab 15 \u20ac, Paare ab 20 \u20ac). Zus\u00e4tzliche Mitarbeiter*innen im Weltladen sind jederzeit herzlich willkommen! Vorstand und Beir\u00e4te beraten Sie gerne, wenn Sie etwas Zeit und Lust zur Mitarbeit haben. Vorst\u00e4nde:&hellip;","og_url":"https:\/\/weltlaeden.de\/weissenhorn\/","og_site_name":"Weltladen Wei\u00dfenhorn","article_modified_time":"2026-04-02T08:27:26+00:00","og_image":[{"width":1920,"height":1457,"url":"https:\/\/weltlaeden.de\/weissenhorn\/wp-content\/uploads\/sites\/129\/2020\/09\/IMG_3995.jpg","type":"image\/jpeg"}],"twitter_card":"summary_large_image","twitter_misc":{"Gesch\u00e4tzte Lesezeit":"3\u00a0Minuten"},"schema":{"@context":"https:\/\/schema.org","@graph":[{"@type":"WebPage","@id":"https:\/\/weltlaeden.de\/weissenhorn\/","url":"https:\/\/weltlaeden.de\/weissenhorn\/","name":"Weltladen Wei\u00dfenhorn - Weltladen Wei\u00dfenhorn","isPartOf":{"@id":"https:\/\/weltlaeden.de\/weissenhorn\/#website"},"primaryImageOfPage":{"@id":"https:\/\/weltlaeden.de\/weissenhorn\/#primaryimage"},"image":{"@id":"https:\/\/weltlaeden.de\/weissenhorn\/#primaryimage"},"thumbnailUrl":"https:\/\/weltlaeden.de\/weissenhorn\/wp-content\/uploads\/sites\/129\/2020\/09\/IMG_3995-300x228.jpg","datePublished":"2016-10-14T07:05:21+00:00","dateModified":"2026-04-02T08:27:26+00:00","breadcrumb":{"@id":"https:\/\/weltlaeden.de\/weissenhorn\/#breadcrumb"},"inLanguage":"de","potentialAction":[{"@type":"ReadAction","target":["https:\/\/weltlaeden.de\/weissenhorn\/"]}]},{"@type":"ImageObject","inLanguage":"de","@id":"https:\/\/weltlaeden.de\/weissenhorn\/#primaryimage","url":"https:\/\/weltlaeden.de\/weissenhorn\/wp-content\/uploads\/sites\/129\/2020\/09\/IMG_3995.jpg","contentUrl":"https:\/\/weltlaeden.de\/weissenhorn\/wp-content\/uploads\/sites\/129\/2020\/09\/IMG_3995.jpg","width":1920,"height":1457},{"@type":"BreadcrumbList","@id":"https:\/\/weltlaeden.de\/weissenhorn\/#breadcrumb","itemListElement":[{"@type":"ListItem","position":1,"name":"Startseite","item":"https:\/\/weltlaeden.de\/weissenhorn\/"},{"@type":"ListItem","position":2,"name":"Weltladen Wei\u00dfenhorn"}]},{"@type":"WebSite","@id":"https:\/\/weltlaeden.de\/weissenhorn\/#website","url":"https:\/\/weltlaeden.de\/weissenhorn\/","name":"Weltladen Wei\u00dfenhorn","description":"Faire Produkte seit 1990","potentialAction":[{"@type":"SearchAction","target":{"@type":"EntryPoint","urlTemplate":"https:\/\/weltlaeden.de\/weissenhorn\/?s={search_term_string}"},"query-input":{"@type":"PropertyValueSpecification","valueRequired":true,"valueName":"search_term_string"}}],"inLanguage":"de"}]}},"_links":{"self":[{"href":"https:\/\/weltlaeden.de\/weissenhorn\/wp-json\/wp\/v2\/pages\/20","targetHints":{"allow":["GET"]}}],"collection":[{"href":"https:\/\/weltlaeden.de\/weissenhorn\/wp-json\/wp\/v2\/pages"}],"about":[{"href":"https:\/\/weltlaeden.de\/weissenhorn\/wp-json\/wp\/v2\/types\/page"}],"author":[{"embeddable":true,"href":"https:\/\/weltlaeden.de\/weissenhorn\/wp-json\/wp\/v2\/users\/1"}],"replies":[{"embeddable":true,"href":"https:\/\/weltlaeden.de\/weissenhorn\/wp-json\/wp\/v2\/comments?post=20"}],"version-history":[{"count":48,"href":"https:\/\/weltlaeden.de\/weissenhorn\/wp-json\/wp\/v2\/pages\/20\/revisions"}],"predecessor-version":[{"id":485,"href":"https:\/\/weltlaeden.de\/weissenhorn\/wp-json\/wp\/v2\/pages\/20\/revisions\/485"}],"wp:attachment":[{"href":"https:\/\/weltlaeden.de\/weissenhorn\/wp-json\/wp\/v2\/media?parent=20"}],"curies":[{"name":"wp","href":"https:\/\/api.w.org\/{rel}","templated":true}]}}