{"version":"1.0","provider_name":"Weltladen Wei\u00dfenhorn","provider_url":"https:\/\/weltlaeden.de\/weissenhorn","title":"Der faire Adventskalender - Weltladen Wei\u00dfenhorn","type":"rich","width":600,"height":338,"html":"<blockquote class=\"wp-embedded-content\" data-secret=\"udditCHtab\"><a href=\"https:\/\/weltlaeden.de\/weissenhorn\/der-faire-adventskalender\/\">Der  faire Adventskalender<\/a><\/blockquote><iframe sandbox=\"allow-scripts\" security=\"restricted\" src=\"https:\/\/weltlaeden.de\/weissenhorn\/der-faire-adventskalender\/embed\/#?secret=udditCHtab\" width=\"600\" height=\"338\" title=\"&#8222;Der  faire Adventskalender&#8220; &#8211; Weltladen Wei\u00dfenhorn\" data-secret=\"udditCHtab\" frameborder=\"0\" marginwidth=\"0\" marginheight=\"0\" scrolling=\"no\" class=\"wp-embedded-content\"><\/iframe><script>\n\/*! This file is auto-generated *\/\n!function(d,l){\"use strict\";l.querySelector&&d.addEventListener&&\"undefined\"!=typeof URL&&(d.wp=d.wp||{},d.wp.receiveEmbedMessage||(d.wp.receiveEmbedMessage=function(e){var t=e.data;if((t||t.secret||t.message||t.value)&&!\/[^a-zA-Z0-9]\/.test(t.secret)){for(var s,r,n,a=l.querySelectorAll('iframe[data-secret=\"'+t.secret+'\"]'),o=l.querySelectorAll('blockquote[data-secret=\"'+t.secret+'\"]'),c=new RegExp(\"^https?:$\",\"i\"),i=0;i<o.length;i++)o[i].style.display=\"none\";for(i=0;i<a.length;i++)s=a[i],e.source===s.contentWindow&&(s.removeAttribute(\"style\"),\"height\"===t.message?(1e3<(r=parseInt(t.value,10))?r=1e3:~~r<200&&(r=200),s.height=r):\"link\"===t.message&&(r=new URL(s.getAttribute(\"src\")),n=new URL(t.value),c.test(n.protocol))&&n.host===r.host&&l.activeElement===s&&(d.top.location.href=t.value))}},d.addEventListener(\"message\",d.wp.receiveEmbedMessage,!1),l.addEventListener(\"DOMContentLoaded\",function(){for(var e,t,s=l.querySelectorAll(\"iframe.wp-embedded-content\"),r=0;r<s.length;r++)(t=(e=s[r]).getAttribute(\"data-secret\"))||(t=Math.random().toString(36).substring(2,12),e.src+=\"#?secret=\"+t,e.setAttribute(\"data-secret\",t)),e.contentWindow.postMessage({message:\"ready\",secret:t},\"*\")},!1)))}(window,document);\n<\/script>\n","thumbnail_url":"https:\/\/weltlaeden.de\/weissenhorn\/wp-content\/uploads\/sites\/129\/2020\/11\/5E04AC90-8136-40F5-85B6-378380799177_1_105_c.jpeg","thumbnail_width":927,"thumbnail_height":847,"description":"Mit feinsten Pralinen und schokolierten Fr\u00fcchten, alle in dem kleinen kolumbianischen Unternehmen \u201eColor Cacao\u201c in aufw\u00e4ndiger Handarbeit geformt, ist der \u201efaire Adventskalender\u201c gef\u00fcllt, den der Wei\u00dfenhorner Weltladen heuer in seinem Sortiment hat. Die Zeiten sind vorbei, in denen Adventskalender nur f\u00fcr Kinder waren. Auch Erwachsene freuen sich, wenn es in der Vorweihnachtszeit jeden Tag eine&hellip;"}