{"id":361,"date":"2018-04-05T09:52:53","date_gmt":"2018-04-05T07:52:53","guid":{"rendered":"https:\/\/weltlaeden.de\/wehrheim\/?page_id=361"},"modified":"2021-08-27T11:13:18","modified_gmt":"2021-08-27T09:13:18","slug":"neuigkeiten","status":"publish","type":"page","link":"https:\/\/weltlaeden.de\/wehrheim\/neuigkeiten\/","title":{"rendered":"Neuigkeiten"},"content":{"rendered":"<div class=\"wpb-content-wrapper\" id=\"wpb-content-root\"><p>[vc_row][vc_column][vc_column_text]<\/p>\n<h1>Neuigkeiten<\/h1>\n<p>[\/vc_column_text]<style type=\"text\/css\" data-type=\"the7_shortcodes-inline-css\">.blog-shortcode.blog-masonry-shortcode-id-0ddd336bd86344bdbd47db493b51c1fd.dividers-on.classic-layout-list article {\n  padding-top: 0;\n}\n.blog-shortcode.blog-masonry-shortcode-id-0ddd336bd86344bdbd47db493b51c1fd.dividers-on.classic-layout-list article:first-of-type {\n  margin-top: 0;\n  padding-top: 0;\n}\n.blog-shortcode.blog-masonry-shortcode-id-0ddd336bd86344bdbd47db493b51c1fd.classic-layout-list.mode-list .post-entry-content {\n  width: calc(100% - );\n}\n.blog-shortcode.blog-masonry-shortcode-id-0ddd336bd86344bdbd47db493b51c1fd.classic-layout-list.mode-list .no-img .post-entry-content {\n  width: 100%;\n}\n.blog-shortcode.blog-masonry-shortcode-id-0ddd336bd86344bdbd47db493b51c1fd .filter-bg-decoration .filter-categories a.act {\n  color: #fff;\n}\n.blog-shortcode.blog-masonry-shortcode-id-0ddd336bd86344bdbd47db493b51c1fd:not(.mode-masonry) article:first-of-type,\n.blog-shortcode.blog-masonry-shortcode-id-0ddd336bd86344bdbd47db493b51c1fd:not(.mode-masonry) article.visible.first:not(.product) {\n  margin-top: 0;\n}\n.blog-shortcode.blog-masonry-shortcode-id-0ddd336bd86344bdbd47db493b51c1fd.dividers-on:not(.mode-masonry) article {\n  margin-top: 0;\n}\n.blog-shortcode.blog-masonry-shortcode-id-0ddd336bd86344bdbd47db493b51c1fd.dividers-on:not(.mode-masonry) article:first-of-type,\n.blog-shortcode.blog-masonry-shortcode-id-0ddd336bd86344bdbd47db493b51c1fd.dividers-on:not(.mode-masonry) article.visible.first:not(.product) {\n  margin-top: 0;\n  padding-top: 0;\n}\n.blog-shortcode.blog-masonry-shortcode-id-0ddd336bd86344bdbd47db493b51c1fd .post-thumbnail-wrap {\n  padding: 0px 0px 0px 0px;\n}\n.blog-shortcode.blog-masonry-shortcode-id-0ddd336bd86344bdbd47db493b51c1fd.enable-bg-rollover .post-thumbnail-rollover:after {\n  background: -webkit-linear-gradient();\n  background: linear-gradient();\n}\n.blog-shortcode.blog-masonry-shortcode-id-0ddd336bd86344bdbd47db493b51c1fd .gallery-zoom-ico {\n  width: 44px;\n  height: 44px;\n  line-height: 44px;\n  border-radius: 100px;\n  margin: -22px 0 0 -22px;\n  border-width: 0px;\n  color: #ffffff;\n}\n.bottom-overlap-layout-list.blog-shortcode.blog-masonry-shortcode-id-0ddd336bd86344bdbd47db493b51c1fd .gallery-zoom-ico {\n  margin-top: -72px;\n}\n.gradient-overlay-layout-list.blog-shortcode.blog-masonry-shortcode-id-0ddd336bd86344bdbd47db493b51c1fd .gallery-zoom-ico,\n.content-rollover-layout-list.blog-shortcode.blog-masonry-shortcode-id-0ddd336bd86344bdbd47db493b51c1fd .gallery-zoom-ico {\n  margin: 0 0 10px;\n}\n.content-align-center.gradient-overlay-layout-list.blog-shortcode.blog-masonry-shortcode-id-0ddd336bd86344bdbd47db493b51c1fd .gallery-zoom-ico,\n.content-align-center.content-rollover-layout-list.blog-shortcode.blog-masonry-shortcode-id-0ddd336bd86344bdbd47db493b51c1fd .gallery-zoom-ico {\n  margin: 0 auto 10px;\n}\n.dt-icon-bg-on.blog-shortcode.blog-masonry-shortcode-id-0ddd336bd86344bdbd47db493b51c1fd .gallery-zoom-ico {\n  background: rgba(255,255,255,0.3);\n  box-shadow: none;\n}\n.blog-shortcode.blog-masonry-shortcode-id-0ddd336bd86344bdbd47db493b51c1fd .gallery-zoom-ico > span,\n.blog-shortcode.blog-masonry-shortcode-id-0ddd336bd86344bdbd47db493b51c1fd .gallery-zoom-ico:before {\n  font-size: 32px;\n  line-height: 44px;\n}\n.blog-shortcode.blog-masonry-shortcode-id-0ddd336bd86344bdbd47db493b51c1fd .gallery-zoom-ico > span,\n.blog-shortcode.blog-masonry-shortcode-id-0ddd336bd86344bdbd47db493b51c1fd .gallery-zoom-ico:before {\n  color: #ffffff;\n}\n.blog-shortcode.blog-masonry-shortcode-id-0ddd336bd86344bdbd47db493b51c1fd .entry-title,\n.blog-shortcode.blog-masonry-shortcode-id-0ddd336bd86344bdbd47db493b51c1fd.owl-carousel .entry-title {\n  margin-bottom: 5px;\n  font-weight: bold;\n}\n.blog-shortcode.blog-masonry-shortcode-id-0ddd336bd86344bdbd47db493b51c1fd .entry-meta {\n  margin-bottom: 15px;\n}\n.blog-shortcode.blog-masonry-shortcode-id-0ddd336bd86344bdbd47db493b51c1fd .portfolio-categories {\n  margin-bottom: 15px;\n}\n.blog-shortcode.blog-masonry-shortcode-id-0ddd336bd86344bdbd47db493b51c1fd .entry-excerpt {\n  margin-bottom: 5px;\n}\n.blog-shortcode.blog-masonry-shortcode-id-0ddd336bd86344bdbd47db493b51c1fd:not(.centered-layout-list) .post-entry-content {\n  padding: 25px 30px 30px 30px;\n}\n.blog-shortcode.blog-masonry-shortcode-id-0ddd336bd86344bdbd47db493b51c1fd:not(.centered-layout-list):not(.content-bg-on):not(.mode-list) .no-img .post-entry-content {\n  padding: 0;\n}\n@media screen and (max-width: ) {\n  .blog-shortcode.blog-masonry-shortcode-id-0ddd336bd86344bdbd47db493b51c1fd article {\n    -ms-flex-flow: column nowrap;\n    flex-flow: column nowrap;\n    margin-top: 20px;\n  }\n  .blog-shortcode.blog-masonry-shortcode-id-0ddd336bd86344bdbd47db493b51c1fd.dividers-on article {\n    border: none;\n  }\n  .blog-shortcode.blog-masonry-shortcode-id-0ddd336bd86344bdbd47db493b51c1fd.content-bg-on.centered-layout-list article {\n    padding: 0;\n  }\n  .blog-shortcode.blog-masonry-shortcode-id-0ddd336bd86344bdbd47db493b51c1fd.blog-shortcode.dividers-on article,\n  .blog-shortcode.blog-masonry-shortcode-id-0ddd336bd86344bdbd47db493b51c1fd.dividers-on.classic-layout-list article {\n    margin-top: 20px;\n    padding: 0;\n  }\n  .blog-shortcode.blog-masonry-shortcode-id-0ddd336bd86344bdbd47db493b51c1fd.blog-shortcode.dividers-on article:first-of-type,\n  .blog-shortcode.blog-masonry-shortcode-id-0ddd336bd86344bdbd47db493b51c1fd.dividers-on.classic-layout-list article:first-of-type {\n    padding: 0;\n  }\n  #page .blog-shortcode.blog-masonry-shortcode-id-0ddd336bd86344bdbd47db493b51c1fd .post-thumbnail-wrap,\n  #page .blog-shortcode.blog-masonry-shortcode-id-0ddd336bd86344bdbd47db493b51c1fd .post-entry-content {\n    width: 100%;\n    margin: 0;\n    top: 0;\n  }\n  #page .blog-shortcode.blog-masonry-shortcode-id-0ddd336bd86344bdbd47db493b51c1fd .post-thumbnail-wrap {\n    padding: 0;\n  }\n  #page .blog-shortcode.blog-masonry-shortcode-id-0ddd336bd86344bdbd47db493b51c1fd .post-entry-content:after {\n    display: none;\n  }\n  #page .blog-shortcode.blog-masonry-shortcode-id-0ddd336bd86344bdbd47db493b51c1fd .project-even .post-thumbnail-wrap,\n  #page .blog-shortcode.blog-masonry-shortcode-id-0ddd336bd86344bdbd47db493b51c1fd.centered-layout-list .post-thumbnail-wrap {\n    -ms-flex-order: 0;\n    order: 0;\n  }\n  #page .blog-shortcode.blog-masonry-shortcode-id-0ddd336bd86344bdbd47db493b51c1fd.centered-layout-list .post-entry-title-content {\n    -ms-flex-order: 1;\n    order: 1;\n    width: 100%;\n    padding: 20px 20px 0;\n  }\n  #page .blog-shortcode.blog-masonry-shortcode-id-0ddd336bd86344bdbd47db493b51c1fd.centered-layout-list .post-entry-content {\n    -ms-flex-order: 2;\n    order: 2;\n    padding-top: 0;\n  }\n  #page .blog-shortcode.blog-masonry-shortcode-id-0ddd336bd86344bdbd47db493b51c1fd .fancy-categories {\n    top: 10px;\n    left: 10px;\n    bottom: auto;\n    right: auto;\n  }\n  #page .blog-shortcode.blog-masonry-shortcode-id-0ddd336bd86344bdbd47db493b51c1fd .fancy-date a {\n    top: 10px;\n    right: 10px;\n    left: auto;\n    bottom: auto;\n  }\n  #page .blog-shortcode.blog-masonry-shortcode-id-0ddd336bd86344bdbd47db493b51c1fd .post-entry-content {\n    padding: 20px;\n  }\n  #page .blog-shortcode.blog-masonry-shortcode-id-0ddd336bd86344bdbd47db493b51c1fd .entry-title {\n    margin: 3px 0 5px;\n    font-size: 20px;\n    line-height: 26px;\n  }\n  #page .blog-shortcode.blog-masonry-shortcode-id-0ddd336bd86344bdbd47db493b51c1fd .entry-meta {\n    margin: 5px 0 5px;\n  }\n  #page .blog-shortcode.blog-masonry-shortcode-id-0ddd336bd86344bdbd47db493b51c1fd .entry-excerpt {\n    margin: 15px 0 0;\n  }\n  #page .blog-shortcode.blog-masonry-shortcode-id-0ddd336bd86344bdbd47db493b51c1fd .post-details {\n    margin: 5px 0 10px;\n  }\n  #page .blog-shortcode.blog-masonry-shortcode-id-0ddd336bd86344bdbd47db493b51c1fd .post-details.details-type-link {\n    margin-bottom: 2px;\n  }\n}<\/style><div class=\"blog-shortcode blog-masonry-shortcode-id-0ddd336bd86344bdbd47db493b51c1fd mode-masonry classic-layout-list content-bg-on scale-img dt-icon-bg-off resize-by-browser-width loading-effect-none description-under-image \" data-padding=\"15px\" data-cur-page=\"1\" data-post-limit=\"-1\" data-pagination-mode=\"pages\" data-desktop-columns-num=\"2\" data-v-tablet-columns-num=\"1\" data-h-tablet-columns-num=\"2\" data-phone-columns-num=\"1\" data-width=\"0px\" data-columns=\"0\"><div class=\"iso-container\" ><div class=\"visible wf-cell iso-item\" data-post-id=\"1192\" data-date=\"2026-09-04T13:00:35+02:00\" data-name=\"Faire &amp; leichte R\u00fccks\u00e4cke, Bauchtaschen, Kulturbeutel\"><article class=\"post project-odd visible post-1192 type-post status-publish format-standard has-post-thumbnail hentry category-allgemein category-1\" data-name=\"Faire &amp; leichte R\u00fccks\u00e4cke, Bauchtaschen, Kulturbeutel\" data-date=\"2026-09-04T13:00:35+02:00\">\n\n<div class=\"post-thumbnail-wrap\">\n\t<div class=\"post-thumbnail\">\n\t\t\n\t\t\n\t\t<a href=\"https:\/\/weltlaeden.de\/wehrheim\/faire-leichte-ruecksaecke-bauchtaschen-kulturbeutel\/\" class=\"post-thumbnail-rollover layzr-bg layzr-bg\" ><img fetchpriority=\"high\" decoding=\"async\" class=\"iso-lazy-load preload-me iso-lazy-load aspect\" src=\"data:image\/svg+xml,%3Csvg%20xmlns%3D&#39;http%3A%2F%2Fwww.w3.org%2F2000%2Fsvg&#39;%20viewBox%3D&#39;0%200%20712%20474&#39;%2F%3E\" data-src=\"https:\/\/weltlaeden.de\/wehrheim\/wp-content\/uploads\/sites\/184\/2026\/09\/71QlpjJQL._AC_UY1000_-712x474.jpg\" data-srcset=\"https:\/\/weltlaeden.de\/wehrheim\/wp-content\/uploads\/sites\/184\/2026\/09\/71QlpjJQL._AC_UY1000_-712x474.jpg 712w\" loading=\"eager\" style=\"--ratio: 712 \/ 474\" sizes=\"(max-width: 712px) 100vw, 712px\" alt=\"Quelle: Tothemoon\" title=\"71Qlpj+JQ+L._AC_UY1000_\" width=\"712\" height=\"474\"  \/><\/a>\t<\/div>\n<\/div>\n\n\n<div class=\"post-entry-content\">\n\n\t<h3 class=\"entry-title\">\n\t\t<a href=\"https:\/\/weltlaeden.de\/wehrheim\/faire-leichte-ruecksaecke-bauchtaschen-kulturbeutel\/\" title=\"Faire &amp; leichte R\u00fccks\u00e4cke, Bauchtaschen, Kulturbeutel\" rel=\"bookmark\">Faire &amp; leichte R\u00fccks\u00e4cke, Bauchtaschen, Kulturbeutel<\/a>\n\t<\/h3>\n\n\t<div class=\"entry-meta\"><a href=\"https:\/\/weltlaeden.de\/wehrheim\/2026\/09\/04\/\" title=\"13:00\" class=\"data-link\" rel=\"bookmark\"><time class=\"entry-date updated\" datetime=\"2026-09-04T13:00:35+02:00\">4. September 2026<\/time><\/a><\/div>\n\t<div class=\"entry-excerpt\"><p>Wir haben nun im Sortiment Rucks\u00e4cke, Bauchtaschen und Kulturbeutel von Ticket To The Moon, die ihren Sitz auf Bali haben und dort produzieren. Die Produkte stammen aus faire Produktionsbedingungen. Bei Ticket To The Moon gibt es keinerlei Kinderarbeit und gute Arbeitsbedingungen wie ein Rentenanspruch und ein Grundgehalt, das deutlich \u00fcber dem gesetzlichen Mindestlohn liegt. Die&hellip;<\/p>\n<\/div>\n\t\n<a href=\"https:\/\/weltlaeden.de\/wehrheim\/faire-leichte-ruecksaecke-bauchtaschen-kulturbeutel\/\" class=\"dt-btn-s dt-btn post-details details-type-btn\" aria-label=\"Read more about Faire &amp; leichte R\u00fccks\u00e4cke, Bauchtaschen, Kulturbeutel\">Weiterlesen<i class=\"dt-icon-the7-arrow-03\" aria-hidden=\"true\"><\/i><\/a>\n\n<\/div><\/article><\/div><div class=\"visible wf-cell iso-item\" data-post-id=\"1186\" data-date=\"2026-08-10T18:54:48+02:00\" data-name=\"Unsere fairen Sommerangebote: F\u00e4cher, Meeresdeko &amp; B\u00e4lle\"><article class=\"post project-odd visible post-1186 type-post status-publish format-standard has-post-thumbnail hentry category-allgemein category-1\" data-name=\"Unsere fairen Sommerangebote: F\u00e4cher, Meeresdeko &amp; B\u00e4lle\" data-date=\"2026-08-10T18:54:48+02:00\">\n\n<div class=\"post-thumbnail-wrap\">\n\t<div class=\"post-thumbnail\">\n\t\t\n\t\t\n\t\t<a href=\"https:\/\/weltlaeden.de\/wehrheim\/unsere-fairen-sommerangebote-faecher-meeresdeko-baelle\/\" class=\"post-thumbnail-rollover layzr-bg layzr-bg\" ><img decoding=\"async\" class=\"iso-lazy-load preload-me iso-lazy-load aspect\" src=\"data:image\/svg+xml,%3Csvg%20xmlns%3D&#39;http%3A%2F%2Fwww.w3.org%2F2000%2Fsvg&#39;%20viewBox%3D&#39;0%200%20768%20512&#39;%2F%3E\" data-src=\"https:\/\/weltlaeden.de\/wehrheim\/wp-content\/uploads\/sites\/184\/2026\/05\/image0-1-scaled-768x512.jpeg\" data-srcset=\"https:\/\/weltlaeden.de\/wehrheim\/wp-content\/uploads\/sites\/184\/2026\/05\/image0-1-scaled-768x512.jpeg 768w, https:\/\/weltlaeden.de\/wehrheim\/wp-content\/uploads\/sites\/184\/2026\/05\/image0-1-scaled-1152x768.jpeg 1152w\" loading=\"eager\" style=\"--ratio: 768 \/ 512\" sizes=\"(max-width: 768px) 100vw, 768px\" alt=\"Filzware Meeresoptik\" title=\"image0\" width=\"768\" height=\"512\"  \/><\/a>\t<\/div>\n<\/div>\n\n\n<div class=\"post-entry-content\">\n\n\t<h3 class=\"entry-title\">\n\t\t<a href=\"https:\/\/weltlaeden.de\/wehrheim\/unsere-fairen-sommerangebote-faecher-meeresdeko-baelle\/\" title=\"Unsere fairen Sommerangebote: F\u00e4cher, Meeresdeko &amp; B\u00e4lle\" rel=\"bookmark\">Unsere fairen Sommerangebote: F\u00e4cher, Meeresdeko &amp; B\u00e4lle<\/a>\n\t<\/h3>\n\n\t<div class=\"entry-meta\"><a href=\"https:\/\/weltlaeden.de\/wehrheim\/2026\/08\/10\/\" title=\"18:54\" class=\"data-link\" rel=\"bookmark\"><time class=\"entry-date updated\" datetime=\"2026-08-10T18:54:48+02:00\">10. August 2026<\/time><\/a><\/div>\n\t<div class=\"entry-excerpt\"><p>Hier ein Video zu unseren fairen Sommerangebote: F\u00e4cher, Meeresdeko &amp; B\u00e4lle und vieles mehr<\/p>\n<\/div>\n\t\n<a href=\"https:\/\/weltlaeden.de\/wehrheim\/unsere-fairen-sommerangebote-faecher-meeresdeko-baelle\/\" class=\"dt-btn-s dt-btn post-details details-type-btn\" aria-label=\"Read more about Unsere fairen Sommerangebote: F\u00e4cher, Meeresdeko &amp; B\u00e4lle\">Weiterlesen<i class=\"dt-icon-the7-arrow-03\" aria-hidden=\"true\"><\/i><\/a>\n\n<\/div><\/article><\/div><div class=\"visible wf-cell iso-item\" data-post-id=\"1171\" data-date=\"2026-06-01T21:12:34+02:00\" data-name=\"Neues Produkt: Bade Salz\"><article class=\"post project-odd visible post-1171 type-post status-publish format-standard has-post-thumbnail hentry category-allgemein category-1\" data-name=\"Neues Produkt: Bade Salz\" data-date=\"2026-06-01T21:12:34+02:00\">\n\n<div class=\"post-thumbnail-wrap\">\n\t<div class=\"post-thumbnail\">\n\t\t\n\t\t\n\t\t<a href=\"https:\/\/weltlaeden.de\/wehrheim\/neues-produkt-bade-salz\/\" class=\"post-thumbnail-rollover layzr-bg layzr-bg\" ><img decoding=\"async\" class=\"iso-lazy-load preload-me iso-lazy-load aspect\" src=\"data:image\/svg+xml,%3Csvg%20xmlns%3D&#39;http%3A%2F%2Fwww.w3.org%2F2000%2Fsvg&#39;%20viewBox%3D&#39;0%200%20225%20150&#39;%2F%3E\" data-src=\"https:\/\/weltlaeden.de\/wehrheim\/wp-content\/uploads\/sites\/184\/2026\/06\/Bade-Schatz-225x150.jpg\" data-srcset=\"https:\/\/weltlaeden.de\/wehrheim\/wp-content\/uploads\/sites\/184\/2026\/06\/Bade-Schatz-225x150.jpg 225w\" loading=\"eager\" style=\"--ratio: 225 \/ 150\" sizes=\"(max-width: 225px) 100vw, 225px\" alt=\"\" title=\"Bade Schatz\" width=\"225\" height=\"150\"  \/><\/a>\t<\/div>\n<\/div>\n\n\n<div class=\"post-entry-content\">\n\n\t<h3 class=\"entry-title\">\n\t\t<a href=\"https:\/\/weltlaeden.de\/wehrheim\/neues-produkt-bade-salz\/\" title=\"Neues Produkt: Bade Salz\" rel=\"bookmark\">Neues Produkt: Bade Salz<\/a>\n\t<\/h3>\n\n\t<div class=\"entry-meta\"><a href=\"https:\/\/weltlaeden.de\/wehrheim\/2026\/06\/01\/\" title=\"21:12\" class=\"data-link\" rel=\"bookmark\"><time class=\"entry-date updated\" datetime=\"2026-06-01T21:12:34+02:00\">1. Juni 2026<\/time><\/a><\/div>\n\t<div class=\"entry-excerpt\"><p>Auch bei uns bekommen Sie die plastikfreie und faire Badekugel mit inneliegendem Schatz &nbsp; &nbsp;<\/p>\n<\/div>\n\t\n<a href=\"https:\/\/weltlaeden.de\/wehrheim\/neues-produkt-bade-salz\/\" class=\"dt-btn-s dt-btn post-details details-type-btn\" aria-label=\"Read more about Neues Produkt: Bade Salz\">Weiterlesen<i class=\"dt-icon-the7-arrow-03\" aria-hidden=\"true\"><\/i><\/a>\n\n<\/div><\/article><\/div><div class=\"visible wf-cell iso-item\" data-post-id=\"1167\" data-date=\"2026-05-30T20:37:28+02:00\" data-name=\"Stand am Schulfest der Limesschule Wehrheim\"><article class=\"post project-odd visible post-1167 type-post status-publish format-standard has-post-thumbnail hentry category-allgemein category-1\" data-name=\"Stand am Schulfest der Limesschule Wehrheim\" data-date=\"2026-05-30T20:37:28+02:00\">\n\n<div class=\"post-thumbnail-wrap\">\n\t<div class=\"post-thumbnail\">\n\t\t\n\t\t\n\t\t<a href=\"https:\/\/weltlaeden.de\/wehrheim\/stand-am-schulfest-der-limesschule-wehrheim\/\" class=\"post-thumbnail-rollover layzr-bg layzr-bg\" ><img decoding=\"async\" class=\"iso-lazy-load preload-me iso-lazy-load aspect\" src=\"data:image\/svg+xml,%3Csvg%20xmlns%3D&#39;http%3A%2F%2Fwww.w3.org%2F2000%2Fsvg&#39;%20viewBox%3D&#39;0%200%20768%20512&#39;%2F%3E\" data-src=\"https:\/\/weltlaeden.de\/wehrheim\/wp-content\/uploads\/sites\/184\/2026\/05\/WhatsApp-Image-2026-05-30-at-17.07.14-768x512.jpeg\" data-srcset=\"https:\/\/weltlaeden.de\/wehrheim\/wp-content\/uploads\/sites\/184\/2026\/05\/WhatsApp-Image-2026-05-30-at-17.07.14-768x512.jpeg 768w, https:\/\/weltlaeden.de\/wehrheim\/wp-content\/uploads\/sites\/184\/2026\/05\/WhatsApp-Image-2026-05-30-at-17.07.14-1152x768.jpeg 1152w\" loading=\"eager\" style=\"--ratio: 768 \/ 512\" sizes=\"(max-width: 768px) 100vw, 768px\" alt=\"\" title=\"WhatsApp Image 2026-05-30 at 17.07.14\" width=\"768\" height=\"512\"  \/><\/a>\t<\/div>\n<\/div>\n\n\n<div class=\"post-entry-content\">\n\n\t<h3 class=\"entry-title\">\n\t\t<a href=\"https:\/\/weltlaeden.de\/wehrheim\/stand-am-schulfest-der-limesschule-wehrheim\/\" title=\"Stand am Schulfest der Limesschule Wehrheim\" rel=\"bookmark\">Stand am Schulfest der Limesschule Wehrheim<\/a>\n\t<\/h3>\n\n\t<div class=\"entry-meta\"><a href=\"https:\/\/weltlaeden.de\/wehrheim\/2026\/05\/30\/\" title=\"20:37\" class=\"data-link\" rel=\"bookmark\"><time class=\"entry-date updated\" datetime=\"2026-05-30T20:37:28+02:00\">30. Mai 2026<\/time><\/a><\/div>\n\t<div class=\"entry-excerpt\"><p>Wir waren mit einem Stand am Schulfest der Limesschule Wehrheim vertreten Nachdem die 2., 3. und die 4. Klasse der Wehrheimer Limesschule bei uns im Weltladen Wehrheim zum fairen Fr\u00fchst\u00fcck zu Gast waren, ist es fast schon selbstverst\u00e4ndlich, dass wir mit einem kleinen Verkaufsstand auch beim diesj\u00e4hrigen Schulfest der Limesschule mit dabei waren. Damit konnten&hellip;<\/p>\n<\/div>\n\t\n<a href=\"https:\/\/weltlaeden.de\/wehrheim\/stand-am-schulfest-der-limesschule-wehrheim\/\" class=\"dt-btn-s dt-btn post-details details-type-btn\" aria-label=\"Read more about Stand am Schulfest der Limesschule Wehrheim\">Weiterlesen<i class=\"dt-icon-the7-arrow-03\" aria-hidden=\"true\"><\/i><\/a>\n\n<\/div><\/article><\/div><div class=\"visible wf-cell iso-item\" data-post-id=\"1159\" data-date=\"2026-05-13T16:53:19+02:00\" data-name=\"Bunte &amp; Faire Sommerware eingetroffen\"><article class=\"post project-odd visible post-1159 type-post status-publish format-standard has-post-thumbnail hentry category-allgemein category-1\" data-name=\"Bunte &amp; Faire Sommerware eingetroffen\" data-date=\"2026-05-13T16:53:19+02:00\">\n\n<div class=\"post-thumbnail-wrap\">\n\t<div class=\"post-thumbnail\">\n\t\t\n\t\t\n\t\t<a href=\"https:\/\/weltlaeden.de\/wehrheim\/bunte-faire-sommerware-eingetroffen\/\" class=\"post-thumbnail-rollover layzr-bg layzr-bg\" ><img decoding=\"async\" class=\"iso-lazy-load preload-me iso-lazy-load aspect\" src=\"data:image\/svg+xml,%3Csvg%20xmlns%3D&#39;http%3A%2F%2Fwww.w3.org%2F2000%2Fsvg&#39;%20viewBox%3D&#39;0%200%20768%20512&#39;%2F%3E\" data-src=\"https:\/\/weltlaeden.de\/wehrheim\/wp-content\/uploads\/sites\/184\/2026\/05\/image0-1-scaled-768x512.jpeg\" data-srcset=\"https:\/\/weltlaeden.de\/wehrheim\/wp-content\/uploads\/sites\/184\/2026\/05\/image0-1-scaled-768x512.jpeg 768w, https:\/\/weltlaeden.de\/wehrheim\/wp-content\/uploads\/sites\/184\/2026\/05\/image0-1-scaled-1152x768.jpeg 1152w\" loading=\"eager\" style=\"--ratio: 768 \/ 512\" sizes=\"(max-width: 768px) 100vw, 768px\" alt=\"Filzware Meeresoptik\" title=\"image0\" width=\"768\" height=\"512\"  \/><\/a>\t<\/div>\n<\/div>\n\n\n<div class=\"post-entry-content\">\n\n\t<h3 class=\"entry-title\">\n\t\t<a href=\"https:\/\/weltlaeden.de\/wehrheim\/bunte-faire-sommerware-eingetroffen\/\" title=\"Bunte &amp; Faire Sommerware eingetroffen\" rel=\"bookmark\">Bunte &amp; Faire Sommerware eingetroffen<\/a>\n\t<\/h3>\n\n\t<div class=\"entry-meta\"><a href=\"https:\/\/weltlaeden.de\/wehrheim\/2026\/05\/13\/\" title=\"16:53\" class=\"data-link\" rel=\"bookmark\"><time class=\"entry-date updated\" datetime=\"2026-05-13T16:53:19+02:00\">13. Mai 2026<\/time><\/a><\/div>\n\t<div class=\"entry-excerpt\"><p>Bei uns sind viele sch\u00f6ne neue Filz Sommerdekorationsst\u00fccke eingetroffen Kommen Sie gerne vorbei. &nbsp;<\/p>\n<\/div>\n\t\n<a href=\"https:\/\/weltlaeden.de\/wehrheim\/bunte-faire-sommerware-eingetroffen\/\" class=\"dt-btn-s dt-btn post-details details-type-btn\" aria-label=\"Read more about Bunte &amp; Faire Sommerware eingetroffen\">Weiterlesen<i class=\"dt-icon-the7-arrow-03\" aria-hidden=\"true\"><\/i><\/a>\n\n<\/div><\/article><\/div><div class=\"visible wf-cell iso-item\" data-post-id=\"1152\" data-date=\"2026-05-05T14:23:13+02:00\" data-name=\"Stand zum Weltladentag 2026 am 7.5. in der Wehrheimer Mitte\"><article class=\"post project-odd visible post-1152 type-post status-publish format-standard has-post-thumbnail hentry category-allgemein category-1\" data-name=\"Stand zum Weltladentag 2026 am 7.5. in der Wehrheimer Mitte\" data-date=\"2026-05-05T14:23:13+02:00\">\n\n<div class=\"post-thumbnail-wrap\">\n\t<div class=\"post-thumbnail\">\n\t\t\n\t\t\n\t\t<a href=\"https:\/\/weltlaeden.de\/wehrheim\/stand-zum-weldladentag-2026-am-7-5-in-der-wehrheimer-mitte\/\" class=\"post-thumbnail-rollover layzr-bg layzr-bg\" ><img decoding=\"async\" class=\"iso-lazy-load preload-me iso-lazy-load aspect\" src=\"data:image\/svg+xml,%3Csvg%20xmlns%3D&#39;http%3A%2F%2Fwww.w3.org%2F2000%2Fsvg&#39;%20viewBox%3D&#39;0%200%20226%20151&#39;%2F%3E\" data-src=\"https:\/\/weltlaeden.de\/wehrheim\/wp-content\/uploads\/sites\/184\/2026\/05\/Unbenannt-226x151.jpg\" data-srcset=\"https:\/\/weltlaeden.de\/wehrheim\/wp-content\/uploads\/sites\/184\/2026\/05\/Unbenannt-226x151.jpg 226w\" loading=\"eager\" style=\"--ratio: 226 \/ 151\" sizes=\"(max-width: 226px) 100vw, 226px\" alt=\"fairer Stand Wehrheim\" title=\"Unbenannt\" width=\"226\" height=\"151\"  \/><\/a>\t<\/div>\n<\/div>\n\n\n<div class=\"post-entry-content\">\n\n\t<h3 class=\"entry-title\">\n\t\t<a href=\"https:\/\/weltlaeden.de\/wehrheim\/stand-zum-weldladentag-2026-am-7-5-in-der-wehrheimer-mitte\/\" title=\"Stand zum Weltladentag 2026 am 7.5. in der Wehrheimer Mitte\" rel=\"bookmark\">Stand zum Weltladentag 2026 am 7.5. in der Wehrheimer Mitte<\/a>\n\t<\/h3>\n\n\t<div class=\"entry-meta\"><a href=\"https:\/\/weltlaeden.de\/wehrheim\/2026\/05\/05\/\" title=\"14:23\" class=\"data-link\" rel=\"bookmark\"><time class=\"entry-date updated\" datetime=\"2026-05-05T14:23:13+02:00\">5. Mai 2026<\/time><\/a><\/div>\n\t<div class=\"entry-excerpt\"><p>Wir beteiligen uns mit einem Stand zum Weltladentag 2026 mit einem bunten und fairen Stand in der Wehrheimer Mitte Dieses Jahr stehen Faire Fr\u00fcchte im Fokus Fair fruchtet! Fr\u00fcchte stehen f\u00fcr Vielfalt, Genuss und Lebensfreude. Doch hinter dem, was bei uns selbstverst\u00e4ndlich im Einkaufskorb landet, steckt viel Arbeit unter schwierigen Bedingungen. Am Weltladentag nehmen wir&hellip;<\/p>\n<\/div>\n\t\n<a href=\"https:\/\/weltlaeden.de\/wehrheim\/stand-zum-weldladentag-2026-am-7-5-in-der-wehrheimer-mitte\/\" class=\"dt-btn-s dt-btn post-details details-type-btn\" aria-label=\"Read more about Stand zum Weltladentag 2026 am 7.5. in der Wehrheimer Mitte\">Weiterlesen<i class=\"dt-icon-the7-arrow-03\" aria-hidden=\"true\"><\/i><\/a>\n\n<\/div><\/article><\/div><div class=\"visible wf-cell iso-item\" data-post-id=\"1147\" data-date=\"2026-05-04T21:57:45+02:00\" data-name=\"Sch\u00f6ne und faire Geschenkideen\"><article class=\"post project-odd visible post-1147 type-post status-publish format-standard has-post-thumbnail hentry category-allgemein category-1\" data-name=\"Sch\u00f6ne und faire Geschenkideen\" data-date=\"2026-05-04T21:57:45+02:00\">\n\n<div class=\"post-thumbnail-wrap\">\n\t<div class=\"post-thumbnail\">\n\t\t\n\t\t\n\t\t<a href=\"https:\/\/weltlaeden.de\/wehrheim\/schoene-und-faire-geschenkideen\/\" class=\"post-thumbnail-rollover layzr-bg layzr-bg\" ><img decoding=\"async\" class=\"iso-lazy-load preload-me iso-lazy-load aspect\" src=\"data:image\/svg+xml,%3Csvg%20xmlns%3D&#39;http%3A%2F%2Fwww.w3.org%2F2000%2Fsvg&#39;%20viewBox%3D&#39;0%200%20768%20512&#39;%2F%3E\" data-src=\"https:\/\/weltlaeden.de\/wehrheim\/wp-content\/uploads\/sites\/184\/2026\/05\/image0-scaled-768x512.jpeg\" data-srcset=\"https:\/\/weltlaeden.de\/wehrheim\/wp-content\/uploads\/sites\/184\/2026\/05\/image0-scaled-768x512.jpeg 768w, https:\/\/weltlaeden.de\/wehrheim\/wp-content\/uploads\/sites\/184\/2026\/05\/image0-scaled-1152x768.jpeg 1152w\" loading=\"eager\" style=\"--ratio: 768 \/ 512\" sizes=\"(max-width: 768px) 100vw, 768px\" alt=\"\" title=\"Geschenkideen Muttertag\" width=\"768\" height=\"512\"  \/><\/a>\t<\/div>\n<\/div>\n\n\n<div class=\"post-entry-content\">\n\n\t<h3 class=\"entry-title\">\n\t\t<a href=\"https:\/\/weltlaeden.de\/wehrheim\/schoene-und-faire-geschenkideen\/\" title=\"Sch\u00f6ne und faire Geschenkideen\" rel=\"bookmark\">Sch\u00f6ne und faire Geschenkideen<\/a>\n\t<\/h3>\n\n\t<div class=\"entry-meta\"><a href=\"https:\/\/weltlaeden.de\/wehrheim\/2026\/05\/04\/\" title=\"21:57\" class=\"data-link\" rel=\"bookmark\"><time class=\"entry-date updated\" datetime=\"2026-05-04T21:57:45+02:00\">4. Mai 2026<\/time><\/a><\/div>\n\t<div class=\"entry-excerpt\"><\/div>\n\t\n<a href=\"https:\/\/weltlaeden.de\/wehrheim\/schoene-und-faire-geschenkideen\/\" class=\"dt-btn-s dt-btn post-details details-type-btn\" aria-label=\"Read more about Sch\u00f6ne und faire Geschenkideen\">Weiterlesen<i class=\"dt-icon-the7-arrow-03\" aria-hidden=\"true\"><\/i><\/a>\n\n<\/div><\/article><\/div><div class=\"visible wf-cell iso-item\" data-post-id=\"1139\" data-date=\"2026-03-16T15:10:51+01:00\" data-name=\"Einladung zum Ostermarkt am 28. M\u00e4rz in der Wehrheimer Mitte\"><article class=\"post project-odd visible post-1139 type-post status-publish format-standard has-post-thumbnail hentry category-allgemein category-1\" data-name=\"Einladung zum Ostermarkt am 28. M\u00e4rz in der Wehrheimer Mitte\" data-date=\"2026-03-16T15:10:51+01:00\">\n\n<div class=\"post-thumbnail-wrap\">\n\t<div class=\"post-thumbnail\">\n\t\t\n\t\t\n\t\t<a href=\"https:\/\/weltlaeden.de\/wehrheim\/einladung-zum-ostermarkt-am-28-maerz-in-der-wehrheimer-mitte\/\" class=\"post-thumbnail-rollover layzr-bg layzr-bg\" ><img decoding=\"async\" class=\"iso-lazy-load preload-me iso-lazy-load aspect\" src=\"data:image\/svg+xml,%3Csvg%20xmlns%3D&#39;http%3A%2F%2Fwww.w3.org%2F2000%2Fsvg&#39;%20viewBox%3D&#39;0%200%20768%20512&#39;%2F%3E\" data-src=\"https:\/\/weltlaeden.de\/wehrheim\/wp-content\/uploads\/sites\/184\/2026\/03\/image3-scaled-768x512.jpeg\" data-srcset=\"https:\/\/weltlaeden.de\/wehrheim\/wp-content\/uploads\/sites\/184\/2026\/03\/image3-scaled-768x512.jpeg 768w, https:\/\/weltlaeden.de\/wehrheim\/wp-content\/uploads\/sites\/184\/2026\/03\/image3-scaled-1152x768.jpeg 1152w\" loading=\"eager\" style=\"--ratio: 768 \/ 512\" sizes=\"(max-width: 768px) 100vw, 768px\" alt=\"\" title=\"image3\" width=\"768\" height=\"512\"  \/><\/a>\t<\/div>\n<\/div>\n\n\n<div class=\"post-entry-content\">\n\n\t<h3 class=\"entry-title\">\n\t\t<a href=\"https:\/\/weltlaeden.de\/wehrheim\/einladung-zum-ostermarkt-am-28-maerz-in-der-wehrheimer-mitte\/\" title=\"Einladung zum Ostermarkt am 28. M\u00e4rz in der Wehrheimer Mitte\" rel=\"bookmark\">Einladung zum Ostermarkt am 28. M\u00e4rz in der Wehrheimer Mitte<\/a>\n\t<\/h3>\n\n\t<div class=\"entry-meta\"><a href=\"https:\/\/weltlaeden.de\/wehrheim\/2026\/03\/16\/\" title=\"15:10\" class=\"data-link\" rel=\"bookmark\"><time class=\"entry-date updated\" datetime=\"2026-03-16T15:10:51+01:00\">16. M\u00e4rz 2026<\/time><\/a><\/div>\n\t<div class=\"entry-excerpt\"><p>Wir laden herzlich zum Ostermarkt am 28. M\u00e4rz von 10-17Uhr in der Wehrheimer Mitte ein und sind mit einem Stand vertreten<\/p>\n<\/div>\n\t\n<a href=\"https:\/\/weltlaeden.de\/wehrheim\/einladung-zum-ostermarkt-am-28-maerz-in-der-wehrheimer-mitte\/\" class=\"dt-btn-s dt-btn post-details details-type-btn\" aria-label=\"Read more about Einladung zum Ostermarkt am 28. M\u00e4rz in der Wehrheimer Mitte\">Weiterlesen<i class=\"dt-icon-the7-arrow-03\" aria-hidden=\"true\"><\/i><\/a>\n\n<\/div><\/article><\/div><div class=\"visible wf-cell iso-item\" data-post-id=\"1132\" data-date=\"2026-02-19T21:33:53+01:00\" data-name=\"faire und s\u00fc\u00dfe Osterware eingetroffen\"><article class=\"post project-odd visible no-img post-1132 type-post status-publish format-standard hentry category-allgemein category-1\" data-name=\"faire und s\u00fc\u00dfe Osterware eingetroffen\" data-date=\"2026-02-19T21:33:53+01:00\">\n\n<div class=\"post-entry-content\">\n\n\t<h3 class=\"entry-title\">\n\t\t<a href=\"https:\/\/weltlaeden.de\/wehrheim\/faire-und-suesse-osterware-eingetroffen\/\" title=\"faire und s\u00fc\u00dfe Osterware eingetroffen\" rel=\"bookmark\">faire und s\u00fc\u00dfe Osterware eingetroffen<\/a>\n\t<\/h3>\n\n\t<div class=\"entry-meta\"><a href=\"https:\/\/weltlaeden.de\/wehrheim\/2026\/02\/19\/\" title=\"21:33\" class=\"data-link\" rel=\"bookmark\"><time class=\"entry-date updated\" datetime=\"2026-02-19T21:33:53+01:00\">19. Februar 2026<\/time><\/a><\/div>\n\t<div class=\"entry-excerpt\"><p>Wir laden zudem herzlich zu unserem Stand am Ostermarkt in Wehrheim am 28.3 von 10-17Uhr ein. &nbsp;<\/p>\n<\/div>\n\t\n<a href=\"https:\/\/weltlaeden.de\/wehrheim\/faire-und-suesse-osterware-eingetroffen\/\" class=\"dt-btn-s dt-btn post-details details-type-btn\" aria-label=\"Read more about faire und s\u00fc\u00dfe Osterware eingetroffen\">Weiterlesen<i class=\"dt-icon-the7-arrow-03\" aria-hidden=\"true\"><\/i><\/a>\n\n<\/div><\/article><\/div><div class=\"visible wf-cell iso-item\" data-post-id=\"1127\" data-date=\"2026-01-30T22:07:12+01:00\" data-name=\"Produktinformationen im Januar\"><article class=\"post project-odd visible post-1127 type-post status-publish format-standard has-post-thumbnail hentry category-allgemein category-1\" data-name=\"Produktinformationen im Januar\" data-date=\"2026-01-30T22:07:12+01:00\">\n\n<div class=\"post-thumbnail-wrap\">\n\t<div class=\"post-thumbnail\">\n\t\t\n\t\t\n\t\t<a href=\"https:\/\/weltlaeden.de\/wehrheim\/produktinformationen-im-januar\/\" class=\"post-thumbnail-rollover layzr-bg layzr-bg\" ><img decoding=\"async\" class=\"iso-lazy-load preload-me iso-lazy-load aspect\" src=\"data:image\/svg+xml,%3Csvg%20xmlns%3D&#39;http%3A%2F%2Fwww.w3.org%2F2000%2Fsvg&#39;%20viewBox%3D&#39;0%200%20768%20512&#39;%2F%3E\" data-src=\"https:\/\/weltlaeden.de\/wehrheim\/wp-content\/uploads\/sites\/184\/2025\/10\/1000077092-scaled-768x512.jpg\" data-srcset=\"https:\/\/weltlaeden.de\/wehrheim\/wp-content\/uploads\/sites\/184\/2025\/10\/1000077092-scaled-768x512.jpg 768w, https:\/\/weltlaeden.de\/wehrheim\/wp-content\/uploads\/sites\/184\/2025\/10\/1000077092-scaled-1152x768.jpg 1152w\" loading=\"eager\" style=\"--ratio: 768 \/ 512\" sizes=\"(max-width: 768px) 100vw, 768px\" alt=\"\" title=\"1000077092\" width=\"768\" height=\"512\"  \/><\/a>\t<\/div>\n<\/div>\n\n\n<div class=\"post-entry-content\">\n\n\t<h3 class=\"entry-title\">\n\t\t<a href=\"https:\/\/weltlaeden.de\/wehrheim\/produktinformationen-im-januar\/\" title=\"Produktinformationen im Januar\" rel=\"bookmark\">Produktinformationen im Januar<\/a>\n\t<\/h3>\n\n\t<div class=\"entry-meta\"><a href=\"https:\/\/weltlaeden.de\/wehrheim\/2026\/01\/30\/\" title=\"22:07\" class=\"data-link\" rel=\"bookmark\"><time class=\"entry-date updated\" datetime=\"2026-01-30T22:07:12+01:00\">30. Januar 2026<\/time><\/a><\/div>\n\t<div class=\"entry-excerpt\"><p>Auch im Januar gibt es wieder ein Video mit Produktinformationen aus dem Wehrheimer Weltladen. Unter anderem gibt es bei uns Bananen von banafair e.V., Orangen und Zotter Schokoladen Pralinen Wir freuen uns auf Ihren Besuch! &nbsp;<\/p>\n<\/div>\n\t\n<a href=\"https:\/\/weltlaeden.de\/wehrheim\/produktinformationen-im-januar\/\" class=\"dt-btn-s dt-btn post-details details-type-btn\" aria-label=\"Read more about Produktinformationen im Januar\">Weiterlesen<i class=\"dt-icon-the7-arrow-03\" aria-hidden=\"true\"><\/i><\/a>\n\n<\/div><\/article><\/div><\/div><!-- iso-container|iso-grid --><div class=\"paginator\" role=\"navigation\"><span class=\"nav-prev disabled\">\u2192<\/span><a href=\"https:\/\/weltlaeden.de\/wehrheim\/wp-json\/wp\/v2\/pages\/361\/\" class=\"page-numbers act\" data-page-num=\"1\">1<\/a><a href=\"https:\/\/weltlaeden.de\/wehrheim\/wp-json\/wp\/v2\/pages\/361\/page\/2\/\" class=\"page-numbers \" data-page-num=\"2\">2<\/a><a href=\"https:\/\/weltlaeden.de\/wehrheim\/wp-json\/wp\/v2\/pages\/361\/page\/3\/\" class=\"page-numbers \" data-page-num=\"3\">3<\/a><a href=\"https:\/\/weltlaeden.de\/wehrheim\/wp-json\/wp\/v2\/pages\/361\/page\/4\/\" class=\"page-numbers \" data-page-num=\"4\">4<\/a><a href=\"https:\/\/weltlaeden.de\/wehrheim\/wp-json\/wp\/v2\/pages\/361\/page\/5\/\" class=\"page-numbers \" data-page-num=\"5\">5<\/a><a href=\"javascript:void(0);\" class=\"dots\">&#8230;<\/a><div style=\"display: none;\"><a href=\"https:\/\/weltlaeden.de\/wehrheim\/wp-json\/wp\/v2\/pages\/361\/page\/6\/\" class=\"page-numbers \" data-page-num=\"6\">6<\/a><\/div><a href=\"https:\/\/weltlaeden.de\/wehrheim\/wp-json\/wp\/v2\/pages\/361\/page\/7\/\" class=\"page-numbers \" data-page-num=\"7\">7<\/a><a href=\"https:\/\/weltlaeden.de\/wehrheim\/wp-json\/wp\/v2\/pages\/361\/page\/2\/\" class=\"page-numbers nav-next filter-item\" data-page-num=\"2\" >\u2192<\/a><\/div><\/div>[\/vc_column][\/vc_row]<\/p>\n<\/div>","protected":false},"excerpt":{"rendered":"<p>[vc_row][vc_column][vc_column_text] Neuigkeiten [\/vc_column_text][\/vc_column][\/vc_row]<\/p>\n","protected":false},"author":1,"featured_media":0,"parent":0,"menu_order":4,"comment_status":"closed","ping_status":"closed","template":"","meta":{"footnotes":""},"class_list":["post-361","page","type-page","status-publish","hentry","description-off"],"yoast_head":"<!-- This site is optimized with the Yoast SEO plugin v26.8 - https:\/\/yoast.com\/product\/yoast-seo-wordpress\/ -->\n<title>Neuigkeiten - Weltladen Wehrheim<\/title>\n<meta name=\"robots\" content=\"index, follow, max-snippet:-1, max-image-preview:large, max-video-preview:-1\" \/>\n<link rel=\"canonical\" href=\"https:\/\/weltlaeden.de\/wehrheim\/neuigkeiten\/\" \/>\n<meta property=\"og:locale\" content=\"de_DE\" \/>\n<meta property=\"og:type\" content=\"article\" \/>\n<meta property=\"og:title\" content=\"Neuigkeiten - Weltladen Wehrheim\" \/>\n<meta property=\"og:description\" content=\"[vc_row][vc_column][vc_column_text] Neuigkeiten [\/vc_column_text][\/vc_column][\/vc_row]\" \/>\n<meta property=\"og:url\" content=\"https:\/\/weltlaeden.de\/wehrheim\/neuigkeiten\/\" \/>\n<meta property=\"og:site_name\" content=\"Weltladen Wehrheim\" \/>\n<meta property=\"article:modified_time\" content=\"2021-08-27T09:13:18+00:00\" \/>\n<meta name=\"twitter:card\" content=\"summary_large_image\" \/>\n<script type=\"application\/ld+json\" class=\"yoast-schema-graph\">{\"@context\":\"https:\/\/schema.org\",\"@graph\":[{\"@type\":\"WebPage\",\"@id\":\"https:\/\/weltlaeden.de\/wehrheim\/neuigkeiten\/\",\"url\":\"https:\/\/weltlaeden.de\/wehrheim\/neuigkeiten\/\",\"name\":\"Neuigkeiten - Weltladen Wehrheim\",\"isPartOf\":{\"@id\":\"https:\/\/weltlaeden.de\/wehrheim\/#website\"},\"datePublished\":\"2018-04-05T07:52:53+00:00\",\"dateModified\":\"2021-08-27T09:13:18+00:00\",\"breadcrumb\":{\"@id\":\"https:\/\/weltlaeden.de\/wehrheim\/neuigkeiten\/#breadcrumb\"},\"inLanguage\":\"de\",\"potentialAction\":[{\"@type\":\"ReadAction\",\"target\":[\"https:\/\/weltlaeden.de\/wehrheim\/neuigkeiten\/\"]}]},{\"@type\":\"BreadcrumbList\",\"@id\":\"https:\/\/weltlaeden.de\/wehrheim\/neuigkeiten\/#breadcrumb\",\"itemListElement\":[{\"@type\":\"ListItem\",\"position\":1,\"name\":\"Startseite\",\"item\":\"https:\/\/weltlaeden.de\/wehrheim\/\"},{\"@type\":\"ListItem\",\"position\":2,\"name\":\"Neuigkeiten\"}]},{\"@type\":\"WebSite\",\"@id\":\"https:\/\/weltlaeden.de\/wehrheim\/#website\",\"url\":\"https:\/\/weltlaeden.de\/wehrheim\/\",\"name\":\"Weltladen Wehrheim\",\"description\":\"Faire Produkte seit 1975\",\"potentialAction\":[{\"@type\":\"SearchAction\",\"target\":{\"@type\":\"EntryPoint\",\"urlTemplate\":\"https:\/\/weltlaeden.de\/wehrheim\/?s={search_term_string}\"},\"query-input\":{\"@type\":\"PropertyValueSpecification\",\"valueRequired\":true,\"valueName\":\"search_term_string\"}}],\"inLanguage\":\"de\"}]}<\/script>\n<!-- \/ Yoast SEO plugin. -->","yoast_head_json":{"title":"Neuigkeiten - Weltladen Wehrheim","robots":{"index":"index","follow":"follow","max-snippet":"max-snippet:-1","max-image-preview":"max-image-preview:large","max-video-preview":"max-video-preview:-1"},"canonical":"https:\/\/weltlaeden.de\/wehrheim\/neuigkeiten\/","og_locale":"de_DE","og_type":"article","og_title":"Neuigkeiten - Weltladen Wehrheim","og_description":"[vc_row][vc_column][vc_column_text] Neuigkeiten [\/vc_column_text][\/vc_column][\/vc_row]","og_url":"https:\/\/weltlaeden.de\/wehrheim\/neuigkeiten\/","og_site_name":"Weltladen Wehrheim","article_modified_time":"2021-08-27T09:13:18+00:00","twitter_card":"summary_large_image","schema":{"@context":"https:\/\/schema.org","@graph":[{"@type":"WebPage","@id":"https:\/\/weltlaeden.de\/wehrheim\/neuigkeiten\/","url":"https:\/\/weltlaeden.de\/wehrheim\/neuigkeiten\/","name":"Neuigkeiten - Weltladen Wehrheim","isPartOf":{"@id":"https:\/\/weltlaeden.de\/wehrheim\/#website"},"datePublished":"2018-04-05T07:52:53+00:00","dateModified":"2021-08-27T09:13:18+00:00","breadcrumb":{"@id":"https:\/\/weltlaeden.de\/wehrheim\/neuigkeiten\/#breadcrumb"},"inLanguage":"de","potentialAction":[{"@type":"ReadAction","target":["https:\/\/weltlaeden.de\/wehrheim\/neuigkeiten\/"]}]},{"@type":"BreadcrumbList","@id":"https:\/\/weltlaeden.de\/wehrheim\/neuigkeiten\/#breadcrumb","itemListElement":[{"@type":"ListItem","position":1,"name":"Startseite","item":"https:\/\/weltlaeden.de\/wehrheim\/"},{"@type":"ListItem","position":2,"name":"Neuigkeiten"}]},{"@type":"WebSite","@id":"https:\/\/weltlaeden.de\/wehrheim\/#website","url":"https:\/\/weltlaeden.de\/wehrheim\/","name":"Weltladen Wehrheim","description":"Faire Produkte seit 1975","potentialAction":[{"@type":"SearchAction","target":{"@type":"EntryPoint","urlTemplate":"https:\/\/weltlaeden.de\/wehrheim\/?s={search_term_string}"},"query-input":{"@type":"PropertyValueSpecification","valueRequired":true,"valueName":"search_term_string"}}],"inLanguage":"de"}]}},"_links":{"self":[{"href":"https:\/\/weltlaeden.de\/wehrheim\/wp-json\/wp\/v2\/pages\/361","targetHints":{"allow":["GET"]}}],"collection":[{"href":"https:\/\/weltlaeden.de\/wehrheim\/wp-json\/wp\/v2\/pages"}],"about":[{"href":"https:\/\/weltlaeden.de\/wehrheim\/wp-json\/wp\/v2\/types\/page"}],"author":[{"embeddable":true,"href":"https:\/\/weltlaeden.de\/wehrheim\/wp-json\/wp\/v2\/users\/1"}],"replies":[{"embeddable":true,"href":"https:\/\/weltlaeden.de\/wehrheim\/wp-json\/wp\/v2\/comments?post=361"}],"version-history":[{"count":8,"href":"https:\/\/weltlaeden.de\/wehrheim\/wp-json\/wp\/v2\/pages\/361\/revisions"}],"predecessor-version":[{"id":539,"href":"https:\/\/weltlaeden.de\/wehrheim\/wp-json\/wp\/v2\/pages\/361\/revisions\/539"}],"wp:attachment":[{"href":"https:\/\/weltlaeden.de\/wehrheim\/wp-json\/wp\/v2\/media?parent=361"}],"curies":[{"name":"wp","href":"https:\/\/api.w.org\/{rel}","templated":true}]}}