{"id":361,"date":"2018-04-05T09:52:53","date_gmt":"2018-04-05T07:52:53","guid":{"rendered":"https:\/\/weltlaeden.de\/waltrop\/?page_id=361"},"modified":"2019-09-18T20:28:07","modified_gmt":"2019-09-18T18:28:07","slug":"neuigkeiten","status":"publish","type":"page","link":"https:\/\/weltlaeden.de\/waltrop\/neuigkeiten\/","title":{"rendered":"Neuigkeiten"},"content":{"rendered":"<div class=\"wpb-content-wrapper\"><p>[vc_row][vc_column][vc_column_text]<\/p>\n<h1>Neuigkeiten<\/h1>\n<p>[\/vc_column_text]<style type=\"text\/css\" data-type=\"the7_shortcodes-inline-css\">.blog-shortcode.blog-masonry-shortcode-id-619a3c9b8a7ede2e122ac85cf8b67672.dividers-on.classic-layout-list article {\n  padding-top: 0;\n}\n.blog-shortcode.blog-masonry-shortcode-id-619a3c9b8a7ede2e122ac85cf8b67672.dividers-on.classic-layout-list article:first-of-type {\n  margin-top: 0;\n  padding-top: 0;\n}\n.blog-shortcode.blog-masonry-shortcode-id-619a3c9b8a7ede2e122ac85cf8b67672.classic-layout-list.mode-list .post-entry-content {\n  width: calc(100% - );\n}\n.blog-shortcode.blog-masonry-shortcode-id-619a3c9b8a7ede2e122ac85cf8b67672.classic-layout-list.mode-list .no-img .post-entry-content {\n  width: 100%;\n}\n.blog-shortcode.blog-masonry-shortcode-id-619a3c9b8a7ede2e122ac85cf8b67672 .filter-bg-decoration .filter-categories a.act {\n  color: #fff;\n}\n.blog-shortcode.blog-masonry-shortcode-id-619a3c9b8a7ede2e122ac85cf8b67672:not(.mode-masonry) article:first-of-type,\n.blog-shortcode.blog-masonry-shortcode-id-619a3c9b8a7ede2e122ac85cf8b67672:not(.mode-masonry) article.visible.first:not(.product) {\n  margin-top: 0;\n}\n.blog-shortcode.blog-masonry-shortcode-id-619a3c9b8a7ede2e122ac85cf8b67672.dividers-on:not(.mode-masonry) article {\n  margin-top: 0;\n}\n.blog-shortcode.blog-masonry-shortcode-id-619a3c9b8a7ede2e122ac85cf8b67672.dividers-on:not(.mode-masonry) article:first-of-type,\n.blog-shortcode.blog-masonry-shortcode-id-619a3c9b8a7ede2e122ac85cf8b67672.dividers-on:not(.mode-masonry) article.visible.first:not(.product) {\n  margin-top: 0;\n  padding-top: 0;\n}\n.blog-shortcode.blog-masonry-shortcode-id-619a3c9b8a7ede2e122ac85cf8b67672 .post-thumbnail-wrap {\n  padding: 0px 0px 0px 0px;\n}\n.blog-shortcode.blog-masonry-shortcode-id-619a3c9b8a7ede2e122ac85cf8b67672.enable-bg-rollover .post-thumbnail-rollover:after {\n  background: -webkit-linear-gradient();\n  background: linear-gradient();\n}\n.blog-shortcode.blog-masonry-shortcode-id-619a3c9b8a7ede2e122ac85cf8b67672 .gallery-zoom-ico {\n  width: 44px;\n  height: 44px;\n  line-height: 44px;\n  border-radius: 100px;\n  margin: -22px 0 0 -22px;\n  border-width: 0px;\n  color: #ffffff;\n}\n.bottom-overlap-layout-list.blog-shortcode.blog-masonry-shortcode-id-619a3c9b8a7ede2e122ac85cf8b67672 .gallery-zoom-ico {\n  margin-top: -72px;\n}\n.gradient-overlay-layout-list.blog-shortcode.blog-masonry-shortcode-id-619a3c9b8a7ede2e122ac85cf8b67672 .gallery-zoom-ico,\n.content-rollover-layout-list.blog-shortcode.blog-masonry-shortcode-id-619a3c9b8a7ede2e122ac85cf8b67672 .gallery-zoom-ico {\n  margin: 0 0 10px;\n}\n.content-align-center.gradient-overlay-layout-list.blog-shortcode.blog-masonry-shortcode-id-619a3c9b8a7ede2e122ac85cf8b67672 .gallery-zoom-ico,\n.content-align-center.content-rollover-layout-list.blog-shortcode.blog-masonry-shortcode-id-619a3c9b8a7ede2e122ac85cf8b67672 .gallery-zoom-ico {\n  margin: 0 auto 10px;\n}\n.dt-icon-bg-on.blog-shortcode.blog-masonry-shortcode-id-619a3c9b8a7ede2e122ac85cf8b67672 .gallery-zoom-ico {\n  background: rgba(255,255,255,0.3);\n  box-shadow: none;\n}\n.blog-shortcode.blog-masonry-shortcode-id-619a3c9b8a7ede2e122ac85cf8b67672 .gallery-zoom-ico > span,\n.blog-shortcode.blog-masonry-shortcode-id-619a3c9b8a7ede2e122ac85cf8b67672 .gallery-zoom-ico:before {\n  font-size: 32px;\n  line-height: 44px;\n}\n.blog-shortcode.blog-masonry-shortcode-id-619a3c9b8a7ede2e122ac85cf8b67672 .gallery-zoom-ico > span,\n.blog-shortcode.blog-masonry-shortcode-id-619a3c9b8a7ede2e122ac85cf8b67672 .gallery-zoom-ico:before {\n  color: #ffffff;\n}\n.blog-shortcode.blog-masonry-shortcode-id-619a3c9b8a7ede2e122ac85cf8b67672 .entry-title,\n.blog-shortcode.blog-masonry-shortcode-id-619a3c9b8a7ede2e122ac85cf8b67672.owl-carousel .entry-title {\n  margin-bottom: 5px;\n  font-weight: bold;\n}\n.blog-shortcode.blog-masonry-shortcode-id-619a3c9b8a7ede2e122ac85cf8b67672 .entry-meta {\n  margin-bottom: 15px;\n}\n.blog-shortcode.blog-masonry-shortcode-id-619a3c9b8a7ede2e122ac85cf8b67672 .portfolio-categories {\n  margin-bottom: 15px;\n}\n.blog-shortcode.blog-masonry-shortcode-id-619a3c9b8a7ede2e122ac85cf8b67672 .entry-excerpt {\n  margin-bottom: 5px;\n}\n.blog-shortcode.blog-masonry-shortcode-id-619a3c9b8a7ede2e122ac85cf8b67672:not(.centered-layout-list) .post-entry-content {\n  padding: 25px 30px 30px 30px;\n}\n.blog-shortcode.blog-masonry-shortcode-id-619a3c9b8a7ede2e122ac85cf8b67672:not(.centered-layout-list):not(.content-bg-on):not(.mode-list) .no-img .post-entry-content {\n  padding: 0;\n}\n@media screen and (max-width: ) {\n  .blog-shortcode.blog-masonry-shortcode-id-619a3c9b8a7ede2e122ac85cf8b67672 article {\n    -ms-flex-flow: column nowrap;\n    flex-flow: column nowrap;\n    margin-top: 20px;\n  }\n  .blog-shortcode.blog-masonry-shortcode-id-619a3c9b8a7ede2e122ac85cf8b67672.dividers-on article {\n    border: none;\n  }\n  .blog-shortcode.blog-masonry-shortcode-id-619a3c9b8a7ede2e122ac85cf8b67672.content-bg-on.centered-layout-list article {\n    padding: 0;\n  }\n  .blog-shortcode.blog-masonry-shortcode-id-619a3c9b8a7ede2e122ac85cf8b67672.blog-shortcode.dividers-on article,\n  .blog-shortcode.blog-masonry-shortcode-id-619a3c9b8a7ede2e122ac85cf8b67672.dividers-on.classic-layout-list article {\n    margin-top: 20px;\n    padding: 0;\n  }\n  .blog-shortcode.blog-masonry-shortcode-id-619a3c9b8a7ede2e122ac85cf8b67672.blog-shortcode.dividers-on article:first-of-type,\n  .blog-shortcode.blog-masonry-shortcode-id-619a3c9b8a7ede2e122ac85cf8b67672.dividers-on.classic-layout-list article:first-of-type {\n    padding: 0;\n  }\n  #page .blog-shortcode.blog-masonry-shortcode-id-619a3c9b8a7ede2e122ac85cf8b67672 .post-thumbnail-wrap,\n  #page .blog-shortcode.blog-masonry-shortcode-id-619a3c9b8a7ede2e122ac85cf8b67672 .post-entry-content {\n    width: 100%;\n    margin: 0;\n    top: 0;\n  }\n  #page .blog-shortcode.blog-masonry-shortcode-id-619a3c9b8a7ede2e122ac85cf8b67672 .post-thumbnail-wrap {\n    padding: 0;\n  }\n  #page .blog-shortcode.blog-masonry-shortcode-id-619a3c9b8a7ede2e122ac85cf8b67672 .post-entry-content:after {\n    display: none;\n  }\n  #page .blog-shortcode.blog-masonry-shortcode-id-619a3c9b8a7ede2e122ac85cf8b67672 .project-even .post-thumbnail-wrap,\n  #page .blog-shortcode.blog-masonry-shortcode-id-619a3c9b8a7ede2e122ac85cf8b67672.centered-layout-list .post-thumbnail-wrap {\n    -ms-flex-order: 0;\n    order: 0;\n  }\n  #page .blog-shortcode.blog-masonry-shortcode-id-619a3c9b8a7ede2e122ac85cf8b67672.centered-layout-list .post-entry-title-content {\n    -ms-flex-order: 1;\n    order: 1;\n    width: 100%;\n    padding: 20px 20px 0;\n  }\n  #page .blog-shortcode.blog-masonry-shortcode-id-619a3c9b8a7ede2e122ac85cf8b67672.centered-layout-list .post-entry-content {\n    -ms-flex-order: 2;\n    order: 2;\n    padding-top: 0;\n  }\n  #page .blog-shortcode.blog-masonry-shortcode-id-619a3c9b8a7ede2e122ac85cf8b67672 .fancy-categories {\n    top: 10px;\n    left: 10px;\n    bottom: auto;\n    right: auto;\n  }\n  #page .blog-shortcode.blog-masonry-shortcode-id-619a3c9b8a7ede2e122ac85cf8b67672 .fancy-date a {\n    top: 10px;\n    right: 10px;\n    left: auto;\n    bottom: auto;\n  }\n  #page .blog-shortcode.blog-masonry-shortcode-id-619a3c9b8a7ede2e122ac85cf8b67672 .post-entry-content {\n    padding: 20px;\n  }\n  #page .blog-shortcode.blog-masonry-shortcode-id-619a3c9b8a7ede2e122ac85cf8b67672 .entry-title {\n    margin: 3px 0 5px;\n    font-size: 20px;\n    line-height: 26px;\n  }\n  #page .blog-shortcode.blog-masonry-shortcode-id-619a3c9b8a7ede2e122ac85cf8b67672 .entry-meta {\n    margin: 5px 0 5px;\n  }\n  #page .blog-shortcode.blog-masonry-shortcode-id-619a3c9b8a7ede2e122ac85cf8b67672 .entry-excerpt {\n    margin: 15px 0 0;\n  }\n  #page .blog-shortcode.blog-masonry-shortcode-id-619a3c9b8a7ede2e122ac85cf8b67672 .post-details {\n    margin: 5px 0 10px;\n  }\n  #page .blog-shortcode.blog-masonry-shortcode-id-619a3c9b8a7ede2e122ac85cf8b67672 .post-details.details-type-link {\n    margin-bottom: 2px;\n  }\n}<\/style><div class=\"blog-shortcode blog-masonry-shortcode-id-619a3c9b8a7ede2e122ac85cf8b67672 mode-masonry classic-layout-list content-bg-on scale-img dt-icon-bg-off resize-by-browser-width loading-effect-none description-under-image \" data-padding=\"15px\" data-cur-page=\"1\" data-post-limit=\"-1\" data-pagination-mode=\"pages\" data-desktop-columns-num=\"2\" data-v-tablet-columns-num=\"1\" data-h-tablet-columns-num=\"2\" data-phone-columns-num=\"1\" data-width=\"0px\" data-columns=\"0\"><div class=\"iso-container\" ><div class=\"visible wf-cell iso-item\" data-post-id=\"1876\" data-date=\"2026-04-14T19:46:34+02:00\" data-name=\"Ostern ist vorbei und der Fr\u00fchling zeigt, was er kann!\"><article class=\"post project-odd visible post-1876 type-post status-publish format-standard has-post-thumbnail hentry category-neues category-8\" data-name=\"Ostern ist vorbei und der Fr\u00fchling zeigt, was er kann!\" data-date=\"2026-04-14T19:46:34+02:00\">\n\n<div class=\"post-thumbnail-wrap\">\n\t<div class=\"post-thumbnail\">\n\t\t\n\t\t\n\t\t<a href=\"https:\/\/weltlaeden.de\/waltrop\/ostern_ist_vorbei_und_der_fruehling_zeigt\/\" class=\"post-thumbnail-rollover layzr-bg layzr-bg\" ><img fetchpriority=\"high\" decoding=\"async\" class=\"iso-lazy-load preload-me iso-lazy-load aspect\" src=\"data:image\/svg+xml,%3Csvg%20xmlns%3D&#39;http%3A%2F%2Fwww.w3.org%2F2000%2Fsvg&#39;%20viewBox%3D&#39;0%200%20768%20512&#39;%2F%3E\" data-src=\"https:\/\/weltlaeden.de\/waltrop\/wp-content\/uploads\/sites\/86\/2026\/04\/IMG_2935-scaled-768x512.jpeg\" data-srcset=\"https:\/\/weltlaeden.de\/waltrop\/wp-content\/uploads\/sites\/86\/2026\/04\/IMG_2935-scaled-768x512.jpeg 768w, https:\/\/weltlaeden.de\/waltrop\/wp-content\/uploads\/sites\/86\/2026\/04\/IMG_2935-scaled-1152x768.jpeg 1152w\" loading=\"eager\" style=\"--ratio: 768 \/ 512\" sizes=\"(max-width: 768px) 100vw, 768px\" alt=\"\"  width=\"768\" height=\"512\"  \/><\/a>\t<\/div>\n<\/div>\n\n\n<div class=\"post-entry-content\">\n\n\t<h3 class=\"entry-title\">\n\t\t<a href=\"https:\/\/weltlaeden.de\/waltrop\/ostern_ist_vorbei_und_der_fruehling_zeigt\/\" title=\"Ostern ist vorbei und der Fr\u00fchling zeigt, was er kann!\" rel=\"bookmark\">Ostern ist vorbei und der Fr\u00fchling zeigt, was er kann!<\/a>\n\t<\/h3>\n\n\t<div class=\"entry-meta\"><a href=\"https:\/\/weltlaeden.de\/waltrop\/2026\/04\/14\/\" title=\"19:46\" class=\"data-link\" rel=\"bookmark\"><time class=\"entry-date updated\" datetime=\"2026-04-14T19:46:34+02:00\">14. April 2026<\/time><\/a><\/div>\n\t<div class=\"entry-excerpt\"><p>[vc_row][vc_column][vc_column_text css=&#8220;&#8220;] Ostern ist vorbei und der Fr\u00fchling zeigt, was er kann! Liebe Kundinnen und Kunden, nun haben wir schon Mitte April, und Tag f\u00fcr Tag zeigt uns die Natur viele neue Facetten. Bei uns im Weltladen gibt es nun Neues zu bestaunen und zu kaufen: Schwerpunkte sind zum einen aussergew\u00f6hnlicher Schmuck und zum andern&hellip;<\/p>\n<\/div>\n\t\n<a href=\"https:\/\/weltlaeden.de\/waltrop\/ostern_ist_vorbei_und_der_fruehling_zeigt\/\" class=\"dt-btn-s dt-btn post-details details-type-btn\" aria-label=\"Read more about Ostern ist vorbei und der Fr\u00fchling zeigt, was er kann!\">Weiterlesen<i class=\"dt-icon-the7-arrow-03\" aria-hidden=\"true\"><\/i><\/a>\n\n<\/div><\/article><\/div><div class=\"visible wf-cell iso-item\" data-post-id=\"1853\" data-date=\"2026-02-17T21:41:35+01:00\" data-name=\"Frohe Ostern 2026\"><article class=\"post project-odd visible post-1853 type-post status-publish format-standard has-post-thumbnail hentry category-neues category-8\" data-name=\"Frohe Ostern 2026\" data-date=\"2026-02-17T21:41:35+01:00\">\n\n<div class=\"post-thumbnail-wrap\">\n\t<div class=\"post-thumbnail\">\n\t\t\n\t\t\n\t\t<a href=\"https:\/\/weltlaeden.de\/waltrop\/frohe-ostern-2026\/\" class=\"post-thumbnail-rollover layzr-bg layzr-bg\" ><img decoding=\"async\" class=\"iso-lazy-load preload-me iso-lazy-load aspect\" src=\"data:image\/svg+xml,%3Csvg%20xmlns%3D&#39;http%3A%2F%2Fwww.w3.org%2F2000%2Fsvg&#39;%20viewBox%3D&#39;0%200%20768%20512&#39;%2F%3E\" data-src=\"https:\/\/weltlaeden.de\/waltrop\/wp-content\/uploads\/sites\/86\/2026\/02\/IMG_2100-scaled-768x512.jpeg\" data-srcset=\"https:\/\/weltlaeden.de\/waltrop\/wp-content\/uploads\/sites\/86\/2026\/02\/IMG_2100-scaled-768x512.jpeg 768w, https:\/\/weltlaeden.de\/waltrop\/wp-content\/uploads\/sites\/86\/2026\/02\/IMG_2100-scaled-1152x768.jpeg 1152w\" loading=\"eager\" style=\"--ratio: 768 \/ 512\" sizes=\"(max-width: 768px) 100vw, 768px\" alt=\"\"  width=\"768\" height=\"512\"  \/><\/a>\t<\/div>\n<\/div>\n\n\n<div class=\"post-entry-content\">\n\n\t<h3 class=\"entry-title\">\n\t\t<a href=\"https:\/\/weltlaeden.de\/waltrop\/frohe-ostern-2026\/\" title=\"Frohe Ostern 2026\" rel=\"bookmark\">Frohe Ostern 2026<\/a>\n\t<\/h3>\n\n\t<div class=\"entry-meta\"><a href=\"https:\/\/weltlaeden.de\/waltrop\/2026\/02\/17\/\" title=\"21:41\" class=\"data-link\" rel=\"bookmark\"><time class=\"entry-date updated\" datetime=\"2026-02-17T21:41:35+01:00\">17. Februar 2026<\/time><\/a><\/div>\n\t<div class=\"entry-excerpt\"><p>[vc_row][vc_column][vc_column_text css=&#8220;&#8220;] Frohe Ostern 2026 Liebe Kundinnen und Kunden! Geht es Ihnen auch so? Mit den ersten sch\u00f6nen Tagen des Jahres, wom\u00f6glich noch mit w\u00e4rmenden Sonnenstrahlen, w\u00e4chst die Sehnsucht nach dem kommenden Fr\u00fchling! Um diese Zeit zu \u00fcberbr\u00fccken, habe ich einen Vorschlag: Kommen Sie doch bei uns im Weltladen vorbei und erfreuen sich an der&hellip;<\/p>\n<\/div>\n\t\n<a href=\"https:\/\/weltlaeden.de\/waltrop\/frohe-ostern-2026\/\" class=\"dt-btn-s dt-btn post-details details-type-btn\" aria-label=\"Read more about Frohe Ostern 2026\">Weiterlesen<i class=\"dt-icon-the7-arrow-03\" aria-hidden=\"true\"><\/i><\/a>\n\n<\/div><\/article><\/div><div class=\"visible wf-cell iso-item\" data-post-id=\"1829\" data-date=\"2026-01-18T20:59:43+01:00\" data-name=\"Gut ins neue Jahr starten\"><article class=\"post project-odd visible post-1829 type-post status-publish format-standard has-post-thumbnail hentry category-neues category-8\" data-name=\"Gut ins neue Jahr starten\" data-date=\"2026-01-18T20:59:43+01:00\">\n\n<div class=\"post-thumbnail-wrap\">\n\t<div class=\"post-thumbnail\">\n\t\t\n\t\t\n\t\t<a href=\"https:\/\/weltlaeden.de\/waltrop\/gut-ins-neue-jahr-starten\/\" class=\"post-thumbnail-rollover layzr-bg layzr-bg\" ><img decoding=\"async\" class=\"iso-lazy-load preload-me iso-lazy-load aspect\" src=\"data:image\/svg+xml,%3Csvg%20xmlns%3D&#39;http%3A%2F%2Fwww.w3.org%2F2000%2Fsvg&#39;%20viewBox%3D&#39;0%200%20768%20512&#39;%2F%3E\" data-src=\"https:\/\/weltlaeden.de\/waltrop\/wp-content\/uploads\/sites\/86\/2026\/01\/IMG_1852-scaled-768x512.jpg\" data-srcset=\"https:\/\/weltlaeden.de\/waltrop\/wp-content\/uploads\/sites\/86\/2026\/01\/IMG_1852-scaled-768x512.jpg 768w, https:\/\/weltlaeden.de\/waltrop\/wp-content\/uploads\/sites\/86\/2026\/01\/IMG_1852-scaled-1152x768.jpg 1152w\" loading=\"eager\" style=\"--ratio: 768 \/ 512\" sizes=\"(max-width: 768px) 100vw, 768px\" alt=\"\"  width=\"768\" height=\"512\"  \/><\/a>\t<\/div>\n<\/div>\n\n\n<div class=\"post-entry-content\">\n\n\t<h3 class=\"entry-title\">\n\t\t<a href=\"https:\/\/weltlaeden.de\/waltrop\/gut-ins-neue-jahr-starten\/\" title=\"Gut ins neue Jahr starten\" rel=\"bookmark\">Gut ins neue Jahr starten<\/a>\n\t<\/h3>\n\n\t<div class=\"entry-meta\"><a href=\"https:\/\/weltlaeden.de\/waltrop\/2026\/01\/18\/\" title=\"20:59\" class=\"data-link\" rel=\"bookmark\"><time class=\"entry-date updated\" datetime=\"2026-01-18T20:59:43+01:00\">18. Januar 2026<\/time><\/a><\/div>\n\t<div class=\"entry-excerpt\"><p>[vc_row][vc_column][vc_column_text css=&#8220;&#8220;] Gut ins neue Jahr starten Liebe Kundinnen und Kunden! Langsam werden die Tage wieder l\u00e4nger hell, und wir freuen uns schon auf den Fr\u00fchling. Bis der aber tats\u00e4chlich da ist, dauert es wohl noch ein wenig. Aber hier und da etwas Farbe ins Haus oder Wohnung bringen, kann nicht schaden. Daher habe ich&hellip;<\/p>\n<\/div>\n\t\n<a href=\"https:\/\/weltlaeden.de\/waltrop\/gut-ins-neue-jahr-starten\/\" class=\"dt-btn-s dt-btn post-details details-type-btn\" aria-label=\"Read more about Gut ins neue Jahr starten\">Weiterlesen<i class=\"dt-icon-the7-arrow-03\" aria-hidden=\"true\"><\/i><\/a>\n\n<\/div><\/article><\/div><div class=\"visible wf-cell iso-item\" data-post-id=\"1800\" data-date=\"2025-12-22T19:29:02+01:00\" data-name=\"Nette Aufmerksamkeiten zum Neuen Jahr 2026\"><article class=\"post project-odd visible no-img post-1800 type-post status-publish format-standard hentry category-neues category-8\" data-name=\"Nette Aufmerksamkeiten zum Neuen Jahr 2026\" data-date=\"2025-12-22T19:29:02+01:00\">\n\n<div class=\"post-entry-content\">\n\n\t<h3 class=\"entry-title\">\n\t\t<a href=\"https:\/\/weltlaeden.de\/waltrop\/nette-aufmerksamkeiten-zum-neuen-jahr-2026\/\" title=\"Nette Aufmerksamkeiten zum Neuen Jahr 2026\" rel=\"bookmark\">Nette Aufmerksamkeiten zum Neuen Jahr 2026<\/a>\n\t<\/h3>\n\n\t<div class=\"entry-meta\"><a href=\"https:\/\/weltlaeden.de\/waltrop\/2025\/12\/22\/\" title=\"19:29\" class=\"data-link\" rel=\"bookmark\"><time class=\"entry-date updated\" datetime=\"2025-12-22T19:29:02+01:00\">22. Dezember 2025<\/time><\/a><\/div>\n\t<div class=\"entry-excerpt\"><p>[vc_row][vc_column][vc_column_text css=&#8220;&#8220;] Nette Aufmerksamkeiten zum Neuen Jahr 2026! Ich w\u00fcnsche Ihnen au\u00dferdem ein gl\u00fcckliches neues Jahr! Ihre Petra Wehmeyer[\/vc_column_text][\/vc_column][\/vc_row]<\/p>\n<\/div>\n\t\n<a href=\"https:\/\/weltlaeden.de\/waltrop\/nette-aufmerksamkeiten-zum-neuen-jahr-2026\/\" class=\"dt-btn-s dt-btn post-details details-type-btn\" aria-label=\"Read more about Nette Aufmerksamkeiten zum Neuen Jahr 2026\">Weiterlesen<i class=\"dt-icon-the7-arrow-03\" aria-hidden=\"true\"><\/i><\/a>\n\n<\/div><\/article><\/div><div class=\"visible wf-cell iso-item\" data-post-id=\"1795\" data-date=\"2025-11-04T20:57:25+01:00\" data-name=\"Die besinnlichsten Wochen des Jahres\"><article class=\"post project-odd visible no-img post-1795 type-post status-publish format-standard hentry category-neues category-8\" data-name=\"Die besinnlichsten Wochen des Jahres\" data-date=\"2025-11-04T20:57:25+01:00\">\n\n<div class=\"post-entry-content\">\n\n\t<h3 class=\"entry-title\">\n\t\t<a href=\"https:\/\/weltlaeden.de\/waltrop\/die-besinnlichsten-wochen-des-jahres\/\" title=\"Die besinnlichsten Wochen des Jahres\" rel=\"bookmark\">Die besinnlichsten Wochen des Jahres<\/a>\n\t<\/h3>\n\n\t<div class=\"entry-meta\"><a href=\"https:\/\/weltlaeden.de\/waltrop\/2025\/11\/04\/\" title=\"20:57\" class=\"data-link\" rel=\"bookmark\"><time class=\"entry-date updated\" datetime=\"2025-11-04T20:57:25+01:00\">4. November 2025<\/time><\/a><\/div>\n\t<div class=\"entry-excerpt\"><p>[vc_row][vc_column][vc_column_text css=&#8220;&#8220;] Die besinnlichsten Wochen des Jahres Liebe Kundinnen und Kunden! Die besinnlichsten Wochen des Jahres liegen vor uns. Genie\u00dfen Sie diese stimmungsvolle Zeit doch bei einem Bummel durch unseren sch\u00f6nen Weltladen. Entdecken Sie eine interessante Auswahl an tollen Dekorationen f\u00fcr das eigene Zuhause, aber auch zahlreiche Anregungen f\u00fcr liebevolle und besondere Geschenke. Im Namen&hellip;<\/p>\n<\/div>\n\t\n<a href=\"https:\/\/weltlaeden.de\/waltrop\/die-besinnlichsten-wochen-des-jahres\/\" class=\"dt-btn-s dt-btn post-details details-type-btn\" aria-label=\"Read more about Die besinnlichsten Wochen des Jahres\">Weiterlesen<i class=\"dt-icon-the7-arrow-03\" aria-hidden=\"true\"><\/i><\/a>\n\n<\/div><\/article><\/div><div class=\"visible wf-cell iso-item\" data-post-id=\"1766\" data-date=\"2025-10-19T22:37:39+02:00\" data-name=\"Zotter - Schokolade endlich wieder da!\"><article class=\"post project-odd visible no-img post-1766 type-post status-publish format-standard hentry category-neues category-8\" data-name=\"Zotter &#8211; Schokolade endlich wieder da!\" data-date=\"2025-10-19T22:37:39+02:00\">\n\n<div class=\"post-entry-content\">\n\n\t<h3 class=\"entry-title\">\n\t\t<a href=\"https:\/\/weltlaeden.de\/waltrop\/zotter-schokolade-endlich-wieder-da\/\" title=\"Zotter &#8211; Schokolade endlich wieder da!\" rel=\"bookmark\">Zotter &#8211; Schokolade endlich wieder da!<\/a>\n\t<\/h3>\n\n\t<div class=\"entry-meta\"><a href=\"https:\/\/weltlaeden.de\/waltrop\/2025\/10\/19\/\" title=\"22:37\" class=\"data-link\" rel=\"bookmark\"><time class=\"entry-date updated\" datetime=\"2025-10-19T22:37:39+02:00\">19. Oktober 2025<\/time><\/a><\/div>\n\t<div class=\"entry-excerpt\"><p>[vc_row][vc_column][vc_column_text css=&#8220;&#8220;] Zotter &#8211; Schokolade endlich wieder da! Liebe Kundinnen und Kunden, endlich ist unsere leckere, handgesch\u00f6pfte Zotter &#8211; Schokolade wieder eingetroffen. Diese Schokoladenkreationen haben es in sich, nat\u00fcrlich sind auch Tafeln f\u00fcr Veganer dabei. Einfach mal probieren und genie\u00dfen\u2026 oder als etwas Besonderes verschenken. Eine gute Zeit, und vielleicht sehen wir uns ja bei&hellip;<\/p>\n<\/div>\n\t\n<a href=\"https:\/\/weltlaeden.de\/waltrop\/zotter-schokolade-endlich-wieder-da\/\" class=\"dt-btn-s dt-btn post-details details-type-btn\" aria-label=\"Read more about Zotter &#8211; Schokolade endlich wieder da!\">Weiterlesen<i class=\"dt-icon-the7-arrow-03\" aria-hidden=\"true\"><\/i><\/a>\n\n<\/div><\/article><\/div><div class=\"visible wf-cell iso-item\" data-post-id=\"1759\" data-date=\"2025-08-24T18:03:13+02:00\" data-name=\"Der Herbst wird bunt!\"><article class=\"post project-odd visible no-img post-1759 type-post status-publish format-standard hentry category-neues category-8\" data-name=\"Der Herbst wird bunt!\" data-date=\"2025-08-24T18:03:13+02:00\">\n\n<div class=\"post-entry-content\">\n\n\t<h3 class=\"entry-title\">\n\t\t<a href=\"https:\/\/weltlaeden.de\/waltrop\/der-herbst-wird-bunt-2\/\" title=\"Der Herbst wird bunt!\" rel=\"bookmark\">Der Herbst wird bunt!<\/a>\n\t<\/h3>\n\n\t<div class=\"entry-meta\"><a href=\"https:\/\/weltlaeden.de\/waltrop\/2025\/08\/24\/\" title=\"18:03\" class=\"data-link\" rel=\"bookmark\"><time class=\"entry-date updated\" datetime=\"2025-08-24T18:03:13+02:00\">24. August 2025<\/time><\/a><\/div>\n\t<div class=\"entry-excerpt\"><p>Der Herbst wird bunt Liebe Kunden! Auch bei uns im Weltladen h\u00e4lt der Herbst langsam Einzug\u2026 Warme T\u00f6ne und stimmungsvolle Dekoration versch\u00f6nern das Zuhause. Ich freue mich schon auf Ihren Besuch bei uns im Gesch\u00e4ft oder an unserem Stand bei den Herbsttagen Manufactum auf dem Zechengel\u00e4nde vom 24. bis 25. Oktober 2025. Eine genussvolle Herbstzeit&hellip;<\/p>\n<\/div>\n\t\n<a href=\"https:\/\/weltlaeden.de\/waltrop\/der-herbst-wird-bunt-2\/\" class=\"dt-btn-s dt-btn post-details details-type-btn\" aria-label=\"Read more about Der Herbst wird bunt!\">Weiterlesen<i class=\"dt-icon-the7-arrow-03\" aria-hidden=\"true\"><\/i><\/a>\n\n<\/div><\/article><\/div><div class=\"visible wf-cell iso-item\" data-post-id=\"1745\" data-date=\"2025-07-20T21:08:16+02:00\" data-name=\"Auf einen sch\u00f6nen Sommer!\"><article class=\"post project-odd visible no-img post-1745 type-post status-publish format-standard hentry category-neues category-8\" data-name=\"Auf einen sch\u00f6nen Sommer!\" data-date=\"2025-07-20T21:08:16+02:00\">\n\n<div class=\"post-entry-content\">\n\n\t<h3 class=\"entry-title\">\n\t\t<a href=\"https:\/\/weltlaeden.de\/waltrop\/auf-einen-schoenen-sommer\/\" title=\"Auf einen sch\u00f6nen Sommer!\" rel=\"bookmark\">Auf einen sch\u00f6nen Sommer!<\/a>\n\t<\/h3>\n\n\t<div class=\"entry-meta\"><a href=\"https:\/\/weltlaeden.de\/waltrop\/2025\/07\/20\/\" title=\"21:08\" class=\"data-link\" rel=\"bookmark\"><time class=\"entry-date updated\" datetime=\"2025-07-20T21:08:16+02:00\">20. Juli 2025<\/time><\/a><\/div>\n\t<div class=\"entry-excerpt\"><p>Auf einen sch\u00f6nen Sommer! Liebe Kunden, nun ist der Sommer bei uns angekommen. H\u00e4ufig h\u00e4lt man sich im Freien auf und genie\u00dft die helle Jahreszeit. Auch zuhause m\u00f6chte man Dekorationen, die frisch, fr\u00f6hlich, halt sommerlich sind. F\u00fcr diese F\u00e4lle habe ich heute neu dekoriert: Holzprodukte aus Zimbabwe oder Indien, praktisch und sch\u00f6n f\u00fcr den gedeckten&hellip;<\/p>\n<\/div>\n\t\n<a href=\"https:\/\/weltlaeden.de\/waltrop\/auf-einen-schoenen-sommer\/\" class=\"dt-btn-s dt-btn post-details details-type-btn\" aria-label=\"Read more about Auf einen sch\u00f6nen Sommer!\">Weiterlesen<i class=\"dt-icon-the7-arrow-03\" aria-hidden=\"true\"><\/i><\/a>\n\n<\/div><\/article><\/div><div class=\"visible wf-cell iso-item\" data-post-id=\"1714\" data-date=\"2025-05-07T19:46:00+02:00\" data-name=\"Willkommen Fr\u00fchling\"><article class=\"post project-odd visible no-img post-1714 type-post status-publish format-standard hentry category-neues category-8\" data-name=\"Willkommen Fr\u00fchling\" data-date=\"2025-05-07T19:46:00+02:00\">\n\n<div class=\"post-entry-content\">\n\n\t<h3 class=\"entry-title\">\n\t\t<a href=\"https:\/\/weltlaeden.de\/waltrop\/willkommen-fruehling\/\" title=\"Willkommen Fr\u00fchling\" rel=\"bookmark\">Willkommen Fr\u00fchling<\/a>\n\t<\/h3>\n\n\t<div class=\"entry-meta\"><a href=\"https:\/\/weltlaeden.de\/waltrop\/2025\/05\/07\/\" title=\"19:46\" class=\"data-link\" rel=\"bookmark\"><time class=\"entry-date updated\" datetime=\"2025-05-07T19:46:00+02:00\">7. Mai 2025<\/time><\/a><\/div>\n\t<div class=\"entry-excerpt\"><p>Willkommen Fr\u00fchling! Schnell ist das Osterfest vorbei gegangen, aber die sch\u00f6ne Fr\u00fchlingszeit startet nun erst richtig durch! Viele Neuigkeiten warten darauf, von Ihnen entdeckt zu werden\u2026ausgefallene K\u00f6rbe und Beutel, sch\u00f6ne Schalen und Taschen. Niedliche Magnete und Anh\u00e4nger und nat\u00fcrlich unser Sonderangebotstisch! Kommen Sie vorbei, gerne auch am Samstag, den 10.Mai 2025. An diesem Tage feiern&hellip;<\/p>\n<\/div>\n\t\n<a href=\"https:\/\/weltlaeden.de\/waltrop\/willkommen-fruehling\/\" class=\"dt-btn-s dt-btn post-details details-type-btn\" aria-label=\"Read more about Willkommen Fr\u00fchling\">Weiterlesen<i class=\"dt-icon-the7-arrow-03\" aria-hidden=\"true\"><\/i><\/a>\n\n<\/div><\/article><\/div><div class=\"visible wf-cell iso-item\" data-post-id=\"1690\" data-date=\"2025-03-17T20:18:24+01:00\" data-name=\"Neue Fr\u00fchlingsware eingetroffen!\"><article class=\"post project-odd visible no-img post-1690 type-post status-publish format-standard hentry category-neues category-8\" data-name=\"Neue Fr\u00fchlingsware eingetroffen!\" data-date=\"2025-03-17T20:18:24+01:00\">\n\n<div class=\"post-entry-content\">\n\n\t<h3 class=\"entry-title\">\n\t\t<a href=\"https:\/\/weltlaeden.de\/waltrop\/neue-fruehlingsware-eingetroffen\/\" title=\"Neue Fr\u00fchlingsware eingetroffen!\" rel=\"bookmark\">Neue Fr\u00fchlingsware eingetroffen!<\/a>\n\t<\/h3>\n\n\t<div class=\"entry-meta\"><a href=\"https:\/\/weltlaeden.de\/waltrop\/2025\/03\/17\/\" title=\"20:18\" class=\"data-link\" rel=\"bookmark\"><time class=\"entry-date updated\" datetime=\"2025-03-17T20:18:24+01:00\">17. M\u00e4rz 2025<\/time><\/a><\/div>\n\t<div class=\"entry-excerpt\"><p>Neue Fr\u00fchlingsware eingetroffen! Liebe Kunden, tats\u00e4chlich haben es noch zwei Lieferungen an neuer Fr\u00fchlingsware zu uns geschafft! Die Lieferketten weisen augenblicklich gro\u00dfe L\u00fccken auf\u2026. Besonders freut es mich, dass unsere ungew\u00f6hnlichen Fr\u00fchlingsfeen mitgeliefert wurden. Schauen Sie doch einmal herein! Ich w\u00fcnsche Ihnen allen einen sch\u00f6nen Fr\u00fchling und ein fr\u00f6hliches Osterfest. Petra Wehmeyer hier erfahren Sie&hellip;<\/p>\n<\/div>\n\t\n<a href=\"https:\/\/weltlaeden.de\/waltrop\/neue-fruehlingsware-eingetroffen\/\" class=\"dt-btn-s dt-btn post-details details-type-btn\" aria-label=\"Read more about Neue Fr\u00fchlingsware eingetroffen!\">Weiterlesen<i class=\"dt-icon-the7-arrow-03\" aria-hidden=\"true\"><\/i><\/a>\n\n<\/div><\/article><\/div><div class=\"visible wf-cell iso-item\" data-post-id=\"1676\" data-date=\"2025-03-03T12:17:03+01:00\" data-name=\"Ostern l\u00e4sst gr\u00fc\u00dfen!\"><article class=\"post project-odd visible no-img post-1676 type-post status-publish format-standard hentry category-neues category-8\" data-name=\"Ostern l\u00e4sst gr\u00fc\u00dfen!\" data-date=\"2025-03-03T12:17:03+01:00\">\n\n<div class=\"post-entry-content\">\n\n\t<h3 class=\"entry-title\">\n\t\t<a href=\"https:\/\/weltlaeden.de\/waltrop\/ostern-laesst-gruessen\/\" title=\"Ostern l\u00e4sst gr\u00fc\u00dfen!\" rel=\"bookmark\">Ostern l\u00e4sst gr\u00fc\u00dfen!<\/a>\n\t<\/h3>\n\n\t<div class=\"entry-meta\"><a href=\"https:\/\/weltlaeden.de\/waltrop\/2025\/03\/03\/\" title=\"12:17\" class=\"data-link\" rel=\"bookmark\"><time class=\"entry-date updated\" datetime=\"2025-03-03T12:17:03+01:00\">3. M\u00e4rz 2025<\/time><\/a><\/div>\n\t<div class=\"entry-excerpt\"><p>Ostern l\u00e4sst gr\u00fc\u00dfen! Liebe Kunden! Nach dem grauen Winter freuen wir uns nun auf die ersten Farben des Fr\u00fchlings. In unserem Laden dominieren \u00f6sterliche Pastellt\u00f6ne, wie Apricot, Vanillegelb, erfrischendes Mint und Ros\u00e9, halt Farben, die der Seele gut tun nach der langen Winterzeit. Viele Osterdekorationen sind schon vorhanden, wie z. B. die ungew\u00f6hnlichen Drahtobjekte in&hellip;<\/p>\n<\/div>\n\t\n<a href=\"https:\/\/weltlaeden.de\/waltrop\/ostern-laesst-gruessen\/\" class=\"dt-btn-s dt-btn post-details details-type-btn\" aria-label=\"Read more about Ostern l\u00e4sst gr\u00fc\u00dfen!\">Weiterlesen<i class=\"dt-icon-the7-arrow-03\" aria-hidden=\"true\"><\/i><\/a>\n\n<\/div><\/article><\/div><div class=\"visible wf-cell iso-item\" data-post-id=\"1642\" data-date=\"2025-01-22T20:51:28+01:00\" data-name=\"Inspiration f\u00fcr die Zwischenzeit\"><article class=\"post project-odd visible no-img post-1642 type-post status-publish format-standard hentry category-neues category-8\" data-name=\"Inspiration f\u00fcr die Zwischenzeit\" data-date=\"2025-01-22T20:51:28+01:00\">\n\n<div class=\"post-entry-content\">\n\n\t<h3 class=\"entry-title\">\n\t\t<a href=\"https:\/\/weltlaeden.de\/waltrop\/inspiration-fuer-die-zwischenzeit\/\" title=\"Inspiration f\u00fcr die Zwischenzeit\" rel=\"bookmark\">Inspiration f\u00fcr die Zwischenzeit<\/a>\n\t<\/h3>\n\n\t<div class=\"entry-meta\"><a href=\"https:\/\/weltlaeden.de\/waltrop\/2025\/01\/22\/\" title=\"20:51\" class=\"data-link\" rel=\"bookmark\"><time class=\"entry-date updated\" datetime=\"2025-01-22T20:51:28+01:00\">22. Januar 2025<\/time><\/a><\/div>\n\t<div class=\"entry-excerpt\"><p>Inspiration f\u00fcr die \u201eZwischenzeit\u201c Liebe Kundinnen und Kunden! Weihnachten ist vor\u00fcber, die Winterzeit verzaubert uns mit einer frostigen Landschaft und Ostern kommt erst in einigen Wochen. Daher habe ich viele sch\u00f6ne Dinge f\u00fcr Sie dekoriert, die einem die manchmal tr\u00fcben Tage heller erscheinen lassen. Hauptschwerpunkte liegen diesmal bei den Themen \u201eschwarz\/wei\u00df\u201c sowie \u201eSchmuck\u201c. Noch ein&hellip;<\/p>\n<\/div>\n\t\n<a href=\"https:\/\/weltlaeden.de\/waltrop\/inspiration-fuer-die-zwischenzeit\/\" class=\"dt-btn-s dt-btn post-details details-type-btn\" aria-label=\"Read more about Inspiration f\u00fcr die Zwischenzeit\">Weiterlesen<i class=\"dt-icon-the7-arrow-03\" aria-hidden=\"true\"><\/i><\/a>\n\n<\/div><\/article><\/div><div class=\"visible wf-cell iso-item\" data-post-id=\"1611\" data-date=\"2024-11-03T20:57:41+01:00\" data-name=\"Vorfreude auf Advent und Weihnachten\"><article class=\"post project-odd visible no-img post-1611 type-post status-publish format-standard hentry category-neues category-8\" data-name=\"Vorfreude auf Advent und Weihnachten\" data-date=\"2024-11-03T20:57:41+01:00\">\n\n<div class=\"post-entry-content\">\n\n\t<h3 class=\"entry-title\">\n\t\t<a href=\"https:\/\/weltlaeden.de\/waltrop\/vorfreude-auf-advent-und-weihnachten\/\" title=\"Vorfreude auf Advent und Weihnachten\" rel=\"bookmark\">Vorfreude auf Advent und Weihnachten<\/a>\n\t<\/h3>\n\n\t<div class=\"entry-meta\"><a href=\"https:\/\/weltlaeden.de\/waltrop\/2024\/11\/03\/\" title=\"20:57\" class=\"data-link\" rel=\"bookmark\"><time class=\"entry-date updated\" datetime=\"2024-11-03T20:57:41+01:00\">3. November 2024<\/time><\/a><\/div>\n\t<div class=\"entry-excerpt\"><p>Liebe Kundinnen und Kunden! Gerade hat unser Weltladen noch bei den Herbsttagen auf Manufactum mit Erfolg teilgenommen, schon beginnt ein neues Kapitel. Die Tage werden k\u00fcrzer, langsam k\u00fchlt es sich drau\u00dfen ab, auch, wenn die Sonne noch gelegentlich zum Vorschein kommt. Es spricht f\u00fcr sich: die Advent- und Weihnachtszeit k\u00fcndigt sich an. Daher habe ich&hellip;<\/p>\n<\/div>\n\t\n<a href=\"https:\/\/weltlaeden.de\/waltrop\/vorfreude-auf-advent-und-weihnachten\/\" class=\"dt-btn-s dt-btn post-details details-type-btn\" aria-label=\"Read more about Vorfreude auf Advent und Weihnachten\">Weiterlesen<i class=\"dt-icon-the7-arrow-03\" aria-hidden=\"true\"><\/i><\/a>\n\n<\/div><\/article><\/div><div class=\"visible wf-cell iso-item\" data-post-id=\"1582\" data-date=\"2024-08-25T20:50:33+02:00\" data-name=\"Der Herbst wird bunt!\"><article class=\"post project-odd visible no-img post-1582 type-post status-publish format-standard hentry category-neues category-8\" data-name=\"Der Herbst wird bunt!\" data-date=\"2024-08-25T20:50:33+02:00\">\n\n<div class=\"post-entry-content\">\n\n\t<h3 class=\"entry-title\">\n\t\t<a href=\"https:\/\/weltlaeden.de\/waltrop\/der-herbst-wird-bunt\/\" title=\"Der Herbst wird bunt!\" rel=\"bookmark\">Der Herbst wird bunt!<\/a>\n\t<\/h3>\n\n\t<div class=\"entry-meta\"><a href=\"https:\/\/weltlaeden.de\/waltrop\/2024\/08\/25\/\" title=\"20:50\" class=\"data-link\" rel=\"bookmark\"><time class=\"entry-date updated\" datetime=\"2024-08-25T20:50:33+02:00\">25. August 2024<\/time><\/a><\/div>\n\t<div class=\"entry-excerpt\"><p>Der Herbst wird bunt! Zumindest schon bei uns im Weltladen\u2026. Viele sch\u00f6ne Dinge in herbstlichen Designs warten darauf, entdeckt zu werden. Au\u00dferdem wurde der Angebotstisch mit neuen stark reduzierten Produkten best\u00fcckt. Schauen Sie sich in Ruhe um. Ich w\u00fcnsche Ihnen eine farbenpr\u00e4chtige Herbstzeit! Petra Wehmeyer hier erfahren Sie mehr&#8230;<\/p>\n<\/div>\n\t\n<a href=\"https:\/\/weltlaeden.de\/waltrop\/der-herbst-wird-bunt\/\" class=\"dt-btn-s dt-btn post-details details-type-btn\" aria-label=\"Read more about Der Herbst wird bunt!\">Weiterlesen<i class=\"dt-icon-the7-arrow-03\" aria-hidden=\"true\"><\/i><\/a>\n\n<\/div><\/article><\/div><div class=\"visible wf-cell iso-item\" data-post-id=\"1550\" data-date=\"2024-06-10T21:48:38+02:00\" data-name=\"Den Sommer hervor locken\"><article class=\"post project-odd visible no-img post-1550 type-post status-publish format-standard hentry category-neues category-8\" data-name=\"Den Sommer hervor locken\" data-date=\"2024-06-10T21:48:38+02:00\">\n\n<div class=\"post-entry-content\">\n\n\t<h3 class=\"entry-title\">\n\t\t<a href=\"https:\/\/weltlaeden.de\/waltrop\/den-sommer-hervor-locken\/\" title=\"Den Sommer hervor locken\" rel=\"bookmark\">Den Sommer hervor locken<\/a>\n\t<\/h3>\n\n\t<div class=\"entry-meta\"><a href=\"https:\/\/weltlaeden.de\/waltrop\/2024\/06\/10\/\" title=\"21:48\" class=\"data-link\" rel=\"bookmark\"><time class=\"entry-date updated\" datetime=\"2024-06-10T21:48:38+02:00\">10. Juni 2024<\/time><\/a><\/div>\n\t<div class=\"entry-excerpt\"><p>Den Sommer hervor locken Liebe Kundinnen und Kunden! Zugegeben &#8211; gerade sieht das Wetter hier eher nach dem k\u00fchlen Beginn des Herbstes aus\u2026. Gerade dann sollte man es sich schon etwas sommerlich zuhause dekorieren! Zu diesem Zwecke habe ich viele sch\u00f6ne Teile in unserem Weltladen f\u00fcr Sie dekoriert. Ausserdem gibt es 6 neue Zotter &#8211;&hellip;<\/p>\n<\/div>\n\t\n<a href=\"https:\/\/weltlaeden.de\/waltrop\/den-sommer-hervor-locken\/\" class=\"dt-btn-s dt-btn post-details details-type-btn\" aria-label=\"Read more about Den Sommer hervor locken\">Weiterlesen<i class=\"dt-icon-the7-arrow-03\" aria-hidden=\"true\"><\/i><\/a>\n\n<\/div><\/article><\/div><div class=\"visible wf-cell iso-item\" data-post-id=\"1529\" data-date=\"2024-04-15T09:10:12+02:00\" data-name=\"Das Fr\u00fchjahr schreitet unaufhaltsam voran\u2026\"><article class=\"post project-odd visible no-img post-1529 type-post status-publish format-standard hentry category-neues category-8\" data-name=\"Das Fr\u00fchjahr schreitet unaufhaltsam voran\u2026\" data-date=\"2024-04-15T09:10:12+02:00\">\n\n<div class=\"post-entry-content\">\n\n\t<h3 class=\"entry-title\">\n\t\t<a href=\"https:\/\/weltlaeden.de\/waltrop\/das-fruehjahr-schreitet-unaufhaltsam-voran\/\" title=\"Das Fr\u00fchjahr schreitet unaufhaltsam voran\u2026\" rel=\"bookmark\">Das Fr\u00fchjahr schreitet unaufhaltsam voran\u2026<\/a>\n\t<\/h3>\n\n\t<div class=\"entry-meta\"><a href=\"https:\/\/weltlaeden.de\/waltrop\/2024\/04\/15\/\" title=\"9:10\" class=\"data-link\" rel=\"bookmark\"><time class=\"entry-date updated\" datetime=\"2024-04-15T09:10:12+02:00\">15. April 2024<\/time><\/a><\/div>\n\t<div class=\"entry-excerpt\"><p>Das Fr\u00fchjahr schreitet unaufhaltsam voran\u2026 Liebe Kunden, gerade noch war Ostern und schon geht es weiter im Fr\u00fchjahr. Allerdings jetzt im April ist das Wetter doch nun wirklich recht abwechslungsreich\u2026. Daher m\u00f6chte ich es auch mit den sch\u00f6nen Produkten bei uns im Weltladen vergleichen, diese sind nun bekanntlich sehr unterschiedlich und bieten f\u00fcr (fast) jeden&hellip;<\/p>\n<\/div>\n\t\n<a href=\"https:\/\/weltlaeden.de\/waltrop\/das-fruehjahr-schreitet-unaufhaltsam-voran\/\" class=\"dt-btn-s dt-btn post-details details-type-btn\" aria-label=\"Read more about Das Fr\u00fchjahr schreitet unaufhaltsam voran\u2026\">Weiterlesen<i class=\"dt-icon-the7-arrow-03\" aria-hidden=\"true\"><\/i><\/a>\n\n<\/div><\/article><\/div><div class=\"visible wf-cell iso-item\" data-post-id=\"1508\" data-date=\"2024-02-13T20:28:37+01:00\" data-name=\"Das Osterfest steht in den Startl\u00f6chern\"><article class=\"post project-odd visible no-img post-1508 type-post status-publish format-standard hentry category-neues category-8\" data-name=\"Das Osterfest steht in den Startl\u00f6chern\" data-date=\"2024-02-13T20:28:37+01:00\">\n\n<div class=\"post-entry-content\">\n\n\t<h3 class=\"entry-title\">\n\t\t<a href=\"https:\/\/weltlaeden.de\/waltrop\/das-osterfest-steht-in-den-startloechern\/\" title=\"Das Osterfest steht in den Startl\u00f6chern\" rel=\"bookmark\">Das Osterfest steht in den Startl\u00f6chern<\/a>\n\t<\/h3>\n\n\t<div class=\"entry-meta\"><a href=\"https:\/\/weltlaeden.de\/waltrop\/2024\/02\/13\/\" title=\"20:28\" class=\"data-link\" rel=\"bookmark\"><time class=\"entry-date updated\" datetime=\"2024-02-13T20:28:37+01:00\">13. Februar 2024<\/time><\/a><\/div>\n\t<div class=\"entry-excerpt\"><p>Das Osterfest steht in den Startl\u00f6chern Liebe Kunden! Mit Riesenschritten naht der Fr\u00fchling und das Osterfest. Bei uns im Weltladen finden Sie allerhand Dekoration f\u00fcr Fr\u00fchling und Ostern. Nat\u00fcrlich kommt \u201eS\u00fc\u00dfes\u201c auch nicht zu kurz! Schauen Sie sich in Ruhe um, und genie\u00dfen Sie diese Jahreszeit. Ich w\u00fcnsche Ihnen alles Gute. Petra Wehmeyer hier erfahren&hellip;<\/p>\n<\/div>\n\t\n<a href=\"https:\/\/weltlaeden.de\/waltrop\/das-osterfest-steht-in-den-startloechern\/\" class=\"dt-btn-s dt-btn post-details details-type-btn\" aria-label=\"Read more about Das Osterfest steht in den Startl\u00f6chern\">Weiterlesen<i class=\"dt-icon-the7-arrow-03\" aria-hidden=\"true\"><\/i><\/a>\n\n<\/div><\/article><\/div><div class=\"visible wf-cell iso-item\" data-post-id=\"1487\" data-date=\"2024-02-01T17:49:15+01:00\" data-name=\"All you need is fair!\"><article class=\"post project-odd visible no-img post-1487 type-post status-publish format-standard hentry category-neues category-8\" data-name=\"All you need is fair!\" data-date=\"2024-02-01T17:49:15+01:00\">\n\n<div class=\"post-entry-content\">\n\n\t<h3 class=\"entry-title\">\n\t\t<a href=\"https:\/\/weltlaeden.de\/waltrop\/all-you-need-is-fair\/\" title=\"All you need is fair!\" rel=\"bookmark\">All you need is fair!<\/a>\n\t<\/h3>\n\n\t<div class=\"entry-meta\"><a href=\"https:\/\/weltlaeden.de\/waltrop\/2024\/02\/01\/\" title=\"17:49\" class=\"data-link\" rel=\"bookmark\"><time class=\"entry-date updated\" datetime=\"2024-02-01T17:49:15+01:00\">1. Februar 2024<\/time><\/a><\/div>\n\t<div class=\"entry-excerpt\"><p>All you need is fair! Am 14. Februar ist Valentinstag\u2026 aber eigentlich braucht man keinen besonderen Tag, um anderen Menschen, die man mag, eine Freude zu machen. Bei uns im Weltladen finden Sie eine Auswahl an \u201eherzlichen\u201c Geschenken, aber auch weitere sch\u00f6ne Dinge warten darauf, entdeckt zu werden. Schauen Sie doch mal vorbei! Herzliche Gr\u00fc\u00dfe&hellip;<\/p>\n<\/div>\n\t\n<a href=\"https:\/\/weltlaeden.de\/waltrop\/all-you-need-is-fair\/\" class=\"dt-btn-s dt-btn post-details details-type-btn\" aria-label=\"Read more about All you need is fair!\">Weiterlesen<i class=\"dt-icon-the7-arrow-03\" aria-hidden=\"true\"><\/i><\/a>\n\n<\/div><\/article><\/div><div class=\"visible wf-cell iso-item\" data-post-id=\"1465\" data-date=\"2024-01-15T20:16:59+01:00\" data-name=\"Zwischenzeit\"><article class=\"post project-odd visible no-img post-1465 type-post status-publish format-standard hentry category-neues category-8\" data-name=\"Zwischenzeit\" data-date=\"2024-01-15T20:16:59+01:00\">\n\n<div class=\"post-entry-content\">\n\n\t<h3 class=\"entry-title\">\n\t\t<a href=\"https:\/\/weltlaeden.de\/waltrop\/zwischenzeit\/\" title=\"Zwischenzeit\" rel=\"bookmark\">Zwischenzeit<\/a>\n\t<\/h3>\n\n\t<div class=\"entry-meta\"><a href=\"https:\/\/weltlaeden.de\/waltrop\/2024\/01\/15\/\" title=\"20:16\" class=\"data-link\" rel=\"bookmark\"><time class=\"entry-date updated\" datetime=\"2024-01-15T20:16:59+01:00\">15. Januar 2024<\/time><\/a><\/div>\n\t<div class=\"entry-excerpt\"><p>Zwischenzeit Liebe Kunden, ich hoffe, Sie alle konnten gut in das Jahr 2024 starten. Weihnachten ist vor\u00fcber und Ostern noch nicht da. In dieser \u201eZwischenzeit\u201c bieten sich die Tage geradezu an, etwas zuhause zu ver\u00e4ndern. Dazu braucht es nicht viel: schon kleine Ver\u00e4nderungen lassen vieles v\u00f6llig neu erscheinen. Der Themenschwerpunkt liegt daher diesmal bei wundersch\u00f6nen&hellip;<\/p>\n<\/div>\n\t\n<a href=\"https:\/\/weltlaeden.de\/waltrop\/zwischenzeit\/\" class=\"dt-btn-s dt-btn post-details details-type-btn\" aria-label=\"Read more about Zwischenzeit\">Weiterlesen<i class=\"dt-icon-the7-arrow-03\" aria-hidden=\"true\"><\/i><\/a>\n\n<\/div><\/article><\/div><div class=\"visible wf-cell iso-item\" data-post-id=\"1449\" data-date=\"2023-11-05T19:41:45+01:00\" data-name=\"Weltladen Weihnachten 2023\"><article class=\"post project-odd visible no-img post-1449 type-post status-publish format-standard hentry category-neues category-8\" data-name=\"Weltladen Weihnachten 2023\" data-date=\"2023-11-05T19:41:45+01:00\">\n\n<div class=\"post-entry-content\">\n\n\t<h3 class=\"entry-title\">\n\t\t<a href=\"https:\/\/weltlaeden.de\/waltrop\/weltladen-weihnachten-2023\/\" title=\"Weltladen Weihnachten 2023\" rel=\"bookmark\">Weltladen Weihnachten 2023<\/a>\n\t<\/h3>\n\n\t<div class=\"entry-meta\"><a href=\"https:\/\/weltlaeden.de\/waltrop\/2023\/11\/05\/\" title=\"19:41\" class=\"data-link\" rel=\"bookmark\"><time class=\"entry-date updated\" datetime=\"2023-11-05T19:41:45+01:00\">5. November 2023<\/time><\/a><\/div>\n\t<div class=\"entry-excerpt\"><p>Weltladen Weihnachten 2023 Liebe Kundinnen und Kunden! Langsam aber sicher n\u00e4hern wir uns der Advents- und Weihnachtszeit. Wenn die Temperaturen fallen, macht es einfach Freude, sich an Kerzenschein und sch\u00f6nen Dingen zu erfreuen. Ist die Wohnung behaglich eingerichtet und dampft eine gute Tasse Tee auf dem Tisch, sind die Voraussetzungen schon da, zumindest f\u00fcr einige&hellip;<\/p>\n<\/div>\n\t\n<a href=\"https:\/\/weltlaeden.de\/waltrop\/weltladen-weihnachten-2023\/\" class=\"dt-btn-s dt-btn post-details details-type-btn\" aria-label=\"Read more about Weltladen Weihnachten 2023\">Weiterlesen<i class=\"dt-icon-the7-arrow-03\" aria-hidden=\"true\"><\/i><\/a>\n\n<\/div><\/article><\/div><\/div><!-- iso-container|iso-grid --><div class=\"paginator\" role=\"navigation\"><span class=\"nav-prev disabled\">\u2192<\/span><a href=\"https:\/\/weltlaeden.de\/waltrop\/wp-json\/wp\/v2\/pages\/361\/\" class=\"page-numbers act\" data-page-num=\"1\">1<\/a><a href=\"https:\/\/weltlaeden.de\/waltrop\/wp-json\/wp\/v2\/pages\/361\/page\/2\/\" class=\"page-numbers \" data-page-num=\"2\">2<\/a><a href=\"https:\/\/weltlaeden.de\/waltrop\/wp-json\/wp\/v2\/pages\/361\/page\/3\/\" class=\"page-numbers \" data-page-num=\"3\">3<\/a><a href=\"https:\/\/weltlaeden.de\/waltrop\/wp-json\/wp\/v2\/pages\/361\/page\/2\/\" class=\"page-numbers nav-next filter-item\" data-page-num=\"2\" >\u2192<\/a><\/div><\/div>[\/vc_column][\/vc_row]<\/p>\n<\/div>","protected":false},"excerpt":{"rendered":"<p>[vc_row][vc_column][vc_column_text] Neuigkeiten [\/vc_column_text][\/vc_column][\/vc_row]<\/p>\n","protected":false},"author":1,"featured_media":0,"parent":0,"menu_order":2,"comment_status":"closed","ping_status":"closed","template":"","meta":{"footnotes":""},"class_list":["post-361","page","type-page","status-publish","hentry","description-off"],"yoast_head":"<!-- This site is optimized with the Yoast SEO plugin v26.8 - https:\/\/yoast.com\/product\/yoast-seo-wordpress\/ -->\n<title>Neuigkeiten - Weltladen Waltrop<\/title>\n<meta name=\"robots\" content=\"index, follow, max-snippet:-1, max-image-preview:large, max-video-preview:-1\" \/>\n<link rel=\"canonical\" href=\"https:\/\/weltlaeden.de\/waltrop\/neuigkeiten\/\" \/>\n<meta property=\"og:locale\" content=\"de_DE\" \/>\n<meta property=\"og:type\" content=\"article\" \/>\n<meta property=\"og:title\" content=\"Neuigkeiten - Weltladen Waltrop\" \/>\n<meta property=\"og:description\" content=\"[vc_row][vc_column][vc_column_text] Neuigkeiten [\/vc_column_text][\/vc_column][\/vc_row]\" \/>\n<meta property=\"og:url\" content=\"https:\/\/weltlaeden.de\/waltrop\/neuigkeiten\/\" \/>\n<meta property=\"og:site_name\" content=\"Weltladen Waltrop\" \/>\n<meta property=\"article:modified_time\" content=\"2019-09-18T18:28:07+00:00\" \/>\n<meta name=\"twitter:card\" content=\"summary_large_image\" \/>\n<script type=\"application\/ld+json\" class=\"yoast-schema-graph\">{\"@context\":\"https:\/\/schema.org\",\"@graph\":[{\"@type\":\"WebPage\",\"@id\":\"https:\/\/weltlaeden.de\/waltrop\/neuigkeiten\/\",\"url\":\"https:\/\/weltlaeden.de\/waltrop\/neuigkeiten\/\",\"name\":\"Neuigkeiten - Weltladen Waltrop\",\"isPartOf\":{\"@id\":\"https:\/\/weltlaeden.de\/waltrop\/#website\"},\"datePublished\":\"2018-04-05T07:52:53+00:00\",\"dateModified\":\"2019-09-18T18:28:07+00:00\",\"breadcrumb\":{\"@id\":\"https:\/\/weltlaeden.de\/waltrop\/neuigkeiten\/#breadcrumb\"},\"inLanguage\":\"de\",\"potentialAction\":[{\"@type\":\"ReadAction\",\"target\":[\"https:\/\/weltlaeden.de\/waltrop\/neuigkeiten\/\"]}]},{\"@type\":\"BreadcrumbList\",\"@id\":\"https:\/\/weltlaeden.de\/waltrop\/neuigkeiten\/#breadcrumb\",\"itemListElement\":[{\"@type\":\"ListItem\",\"position\":1,\"name\":\"Startseite\",\"item\":\"https:\/\/weltlaeden.de\/waltrop\/\"},{\"@type\":\"ListItem\",\"position\":2,\"name\":\"Neuigkeiten\"}]},{\"@type\":\"WebSite\",\"@id\":\"https:\/\/weltlaeden.de\/waltrop\/#website\",\"url\":\"https:\/\/weltlaeden.de\/waltrop\/\",\"name\":\"Weltladen Waltrop\",\"description\":\"Faire Produkte seit 1990\",\"potentialAction\":[{\"@type\":\"SearchAction\",\"target\":{\"@type\":\"EntryPoint\",\"urlTemplate\":\"https:\/\/weltlaeden.de\/waltrop\/?s={search_term_string}\"},\"query-input\":{\"@type\":\"PropertyValueSpecification\",\"valueRequired\":true,\"valueName\":\"search_term_string\"}}],\"inLanguage\":\"de\"}]}<\/script>\n<!-- \/ Yoast SEO plugin. -->","yoast_head_json":{"title":"Neuigkeiten - Weltladen Waltrop","robots":{"index":"index","follow":"follow","max-snippet":"max-snippet:-1","max-image-preview":"max-image-preview:large","max-video-preview":"max-video-preview:-1"},"canonical":"https:\/\/weltlaeden.de\/waltrop\/neuigkeiten\/","og_locale":"de_DE","og_type":"article","og_title":"Neuigkeiten - Weltladen Waltrop","og_description":"[vc_row][vc_column][vc_column_text] Neuigkeiten [\/vc_column_text][\/vc_column][\/vc_row]","og_url":"https:\/\/weltlaeden.de\/waltrop\/neuigkeiten\/","og_site_name":"Weltladen Waltrop","article_modified_time":"2019-09-18T18:28:07+00:00","twitter_card":"summary_large_image","schema":{"@context":"https:\/\/schema.org","@graph":[{"@type":"WebPage","@id":"https:\/\/weltlaeden.de\/waltrop\/neuigkeiten\/","url":"https:\/\/weltlaeden.de\/waltrop\/neuigkeiten\/","name":"Neuigkeiten - Weltladen Waltrop","isPartOf":{"@id":"https:\/\/weltlaeden.de\/waltrop\/#website"},"datePublished":"2018-04-05T07:52:53+00:00","dateModified":"2019-09-18T18:28:07+00:00","breadcrumb":{"@id":"https:\/\/weltlaeden.de\/waltrop\/neuigkeiten\/#breadcrumb"},"inLanguage":"de","potentialAction":[{"@type":"ReadAction","target":["https:\/\/weltlaeden.de\/waltrop\/neuigkeiten\/"]}]},{"@type":"BreadcrumbList","@id":"https:\/\/weltlaeden.de\/waltrop\/neuigkeiten\/#breadcrumb","itemListElement":[{"@type":"ListItem","position":1,"name":"Startseite","item":"https:\/\/weltlaeden.de\/waltrop\/"},{"@type":"ListItem","position":2,"name":"Neuigkeiten"}]},{"@type":"WebSite","@id":"https:\/\/weltlaeden.de\/waltrop\/#website","url":"https:\/\/weltlaeden.de\/waltrop\/","name":"Weltladen Waltrop","description":"Faire Produkte seit 1990","potentialAction":[{"@type":"SearchAction","target":{"@type":"EntryPoint","urlTemplate":"https:\/\/weltlaeden.de\/waltrop\/?s={search_term_string}"},"query-input":{"@type":"PropertyValueSpecification","valueRequired":true,"valueName":"search_term_string"}}],"inLanguage":"de"}]}},"_links":{"self":[{"href":"https:\/\/weltlaeden.de\/waltrop\/wp-json\/wp\/v2\/pages\/361","targetHints":{"allow":["GET"]}}],"collection":[{"href":"https:\/\/weltlaeden.de\/waltrop\/wp-json\/wp\/v2\/pages"}],"about":[{"href":"https:\/\/weltlaeden.de\/waltrop\/wp-json\/wp\/v2\/types\/page"}],"author":[{"embeddable":true,"href":"https:\/\/weltlaeden.de\/waltrop\/wp-json\/wp\/v2\/users\/1"}],"replies":[{"embeddable":true,"href":"https:\/\/weltlaeden.de\/waltrop\/wp-json\/wp\/v2\/comments?post=361"}],"version-history":[{"count":7,"href":"https:\/\/weltlaeden.de\/waltrop\/wp-json\/wp\/v2\/pages\/361\/revisions"}],"predecessor-version":[{"id":555,"href":"https:\/\/weltlaeden.de\/waltrop\/wp-json\/wp\/v2\/pages\/361\/revisions\/555"}],"wp:attachment":[{"href":"https:\/\/weltlaeden.de\/waltrop\/wp-json\/wp\/v2\/media?parent=361"}],"curies":[{"name":"wp","href":"https:\/\/api.w.org\/{rel}","templated":true}]}}