{"id":219,"date":"2016-10-28T13:34:10","date_gmt":"2016-10-28T11:34:47","guid":{"rendered":"https:\/\/wl.heimpixel.de\/vorlage\/ueber-uns\/"},"modified":"2023-11-05T17:49:56","modified_gmt":"2023-11-05T16:49:56","slug":"ueber-uns","status":"publish","type":"page","link":"https:\/\/weltlaeden.de\/walluf\/weltladen-walluf\/ueber-uns\/","title":{"rendered":"\u00dcber uns"},"content":{"rendered":"<div class=\"wpb-content-wrapper\"><p>[vc_row][vc_column][vc_column_text]<img loading=\"lazy\" decoding=\"async\" class=\"alignnone wp-image-1783\" src=\"https:\/\/weltlaeden.de\/walluf\/wp-content\/uploads\/sites\/159\/2023\/11\/mh_40_2023_wa_weltladen_1-300x225.jpg\" alt=\"\" width=\"564\" height=\"423\" srcset=\"https:\/\/weltlaeden.de\/walluf\/wp-content\/uploads\/sites\/159\/2023\/11\/mh_40_2023_wa_weltladen_1-300x225.jpg 300w, https:\/\/weltlaeden.de\/walluf\/wp-content\/uploads\/sites\/159\/2023\/11\/mh_40_2023_wa_weltladen_1-1024x768.jpg 1024w, https:\/\/weltlaeden.de\/walluf\/wp-content\/uploads\/sites\/159\/2023\/11\/mh_40_2023_wa_weltladen_1-768x576.jpg 768w, https:\/\/weltlaeden.de\/walluf\/wp-content\/uploads\/sites\/159\/2023\/11\/mh_40_2023_wa_weltladen_1-1536x1152.jpg 1536w, https:\/\/weltlaeden.de\/walluf\/wp-content\/uploads\/sites\/159\/2023\/11\/mh_40_2023_wa_weltladen_1-scaled.jpg 2048w\" sizes=\"auto, (max-width: 564px) 100vw, 564px\" \/>[\/vc_column_text][\/vc_column][\/vc_row][vc_row][vc_column]<div class=\"wl_einzelbild\"><p><\/p><\/div>[vc_empty_space][vc_column_text]<\/p>\n<h1>\u00dcber den Weltladen Walluf<\/h1>\n<header>Am 15. September 2003 wurde der Weltladen Walluf er\u00f6ffnet. Voller Freude und Erwartung wurde dieser Er\u00f6ffnungstag begangen. Heute k\u00f6nnen wir erfreut berichten, dass<\/header>\n<ul>\n<li>sich der Weltladen Walluf sehr gut etabliert hat<\/li>\n<li>der Kundenstamm best\u00e4ndig gewachsen ist<\/li>\n<li>es uns gelungen ist, den Fairen Handel bekannter zu machen<\/li>\n<li>der wachsende Verkauf inzwischen vielen Menschen in Entwicklungsl\u00e4ndern<br \/>\nVerdienst, Schulbesuch, Ausbildung und medizinische Versorgung sichert<\/li>\n<\/ul>\n<p>Wir danken unseren Kunden und interessierten Freunden, f\u00fcr ihre treue Unterst\u00fctzung: sei es durch ihren Einkauf im Weltladen oder durch ihr Werben f\u00fcr den Fairen Handel, ihnen verdanken wir die erfreuliche kontinuierliche Entwicklung des Weltladens. Dies belegen die wachsenden Umsatzzahlen und zunehmenden Kundenbesuche.<\/p>\n<p>Haben wir Ihr Interesse geweckt, haben Sie Interesse bei uns ehrenamtlich mitzuarbeiten? Nehmen Sie Kontakt zu uns auf!<\/p>\n<p>&nbsp;<\/p>\n<h1>Mitmachen im Weltladen Walluf<\/h1>\n<p>[\/vc_column_text][vc_column_text]<strong>Wir suchen<\/strong> Menschen, die Lust haben, sich ehrenamtlich f\u00fcr eine offene, transparente, \u00f6kologische und nachhaltige Form des Wirtschaftens zu engagieren. Ob im Verkauf, der Informations- oder Bildungsarbeit &#8211; die M\u00f6glichkeiten, in unserem Team mitzumachen sind vielf\u00e4ltig und lassen sich bestimmt auch in Deinen Alltag integrieren! Neben regelm\u00e4\u00dfigen Aufgaben gibt es bei uns auch immer wieder einzelne zeitlich befristete Projekte, f\u00fcr die wir Unterst\u00fctzer\/innen suchen. Viele Aufgaben erfordern keine speziellen Vorkenntnisse, sondern nur Deine Bereitschaft, Deine F\u00e4higkeiten einzubringen und eventuell in neuen Bereichen dazuzulernen.<\/p>\n<p><strong>Wir bieten<\/strong> ein nettes Team aus Engagierten mit vielf\u00e4ltigen M\u00f6glichkeiten, sich selbst einzubringen. Eine Gemeinschaft, die Dich herzlich aufnimmt, einarbeitet und bei Fragen zur Verf\u00fcgung steht. Fortbildungsm\u00f6glichkeiten nach Deinen Interessen und Aufgaben.<\/p>\n<p><strong>Ansprechpartner\/in:<\/strong><br \/>\nLadenleitung des Weltladen Walluf, Hauptstra\u00dfe 44, 65396 Walluf: Brigitte Edinger, Benedikta Kohl<\/p>\n<p>Telefon \/ Fax: 06123 \/ 993106<\/p>\n<p>Mail: weltladen-walluf@web.de<\/p>\n<p><strong>Wir freuen uns auf Dich!<\/strong>[\/vc_column_text][\/vc_column][\/vc_row][vc_row][vc_column][vc_column_text]Unseren Flyer k\u00f6nnen Sie sich hier herunterladen:<\/p>\n<p><a href=\"https:\/\/weltlaeden.de\/walluf\/wp-content\/uploads\/sites\/159\/2023\/08\/Flyer-Weltladen.pdf\">Flyer Weltladen<\/a>[\/vc_column_text][\/vc_column][\/vc_row]<\/p>\n<\/div>","protected":false},"excerpt":{"rendered":"<p>[vc_row][vc_column][vc_column_text][\/vc_column_text][\/vc_column][\/vc_row][vc_row][vc_column][vc_empty_space][vc_column_text] \u00dcber den Weltladen Walluf Am 15. September 2003 wurde der Weltladen Walluf er\u00f6ffnet. Voller Freude und Erwartung wurde dieser Er\u00f6ffnungstag begangen. Heute k\u00f6nnen wir erfreut berichten, dass sich der Weltladen Walluf sehr gut etabliert hat der Kundenstamm best\u00e4ndig gewachsen ist es uns gelungen ist, den Fairen Handel bekannter zu machen der wachsende Verkauf inzwischen&hellip;<\/p>\n","protected":false},"author":1,"featured_media":1087,"parent":20,"menu_order":5,"comment_status":"closed","ping_status":"closed","template":"","meta":{"footnotes":""},"class_list":["post-219","page","type-page","status-publish","has-post-thumbnail","hentry","description-off"],"yoast_head":"<!-- This site is optimized with the Yoast SEO plugin v26.8 - https:\/\/yoast.com\/product\/yoast-seo-wordpress\/ -->\n<title>\u00dcber uns Weltladen Walluf Kommen Sie bei uns vorbei! Wir freuen uns auf Ihren Besuch<\/title>\n<meta name=\"description\" content=\"Weltladen Walluf Kommen Sie bei uns vorbei! Wir freuen uns auf Ihren Besuch\" \/>\n<meta name=\"robots\" content=\"index, follow, max-snippet:-1, max-image-preview:large, max-video-preview:-1\" \/>\n<link rel=\"canonical\" href=\"https:\/\/weltlaeden.de\/walluf\/weltladen-walluf\/ueber-uns\/\" \/>\n<meta property=\"og:locale\" content=\"de_DE\" \/>\n<meta property=\"og:type\" content=\"article\" \/>\n<meta property=\"og:title\" content=\"\u00dcber uns Weltladen Walluf Kommen Sie bei uns vorbei! Wir freuen uns auf Ihren Besuch\" \/>\n<meta property=\"og:description\" content=\"Weltladen Walluf Kommen Sie bei uns vorbei! Wir freuen uns auf Ihren Besuch\" \/>\n<meta property=\"og:url\" content=\"https:\/\/weltlaeden.de\/walluf\/weltladen-walluf\/ueber-uns\/\" \/>\n<meta property=\"og:site_name\" content=\"Weltladen Walluf\" \/>\n<meta property=\"article:modified_time\" content=\"2023-11-05T16:49:56+00:00\" \/>\n<meta property=\"og:image\" content=\"https:\/\/weltlaeden.de\/walluf\/wp-content\/uploads\/sites\/159\/2021\/10\/IMG_1541.jpg\" \/>\n\t<meta property=\"og:image:width\" content=\"1632\" \/>\n\t<meta property=\"og:image:height\" content=\"1224\" \/>\n\t<meta property=\"og:image:type\" content=\"image\/jpeg\" \/>\n<meta name=\"twitter:card\" content=\"summary_large_image\" \/>\n<meta name=\"twitter:label1\" content=\"Gesch\u00e4tzte Lesezeit\" \/>\n\t<meta name=\"twitter:data1\" content=\"2\u00a0Minuten\" \/>\n<script type=\"application\/ld+json\" class=\"yoast-schema-graph\">{\"@context\":\"https:\/\/schema.org\",\"@graph\":[{\"@type\":\"WebPage\",\"@id\":\"https:\/\/weltlaeden.de\/walluf\/weltladen-walluf\/ueber-uns\/\",\"url\":\"https:\/\/weltlaeden.de\/walluf\/weltladen-walluf\/ueber-uns\/\",\"name\":\"\u00dcber uns Weltladen Walluf Kommen Sie bei uns vorbei! Wir freuen uns auf Ihren Besuch\",\"isPartOf\":{\"@id\":\"https:\/\/weltlaeden.de\/walluf\/#website\"},\"primaryImageOfPage\":{\"@id\":\"https:\/\/weltlaeden.de\/walluf\/weltladen-walluf\/ueber-uns\/#primaryimage\"},\"image\":{\"@id\":\"https:\/\/weltlaeden.de\/walluf\/weltladen-walluf\/ueber-uns\/#primaryimage\"},\"thumbnailUrl\":\"https:\/\/weltlaeden.de\/walluf\/wp-content\/uploads\/sites\/159\/2021\/10\/IMG_1541.jpg\",\"datePublished\":\"2016-10-28T11:34:47+00:00\",\"dateModified\":\"2023-11-05T16:49:56+00:00\",\"description\":\"Weltladen Walluf Kommen Sie bei uns vorbei! Wir freuen uns auf Ihren Besuch\",\"breadcrumb\":{\"@id\":\"https:\/\/weltlaeden.de\/walluf\/weltladen-walluf\/ueber-uns\/#breadcrumb\"},\"inLanguage\":\"de\",\"potentialAction\":[{\"@type\":\"ReadAction\",\"target\":[\"https:\/\/weltlaeden.de\/walluf\/weltladen-walluf\/ueber-uns\/\"]}]},{\"@type\":\"ImageObject\",\"inLanguage\":\"de\",\"@id\":\"https:\/\/weltlaeden.de\/walluf\/weltladen-walluf\/ueber-uns\/#primaryimage\",\"url\":\"https:\/\/weltlaeden.de\/walluf\/wp-content\/uploads\/sites\/159\/2021\/10\/IMG_1541.jpg\",\"contentUrl\":\"https:\/\/weltlaeden.de\/walluf\/wp-content\/uploads\/sites\/159\/2021\/10\/IMG_1541.jpg\",\"width\":1632,\"height\":1224,\"caption\":\"Ihr Verkaufsteam im Weltladen\"},{\"@type\":\"BreadcrumbList\",\"@id\":\"https:\/\/weltlaeden.de\/walluf\/weltladen-walluf\/ueber-uns\/#breadcrumb\",\"itemListElement\":[{\"@type\":\"ListItem\",\"position\":1,\"name\":\"Startseite\",\"item\":\"https:\/\/weltlaeden.de\/walluf\/\"},{\"@type\":\"ListItem\",\"position\":2,\"name\":\"Weltladen Walluf\",\"item\":\"https:\/\/weltlaeden.de\/walluf\/\"},{\"@type\":\"ListItem\",\"position\":3,\"name\":\"\u00dcber uns\"}]},{\"@type\":\"WebSite\",\"@id\":\"https:\/\/weltlaeden.de\/walluf\/#website\",\"url\":\"https:\/\/weltlaeden.de\/walluf\/\",\"name\":\"Weltladen Walluf\",\"description\":\"Fair Handeln - Schmecken - Genie\u00dfen\",\"publisher\":{\"@id\":\"https:\/\/weltlaeden.de\/walluf\/#organization\"},\"potentialAction\":[{\"@type\":\"SearchAction\",\"target\":{\"@type\":\"EntryPoint\",\"urlTemplate\":\"https:\/\/weltlaeden.de\/walluf\/?s={search_term_string}\"},\"query-input\":{\"@type\":\"PropertyValueSpecification\",\"valueRequired\":true,\"valueName\":\"search_term_string\"}}],\"inLanguage\":\"de\"},{\"@type\":\"Organization\",\"@id\":\"https:\/\/weltlaeden.de\/walluf\/#organization\",\"name\":\"Weltladen Walluf \/ FAIR-TREFF Walluf e.V.\",\"url\":\"https:\/\/weltlaeden.de\/walluf\/\",\"logo\":{\"@type\":\"ImageObject\",\"inLanguage\":\"de\",\"@id\":\"https:\/\/weltlaeden.de\/walluf\/#\/schema\/logo\/image\/\",\"url\":\"https:\/\/weltlaeden.de\/walluf\/wp-content\/uploads\/sites\/159\/2021\/03\/WLFH_cmyk_300dpi_MK-e1621515039297.jpg\",\"contentUrl\":\"https:\/\/weltlaeden.de\/walluf\/wp-content\/uploads\/sites\/159\/2021\/03\/WLFH_cmyk_300dpi_MK-e1621515039297.jpg\",\"width\":150,\"height\":67,\"caption\":\"Weltladen Walluf \/ FAIR-TREFF Walluf e.V.\"},\"image\":{\"@id\":\"https:\/\/weltlaeden.de\/walluf\/#\/schema\/logo\/image\/\"}}]}<\/script>\n<!-- \/ Yoast SEO plugin. -->","yoast_head_json":{"title":"\u00dcber uns Weltladen Walluf Kommen Sie bei uns vorbei! Wir freuen uns auf Ihren Besuch","description":"Weltladen Walluf Kommen Sie bei uns vorbei! Wir freuen uns auf Ihren Besuch","robots":{"index":"index","follow":"follow","max-snippet":"max-snippet:-1","max-image-preview":"max-image-preview:large","max-video-preview":"max-video-preview:-1"},"canonical":"https:\/\/weltlaeden.de\/walluf\/weltladen-walluf\/ueber-uns\/","og_locale":"de_DE","og_type":"article","og_title":"\u00dcber uns Weltladen Walluf Kommen Sie bei uns vorbei! Wir freuen uns auf Ihren Besuch","og_description":"Weltladen Walluf Kommen Sie bei uns vorbei! Wir freuen uns auf Ihren Besuch","og_url":"https:\/\/weltlaeden.de\/walluf\/weltladen-walluf\/ueber-uns\/","og_site_name":"Weltladen Walluf","article_modified_time":"2023-11-05T16:49:56+00:00","og_image":[{"width":1632,"height":1224,"url":"https:\/\/weltlaeden.de\/walluf\/wp-content\/uploads\/sites\/159\/2021\/10\/IMG_1541.jpg","type":"image\/jpeg"}],"twitter_card":"summary_large_image","twitter_misc":{"Gesch\u00e4tzte Lesezeit":"2\u00a0Minuten"},"schema":{"@context":"https:\/\/schema.org","@graph":[{"@type":"WebPage","@id":"https:\/\/weltlaeden.de\/walluf\/weltladen-walluf\/ueber-uns\/","url":"https:\/\/weltlaeden.de\/walluf\/weltladen-walluf\/ueber-uns\/","name":"\u00dcber uns Weltladen Walluf Kommen Sie bei uns vorbei! Wir freuen uns auf Ihren Besuch","isPartOf":{"@id":"https:\/\/weltlaeden.de\/walluf\/#website"},"primaryImageOfPage":{"@id":"https:\/\/weltlaeden.de\/walluf\/weltladen-walluf\/ueber-uns\/#primaryimage"},"image":{"@id":"https:\/\/weltlaeden.de\/walluf\/weltladen-walluf\/ueber-uns\/#primaryimage"},"thumbnailUrl":"https:\/\/weltlaeden.de\/walluf\/wp-content\/uploads\/sites\/159\/2021\/10\/IMG_1541.jpg","datePublished":"2016-10-28T11:34:47+00:00","dateModified":"2023-11-05T16:49:56+00:00","description":"Weltladen Walluf Kommen Sie bei uns vorbei! Wir freuen uns auf Ihren Besuch","breadcrumb":{"@id":"https:\/\/weltlaeden.de\/walluf\/weltladen-walluf\/ueber-uns\/#breadcrumb"},"inLanguage":"de","potentialAction":[{"@type":"ReadAction","target":["https:\/\/weltlaeden.de\/walluf\/weltladen-walluf\/ueber-uns\/"]}]},{"@type":"ImageObject","inLanguage":"de","@id":"https:\/\/weltlaeden.de\/walluf\/weltladen-walluf\/ueber-uns\/#primaryimage","url":"https:\/\/weltlaeden.de\/walluf\/wp-content\/uploads\/sites\/159\/2021\/10\/IMG_1541.jpg","contentUrl":"https:\/\/weltlaeden.de\/walluf\/wp-content\/uploads\/sites\/159\/2021\/10\/IMG_1541.jpg","width":1632,"height":1224,"caption":"Ihr Verkaufsteam im Weltladen"},{"@type":"BreadcrumbList","@id":"https:\/\/weltlaeden.de\/walluf\/weltladen-walluf\/ueber-uns\/#breadcrumb","itemListElement":[{"@type":"ListItem","position":1,"name":"Startseite","item":"https:\/\/weltlaeden.de\/walluf\/"},{"@type":"ListItem","position":2,"name":"Weltladen Walluf","item":"https:\/\/weltlaeden.de\/walluf\/"},{"@type":"ListItem","position":3,"name":"\u00dcber uns"}]},{"@type":"WebSite","@id":"https:\/\/weltlaeden.de\/walluf\/#website","url":"https:\/\/weltlaeden.de\/walluf\/","name":"Weltladen Walluf","description":"Fair Handeln - Schmecken - Genie\u00dfen","publisher":{"@id":"https:\/\/weltlaeden.de\/walluf\/#organization"},"potentialAction":[{"@type":"SearchAction","target":{"@type":"EntryPoint","urlTemplate":"https:\/\/weltlaeden.de\/walluf\/?s={search_term_string}"},"query-input":{"@type":"PropertyValueSpecification","valueRequired":true,"valueName":"search_term_string"}}],"inLanguage":"de"},{"@type":"Organization","@id":"https:\/\/weltlaeden.de\/walluf\/#organization","name":"Weltladen Walluf \/ FAIR-TREFF Walluf e.V.","url":"https:\/\/weltlaeden.de\/walluf\/","logo":{"@type":"ImageObject","inLanguage":"de","@id":"https:\/\/weltlaeden.de\/walluf\/#\/schema\/logo\/image\/","url":"https:\/\/weltlaeden.de\/walluf\/wp-content\/uploads\/sites\/159\/2021\/03\/WLFH_cmyk_300dpi_MK-e1621515039297.jpg","contentUrl":"https:\/\/weltlaeden.de\/walluf\/wp-content\/uploads\/sites\/159\/2021\/03\/WLFH_cmyk_300dpi_MK-e1621515039297.jpg","width":150,"height":67,"caption":"Weltladen Walluf \/ FAIR-TREFF Walluf e.V."},"image":{"@id":"https:\/\/weltlaeden.de\/walluf\/#\/schema\/logo\/image\/"}}]}},"_links":{"self":[{"href":"https:\/\/weltlaeden.de\/walluf\/wp-json\/wp\/v2\/pages\/219","targetHints":{"allow":["GET"]}}],"collection":[{"href":"https:\/\/weltlaeden.de\/walluf\/wp-json\/wp\/v2\/pages"}],"about":[{"href":"https:\/\/weltlaeden.de\/walluf\/wp-json\/wp\/v2\/types\/page"}],"author":[{"embeddable":true,"href":"https:\/\/weltlaeden.de\/walluf\/wp-json\/wp\/v2\/users\/1"}],"replies":[{"embeddable":true,"href":"https:\/\/weltlaeden.de\/walluf\/wp-json\/wp\/v2\/comments?post=219"}],"version-history":[{"count":23,"href":"https:\/\/weltlaeden.de\/walluf\/wp-json\/wp\/v2\/pages\/219\/revisions"}],"predecessor-version":[{"id":1786,"href":"https:\/\/weltlaeden.de\/walluf\/wp-json\/wp\/v2\/pages\/219\/revisions\/1786"}],"up":[{"embeddable":true,"href":"https:\/\/weltlaeden.de\/walluf\/wp-json\/wp\/v2\/pages\/20"}],"wp:featuredmedia":[{"embeddable":true,"href":"https:\/\/weltlaeden.de\/walluf\/wp-json\/wp\/v2\/media\/1087"}],"wp:attachment":[{"href":"https:\/\/weltlaeden.de\/walluf\/wp-json\/wp\/v2\/media?parent=219"}],"curies":[{"name":"wp","href":"https:\/\/api.w.org\/{rel}","templated":true}]}}