{"id":479,"date":"2019-01-15T08:25:08","date_gmt":"2019-01-15T07:25:08","guid":{"rendered":"https:\/\/weltlaeden.de\/stuttgartzuffenhausen\/?page_id=479"},"modified":"2019-09-22T20:55:59","modified_gmt":"2019-09-22T18:55:59","slug":"fairer-handel","status":"publish","type":"page","link":"https:\/\/weltlaeden.de\/stuttgartzuffenhausen\/fairer-handel\/","title":{"rendered":"Fairer Handel"},"content":{"rendered":"<div class=\"wpb-content-wrapper\"><p>[vc_row][vc_column][vc_column_text]<\/p>\n<h2><strong>Fairer Handel bedeutet f\u00fcr Weltl\u00e4den\u2026<\/strong><\/h2>\n<h2><strong>Verkaufen: <\/strong>Weil der Verkauf fair gehandelter Produkte das Leben f\u00fcr die Produzent\/innen verbessert.<\/h2>\n<h2><strong>Informieren: <\/strong>Weil politische Kampagnen die Rahmenbedingungen f\u00fcr die Menschen im S\u00fcden ver\u00e4ndern k\u00f6nnen.<\/h2>\n<h2><strong>Lernen:<\/strong> Weil Mitarbeiter\/innen und Kund\/innen viel \u00fcber die globalisierte Welt wissen sollten, um zu verstehen, wie unser Konsum die Welt ver\u00e4ndert \u2013 zum Guten oder zum Schlechten.<\/h2>\n<p><img loading=\"lazy\" decoding=\"async\" class=\"alignnone size-medium wp-image-547\" src=\"https:\/\/weltlaeden.de\/stuttgartzuffenhausen\/wp-content\/uploads\/sites\/47\/2019\/06\/Geschirr_Kapula2-300x225.jpg\" alt=\"\" width=\"300\" height=\"225\" srcset=\"https:\/\/weltlaeden.de\/stuttgartzuffenhausen\/wp-content\/uploads\/sites\/47\/2019\/06\/Geschirr_Kapula2-300x225.jpg 300w, https:\/\/weltlaeden.de\/stuttgartzuffenhausen\/wp-content\/uploads\/sites\/47\/2019\/06\/Geschirr_Kapula2.jpg 400w\" sizes=\"auto, (max-width: 300px) 100vw, 300px\" \/>\u00a0\u00a0 <img loading=\"lazy\" decoding=\"async\" class=\"alignnone size-medium wp-image-553\" src=\"https:\/\/weltlaeden.de\/stuttgartzuffenhausen\/wp-content\/uploads\/sites\/47\/2019\/06\/Kaffee4-300x225.jpg\" alt=\"\" width=\"300\" height=\"225\" srcset=\"https:\/\/weltlaeden.de\/stuttgartzuffenhausen\/wp-content\/uploads\/sites\/47\/2019\/06\/Kaffee4-300x225.jpg 300w, https:\/\/weltlaeden.de\/stuttgartzuffenhausen\/wp-content\/uploads\/sites\/47\/2019\/06\/Kaffee4.jpg 400w\" sizes=\"auto, (max-width: 300px) 100vw, 300px\" \/>\u00a0\u00a0 <img loading=\"lazy\" decoding=\"async\" class=\"alignnone wp-image-550\" src=\"https:\/\/weltlaeden.de\/stuttgartzuffenhausen\/wp-content\/uploads\/sites\/47\/2019\/06\/Honig-300x210.jpg\" alt=\"\" width=\"323\" height=\"226\" srcset=\"https:\/\/weltlaeden.de\/stuttgartzuffenhausen\/wp-content\/uploads\/sites\/47\/2019\/06\/Honig-300x210.jpg 300w, https:\/\/weltlaeden.de\/stuttgartzuffenhausen\/wp-content\/uploads\/sites\/47\/2019\/06\/Honig.jpg 400w\" sizes=\"auto, (max-width: 323px) 100vw, 323px\" \/>\u00a0\u00a0 <img loading=\"lazy\" decoding=\"async\" class=\"alignnone size-medium wp-image-540\" src=\"https:\/\/weltlaeden.de\/stuttgartzuffenhausen\/wp-content\/uploads\/sites\/47\/2019\/06\/Filzblumen3-300x225.jpg\" alt=\"\" width=\"300\" height=\"225\" srcset=\"https:\/\/weltlaeden.de\/stuttgartzuffenhausen\/wp-content\/uploads\/sites\/47\/2019\/06\/Filzblumen3-300x225.jpg 300w, https:\/\/weltlaeden.de\/stuttgartzuffenhausen\/wp-content\/uploads\/sites\/47\/2019\/06\/Filzblumen3.jpg 400w\" sizes=\"auto, (max-width: 300px) 100vw, 300px\" \/><\/p>\n<h2><strong>Kriterien des Fairen Handels:<\/strong><\/h2>\n<h2>Die <a href=\"https:\/\/weltlaeden.de\/bilderpool\/wp-content\/uploads\/sites\/3\/2019\/09\/Konvention_der_Weltl%C3%A4den.pdf\"><strong>Konvention der Weltl\u00e4den<\/strong><\/a> ist das Grundsatzpapier f\u00fcr den Fairen Handel der Weltl\u00e4den und Fair-Handels-Gruppen. Sie wurde in einem jahrelangen Dialog gemeinsam entwickelt und erstmals 1997 von der Mitgliederversammlung des Weltladen-Dachverbandes beschlossen. Die Kriterien der Konvention der Weltl\u00e4den in der aktuellen Version decken sich mit den zehn Prinzipien der World Fair Trade Organization (<a href=\"http:\/\/www.wfto.com\">WFTO<\/a>).<\/h2>\n<h2>Fairer Handel, wie ihn die Weltl\u00e4den betreiben, strebt eine gleichberechtigte Partnerschaft des Nordens mit dem S\u00fcden an. Daher wendet die Konvention die Kriterien auf alle wesentlichen Akteure im Fairen Handel an: auf Produzent\/innen, Importeure sowie Weltl\u00e4den und Fair-Handels-Gruppen.<\/h2>\n<h2><strong>Grundkriterien der Konvention:<\/strong><\/h2>\n<ul>\n<li>\n<h2>Handelspraktiken<\/h2>\n<\/li>\n<li>\n<h2>Arbeitsbedingungen<\/h2>\n<\/li>\n<li>\n<h2>Transparenz<\/h2>\n<\/li>\n<li>\n<h2>Bildungs- und Informationsarbeit<\/h2>\n<\/li>\n<li>\n<h2>\u00d6ffentlichkeitsarbeit<\/h2>\n<\/li>\n<li>\n<h2>Umweltschutz<\/h2>\n<\/li>\n<li>\n<h2>Erg\u00e4nzungsprodukte (z.B. regionale Produkte)<\/h2>\n<\/li>\n<\/ul>\n<h2><strong><br \/>\nLinks zu Akteuren des Fairen Handels:<\/strong><\/h2>\n<h2><strong>Weltl\u00e4den<\/strong><\/h2>\n<ul>\n<li>\n<h2><a href=\"http:\/\/www.weltladen.de\">Weltladen-Dachverband<\/a><\/h2>\n<\/li>\n<\/ul>\n<h2><strong>Importorganisationen (Auswahl)<\/strong><\/h2>\n<ul>\n<li>\n<h2><a href=\"http:\/\/www.banafair.de\">BanaFair<\/a><\/h2>\n<\/li>\n<li>\n<h2><a href=\"http:\/\/www.dwp-rv.de\">WeltPartner<\/a><\/h2>\n<\/li>\n<li>\n<h2><a href=\"http:\/\/www.el-puente.de\">El Puente<\/a><\/h2>\n<\/li>\n<li>\n<h2><a href=\"http:\/\/www.gepa.de\/\">GEPA \u2013 The Fair Trade Company<\/a><\/h2>\n<\/li>\n<li>\n<h2><a href=\"https:\/\/www.globo-fairtrade.com\/\">GLOBO<\/a><\/h2>\n<\/li>\n<\/ul>\n<h2><img loading=\"lazy\" decoding=\"async\" class=\"alignnone size-medium wp-image-528\" src=\"https:\/\/weltlaeden.de\/stuttgartzuffenhausen\/wp-content\/uploads\/sites\/47\/2019\/06\/Buchst\u00fctze-300x225.jpg\" alt=\"\" width=\"300\" height=\"225\" srcset=\"https:\/\/weltlaeden.de\/stuttgartzuffenhausen\/wp-content\/uploads\/sites\/47\/2019\/06\/Buchst\u00fctze-300x225.jpg 300w, https:\/\/weltlaeden.de\/stuttgartzuffenhausen\/wp-content\/uploads\/sites\/47\/2019\/06\/Buchst\u00fctze.jpg 400w\" sizes=\"auto, (max-width: 300px) 100vw, 300px\" \/>\u00a0\u00a0 <img loading=\"lazy\" decoding=\"async\" class=\"alignnone size-medium wp-image-579\" src=\"https:\/\/weltlaeden.de\/stuttgartzuffenhausen\/wp-content\/uploads\/sites\/47\/2019\/06\/Taschen1-300x225.jpg\" alt=\"\" width=\"300\" height=\"225\" srcset=\"https:\/\/weltlaeden.de\/stuttgartzuffenhausen\/wp-content\/uploads\/sites\/47\/2019\/06\/Taschen1-300x225.jpg 300w, https:\/\/weltlaeden.de\/stuttgartzuffenhausen\/wp-content\/uploads\/sites\/47\/2019\/06\/Taschen1.jpg 400w\" sizes=\"auto, (max-width: 300px) 100vw, 300px\" \/>\u00a0\u00a0\u00a0<img loading=\"lazy\" decoding=\"async\" class=\"alignnone size-medium wp-image-576\" src=\"https:\/\/weltlaeden.de\/stuttgartzuffenhausen\/wp-content\/uploads\/sites\/47\/2019\/06\/Sonnengl\u00e4ser1-300x225.jpg\" alt=\"\" width=\"300\" height=\"225\" srcset=\"https:\/\/weltlaeden.de\/stuttgartzuffenhausen\/wp-content\/uploads\/sites\/47\/2019\/06\/Sonnengl\u00e4ser1-300x225.jpg 300w, https:\/\/weltlaeden.de\/stuttgartzuffenhausen\/wp-content\/uploads\/sites\/47\/2019\/06\/Sonnengl\u00e4ser1.jpg 400w\" sizes=\"auto, (max-width: 300px) 100vw, 300px\" \/>\u00a0\u00a0 <img loading=\"lazy\" decoding=\"async\" class=\"alignnone size-medium wp-image-590\" src=\"https:\/\/weltlaeden.de\/stuttgartzuffenhausen\/wp-content\/uploads\/sites\/47\/2019\/06\/Teller1-300x225.jpg\" alt=\"\" width=\"300\" height=\"225\" srcset=\"https:\/\/weltlaeden.de\/stuttgartzuffenhausen\/wp-content\/uploads\/sites\/47\/2019\/06\/Teller1-300x225.jpg 300w, https:\/\/weltlaeden.de\/stuttgartzuffenhausen\/wp-content\/uploads\/sites\/47\/2019\/06\/Teller1.jpg 400w\" sizes=\"auto, (max-width: 300px) 100vw, 300px\" \/><\/h2>\n<p>[\/vc_column_text][\/vc_column][\/vc_row][vc_row][vc_column]<div class=\"wl_einzelbild\"><p>\u00a0<\/p><\/div>[\/vc_column][\/vc_row]<\/p>\n<\/div>","protected":false},"excerpt":{"rendered":"<p>[vc_row][vc_column][vc_column_text] Fairer Handel bedeutet f\u00fcr Weltl\u00e4den\u2026 Verkaufen: Weil der Verkauf fair gehandelter Produkte das Leben f\u00fcr die Produzent\/innen verbessert. Informieren: Weil politische Kampagnen die Rahmenbedingungen f\u00fcr die Menschen im S\u00fcden ver\u00e4ndern k\u00f6nnen. Lernen: Weil Mitarbeiter\/innen und Kund\/innen viel \u00fcber die globalisierte Welt wissen sollten, um zu verstehen, wie unser Konsum die Welt ver\u00e4ndert \u2013 zum&hellip;<\/p>\n","protected":false},"author":73,"featured_media":0,"parent":0,"menu_order":0,"comment_status":"closed","ping_status":"closed","template":"","meta":{"footnotes":""},"class_list":["post-479","page","type-page","status-publish","hentry","description-off"],"yoast_head":"<!-- This site is optimized with the Yoast SEO plugin v26.8 - https:\/\/yoast.com\/product\/yoast-seo-wordpress\/ -->\n<title>Fairer Handel - Weltladen Stuttgart Zuffenhausen<\/title>\n<meta name=\"robots\" content=\"index, follow, max-snippet:-1, max-image-preview:large, max-video-preview:-1\" \/>\n<link rel=\"canonical\" href=\"https:\/\/weltlaeden.de\/stuttgartzuffenhausen\/fairer-handel\/\" \/>\n<meta property=\"og:locale\" content=\"de_DE\" \/>\n<meta property=\"og:type\" content=\"article\" \/>\n<meta property=\"og:title\" content=\"Fairer Handel - Weltladen Stuttgart Zuffenhausen\" \/>\n<meta property=\"og:description\" content=\"[vc_row][vc_column][vc_column_text] Fairer Handel bedeutet f\u00fcr Weltl\u00e4den\u2026 Verkaufen: Weil der Verkauf fair gehandelter Produkte das Leben f\u00fcr die Produzent\/innen verbessert. Informieren: Weil politische Kampagnen die Rahmenbedingungen f\u00fcr die Menschen im S\u00fcden ver\u00e4ndern k\u00f6nnen. Lernen: Weil Mitarbeiter\/innen und Kund\/innen viel \u00fcber die globalisierte Welt wissen sollten, um zu verstehen, wie unser Konsum die Welt ver\u00e4ndert \u2013 zum&hellip;\" \/>\n<meta property=\"og:url\" content=\"https:\/\/weltlaeden.de\/stuttgartzuffenhausen\/fairer-handel\/\" \/>\n<meta property=\"og:site_name\" content=\"Weltladen Stuttgart Zuffenhausen\" \/>\n<meta property=\"article:modified_time\" content=\"2019-09-22T18:55:59+00:00\" \/>\n<meta property=\"og:image\" content=\"https:\/\/weltlaeden.de\/stuttgartzuffenhausen\/wp-content\/uploads\/sites\/47\/2019\/06\/Geschirr_Kapula2-300x225.jpg\" \/>\n<meta name=\"twitter:card\" content=\"summary_large_image\" \/>\n<meta name=\"twitter:label1\" content=\"Gesch\u00e4tzte Lesezeit\" \/>\n\t<meta name=\"twitter:data1\" content=\"1\u00a0Minute\" \/>\n<script type=\"application\/ld+json\" class=\"yoast-schema-graph\">{\"@context\":\"https:\/\/schema.org\",\"@graph\":[{\"@type\":\"WebPage\",\"@id\":\"https:\/\/weltlaeden.de\/stuttgartzuffenhausen\/fairer-handel\/\",\"url\":\"https:\/\/weltlaeden.de\/stuttgartzuffenhausen\/fairer-handel\/\",\"name\":\"Fairer Handel - Weltladen Stuttgart Zuffenhausen\",\"isPartOf\":{\"@id\":\"https:\/\/weltlaeden.de\/stuttgartzuffenhausen\/#website\"},\"primaryImageOfPage\":{\"@id\":\"https:\/\/weltlaeden.de\/stuttgartzuffenhausen\/fairer-handel\/#primaryimage\"},\"image\":{\"@id\":\"https:\/\/weltlaeden.de\/stuttgartzuffenhausen\/fairer-handel\/#primaryimage\"},\"thumbnailUrl\":\"https:\/\/weltlaeden.de\/stuttgartzuffenhausen\/wp-content\/uploads\/sites\/47\/2019\/06\/Geschirr_Kapula2-300x225.jpg\",\"datePublished\":\"2019-01-15T07:25:08+00:00\",\"dateModified\":\"2019-09-22T18:55:59+00:00\",\"breadcrumb\":{\"@id\":\"https:\/\/weltlaeden.de\/stuttgartzuffenhausen\/fairer-handel\/#breadcrumb\"},\"inLanguage\":\"de\",\"potentialAction\":[{\"@type\":\"ReadAction\",\"target\":[\"https:\/\/weltlaeden.de\/stuttgartzuffenhausen\/fairer-handel\/\"]}]},{\"@type\":\"ImageObject\",\"inLanguage\":\"de\",\"@id\":\"https:\/\/weltlaeden.de\/stuttgartzuffenhausen\/fairer-handel\/#primaryimage\",\"url\":\"https:\/\/weltlaeden.de\/stuttgartzuffenhausen\/wp-content\/uploads\/sites\/47\/2019\/06\/Geschirr_Kapula2.jpg\",\"contentUrl\":\"https:\/\/weltlaeden.de\/stuttgartzuffenhausen\/wp-content\/uploads\/sites\/47\/2019\/06\/Geschirr_Kapula2.jpg\",\"width\":400,\"height\":300},{\"@type\":\"BreadcrumbList\",\"@id\":\"https:\/\/weltlaeden.de\/stuttgartzuffenhausen\/fairer-handel\/#breadcrumb\",\"itemListElement\":[{\"@type\":\"ListItem\",\"position\":1,\"name\":\"Startseite\",\"item\":\"https:\/\/weltlaeden.de\/stuttgartzuffenhausen\/\"},{\"@type\":\"ListItem\",\"position\":2,\"name\":\"Fairer Handel\"}]},{\"@type\":\"WebSite\",\"@id\":\"https:\/\/weltlaeden.de\/stuttgartzuffenhausen\/#website\",\"url\":\"https:\/\/weltlaeden.de\/stuttgartzuffenhausen\/\",\"name\":\"Vorlage\",\"description\":\"\",\"potentialAction\":[{\"@type\":\"SearchAction\",\"target\":{\"@type\":\"EntryPoint\",\"urlTemplate\":\"https:\/\/weltlaeden.de\/stuttgartzuffenhausen\/?s={search_term_string}\"},\"query-input\":{\"@type\":\"PropertyValueSpecification\",\"valueRequired\":true,\"valueName\":\"search_term_string\"}}],\"inLanguage\":\"de\"}]}<\/script>\n<!-- \/ Yoast SEO plugin. -->","yoast_head_json":{"title":"Fairer Handel - Weltladen Stuttgart Zuffenhausen","robots":{"index":"index","follow":"follow","max-snippet":"max-snippet:-1","max-image-preview":"max-image-preview:large","max-video-preview":"max-video-preview:-1"},"canonical":"https:\/\/weltlaeden.de\/stuttgartzuffenhausen\/fairer-handel\/","og_locale":"de_DE","og_type":"article","og_title":"Fairer Handel - Weltladen Stuttgart Zuffenhausen","og_description":"[vc_row][vc_column][vc_column_text] Fairer Handel bedeutet f\u00fcr Weltl\u00e4den\u2026 Verkaufen: Weil der Verkauf fair gehandelter Produkte das Leben f\u00fcr die Produzent\/innen verbessert. Informieren: Weil politische Kampagnen die Rahmenbedingungen f\u00fcr die Menschen im S\u00fcden ver\u00e4ndern k\u00f6nnen. Lernen: Weil Mitarbeiter\/innen und Kund\/innen viel \u00fcber die globalisierte Welt wissen sollten, um zu verstehen, wie unser Konsum die Welt ver\u00e4ndert \u2013 zum&hellip;","og_url":"https:\/\/weltlaeden.de\/stuttgartzuffenhausen\/fairer-handel\/","og_site_name":"Weltladen Stuttgart Zuffenhausen","article_modified_time":"2019-09-22T18:55:59+00:00","og_image":[{"url":"https:\/\/weltlaeden.de\/stuttgartzuffenhausen\/wp-content\/uploads\/sites\/47\/2019\/06\/Geschirr_Kapula2-300x225.jpg","type":"","width":"","height":""}],"twitter_card":"summary_large_image","twitter_misc":{"Gesch\u00e4tzte Lesezeit":"1\u00a0Minute"},"schema":{"@context":"https:\/\/schema.org","@graph":[{"@type":"WebPage","@id":"https:\/\/weltlaeden.de\/stuttgartzuffenhausen\/fairer-handel\/","url":"https:\/\/weltlaeden.de\/stuttgartzuffenhausen\/fairer-handel\/","name":"Fairer Handel - Weltladen Stuttgart Zuffenhausen","isPartOf":{"@id":"https:\/\/weltlaeden.de\/stuttgartzuffenhausen\/#website"},"primaryImageOfPage":{"@id":"https:\/\/weltlaeden.de\/stuttgartzuffenhausen\/fairer-handel\/#primaryimage"},"image":{"@id":"https:\/\/weltlaeden.de\/stuttgartzuffenhausen\/fairer-handel\/#primaryimage"},"thumbnailUrl":"https:\/\/weltlaeden.de\/stuttgartzuffenhausen\/wp-content\/uploads\/sites\/47\/2019\/06\/Geschirr_Kapula2-300x225.jpg","datePublished":"2019-01-15T07:25:08+00:00","dateModified":"2019-09-22T18:55:59+00:00","breadcrumb":{"@id":"https:\/\/weltlaeden.de\/stuttgartzuffenhausen\/fairer-handel\/#breadcrumb"},"inLanguage":"de","potentialAction":[{"@type":"ReadAction","target":["https:\/\/weltlaeden.de\/stuttgartzuffenhausen\/fairer-handel\/"]}]},{"@type":"ImageObject","inLanguage":"de","@id":"https:\/\/weltlaeden.de\/stuttgartzuffenhausen\/fairer-handel\/#primaryimage","url":"https:\/\/weltlaeden.de\/stuttgartzuffenhausen\/wp-content\/uploads\/sites\/47\/2019\/06\/Geschirr_Kapula2.jpg","contentUrl":"https:\/\/weltlaeden.de\/stuttgartzuffenhausen\/wp-content\/uploads\/sites\/47\/2019\/06\/Geschirr_Kapula2.jpg","width":400,"height":300},{"@type":"BreadcrumbList","@id":"https:\/\/weltlaeden.de\/stuttgartzuffenhausen\/fairer-handel\/#breadcrumb","itemListElement":[{"@type":"ListItem","position":1,"name":"Startseite","item":"https:\/\/weltlaeden.de\/stuttgartzuffenhausen\/"},{"@type":"ListItem","position":2,"name":"Fairer Handel"}]},{"@type":"WebSite","@id":"https:\/\/weltlaeden.de\/stuttgartzuffenhausen\/#website","url":"https:\/\/weltlaeden.de\/stuttgartzuffenhausen\/","name":"Vorlage","description":"","potentialAction":[{"@type":"SearchAction","target":{"@type":"EntryPoint","urlTemplate":"https:\/\/weltlaeden.de\/stuttgartzuffenhausen\/?s={search_term_string}"},"query-input":{"@type":"PropertyValueSpecification","valueRequired":true,"valueName":"search_term_string"}}],"inLanguage":"de"}]}},"_links":{"self":[{"href":"https:\/\/weltlaeden.de\/stuttgartzuffenhausen\/wp-json\/wp\/v2\/pages\/479","targetHints":{"allow":["GET"]}}],"collection":[{"href":"https:\/\/weltlaeden.de\/stuttgartzuffenhausen\/wp-json\/wp\/v2\/pages"}],"about":[{"href":"https:\/\/weltlaeden.de\/stuttgartzuffenhausen\/wp-json\/wp\/v2\/types\/page"}],"author":[{"embeddable":true,"href":"https:\/\/weltlaeden.de\/stuttgartzuffenhausen\/wp-json\/wp\/v2\/users\/73"}],"replies":[{"embeddable":true,"href":"https:\/\/weltlaeden.de\/stuttgartzuffenhausen\/wp-json\/wp\/v2\/comments?post=479"}],"version-history":[{"count":21,"href":"https:\/\/weltlaeden.de\/stuttgartzuffenhausen\/wp-json\/wp\/v2\/pages\/479\/revisions"}],"predecessor-version":[{"id":622,"href":"https:\/\/weltlaeden.de\/stuttgartzuffenhausen\/wp-json\/wp\/v2\/pages\/479\/revisions\/622"}],"wp:attachment":[{"href":"https:\/\/weltlaeden.de\/stuttgartzuffenhausen\/wp-json\/wp\/v2\/media?parent=479"}],"curies":[{"name":"wp","href":"https:\/\/api.w.org\/{rel}","templated":true}]}}