{"id":219,"date":"2016-10-28T13:34:47","date_gmt":"2016-10-28T11:34:47","guid":{"rendered":"https:\/\/wl.heimpixel.de\/vorlage\/ueber-uns\/"},"modified":"2024-07-17T12:57:01","modified_gmt":"2024-07-17T10:57:01","slug":"ueber-uns","status":"publish","type":"page","link":"https:\/\/weltlaeden.de\/stade\/ueber-uns\/","title":{"rendered":"\u00dcber uns"},"content":{"rendered":"<div class=\"wpb-content-wrapper\"><p>[vc_row][vc_column]<div class=\"wl_einzelbild\"><p><img loading=\"lazy\" decoding=\"async\" class=\"alignnone size-medium wp-image-555 aligncenter\" src=\"https:\/\/weltlaeden.de\/stade\/wp-content\/uploads\/sites\/104\/2019\/11\/Einhorn-1-bearbeitet-200x300.jpg\" alt=\"\" width=\"200\" height=\"300\" srcset=\"https:\/\/weltlaeden.de\/stade\/wp-content\/uploads\/sites\/104\/2019\/11\/Einhorn-1-bearbeitet-200x300.jpg 200w, https:\/\/weltlaeden.de\/stade\/wp-content\/uploads\/sites\/104\/2019\/11\/Einhorn-1-bearbeitet-768x1152.jpg 768w, https:\/\/weltlaeden.de\/stade\/wp-content\/uploads\/sites\/104\/2019\/11\/Einhorn-1-bearbeitet-683x1024.jpg 683w, https:\/\/weltlaeden.de\/stade\/wp-content\/uploads\/sites\/104\/2019\/11\/Einhorn-1-bearbeitet.jpg 1280w\" sizes=\"auto, (max-width: 200px) 100vw, 200px\" \/><\/p><\/div>[vc_empty_space][vc_column_text]<\/p>\n<h1>\u00dcber den Weltladen Stade<\/h1>\n<p>[\/vc_column_text][vc_column_text]Viele kennen vielleicht noch den Stader Weltladen in der Birnbaumpassage und haben das Angebot an fair gehandelten Waren schmerzlich vermisst. Seit 2019 gibt es nun eine &#8222;Weltgruppe&#8220; in Stade, die mit der Christlichen Buchhandlung &#8222;Kapitel 17&#8220;\u00a0 zusammenarbeitet.<\/p>\n<p>Mit dem Umzug der Christlichen Buchhandlung vom Cosmae-Kirchhof in die H\u00f6kerstra\u00dfe 17 ergab sich diese fantastische M\u00f6glichkeit. Die R\u00e4ume der <strong>ehemaligen Einhornapotheke<\/strong> bieten nicht nur gen\u00fcgend Platz f\u00fcr die Christliche Buchhandlung sondern dar\u00fcber hinaus die M\u00f6glichkeit, das Angebot um fair gehandelte Waren zu erweitern.<\/p>\n<p>Die Christliche Buchhandlung firmiert nun unter dem Namen &#8222;Kapitel 17&#8220; und das Literaturangebot wird durch das Fairtrade-Sortiment des Weltladens perfekt bereichert. Dar\u00fcber hinaus bietet das Ladenlokal Raum f\u00fcr Aktionen.[\/vc_column_text][\/vc_column][\/vc_row][vc_row][vc_column][vc_empty_space][vc_column_text]<\/p>\n<h1>Mitmachen bei der Weltgruppe Stade<\/h1>\n<p>[\/vc_column_text][vc_column_text css=&#8220;&#8220;]<strong>Wir suchen<\/strong> Menschen, die Lust haben, sich ehrenamtlich f\u00fcr eine offene, transparente, \u00f6kologische und nachhaltige Form des Wirtschaftens zu engagieren. Ob im Verkauf, der Informations- oder Bildungsarbeit &#8211; die M\u00f6glichkeiten, in unserem Team mitzumachen sind vielf\u00e4ltig und lassen sich bestimmt auch in Deinen Alltag integrieren! Neben regelm\u00e4\u00dfigen Aufgaben gibt es bei uns auch immer wieder einzelne zeitlich befristete Projekte, f\u00fcr die wir Unterst\u00fctzer*innen suchen. Viele Aufgaben erfordern keine speziellen Vorkenntnisse, sondern nur Deine Bereitschaft, Deine F\u00e4higkeiten einzubringen und eventuell in neuen Bereichen dazuzulernen.<\/p>\n<p><strong>Wir bieten<\/strong> ein nettes Team aus Engagierten mit vielf\u00e4ltigen M\u00f6glichkeiten, sich selbst einzubringen. Eine Gemeinschaft, die Dich herzlich aufnimmt, einarbeitet und bei Fragen zur Verf\u00fcgung steht. Fortbildungsm\u00f6glichkeiten nach Deinen Interessen und Aufgaben.<\/p>\n<p><strong>Ansprechpartnerin:<\/strong><br \/>\nSusanne Decker-Michalek<br \/>\n<a href=\"mailto:sudemi70@gmail.com\">sudemi70@gmail.com<\/a><br \/>\nTel: 0176 216 53238<\/p>\n<p>&nbsp;<\/p>\n<p><strong>Wir freuen uns auf Dich!<\/strong>[\/vc_column_text][\/vc_column][\/vc_row]<\/p>\n<\/div>","protected":false},"excerpt":{"rendered":"<p>[vc_row][vc_column][vc_empty_space][vc_column_text] \u00dcber den Weltladen Stade [\/vc_column_text][vc_column_text]Viele kennen vielleicht noch den Stader Weltladen in der Birnbaumpassage und haben das Angebot an fair gehandelten Waren schmerzlich vermisst. Seit 2019 gibt es nun eine &#8222;Weltgruppe&#8220; in Stade, die mit der Christlichen Buchhandlung &#8222;Kapitel 17&#8220;\u00a0 zusammenarbeitet. Mit dem Umzug der Christlichen Buchhandlung vom Cosmae-Kirchhof in die H\u00f6kerstra\u00dfe 17 ergab&hellip;<\/p>\n","protected":false},"author":1,"featured_media":0,"parent":0,"menu_order":26,"comment_status":"closed","ping_status":"closed","template":"","meta":{"footnotes":""},"class_list":["post-219","page","type-page","status-publish","hentry","description-off"],"yoast_head":"<!-- This site is optimized with the Yoast SEO plugin v26.8 - https:\/\/yoast.com\/product\/yoast-seo-wordpress\/ -->\n<title>\u00dcber uns - Weltgruppe Stade<\/title>\n<meta name=\"robots\" content=\"index, follow, max-snippet:-1, max-image-preview:large, max-video-preview:-1\" \/>\n<link rel=\"canonical\" href=\"https:\/\/weltlaeden.de\/stade\/ueber-uns\/\" \/>\n<meta property=\"og:locale\" content=\"de_DE\" \/>\n<meta property=\"og:type\" content=\"article\" \/>\n<meta property=\"og:title\" content=\"\u00dcber uns - Weltgruppe Stade\" \/>\n<meta property=\"og:description\" content=\"[vc_row][vc_column][vc_empty_space][vc_column_text] \u00dcber den Weltladen Stade [\/vc_column_text][vc_column_text]Viele kennen vielleicht noch den Stader Weltladen in der Birnbaumpassage und haben das Angebot an fair gehandelten Waren schmerzlich vermisst. Seit 2019 gibt es nun eine &#8222;Weltgruppe&#8220; in Stade, die mit der Christlichen Buchhandlung &#8222;Kapitel 17&#8220;\u00a0 zusammenarbeitet. Mit dem Umzug der Christlichen Buchhandlung vom Cosmae-Kirchhof in die H\u00f6kerstra\u00dfe 17 ergab&hellip;\" \/>\n<meta property=\"og:url\" content=\"https:\/\/weltlaeden.de\/stade\/ueber-uns\/\" \/>\n<meta property=\"og:site_name\" content=\"Weltgruppe Stade\" \/>\n<meta property=\"article:modified_time\" content=\"2024-07-17T10:57:01+00:00\" \/>\n<meta property=\"og:image\" content=\"https:\/\/weltlaeden.de\/stade\/wp-content\/uploads\/sites\/104\/2019\/11\/Einhorn-1-bearbeitet-200x300.jpg\" \/>\n<meta name=\"twitter:card\" content=\"summary_large_image\" \/>\n<meta name=\"twitter:label1\" content=\"Gesch\u00e4tzte Lesezeit\" \/>\n\t<meta name=\"twitter:data1\" content=\"2\u00a0Minuten\" \/>\n<script type=\"application\/ld+json\" class=\"yoast-schema-graph\">{\"@context\":\"https:\/\/schema.org\",\"@graph\":[{\"@type\":\"WebPage\",\"@id\":\"https:\/\/weltlaeden.de\/stade\/ueber-uns\/\",\"url\":\"https:\/\/weltlaeden.de\/stade\/ueber-uns\/\",\"name\":\"\u00dcber uns - Weltgruppe Stade\",\"isPartOf\":{\"@id\":\"https:\/\/weltlaeden.de\/stade\/#website\"},\"primaryImageOfPage\":{\"@id\":\"https:\/\/weltlaeden.de\/stade\/ueber-uns\/#primaryimage\"},\"image\":{\"@id\":\"https:\/\/weltlaeden.de\/stade\/ueber-uns\/#primaryimage\"},\"thumbnailUrl\":\"https:\/\/weltlaeden.de\/stade\/wp-content\/uploads\/sites\/104\/2019\/11\/Einhorn-1-bearbeitet-200x300.jpg\",\"datePublished\":\"2016-10-28T11:34:47+00:00\",\"dateModified\":\"2024-07-17T10:57:01+00:00\",\"breadcrumb\":{\"@id\":\"https:\/\/weltlaeden.de\/stade\/ueber-uns\/#breadcrumb\"},\"inLanguage\":\"de\",\"potentialAction\":[{\"@type\":\"ReadAction\",\"target\":[\"https:\/\/weltlaeden.de\/stade\/ueber-uns\/\"]}]},{\"@type\":\"ImageObject\",\"inLanguage\":\"de\",\"@id\":\"https:\/\/weltlaeden.de\/stade\/ueber-uns\/#primaryimage\",\"url\":\"https:\/\/weltlaeden.de\/stade\/wp-content\/uploads\/sites\/104\/2019\/11\/Einhorn-1-bearbeitet.jpg\",\"contentUrl\":\"https:\/\/weltlaeden.de\/stade\/wp-content\/uploads\/sites\/104\/2019\/11\/Einhorn-1-bearbeitet.jpg\",\"width\":1280,\"height\":1920},{\"@type\":\"BreadcrumbList\",\"@id\":\"https:\/\/weltlaeden.de\/stade\/ueber-uns\/#breadcrumb\",\"itemListElement\":[{\"@type\":\"ListItem\",\"position\":1,\"name\":\"Startseite\",\"item\":\"https:\/\/weltlaeden.de\/stade\/\"},{\"@type\":\"ListItem\",\"position\":2,\"name\":\"\u00dcber uns\"}]},{\"@type\":\"WebSite\",\"@id\":\"https:\/\/weltlaeden.de\/stade\/#website\",\"url\":\"https:\/\/weltlaeden.de\/stade\/\",\"name\":\"Weltgruppe Stade\",\"description\":\"Ihr Weltladen-Angebot in Stade\",\"potentialAction\":[{\"@type\":\"SearchAction\",\"target\":{\"@type\":\"EntryPoint\",\"urlTemplate\":\"https:\/\/weltlaeden.de\/stade\/?s={search_term_string}\"},\"query-input\":{\"@type\":\"PropertyValueSpecification\",\"valueRequired\":true,\"valueName\":\"search_term_string\"}}],\"inLanguage\":\"de\"}]}<\/script>\n<!-- \/ Yoast SEO plugin. -->","yoast_head_json":{"title":"\u00dcber uns - Weltgruppe Stade","robots":{"index":"index","follow":"follow","max-snippet":"max-snippet:-1","max-image-preview":"max-image-preview:large","max-video-preview":"max-video-preview:-1"},"canonical":"https:\/\/weltlaeden.de\/stade\/ueber-uns\/","og_locale":"de_DE","og_type":"article","og_title":"\u00dcber uns - Weltgruppe Stade","og_description":"[vc_row][vc_column][vc_empty_space][vc_column_text] \u00dcber den Weltladen Stade [\/vc_column_text][vc_column_text]Viele kennen vielleicht noch den Stader Weltladen in der Birnbaumpassage und haben das Angebot an fair gehandelten Waren schmerzlich vermisst. Seit 2019 gibt es nun eine &#8222;Weltgruppe&#8220; in Stade, die mit der Christlichen Buchhandlung &#8222;Kapitel 17&#8220;\u00a0 zusammenarbeitet. Mit dem Umzug der Christlichen Buchhandlung vom Cosmae-Kirchhof in die H\u00f6kerstra\u00dfe 17 ergab&hellip;","og_url":"https:\/\/weltlaeden.de\/stade\/ueber-uns\/","og_site_name":"Weltgruppe Stade","article_modified_time":"2024-07-17T10:57:01+00:00","og_image":[{"url":"https:\/\/weltlaeden.de\/stade\/wp-content\/uploads\/sites\/104\/2019\/11\/Einhorn-1-bearbeitet-200x300.jpg","type":"","width":"","height":""}],"twitter_card":"summary_large_image","twitter_misc":{"Gesch\u00e4tzte Lesezeit":"2\u00a0Minuten"},"schema":{"@context":"https:\/\/schema.org","@graph":[{"@type":"WebPage","@id":"https:\/\/weltlaeden.de\/stade\/ueber-uns\/","url":"https:\/\/weltlaeden.de\/stade\/ueber-uns\/","name":"\u00dcber uns - Weltgruppe Stade","isPartOf":{"@id":"https:\/\/weltlaeden.de\/stade\/#website"},"primaryImageOfPage":{"@id":"https:\/\/weltlaeden.de\/stade\/ueber-uns\/#primaryimage"},"image":{"@id":"https:\/\/weltlaeden.de\/stade\/ueber-uns\/#primaryimage"},"thumbnailUrl":"https:\/\/weltlaeden.de\/stade\/wp-content\/uploads\/sites\/104\/2019\/11\/Einhorn-1-bearbeitet-200x300.jpg","datePublished":"2016-10-28T11:34:47+00:00","dateModified":"2024-07-17T10:57:01+00:00","breadcrumb":{"@id":"https:\/\/weltlaeden.de\/stade\/ueber-uns\/#breadcrumb"},"inLanguage":"de","potentialAction":[{"@type":"ReadAction","target":["https:\/\/weltlaeden.de\/stade\/ueber-uns\/"]}]},{"@type":"ImageObject","inLanguage":"de","@id":"https:\/\/weltlaeden.de\/stade\/ueber-uns\/#primaryimage","url":"https:\/\/weltlaeden.de\/stade\/wp-content\/uploads\/sites\/104\/2019\/11\/Einhorn-1-bearbeitet.jpg","contentUrl":"https:\/\/weltlaeden.de\/stade\/wp-content\/uploads\/sites\/104\/2019\/11\/Einhorn-1-bearbeitet.jpg","width":1280,"height":1920},{"@type":"BreadcrumbList","@id":"https:\/\/weltlaeden.de\/stade\/ueber-uns\/#breadcrumb","itemListElement":[{"@type":"ListItem","position":1,"name":"Startseite","item":"https:\/\/weltlaeden.de\/stade\/"},{"@type":"ListItem","position":2,"name":"\u00dcber uns"}]},{"@type":"WebSite","@id":"https:\/\/weltlaeden.de\/stade\/#website","url":"https:\/\/weltlaeden.de\/stade\/","name":"Weltgruppe Stade","description":"Ihr Weltladen-Angebot in Stade","potentialAction":[{"@type":"SearchAction","target":{"@type":"EntryPoint","urlTemplate":"https:\/\/weltlaeden.de\/stade\/?s={search_term_string}"},"query-input":{"@type":"PropertyValueSpecification","valueRequired":true,"valueName":"search_term_string"}}],"inLanguage":"de"}]}},"_links":{"self":[{"href":"https:\/\/weltlaeden.de\/stade\/wp-json\/wp\/v2\/pages\/219","targetHints":{"allow":["GET"]}}],"collection":[{"href":"https:\/\/weltlaeden.de\/stade\/wp-json\/wp\/v2\/pages"}],"about":[{"href":"https:\/\/weltlaeden.de\/stade\/wp-json\/wp\/v2\/types\/page"}],"author":[{"embeddable":true,"href":"https:\/\/weltlaeden.de\/stade\/wp-json\/wp\/v2\/users\/1"}],"replies":[{"embeddable":true,"href":"https:\/\/weltlaeden.de\/stade\/wp-json\/wp\/v2\/comments?post=219"}],"version-history":[{"count":19,"href":"https:\/\/weltlaeden.de\/stade\/wp-json\/wp\/v2\/pages\/219\/revisions"}],"predecessor-version":[{"id":1440,"href":"https:\/\/weltlaeden.de\/stade\/wp-json\/wp\/v2\/pages\/219\/revisions\/1440"}],"wp:attachment":[{"href":"https:\/\/weltlaeden.de\/stade\/wp-json\/wp\/v2\/media?parent=219"}],"curies":[{"name":"wp","href":"https:\/\/api.w.org\/{rel}","templated":true}]}}