{"id":507,"date":"2020-08-05T13:09:17","date_gmt":"2020-08-05T11:09:17","guid":{"rendered":"https:\/\/weltlaeden.de\/sigmaringen\/?page_id=507"},"modified":"2025-06-24T21:28:43","modified_gmt":"2025-06-24T19:28:43","slug":"projekte","status":"publish","type":"page","link":"https:\/\/weltlaeden.de\/sigmaringen\/projekte\/","title":{"rendered":"Projekte"},"content":{"rendered":"<div class=\"wpb-content-wrapper\"><p>[vc_row][vc_column][vc_text_separator title=&#8220;Projektunterst\u00fctzung seit 1984 \u00fcber 800.000\u20ac&#8220; color=&#8220;orange&#8220; border_width=&#8220;5&#8243; css=&#8220;&#8220;][vc_column_text]<\/p>\n<p style=\"text-align: justify\">Arbeitskreis EINE WELT Sigmaringen e.V. mit Weltladen<\/p>\n<p style=\"text-align: justify\">Unterst\u00fctzt wurden bisher \u00fcber 31 Projekte in verschiedenen L\u00e4ndern <strong>(z.B. Bolivien, Bangladesch, Indien, Argentinien, Philippinen, Ghana, Guatemala, Laos u.a.).<\/strong><\/p>\n<p style=\"text-align: justify\">Bei mehreren Projekten besteht direkter Kontakt zu den Menschen bzw. Genossenschaften, denen wir finanzielle Hilfe zukommen lassen.<br \/>\nEnde 2014 war Familie Kleiner in Laos und traf durch Zufall auf Hubert Kastner, der dort in einigen D\u00f6rfern Leprakranke medizinisch versorgt und ihnen Hilfe im Alltag anbietet.<\/p>\n<p style=\"text-align: justify\">Dagmar Gulde lebt in Ghana und unterst\u00fctzt dort Dorfbewohner, die Kunstgegenst\u00e4nde anfertigen, die in Weltl\u00e4den verkauft werden. In einer N\u00e4hschule werden M\u00e4dchen und junge Frauen unterrichtet. Ein Kindergarten erhielt ein neues Geb\u00e4ude, in dem sich die Kinder sichtlich wohl f\u00fchlen. Die Frauen im Dorf m\u00fcssen dank eines neu gebohrten Brunnens nicht mehr weite Wege zur\u00fccklegen um Wasser zu holen.<\/p>\n<p style=\"text-align: justify\">In El Salvador leitet der geb\u00fcrtige Jungnauer Rudi Reitinger seit vielen Jahren ein Entwicklungsprojekt und informiert uns durch Rundbriefe \u00fcber seine Arbeit.<\/p>\n<p style=\"text-align: justify\">Alle drei Projektleiter berichteten schon mehrfach bei Treffen des Arbeitskreises \u00fcber ihre T\u00e4tigkeiten und die Verwendung unserer Spendengelder.<\/p>\n<p>[\/vc_column_text][vc_empty_space height=&#8220;20px&#8220;][vc_separator color=&#8220;custom&#8220; border_width=&#8220;5&#8243; accent_color=&#8220;#ff6600&#8243;][vc_empty_space height=&#8220;10px&#8220;][vc_custom_heading text=&#8220;Hubert Kastner in Laos&#8220; font_container=&#8220;tag:h2|text_align:center|color:%23000000&#8243; google_fonts=&#8220;font_family:PT%20Serif%3Aregular%2Citalic%2C700%2C700italic|font_style:400%20italic%3A400%3Aitalic&#8220;][vc_column_text]<\/p>\n<p style=\"text-align: justify\">2015 war die Familie Kleiner auf einer Reise u.a. in Laos, einem wundersch\u00f6nen Land. Sie haben zuf\u00e4llig einen Mann getroffen &#8211; Hubert Kastner- aus Bayern, der dort seit Jahren in mehreren D\u00f6rfern Leprakranke betreut, die abgesondert zusammen mit ihren Familien in diesen &#8222;Leprad\u00f6rfern&#8220; leben m\u00fcssen.<br \/>\nHubert Kastner versucht so gut es geht, diesen Menschen\u00a0 zu helfen. Er leistet medizinischen Beistand, um ihnen ein einigerma\u00dfen w\u00fcrdiges Leben zu erm\u00f6glichen.<br \/>\nWir unterst\u00fctzen ihn seither und er konnte mit unseren Geldern einfache Sanit\u00e4ranlagen bauen lassen und sogar neue Unterk\u00fcnfte schaffen oder auch die ben\u00f6tigten Medikamente kaufen.<br \/>\nIm Weltladen verkaufen wir einige handwerkliche Arbeiten, die den Menschen dort einen kleinen Verdienst erm\u00f6glichen. Wichtig f\u00fcr uns ist, dass Herr Kastner uns regelm\u00e4\u00dfig Nachrichten aus Laos zukommen l\u00e4sst und er auch schon selbst bei uns in Sigmaringen informierte.<\/p>\n<p>[\/vc_column_text][\/vc_column][\/vc_row][vc_row][vc_column width=&#8220;1\/6&#8243;][vc_single_image image=&#8220;964&#8243; alignment=&#8220;center&#8220; onclick=&#8220;img_link_large&#8220;][\/vc_column][vc_column width=&#8220;1\/6&#8243;][vc_single_image image=&#8220;966&#8243; alignment=&#8220;center&#8220; onclick=&#8220;img_link_large&#8220;][\/vc_column][vc_column width=&#8220;1\/6&#8243;][vc_single_image image=&#8220;967&#8243; alignment=&#8220;center&#8220; onclick=&#8220;img_link_large&#8220;][\/vc_column][vc_column width=&#8220;1\/6&#8243;][vc_single_image image=&#8220;968&#8243; alignment=&#8220;center&#8220; onclick=&#8220;img_link_large&#8220;][\/vc_column][vc_column width=&#8220;1\/6&#8243;][vc_single_image image=&#8220;969&#8243; alignment=&#8220;center&#8220; onclick=&#8220;img_link_large&#8220;][\/vc_column][vc_column width=&#8220;1\/6&#8243;][vc_single_image image=&#8220;971&#8243; alignment=&#8220;center&#8220; onclick=&#8220;img_link_large&#8220;][\/vc_column][\/vc_row][vc_row][vc_column][\/vc_column][\/vc_row][vc_row][vc_column][vc_separator color=&#8220;custom&#8220; border_width=&#8220;5&#8243; accent_color=&#8220;#ff6600&#8243;][vc_empty_space height=&#8220;10px&#8220;][vc_custom_heading text=&#8220;Rudi Reitinger in El Salvador&#8220; font_container=&#8220;tag:h2|text_align:center|color:%23000000&#8243; google_fonts=&#8220;font_family:PT%20Serif%3Aregular%2Citalic%2C700%2C700italic|font_style:400%20italic%3A400%3Aitalic&#8220;][vc_column_text]<\/p>\n<p style=\"text-align: justify\">In El Salvador leitet der geb\u00fcrtige Jungnauer Rudi Reitinger seit vielen Jahren ein Entwicklungsprojekt und informiert uns durch Rundbriefe \u00fcber seine Arbeit.<\/p>\n<ul>\n<li><em>Briefe<\/em><span style=\"color: #ff6600\"><em><a href=\"https:\/\/weltlaeden.de\/sigmaringen\/wp-content\/uploads\/sites\/134\/2021\/08\/Bild.jpg\"> 1<\/a> <\/em><\/span><em>\/ <\/em><span style=\"color: #ff6600\"><a style=\"color: #ff6600\" href=\"https:\/\/weltlaeden.de\/sigmaringen\/wp-content\/uploads\/sites\/134\/2021\/08\/Bild-2.jpg\"><em>2 <\/em><\/a><\/span><em>und <\/em><span style=\"color: #ff6600\"><em><a style=\"color: #ff6600\" href=\"https:\/\/weltlaeden.de\/sigmaringen\/wp-content\/uploads\/sites\/134\/2021\/08\/Bild-3.jpg\">Bilder<\/a> <\/em><\/span><em>aus El Salvador 2021<\/em><\/li>\n<li><span style=\"color: #ff6600\"><a style=\"color: #ff6600\" href=\"https:\/\/weltlaeden.de\/sigmaringen\/wp-content\/uploads\/sites\/134\/2020\/09\/RB20-01.pdf\"><em>Rundbrief 2020<\/em><\/a><\/span><\/li>\n<li><span style=\"color: #ff6600\"><em><a style=\"color: #ff6600\" href=\"https:\/\/weltlaeden.de\/sigmaringen\/arbeitskreis-eine-welt-e-v-sigmaringen-mit-weltladen-unterstuetzt-rudi-reitinger-in-el-salvador-mit-einer-spende-in-hoehe-von-4000-e\/\">Weltladen unterst\u00fctzt Rudi Reitinger in El Salvador<\/a><\/em><\/span><\/li>\n<li><span style=\"color: #ff6600\"><a style=\"color: #ff6600\" href=\"https:\/\/weltlaeden.de\/sigmaringen\/wp-content\/uploads\/sites\/134\/2020\/11\/RR_ELS.pdf\">Jahresbericht 2020<\/a><\/span><\/li>\n<\/ul>\n<p>[\/vc_column_text][\/vc_column][\/vc_row][vc_row][vc_column width=&#8220;1\/6&#8243;][vc_single_image image=&#8220;981&#8243; alignment=&#8220;center&#8220; onclick=&#8220;img_link_large&#8220;][\/vc_column][vc_column width=&#8220;1\/6&#8243;][vc_single_image image=&#8220;982&#8243; alignment=&#8220;center&#8220; onclick=&#8220;img_link_large&#8220;][\/vc_column][vc_column width=&#8220;1\/6&#8243;][vc_single_image image=&#8220;983&#8243; alignment=&#8220;center&#8220; onclick=&#8220;img_link_large&#8220;][\/vc_column][vc_column width=&#8220;1\/6&#8243;][vc_single_image image=&#8220;984&#8243; alignment=&#8220;center&#8220; onclick=&#8220;img_link_large&#8220;][\/vc_column][vc_column width=&#8220;1\/6&#8243;][vc_single_image image=&#8220;985&#8243; alignment=&#8220;center&#8220; onclick=&#8220;img_link_large&#8220;][\/vc_column][vc_column width=&#8220;1\/6&#8243;][vc_single_image image=&#8220;986&#8243; alignment=&#8220;center&#8220; onclick=&#8220;img_link_large&#8220;][\/vc_column][\/vc_row][vc_row][vc_column][vc_empty_space height=&#8220;20px&#8220;][vc_separator color=&#8220;custom&#8220; border_width=&#8220;5&#8243; accent_color=&#8220;#ff6600&#8243;][vc_empty_space height=&#8220;10px&#8220;][vc_custom_heading text=&#8220;Jose Mejer in Argentinien&#8220; font_container=&#8220;tag:h2|text_align:center|color:%23000000&#8243; google_fonts=&#8220;font_family:PT%20Serif%3Aregular%2Citalic%2C700%2C700italic|font_style:400%20italic%3A400%3Aitalic&#8220;][vc_column_text]<\/p>\n<p style=\"text-align: justify\">Jos\u00e9 Majer berichtet dem Arbeitskreis Dritte Welt e.V. Sigmaringen \u00fcber das Schulprojekt in Fernandez und verspricht: Ich liefere dem Weltladen wieder erstklassigen Honig. <a href=\"https:\/\/weltlaeden.de\/sigmaringen\/wp-content\/uploads\/sites\/134\/2020\/09\/Besuch-aus-Argentinien-im-Weltladen-Sigmaringen.pdf\"><em><span style=\"color: #ff6600\">weiterlesen<\/span><\/em><\/a><\/p>\n<p>[\/vc_column_text][\/vc_column][\/vc_row][vc_row][vc_column][vc_empty_space height=&#8220;20px&#8220;][vc_separator color=&#8220;custom&#8220; border_width=&#8220;5&#8243; accent_color=&#8220;#ff6600&#8243;][\/vc_column][\/vc_row][vc_row][vc_column][\/vc_column][\/vc_row][vc_row][vc_column][\/vc_column][\/vc_row][vc_row][vc_column][\/vc_column][\/vc_row]<\/p>\n<\/div>","protected":false},"excerpt":{"rendered":"<p>[vc_row][vc_column][vc_text_separator title=&#8220;Projektunterst\u00fctzung seit 1984 \u00fcber 800.000\u20ac&#8220; color=&#8220;orange&#8220; border_width=&#8220;5&#8243; css=&#8220;&#8220;][vc_column_text] Arbeitskreis EINE WELT Sigmaringen e.V. mit Weltladen Unterst\u00fctzt wurden bisher \u00fcber 31 Projekte in verschiedenen L\u00e4ndern (z.B. Bolivien, Bangladesch, Indien, Argentinien, Philippinen, Ghana, Guatemala, Laos u.a.). Bei mehreren Projekten besteht direkter Kontakt zu den Menschen bzw. Genossenschaften, denen wir finanzielle Hilfe zukommen lassen. Ende 2014 war&hellip;<\/p>\n","protected":false},"author":196,"featured_media":0,"parent":0,"menu_order":0,"comment_status":"closed","ping_status":"closed","template":"","meta":{"footnotes":""},"class_list":["post-507","page","type-page","status-publish","hentry","description-off"],"yoast_head":"<!-- This site is optimized with the Yoast SEO plugin v26.8 - https:\/\/yoast.com\/product\/yoast-seo-wordpress\/ -->\n<title>Projekte - Weltladen Sigmaringen<\/title>\n<meta name=\"robots\" content=\"index, follow, max-snippet:-1, max-image-preview:large, max-video-preview:-1\" \/>\n<link rel=\"canonical\" href=\"https:\/\/weltlaeden.de\/sigmaringen\/projekte\/\" \/>\n<meta property=\"og:locale\" content=\"de_DE\" \/>\n<meta property=\"og:type\" content=\"article\" \/>\n<meta property=\"og:title\" content=\"Projekte - Weltladen Sigmaringen\" \/>\n<meta property=\"og:description\" content=\"[vc_row][vc_column][vc_text_separator title=&#8220;Projektunterst\u00fctzung seit 1984 \u00fcber 800.000\u20ac&#8220; color=&#8220;orange&#8220; border_width=&#8220;5&#8243; css=&#8220;&#8220;][vc_column_text] Arbeitskreis EINE WELT Sigmaringen e.V. mit Weltladen Unterst\u00fctzt wurden bisher \u00fcber 31 Projekte in verschiedenen L\u00e4ndern (z.B. Bolivien, Bangladesch, Indien, Argentinien, Philippinen, Ghana, Guatemala, Laos u.a.). Bei mehreren Projekten besteht direkter Kontakt zu den Menschen bzw. Genossenschaften, denen wir finanzielle Hilfe zukommen lassen. Ende 2014 war&hellip;\" \/>\n<meta property=\"og:url\" content=\"https:\/\/weltlaeden.de\/sigmaringen\/projekte\/\" \/>\n<meta property=\"og:site_name\" content=\"Weltladen Sigmaringen\" \/>\n<meta property=\"article:modified_time\" content=\"2025-06-24T19:28:43+00:00\" \/>\n<meta name=\"twitter:card\" content=\"summary_large_image\" \/>\n<meta name=\"twitter:label1\" content=\"Gesch\u00e4tzte Lesezeit\" \/>\n\t<meta name=\"twitter:data1\" content=\"6\u00a0Minuten\" \/>\n<script type=\"application\/ld+json\" class=\"yoast-schema-graph\">{\"@context\":\"https:\/\/schema.org\",\"@graph\":[{\"@type\":\"WebPage\",\"@id\":\"https:\/\/weltlaeden.de\/sigmaringen\/projekte\/\",\"url\":\"https:\/\/weltlaeden.de\/sigmaringen\/projekte\/\",\"name\":\"Projekte - Weltladen Sigmaringen\",\"isPartOf\":{\"@id\":\"https:\/\/weltlaeden.de\/sigmaringen\/#website\"},\"datePublished\":\"2020-08-05T11:09:17+00:00\",\"dateModified\":\"2025-06-24T19:28:43+00:00\",\"breadcrumb\":{\"@id\":\"https:\/\/weltlaeden.de\/sigmaringen\/projekte\/#breadcrumb\"},\"inLanguage\":\"de\",\"potentialAction\":[{\"@type\":\"ReadAction\",\"target\":[\"https:\/\/weltlaeden.de\/sigmaringen\/projekte\/\"]}]},{\"@type\":\"BreadcrumbList\",\"@id\":\"https:\/\/weltlaeden.de\/sigmaringen\/projekte\/#breadcrumb\",\"itemListElement\":[{\"@type\":\"ListItem\",\"position\":1,\"name\":\"Startseite\",\"item\":\"https:\/\/weltlaeden.de\/sigmaringen\/\"},{\"@type\":\"ListItem\",\"position\":2,\"name\":\"Projekte\"}]},{\"@type\":\"WebSite\",\"@id\":\"https:\/\/weltlaeden.de\/sigmaringen\/#website\",\"url\":\"https:\/\/weltlaeden.de\/sigmaringen\/\",\"name\":\"Weltladen Sigmaringen\",\"description\":\"Faire Produkte seit 1990\",\"potentialAction\":[{\"@type\":\"SearchAction\",\"target\":{\"@type\":\"EntryPoint\",\"urlTemplate\":\"https:\/\/weltlaeden.de\/sigmaringen\/?s={search_term_string}\"},\"query-input\":{\"@type\":\"PropertyValueSpecification\",\"valueRequired\":true,\"valueName\":\"search_term_string\"}}],\"inLanguage\":\"de\"}]}<\/script>\n<!-- \/ Yoast SEO plugin. -->","yoast_head_json":{"title":"Projekte - Weltladen Sigmaringen","robots":{"index":"index","follow":"follow","max-snippet":"max-snippet:-1","max-image-preview":"max-image-preview:large","max-video-preview":"max-video-preview:-1"},"canonical":"https:\/\/weltlaeden.de\/sigmaringen\/projekte\/","og_locale":"de_DE","og_type":"article","og_title":"Projekte - Weltladen Sigmaringen","og_description":"[vc_row][vc_column][vc_text_separator title=&#8220;Projektunterst\u00fctzung seit 1984 \u00fcber 800.000\u20ac&#8220; color=&#8220;orange&#8220; border_width=&#8220;5&#8243; css=&#8220;&#8220;][vc_column_text] Arbeitskreis EINE WELT Sigmaringen e.V. mit Weltladen Unterst\u00fctzt wurden bisher \u00fcber 31 Projekte in verschiedenen L\u00e4ndern (z.B. Bolivien, Bangladesch, Indien, Argentinien, Philippinen, Ghana, Guatemala, Laos u.a.). Bei mehreren Projekten besteht direkter Kontakt zu den Menschen bzw. Genossenschaften, denen wir finanzielle Hilfe zukommen lassen. Ende 2014 war&hellip;","og_url":"https:\/\/weltlaeden.de\/sigmaringen\/projekte\/","og_site_name":"Weltladen Sigmaringen","article_modified_time":"2025-06-24T19:28:43+00:00","twitter_card":"summary_large_image","twitter_misc":{"Gesch\u00e4tzte Lesezeit":"6\u00a0Minuten"},"schema":{"@context":"https:\/\/schema.org","@graph":[{"@type":"WebPage","@id":"https:\/\/weltlaeden.de\/sigmaringen\/projekte\/","url":"https:\/\/weltlaeden.de\/sigmaringen\/projekte\/","name":"Projekte - Weltladen Sigmaringen","isPartOf":{"@id":"https:\/\/weltlaeden.de\/sigmaringen\/#website"},"datePublished":"2020-08-05T11:09:17+00:00","dateModified":"2025-06-24T19:28:43+00:00","breadcrumb":{"@id":"https:\/\/weltlaeden.de\/sigmaringen\/projekte\/#breadcrumb"},"inLanguage":"de","potentialAction":[{"@type":"ReadAction","target":["https:\/\/weltlaeden.de\/sigmaringen\/projekte\/"]}]},{"@type":"BreadcrumbList","@id":"https:\/\/weltlaeden.de\/sigmaringen\/projekte\/#breadcrumb","itemListElement":[{"@type":"ListItem","position":1,"name":"Startseite","item":"https:\/\/weltlaeden.de\/sigmaringen\/"},{"@type":"ListItem","position":2,"name":"Projekte"}]},{"@type":"WebSite","@id":"https:\/\/weltlaeden.de\/sigmaringen\/#website","url":"https:\/\/weltlaeden.de\/sigmaringen\/","name":"Weltladen Sigmaringen","description":"Faire Produkte seit 1990","potentialAction":[{"@type":"SearchAction","target":{"@type":"EntryPoint","urlTemplate":"https:\/\/weltlaeden.de\/sigmaringen\/?s={search_term_string}"},"query-input":{"@type":"PropertyValueSpecification","valueRequired":true,"valueName":"search_term_string"}}],"inLanguage":"de"}]}},"_links":{"self":[{"href":"https:\/\/weltlaeden.de\/sigmaringen\/wp-json\/wp\/v2\/pages\/507","targetHints":{"allow":["GET"]}}],"collection":[{"href":"https:\/\/weltlaeden.de\/sigmaringen\/wp-json\/wp\/v2\/pages"}],"about":[{"href":"https:\/\/weltlaeden.de\/sigmaringen\/wp-json\/wp\/v2\/types\/page"}],"author":[{"embeddable":true,"href":"https:\/\/weltlaeden.de\/sigmaringen\/wp-json\/wp\/v2\/users\/196"}],"replies":[{"embeddable":true,"href":"https:\/\/weltlaeden.de\/sigmaringen\/wp-json\/wp\/v2\/comments?post=507"}],"version-history":[{"count":54,"href":"https:\/\/weltlaeden.de\/sigmaringen\/wp-json\/wp\/v2\/pages\/507\/revisions"}],"predecessor-version":[{"id":1400,"href":"https:\/\/weltlaeden.de\/sigmaringen\/wp-json\/wp\/v2\/pages\/507\/revisions\/1400"}],"wp:attachment":[{"href":"https:\/\/weltlaeden.de\/sigmaringen\/wp-json\/wp\/v2\/media?parent=507"}],"curies":[{"name":"wp","href":"https:\/\/api.w.org\/{rel}","templated":true}]}}