{"id":361,"date":"2018-04-05T09:52:53","date_gmt":"2018-04-05T07:52:53","guid":{"rendered":"https:\/\/weltlaeden.de\/sigmaringen\/?page_id=361"},"modified":"2023-12-21T20:46:48","modified_gmt":"2023-12-21T19:46:48","slug":"neuigkeiten","status":"publish","type":"page","link":"https:\/\/weltlaeden.de\/sigmaringen\/neuigkeiten\/","title":{"rendered":"Neuigkeiten"},"content":{"rendered":"<div class=\"wpb-content-wrapper\"><p>[vc_row][vc_column][vc_text_separator title=&#8220;Neuigkeiten&#8220; color=&#8220;orange&#8220; border_width=&#8220;5&#8243;][vc_empty_space height=&#8220;20px&#8220;][vc_custom_heading text=&#8220;Rudi Reitinger informiert und sammelt Spenden f\u00fcr das Projekt in El Salvador&#8220; font_container=&#8220;tag:h2|text_align:justify|color:%23000000&#8243; google_fonts=&#8220;font_family:PT%20Serif%3Aregular%2Citalic%2C700%2C700italic|font_style:400%20italic%3A400%3Aitalic&#8220; link=&#8220;url:https%3A%2F%2Fyoutu.be%2FZmwZUgdzrYM|||&#8220;][vc_empty_space height=&#8220;20px&#8220;][\/vc_column][\/vc_row][vc_row][vc_column][vc_column_text]<\/p>\n<p style=\"text-align: justify\">Lieber Ferdinand und alle Mitglieder des Arbeitskreises,<\/p>\n<p style=\"text-align: justify\">obwohl es bereits eine geraume Weile her ist, dass ich Deine\/Eure e-mail erhalten habe, m\u00f6chte ich mich nachtr\u00e4glich daf\u00fcr bedanken. Inzwischen d\u00fcrftet Ihr ja meinen neuesten Rundbrief vom M\u00e4rz erhalten haben, der leider erst Ende April fertig wurde, in welchem ich \u00fcber die aktuelle Situation vor Ort berichtet habe.<\/p>\n<p style=\"text-align: justify\">Gro\u00dfe Sorgen bereitet uns derzeit vor allem die sehr angespannte politische Situation unter dem vor zwei Jahren gew\u00e4hlten, populistischen Pr\u00e4sidenten, dessen Partei Ende Februar die Wahlen haushoch gewonnen hatte. Im Rundbrief berichtete ich dar\u00fcber. Am 1. Mai, dem Tag, an dem die neu gew\u00e4hlten Abgeordneten ihr Amt antraten, setzten die neuen Abgeordneten auf verfassungswidrige Weise ganz einfach die f\u00fcnf bisherigen Verfassungsrichter ab, sowie den Generalstaatsanwalt und ersetzten alle durch Pr\u00e4sidentennahe Personen. Obwohl der Druck auf den Pr\u00e4sidenten innerhalb des Landes, vor allem aber auch aus dem Ausland sehr stark ist, machte er seine Entscheidungen bisher nicht r\u00fcckg\u00e4ngig. In der deutschen Presse habe ich dar\u00fcber keine Berichte gefunden.<\/p>\n<p style=\"text-align: justify\">Hinsichtlich der Impfungen unserer Senioren kann ich Euch berichten,\u00a0<a href=\"https:\/\/weltlaeden.de\/sigmaringen\/rudi-reitinger-informiert-und-sammelt-spenden-fuer-das-projekt-in-el-salvador\/\"><em>wei<\/em><em>terlesen<\/em><\/a><\/p>\n<p>[\/vc_column_text][vc_empty_space height=&#8220;20px&#8220;][\/vc_column][\/vc_row][vc_row][vc_column][vc_separator color=&#8220;custom&#8220; border_width=&#8220;5&#8243; accent_color=&#8220;#ff6600&#8243;][vc_empty_space height=&#8220;20px&#8220;][vc_custom_heading text=&#8220;Videobeitrag zum Leproses Lepra Hilfsprojekt in Laos&#8220; font_container=&#8220;tag:h2|text_align:justify|color:%23000000&#8243; google_fonts=&#8220;font_family:PT%20Serif%3Aregular%2Citalic%2C700%2C700italic|font_style:400%20italic%3A400%3Aitalic&#8220; link=&#8220;url:https%3A%2F%2Fyoutu.be%2FZmwZUgdzrYM|||&#8220;][vc_empty_space height=&#8220;20px&#8220;][\/vc_column][\/vc_row][vc_row][vc_column][vc_video link=&#8220;https:\/\/www.youtube.com\/watch?v=ZmwZUgdzrYM&#8220;][vc_empty_space height=&#8220;20px&#8220;][\/vc_column][\/vc_row][vc_row][vc_column][vc_separator color=&#8220;custom&#8220; border_width=&#8220;5&#8243; accent_color=&#8220;#ff6600&#8243;][vc_empty_space height=&#8220;20px&#8220;][vc_custom_heading text=&#8220;Weihnachtsgr\u00fc\u00dfe von Hubert Kastner aus Laos&#8220; font_container=&#8220;tag:h2|text_align:justify|color:%23000000&#8243; google_fonts=&#8220;font_family:PT%20Serif%3Aregular%2Citalic%2C700%2C700italic|font_style:400%20italic%3A400%3Aitalic&#8220;][vc_empty_space height=&#8220;20px&#8220;][\/vc_column][\/vc_row][vc_row][vc_column width=&#8220;1\/2&#8243;]<div class=\"wl_einzelbild\"><p><img loading=\"lazy\" decoding=\"async\" class=\"alignnone size-medium wp-image-1134\" src=\"https:\/\/weltlaeden.de\/sigmaringen\/wp-content\/uploads\/sites\/134\/2020\/12\/20200929_171513-234x300.jpg\" alt=\"\" width=\"234\" height=\"300\" srcset=\"https:\/\/weltlaeden.de\/sigmaringen\/wp-content\/uploads\/sites\/134\/2020\/12\/20200929_171513-234x300.jpg 234w, https:\/\/weltlaeden.de\/sigmaringen\/wp-content\/uploads\/sites\/134\/2020\/12\/20200929_171513.jpg 250w\" sizes=\"auto, (max-width: 234px) 100vw, 234px\" \/><\/p><\/div>[\/vc_column][vc_column width=&#8220;1\/2&#8243;]<div class=\"wl_einzelbild\"><p><img loading=\"lazy\" decoding=\"async\" class=\"alignnone size-medium wp-image-1133\" src=\"https:\/\/weltlaeden.de\/sigmaringen\/wp-content\/uploads\/sites\/134\/2020\/12\/20200430_134119-234x300.jpg\" alt=\"\" width=\"234\" height=\"300\" srcset=\"https:\/\/weltlaeden.de\/sigmaringen\/wp-content\/uploads\/sites\/134\/2020\/12\/20200430_134119-234x300.jpg 234w, https:\/\/weltlaeden.de\/sigmaringen\/wp-content\/uploads\/sites\/134\/2020\/12\/20200430_134119.jpg 250w\" sizes=\"auto, (max-width: 234px) 100vw, 234px\" \/><\/p><\/div>[\/vc_column][\/vc_row][vc_row][vc_column][vc_column_text]<\/p>\n<p style=\"text-align: justify\">Guten Abend liebe Beate, lieber Ferdinand, liebe Freunde vom AK Eine Welt Sigmaringen,<\/p>\n<p style=\"text-align: justify\">es hat mich sehr gefreut, von Euch diese Nachricht erhalten zu haben. Auch hoffe ich sehr, dass Ihr und all Eure Lieben, trotz aller Gefahren, wohlauf seid.<br \/>\nDank der Nachfrage &#8211; mir geht es wieder wesentlich besser.<\/p>\n<p style=\"text-align: justify\">Die Zeit eilt dahin, und ordentliches Planen ist kaum noch m\u00f6glich. So sollte mein Aufenthalt im Leprakrankenhaus nur ca 2 Monate dauern. Kaum angekommen im Anandaban Hospital, der 1. Lockdown &#8211; dann 5 weitere Male. Das war kein zu gro\u00dfes Problem, da ich auf dem Hospitalgrundst\u00fcck, hoch im Wald, wohnen u. meine Mission durchf\u00fchren konnte.<br \/>\nDennoch nicht einfach, da man in dieser Gegend keine M\u00f6glichkeiten hatte, Wichtiges vor Ort zu erhalten. Durch gute Kontakte konnte ich allm\u00e4hlich Waren und Geschenke f\u00fcr die Leprakranken von Kathmandu besorgen lassen. Neue, interessante Erfahrungen. <a href=\"https:\/\/weltlaeden.de\/sigmaringen\/weihnachtsgruesse-von-hubert-kastner-aus-laos\/\"><em>wei<\/em><em>terlesen<\/em><\/a><\/p>\n<p>[\/vc_column_text][vc_empty_space height=&#8220;20px&#8220;][\/vc_column][\/vc_row][vc_row][vc_column][vc_separator color=&#8220;custom&#8220; border_width=&#8220;5&#8243; accent_color=&#8220;#ff6600&#8243;][vc_empty_space height=&#8220;20px&#8220;][vc_custom_heading text=&#8220;Arbeitskreis Eine Welt e.V. Sigmaringen mit Weltladen unterst\u00fctzt Rudi Reitinger in El Salvador mit einer Spende in H\u00f6he von 4000 \u20ac&#8220; font_container=&#8220;tag:h2|text_align:justify|color:%23000000&#8243; google_fonts=&#8220;font_family:PT%20Serif%3Aregular%2Citalic%2C700%2C700italic|font_style:400%20italic%3A400%3Aitalic&#8220;][vc_empty_space height=&#8220;20px&#8220;][\/vc_column][\/vc_row][vc_row][vc_column width=&#8220;1\/3&#8243;]<div class=\"wl_einzelbild\"><p><\/p>\n<p style=\"text-align: center\"><img loading=\"lazy\" decoding=\"async\" class=\"alignnone size-medium wp-image-856\" src=\"https:\/\/weltlaeden.de\/sigmaringen\/wp-content\/uploads\/sites\/134\/2020\/09\/do\u00f1a-Leonor-don-Arcadio-2-300x210.jpg\" alt=\"\" width=\"300\" height=\"210\" srcset=\"https:\/\/weltlaeden.de\/sigmaringen\/wp-content\/uploads\/sites\/134\/2020\/09\/do\u00f1a-Leonor-don-Arcadio-2-300x210.jpg 300w, https:\/\/weltlaeden.de\/sigmaringen\/wp-content\/uploads\/sites\/134\/2020\/09\/do\u00f1a-Leonor-don-Arcadio-2.jpg 500w\" sizes=\"auto, (max-width: 300px) 100vw, 300px\" \/><\/p>\n<p><\/p><\/div>[\/vc_column][vc_column width=&#8220;1\/3&#8243;]<div class=\"wl_einzelbild\"><p><\/p>\n<p style=\"text-align: center\"><img loading=\"lazy\" decoding=\"async\" class=\"alignnone size-medium wp-image-691\" src=\"https:\/\/weltlaeden.de\/sigmaringen\/wp-content\/uploads\/sites\/134\/2020\/08\/K\u00f6chin-beim-Einpacken-des-Essens-1-300x210.jpg\" alt=\"\" width=\"300\" height=\"210\" srcset=\"https:\/\/weltlaeden.de\/sigmaringen\/wp-content\/uploads\/sites\/134\/2020\/08\/K\u00f6chin-beim-Einpacken-des-Essens-1-300x210.jpg 300w, https:\/\/weltlaeden.de\/sigmaringen\/wp-content\/uploads\/sites\/134\/2020\/08\/K\u00f6chin-beim-Einpacken-des-Essens-1.jpg 500w\" sizes=\"auto, (max-width: 300px) 100vw, 300px\" \/><\/p>\n<p><\/p><\/div>[\/vc_column][vc_column width=&#8220;1\/3&#8243;]<div class=\"wl_einzelbild\"><p><\/p>\n<p style=\"text-align: center\"><img loading=\"lazy\" decoding=\"async\" class=\"alignnone size-medium wp-image-692\" src=\"https:\/\/weltlaeden.de\/sigmaringen\/wp-content\/uploads\/sites\/134\/2020\/08\/S\u00b4wird-eng-wenn-alle-gleichzeitig-kommen-2-300x210.jpg\" alt=\"\" width=\"300\" height=\"210\" srcset=\"https:\/\/weltlaeden.de\/sigmaringen\/wp-content\/uploads\/sites\/134\/2020\/08\/S\u00b4wird-eng-wenn-alle-gleichzeitig-kommen-2-300x210.jpg 300w, https:\/\/weltlaeden.de\/sigmaringen\/wp-content\/uploads\/sites\/134\/2020\/08\/S\u00b4wird-eng-wenn-alle-gleichzeitig-kommen-2.jpg 500w\" sizes=\"auto, (max-width: 300px) 100vw, 300px\" \/><\/p>\n<p><\/p><\/div>[\/vc_column][\/vc_row][vc_row][vc_column][vc_column_text]<\/p>\n<p style=\"text-align: justify\">Einen Hilferuf von Rudi Reitinger aus der der Gemeinde Segundo Monto nahmen die Mitglieder des Arbeitskreises zum Anlass, einen Spendenbetrag in H\u00f6he von 4000 EUR\u00a0 zu \u00fcberweisen. Der Tropensturm \u201eAmanda\u201c hatte im Juni schwere Verw\u00fcstungen verursacht. \u00a0Dadurch wurde die prek\u00e4re Lage, die durch das Corona-Virus entstanden war, zus\u00e4tzlich versch\u00e4rft. Es fehlt an allem: an Lebensmitteln, medizinischen Artikeln, Desinfektionsmitteln, uvm. <a href=\"https:\/\/weltlaeden.de\/sigmaringen\/arbeitskreis-eine-welt-e-v-sigmaringen-mit-weltladen-unterstuetzt-rudi-reitinger-in-el-salvador-mit-einer-spende-in-hoehe-von-4000-e\/\"><em>weiterlesen<\/em><\/a><\/p>\n<p>[\/vc_column_text][vc_empty_space height=&#8220;20px&#8220;][vc_separator color=&#8220;custom&#8220; border_width=&#8220;5&#8243; accent_color=&#8220;#ff6600&#8243;][vc_empty_space height=&#8220;20px&#8220;][\/vc_column][\/vc_row]<\/p>\n<\/div>","protected":false},"excerpt":{"rendered":"<p>[vc_row][vc_column][vc_text_separator title=&#8220;Neuigkeiten&#8220; color=&#8220;orange&#8220; border_width=&#8220;5&#8243;][vc_empty_space height=&#8220;20px&#8220;][vc_custom_heading text=&#8220;Rudi Reitinger informiert und sammelt Spenden f\u00fcr das Projekt in El Salvador&#8220; font_container=&#8220;tag:h2|text_align:justify|color:%23000000&#8243; google_fonts=&#8220;font_family:PT%20Serif%3Aregular%2Citalic%2C700%2C700italic|font_style:400%20italic%3A400%3Aitalic&#8220; link=&#8220;url:https%3A%2F%2Fyoutu.be%2FZmwZUgdzrYM|||&#8220;][vc_empty_space height=&#8220;20px&#8220;][\/vc_column][\/vc_row][vc_row][vc_column][vc_column_text] Lieber Ferdinand und alle Mitglieder des Arbeitskreises, obwohl es bereits eine geraume Weile her ist, dass ich Deine\/Eure e-mail erhalten habe, m\u00f6chte ich mich nachtr\u00e4glich daf\u00fcr bedanken. Inzwischen d\u00fcrftet Ihr ja meinen neuesten Rundbrief&hellip;<\/p>\n","protected":false},"author":1,"featured_media":0,"parent":0,"menu_order":1,"comment_status":"closed","ping_status":"closed","template":"","meta":{"footnotes":""},"class_list":["post-361","page","type-page","status-publish","hentry","description-off"],"yoast_head":"<!-- This site is optimized with the Yoast SEO plugin v26.8 - https:\/\/yoast.com\/product\/yoast-seo-wordpress\/ -->\n<title>Neuigkeiten - Weltladen Sigmaringen<\/title>\n<meta name=\"robots\" content=\"index, follow, max-snippet:-1, max-image-preview:large, max-video-preview:-1\" \/>\n<link rel=\"canonical\" href=\"https:\/\/weltlaeden.de\/sigmaringen\/neuigkeiten\/\" \/>\n<meta property=\"og:locale\" content=\"de_DE\" \/>\n<meta property=\"og:type\" content=\"article\" \/>\n<meta property=\"og:title\" content=\"Neuigkeiten - Weltladen Sigmaringen\" \/>\n<meta property=\"og:description\" content=\"[vc_row][vc_column][vc_text_separator title=&#8220;Neuigkeiten&#8220; color=&#8220;orange&#8220; border_width=&#8220;5&#8243;][vc_empty_space height=&#8220;20px&#8220;][vc_custom_heading text=&#8220;Rudi Reitinger informiert und sammelt Spenden f\u00fcr das Projekt in El Salvador&#8220; font_container=&#8220;tag:h2|text_align:justify|color:%23000000&#8243; google_fonts=&#8220;font_family:PT%20Serif%3Aregular%2Citalic%2C700%2C700italic|font_style:400%20italic%3A400%3Aitalic&#8220; link=&#8220;url:https%3A%2F%2Fyoutu.be%2FZmwZUgdzrYM|||&#8220;][vc_empty_space height=&#8220;20px&#8220;][\/vc_column][\/vc_row][vc_row][vc_column][vc_column_text] Lieber Ferdinand und alle Mitglieder des Arbeitskreises, obwohl es bereits eine geraume Weile her ist, dass ich Deine\/Eure e-mail erhalten habe, m\u00f6chte ich mich nachtr\u00e4glich daf\u00fcr bedanken. Inzwischen d\u00fcrftet Ihr ja meinen neuesten Rundbrief&hellip;\" \/>\n<meta property=\"og:url\" content=\"https:\/\/weltlaeden.de\/sigmaringen\/neuigkeiten\/\" \/>\n<meta property=\"og:site_name\" content=\"Weltladen Sigmaringen\" \/>\n<meta property=\"article:modified_time\" content=\"2023-12-21T19:46:48+00:00\" \/>\n<meta property=\"og:image\" content=\"https:\/\/weltlaeden.de\/sigmaringen\/wp-content\/uploads\/sites\/134\/2020\/12\/20200929_171513-234x300.jpg\" \/>\n<meta name=\"twitter:card\" content=\"summary_large_image\" \/>\n<meta name=\"twitter:label1\" content=\"Gesch\u00e4tzte Lesezeit\" \/>\n\t<meta name=\"twitter:data1\" content=\"4\u00a0Minuten\" \/>\n<script type=\"application\/ld+json\" class=\"yoast-schema-graph\">{\"@context\":\"https:\/\/schema.org\",\"@graph\":[{\"@type\":\"WebPage\",\"@id\":\"https:\/\/weltlaeden.de\/sigmaringen\/neuigkeiten\/\",\"url\":\"https:\/\/weltlaeden.de\/sigmaringen\/neuigkeiten\/\",\"name\":\"Neuigkeiten - Weltladen Sigmaringen\",\"isPartOf\":{\"@id\":\"https:\/\/weltlaeden.de\/sigmaringen\/#website\"},\"primaryImageOfPage\":{\"@id\":\"https:\/\/weltlaeden.de\/sigmaringen\/neuigkeiten\/#primaryimage\"},\"image\":{\"@id\":\"https:\/\/weltlaeden.de\/sigmaringen\/neuigkeiten\/#primaryimage\"},\"thumbnailUrl\":\"https:\/\/weltlaeden.de\/sigmaringen\/wp-content\/uploads\/sites\/134\/2020\/12\/20200929_171513-234x300.jpg\",\"datePublished\":\"2018-04-05T07:52:53+00:00\",\"dateModified\":\"2023-12-21T19:46:48+00:00\",\"breadcrumb\":{\"@id\":\"https:\/\/weltlaeden.de\/sigmaringen\/neuigkeiten\/#breadcrumb\"},\"inLanguage\":\"de\",\"potentialAction\":[{\"@type\":\"ReadAction\",\"target\":[\"https:\/\/weltlaeden.de\/sigmaringen\/neuigkeiten\/\"]}]},{\"@type\":\"ImageObject\",\"inLanguage\":\"de\",\"@id\":\"https:\/\/weltlaeden.de\/sigmaringen\/neuigkeiten\/#primaryimage\",\"url\":\"https:\/\/weltlaeden.de\/sigmaringen\/wp-content\/uploads\/sites\/134\/2020\/12\/20200929_171513.jpg\",\"contentUrl\":\"https:\/\/weltlaeden.de\/sigmaringen\/wp-content\/uploads\/sites\/134\/2020\/12\/20200929_171513.jpg\",\"width\":250,\"height\":320},{\"@type\":\"BreadcrumbList\",\"@id\":\"https:\/\/weltlaeden.de\/sigmaringen\/neuigkeiten\/#breadcrumb\",\"itemListElement\":[{\"@type\":\"ListItem\",\"position\":1,\"name\":\"Startseite\",\"item\":\"https:\/\/weltlaeden.de\/sigmaringen\/\"},{\"@type\":\"ListItem\",\"position\":2,\"name\":\"Neuigkeiten\"}]},{\"@type\":\"WebSite\",\"@id\":\"https:\/\/weltlaeden.de\/sigmaringen\/#website\",\"url\":\"https:\/\/weltlaeden.de\/sigmaringen\/\",\"name\":\"Weltladen Sigmaringen\",\"description\":\"Faire Produkte seit 1990\",\"potentialAction\":[{\"@type\":\"SearchAction\",\"target\":{\"@type\":\"EntryPoint\",\"urlTemplate\":\"https:\/\/weltlaeden.de\/sigmaringen\/?s={search_term_string}\"},\"query-input\":{\"@type\":\"PropertyValueSpecification\",\"valueRequired\":true,\"valueName\":\"search_term_string\"}}],\"inLanguage\":\"de\"}]}<\/script>\n<!-- \/ Yoast SEO plugin. -->","yoast_head_json":{"title":"Neuigkeiten - Weltladen Sigmaringen","robots":{"index":"index","follow":"follow","max-snippet":"max-snippet:-1","max-image-preview":"max-image-preview:large","max-video-preview":"max-video-preview:-1"},"canonical":"https:\/\/weltlaeden.de\/sigmaringen\/neuigkeiten\/","og_locale":"de_DE","og_type":"article","og_title":"Neuigkeiten - Weltladen Sigmaringen","og_description":"[vc_row][vc_column][vc_text_separator title=&#8220;Neuigkeiten&#8220; color=&#8220;orange&#8220; border_width=&#8220;5&#8243;][vc_empty_space height=&#8220;20px&#8220;][vc_custom_heading text=&#8220;Rudi Reitinger informiert und sammelt Spenden f\u00fcr das Projekt in El Salvador&#8220; font_container=&#8220;tag:h2|text_align:justify|color:%23000000&#8243; google_fonts=&#8220;font_family:PT%20Serif%3Aregular%2Citalic%2C700%2C700italic|font_style:400%20italic%3A400%3Aitalic&#8220; link=&#8220;url:https%3A%2F%2Fyoutu.be%2FZmwZUgdzrYM|||&#8220;][vc_empty_space height=&#8220;20px&#8220;][\/vc_column][\/vc_row][vc_row][vc_column][vc_column_text] Lieber Ferdinand und alle Mitglieder des Arbeitskreises, obwohl es bereits eine geraume Weile her ist, dass ich Deine\/Eure e-mail erhalten habe, m\u00f6chte ich mich nachtr\u00e4glich daf\u00fcr bedanken. Inzwischen d\u00fcrftet Ihr ja meinen neuesten Rundbrief&hellip;","og_url":"https:\/\/weltlaeden.de\/sigmaringen\/neuigkeiten\/","og_site_name":"Weltladen Sigmaringen","article_modified_time":"2023-12-21T19:46:48+00:00","og_image":[{"url":"https:\/\/weltlaeden.de\/sigmaringen\/wp-content\/uploads\/sites\/134\/2020\/12\/20200929_171513-234x300.jpg","type":"","width":"","height":""}],"twitter_card":"summary_large_image","twitter_misc":{"Gesch\u00e4tzte Lesezeit":"4\u00a0Minuten"},"schema":{"@context":"https:\/\/schema.org","@graph":[{"@type":"WebPage","@id":"https:\/\/weltlaeden.de\/sigmaringen\/neuigkeiten\/","url":"https:\/\/weltlaeden.de\/sigmaringen\/neuigkeiten\/","name":"Neuigkeiten - Weltladen Sigmaringen","isPartOf":{"@id":"https:\/\/weltlaeden.de\/sigmaringen\/#website"},"primaryImageOfPage":{"@id":"https:\/\/weltlaeden.de\/sigmaringen\/neuigkeiten\/#primaryimage"},"image":{"@id":"https:\/\/weltlaeden.de\/sigmaringen\/neuigkeiten\/#primaryimage"},"thumbnailUrl":"https:\/\/weltlaeden.de\/sigmaringen\/wp-content\/uploads\/sites\/134\/2020\/12\/20200929_171513-234x300.jpg","datePublished":"2018-04-05T07:52:53+00:00","dateModified":"2023-12-21T19:46:48+00:00","breadcrumb":{"@id":"https:\/\/weltlaeden.de\/sigmaringen\/neuigkeiten\/#breadcrumb"},"inLanguage":"de","potentialAction":[{"@type":"ReadAction","target":["https:\/\/weltlaeden.de\/sigmaringen\/neuigkeiten\/"]}]},{"@type":"ImageObject","inLanguage":"de","@id":"https:\/\/weltlaeden.de\/sigmaringen\/neuigkeiten\/#primaryimage","url":"https:\/\/weltlaeden.de\/sigmaringen\/wp-content\/uploads\/sites\/134\/2020\/12\/20200929_171513.jpg","contentUrl":"https:\/\/weltlaeden.de\/sigmaringen\/wp-content\/uploads\/sites\/134\/2020\/12\/20200929_171513.jpg","width":250,"height":320},{"@type":"BreadcrumbList","@id":"https:\/\/weltlaeden.de\/sigmaringen\/neuigkeiten\/#breadcrumb","itemListElement":[{"@type":"ListItem","position":1,"name":"Startseite","item":"https:\/\/weltlaeden.de\/sigmaringen\/"},{"@type":"ListItem","position":2,"name":"Neuigkeiten"}]},{"@type":"WebSite","@id":"https:\/\/weltlaeden.de\/sigmaringen\/#website","url":"https:\/\/weltlaeden.de\/sigmaringen\/","name":"Weltladen Sigmaringen","description":"Faire Produkte seit 1990","potentialAction":[{"@type":"SearchAction","target":{"@type":"EntryPoint","urlTemplate":"https:\/\/weltlaeden.de\/sigmaringen\/?s={search_term_string}"},"query-input":{"@type":"PropertyValueSpecification","valueRequired":true,"valueName":"search_term_string"}}],"inLanguage":"de"}]}},"_links":{"self":[{"href":"https:\/\/weltlaeden.de\/sigmaringen\/wp-json\/wp\/v2\/pages\/361","targetHints":{"allow":["GET"]}}],"collection":[{"href":"https:\/\/weltlaeden.de\/sigmaringen\/wp-json\/wp\/v2\/pages"}],"about":[{"href":"https:\/\/weltlaeden.de\/sigmaringen\/wp-json\/wp\/v2\/types\/page"}],"author":[{"embeddable":true,"href":"https:\/\/weltlaeden.de\/sigmaringen\/wp-json\/wp\/v2\/users\/1"}],"replies":[{"embeddable":true,"href":"https:\/\/weltlaeden.de\/sigmaringen\/wp-json\/wp\/v2\/comments?post=361"}],"version-history":[{"count":38,"href":"https:\/\/weltlaeden.de\/sigmaringen\/wp-json\/wp\/v2\/pages\/361\/revisions"}],"predecessor-version":[{"id":1333,"href":"https:\/\/weltlaeden.de\/sigmaringen\/wp-json\/wp\/v2\/pages\/361\/revisions\/1333"}],"wp:attachment":[{"href":"https:\/\/weltlaeden.de\/sigmaringen\/wp-json\/wp\/v2\/media?parent=361"}],"curies":[{"name":"wp","href":"https:\/\/api.w.org\/{rel}","templated":true}]}}