{"id":219,"date":"2016-10-28T13:34:47","date_gmt":"2016-10-28T11:34:47","guid":{"rendered":"https:\/\/wl.heimpixel.de\/vorlage\/ueber-uns\/"},"modified":"2023-12-21T20:49:09","modified_gmt":"2023-12-21T19:49:09","slug":"ueber-uns","status":"publish","type":"page","link":"https:\/\/weltlaeden.de\/sigmaringen\/ueber-uns\/","title":{"rendered":"\u00dcber uns"},"content":{"rendered":"<div class=\"wpb-content-wrapper\"><p>[vc_row][vc_column][vc_custom_heading text=&#8220;Vorstellung des AK Eine Welt Sigmaringen e.V. mit Weltladen&#8220; font_container=&#8220;tag:h2|text_align:center|color:%23000000&#8243; google_fonts=&#8220;font_family:PT%20Serif%3Aregular%2Citalic%2C700%2C700italic|font_style:400%20italic%3A400%3Aitalic&#8220;][vc_column_text]<\/p>\n<p style=\"text-align: justify\">Der AK Eine Welt Sigmaringen e.V. mit dem Weltladen versucht seit nunmehr \u00fcber 35 Jahren dem Ungleichgewicht zwischen unserer Welt und der sog. Dritten Welt entgegenzuwirken.<br \/>\nDer AK Eine Welt (fr\u00fcher Dritte Welt)\u00a0 gegr\u00fcndet 1985, ist den meisten besser bekannt unter &#8222;Weltladen&#8220;. Am Anfang verkaufte ein junger Mann (Manfred Straub) mit Handwagen auf dem Wochenmarkt in Sigmaringen einige wenige Produkte (Kaffee, Handarbeiten..)\u00a0 aus der sogn. &#8222;Dritten Welt&#8220;. Daraus entstand am 30.11.1985 ein\u00a0 kleiner Verkaufsladen beim ehem. Nellhaus 1990 Umzug in den Laden neben Cafe Seelos\u00a0 und seit 01.03.2014 \u00a0am heutigen Standort.<\/p>\n<p style=\"text-align: justify\">Der Verein hat den Zweck:<\/p>\n<ol>\n<li style=\"text-align: justify\">Die Beziehungen zu den sogenannten Entwicklungsl\u00e4ndern auf der Grundlage von Frieden, sozialer Gerechtigkeit und eigenst\u00e4ndiger Entwicklung zu f\u00f6rdern.<\/li>\n<li style=\"text-align: justify\">Informationsarbeit f\u00fcr entwicklungspolitische Bewusstseinsbildung und die sich f\u00fcr uns daraus ergebenden Konsequenzen zu leisten.<\/li>\n<li style=\"text-align: justify\">Entwicklungsprojekte der Kirchen, Schulen, Vereine sowie Ma\u00dfnahmen anderer Institutionen zu unterst\u00fctzen, soweit sie den Zielsetzungen des Vereins entsprechen.<\/li>\n<li style=\"text-align: justify\">F\u00f6rderung internationaler Gesinnung, Toleranz auf allen Gebieten der Kultur und des V\u00f6lkerverst\u00e4ndigungsgedankens.<\/li>\n<\/ol>\n<p>[\/vc_column_text]<!-- This slideshow output is generated with Advanced post slider a multipurpose responsive WordPress slideshow plugin - http:\/\/www.wpcue.com\/wordpress-plugins\/advanced-post-slider\/ -->\r\n<style>\r\n#advps_container1 .bx-wrapper .bx-viewport {\r\n\t\t-moz-box-shadow: 0px 1px 4px ;\r\n\t-webkit-box-shadow: 0px 1px 4px ;\r\n\tbox-shadow: 0px 1px 4px ;\r\n\t\tbackground:;\r\n}\r\n#advps_container1 .bx-wrapper .bx-pager{\r\n\ttext-align: right;\r\n\tpadding-right:5px;\r\n}\r\n#advps_container1 .bx-wrapper .bx-pager\r\n{\r\n\tbottom:-35px;\r\n\tz-index:999;\r\n}\r\n#advps_container1 .bx-wrapper .bx-controls-auto\r\n{\r\n\tbottom:6px;\r\n}\r\n#advps_container1 .bx-wrapper .bx-controls.bx-has-controls-auto.bx-has-pager .bx-pager {\r\n\ttext-align: right;\r\n}\r\n#advps_container1 .bx-wrapper .bx-controls-auto {\r\n\tz-index:99999;\r\n\ttext-align:center;width:100%;}\r\n\r\n#advps_container1 .bx-wrapper .bx-pager.bx-default-pager a {\r\n\tbackground: #666;\r\n\ttext-indent: -9999px;\r\n\tdisplay: block;\r\n\twidth: 10px;\r\n\theight: 10px;\r\n\tmargin: 0 5px;\r\n\toutline: 0;\r\n\t-moz-border-radius: 5px;\r\n\t-webkit-border-radius: 5px;\r\n\tborder-radius: 5px;\r\n\ttext-align:left;\r\n}\r\n#advps_container1 .bx-wrapper .bx-pager.bx-default-pager a:hover,\r\n#advps_container1 .bx-wrapper .bx-pager.bx-default-pager a.active {\r\n\tbackground: #000;\r\n}\r\n\r\n\/* thumbnail pager*\/\r\n#advps_container1 #bx-pager\r\n{\r\n\twidth:100%;\r\n\tposition:absolute;\r\n\tbottom:-35px;\r\n    text-align: right;\r\n\tz-index: 9999;\r\n}\r\n#advps_container1 #bx-pager a img\r\n{\r\n\tborder: 1px solid #CCCCCC;\r\n    padding: 3px;\r\n}\r\n#advps_container1 #bx-pager a:hover img, #advps_container1 #bx-pager a.active img\r\n{\r\n\tborder: 1px solid #666666;\r\n}\r\n\/* medai queries *\/\r\n#advps_container1 .advs-title,#advps_container1 .advs-title a\r\n{\r\n\tfont-size:20px;\r\n\tline-height:26px;\r\n}\r\n#advps_container1 .advps-slide p\r\n{\r\n\tfont-size:15px;\r\n\tline-height:22px;\r\n}\r\n@media screen and (max-width: 1024px){\r\n\t#advps_container1 .advs-title,#advps_container1 .advs-title a\r\n\t{\r\n\t\tfont-size:16px;\r\n\t\tline-height:26px;\r\n\t}\r\n\t#advps_container1 .advps-slide p\r\n\t{\r\n\t\tfont-size:15px;\r\n\t\tline-height:22px;\r\n\t}\r\n}\r\n@media screen and (max-width: 768px){\r\n\t#advps_container1 h2.advs-title, #advps_container1 h2.advs-title a\r\n\t{\r\n\t\tfont-size:16px;\r\n\t\tline-height:20px;\r\n\t}\r\n\t#advps_container1 .advps-slide p\r\n\t{\r\n\t\tfont-size:14px;\r\n\t\tline-height:18px;\r\n\t}\r\n}\r\n@media screen and (max-width: 650px){\r\n\t#advps_container1 h2.advs-title, #advps_container1 h2.advs-title a\r\n\t{\r\n\t\tfont-size:15px;\r\n\t\tline-height:18px;\r\n\t}\r\n\t#advps_container1 .advps-slide p\r\n\t{\r\n\t\tfont-size:13px;\r\n\t\tline-height:15px;\r\n\t}\r\n}\r\n@media screen and (max-width: 480px){\r\n\t#advps_container1 h2.advs-title, #advps_container1 h2.advs-title a\r\n\t{\r\n\t\tfont-size:13px;\r\n\t\tline-height:14px;\r\n\t}\r\n\t#advps_container1 .advps-slide p\r\n\t{\r\n\t\tfont-size:12px;\r\n\t\tline-height:13px;\r\n\t}\r\n}\r\n@media screen and (max-width: 320px){\r\n\t#advps_container1 h2.advs-title, #advps_container1 h2.advs-title a\r\n\t{\r\n\t\tfont-size:12px;\r\n\t\tline-height:13px;\r\n\t}\r\n\t#advps_container1 .advps-slide p\r\n\t{\r\n\t\tfont-size:11px;\r\n\t\tline-height:12px;\r\n\t}\r\n}\r\n<\/style>\r\n<script type=\"text\/javascript\">\r\n\t\tjQuery(document).ready(function($){\r\n\t\t\t$('#advpsslideshow_1').bxSlider({\r\n\t\t\t\tuseCSS:1,\r\n\t\t\t\tslideMargin: 0,\r\n\t\t\t\tspeed: 2000,\t\t\t\t\r\n\t\t\t\t\t\t\t\tmode: 'horizontal',\r\n\t\t\t\t\t\t\t\t\t\t\t\tauto: 1,\r\n\t\t\t\tautoHover: 1,\r\n\t\t\t\tpause: 6500,\r\n\t\t\t\teasing: 'linear',\r\n\t\t\t\tcontrols: 0,\r\n\t\t\t\tpager: 1,\r\n  \t\t\t\tautoControls: 0\t\t\t\t\t\t\t});\r\n\t\t\t\t\t\t\t$(\"#advpsslideshow_1 .advs-title a\").hover(function(){\r\n\t\t\t\t\t$(this).css('color','#5e5e5e');\r\n\t\t\t\t},function(){\r\n\t\t\t\t\t$(this).css('color','#ff7c00');\r\n\t\t\t\t});\r\n\t\t\t\t\t\t$(\"#advpsslideshow_1 .advps-slide\").hover(function(){\r\n\t\t\t\t  \t\t\t},function(){\r\n\t\t\t\t\t\t\t});\r\n\t\t});\r\n\t<\/script>\r\n<div id=\"advps_container1\" class=\"advps-slide-container\" style=\"overflow:hidden;max-width:750px;\">\r\n \r\n  <div id=\"advpsslideshow_1\">\r\n        <div class=\"advps-slide\">\r\n\t<a target=\"_blank\" href=\"\" >      <img loading=\"lazy\" decoding=\"async\" width=\"300\" height=\"204\" src=\"https:\/\/weltlaeden.de\/sigmaringen\/wp-content\/uploads\/sites\/134\/2020\/08\/G1-300x204.jpg\" class=\"attachment-medium size-medium wp-post-image\" alt=\"\" srcset=\"https:\/\/weltlaeden.de\/sigmaringen\/wp-content\/uploads\/sites\/134\/2020\/08\/G1-300x204.jpg 300w, https:\/\/weltlaeden.de\/sigmaringen\/wp-content\/uploads\/sites\/134\/2020\/08\/G1.jpg 588w\" sizes=\"auto, (max-width: 300px) 100vw, 300px\" \/>      <\/a>       \r\n      <div class=\"advps-excerpt-one\" style=\"width:60%;height:100%;top:0; right:0;\">\r\n      \t<div class=\"advps-overlay-one\" style=\"background-color:#f9e7a4; -moz-opacity:0.97;filter:alpha(opacity=97);opacity:0.97;\"><\/div>\r\n        <div class=\"advps-excerpt-block-one\" style=\"text-align:center;color:#383838;-moz-opacity:1;filter:alpha(opacity=100);opacity:1;\">        \r\n        <h1 class=\"advs-title\" style=\"margin:5px 0px 10px 0px;color:#ff7c00\"><a target=\"_blank\" href=\"\" style=\"margin:5px 0px 10px 0px;color:#ff7c00\" >Gr\u00fcndung 1985<\/a><\/h1>\r\n          \r\n            <p>Am Anfang verkaufte ein junger Mann (Manfred Straub) mit Handwagen auf dem Wochenmarkt in Sigmaringen einige wenige Produkte (Kaffee, Handarbeiten&#8230;)\u00a0 aus der sogn. &#8222;Dritten Welt&#8220;.<\/p>\n        <\/div>\r\n      <\/div>\r\n    <\/div>\r\n        <div class=\"advps-slide\">\r\n\t<a target=\"_blank\" href=\"\" >      <img loading=\"lazy\" decoding=\"async\" width=\"300\" height=\"204\" src=\"https:\/\/weltlaeden.de\/sigmaringen\/wp-content\/uploads\/sites\/134\/2020\/08\/G2-300x204.jpg\" class=\"attachment-medium size-medium wp-post-image\" alt=\"\" srcset=\"https:\/\/weltlaeden.de\/sigmaringen\/wp-content\/uploads\/sites\/134\/2020\/08\/G2-300x204.jpg 300w, https:\/\/weltlaeden.de\/sigmaringen\/wp-content\/uploads\/sites\/134\/2020\/08\/G2.jpg 588w\" sizes=\"auto, (max-width: 300px) 100vw, 300px\" \/>      <\/a>       \r\n      <div class=\"advps-excerpt-one\" style=\"width:60%;height:100%;top:0; right:0;\">\r\n      \t<div class=\"advps-overlay-one\" style=\"background-color:#f9e7a4; -moz-opacity:0.97;filter:alpha(opacity=97);opacity:0.97;\"><\/div>\r\n        <div class=\"advps-excerpt-block-one\" style=\"text-align:center;color:#383838;-moz-opacity:1;filter:alpha(opacity=100);opacity:1;\">        \r\n        <h1 class=\"advs-title\" style=\"margin:5px 0px 10px 0px;color:#ff7c00\"><a target=\"_blank\" href=\"\" style=\"margin:5px 0px 10px 0px;color:#ff7c00\" >&#8222;Dritte Welt Laden&#8220; 30.11.1985<\/a><\/h1>\r\n          \r\n            <p>Daraus entwickelte sich ein kleiner Verkaufsladen &#8222;Dritte Welt Laden&#8220; beim ehemaligen Nellhaus. \u00a0<\/p>\n        <\/div>\r\n      <\/div>\r\n    <\/div>\r\n        <div class=\"advps-slide\">\r\n\t<a target=\"_blank\" href=\"\" >      <img loading=\"lazy\" decoding=\"async\" width=\"300\" height=\"204\" src=\"https:\/\/weltlaeden.de\/sigmaringen\/wp-content\/uploads\/sites\/134\/2020\/08\/G3-300x204.jpg\" class=\"attachment-medium size-medium wp-post-image\" alt=\"\" srcset=\"https:\/\/weltlaeden.de\/sigmaringen\/wp-content\/uploads\/sites\/134\/2020\/08\/G3-300x204.jpg 300w, https:\/\/weltlaeden.de\/sigmaringen\/wp-content\/uploads\/sites\/134\/2020\/08\/G3.jpg 588w\" sizes=\"auto, (max-width: 300px) 100vw, 300px\" \/>      <\/a>       \r\n      <div class=\"advps-excerpt-one\" style=\"width:60%;height:100%;top:0; right:0;\">\r\n      \t<div class=\"advps-overlay-one\" style=\"background-color:#f9e7a4; -moz-opacity:0.97;filter:alpha(opacity=97);opacity:0.97;\"><\/div>\r\n        <div class=\"advps-excerpt-block-one\" style=\"text-align:center;color:#383838;-moz-opacity:1;filter:alpha(opacity=100);opacity:1;\">        \r\n        <h1 class=\"advs-title\" style=\"margin:5px 0px 10px 0px;color:#ff7c00\"><a target=\"_blank\" href=\"\" style=\"margin:5px 0px 10px 0px;color:#ff7c00\" >Weltladen 1990<\/a><\/h1>\r\n          \r\n            <p>Weltladen neben dem Cafe Seelos bis zum Umzug in den heutigen Standort.<\/p>\n        <\/div>\r\n      <\/div>\r\n    <\/div>\r\n        <div class=\"advps-slide\">\r\n\t<a target=\"_blank\" href=\"\" >      <img loading=\"lazy\" decoding=\"async\" width=\"300\" height=\"204\" src=\"https:\/\/weltlaeden.de\/sigmaringen\/wp-content\/uploads\/sites\/134\/2020\/08\/G4-300x204.jpg\" class=\"attachment-medium size-medium wp-post-image\" alt=\"\" srcset=\"https:\/\/weltlaeden.de\/sigmaringen\/wp-content\/uploads\/sites\/134\/2020\/08\/G4-300x204.jpg 300w, https:\/\/weltlaeden.de\/sigmaringen\/wp-content\/uploads\/sites\/134\/2020\/08\/G4.jpg 588w\" sizes=\"auto, (max-width: 300px) 100vw, 300px\" \/>      <\/a>       \r\n      <div class=\"advps-excerpt-one\" style=\"width:60%;height:100%;top:0; right:0;\">\r\n      \t<div class=\"advps-overlay-one\" style=\"background-color:#f9e7a4; -moz-opacity:0.97;filter:alpha(opacity=97);opacity:0.97;\"><\/div>\r\n        <div class=\"advps-excerpt-block-one\" style=\"text-align:center;color:#383838;-moz-opacity:1;filter:alpha(opacity=100);opacity:1;\">        \r\n        <h1 class=\"advs-title\" style=\"margin:5px 0px 10px 0px;color:#ff7c00\"><a target=\"_blank\" href=\"\" style=\"margin:5px 0px 10px 0px;color:#ff7c00\" >Seit dem 01.03.2014<\/a><\/h1>\r\n          \r\n            <p>Weltladen Sigmaringen das Fachgesch\u00e4ft f\u00fcr fairen Handel in der F\u00fcrst-Wilhelm-Stra\u00dfe 27<\/p>\n        <\/div>\r\n      <\/div>\r\n    <\/div>\r\n      <\/div>\r\n  <\/div><!-- end advps-slide-container -->\r\n<!-- \/ Advanced post slider a multipurpose responsive slideshow plugin -->\r\n[vc_empty_space height=&#8220;10px&#8220;][vc_separator color=&#8220;custom&#8220; border_width=&#8220;5&#8243; accent_color=&#8220;#ff6600&#8243;][vc_empty_space height=&#8220;10px&#8220;][vc_custom_heading text=&#8220;Arbeitskreis Eine Welt Sigmaringen e.V. + Weltladen&#8220; font_container=&#8220;tag:h2|text_align:center|color:%23000000&#8243; google_fonts=&#8220;font_family:PT%20Serif%3Aregular%2Citalic%2C700%2C700italic|font_style:400%20italic%3A400%3Aitalic&#8220;][vc_column_text]Unser AK teilt sich in zwei Bereiche auf:<\/p>\n<ol>\n<li><a href=\"https:\/\/weltlaeden.de\/sigmaringen\/aufteilung-ak-und-weltladen\/\"><span style=\"color: #ff6600\"><em>Arbeitskreis &#8211; mit aktiven und passiven Mitgliedern\u00a0 &#8211; z.Z. ca. 80 Mitglieder<\/em><\/span><\/a><\/li>\n<li><a href=\"https:\/\/weltlaeden.de\/sigmaringen\/aufteilung-ak-und-weltladen\/\"><span style=\"color: #ff6600\"><em>Der Weltladen<\/em><\/span><\/a><\/li>\n<\/ol>\n<p>[\/vc_column_text][\/vc_column][\/vc_row][vc_row][vc_column width=&#8220;1\/6&#8243;][vc_single_image image=&#8220;1015&#8243; alignment=&#8220;center&#8220; onclick=&#8220;img_link_large&#8220;][\/vc_column][vc_column width=&#8220;1\/6&#8243;][vc_single_image image=&#8220;1016&#8243; alignment=&#8220;center&#8220; onclick=&#8220;img_link_large&#8220;][\/vc_column][vc_column width=&#8220;1\/6&#8243;][vc_single_image image=&#8220;1017&#8243; alignment=&#8220;center&#8220; onclick=&#8220;img_link_large&#8220;][\/vc_column][vc_column width=&#8220;1\/6&#8243;][vc_single_image image=&#8220;1018&#8243; alignment=&#8220;center&#8220; onclick=&#8220;img_link_large&#8220;][\/vc_column][vc_column width=&#8220;1\/6&#8243;][vc_single_image image=&#8220;1019&#8243; alignment=&#8220;center&#8220; onclick=&#8220;img_link_large&#8220;][\/vc_column][vc_column width=&#8220;1\/6&#8243;][vc_single_image image=&#8220;1020&#8243; alignment=&#8220;center&#8220; onclick=&#8220;img_link_large&#8220;][\/vc_column][\/vc_row][vc_row][vc_column][vc_empty_space height=&#8220;20px&#8220;][vc_separator color=&#8220;custom&#8220; border_width=&#8220;5&#8243; accent_color=&#8220;#ff6600&#8243;][vc_empty_space height=&#8220;10px&#8220;][vc_custom_heading text=&#8220;Mitmachen im Weltladen Sigmaringen&#8220; font_container=&#8220;tag:h2|text_align:center|color:%23000000&#8243; google_fonts=&#8220;font_family:PT%20Serif%3Aregular%2Citalic%2C700%2C700italic|font_style:400%20italic%3A400%3Aitalic&#8220;][vc_column_text]<\/p>\n<p style=\"text-align: justify\"><strong>Wir suchen<\/strong> Menschen, die Lust haben, sich ehrenamtlich f\u00fcr eine offene, transparente, \u00f6kologische und nachhaltige Form des Wirtschaftens zu engagieren. Ob im Verkauf, der Informations- oder Bildungsarbeit &#8211; die M\u00f6glichkeiten, in unserem Team mitzumachen sind vielf\u00e4ltig und lassen sich bestimmt auch in Deinen Alltag integrieren! Neben regelm\u00e4\u00dfigen Aufgaben gibt es bei uns auch immer wieder einzelne zeitlich befristete Projekte, f\u00fcr die wir Unterst\u00fctzer\/innen suchen. Viele Aufgaben erfordern keine speziellen Vorkenntnisse, sondern nur Deine Bereitschaft, Deine F\u00e4higkeiten einzubringen und eventuell in neuen Bereichen dazuzulernen.<\/p>\n<p style=\"text-align: justify\"><strong>Wir bieten<\/strong> ein nettes Team aus Engagierten mit vielf\u00e4ltigen M\u00f6glichkeiten, sich selbst einzubringen. Eine Gemeinschaft, die Dich herzlich aufnimmt, einarbeitet und bei Fragen zur Verf\u00fcgung steht. Fortbildungsm\u00f6glichkeiten nach Deinen Interessen und Aufgaben.<\/p>\n<p><strong>Ansprechpartner\/in:<\/strong><br \/>\nKarola Scharf<br \/>\n07576 \/ 7501<\/p>\n<p style=\"text-align: justify\">Wenn jetzt jemand Lust gewonnen hat, <strong>Mitglied im AK<\/strong> zu werden oder <strong>als Verk\u00e4uferIn mitzuarbeiten<\/strong> &#8211; sei jederzeit herzlich willkommen. Mitgliedsantr\u00e4ge liegen im Weltladen aus &#8211; Verk\u00e4uferInnen werden gerne im Weltladen willkommen gehei\u00dfen. Wer <strong>als Eink\u00e4uferIn<\/strong>\u00a0 in den Laden kommt &#8211; auch den begr\u00fc\u00dfen wir herzlich. Denn auch du leistest einen Beitrag dazu, die Welt ein klein wenig fairer zu machen.<\/p>\n<p><strong>Wir freuen uns auf Dich!<\/strong>[\/vc_column_text][vc_empty_space height=&#8220;20px&#8220;][vc_separator color=&#8220;custom&#8220; border_width=&#8220;5&#8243; accent_color=&#8220;#ff6600&#8243;][vc_empty_space height=&#8220;10px&#8220;][vc_custom_heading text=&#8220;Vorstandschaft Weltladen Sigmaringen&#8220; font_container=&#8220;tag:h2|text_align:center|color:%23000000&#8243; google_fonts=&#8220;font_family:PT%20Serif%3Aregular%2Citalic%2C700%2C700italic|font_style:400%20italic%3A400%3Aitalic&#8220;][vc_column_text]<strong>Vorst\u00e4nde<\/strong>: Elisabeth Mattes, Karola Scharf, Judith Cramer-Richter<\/p>\n<p><strong>Kassierer:<\/strong> Manfred Kleiner<\/p>\n<p><strong>Schriftf\u00fchrer:<\/strong> Willi Dziuba[\/vc_column_text][vc_empty_space height=&#8220;20px&#8220;][vc_separator color=&#8220;custom&#8220; border_width=&#8220;5&#8243; accent_color=&#8220;#ff6600&#8243;][vc_custom_heading text=&#8220;Team und Satzung&#8220; font_container=&#8220;tag:h2|text_align:center|color:%23000000&#8243; google_fonts=&#8220;font_family:PT%20Serif%3Aregular%2Citalic%2C700%2C700italic|font_style:400%20italic%3A400%3Aitalic&#8220;][\/vc_column][\/vc_row][vc_row][vc_column width=&#8220;1\/4&#8243;][\/vc_column][vc_column width=&#8220;1\/4&#8243;][\/vc_column][vc_column width=&#8220;1\/4&#8243;][\/vc_column][vc_column width=&#8220;1\/4&#8243;][\/vc_column][\/vc_row][vc_row][vc_column width=&#8220;1\/2&#8243;][vc_icon icon_fontawesome=&#8220;fa fa-exclamation&#8220; color=&#8220;white&#8220; background_style=&#8220;rounded-less&#8220; background_color=&#8220;black&#8220; size=&#8220;xl&#8220; align=&#8220;center&#8220; link=&#8220;url:https%3A%2F%2Fweltlaeden.de%2Fsigmaringen%2Fwp-content%2Fuploads%2Fsites%2F134%2F2020%2F09%2FSatzung-des-Arbeitskreises-Neufassung-2015-3.pdf|||&#8220;][vc_column_text]<\/p>\n<p style=\"text-align: center\"><strong>Satzung<\/strong><\/p>\n<p>[\/vc_column_text][\/vc_column][vc_column width=&#8220;1\/2&#8243;][vc_icon icon_fontawesome=&#8220;fa fa-users&#8220; color=&#8220;white&#8220; background_style=&#8220;rounded-less&#8220; background_color=&#8220;custom&#8220; size=&#8220;xl&#8220; align=&#8220;center&#8220; link=&#8220;url:https%3A%2F%2Fweltlaeden.de%2Fsigmaringen%2Funser-team%2F|||&#8220; custom_background_color=&#8220;#e26834&#8243;][vc_column_text]<\/p>\n<p style=\"text-align: center\"><strong>Unser Team<br \/>\n<\/strong><\/p>\n<p>[\/vc_column_text][\/vc_column][\/vc_row][vc_row][vc_column][vc_empty_space height=&#8220;20px&#8220;][vc_separator color=&#8220;custom&#8220; border_width=&#8220;5&#8243; accent_color=&#8220;#ff6600&#8243;][\/vc_column][\/vc_row]<\/p>\n<\/div>","protected":false},"excerpt":{"rendered":"<p>[vc_row][vc_column][vc_custom_heading text=&#8220;Vorstellung des AK Eine Welt Sigmaringen e.V. mit Weltladen&#8220; font_container=&#8220;tag:h2|text_align:center|color:%23000000&#8243; google_fonts=&#8220;font_family:PT%20Serif%3Aregular%2Citalic%2C700%2C700italic|font_style:400%20italic%3A400%3Aitalic&#8220;][vc_column_text] Der AK Eine Welt Sigmaringen e.V. mit dem Weltladen versucht seit nunmehr \u00fcber&hellip;<\/p>\n","protected":false},"author":1,"featured_media":0,"parent":0,"menu_order":4,"comment_status":"closed","ping_status":"closed","template":"","meta":{"footnotes":""},"class_list":["post-219","page","type-page","status-publish","hentry","description-off"],"yoast_head":"<!-- This site is optimized with the Yoast SEO plugin v26.8 - https:\/\/yoast.com\/product\/yoast-seo-wordpress\/ -->\n<title>\u00dcber uns - Weltladen Sigmaringen<\/title>\n<meta name=\"robots\" content=\"index, follow, max-snippet:-1, max-image-preview:large, max-video-preview:-1\" \/>\n<link rel=\"canonical\" href=\"https:\/\/weltlaeden.de\/sigmaringen\/ueber-uns\/\" \/>\n<meta property=\"og:locale\" content=\"de_DE\" \/>\n<meta property=\"og:type\" content=\"article\" \/>\n<meta property=\"og:title\" content=\"\u00dcber uns - Weltladen Sigmaringen\" \/>\n<meta property=\"og:description\" content=\"[vc_row][vc_column][vc_custom_heading text=&#8220;Vorstellung des AK Eine Welt Sigmaringen e.V. mit Weltladen&#8220; font_container=&#8220;tag:h2|text_align:center|color:%23000000&#8243; google_fonts=&#8220;font_family:PT%20Serif%3Aregular%2Citalic%2C700%2C700italic|font_style:400%20italic%3A400%3Aitalic&#8220;][vc_column_text] Der AK Eine Welt Sigmaringen e.V. mit dem Weltladen versucht seit nunmehr \u00fcber&hellip;\" \/>\n<meta property=\"og:url\" content=\"https:\/\/weltlaeden.de\/sigmaringen\/ueber-uns\/\" \/>\n<meta property=\"og:site_name\" content=\"Weltladen Sigmaringen\" \/>\n<meta property=\"article:modified_time\" content=\"2023-12-21T19:49:09+00:00\" \/>\n<meta name=\"twitter:card\" content=\"summary_large_image\" \/>\n<meta name=\"twitter:label1\" content=\"Gesch\u00e4tzte Lesezeit\" \/>\n\t<meta name=\"twitter:data1\" content=\"3\u00a0Minuten\" \/>\n<script type=\"application\/ld+json\" class=\"yoast-schema-graph\">{\"@context\":\"https:\/\/schema.org\",\"@graph\":[{\"@type\":\"WebPage\",\"@id\":\"https:\/\/weltlaeden.de\/sigmaringen\/ueber-uns\/\",\"url\":\"https:\/\/weltlaeden.de\/sigmaringen\/ueber-uns\/\",\"name\":\"\u00dcber uns - Weltladen Sigmaringen\",\"isPartOf\":{\"@id\":\"https:\/\/weltlaeden.de\/sigmaringen\/#website\"},\"datePublished\":\"2016-10-28T11:34:47+00:00\",\"dateModified\":\"2023-12-21T19:49:09+00:00\",\"breadcrumb\":{\"@id\":\"https:\/\/weltlaeden.de\/sigmaringen\/ueber-uns\/#breadcrumb\"},\"inLanguage\":\"de\",\"potentialAction\":[{\"@type\":\"ReadAction\",\"target\":[\"https:\/\/weltlaeden.de\/sigmaringen\/ueber-uns\/\"]}]},{\"@type\":\"BreadcrumbList\",\"@id\":\"https:\/\/weltlaeden.de\/sigmaringen\/ueber-uns\/#breadcrumb\",\"itemListElement\":[{\"@type\":\"ListItem\",\"position\":1,\"name\":\"Startseite\",\"item\":\"https:\/\/weltlaeden.de\/sigmaringen\/\"},{\"@type\":\"ListItem\",\"position\":2,\"name\":\"\u00dcber uns\"}]},{\"@type\":\"WebSite\",\"@id\":\"https:\/\/weltlaeden.de\/sigmaringen\/#website\",\"url\":\"https:\/\/weltlaeden.de\/sigmaringen\/\",\"name\":\"Weltladen Sigmaringen\",\"description\":\"Faire Produkte seit 1990\",\"potentialAction\":[{\"@type\":\"SearchAction\",\"target\":{\"@type\":\"EntryPoint\",\"urlTemplate\":\"https:\/\/weltlaeden.de\/sigmaringen\/?s={search_term_string}\"},\"query-input\":{\"@type\":\"PropertyValueSpecification\",\"valueRequired\":true,\"valueName\":\"search_term_string\"}}],\"inLanguage\":\"de\"}]}<\/script>\n<!-- \/ Yoast SEO plugin. -->","yoast_head_json":{"title":"\u00dcber uns - Weltladen Sigmaringen","robots":{"index":"index","follow":"follow","max-snippet":"max-snippet:-1","max-image-preview":"max-image-preview:large","max-video-preview":"max-video-preview:-1"},"canonical":"https:\/\/weltlaeden.de\/sigmaringen\/ueber-uns\/","og_locale":"de_DE","og_type":"article","og_title":"\u00dcber uns - Weltladen Sigmaringen","og_description":"[vc_row][vc_column][vc_custom_heading text=&#8220;Vorstellung des AK Eine Welt Sigmaringen e.V. mit Weltladen&#8220; font_container=&#8220;tag:h2|text_align:center|color:%23000000&#8243; google_fonts=&#8220;font_family:PT%20Serif%3Aregular%2Citalic%2C700%2C700italic|font_style:400%20italic%3A400%3Aitalic&#8220;][vc_column_text] Der AK Eine Welt Sigmaringen e.V. mit dem Weltladen versucht seit nunmehr \u00fcber&hellip;","og_url":"https:\/\/weltlaeden.de\/sigmaringen\/ueber-uns\/","og_site_name":"Weltladen Sigmaringen","article_modified_time":"2023-12-21T19:49:09+00:00","twitter_card":"summary_large_image","twitter_misc":{"Gesch\u00e4tzte Lesezeit":"3\u00a0Minuten"},"schema":{"@context":"https:\/\/schema.org","@graph":[{"@type":"WebPage","@id":"https:\/\/weltlaeden.de\/sigmaringen\/ueber-uns\/","url":"https:\/\/weltlaeden.de\/sigmaringen\/ueber-uns\/","name":"\u00dcber uns - Weltladen Sigmaringen","isPartOf":{"@id":"https:\/\/weltlaeden.de\/sigmaringen\/#website"},"datePublished":"2016-10-28T11:34:47+00:00","dateModified":"2023-12-21T19:49:09+00:00","breadcrumb":{"@id":"https:\/\/weltlaeden.de\/sigmaringen\/ueber-uns\/#breadcrumb"},"inLanguage":"de","potentialAction":[{"@type":"ReadAction","target":["https:\/\/weltlaeden.de\/sigmaringen\/ueber-uns\/"]}]},{"@type":"BreadcrumbList","@id":"https:\/\/weltlaeden.de\/sigmaringen\/ueber-uns\/#breadcrumb","itemListElement":[{"@type":"ListItem","position":1,"name":"Startseite","item":"https:\/\/weltlaeden.de\/sigmaringen\/"},{"@type":"ListItem","position":2,"name":"\u00dcber uns"}]},{"@type":"WebSite","@id":"https:\/\/weltlaeden.de\/sigmaringen\/#website","url":"https:\/\/weltlaeden.de\/sigmaringen\/","name":"Weltladen Sigmaringen","description":"Faire Produkte seit 1990","potentialAction":[{"@type":"SearchAction","target":{"@type":"EntryPoint","urlTemplate":"https:\/\/weltlaeden.de\/sigmaringen\/?s={search_term_string}"},"query-input":{"@type":"PropertyValueSpecification","valueRequired":true,"valueName":"search_term_string"}}],"inLanguage":"de"}]}},"_links":{"self":[{"href":"https:\/\/weltlaeden.de\/sigmaringen\/wp-json\/wp\/v2\/pages\/219","targetHints":{"allow":["GET"]}}],"collection":[{"href":"https:\/\/weltlaeden.de\/sigmaringen\/wp-json\/wp\/v2\/pages"}],"about":[{"href":"https:\/\/weltlaeden.de\/sigmaringen\/wp-json\/wp\/v2\/types\/page"}],"author":[{"embeddable":true,"href":"https:\/\/weltlaeden.de\/sigmaringen\/wp-json\/wp\/v2\/users\/1"}],"replies":[{"embeddable":true,"href":"https:\/\/weltlaeden.de\/sigmaringen\/wp-json\/wp\/v2\/comments?post=219"}],"version-history":[{"count":51,"href":"https:\/\/weltlaeden.de\/sigmaringen\/wp-json\/wp\/v2\/pages\/219\/revisions"}],"predecessor-version":[{"id":1337,"href":"https:\/\/weltlaeden.de\/sigmaringen\/wp-json\/wp\/v2\/pages\/219\/revisions\/1337"}],"wp:attachment":[{"href":"https:\/\/weltlaeden.de\/sigmaringen\/wp-json\/wp\/v2\/media?parent=219"}],"curies":[{"name":"wp","href":"https:\/\/api.w.org\/{rel}","templated":true}]}}