{"id":218,"date":"2016-10-28T13:34:47","date_gmt":"2016-10-28T11:34:47","guid":{"rendered":"https:\/\/wl.heimpixel.de\/vorlage\/fairer-handel\/"},"modified":"2023-12-21T20:47:29","modified_gmt":"2023-12-21T19:47:29","slug":"fairer-handel","status":"publish","type":"page","link":"https:\/\/weltlaeden.de\/sigmaringen\/fairer-handel\/","title":{"rendered":"Fairer Handel"},"content":{"rendered":"<div class=\"wpb-content-wrapper\"><p>[vc_row][vc_column][vc_custom_heading text=&#8220;Fairer Handel bedeutet f\u00fcr Weltl\u00e4den&#8220; font_container=&#8220;tag:h2|text_align:center|color:%23000000&#8243; google_fonts=&#8220;font_family:PT%20Serif%3Aregular%2Citalic%2C700%2C700italic|font_style:400%20italic%3A400%3Aitalic&#8220;][vc_column_text]<\/p>\n<div class=\"wpb_text_column wpb_content_element \">\n<div class=\"wpb_wrapper\">\n<p style=\"text-align: justify\"><strong>Verkaufen: <\/strong>Weil der Verkauf fair gehandelter Produkte das Leben f\u00fcr die Produzent\/innen verbessert.<\/p>\n<p style=\"text-align: justify\"><strong>Informieren: <\/strong>Weil politische Kampagnen die Rahmenbedingungen f\u00fcr die Menschen im S\u00fcden ver\u00e4ndern k\u00f6nnen.<\/p>\n<p style=\"text-align: justify\"><strong>Lernen:<\/strong> Weil Mitarbeiter\/innen und Kund\/innen viel \u00fcber die globalisierte Welt wissen sollten, um zu verstehen, wie unser Konsum die Welt ver\u00e4ndert \u2013 zum Guten oder zum Schlechten.<\/p>\n<\/div>\n<\/div>\n<p>[\/vc_column_text][vc_empty_space height=&#8220;20px&#8220;][vc_separator color=&#8220;custom&#8220; border_width=&#8220;5&#8243; accent_color=&#8220;#ff6600&#8243;][vc_empty_space height=&#8220;10px&#8220;][vc_custom_heading text=&#8220;Kriterien des fairen Handels&#8220; font_container=&#8220;tag:h2|text_align:center|color:%23000000&#8243; google_fonts=&#8220;font_family:PT%20Serif%3Aregular%2Citalic%2C700%2C700italic|font_style:400%20italic%3A400%3Aitalic&#8220;][vc_column_text]<\/p>\n<div class=\"wpb_text_column wpb_content_element \">\n<div class=\"wpb_wrapper\">\n<p style=\"text-align: justify\"><span class=\"normal\">Die <em><a href=\"https:\/\/weltlaeden.de\/bilderpool\/wp-content\/uploads\/sites\/3\/2019\/09\/Konvention_der_Weltl\u00e4den.pdf\" target=\"_blank\" rel=\"noopener\">Konvention der Weltl\u00e4den<\/a><\/em> ist das Grundsatzpapier f\u00fcr den Fairen Handel der Weltl\u00e4den und Fair-Handels-Gruppen. Sie wurde in einem jahrelangen Dialog gemeinsam entwickelt und erstmals 1997 von der Mitgliederversammlung des Weltladen-Dachverbandes beschlossen. Die Kriterien der Konvention der Weltl\u00e4den in der aktuellen Version decken sich mit den zehn Prinzipien der World Fair Trade Organization (<a href=\"http:\/\/www.wfto.com\" target=\"_blank\" rel=\"noopener\"><em>WFTO<\/em><\/a>).<br \/>\n<\/span><\/p>\n<p style=\"text-align: justify\"><span class=\"normal\">Fairer Handel, wie ihn die Weltl\u00e4den betreiben, strebt eine gleichberechtigte Partnerschaft des Nordens mit dem S\u00fcden an. Daher wendet die Konvention die Kriterien auf alle wesentlichen Akteure im Fairen Handel an: auf Produzent\/innen, Importeure sowie Weltl\u00e4den und Fair-Handels-Gruppen.<\/span><\/p>\n<\/div>\n<\/div>\n<p>[\/vc_column_text][vc_column_text]<span class=\"normal\"><strong>Grundkriterien der Konvention:<\/strong><\/span><\/p>\n<ul>\n<li>Handelspraktiken<\/li>\n<li>Arbeitsbedingungen<\/li>\n<li>Transparenz<\/li>\n<li>Bildungs- und Informationsarbeit<\/li>\n<li>\u00d6ffentlichkeitsarbeit<\/li>\n<li>Umweltschutz<\/li>\n<li>Erg\u00e4nzungsprodukte (z.B. regionale Produkte)<\/li>\n<\/ul>\n<p>[\/vc_column_text][vc_empty_space height=&#8220;20px&#8220;][vc_separator color=&#8220;custom&#8220; border_width=&#8220;5&#8243; accent_color=&#8220;#ff6600&#8243;][vc_empty_space height=&#8220;10px&#8220;][vc_custom_heading text=&#8220;Fairer Handel im Weltladen Sigmaringen&#8220; font_container=&#8220;tag:h2|text_align:center|color:%23000000&#8243; google_fonts=&#8220;font_family:PT%20Serif%3Aregular%2Citalic%2C700%2C700italic|font_style:400%20italic%3A400%3Aitalic&#8220;][\/vc_column][\/vc_row][vc_row][vc_column width=&#8220;1\/3&#8243;]<div class=\"wl_einzelbild\"><p><img loading=\"lazy\" decoding=\"async\" class=\"size-medium wp-image-497\" src=\"https:\/\/weltlaeden.de\/sigmaringen\/wp-content\/uploads\/sites\/134\/2020\/08\/G4-300x204.jpg\" alt=\"\" width=\"300\" height=\"204\" srcset=\"https:\/\/weltlaeden.de\/sigmaringen\/wp-content\/uploads\/sites\/134\/2020\/08\/G4-300x204.jpg 300w, https:\/\/weltlaeden.de\/sigmaringen\/wp-content\/uploads\/sites\/134\/2020\/08\/G4.jpg 588w\" sizes=\"auto, (max-width: 300px) 100vw, 300px\" \/><\/p><\/div>[\/vc_column][vc_column width=&#8220;1\/3&#8243;]<div class=\"wl_einzelbild\"><p><\/p>\n<p style=\"text-align: center\"><img loading=\"lazy\" decoding=\"async\" class=\"alignnone size-medium wp-image-573\" src=\"https:\/\/weltlaeden.de\/sigmaringen\/wp-content\/uploads\/sites\/134\/2019\/03\/20200625_101629-300x212.jpg\" alt=\"\" width=\"300\" height=\"212\" \/><\/p>\n<p><\/p><\/div>[\/vc_column][vc_column width=&#8220;1\/3&#8243;]<div class=\"wl_einzelbild\"><p><img loading=\"lazy\" decoding=\"async\" class=\"size-medium wp-image-568\" src=\"https:\/\/weltlaeden.de\/sigmaringen\/wp-content\/uploads\/sites\/134\/2019\/03\/4-300x212.jpg\" alt=\"\" width=\"300\" height=\"212\" \/><\/p><\/div>[\/vc_column][\/vc_row][vc_row][vc_column][vc_column_text]<\/p>\n<div class=\"wpb_text_column wpb_content_element \">\n<div class=\"wpb_wrapper\">\n<p style=\"text-align: justify\">Mit einem Jahresumsatz von ca. 50.000 &#8211; 60.000 EUR pro Jahr k\u00f6nnen wir nat\u00fcrlich nicht mit den gro\u00dfen Supermarktketten mithalten. Diese Summen setzen sie an einem Wochenende locker um.<\/p>\n<p style=\"text-align: justify\">Trotzdem: Auch Kleinvieh macht Mist &#8211; wie es im Schw\u00e4bischen so sch\u00f6n hei\u00dft.<\/p>\n<p style=\"text-align: justify\">Nimmt man alle Weltl\u00e4den in Deutschland zusammen,\u00a0 es sind ca. 800 &#8211; 900 L\u00e4den, dann kommt doch eine beachtliche Summe zusammen, auch wenn wir in Sigmaringen nur einen kleinen Beitrag leisten. <a href=\"https:\/\/weltlaeden.de\/sigmaringen\/fairer-handel-im-weltladen-sigmaringen\/\"><span style=\"color: #ff6600\"><em>weiterlesen<\/em><\/span><\/a><\/p>\n<\/div>\n<\/div>\n<p>[\/vc_column_text][vc_empty_space height=&#8220;20px&#8220;][vc_separator color=&#8220;custom&#8220; border_width=&#8220;5&#8243; accent_color=&#8220;#ff6600&#8243;][vc_empty_space height=&#8220;10px&#8220;][vc_custom_heading text=&#8220;Unsere Verantwortung f\u00fcr die Sch\u00f6pfung&#8220; font_container=&#8220;tag:h2|text_align:center|color:%23000000&#8243; google_fonts=&#8220;font_family:PT%20Serif%3Aregular%2Citalic%2C700%2C700italic|font_style:400%20italic%3A400%3Aitalic&#8220;][vc_column_text]<\/p>\n<div class=\"wpb_text_column wpb_content_element \">\n<p style=\"text-align: justify\">Unsere Verantwortung f\u00fcr die Sch\u00f6pfung und wie wir dieser Verantwortung\u00a0 (ein St\u00fcck weit) gerecht werden k\u00f6nnen:<br \/>\nIn unserem Weltladen verkaufen wir Produkte, die in den L\u00e4ndern hergestellt bzw. angebaut werden, die \u00a0als sogn. Entwicklungsl\u00e4nder bezeichnet werden.<br \/>\nDie Menschen dort, ein Teil also der Sch\u00f6pfung, leben oft unter erb\u00e4rmlichen, ja unter menschenunw\u00fcrdigen Verh\u00e4ltnissen. In ihrer Not zerst\u00f6ren sie oft auch ihre Umwelt, nur um \u00fcberleben zu k\u00f6nnen. Wir m\u00f6chten einen bescheidenen Beitrag dazu leisten, dass sich die Situation f\u00fcr Mensch und Umwelt verbessert. In Zusammenarbeit mit gemeinn\u00fctzigen Genossenschaften, Vereinen oder durch direkten Kontakt zu den bed\u00fcrftigen Menschen unterst\u00fctzen wir die Bestrebungen, den Menschen eine Perspektive zu geben etwa durch<\/p>\n<ul style=\"text-align: justify\">\n<li>umweltgerechte Anbaumethoden,<\/li>\n<li>faire Preise,<\/li>\n<li>Schulbildung,<\/li>\n<li>Weiterbildung<\/li>\n<li>finanzielle Zuwendungen<\/li>\n<\/ul>\n<p style=\"text-align: justify\">Dankbar sind wir, wenn wir sehen, dass unsere Hilfe ankommt und die Menschen sich dar\u00fcber freuen, dass<\/p>\n<ul style=\"text-align: justify\">\n<li>kleine H\u00e4user und Latrinen von unseren Hilfsgeldern gebaut,<\/li>\n<li>Brunnen gebohrt,<\/li>\n<li>Schulmaterialien beschafft werden.<\/li>\n<li>Frauen einen bescheidenen Lohn durch die Herstellung von Schmuckgegenst\u00e4nden erhalten,<\/li>\n<li>alte Menschen t\u00e4glich eine warme Mahlzeit bekommen.<\/li>\n<\/ul>\n<\/div>\n<p>[\/vc_column_text][vc_empty_space height=&#8220;20px&#8220;][vc_separator color=&#8220;custom&#8220; border_width=&#8220;5&#8243; accent_color=&#8220;#ff6600&#8243;][vc_custom_heading text=&#8220;Links zu Akteuren des Fairen Handels&#8220; font_container=&#8220;tag:h2|text_align:center|color:%23000000&#8243; google_fonts=&#8220;font_family:PT%20Serif%3Aregular%2Citalic%2C700%2C700italic|font_style:400%20italic%3A400%3Aitalic&#8220;][vc_column_text]<\/p>\n<div class=\"wpb_text_column wpb_content_element \">\n<div class=\"wpb_wrapper\">\n<p><strong>Weltl\u00e4den<\/strong><\/p>\n<ul>\n<li><a href=\"http:\/\/www.weltladen.de\" target=\"_blank\" rel=\"noopener\"><em>Weltladen-Dachverband<\/em><\/a><\/li>\n<\/ul>\n<p><strong>Importorganisationen (Auswahl)<br \/>\n<\/strong><\/p>\n<ul>\n<li><em><a href=\"http:\/\/www.banafair.de\" target=\"_blank\" rel=\"noopener\">BanaFair<\/a><\/em><\/li>\n<li><em><a href=\"http:\/\/www.el-puente.de\" target=\"_blank\" rel=\"noopener\">El Puente<\/a><\/em><\/li>\n<li><em><a href=\"http:\/\/www.gepa.de\/\" target=\"_blank\" rel=\"noopener\">GEPA \u2013 The Fair Trade Company<\/a><\/em><\/li>\n<li><em><a href=\"https:\/\/www.globo-fairtrade.com\/\" target=\"_blank\" rel=\"noopener\">GLOBO<\/a><\/em><\/li>\n<li><a href=\"https:\/\/www.weltpartner.de\/de\" target=\"_blank\" rel=\"noopener\"><em>WeltPartner<\/em><\/a><\/li>\n<\/ul>\n<p><strong>Netzwerke und Infos \u00fcber Produzent\/innen<br \/>\n<\/strong><\/p>\n<ul>\n<li><em><a href=\"http:\/\/www.forum-fairer-handel.de\" target=\"_blank\" rel=\"noopener\">Forum Fairer Handel<\/a><\/em><\/li>\n<li><em><a href=\"https:\/\/www.fair-band.de\" target=\"_blank\" rel=\"noopener\">FAIR BAND<\/a><\/em><\/li>\n<li><em><a href=\"http:\/\/www.wfto.com\/\" target=\"_blank\" rel=\"noopener\">World Fair Trade Organization\u00a0(WFTO)<\/a><\/em><\/li>\n<li><a href=\"http:\/\/fairtrade.de\"><em>fairtrade.de<\/em><\/a><\/li>\n<\/ul>\n<p><strong>Siegelorganisationen<\/strong><\/p>\n<ul>\n<li><em><a href=\"http:\/\/www.naturland.de\/index.php?option=com_content&amp;view=category&amp;layout=blog&amp;id=148&amp;Itemid=888&amp;lang=de\">Naturland Fair<\/a><\/em><\/li>\n<li><em><a href=\"http:\/\/www.fairtrade-deutschland.de\" target=\"_blank\" rel=\"noopener\">Fairtrade Deutschland<\/a><\/em><\/li>\n<li><a href=\"http:\/\/www.fairtrade.net\" target=\"_blank\" rel=\"noopener\"><em>Fairtrade International<\/em><\/a><\/li>\n<\/ul>\n<\/div>\n<\/div>\n<p>[\/vc_column_text][vc_empty_space height=&#8220;20px&#8220;][vc_separator color=&#8220;custom&#8220; border_width=&#8220;5&#8243; accent_color=&#8220;#ff6600&#8243;][\/vc_column][\/vc_row][vc_row][vc_column][\/vc_column][\/vc_row]<\/p>\n<\/div>","protected":false},"excerpt":{"rendered":"<p>[vc_row][vc_column][vc_custom_heading text=&#8220;Fairer Handel bedeutet f\u00fcr Weltl\u00e4den&#8220; font_container=&#8220;tag:h2|text_align:center|color:%23000000&#8243; google_fonts=&#8220;font_family:PT%20Serif%3Aregular%2Citalic%2C700%2C700italic|font_style:400%20italic%3A400%3Aitalic&#8220;][vc_column_text] Verkaufen: Weil der Verkauf fair gehandelter Produkte das Leben f\u00fcr die Produzent\/innen verbessert. Informieren: Weil politische Kampagnen die Rahmenbedingungen f\u00fcr die Menschen im S\u00fcden ver\u00e4ndern k\u00f6nnen. Lernen: Weil Mitarbeiter\/innen und Kund\/innen viel \u00fcber die globalisierte Welt wissen sollten, um zu verstehen, wie unser Konsum die Welt ver\u00e4ndert&hellip;<\/p>\n","protected":false},"author":1,"featured_media":0,"parent":0,"menu_order":2,"comment_status":"closed","ping_status":"closed","template":"","meta":{"footnotes":""},"class_list":["post-218","page","type-page","status-publish","hentry","description-off"],"yoast_head":"<!-- This site is optimized with the Yoast SEO plugin v26.8 - https:\/\/yoast.com\/product\/yoast-seo-wordpress\/ -->\n<title>Fairer Handel - Weltladen Sigmaringen<\/title>\n<meta name=\"robots\" content=\"index, follow, max-snippet:-1, max-image-preview:large, max-video-preview:-1\" \/>\n<link rel=\"canonical\" href=\"https:\/\/weltlaeden.de\/sigmaringen\/fairer-handel\/\" \/>\n<meta property=\"og:locale\" content=\"de_DE\" \/>\n<meta property=\"og:type\" content=\"article\" \/>\n<meta property=\"og:title\" content=\"Fairer Handel - Weltladen Sigmaringen\" \/>\n<meta property=\"og:description\" content=\"[vc_row][vc_column][vc_custom_heading text=&#8220;Fairer Handel bedeutet f\u00fcr Weltl\u00e4den&#8220; font_container=&#8220;tag:h2|text_align:center|color:%23000000&#8243; google_fonts=&#8220;font_family:PT%20Serif%3Aregular%2Citalic%2C700%2C700italic|font_style:400%20italic%3A400%3Aitalic&#8220;][vc_column_text] Verkaufen: Weil der Verkauf fair gehandelter Produkte das Leben f\u00fcr die Produzent\/innen verbessert. Informieren: Weil politische Kampagnen die Rahmenbedingungen f\u00fcr die Menschen im S\u00fcden ver\u00e4ndern k\u00f6nnen. Lernen: Weil Mitarbeiter\/innen und Kund\/innen viel \u00fcber die globalisierte Welt wissen sollten, um zu verstehen, wie unser Konsum die Welt ver\u00e4ndert&hellip;\" \/>\n<meta property=\"og:url\" content=\"https:\/\/weltlaeden.de\/sigmaringen\/fairer-handel\/\" \/>\n<meta property=\"og:site_name\" content=\"Weltladen Sigmaringen\" \/>\n<meta property=\"article:modified_time\" content=\"2023-12-21T19:47:29+00:00\" \/>\n<meta property=\"og:image\" content=\"https:\/\/weltlaeden.de\/sigmaringen\/wp-content\/uploads\/sites\/134\/2020\/08\/G4-300x204.jpg\" \/>\n<meta name=\"twitter:card\" content=\"summary_large_image\" \/>\n<meta name=\"twitter:label1\" content=\"Gesch\u00e4tzte Lesezeit\" \/>\n\t<meta name=\"twitter:data1\" content=\"4\u00a0Minuten\" \/>\n<script type=\"application\/ld+json\" class=\"yoast-schema-graph\">{\"@context\":\"https:\/\/schema.org\",\"@graph\":[{\"@type\":\"WebPage\",\"@id\":\"https:\/\/weltlaeden.de\/sigmaringen\/fairer-handel\/\",\"url\":\"https:\/\/weltlaeden.de\/sigmaringen\/fairer-handel\/\",\"name\":\"Fairer Handel - Weltladen Sigmaringen\",\"isPartOf\":{\"@id\":\"https:\/\/weltlaeden.de\/sigmaringen\/#website\"},\"primaryImageOfPage\":{\"@id\":\"https:\/\/weltlaeden.de\/sigmaringen\/fairer-handel\/#primaryimage\"},\"image\":{\"@id\":\"https:\/\/weltlaeden.de\/sigmaringen\/fairer-handel\/#primaryimage\"},\"thumbnailUrl\":\"https:\/\/weltlaeden.de\/sigmaringen\/wp-content\/uploads\/sites\/134\/2020\/08\/G4-300x204.jpg\",\"datePublished\":\"2016-10-28T11:34:47+00:00\",\"dateModified\":\"2023-12-21T19:47:29+00:00\",\"breadcrumb\":{\"@id\":\"https:\/\/weltlaeden.de\/sigmaringen\/fairer-handel\/#breadcrumb\"},\"inLanguage\":\"de\",\"potentialAction\":[{\"@type\":\"ReadAction\",\"target\":[\"https:\/\/weltlaeden.de\/sigmaringen\/fairer-handel\/\"]}]},{\"@type\":\"ImageObject\",\"inLanguage\":\"de\",\"@id\":\"https:\/\/weltlaeden.de\/sigmaringen\/fairer-handel\/#primaryimage\",\"url\":\"https:\/\/weltlaeden.de\/sigmaringen\/wp-content\/uploads\/sites\/134\/2020\/08\/G4.jpg\",\"contentUrl\":\"https:\/\/weltlaeden.de\/sigmaringen\/wp-content\/uploads\/sites\/134\/2020\/08\/G4.jpg\",\"width\":588,\"height\":400,\"caption\":\"VLUU L200 \/ Samsung L200\"},{\"@type\":\"BreadcrumbList\",\"@id\":\"https:\/\/weltlaeden.de\/sigmaringen\/fairer-handel\/#breadcrumb\",\"itemListElement\":[{\"@type\":\"ListItem\",\"position\":1,\"name\":\"Startseite\",\"item\":\"https:\/\/weltlaeden.de\/sigmaringen\/\"},{\"@type\":\"ListItem\",\"position\":2,\"name\":\"Fairer Handel\"}]},{\"@type\":\"WebSite\",\"@id\":\"https:\/\/weltlaeden.de\/sigmaringen\/#website\",\"url\":\"https:\/\/weltlaeden.de\/sigmaringen\/\",\"name\":\"Weltladen Sigmaringen\",\"description\":\"Faire Produkte seit 1990\",\"potentialAction\":[{\"@type\":\"SearchAction\",\"target\":{\"@type\":\"EntryPoint\",\"urlTemplate\":\"https:\/\/weltlaeden.de\/sigmaringen\/?s={search_term_string}\"},\"query-input\":{\"@type\":\"PropertyValueSpecification\",\"valueRequired\":true,\"valueName\":\"search_term_string\"}}],\"inLanguage\":\"de\"}]}<\/script>\n<!-- \/ Yoast SEO plugin. -->","yoast_head_json":{"title":"Fairer Handel - Weltladen Sigmaringen","robots":{"index":"index","follow":"follow","max-snippet":"max-snippet:-1","max-image-preview":"max-image-preview:large","max-video-preview":"max-video-preview:-1"},"canonical":"https:\/\/weltlaeden.de\/sigmaringen\/fairer-handel\/","og_locale":"de_DE","og_type":"article","og_title":"Fairer Handel - Weltladen Sigmaringen","og_description":"[vc_row][vc_column][vc_custom_heading text=&#8220;Fairer Handel bedeutet f\u00fcr Weltl\u00e4den&#8220; font_container=&#8220;tag:h2|text_align:center|color:%23000000&#8243; google_fonts=&#8220;font_family:PT%20Serif%3Aregular%2Citalic%2C700%2C700italic|font_style:400%20italic%3A400%3Aitalic&#8220;][vc_column_text] Verkaufen: Weil der Verkauf fair gehandelter Produkte das Leben f\u00fcr die Produzent\/innen verbessert. Informieren: Weil politische Kampagnen die Rahmenbedingungen f\u00fcr die Menschen im S\u00fcden ver\u00e4ndern k\u00f6nnen. Lernen: Weil Mitarbeiter\/innen und Kund\/innen viel \u00fcber die globalisierte Welt wissen sollten, um zu verstehen, wie unser Konsum die Welt ver\u00e4ndert&hellip;","og_url":"https:\/\/weltlaeden.de\/sigmaringen\/fairer-handel\/","og_site_name":"Weltladen Sigmaringen","article_modified_time":"2023-12-21T19:47:29+00:00","og_image":[{"url":"https:\/\/weltlaeden.de\/sigmaringen\/wp-content\/uploads\/sites\/134\/2020\/08\/G4-300x204.jpg","type":"","width":"","height":""}],"twitter_card":"summary_large_image","twitter_misc":{"Gesch\u00e4tzte Lesezeit":"4\u00a0Minuten"},"schema":{"@context":"https:\/\/schema.org","@graph":[{"@type":"WebPage","@id":"https:\/\/weltlaeden.de\/sigmaringen\/fairer-handel\/","url":"https:\/\/weltlaeden.de\/sigmaringen\/fairer-handel\/","name":"Fairer Handel - Weltladen Sigmaringen","isPartOf":{"@id":"https:\/\/weltlaeden.de\/sigmaringen\/#website"},"primaryImageOfPage":{"@id":"https:\/\/weltlaeden.de\/sigmaringen\/fairer-handel\/#primaryimage"},"image":{"@id":"https:\/\/weltlaeden.de\/sigmaringen\/fairer-handel\/#primaryimage"},"thumbnailUrl":"https:\/\/weltlaeden.de\/sigmaringen\/wp-content\/uploads\/sites\/134\/2020\/08\/G4-300x204.jpg","datePublished":"2016-10-28T11:34:47+00:00","dateModified":"2023-12-21T19:47:29+00:00","breadcrumb":{"@id":"https:\/\/weltlaeden.de\/sigmaringen\/fairer-handel\/#breadcrumb"},"inLanguage":"de","potentialAction":[{"@type":"ReadAction","target":["https:\/\/weltlaeden.de\/sigmaringen\/fairer-handel\/"]}]},{"@type":"ImageObject","inLanguage":"de","@id":"https:\/\/weltlaeden.de\/sigmaringen\/fairer-handel\/#primaryimage","url":"https:\/\/weltlaeden.de\/sigmaringen\/wp-content\/uploads\/sites\/134\/2020\/08\/G4.jpg","contentUrl":"https:\/\/weltlaeden.de\/sigmaringen\/wp-content\/uploads\/sites\/134\/2020\/08\/G4.jpg","width":588,"height":400,"caption":"VLUU L200 \/ Samsung L200"},{"@type":"BreadcrumbList","@id":"https:\/\/weltlaeden.de\/sigmaringen\/fairer-handel\/#breadcrumb","itemListElement":[{"@type":"ListItem","position":1,"name":"Startseite","item":"https:\/\/weltlaeden.de\/sigmaringen\/"},{"@type":"ListItem","position":2,"name":"Fairer Handel"}]},{"@type":"WebSite","@id":"https:\/\/weltlaeden.de\/sigmaringen\/#website","url":"https:\/\/weltlaeden.de\/sigmaringen\/","name":"Weltladen Sigmaringen","description":"Faire Produkte seit 1990","potentialAction":[{"@type":"SearchAction","target":{"@type":"EntryPoint","urlTemplate":"https:\/\/weltlaeden.de\/sigmaringen\/?s={search_term_string}"},"query-input":{"@type":"PropertyValueSpecification","valueRequired":true,"valueName":"search_term_string"}}],"inLanguage":"de"}]}},"_links":{"self":[{"href":"https:\/\/weltlaeden.de\/sigmaringen\/wp-json\/wp\/v2\/pages\/218","targetHints":{"allow":["GET"]}}],"collection":[{"href":"https:\/\/weltlaeden.de\/sigmaringen\/wp-json\/wp\/v2\/pages"}],"about":[{"href":"https:\/\/weltlaeden.de\/sigmaringen\/wp-json\/wp\/v2\/types\/page"}],"author":[{"embeddable":true,"href":"https:\/\/weltlaeden.de\/sigmaringen\/wp-json\/wp\/v2\/users\/1"}],"replies":[{"embeddable":true,"href":"https:\/\/weltlaeden.de\/sigmaringen\/wp-json\/wp\/v2\/comments?post=218"}],"version-history":[{"count":47,"href":"https:\/\/weltlaeden.de\/sigmaringen\/wp-json\/wp\/v2\/pages\/218\/revisions"}],"predecessor-version":[{"id":1334,"href":"https:\/\/weltlaeden.de\/sigmaringen\/wp-json\/wp\/v2\/pages\/218\/revisions\/1334"}],"wp:attachment":[{"href":"https:\/\/weltlaeden.de\/sigmaringen\/wp-json\/wp\/v2\/media?parent=218"}],"curies":[{"name":"wp","href":"https:\/\/api.w.org\/{rel}","templated":true}]}}