{"id":1007,"date":"2020-09-02T15:17:52","date_gmt":"2020-09-02T13:17:52","guid":{"rendered":"https:\/\/weltlaeden.de\/sigmaringen\/?page_id=1007"},"modified":"2020-09-04T16:02:10","modified_gmt":"2020-09-04T14:02:10","slug":"aufteilung-ak-und-weltladen","status":"publish","type":"page","link":"https:\/\/weltlaeden.de\/sigmaringen\/aufteilung-ak-und-weltladen\/","title":{"rendered":"Aufteilung AK und Weltladen"},"content":{"rendered":"<div class=\"wpb-content-wrapper\"><p>[vc_row][vc_column]<section class=\"shortcode-teaser img-full\"><div class=\"layzr-bg shortcode-teaser-img\"><img loading=\"lazy\" decoding=\"async\" class=\"lazy-load\" src=\"data:image\/svg+xml;charset=utf-8,%3Csvg xmlns%3D&#039;http%3A%2F%2Fwww.w3.org%2F2000%2Fsvg&#039; viewBox%3D&#039;0 0 1280 589&#039;%2F%3E\" width=\"1280\" height=\"589\" data-srcset=\"https:\/\/weltlaeden.de\/sigmaringen\/wp-content\/uploads\/sites\/134\/2020\/09\/weltlaen.jpg 1280w\" data-src=\"https:\/\/weltlaeden.de\/sigmaringen\/wp-content\/uploads\/sites\/134\/2020\/09\/weltlaen.jpg\" \/><\/div><div class=\"shortcode-teaser-content text-big\"><\/div><\/section>[vc_empty_space height=&#8220;20px&#8220;][vc_custom_heading text=&#8220;AK Eine Welt Sigmaringen e.V. und Weltladen&#8220; font_container=&#8220;tag:h2|font_size:30|text_align:center|color:%23000000&#8243; google_fonts=&#8220;font_family:PT%20Serif%3Aregular%2Citalic%2C700%2C700italic|font_style:700%20bold%20italic%3A700%3Aitalic&#8220;][vc_empty_space height=&#8220;20px&#8220;][vc_column_text]<\/p>\n<p style=\"text-align: justify\">Unser AK teilt sich in zwei Bereiche auf:<\/p>\n<ol style=\"text-align: justify\">\n<li>Arbeitskreis &#8211; mit aktiven und passiven Mitgliedern\u00a0 &#8211; z.Z. ca. 80 Mitglieder<\/li>\n<li>Der Weltladen<\/li>\n<\/ol>\n<p><strong>1. Arbeitskreis Eine Welt Sigmaringen e.V.<\/strong><\/p>\n<p style=\"text-align: justify\">Wir machen immer wieder einmal mit Aktionen in der \u00d6ffentlichkeit auf uns aufmerksam oder informieren in Schulen<\/p>\n<p style=\"text-align: justify\">Beispiele:<\/p>\n<ul>\n<li style=\"text-align: justify\">Trommlergruppe am Afrikatag 2007<\/li>\n<li style=\"text-align: justify\">Pr\u00e4senz bei der Veranstaltung am 24.9.17\u00a0 Fest der Begegnung<\/li>\n<li style=\"text-align: justify\">Flohmarkt in Sigmaringen August 17<\/li>\n<li style=\"text-align: justify\">Faires Fr\u00fchst\u00fcck zusammen mit der Lenkungsgruppe Fair Trade Stadt am 11.05.2019<\/li>\n<\/ul>\n<p style=\"text-align: justify\">Der AK bzw. Verein unterst\u00fctzt seit seiner Gr\u00fcndung Projekte v.a. in den unterentwickelten L\u00e4ndern. Seit der Gr\u00fcndung 1985 wurden \u00fcber 680.000 EUR an Unterst\u00fctzungen gew\u00e4hrleistet. Unterst\u00fctzt werden oder wurden Projekte z.B. in\u00a0 Argentinien, Bangladesch, Ecquador, El Salvador, Ghana, Indien, Laos, Philippinen, &#8230;<br \/>\nDieses Geld kommt durch Mitgliedsbeitr\u00e4ge und Spenden zustande. Wann immer m\u00f6glich, versuchen wir solche Projekte zu unterst\u00fctzen, von denen wir direkt od. indirekt ein R\u00fcckmeldung dar\u00fcber erhalten, was mit unseren Spendengeldern gemacht wird.<\/p>\n<p style=\"text-align: justify\">Zwei Beispiele:<\/p>\n<p style=\"text-align: justify\">2015 war die Familie Kleiner auf einer Reise u.a. in Laos, einem wundersch\u00f6nen Land.\u00a0Sie haben zuf\u00e4llig einen Mann getroffen &#8211; Hubert Kastner- aus Bayern, der dort seit Jahren in mehreren D\u00f6rfern Leprakranke betreut, die abgesondert zusammen mit ihren Familien in diesen &#8222;Leprad\u00f6rfern&#8220; leben m\u00fcssen.<\/p>\n<p style=\"text-align: justify\">Hubert Kastner versucht so gut es geht, diesen Menschen zu helfen. Er leistet medizinischen Beistand, um ihnen ein einigerma\u00dfen w\u00fcrdiges Leben zu erm\u00f6glichen. Wir unterst\u00fctzen ihn seither und er konnte mit unseren Geldern Latrinen bauen lassen und sogar neue Unterk\u00fcnfte schaffen oder auch die ben\u00f6tigten Medikamente kaufen.<br \/>\nIm Weltladen verkaufen wir einige handwerkliche Arbeiten, die den Menschen dort einen kleinen Verdienst erm\u00f6glichen. Wichtig f\u00fcr uns ist, dass Herr Kastner uns regelm\u00e4\u00dfig Nachrichten aus Laos zukommen l\u00e4sst und er auch schon selbst bei uns in Sigmaringen informierte.<\/p>\n<p style=\"text-align: justify\">Das zweite Beispiel f\u00fcr den direkten Kontakt zu\u00a0 den von unserem AK unterst\u00fctzten Projekten:<\/p>\n<p style=\"text-align: justify\">Dagmar Gulde-Affanyi in Ghana. Sie lebt dort seit vielen Jahren mit ihrer Familie. In ihrem Dorf hat sie u.a. mit unserer Unterst\u00fctzung den desolaten Kindergarten wieder zu einem Schmuckst\u00fcck umbauen lassen. Jetzt f\u00fchlen sich die Kinder wieder wohl. Au\u00dferdem hat sie damit begonnen, mit Hilfe von Dorfbewohnern \u00a0Schmuck herzustellen, den sie in den Weltl\u00e4den\u00a0 &#8211; auch bei uns &#8211; verkauft und somit hilft, den Frauen und M\u00e4nnern ein bescheidenes Einkommen zu sichern. Bis zu 20 Menschen finden so Arbeit. Aus Altglas bzw. Scherben werden wundersch\u00f6ne Ketten.\u00a0Und so finden die Ketten ihren Weg in unseren Weltladen. Auch eine N\u00e4hschule wurde mit Geldern aus Deutschland eingerichtet, in der M\u00e4dchen ausgebildet werden.<br \/>\nEin besonderes Ereignis v.a. f\u00fcr die Dorfbewohner war der Bau eines Brunnens mit unserer Unterst\u00fctzung. Jetzt m\u00fcssen die Frauen nicht mehr die weiten Wege zur n\u00e4chsten Wasserstelle zur\u00fccklegen. Wenn Dagmar Gulde in Deutschland ist, erhalten wir regelm\u00e4\u00dfig Information \u00fcber ihre Arbeit in Ghana.<\/p>\n<p style=\"text-align: justify\"><strong>2. Der Weltladen<\/strong><\/p>\n<p style=\"text-align: justify\">Mit einem Jahresumsatz von ca. 50.000 &#8211; 60.000 EUR pro Jahr k\u00f6nnen wir nat\u00fcrlich mit den gro\u00dfen Supermarktketten mithalten. Diese Summen setzen sie an einem Wochenende locker um.<\/p>\n<p style=\"text-align: justify\">Trotzdem: Auch Kleinvieh macht Mist &#8211; wie es im Schw\u00e4bischen so sch\u00f6n hei\u00dft.<\/p>\n<p style=\"text-align: justify\">Nimmt man alle Weltl\u00e4den in Deutschland zusammen, es sind ca. 800 &#8211; 900 L\u00e4den, dann kommt doch eine beachtliche Summe zusammen, auch wenn wir in Sigmaringen nur einen kleinen Beitrag leisten. Durch den Kauf von fair gehandelten Produkten unterst\u00fctzen wir Kleinbauern, die Kaffee oder Tee anbauen, und einerseits im Anbau von biologischen Lebensmitteln aktiven Umweltschutz betreiben und andererseits unabh\u00e4ngiger von den Gro\u00dfh\u00e4ndlern und Konzernen werden, indem ihnen z.B. die GEPA oder dwp \u00a0faire Preise garantiert. Damit k\u00f6nnen sie sich einen bescheidenen Wohlstand erarbeiten und gleichzeitig die Schulbildung ihrer Kinder bezahlen. Sie m\u00fcssen also nicht mehr in die Stadt ziehen und in elenden Slums wohnen, sondern k\u00f6nnen in ihren D\u00f6rfern bleiben. Damit k\u00f6nnen wir durch den Einkauf von fair gehandelten Produkten auch ein st\u00fcckweit den Fl\u00fcchtlingsstr\u00f6men entgegenwirken .<\/p>\n<p style=\"text-align: justify\">Viele Menschen, engagieren sich in unserem Weltladen ehrenamtlich (20a), als Verk\u00e4uferInnen, SchaufensterdekorateurInnen, Eink\u00e4uferInnen.<\/p>\n<p style=\"text-align: justify\">Wir haben haben ein breites Sortiment:\u00a0 Lebensmittel (Reis; Kaffee, Gew\u00fcrze, Schokolade, Mangos&#8230;) und Geschenkartikel (Taschen, Schmuck, Karten&#8230;).<br \/>\nUnsere Lieferanten sind zertifiziert &#8211; wir k\u00f6nnen uns darauf verlassen, dass wir fair gehandelte Produkte von ihnen beziehen. gepa, El Puente, dwp<br \/>\nBesonders zu <a href=\"https:\/\/weltlaeden.de\/sigmaringen\/wp-content\/uploads\/sites\/134\/2020\/09\/Fairer-Handel.pdf\"><span style=\"color: #ff6600\"><em>dwp\u00a0 &#8211; der WeltPartner &#8211; aus Ravensburg<\/em><\/span><\/a> haben wir eine enge Beziehung und sind Genossenschaftsmitglied. Die Ravensburger sind immer wieder vor Ort &#8211; sei es auf den Philippinen, in &#8230;und berichten regelm\u00e4\u00dfig \u00fcber ihre Projekte.<br \/>\nEin Beispiel noch f\u00fcr das Wirken von dwp:\u00a0 Vor wenigen Jahren zerst\u00f6rte ein Wirbelsturm auf den Philippinen die M\u00fchle in einem Dorf, das f\u00fcr dwp Rohzucker produziert. Die Menschen standen vor dem Aus. dwp organisierte in kurzer Zeit mit Hilfe der Weltl\u00e4den ein Hilfsprogramm und lie\u00df die M\u00fchle wieder aufbauen. Die Ernte war damit gerettet &#8211; die Menschen konnten weiter Rohzucker herstellen.<\/p>\n<p>[\/vc_column_text][\/vc_column][\/vc_row][vc_row][vc_column width=&#8220;1\/6&#8243;][vc_single_image image=&#8220;1015&#8243; alignment=&#8220;center&#8220; onclick=&#8220;img_link_large&#8220;][\/vc_column][vc_column width=&#8220;1\/6&#8243;][vc_single_image image=&#8220;1020&#8243; alignment=&#8220;center&#8220; onclick=&#8220;img_link_large&#8220;][\/vc_column][vc_column width=&#8220;1\/6&#8243;][vc_single_image image=&#8220;1019&#8243; alignment=&#8220;center&#8220; onclick=&#8220;img_link_large&#8220;][\/vc_column][vc_column width=&#8220;1\/6&#8243;][vc_single_image image=&#8220;1018&#8243; alignment=&#8220;center&#8220; onclick=&#8220;img_link_large&#8220;][\/vc_column][vc_column width=&#8220;1\/6&#8243;][vc_single_image image=&#8220;1016&#8243; alignment=&#8220;center&#8220; onclick=&#8220;img_link_large&#8220;][\/vc_column][vc_column width=&#8220;1\/6&#8243;][vc_single_image image=&#8220;1017&#8243; alignment=&#8220;center&#8220; onclick=&#8220;img_link_large&#8220;][\/vc_column][\/vc_row]<\/p>\n<\/div>","protected":false},"excerpt":{"rendered":"<p>[vc_row][vc_column][vc_empty_space height=&#8220;20px&#8220;][vc_custom_heading text=&#8220;AK Eine Welt Sigmaringen e.V. und Weltladen&#8220; font_container=&#8220;tag:h2|font_size:30|text_align:center|color:%23000000&#8243; google_fonts=&#8220;font_family:PT%20Serif%3Aregular%2Citalic%2C700%2C700italic|font_style:700%20bold%20italic%3A700%3Aitalic&#8220;][vc_empty_space height=&#8220;20px&#8220;][vc_column_text] Unser AK teilt sich in zwei Bereiche auf: Arbeitskreis &#8211; mit aktiven und passiven Mitgliedern\u00a0 &#8211; z.Z. ca. 80 Mitglieder Der Weltladen 1. Arbeitskreis Eine Welt Sigmaringen e.V. Wir machen immer wieder einmal mit Aktionen in der \u00d6ffentlichkeit auf uns aufmerksam oder informieren&hellip;<\/p>\n","protected":false},"author":196,"featured_media":0,"parent":0,"menu_order":0,"comment_status":"closed","ping_status":"closed","template":"","meta":{"footnotes":""},"class_list":["post-1007","page","type-page","status-publish","hentry","description-off"],"yoast_head":"<!-- This site is optimized with the Yoast SEO plugin v26.8 - https:\/\/yoast.com\/product\/yoast-seo-wordpress\/ -->\n<title>Aufteilung AK und Weltladen - Weltladen Sigmaringen<\/title>\n<meta name=\"robots\" content=\"index, follow, max-snippet:-1, max-image-preview:large, max-video-preview:-1\" \/>\n<link rel=\"canonical\" href=\"https:\/\/weltlaeden.de\/sigmaringen\/aufteilung-ak-und-weltladen\/\" \/>\n<meta property=\"og:locale\" content=\"de_DE\" \/>\n<meta property=\"og:type\" content=\"article\" \/>\n<meta property=\"og:title\" content=\"Aufteilung AK und Weltladen - Weltladen Sigmaringen\" \/>\n<meta property=\"og:description\" content=\"[vc_row][vc_column][vc_empty_space height=&#8220;20px&#8220;][vc_custom_heading text=&#8220;AK Eine Welt Sigmaringen e.V. und Weltladen&#8220; font_container=&#8220;tag:h2|font_size:30|text_align:center|color:%23000000&#8243; google_fonts=&#8220;font_family:PT%20Serif%3Aregular%2Citalic%2C700%2C700italic|font_style:700%20bold%20italic%3A700%3Aitalic&#8220;][vc_empty_space height=&#8220;20px&#8220;][vc_column_text] Unser AK teilt sich in zwei Bereiche auf: Arbeitskreis &#8211; mit aktiven und passiven Mitgliedern\u00a0 &#8211; z.Z. ca. 80 Mitglieder Der Weltladen 1. Arbeitskreis Eine Welt Sigmaringen e.V. Wir machen immer wieder einmal mit Aktionen in der \u00d6ffentlichkeit auf uns aufmerksam oder informieren&hellip;\" \/>\n<meta property=\"og:url\" content=\"https:\/\/weltlaeden.de\/sigmaringen\/aufteilung-ak-und-weltladen\/\" \/>\n<meta property=\"og:site_name\" content=\"Weltladen Sigmaringen\" \/>\n<meta property=\"article:modified_time\" content=\"2020-09-04T14:02:10+00:00\" \/>\n<meta name=\"twitter:card\" content=\"summary_large_image\" \/>\n<meta name=\"twitter:label1\" content=\"Gesch\u00e4tzte Lesezeit\" \/>\n\t<meta name=\"twitter:data1\" content=\"5\u00a0Minuten\" \/>\n<script type=\"application\/ld+json\" class=\"yoast-schema-graph\">{\"@context\":\"https:\/\/schema.org\",\"@graph\":[{\"@type\":\"WebPage\",\"@id\":\"https:\/\/weltlaeden.de\/sigmaringen\/aufteilung-ak-und-weltladen\/\",\"url\":\"https:\/\/weltlaeden.de\/sigmaringen\/aufteilung-ak-und-weltladen\/\",\"name\":\"Aufteilung AK und Weltladen - Weltladen Sigmaringen\",\"isPartOf\":{\"@id\":\"https:\/\/weltlaeden.de\/sigmaringen\/#website\"},\"datePublished\":\"2020-09-02T13:17:52+00:00\",\"dateModified\":\"2020-09-04T14:02:10+00:00\",\"breadcrumb\":{\"@id\":\"https:\/\/weltlaeden.de\/sigmaringen\/aufteilung-ak-und-weltladen\/#breadcrumb\"},\"inLanguage\":\"de\",\"potentialAction\":[{\"@type\":\"ReadAction\",\"target\":[\"https:\/\/weltlaeden.de\/sigmaringen\/aufteilung-ak-und-weltladen\/\"]}]},{\"@type\":\"BreadcrumbList\",\"@id\":\"https:\/\/weltlaeden.de\/sigmaringen\/aufteilung-ak-und-weltladen\/#breadcrumb\",\"itemListElement\":[{\"@type\":\"ListItem\",\"position\":1,\"name\":\"Startseite\",\"item\":\"https:\/\/weltlaeden.de\/sigmaringen\/\"},{\"@type\":\"ListItem\",\"position\":2,\"name\":\"Aufteilung AK und Weltladen\"}]},{\"@type\":\"WebSite\",\"@id\":\"https:\/\/weltlaeden.de\/sigmaringen\/#website\",\"url\":\"https:\/\/weltlaeden.de\/sigmaringen\/\",\"name\":\"Weltladen Sigmaringen\",\"description\":\"Faire Produkte seit 1990\",\"potentialAction\":[{\"@type\":\"SearchAction\",\"target\":{\"@type\":\"EntryPoint\",\"urlTemplate\":\"https:\/\/weltlaeden.de\/sigmaringen\/?s={search_term_string}\"},\"query-input\":{\"@type\":\"PropertyValueSpecification\",\"valueRequired\":true,\"valueName\":\"search_term_string\"}}],\"inLanguage\":\"de\"}]}<\/script>\n<!-- \/ Yoast SEO plugin. -->","yoast_head_json":{"title":"Aufteilung AK und Weltladen - Weltladen Sigmaringen","robots":{"index":"index","follow":"follow","max-snippet":"max-snippet:-1","max-image-preview":"max-image-preview:large","max-video-preview":"max-video-preview:-1"},"canonical":"https:\/\/weltlaeden.de\/sigmaringen\/aufteilung-ak-und-weltladen\/","og_locale":"de_DE","og_type":"article","og_title":"Aufteilung AK und Weltladen - Weltladen Sigmaringen","og_description":"[vc_row][vc_column][vc_empty_space height=&#8220;20px&#8220;][vc_custom_heading text=&#8220;AK Eine Welt Sigmaringen e.V. und Weltladen&#8220; font_container=&#8220;tag:h2|font_size:30|text_align:center|color:%23000000&#8243; google_fonts=&#8220;font_family:PT%20Serif%3Aregular%2Citalic%2C700%2C700italic|font_style:700%20bold%20italic%3A700%3Aitalic&#8220;][vc_empty_space height=&#8220;20px&#8220;][vc_column_text] Unser AK teilt sich in zwei Bereiche auf: Arbeitskreis &#8211; mit aktiven und passiven Mitgliedern\u00a0 &#8211; z.Z. ca. 80 Mitglieder Der Weltladen 1. Arbeitskreis Eine Welt Sigmaringen e.V. Wir machen immer wieder einmal mit Aktionen in der \u00d6ffentlichkeit auf uns aufmerksam oder informieren&hellip;","og_url":"https:\/\/weltlaeden.de\/sigmaringen\/aufteilung-ak-und-weltladen\/","og_site_name":"Weltladen Sigmaringen","article_modified_time":"2020-09-04T14:02:10+00:00","twitter_card":"summary_large_image","twitter_misc":{"Gesch\u00e4tzte Lesezeit":"5\u00a0Minuten"},"schema":{"@context":"https:\/\/schema.org","@graph":[{"@type":"WebPage","@id":"https:\/\/weltlaeden.de\/sigmaringen\/aufteilung-ak-und-weltladen\/","url":"https:\/\/weltlaeden.de\/sigmaringen\/aufteilung-ak-und-weltladen\/","name":"Aufteilung AK und Weltladen - Weltladen Sigmaringen","isPartOf":{"@id":"https:\/\/weltlaeden.de\/sigmaringen\/#website"},"datePublished":"2020-09-02T13:17:52+00:00","dateModified":"2020-09-04T14:02:10+00:00","breadcrumb":{"@id":"https:\/\/weltlaeden.de\/sigmaringen\/aufteilung-ak-und-weltladen\/#breadcrumb"},"inLanguage":"de","potentialAction":[{"@type":"ReadAction","target":["https:\/\/weltlaeden.de\/sigmaringen\/aufteilung-ak-und-weltladen\/"]}]},{"@type":"BreadcrumbList","@id":"https:\/\/weltlaeden.de\/sigmaringen\/aufteilung-ak-und-weltladen\/#breadcrumb","itemListElement":[{"@type":"ListItem","position":1,"name":"Startseite","item":"https:\/\/weltlaeden.de\/sigmaringen\/"},{"@type":"ListItem","position":2,"name":"Aufteilung AK und Weltladen"}]},{"@type":"WebSite","@id":"https:\/\/weltlaeden.de\/sigmaringen\/#website","url":"https:\/\/weltlaeden.de\/sigmaringen\/","name":"Weltladen Sigmaringen","description":"Faire Produkte seit 1990","potentialAction":[{"@type":"SearchAction","target":{"@type":"EntryPoint","urlTemplate":"https:\/\/weltlaeden.de\/sigmaringen\/?s={search_term_string}"},"query-input":{"@type":"PropertyValueSpecification","valueRequired":true,"valueName":"search_term_string"}}],"inLanguage":"de"}]}},"_links":{"self":[{"href":"https:\/\/weltlaeden.de\/sigmaringen\/wp-json\/wp\/v2\/pages\/1007","targetHints":{"allow":["GET"]}}],"collection":[{"href":"https:\/\/weltlaeden.de\/sigmaringen\/wp-json\/wp\/v2\/pages"}],"about":[{"href":"https:\/\/weltlaeden.de\/sigmaringen\/wp-json\/wp\/v2\/types\/page"}],"author":[{"embeddable":true,"href":"https:\/\/weltlaeden.de\/sigmaringen\/wp-json\/wp\/v2\/users\/196"}],"replies":[{"embeddable":true,"href":"https:\/\/weltlaeden.de\/sigmaringen\/wp-json\/wp\/v2\/comments?post=1007"}],"version-history":[{"count":9,"href":"https:\/\/weltlaeden.de\/sigmaringen\/wp-json\/wp\/v2\/pages\/1007\/revisions"}],"predecessor-version":[{"id":1036,"href":"https:\/\/weltlaeden.de\/sigmaringen\/wp-json\/wp\/v2\/pages\/1007\/revisions\/1036"}],"wp:attachment":[{"href":"https:\/\/weltlaeden.de\/sigmaringen\/wp-json\/wp\/v2\/media?parent=1007"}],"curies":[{"name":"wp","href":"https:\/\/api.w.org\/{rel}","templated":true}]}}