{"id":23,"date":"2016-10-14T09:05:21","date_gmt":"2016-10-14T07:05:21","guid":{"rendered":"https:\/\/wl.heimpixel.de\/vorlage\/termine\/"},"modified":"2022-05-17T15:04:03","modified_gmt":"2022-05-17T13:04:03","slug":"termine","status":"publish","type":"page","link":"https:\/\/weltlaeden.de\/schwaigern\/termine\/","title":{"rendered":"Termine"},"content":{"rendered":"<div class=\"wpb-content-wrapper\"><p>[vc_row][vc_column]<div class=\"wl_einzelbild\"><p><img loading=\"lazy\" decoding=\"async\" class=\"aligncenter size-full wp-image-nsm-3-33\" src=\"https:\/\/weltlaeden.de\/schwaigern\/wp-content\/uploads\/sites\/3\/2018\/07\/pocket-watch-1637396_1920_pixabay.png\" alt=\"\" width=\"787\" height=\"340\" \/><\/p><\/div>[vc_empty_space height=&#8220;30px&#8220;][vc_column_text]<\/p>\n<h1>Termine<\/h1>\n<h4><\/h4>\n<p>[\/vc_column_text][vc_empty_space height=&#8220;30px&#8220;][\/vc_column][\/vc_row][vc_row][vc_column width=&#8220;2\/3&#8243;][vc_column_text]<\/p>\n<h2>Kommende Termine<\/h2>\n<p>[\/vc_column_text]<ul class=\"termine-page current aktuell\"><li><h5 class=\"termine-titel\"><a href=\"https:\/\/weltlaeden.de\/schwaigern\/termin\/mitgliedervesammlung-2026\/\">Mitgliederversammlung 2026<\/a><\/h5><p class=\"termine-date\">Di., 05.05.2026, 19:00<\/p><p class=\"termine-auszug\"><p class=termine-ort\"><small>Ort: <i>Evang. Gemeindehaus Schwaigern, Schlo\u00dfstra\u00dfe 38<\/i><\/small><\/p><\/li><\/ul>[vc_empty_space height=&#8220;30px&#8220;][vc_column_text]<\/p>\n<h2>Vergangene Termine<\/h2>\n<p>[\/vc_column_text]<ul class=\"termine-page past vergangen\"><li><h5 class=\"termine-titel\"><a href=\"https:\/\/weltlaeden.de\/schwaigern\/termin\/lebendiger-adventskalender-2\/\">Lebendiger Adventskalender<\/a><\/h5><p class=\"termine-date\">Di., 09.12.2025, 18:00<\/p><p class=\"termine-auszug\">Am Dienstag, 9. Dezember um 18.00 Uhr findet vor dem Weltladen-Schaufenster f\u00fcr eine halbe Stunde der lebendige Adventskalender statt mit besinnlichen Texten und Gesang.<\/li><li><h5 class=\"termine-titel\"><a href=\"https:\/\/weltlaeden.de\/schwaigern\/termin\/adventsfeier\/\">Adventsfeier<\/a><\/h5><p class=\"termine-date\">Mi., 03.12.2025, 18:00<\/p><p class=\"termine-auszug\">Wir treffen uns im Versammlungsraum der kath. Kirche bei Geb\u00e4ck, Punsch und Geschichten.<\/li><li><h5 class=\"termine-titel\"><a href=\"https:\/\/weltlaeden.de\/schwaigern\/termin\/jahresplanung-2026\/\">Jahresplanung 2026<\/a><\/h5><p class=\"termine-date\">Do., 13.11.2025, 19:00<\/p><p class=\"termine-auszug\">Treffen zur Jahresplanung 2026 im Laden.<\/li><li><h5 class=\"termine-titel\"><a href=\"https:\/\/weltlaeden.de\/schwaigern\/termin\/treffen-fuer-mitarbeitende-3\/\">Treffen f\u00fcr Mitarbeitende<\/a><\/h5><p class=\"termine-date\">Do., 02.10.2025, 18:00<\/p><p class=\"termine-auszug\">Lockeres Treffen f\u00fcr Weltladen-Mitarbeitende. Eine M\u00f6glichkeit, sich zwanglos in gem\u00fctlicher Atmosph\u00e4re auszutauschen. Herzliche Einladung!<p class=termine-ort\"><small>Ort: <i>bei Pekers<\/i><\/small><\/p><\/li><li><h5 class=\"termine-titel\"><a href=\"https:\/\/weltlaeden.de\/schwaigern\/termin\/bildershow\/\">Bildershow<\/a><\/h5><p class=\"termine-date\">Sa., 27.09.2025, 18:00<\/p><p class=\"termine-auszug\">Gezeigt werden Bilder der letzten 40 Jahre, 18 Uhr im B\u00fcrgertreff.<\/li><li><h5 class=\"termine-titel\"><a href=\"https:\/\/weltlaeden.de\/schwaigern\/termin\/mitgliederversammlung-2\/\">Mitgliederversammlung<\/a><\/h5><p class=\"termine-date\">Di., 20.05.2025, 19:00<\/p><p class=\"termine-auszug\">An die diesj\u00e4hrige Mitgliederversammlung am Dienstag, 20. Mai um 19.30 im evang. Gemeindehaus wird hiermit nochmal erinnert.<p class=termine-ort\"><small>Ort: <i>Evang. Gemeindehaus Schwaigern<\/i><\/small><\/p><\/li><li><h5 class=\"termine-titel\"><a href=\"https:\/\/weltlaeden.de\/schwaigern\/termin\/984\/\">Lebendiger Adventskalender<\/a><\/h5><p class=\"termine-date\">Do., 19.12.2024, 18:00<\/p><p class=\"termine-auszug\">Am Donnerstag, 19. Dezember um 18.00 Uhr findet vor dem Weltladen-Schaufenster f\u00fcr eine halbe Stunde der lebendige Adventskalender statt mit besinnlichen Texten und Gesang.<p class=termine-ort\"><small>Ort: <i>Weltladen Schwaigern<\/i><\/small><\/p><\/li><li><h5 class=\"termine-titel\"><a href=\"https:\/\/weltlaeden.de\/schwaigern\/termin\/probierstand-3\/\">Probierstand<\/a><\/h5><p class=\"termine-date\">Sa., 12.10.2024, 10:00<\/p><p class=\"termine-auszug\">Probierstand in der Fu\u00dfg\u00e4ngerzone beim Storchennest von 10 bis 12 Uhr.<\/li><li><h5 class=\"termine-titel\"><a href=\"https:\/\/weltlaeden.de\/schwaigern\/termin\/festgottesdienst\/\">Festgottesdienst<\/a><\/h5><p class=\"termine-date\">So., 22.09.2024, 18:00<\/p><p class=\"termine-auszug\">40 Jahre Weltladen und Arbeitkreis Eine Welt e.V.: Unter der \u00dcberschrift \"Miteinander teilen\" findet am 22. September um 18 Uhr ein \u00f6kumenischer Festgottesdienst statt. ALLE sind herzlich eingeladen.<p class=termine-ort\"><small>Ort: <i>Evang. Stadtkirche Schwaigern<\/i><\/small><\/p><\/li><li><h5 class=\"termine-titel\"><a href=\"https:\/\/weltlaeden.de\/schwaigern\/termin\/probierstand-2\/\">Probierstand<\/a><\/h5><p class=\"termine-date\">Sa., 21.09.2024, 10:00<\/p><p class=\"termine-auszug\">Probierstand in der Fu\u00dfg\u00e4ngerzone beim Storchennest von 10 bis 12 Uhr.<\/li><li><h5 class=\"termine-titel\"><a href=\"https:\/\/weltlaeden.de\/schwaigern\/termin\/probierstand\/\">Probierstand<\/a><\/h5><p class=\"termine-date\">Sa., 27.07.2024, 10:00<\/p><p class=\"termine-auszug\">Probierstand in der Fu\u00dfg\u00e4ngerzone beim Storchennest von 10 bis 12 Uhr.<\/li><li><h5 class=\"termine-titel\"><a href=\"https:\/\/weltlaeden.de\/schwaigern\/termin\/probieraktion-in-der-fussgaengerzone\/\">Probieraktion in der Fu\u00dfg\u00e4ngerzone<\/a><\/h5><p class=\"termine-date\">Sa., 29.06.2024, 10:00<\/p><p class=\"termine-auszug\">Am Samstag, den 29. Juni, findet am Vormittag von 10 - 12 Uhr eine weitere<strong> Probieraktion unserer fair gehandelten Artikel vor dem Storchennest<\/strong> statt. Dieses Mal bieten wir Mangoprodukte an. Kommen Sie und probieren Sie! Sie sind herzlich eingeladen!<\/li><li><h5 class=\"termine-titel\"><a href=\"https:\/\/weltlaeden.de\/schwaigern\/termin\/vernissage-im-rathaus-schwaigern\/\">Vernissage im Rathaus Schwaigern<\/a><\/h5><p class=\"termine-date\">Do., 27.06.2024, 18:00<\/p><p class=\"termine-auszug\"><\/li><li><h5 class=\"termine-titel\"><a href=\"https:\/\/weltlaeden.de\/schwaigern\/termin\/zweite-probieraktion\/\">Zweite Probieraktion<\/a><\/h5><p class=\"termine-date\">Sa., 11.05.2024, 10:00<\/p><p class=\"termine-auszug\">Am Samstag, den 11. Mai, findet am Vormittag von 10 - 12 Uhr unsere <strong>zweite Probieraktion unserer fair gehandelten Artikel vor dem Storchennest<\/strong> statt. Sie k\u00f6nnen bei kostenlosen Tee-Proben deren Geschmacksvielfalt erkunden. Kommen Sie und probieren Sie! Sie sind herzlich eingeladen!<\/li><li><h5 class=\"termine-titel\"><a href=\"https:\/\/weltlaeden.de\/schwaigern\/termin\/mitgliederversammlung\/\">Mitgliederversammlung<\/a><\/h5><p class=\"termine-date\">Di., 07.05.2024, 19:30<\/p><p class=\"termine-auszug\">An die diesj\u00e4hrige Mitgliederversammlung am Dienstag, 7. Mai um 19.30 im evang. Gemeindehaus wird hiermit nochmal erinnert.<p class=termine-ort\"><small>Ort: <i>Evang. Gemeindehaus Schwaigern<\/i><\/small><\/p><\/li><li><h5 class=\"termine-titel\"><a href=\"https:\/\/weltlaeden.de\/schwaigern\/termin\/erste-probieraktion\/\">Erste Probieraktion<\/a><\/h5><p class=\"termine-date\">Sa., 04.05.2024, 10:00<\/p><p class=\"termine-auszug\">Am Samstag, den 4. Mai findet am Vormittag von 10 - 12 Uhr die <strong>erste Probieraktion vor dem Storchennest<\/strong> statt. Kommen Sie und probieren Sie! Alle sind herzlich eingeladen!<\/li><li><h5 class=\"termine-titel\"><a href=\"https:\/\/weltlaeden.de\/schwaigern\/termin\/lebendiger-adventskalender\/\">Lebendiger Adventskalender<\/a><\/h5><p class=\"termine-date\">Do., 21.12.2023, 18:00<\/p><p class=\"termine-auszug\">Am Donnerstag, 21. Dezember nehmen wir Teil am Lebendigen Adventskalender. Um 18.00 Uhr treffen sich unterschiedlichste Menschen vor unserem adventlich geschm\u00fcckten Schaufenster beim Weltladen zu einem weihnachtlichen Impuls. Alle sind herzlich eingeladen.<\/li><li><h5 class=\"termine-titel\"><a href=\"https:\/\/weltlaeden.de\/schwaigern\/termin\/treffen-fuer-mitarbeitende-2\/\">Treffen f\u00fcr Mitarbeitende<\/a><\/h5><p class=\"termine-date\">Di., 25.07.2023, 18:00<\/p><p class=\"termine-auszug\">Lockeres Treffen f\u00fcr Weltladen-Mitarbeitende. Eine M\u00f6glichkeit, sich zwanglos in gem\u00fctlicher Atmosph\u00e4re auszutauschen. Herzliche Einladung!<p class=termine-ort\"><small>Ort: <i>Gastst\u00e4tte Zum Lamm in Schwaigern<\/i><\/small><\/p><\/li><li><h5 class=\"termine-titel\"><a href=\"https:\/\/weltlaeden.de\/schwaigern\/termin\/weltladentag\/\">Weltladentag<\/a><\/h5><p class=\"termine-date\">Sa., 13.05.2023<\/p><p class=\"termine-auszug\">Unter dem Motto \"M\u00e4chtig FAIR\" machen wir\u00a0 darauf aufmerksam, dass Lieferketten endlich fairer werden k\u00f6nnen, wenn wir ein starkes EU-Lieferkettengesetz bekommen. Wir vom Arbeitskreis Eine Welt beteiligen uns am diesj\u00e4hrigen Weltladentag und hoffen auf ein reges Interesse der B\u00fcrgerInnen. Kommen Sie nach Schwaigern in die Fu\u00dfg\u00e4ngerzone und lassen Sie sich \u00fcberraschen.<\/li><li><h5 class=\"termine-titel\"><a href=\"https:\/\/weltlaeden.de\/schwaigern\/termin\/weltladenausflug-nach-landau\/\">Weltladenausflug nach Landau<\/a><\/h5><p class=\"termine-date\">Sa., 06.05.2023<\/p><p class=\"termine-auszug\"><\/li><li><h5 class=\"termine-titel\"><a href=\"https:\/\/weltlaeden.de\/schwaigern\/termin\/treffen-fuer-mitarbeitende\/\">Treffen f\u00fcr Mitarbeitende<\/a><\/h5><p class=\"termine-date\">Fr., 24.03.2023, 17:30<\/p><p class=\"termine-auszug\">Lockeres <strong>Treffen f\u00fcr Mitarbeitende<\/strong> am Freitag, 24. M\u00e4rz 2023 ab 17.30 Uhr.<p class=termine-ort\"><small>Ort: <i>Sportheim Schwaigern<\/i><\/small><\/p><\/li><li><h5 class=\"termine-titel\"><a href=\"https:\/\/weltlaeden.de\/schwaigern\/termin\/vortrag-zu-poema\/\">Vortrag &#8222;Projekt POEMA&#8220;<\/a><\/h5><p class=\"termine-date\">Di., 15.11.2022, 19:30<\/p><p class=\"termine-auszug\">Am <strong>Dienstag, den 15. November<\/strong>, um 19.30 Uhr findet im evangelischen Gemeindehaus Schwaigern ein Vortrag statt, bei dem Gerd Rathgeb, der das <strong>Projekt POEMA<\/strong> (Armut und Umwelt in Amazonien) vertritt, \u00fcber den Stand des Projektes und \u00fcber die aktuelle Lage in Amazonien berichtet. POEMA ist eingebunden in verschiedene Netzwerke weltweit, die sich den Regenwaldschutz zum Ziel setzen. Der Arbeitskreis Eine Welt unterst\u00fctzt POEMA seit Jahren mit Spenden. Seien Sie herzlich eingeladen zu diesem interessanten und informativen Vortrag.<p class=termine-ort\"><small>Ort: <i>Evang. Gemeindehaus Schwaigern<\/i><\/small><\/p><\/li><li><h5 class=\"termine-titel\"><a href=\"https:\/\/weltlaeden.de\/schwaigern\/termin\/ladentreff-2\/\">Ladentreff November<\/a><\/h5><p class=\"termine-date\">Di., 08.11.2022, 18:00<\/p><p class=\"termine-auszug\">Unser n\u00e4chster Ladentreff findet am Dienstag, den 8. November 2022, um 18 Uhr statt. Wer sich f\u00fcr die Weltladenarbeit interessiert und einen kleinen Einblick bekommen m\u00f6chte, ist herzlich zum Ladentreff eingeladen.<p class=termine-ort\"><small>Ort: <i>Weltladen Schwaigern<\/i><\/small><\/p><\/li><li><h5 class=\"termine-titel\"><a href=\"https:\/\/weltlaeden.de\/schwaigern\/termin\/ladentreff\/\">Ladentreff<\/a><\/h5><p class=\"termine-date\">Mo., 19.09.2022, 18:00<\/p><p class=\"termine-auszug\">Unser n\u00e4chster Ladentreff findet am Montag, den 19. September um 18.00 Uhr statt im Weltladen Schwaigern, Marktplatz 6. Wer sich f\u00fcr die Weltladenarbeit interessiert und einen kleinen Einblick bekommen m\u00f6chte, ist herzlich zum Ladentreff eingeladen.<\/li><li><h5 class=\"termine-titel\"><a href=\"https:\/\/weltlaeden.de\/schwaigern\/termin\/vortrag-suedafrika\/\">Vortrag S\u00fcdafrika<\/a><\/h5><p class=\"termine-date\">Di., 05.07.2022, 20:00<\/p><p class=\"termine-auszug\">Pfarrerin i.R. Renate Cochrane berichtet aktuell \u00fcber das <strong>Kinderprojekt Yomelela.<\/strong><p class=termine-ort\"><small>Ort: <i>Evang. Gemeindehaus Schwaigern<\/i><\/small><\/p><\/li><li><h5 class=\"termine-titel\"><a href=\"https:\/\/weltlaeden.de\/schwaigern\/termin\/615\/\">Mitgliederversammlung<\/a><\/h5><p class=\"termine-date\">Di., 17.05.2022, 20:00<\/p><p class=\"termine-auszug\">Tagesordnung zur Mitgliederversammlung: Begr\u00fc\u00dfung Bericht des Vorstands Bericht aus dem Weltladen Kassenbericht Bericht der Kassenpr\u00fcfer Entlastung des Vorstands Verschiedenes, u.A. aktuelle Informationen, geplante Aktivit\u00e4ten<p class=termine-ort\"><small>Ort: <i>Evang. Gemeindehaus Schwaigern<\/i><\/small><\/p><\/li><\/ul>[\/vc_column][\/vc_row]<\/p>\n<\/div>","protected":false},"excerpt":{"rendered":"<p>[vc_row][vc_column][vc_empty_space height=&#8220;30px&#8220;][vc_column_text] Termine [\/vc_column_text][vc_empty_space height=&#8220;30px&#8220;][\/vc_column][\/vc_row][vc_row][vc_column width=&#8220;2\/3&#8243;][vc_column_text] Kommende Termine [\/vc_column_text][vc_empty_space height=&#8220;30px&#8220;][vc_column_text] Vergangene Termine [\/vc_column_text][\/vc_column][\/vc_row]<\/p>\n","protected":false},"author":1,"featured_media":0,"parent":0,"menu_order":5,"comment_status":"closed","ping_status":"closed","template":"","meta":{"footnotes":""},"class_list":["post-23","page","type-page","status-publish","hentry","description-off"],"yoast_head":"<!-- This site is optimized with the Yoast SEO plugin v26.8 - https:\/\/yoast.com\/product\/yoast-seo-wordpress\/ -->\n<title>Termine - Weltladen Schwaigern<\/title>\n<meta name=\"robots\" content=\"index, follow, max-snippet:-1, max-image-preview:large, max-video-preview:-1\" \/>\n<link rel=\"canonical\" href=\"https:\/\/weltlaeden.de\/schwaigern\/termine\/\" \/>\n<meta property=\"og:locale\" content=\"de_DE\" \/>\n<meta property=\"og:type\" content=\"article\" \/>\n<meta property=\"og:title\" content=\"Termine - Weltladen Schwaigern\" \/>\n<meta property=\"og:description\" content=\"[vc_row][vc_column][vc_empty_space height=&#8220;30px&#8220;][vc_column_text] Termine [\/vc_column_text][vc_empty_space height=&#8220;30px&#8220;][\/vc_column][\/vc_row][vc_row][vc_column width=&#8220;2\/3&#8243;][vc_column_text] Kommende Termine [\/vc_column_text][vc_empty_space height=&#8220;30px&#8220;][vc_column_text] Vergangene Termine [\/vc_column_text][\/vc_column][\/vc_row]\" \/>\n<meta property=\"og:url\" content=\"https:\/\/weltlaeden.de\/schwaigern\/termine\/\" \/>\n<meta property=\"og:site_name\" content=\"Weltladen Schwaigern\" \/>\n<meta property=\"article:modified_time\" content=\"2022-05-17T13:04:03+00:00\" \/>\n<meta property=\"og:image\" content=\"https:\/\/weltlaeden.de\/schwaigern\/wp-content\/uploads\/sites\/3\/2018\/07\/pocket-watch-1637396_1920_pixabay.png\" \/>\n<meta name=\"twitter:card\" content=\"summary_large_image\" \/>\n<script type=\"application\/ld+json\" class=\"yoast-schema-graph\">{\"@context\":\"https:\/\/schema.org\",\"@graph\":[{\"@type\":\"WebPage\",\"@id\":\"https:\/\/weltlaeden.de\/schwaigern\/termine\/\",\"url\":\"https:\/\/weltlaeden.de\/schwaigern\/termine\/\",\"name\":\"Termine - Weltladen Schwaigern\",\"isPartOf\":{\"@id\":\"https:\/\/weltlaeden.de\/schwaigern\/#website\"},\"primaryImageOfPage\":{\"@id\":\"https:\/\/weltlaeden.de\/schwaigern\/termine\/#primaryimage\"},\"image\":{\"@id\":\"https:\/\/weltlaeden.de\/schwaigern\/termine\/#primaryimage\"},\"thumbnailUrl\":\"https:\/\/weltlaeden.de\/schwaigern\/wp-content\/uploads\/sites\/3\/2018\/07\/pocket-watch-1637396_1920_pixabay.png\",\"datePublished\":\"2016-10-14T07:05:21+00:00\",\"dateModified\":\"2022-05-17T13:04:03+00:00\",\"breadcrumb\":{\"@id\":\"https:\/\/weltlaeden.de\/schwaigern\/termine\/#breadcrumb\"},\"inLanguage\":\"de\",\"potentialAction\":[{\"@type\":\"ReadAction\",\"target\":[\"https:\/\/weltlaeden.de\/schwaigern\/termine\/\"]}]},{\"@type\":\"ImageObject\",\"inLanguage\":\"de\",\"@id\":\"https:\/\/weltlaeden.de\/schwaigern\/termine\/#primaryimage\",\"url\":\"https:\/\/weltlaeden.de\/schwaigern\/wp-content\/uploads\/sites\/3\/2018\/07\/pocket-watch-1637396_1920_pixabay.png\",\"contentUrl\":\"https:\/\/weltlaeden.de\/schwaigern\/wp-content\/uploads\/sites\/3\/2018\/07\/pocket-watch-1637396_1920_pixabay.png\"},{\"@type\":\"BreadcrumbList\",\"@id\":\"https:\/\/weltlaeden.de\/schwaigern\/termine\/#breadcrumb\",\"itemListElement\":[{\"@type\":\"ListItem\",\"position\":1,\"name\":\"Startseite\",\"item\":\"https:\/\/weltlaeden.de\/schwaigern\/\"},{\"@type\":\"ListItem\",\"position\":2,\"name\":\"Termine\"}]},{\"@type\":\"WebSite\",\"@id\":\"https:\/\/weltlaeden.de\/schwaigern\/#website\",\"url\":\"https:\/\/weltlaeden.de\/schwaigern\/\",\"name\":\"Weltladen Schwaigern\",\"description\":\"Faire Produkte seit 1990\",\"potentialAction\":[{\"@type\":\"SearchAction\",\"target\":{\"@type\":\"EntryPoint\",\"urlTemplate\":\"https:\/\/weltlaeden.de\/schwaigern\/?s={search_term_string}\"},\"query-input\":{\"@type\":\"PropertyValueSpecification\",\"valueRequired\":true,\"valueName\":\"search_term_string\"}}],\"inLanguage\":\"de\"}]}<\/script>\n<!-- \/ Yoast SEO plugin. -->","yoast_head_json":{"title":"Termine - Weltladen Schwaigern","robots":{"index":"index","follow":"follow","max-snippet":"max-snippet:-1","max-image-preview":"max-image-preview:large","max-video-preview":"max-video-preview:-1"},"canonical":"https:\/\/weltlaeden.de\/schwaigern\/termine\/","og_locale":"de_DE","og_type":"article","og_title":"Termine - Weltladen Schwaigern","og_description":"[vc_row][vc_column][vc_empty_space height=&#8220;30px&#8220;][vc_column_text] Termine [\/vc_column_text][vc_empty_space height=&#8220;30px&#8220;][\/vc_column][\/vc_row][vc_row][vc_column width=&#8220;2\/3&#8243;][vc_column_text] Kommende Termine [\/vc_column_text][vc_empty_space height=&#8220;30px&#8220;][vc_column_text] Vergangene Termine [\/vc_column_text][\/vc_column][\/vc_row]","og_url":"https:\/\/weltlaeden.de\/schwaigern\/termine\/","og_site_name":"Weltladen Schwaigern","article_modified_time":"2022-05-17T13:04:03+00:00","og_image":[{"url":"https:\/\/weltlaeden.de\/schwaigern\/wp-content\/uploads\/sites\/3\/2018\/07\/pocket-watch-1637396_1920_pixabay.png","type":"","width":"","height":""}],"twitter_card":"summary_large_image","schema":{"@context":"https:\/\/schema.org","@graph":[{"@type":"WebPage","@id":"https:\/\/weltlaeden.de\/schwaigern\/termine\/","url":"https:\/\/weltlaeden.de\/schwaigern\/termine\/","name":"Termine - Weltladen Schwaigern","isPartOf":{"@id":"https:\/\/weltlaeden.de\/schwaigern\/#website"},"primaryImageOfPage":{"@id":"https:\/\/weltlaeden.de\/schwaigern\/termine\/#primaryimage"},"image":{"@id":"https:\/\/weltlaeden.de\/schwaigern\/termine\/#primaryimage"},"thumbnailUrl":"https:\/\/weltlaeden.de\/schwaigern\/wp-content\/uploads\/sites\/3\/2018\/07\/pocket-watch-1637396_1920_pixabay.png","datePublished":"2016-10-14T07:05:21+00:00","dateModified":"2022-05-17T13:04:03+00:00","breadcrumb":{"@id":"https:\/\/weltlaeden.de\/schwaigern\/termine\/#breadcrumb"},"inLanguage":"de","potentialAction":[{"@type":"ReadAction","target":["https:\/\/weltlaeden.de\/schwaigern\/termine\/"]}]},{"@type":"ImageObject","inLanguage":"de","@id":"https:\/\/weltlaeden.de\/schwaigern\/termine\/#primaryimage","url":"https:\/\/weltlaeden.de\/schwaigern\/wp-content\/uploads\/sites\/3\/2018\/07\/pocket-watch-1637396_1920_pixabay.png","contentUrl":"https:\/\/weltlaeden.de\/schwaigern\/wp-content\/uploads\/sites\/3\/2018\/07\/pocket-watch-1637396_1920_pixabay.png"},{"@type":"BreadcrumbList","@id":"https:\/\/weltlaeden.de\/schwaigern\/termine\/#breadcrumb","itemListElement":[{"@type":"ListItem","position":1,"name":"Startseite","item":"https:\/\/weltlaeden.de\/schwaigern\/"},{"@type":"ListItem","position":2,"name":"Termine"}]},{"@type":"WebSite","@id":"https:\/\/weltlaeden.de\/schwaigern\/#website","url":"https:\/\/weltlaeden.de\/schwaigern\/","name":"Weltladen Schwaigern","description":"Faire Produkte seit 1990","potentialAction":[{"@type":"SearchAction","target":{"@type":"EntryPoint","urlTemplate":"https:\/\/weltlaeden.de\/schwaigern\/?s={search_term_string}"},"query-input":{"@type":"PropertyValueSpecification","valueRequired":true,"valueName":"search_term_string"}}],"inLanguage":"de"}]}},"_links":{"self":[{"href":"https:\/\/weltlaeden.de\/schwaigern\/wp-json\/wp\/v2\/pages\/23","targetHints":{"allow":["GET"]}}],"collection":[{"href":"https:\/\/weltlaeden.de\/schwaigern\/wp-json\/wp\/v2\/pages"}],"about":[{"href":"https:\/\/weltlaeden.de\/schwaigern\/wp-json\/wp\/v2\/types\/page"}],"author":[{"embeddable":true,"href":"https:\/\/weltlaeden.de\/schwaigern\/wp-json\/wp\/v2\/users\/1"}],"replies":[{"embeddable":true,"href":"https:\/\/weltlaeden.de\/schwaigern\/wp-json\/wp\/v2\/comments?post=23"}],"version-history":[{"count":14,"href":"https:\/\/weltlaeden.de\/schwaigern\/wp-json\/wp\/v2\/pages\/23\/revisions"}],"predecessor-version":[{"id":414,"href":"https:\/\/weltlaeden.de\/schwaigern\/wp-json\/wp\/v2\/pages\/23\/revisions\/414"}],"wp:attachment":[{"href":"https:\/\/weltlaeden.de\/schwaigern\/wp-json\/wp\/v2\/media?parent=23"}],"curies":[{"name":"wp","href":"https:\/\/api.w.org\/{rel}","templated":true}]}}