{"id":851,"date":"2023-02-16T17:20:50","date_gmt":"2023-02-16T16:20:50","guid":{"rendered":"https:\/\/weltlaeden.de\/schwaebisch-hall\/?page_id=851"},"modified":"2024-11-05T16:19:05","modified_gmt":"2024-11-05T15:19:05","slug":"bananen","status":"publish","type":"page","link":"https:\/\/weltlaeden.de\/schwaebisch-hall\/kaffee\/bananen\/","title":{"rendered":"Bananen"},"content":{"rendered":"<div class=\"wpb-content-wrapper\"><p>[vc_row][vc_column][vc_column_text]<\/p>\n<h1>Bananen fair gehandelt<\/h1>\n<p>[\/vc_column_text][\/vc_column][\/vc_row][vc_row][vc_column]<div class=\"wl_einzelbild\"><p><img loading=\"lazy\" decoding=\"async\" class=\"alignnone wp-image-2203\" src=\"https:\/\/weltlaeden.de\/schwaebisch-hall\/wp-content\/uploads\/sites\/187\/2024\/11\/slider-IMG_2018-300x150.jpg\" alt=\"\" width=\"684\" height=\"342\" srcset=\"https:\/\/weltlaeden.de\/schwaebisch-hall\/wp-content\/uploads\/sites\/187\/2024\/11\/slider-IMG_2018-300x150.jpg 300w, https:\/\/weltlaeden.de\/schwaebisch-hall\/wp-content\/uploads\/sites\/187\/2024\/11\/slider-IMG_2018.jpg 640w\" sizes=\"auto, (max-width: 684px) 100vw, 684px\" \/><\/p><\/div>[\/vc_column][\/vc_row][vc_row][vc_column][vc_column_text]<\/p>\n<div class=\"wpb_column vc_column_container vc_col-sm-12\">\n<div class=\"vc_column-inner\">\n<div class=\"wpb_wrapper\">\n<div class=\"wpb_text_column wpb_content_element \">\n<div class=\"wpb_wrapper\">\n<p><strong>Make fruits fair<\/strong><\/p>\n<p>Die Banane ist die zweitbeliebteste Frucht der Deutschen, gleich nach dem Apfel.<br \/>\nAuch weltweit w\u00e4chst der Handel mit tropischen Fr\u00fcchten wie Bananen, Ananas, Mangos und Orangen sehr schnell.<br \/>\nDie Kehrseite: Die Verletzung von Arbeitsrechten und mangelhafter Umweltschutz sind im tropischen Fr\u00fcchte-Sektor h\u00e4ufig an der Tagesordnung.<\/p>\n<p><strong>Wir machen den Unterschied!<\/strong><br \/>\nSie erhalten bei uns garantiert nur Bio-Bananen aus Fairem Handel von BanaFair e.V.<br \/>\nSie kommen vom Kleinbauernverband UROCAL aus Ecuador.<br \/>\nEtwa 120 Familien in der K\u00fcstenregion im S\u00fcden des Landes bauen auf kleinen Fl\u00e4chen<br \/>\nKakao und Bananen an, ohne chemischen D\u00fcnger und Pestizide.<\/p>\n<p>Ihnen garantiert BanaFair stabile Preise und langfristige Handelsbeziehungen.<br \/>\nDie Bauernfamilien erzielen ein existenzsicherndes Einkommen.<br \/>\nUROCAL erh\u00e4lt einen Mehrpreis f\u00fcr Gemeinschaftsaufgaben im sozialen Bereich,<br \/>\nf\u00fcr Gesundheitserziehung, fachliche Weiterbildung,<br \/>\nProgramme f\u00fcr Kinder und Jugendliche oder zur Sicherstellung der Selbstversorgung der Familien.<\/p>\n<\/div>\n<\/div>\n<\/div>\n<\/div>\n<\/div>\n<p>[\/vc_column_text]<div class=\"wl_einzelbild\"><p><img loading=\"lazy\" decoding=\"async\" class=\"alignnone wp-image-2235\" src=\"https:\/\/weltlaeden.de\/schwaebisch-hall\/wp-content\/uploads\/sites\/187\/2024\/11\/IMG_20240711_101229-225x300.jpg\" alt=\"\" width=\"508\" height=\"677\" srcset=\"https:\/\/weltlaeden.de\/schwaebisch-hall\/wp-content\/uploads\/sites\/187\/2024\/11\/IMG_20240711_101229-225x300.jpg 225w, https:\/\/weltlaeden.de\/schwaebisch-hall\/wp-content\/uploads\/sites\/187\/2024\/11\/IMG_20240711_101229-768x1024.jpg 768w, https:\/\/weltlaeden.de\/schwaebisch-hall\/wp-content\/uploads\/sites\/187\/2024\/11\/IMG_20240711_101229-1152x1536.jpg 1152w, https:\/\/weltlaeden.de\/schwaebisch-hall\/wp-content\/uploads\/sites\/187\/2024\/11\/IMG_20240711_101229-1536x2048.jpg 1536w, https:\/\/weltlaeden.de\/schwaebisch-hall\/wp-content\/uploads\/sites\/187\/2024\/11\/IMG_20240711_101229-scaled.jpg 1920w\" sizes=\"auto, (max-width: 508px) 100vw, 508px\" \/><\/p><\/div>[\/vc_column][\/vc_row]<\/p>\n<\/div>","protected":false},"excerpt":{"rendered":"<p>[vc_row][vc_column][vc_column_text] Bananen fair gehandelt [\/vc_column_text][\/vc_column][\/vc_row][vc_row][vc_column][\/vc_column][\/vc_row][vc_row][vc_column][vc_column_text] Make fruits fair Die Banane ist die zweitbeliebteste Frucht der Deutschen, gleich nach dem Apfel. Auch weltweit w\u00e4chst der Handel mit tropischen Fr\u00fcchten wie Bananen, Ananas, Mangos und Orangen sehr schnell. Die Kehrseite: Die Verletzung von Arbeitsrechten und mangelhafter Umweltschutz sind im tropischen Fr\u00fcchte-Sektor h\u00e4ufig an der Tagesordnung. Wir machen&hellip;<\/p>\n","protected":false},"author":279,"featured_media":0,"parent":217,"menu_order":10,"comment_status":"closed","ping_status":"closed","template":"","meta":{"footnotes":""},"class_list":["post-851","page","type-page","status-publish","hentry","description-off"],"yoast_head":"<!-- This site is optimized with the Yoast SEO plugin v26.8 - https:\/\/yoast.com\/product\/yoast-seo-wordpress\/ -->\n<title>Bananen - Weltladen Schw\u00e4bisch Hall<\/title>\n<meta name=\"robots\" content=\"index, follow, max-snippet:-1, max-image-preview:large, max-video-preview:-1\" \/>\n<link rel=\"canonical\" href=\"https:\/\/weltlaeden.de\/schwaebisch-hall\/kaffee\/bananen\/\" \/>\n<meta property=\"og:locale\" content=\"de_DE\" \/>\n<meta property=\"og:type\" content=\"article\" \/>\n<meta property=\"og:title\" content=\"Bananen - Weltladen Schw\u00e4bisch Hall\" \/>\n<meta property=\"og:description\" content=\"[vc_row][vc_column][vc_column_text] Bananen fair gehandelt [\/vc_column_text][\/vc_column][\/vc_row][vc_row][vc_column][\/vc_column][\/vc_row][vc_row][vc_column][vc_column_text] Make fruits fair Die Banane ist die zweitbeliebteste Frucht der Deutschen, gleich nach dem Apfel. Auch weltweit w\u00e4chst der Handel mit tropischen Fr\u00fcchten wie Bananen, Ananas, Mangos und Orangen sehr schnell. Die Kehrseite: Die Verletzung von Arbeitsrechten und mangelhafter Umweltschutz sind im tropischen Fr\u00fcchte-Sektor h\u00e4ufig an der Tagesordnung. Wir machen&hellip;\" \/>\n<meta property=\"og:url\" content=\"https:\/\/weltlaeden.de\/schwaebisch-hall\/kaffee\/bananen\/\" \/>\n<meta property=\"og:site_name\" content=\"Weltladen Schw\u00e4bisch Hall\" \/>\n<meta property=\"article:modified_time\" content=\"2024-11-05T15:19:05+00:00\" \/>\n<meta property=\"og:image\" content=\"https:\/\/weltlaeden.de\/schwaebisch-hall\/wp-content\/uploads\/sites\/187\/2024\/11\/slider-IMG_2018-300x150.jpg\" \/>\n<meta name=\"twitter:card\" content=\"summary_large_image\" \/>\n<meta name=\"twitter:label1\" content=\"Gesch\u00e4tzte Lesezeit\" \/>\n\t<meta name=\"twitter:data1\" content=\"2\u00a0Minuten\" \/>\n<script type=\"application\/ld+json\" class=\"yoast-schema-graph\">{\"@context\":\"https:\/\/schema.org\",\"@graph\":[{\"@type\":\"WebPage\",\"@id\":\"https:\/\/weltlaeden.de\/schwaebisch-hall\/kaffee\/bananen\/\",\"url\":\"https:\/\/weltlaeden.de\/schwaebisch-hall\/kaffee\/bananen\/\",\"name\":\"Bananen - Weltladen Schw\u00e4bisch Hall\",\"isPartOf\":{\"@id\":\"https:\/\/weltlaeden.de\/schwaebisch-hall\/#website\"},\"primaryImageOfPage\":{\"@id\":\"https:\/\/weltlaeden.de\/schwaebisch-hall\/kaffee\/bananen\/#primaryimage\"},\"image\":{\"@id\":\"https:\/\/weltlaeden.de\/schwaebisch-hall\/kaffee\/bananen\/#primaryimage\"},\"thumbnailUrl\":\"https:\/\/weltlaeden.de\/schwaebisch-hall\/wp-content\/uploads\/sites\/187\/2024\/11\/slider-IMG_2018-300x150.jpg\",\"datePublished\":\"2023-02-16T16:20:50+00:00\",\"dateModified\":\"2024-11-05T15:19:05+00:00\",\"breadcrumb\":{\"@id\":\"https:\/\/weltlaeden.de\/schwaebisch-hall\/kaffee\/bananen\/#breadcrumb\"},\"inLanguage\":\"de\",\"potentialAction\":[{\"@type\":\"ReadAction\",\"target\":[\"https:\/\/weltlaeden.de\/schwaebisch-hall\/kaffee\/bananen\/\"]}]},{\"@type\":\"ImageObject\",\"inLanguage\":\"de\",\"@id\":\"https:\/\/weltlaeden.de\/schwaebisch-hall\/kaffee\/bananen\/#primaryimage\",\"url\":\"https:\/\/weltlaeden.de\/schwaebisch-hall\/wp-content\/uploads\/sites\/187\/2024\/11\/slider-IMG_2018.jpg\",\"contentUrl\":\"https:\/\/weltlaeden.de\/schwaebisch-hall\/wp-content\/uploads\/sites\/187\/2024\/11\/slider-IMG_2018.jpg\",\"width\":640,\"height\":320},{\"@type\":\"BreadcrumbList\",\"@id\":\"https:\/\/weltlaeden.de\/schwaebisch-hall\/kaffee\/bananen\/#breadcrumb\",\"itemListElement\":[{\"@type\":\"ListItem\",\"position\":1,\"name\":\"Startseite\",\"item\":\"https:\/\/weltlaeden.de\/schwaebisch-hall\/\"},{\"@type\":\"ListItem\",\"position\":2,\"name\":\"Produkte\",\"item\":\"https:\/\/weltlaeden.de\/schwaebisch-hall\/kaffee\/\"},{\"@type\":\"ListItem\",\"position\":3,\"name\":\"Bananen\"}]},{\"@type\":\"WebSite\",\"@id\":\"https:\/\/weltlaeden.de\/schwaebisch-hall\/#website\",\"url\":\"https:\/\/weltlaeden.de\/schwaebisch-hall\/\",\"name\":\"Weltladen Schw\u00e4bisch Hall\",\"description\":\"Fachhandel f\u00fcr Faire Produkte\",\"potentialAction\":[{\"@type\":\"SearchAction\",\"target\":{\"@type\":\"EntryPoint\",\"urlTemplate\":\"https:\/\/weltlaeden.de\/schwaebisch-hall\/?s={search_term_string}\"},\"query-input\":{\"@type\":\"PropertyValueSpecification\",\"valueRequired\":true,\"valueName\":\"search_term_string\"}}],\"inLanguage\":\"de\"}]}<\/script>\n<!-- \/ Yoast SEO plugin. -->","yoast_head_json":{"title":"Bananen - Weltladen Schw\u00e4bisch Hall","robots":{"index":"index","follow":"follow","max-snippet":"max-snippet:-1","max-image-preview":"max-image-preview:large","max-video-preview":"max-video-preview:-1"},"canonical":"https:\/\/weltlaeden.de\/schwaebisch-hall\/kaffee\/bananen\/","og_locale":"de_DE","og_type":"article","og_title":"Bananen - Weltladen Schw\u00e4bisch Hall","og_description":"[vc_row][vc_column][vc_column_text] Bananen fair gehandelt [\/vc_column_text][\/vc_column][\/vc_row][vc_row][vc_column][\/vc_column][\/vc_row][vc_row][vc_column][vc_column_text] Make fruits fair Die Banane ist die zweitbeliebteste Frucht der Deutschen, gleich nach dem Apfel. Auch weltweit w\u00e4chst der Handel mit tropischen Fr\u00fcchten wie Bananen, Ananas, Mangos und Orangen sehr schnell. Die Kehrseite: Die Verletzung von Arbeitsrechten und mangelhafter Umweltschutz sind im tropischen Fr\u00fcchte-Sektor h\u00e4ufig an der Tagesordnung. Wir machen&hellip;","og_url":"https:\/\/weltlaeden.de\/schwaebisch-hall\/kaffee\/bananen\/","og_site_name":"Weltladen Schw\u00e4bisch Hall","article_modified_time":"2024-11-05T15:19:05+00:00","og_image":[{"url":"https:\/\/weltlaeden.de\/schwaebisch-hall\/wp-content\/uploads\/sites\/187\/2024\/11\/slider-IMG_2018-300x150.jpg","type":"","width":"","height":""}],"twitter_card":"summary_large_image","twitter_misc":{"Gesch\u00e4tzte Lesezeit":"2\u00a0Minuten"},"schema":{"@context":"https:\/\/schema.org","@graph":[{"@type":"WebPage","@id":"https:\/\/weltlaeden.de\/schwaebisch-hall\/kaffee\/bananen\/","url":"https:\/\/weltlaeden.de\/schwaebisch-hall\/kaffee\/bananen\/","name":"Bananen - Weltladen Schw\u00e4bisch Hall","isPartOf":{"@id":"https:\/\/weltlaeden.de\/schwaebisch-hall\/#website"},"primaryImageOfPage":{"@id":"https:\/\/weltlaeden.de\/schwaebisch-hall\/kaffee\/bananen\/#primaryimage"},"image":{"@id":"https:\/\/weltlaeden.de\/schwaebisch-hall\/kaffee\/bananen\/#primaryimage"},"thumbnailUrl":"https:\/\/weltlaeden.de\/schwaebisch-hall\/wp-content\/uploads\/sites\/187\/2024\/11\/slider-IMG_2018-300x150.jpg","datePublished":"2023-02-16T16:20:50+00:00","dateModified":"2024-11-05T15:19:05+00:00","breadcrumb":{"@id":"https:\/\/weltlaeden.de\/schwaebisch-hall\/kaffee\/bananen\/#breadcrumb"},"inLanguage":"de","potentialAction":[{"@type":"ReadAction","target":["https:\/\/weltlaeden.de\/schwaebisch-hall\/kaffee\/bananen\/"]}]},{"@type":"ImageObject","inLanguage":"de","@id":"https:\/\/weltlaeden.de\/schwaebisch-hall\/kaffee\/bananen\/#primaryimage","url":"https:\/\/weltlaeden.de\/schwaebisch-hall\/wp-content\/uploads\/sites\/187\/2024\/11\/slider-IMG_2018.jpg","contentUrl":"https:\/\/weltlaeden.de\/schwaebisch-hall\/wp-content\/uploads\/sites\/187\/2024\/11\/slider-IMG_2018.jpg","width":640,"height":320},{"@type":"BreadcrumbList","@id":"https:\/\/weltlaeden.de\/schwaebisch-hall\/kaffee\/bananen\/#breadcrumb","itemListElement":[{"@type":"ListItem","position":1,"name":"Startseite","item":"https:\/\/weltlaeden.de\/schwaebisch-hall\/"},{"@type":"ListItem","position":2,"name":"Produkte","item":"https:\/\/weltlaeden.de\/schwaebisch-hall\/kaffee\/"},{"@type":"ListItem","position":3,"name":"Bananen"}]},{"@type":"WebSite","@id":"https:\/\/weltlaeden.de\/schwaebisch-hall\/#website","url":"https:\/\/weltlaeden.de\/schwaebisch-hall\/","name":"Weltladen Schw\u00e4bisch Hall","description":"Fachhandel f\u00fcr Faire Produkte","potentialAction":[{"@type":"SearchAction","target":{"@type":"EntryPoint","urlTemplate":"https:\/\/weltlaeden.de\/schwaebisch-hall\/?s={search_term_string}"},"query-input":{"@type":"PropertyValueSpecification","valueRequired":true,"valueName":"search_term_string"}}],"inLanguage":"de"}]}},"_links":{"self":[{"href":"https:\/\/weltlaeden.de\/schwaebisch-hall\/wp-json\/wp\/v2\/pages\/851","targetHints":{"allow":["GET"]}}],"collection":[{"href":"https:\/\/weltlaeden.de\/schwaebisch-hall\/wp-json\/wp\/v2\/pages"}],"about":[{"href":"https:\/\/weltlaeden.de\/schwaebisch-hall\/wp-json\/wp\/v2\/types\/page"}],"author":[{"embeddable":true,"href":"https:\/\/weltlaeden.de\/schwaebisch-hall\/wp-json\/wp\/v2\/users\/279"}],"replies":[{"embeddable":true,"href":"https:\/\/weltlaeden.de\/schwaebisch-hall\/wp-json\/wp\/v2\/comments?post=851"}],"version-history":[{"count":16,"href":"https:\/\/weltlaeden.de\/schwaebisch-hall\/wp-json\/wp\/v2\/pages\/851\/revisions"}],"predecessor-version":[{"id":2272,"href":"https:\/\/weltlaeden.de\/schwaebisch-hall\/wp-json\/wp\/v2\/pages\/851\/revisions\/2272"}],"up":[{"embeddable":true,"href":"https:\/\/weltlaeden.de\/schwaebisch-hall\/wp-json\/wp\/v2\/pages\/217"}],"wp:attachment":[{"href":"https:\/\/weltlaeden.de\/schwaebisch-hall\/wp-json\/wp\/v2\/media?parent=851"}],"curies":[{"name":"wp","href":"https:\/\/api.w.org\/{rel}","templated":true}]}}