{"id":361,"date":"2018-04-05T09:52:53","date_gmt":"2018-04-05T07:52:53","guid":{"rendered":"https:\/\/weltlaeden.de\/schwaebisch-hall\/?page_id=361"},"modified":"2025-11-03T14:52:48","modified_gmt":"2025-11-03T13:52:48","slug":"neuigkeiten","status":"publish","type":"page","link":"https:\/\/weltlaeden.de\/schwaebisch-hall\/neuigkeiten\/","title":{"rendered":"Neuigkeiten"},"content":{"rendered":"<div class=\"wpb-content-wrapper\"><p>[vc_row][vc_column]<div class=\"wl_einzelbild\"><p><img loading=\"lazy\" decoding=\"async\" class=\"alignnone wp-image-971\" src=\"https:\/\/weltlaeden.de\/schwaebisch-hall\/wp-content\/uploads\/sites\/187\/2023\/02\/Collage_Neuigkeiteit_EA-300x130-1.jpg\" alt=\"\" width=\"554\" height=\"240\" \/><\/p><\/div>[vc_empty_space][vc_column_text]<\/p>\n<h1>Neuigkeiten<\/h1>\n<p>[\/vc_column_text]<style type=\"text\/css\" data-type=\"the7_shortcodes-inline-css\">.blog-shortcode.blog-masonry-shortcode-id-af1a0e621edd5a6be9371a7c8055e0b0.dividers-on.classic-layout-list article {\n  padding-top: 0;\n}\n.blog-shortcode.blog-masonry-shortcode-id-af1a0e621edd5a6be9371a7c8055e0b0.dividers-on.classic-layout-list article:first-of-type {\n  margin-top: 0;\n  padding-top: 0;\n}\n.blog-shortcode.blog-masonry-shortcode-id-af1a0e621edd5a6be9371a7c8055e0b0.classic-layout-list.mode-list .post-entry-content {\n  width: calc(100% - );\n}\n.blog-shortcode.blog-masonry-shortcode-id-af1a0e621edd5a6be9371a7c8055e0b0.classic-layout-list.mode-list .no-img .post-entry-content {\n  width: 100%;\n}\n.blog-shortcode.blog-masonry-shortcode-id-af1a0e621edd5a6be9371a7c8055e0b0 .filter-bg-decoration .filter-categories a.act {\n  color: #fff;\n}\n.blog-shortcode.blog-masonry-shortcode-id-af1a0e621edd5a6be9371a7c8055e0b0:not(.mode-masonry) article:first-of-type,\n.blog-shortcode.blog-masonry-shortcode-id-af1a0e621edd5a6be9371a7c8055e0b0:not(.mode-masonry) article.visible.first:not(.product) {\n  margin-top: 0;\n}\n.blog-shortcode.blog-masonry-shortcode-id-af1a0e621edd5a6be9371a7c8055e0b0.dividers-on:not(.mode-masonry) article {\n  margin-top: 0;\n}\n.blog-shortcode.blog-masonry-shortcode-id-af1a0e621edd5a6be9371a7c8055e0b0.dividers-on:not(.mode-masonry) article:first-of-type,\n.blog-shortcode.blog-masonry-shortcode-id-af1a0e621edd5a6be9371a7c8055e0b0.dividers-on:not(.mode-masonry) article.visible.first:not(.product) {\n  margin-top: 0;\n  padding-top: 0;\n}\n.blog-shortcode.blog-masonry-shortcode-id-af1a0e621edd5a6be9371a7c8055e0b0 .post-thumbnail-wrap {\n  padding: 0px 0px 0px 0px;\n}\n.blog-shortcode.blog-masonry-shortcode-id-af1a0e621edd5a6be9371a7c8055e0b0.enable-bg-rollover .post-thumbnail-rollover:after {\n  background: -webkit-linear-gradient();\n  background: linear-gradient();\n}\n.blog-shortcode.blog-masonry-shortcode-id-af1a0e621edd5a6be9371a7c8055e0b0 .gallery-zoom-ico {\n  width: 44px;\n  height: 44px;\n  line-height: 44px;\n  border-radius: 100px;\n  margin: -22px 0 0 -22px;\n  border-width: 0px;\n  color: #ffffff;\n}\n.bottom-overlap-layout-list.blog-shortcode.blog-masonry-shortcode-id-af1a0e621edd5a6be9371a7c8055e0b0 .gallery-zoom-ico {\n  margin-top: -72px;\n}\n.gradient-overlay-layout-list.blog-shortcode.blog-masonry-shortcode-id-af1a0e621edd5a6be9371a7c8055e0b0 .gallery-zoom-ico,\n.content-rollover-layout-list.blog-shortcode.blog-masonry-shortcode-id-af1a0e621edd5a6be9371a7c8055e0b0 .gallery-zoom-ico {\n  margin: 0 0 10px;\n}\n.content-align-center.gradient-overlay-layout-list.blog-shortcode.blog-masonry-shortcode-id-af1a0e621edd5a6be9371a7c8055e0b0 .gallery-zoom-ico,\n.content-align-center.content-rollover-layout-list.blog-shortcode.blog-masonry-shortcode-id-af1a0e621edd5a6be9371a7c8055e0b0 .gallery-zoom-ico {\n  margin: 0 auto 10px;\n}\n.dt-icon-bg-on.blog-shortcode.blog-masonry-shortcode-id-af1a0e621edd5a6be9371a7c8055e0b0 .gallery-zoom-ico {\n  background: rgba(255,255,255,0.3);\n  box-shadow: none;\n}\n.blog-shortcode.blog-masonry-shortcode-id-af1a0e621edd5a6be9371a7c8055e0b0 .gallery-zoom-ico > span,\n.blog-shortcode.blog-masonry-shortcode-id-af1a0e621edd5a6be9371a7c8055e0b0 .gallery-zoom-ico:before {\n  font-size: 32px;\n  line-height: 44px;\n}\n.blog-shortcode.blog-masonry-shortcode-id-af1a0e621edd5a6be9371a7c8055e0b0 .gallery-zoom-ico > span,\n.blog-shortcode.blog-masonry-shortcode-id-af1a0e621edd5a6be9371a7c8055e0b0 .gallery-zoom-ico:before {\n  color: #ffffff;\n}\n.blog-shortcode.blog-masonry-shortcode-id-af1a0e621edd5a6be9371a7c8055e0b0 .entry-title,\n.blog-shortcode.blog-masonry-shortcode-id-af1a0e621edd5a6be9371a7c8055e0b0.owl-carousel .entry-title {\n  margin-bottom: 5px;\n  font-weight: bold;\n}\n.blog-shortcode.blog-masonry-shortcode-id-af1a0e621edd5a6be9371a7c8055e0b0 .entry-meta {\n  margin-bottom: 15px;\n}\n.blog-shortcode.blog-masonry-shortcode-id-af1a0e621edd5a6be9371a7c8055e0b0 .portfolio-categories {\n  margin-bottom: 15px;\n}\n.blog-shortcode.blog-masonry-shortcode-id-af1a0e621edd5a6be9371a7c8055e0b0 .entry-excerpt {\n  margin-bottom: 5px;\n}\n.blog-shortcode.blog-masonry-shortcode-id-af1a0e621edd5a6be9371a7c8055e0b0:not(.centered-layout-list) .post-entry-content {\n  padding: 25px 30px 30px 30px;\n}\n.blog-shortcode.blog-masonry-shortcode-id-af1a0e621edd5a6be9371a7c8055e0b0:not(.centered-layout-list):not(.content-bg-on):not(.mode-list) .no-img .post-entry-content {\n  padding: 0;\n}\n@media screen and (max-width: ) {\n  .blog-shortcode.blog-masonry-shortcode-id-af1a0e621edd5a6be9371a7c8055e0b0 article {\n    -ms-flex-flow: column nowrap;\n    flex-flow: column nowrap;\n    margin-top: 20px;\n  }\n  .blog-shortcode.blog-masonry-shortcode-id-af1a0e621edd5a6be9371a7c8055e0b0.dividers-on article {\n    border: none;\n  }\n  .blog-shortcode.blog-masonry-shortcode-id-af1a0e621edd5a6be9371a7c8055e0b0.content-bg-on.centered-layout-list article {\n    padding: 0;\n  }\n  .blog-shortcode.blog-masonry-shortcode-id-af1a0e621edd5a6be9371a7c8055e0b0.blog-shortcode.dividers-on article,\n  .blog-shortcode.blog-masonry-shortcode-id-af1a0e621edd5a6be9371a7c8055e0b0.dividers-on.classic-layout-list article {\n    margin-top: 20px;\n    padding: 0;\n  }\n  .blog-shortcode.blog-masonry-shortcode-id-af1a0e621edd5a6be9371a7c8055e0b0.blog-shortcode.dividers-on article:first-of-type,\n  .blog-shortcode.blog-masonry-shortcode-id-af1a0e621edd5a6be9371a7c8055e0b0.dividers-on.classic-layout-list article:first-of-type {\n    padding: 0;\n  }\n  #page .blog-shortcode.blog-masonry-shortcode-id-af1a0e621edd5a6be9371a7c8055e0b0 .post-thumbnail-wrap,\n  #page .blog-shortcode.blog-masonry-shortcode-id-af1a0e621edd5a6be9371a7c8055e0b0 .post-entry-content {\n    width: 100%;\n    margin: 0;\n    top: 0;\n  }\n  #page .blog-shortcode.blog-masonry-shortcode-id-af1a0e621edd5a6be9371a7c8055e0b0 .post-thumbnail-wrap {\n    padding: 0;\n  }\n  #page .blog-shortcode.blog-masonry-shortcode-id-af1a0e621edd5a6be9371a7c8055e0b0 .post-entry-content:after {\n    display: none;\n  }\n  #page .blog-shortcode.blog-masonry-shortcode-id-af1a0e621edd5a6be9371a7c8055e0b0 .project-even .post-thumbnail-wrap,\n  #page .blog-shortcode.blog-masonry-shortcode-id-af1a0e621edd5a6be9371a7c8055e0b0.centered-layout-list .post-thumbnail-wrap {\n    -ms-flex-order: 0;\n    order: 0;\n  }\n  #page .blog-shortcode.blog-masonry-shortcode-id-af1a0e621edd5a6be9371a7c8055e0b0.centered-layout-list .post-entry-title-content {\n    -ms-flex-order: 1;\n    order: 1;\n    width: 100%;\n    padding: 20px 20px 0;\n  }\n  #page .blog-shortcode.blog-masonry-shortcode-id-af1a0e621edd5a6be9371a7c8055e0b0.centered-layout-list .post-entry-content {\n    -ms-flex-order: 2;\n    order: 2;\n    padding-top: 0;\n  }\n  #page .blog-shortcode.blog-masonry-shortcode-id-af1a0e621edd5a6be9371a7c8055e0b0 .fancy-categories {\n    top: 10px;\n    left: 10px;\n    bottom: auto;\n    right: auto;\n  }\n  #page .blog-shortcode.blog-masonry-shortcode-id-af1a0e621edd5a6be9371a7c8055e0b0 .fancy-date a {\n    top: 10px;\n    right: 10px;\n    left: auto;\n    bottom: auto;\n  }\n  #page .blog-shortcode.blog-masonry-shortcode-id-af1a0e621edd5a6be9371a7c8055e0b0 .post-entry-content {\n    padding: 20px;\n  }\n  #page .blog-shortcode.blog-masonry-shortcode-id-af1a0e621edd5a6be9371a7c8055e0b0 .entry-title {\n    margin: 3px 0 5px;\n    font-size: 20px;\n    line-height: 26px;\n  }\n  #page .blog-shortcode.blog-masonry-shortcode-id-af1a0e621edd5a6be9371a7c8055e0b0 .entry-meta {\n    margin: 5px 0 5px;\n  }\n  #page .blog-shortcode.blog-masonry-shortcode-id-af1a0e621edd5a6be9371a7c8055e0b0 .entry-excerpt {\n    margin: 15px 0 0;\n  }\n  #page .blog-shortcode.blog-masonry-shortcode-id-af1a0e621edd5a6be9371a7c8055e0b0 .post-details {\n    margin: 5px 0 10px;\n  }\n  #page .blog-shortcode.blog-masonry-shortcode-id-af1a0e621edd5a6be9371a7c8055e0b0 .post-details.details-type-link {\n    margin-bottom: 2px;\n  }\n}<\/style><div class=\"blog-shortcode blog-masonry-shortcode-id-af1a0e621edd5a6be9371a7c8055e0b0 mode-masonry classic-layout-list content-bg-on scale-img dt-icon-bg-off resize-by-browser-width loading-effect-none description-under-image \" data-padding=\"15px\" data-cur-page=\"1\" data-post-limit=\"-1\" data-pagination-mode=\"pages\" data-desktop-columns-num=\"2\" data-v-tablet-columns-num=\"1\" data-h-tablet-columns-num=\"2\" data-phone-columns-num=\"1\" data-width=\"0px\" data-columns=\"0\"><div class=\"iso-container\" ><div class=\"visible wf-cell iso-item\" data-post-id=\"2548\" data-date=\"2025-09-02T11:32:49+02:00\" data-name=\"\"><article class=\"post project-odd visible post-2548 type-post status-publish format-standard has-post-thumbnail hentry category-neues tag-fair-handeln category-8\" data-name=\"\" data-date=\"2025-09-02T11:32:49+02:00\">\n\n<div class=\"post-thumbnail-wrap\">\n\t<div class=\"post-thumbnail\">\n\t\t\n\t\t\n\t\t<a href=\"https:\/\/weltlaeden.de\/schwaebisch-hall\/2548-2\/\" class=\"post-thumbnail-rollover layzr-bg layzr-bg\" ><img fetchpriority=\"high\" decoding=\"async\" class=\"iso-lazy-load preload-me iso-lazy-load aspect\" src=\"data:image\/svg+xml,%3Csvg%20xmlns%3D&#39;http%3A%2F%2Fwww.w3.org%2F2000%2Fsvg&#39;%20viewBox%3D&#39;0%200%20390%20260&#39;%2F%3E\" data-src=\"https:\/\/weltlaeden.de\/schwaebisch-hall\/wp-content\/uploads\/sites\/187\/2025\/09\/csm_fw-teaser-website_b5f9d9f42a-e1756823163652-390x260.png\" data-srcset=\"https:\/\/weltlaeden.de\/schwaebisch-hall\/wp-content\/uploads\/sites\/187\/2025\/09\/csm_fw-teaser-website_b5f9d9f42a-e1756823163652-390x260.png 390w\" loading=\"eager\" style=\"--ratio: 390 \/ 260\" sizes=\"(max-width: 390px) 100vw, 390px\" alt=\"\" title=\"csm_fw-teaser-website_b5f9d9f42a\" width=\"390\" height=\"260\"  \/><\/a>\t<\/div>\n<\/div>\n\n\n<div class=\"post-entry-content\">\n\n\t<h3 class=\"entry-title\">\n\t\t<a href=\"https:\/\/weltlaeden.de\/schwaebisch-hall\/2548-2\/\" title=\"\" rel=\"bookmark\"><\/a>\n\t<\/h3>\n\n\t\n\t<div class=\"entry-excerpt\"><p>[vc_row][vc_column][vc_column_text css=&#8220;&#8220;] Faire Woche 2025 FAIR HANDELN Vielfalt erleben Wir feiern 10 Jahre Fairtrade-Stadt Schw\u00e4bisch Hall [\/vc_column_text][vc_empty_space][vc_empty_space][vc_separator][vc_column_text css=&#8220;&#8220;] Programm der fairen Woche [\/vc_column_text][\/vc_column][\/vc_row][vc_row][vc_column][vc_empty_space][\/vc_column][\/vc_row][vc_row][vc_column][\/vc_column][\/vc_row][vc_row][vc_column][\/vc_column][\/vc_row]<\/p>\n<\/div>\n\t\n<a href=\"https:\/\/weltlaeden.de\/schwaebisch-hall\/2548-2\/\" class=\"dt-btn-s dt-btn post-details details-type-btn\" aria-label=\"Read more about \">Weiterlesen<i class=\"dt-icon-the7-arrow-03\" aria-hidden=\"true\"><\/i><\/a>\n\n<\/div><\/article><\/div><div class=\"visible wf-cell iso-item\" data-post-id=\"2418\" data-date=\"2025-06-05T16:23:16+02:00\" data-name=\"Faire Mode\"><article class=\"post project-odd visible post-2418 type-post status-publish format-standard has-post-thumbnail hentry category-neues tag-faire-mode category-8\" data-name=\"Faire Mode\" data-date=\"2025-06-05T16:23:16+02:00\">\n\n<div class=\"post-thumbnail-wrap\">\n\t<div class=\"post-thumbnail\">\n\t\t\n\t\t\n\t\t<a href=\"https:\/\/weltlaeden.de\/schwaebisch-hall\/faire-mode-2\/\" class=\"post-thumbnail-rollover layzr-bg layzr-bg\" ><img decoding=\"async\" class=\"iso-lazy-load preload-me iso-lazy-load aspect\" src=\"data:image\/svg+xml,%3Csvg%20xmlns%3D&#39;http%3A%2F%2Fwww.w3.org%2F2000%2Fsvg&#39;%20viewBox%3D&#39;0%200%20480%20320&#39;%2F%3E\" data-src=\"https:\/\/weltlaeden.de\/schwaebisch-hall\/wp-content\/uploads\/sites\/187\/2025\/06\/IMG_20240920_131117-480x320.jpg\" data-srcset=\"https:\/\/weltlaeden.de\/schwaebisch-hall\/wp-content\/uploads\/sites\/187\/2025\/06\/IMG_20240920_131117-480x320.jpg 480w\" loading=\"eager\" style=\"--ratio: 480 \/ 320\" sizes=\"(max-width: 480px) 100vw, 480px\" alt=\"\" title=\"IMG_20240920_131117\" width=\"480\" height=\"320\"  \/><\/a>\t<\/div>\n<\/div>\n\n\n<div class=\"post-entry-content\">\n\n\t<h3 class=\"entry-title\">\n\t\t<a href=\"https:\/\/weltlaeden.de\/schwaebisch-hall\/faire-mode-2\/\" title=\"Faire Mode\" rel=\"bookmark\">Faire Mode<\/a>\n\t<\/h3>\n\n\t\n\t<div class=\"entry-excerpt\"><p>[vc_row][vc_column][vc_column_text css=&#8220;&#8220;][\/vc_column_text][vc_column_text css=&#8220;&#8220;] Fair kleiden fair schm\u00fccken Bei uns jetzt neu Gute Laune Kleider Chic und fair aus dem Weltladen [\/vc_column_text][vc_separator css=&#8220;&#8220;][vc_empty_space][\/vc_column][\/vc_row][vc_row][vc_column][vc_separator css=&#8220;&#8220;][\/vc_column][\/vc_row][vc_row][vc_column][vc_empty_space][vc_empty_space][vc_empty_space][vc_empty_space][vc_text_separator title=&#8220;Nachhaltig und fair&#8220; css=&#8220;&#8220;][vc_column_text css=&#8220;&#8220;] Unsere Firmen im fairen Handel: [\/vc_column_text][vc_column_text css=&#8220;&#8220;] Madness &#8211; Natur Damenmode Global Mamas &#8211; original Batik aus Ghana Greenbomb -T-Shirts lustig bedruckt Amauta &#8211; Babyalpaka aus Peru&hellip;<\/p>\n<\/div>\n\t\n<a href=\"https:\/\/weltlaeden.de\/schwaebisch-hall\/faire-mode-2\/\" class=\"dt-btn-s dt-btn post-details details-type-btn\" aria-label=\"Read more about Faire Mode\">Weiterlesen<i class=\"dt-icon-the7-arrow-03\" aria-hidden=\"true\"><\/i><\/a>\n\n<\/div><\/article><\/div><div class=\"visible wf-cell iso-item\" data-post-id=\"1931\" data-date=\"2024-11-05T16:42:21+01:00\" data-name=\"Alles chic und fair\"><article class=\"post project-odd visible post-1931 type-post status-publish format-standard has-post-thumbnail hentry category-neues category-8\" data-name=\"Alles chic und fair\" data-date=\"2024-11-05T16:42:21+01:00\">\n\n<div class=\"post-thumbnail-wrap\">\n\t<div class=\"post-thumbnail\">\n\t\t\n\t\t\n\t\t<a href=\"https:\/\/weltlaeden.de\/schwaebisch-hall\/alles-fair\/\" class=\"post-thumbnail-rollover layzr-bg layzr-bg\" ><img decoding=\"async\" class=\"iso-lazy-load preload-me iso-lazy-load aspect\" src=\"data:image\/svg+xml,%3Csvg%20xmlns%3D&#39;http%3A%2F%2Fwww.w3.org%2F2000%2Fsvg&#39;%20viewBox%3D&#39;0%200%20640%20426&#39;%2F%3E\" data-src=\"https:\/\/weltlaeden.de\/schwaebisch-hall\/wp-content\/uploads\/sites\/187\/2024\/03\/IMG_20240717_115924-640x426.jpg\" data-srcset=\"https:\/\/weltlaeden.de\/schwaebisch-hall\/wp-content\/uploads\/sites\/187\/2024\/03\/IMG_20240717_115924-640x426.jpg 640w\" loading=\"eager\" style=\"--ratio: 640 \/ 426\" sizes=\"(max-width: 640px) 100vw, 640px\" alt=\"\" title=\"IMG_20240717_115924\" width=\"640\" height=\"426\"  \/><\/a>\t<\/div>\n<\/div>\n\n\n<div class=\"post-entry-content\">\n\n\t<h3 class=\"entry-title\">\n\t\t<a href=\"https:\/\/weltlaeden.de\/schwaebisch-hall\/alles-fair\/\" title=\"Alles chic und fair\" rel=\"bookmark\">Alles chic und fair<\/a>\n\t<\/h3>\n\n\t\n\t<div class=\"entry-excerpt\"><p>[vc_row][vc_column][vc_column_text css=&#8220;&#8220;] Fair einkaufen Kommen Sie einfach vorbei und schauen Sie was wir Faires zu bieten haben. &nbsp; &nbsp; [\/vc_column_text][vc_separator css=&#8220;&#8220;][\/vc_column][\/vc_row][vc_row][vc_column][vc_separator css=&#8220;&#8220;][vc_separator css=&#8220;&#8220;][\/vc_column][\/vc_row][vc_row][vc_column][vc_column_text css=&#8220;&#8220;] Selbstverst\u00e4ndlich fair! &nbsp; Entdecken Sie das vielf\u00e4ltige Sortiment im Weltladen! Lebensmittel Sie finden ein breit gef\u00e4chertes Sortiment an fair gehandelten Lebensmitteln: Von Fair Kaffee und BIO-Tee bis zu unserer fairen Schokolade,&hellip;<\/p>\n<\/div>\n\t\n<a href=\"https:\/\/weltlaeden.de\/schwaebisch-hall\/alles-fair\/\" class=\"dt-btn-s dt-btn post-details details-type-btn\" aria-label=\"Read more about Alles chic und fair\">Weiterlesen<i class=\"dt-icon-the7-arrow-03\" aria-hidden=\"true\"><\/i><\/a>\n\n<\/div><\/article><\/div><div class=\"visible wf-cell iso-item\" data-post-id=\"2063\" data-date=\"2024-10-26T19:00:29+02:00\" data-name=\"Fr\u00fchlingsgr\u00fc\u00dfe\"><article class=\"post project-odd visible post-2063 type-post status-publish format-standard has-post-thumbnail hentry category-neues category-8\" data-name=\"Fr\u00fchlingsgr\u00fc\u00dfe\" data-date=\"2024-10-26T19:00:29+02:00\">\n\n<div class=\"post-thumbnail-wrap\">\n\t<div class=\"post-thumbnail\">\n\t\t\n\t\t\n\t\t<a href=\"https:\/\/weltlaeden.de\/schwaebisch-hall\/fashion-show-2\/\" class=\"post-thumbnail-rollover layzr-bg layzr-bg\" ><img decoding=\"async\" class=\"iso-lazy-load preload-me iso-lazy-load aspect\" src=\"data:image\/svg+xml,%3Csvg%20xmlns%3D&#39;http%3A%2F%2Fwww.w3.org%2F2000%2Fsvg&#39;%20viewBox%3D&#39;0%200%20640%20426&#39;%2F%3E\" data-src=\"https:\/\/weltlaeden.de\/schwaebisch-hall\/wp-content\/uploads\/sites\/187\/2025\/03\/IMG_20250228_160539-640x426.jpg\" data-srcset=\"https:\/\/weltlaeden.de\/schwaebisch-hall\/wp-content\/uploads\/sites\/187\/2025\/03\/IMG_20250228_160539-640x426.jpg 640w\" loading=\"eager\" style=\"--ratio: 640 \/ 426\" sizes=\"(max-width: 640px) 100vw, 640px\" alt=\"\" title=\"IMG_20250228_160539\" width=\"640\" height=\"426\"  \/><\/a>\t<\/div>\n<\/div>\n\n\n<div class=\"post-entry-content\">\n\n\t<h3 class=\"entry-title\">\n\t\t<a href=\"https:\/\/weltlaeden.de\/schwaebisch-hall\/fashion-show-2\/\" title=\"Fr\u00fchlingsgr\u00fc\u00dfe\" rel=\"bookmark\">Fr\u00fchlingsgr\u00fc\u00dfe<\/a>\n\t<\/h3>\n\n\t\n\t<div class=\"entry-excerpt\"><p>[vc_row][vc_column][vc_column_text css=&#8220;&#8220;] [\/vc_column_text][\/vc_column][\/vc_row][vc_row][vc_column][vc_column_text css=&#8220;&#8220;] Wie w\u00e4re es mit einem fairen Fr\u00fchlingseinkauf im Weltladen? Wir haben ein gro\u00dfes Angebot an wundersch\u00f6nen Dingen zum fair-Schenken. Kommen Sie einfach vorbei. Es lohnt sich! [\/vc_column_text][\/vc_column][\/vc_row]<\/p>\n<\/div>\n\t\n<a href=\"https:\/\/weltlaeden.de\/schwaebisch-hall\/fashion-show-2\/\" class=\"dt-btn-s dt-btn post-details details-type-btn\" aria-label=\"Read more about Fr\u00fchlingsgr\u00fc\u00dfe\">Weiterlesen<i class=\"dt-icon-the7-arrow-03\" aria-hidden=\"true\"><\/i><\/a>\n\n<\/div><\/article><\/div><div class=\"visible wf-cell iso-item\" data-post-id=\"1284\" data-date=\"2023-11-05T12:15:59+01:00\" data-name=\"Winterfreuden\"><article class=\"post project-odd visible post-1284 type-post status-publish format-standard has-post-thumbnail hentry category-neues category-8\" data-name=\"Winterfreuden\" data-date=\"2023-11-05T12:15:59+01:00\">\n\n<div class=\"post-thumbnail-wrap\">\n\t<div class=\"post-thumbnail\">\n\t\t\n\t\t\n\t\t<a href=\"https:\/\/weltlaeden.de\/schwaebisch-hall\/winterfreuden\/\" class=\"post-thumbnail-rollover layzr-bg layzr-bg\" ><img decoding=\"async\" class=\"iso-lazy-load preload-me iso-lazy-load aspect\" src=\"data:image\/svg+xml,%3Csvg%20xmlns%3D&#39;http%3A%2F%2Fwww.w3.org%2F2000%2Fsvg&#39;%20viewBox%3D&#39;0%200%20640%20426&#39;%2F%3E\" data-src=\"https:\/\/weltlaeden.de\/schwaebisch-hall\/wp-content\/uploads\/sites\/187\/2024\/10\/IMG_20241105_110217-640x426.jpg\" data-srcset=\"https:\/\/weltlaeden.de\/schwaebisch-hall\/wp-content\/uploads\/sites\/187\/2024\/10\/IMG_20241105_110217-640x426.jpg 640w\" loading=\"eager\" style=\"--ratio: 640 \/ 426\" sizes=\"(max-width: 640px) 100vw, 640px\" alt=\"\" title=\"IMG_20241105_110217\" width=\"640\" height=\"426\"  \/><\/a>\t<\/div>\n<\/div>\n\n\n<div class=\"post-entry-content\">\n\n\t<h3 class=\"entry-title\">\n\t\t<a href=\"https:\/\/weltlaeden.de\/schwaebisch-hall\/winterfreuden\/\" title=\"Winterfreuden\" rel=\"bookmark\">Winterfreuden<\/a>\n\t<\/h3>\n\n\t\n\t<div class=\"entry-excerpt\"><p>[vc_row][vc_column][\/vc_column][\/vc_row][vc_row][vc_column][vc_column_text css=&#8220;&#8220;] Wintergeschenke Dekorative Geschenke f\u00fcr die vorweihnachtlichen Tage [\/vc_column_text][\/vc_column][\/vc_row][vc_row][vc_column][\/vc_column][\/vc_row]<\/p>\n<\/div>\n\t\n<a href=\"https:\/\/weltlaeden.de\/schwaebisch-hall\/winterfreuden\/\" class=\"dt-btn-s dt-btn post-details details-type-btn\" aria-label=\"Read more about Winterfreuden\">Weiterlesen<i class=\"dt-icon-the7-arrow-03\" aria-hidden=\"true\"><\/i><\/a>\n\n<\/div><\/article><\/div><div class=\"visible wf-cell iso-item\" data-post-id=\"1400\" data-date=\"2023-10-05T11:02:44+02:00\" data-name=\"K\u00f6rbe und Einkaufstaschen\"><article class=\"post project-odd visible post-1400 type-post status-publish format-standard has-post-thumbnail hentry category-neues category-8\" data-name=\"K\u00f6rbe und Einkaufstaschen\" data-date=\"2023-10-05T11:02:44+02:00\">\n\n<div class=\"post-thumbnail-wrap\">\n\t<div class=\"post-thumbnail\">\n\t\t\n\t\t\n\t\t<a href=\"https:\/\/weltlaeden.de\/schwaebisch-hall\/koerbe-und-einkaufstaschen\/\" class=\"post-thumbnail-rollover layzr-bg layzr-bg\" ><img decoding=\"async\" class=\"iso-lazy-load preload-me iso-lazy-load aspect\" src=\"data:image\/svg+xml,%3Csvg%20xmlns%3D&#39;http%3A%2F%2Fwww.w3.org%2F2000%2Fsvg&#39;%20viewBox%3D&#39;0%200%20409%20272&#39;%2F%3E\" data-src=\"https:\/\/weltlaeden.de\/schwaebisch-hall\/wp-content\/uploads\/sites\/187\/2023\/03\/K640_IMG_20230309_163130-1-e1679481566688-409x272.jpg\" data-srcset=\"https:\/\/weltlaeden.de\/schwaebisch-hall\/wp-content\/uploads\/sites\/187\/2023\/03\/K640_IMG_20230309_163130-1-e1679481566688-409x272.jpg 409w\" loading=\"eager\" style=\"--ratio: 409 \/ 272\" sizes=\"(max-width: 409px) 100vw, 409px\" alt=\"\" title=\"K640_IMG_20230309_163130\" width=\"409\" height=\"272\"  \/><\/a>\t<\/div>\n<\/div>\n\n\n<div class=\"post-entry-content\">\n\n\t<h3 class=\"entry-title\">\n\t\t<a href=\"https:\/\/weltlaeden.de\/schwaebisch-hall\/koerbe-und-einkaufstaschen\/\" title=\"K\u00f6rbe und Einkaufstaschen\" rel=\"bookmark\">K\u00f6rbe und Einkaufstaschen<\/a>\n\t<\/h3>\n\n\t\n\t<div class=\"entry-excerpt\"><p>[vc_row][vc_column][vc_column_text] K\u00f6rbe und Einkaufstaschen aus aller Welt Steppengras MARAKESCH Hirsestroh und Ziegenleder GHANA Bolgakorb INDIEN Palmblatt W\u00e4schekorb Seegras BANGLADESCH W\u00e4schekorb SENEGAL Aufbewahrungskorb GHANA Savannengras VIETNAM PERU TANSANIA [\/vc_column_text][\/vc_column][\/vc_row][vc_row][vc_column][vc_separator][\/vc_column][\/vc_row][vc_row][vc_column][vc_column_text] Bolgak\u00f6rbe aus Ghana Die Original Bolgak\u00f6rbe kommen aus der Provinz Bolgatanga in Ghana. Gefertigt werden sie von Flechterinnen aus dem Stroh des Savannengrases oder der in Ghana&hellip;<\/p>\n<\/div>\n\t\n<a href=\"https:\/\/weltlaeden.de\/schwaebisch-hall\/koerbe-und-einkaufstaschen\/\" class=\"dt-btn-s dt-btn post-details details-type-btn\" aria-label=\"Read more about K\u00f6rbe und Einkaufstaschen\">Weiterlesen<i class=\"dt-icon-the7-arrow-03\" aria-hidden=\"true\"><\/i><\/a>\n\n<\/div><\/article><\/div><div class=\"visible wf-cell iso-item\" data-post-id=\"1539\" data-date=\"2023-04-05T18:44:36+02:00\" data-name=\"Sonnengl\u00e4ser von Suntoy\"><article class=\"post project-odd visible post-1539 type-post status-publish format-standard has-post-thumbnail hentry category-allgemein category-1\" data-name=\"Sonnengl\u00e4ser von Suntoy\" data-date=\"2023-04-05T18:44:36+02:00\">\n\n<div class=\"post-thumbnail-wrap\">\n\t<div class=\"post-thumbnail\">\n\t\t\n\t\t\n\t\t<a href=\"https:\/\/weltlaeden.de\/schwaebisch-hall\/sonnenglaeser-von-suntoy\/\" class=\"post-thumbnail-rollover layzr-bg layzr-bg\" ><img decoding=\"async\" class=\"iso-lazy-load preload-me iso-lazy-load aspect\" src=\"data:image\/svg+xml,%3Csvg%20xmlns%3D&#39;http%3A%2F%2Fwww.w3.org%2F2000%2Fsvg&#39;%20viewBox%3D&#39;0%200%20750%20500&#39;%2F%3E\" data-src=\"https:\/\/weltlaeden.de\/schwaebisch-hall\/wp-content\/uploads\/sites\/187\/2023\/04\/Sonnenglas-I_Sonnenglaeser_Q_Sonnenglas_1200x500-750x500.png\" data-srcset=\"https:\/\/weltlaeden.de\/schwaebisch-hall\/wp-content\/uploads\/sites\/187\/2023\/04\/Sonnenglas-I_Sonnenglaeser_Q_Sonnenglas_1200x500-750x500.png 750w\" loading=\"eager\" style=\"--ratio: 750 \/ 500\" sizes=\"(max-width: 750px) 100vw, 750px\" alt=\"\" title=\"Sonnenglas-I_Sonnengl\u00e4ser_Q_Sonnenglas_1200x500\" width=\"750\" height=\"500\"  \/><\/a>\t<\/div>\n<\/div>\n\n\n<div class=\"post-entry-content\">\n\n\t<h3 class=\"entry-title\">\n\t\t<a href=\"https:\/\/weltlaeden.de\/schwaebisch-hall\/sonnenglaeser-von-suntoy\/\" title=\"Sonnengl\u00e4ser von Suntoy\" rel=\"bookmark\">Sonnengl\u00e4ser von Suntoy<\/a>\n\t<\/h3>\n\n\t\n\t<div class=\"entry-excerpt\"><p>[vc_row][vc_column][vc_column_text][\/vc_column_text][\/vc_column][\/vc_row][vc_row][vc_column][\/vc_column][\/vc_row][vc_row][vc_column][vc_column_text] &nbsp; Die handgefertigte Solarlampe ist nicht nur eine stimmungsvolle Dekoration, sondern dient in S\u00fcdafrika als nachhaltige und sichere Lichtquelle f\u00fcr Gebiete ohne Stromanschluss. Die Produktion sichert 75 Arbeitspl\u00e4tze f\u00fcr zuvor arbeitslose M\u00e4nner und Frauen in Johannesburg. Bei uns im Weltladen erhalten sie das Sonnenglas Classic und das Sonnenglas Mini, mit dem die Produzent*innen in&hellip;<\/p>\n<\/div>\n\t\n<a href=\"https:\/\/weltlaeden.de\/schwaebisch-hall\/sonnenglaeser-von-suntoy\/\" class=\"dt-btn-s dt-btn post-details details-type-btn\" aria-label=\"Read more about Sonnengl\u00e4ser von Suntoy\">Weiterlesen<i class=\"dt-icon-the7-arrow-03\" aria-hidden=\"true\"><\/i><\/a>\n\n<\/div><\/article><\/div><div class=\"visible wf-cell iso-item\" data-post-id=\"1328\" data-date=\"2023-03-13T16:25:06+01:00\" data-name=\"Faire Geschenkk\u00f6rbe\"><article class=\"post project-odd visible post-1328 type-post status-publish format-standard has-post-thumbnail hentry category-neues category-8\" data-name=\"Faire Geschenkk\u00f6rbe\" data-date=\"2023-03-13T16:25:06+01:00\">\n\n<div class=\"post-thumbnail-wrap\">\n\t<div class=\"post-thumbnail\">\n\t\t\n\t\t\n\t\t<a href=\"https:\/\/weltlaeden.de\/schwaebisch-hall\/1328-2\/\" class=\"post-thumbnail-rollover layzr-bg layzr-bg\" ><img decoding=\"async\" class=\"iso-lazy-load preload-me iso-lazy-load aspect\" src=\"data:image\/svg+xml,%3Csvg%20xmlns%3D&#39;http%3A%2F%2Fwww.w3.org%2F2000%2Fsvg&#39;%20viewBox%3D&#39;0%200%20768%20512&#39;%2F%3E\" data-src=\"https:\/\/weltlaeden.de\/schwaebisch-hall\/wp-content\/uploads\/sites\/187\/2023\/03\/IMG_2879-768x512.jpg\" data-srcset=\"https:\/\/weltlaeden.de\/schwaebisch-hall\/wp-content\/uploads\/sites\/187\/2023\/03\/IMG_2879-768x512.jpg 768w, https:\/\/weltlaeden.de\/schwaebisch-hall\/wp-content\/uploads\/sites\/187\/2023\/03\/IMG_2879-1152x768.jpg 1152w\" loading=\"eager\" style=\"--ratio: 768 \/ 512\" sizes=\"(max-width: 768px) 100vw, 768px\" alt=\"\" title=\"IMG_2879\" width=\"768\" height=\"512\"  \/><\/a>\t<\/div>\n<\/div>\n\n\n<div class=\"post-entry-content\">\n\n\t<h3 class=\"entry-title\">\n\t\t<a href=\"https:\/\/weltlaeden.de\/schwaebisch-hall\/1328-2\/\" title=\"Faire Geschenkk\u00f6rbe\" rel=\"bookmark\">Faire Geschenkk\u00f6rbe<\/a>\n\t<\/h3>\n\n\t\n\t<div class=\"entry-excerpt\"><p>[vc_row][vc_column][vc_column_text] FairSchenkk\u00f6rbe Schenken Sie ihren Gesch\u00e4ftspartnern, Jubilaren oder Freunden eine kulinarische Kostprobe mit Spezialit\u00e4ten aus Fairem Handel. Die Geschenkk\u00f6rbe k\u00f6nnen ganz nach ihren W\u00fcnschen in allen Preisklassen ab 20.- \u20ac zusammengestellt werden.[\/vc_column_text][\/vc_column][\/vc_row][vc_row][vc_column][vc_column_text][\/vc_column_text][\/vc_column][\/vc_row][vc_row][vc_column][vc_column_text][\/vc_column_text][\/vc_column][\/vc_row]<\/p>\n<\/div>\n\t\n<a href=\"https:\/\/weltlaeden.de\/schwaebisch-hall\/1328-2\/\" class=\"dt-btn-s dt-btn post-details details-type-btn\" aria-label=\"Read more about Faire Geschenkk\u00f6rbe\">Weiterlesen<i class=\"dt-icon-the7-arrow-03\" aria-hidden=\"true\"><\/i><\/a>\n\n<\/div><\/article><\/div><div class=\"visible wf-cell iso-item\" data-post-id=\"1287\" data-date=\"2023-03-13T12:18:21+01:00\" data-name=\"T-Shirts von Kipepeo\"><article class=\"post project-odd visible post-1287 type-post status-publish format-standard has-post-thumbnail hentry category-neues category-8\" data-name=\"T-Shirts von Kipepeo\" data-date=\"2023-03-13T12:18:21+01:00\">\n\n<div class=\"post-thumbnail-wrap\">\n\t<div class=\"post-thumbnail\">\n\t\t\n\t\t\n\t\t<a href=\"https:\/\/weltlaeden.de\/schwaebisch-hall\/t-shirts-von-kipepeo\/\" class=\"post-thumbnail-rollover layzr-bg layzr-bg\" ><img decoding=\"async\" class=\"iso-lazy-load preload-me iso-lazy-load aspect\" src=\"data:image\/svg+xml,%3Csvg%20xmlns%3D&#39;http%3A%2F%2Fwww.w3.org%2F2000%2Fsvg&#39;%20viewBox%3D&#39;0%200%20363%20242&#39;%2F%3E\" data-src=\"https:\/\/weltlaeden.de\/schwaebisch-hall\/wp-content\/uploads\/sites\/187\/2023\/03\/kipepeo-clothing-768x242-2-363x242.jpg\" data-srcset=\"https:\/\/weltlaeden.de\/schwaebisch-hall\/wp-content\/uploads\/sites\/187\/2023\/03\/kipepeo-clothing-768x242-2-363x242.jpg 363w\" loading=\"eager\" style=\"--ratio: 363 \/ 242\" sizes=\"(max-width: 363px) 100vw, 363px\" alt=\"\" title=\"kipepeo-clothing-768&#215;242\" width=\"363\" height=\"242\"  \/><\/a>\t<\/div>\n<\/div>\n\n\n<div class=\"post-entry-content\">\n\n\t<h3 class=\"entry-title\">\n\t\t<a href=\"https:\/\/weltlaeden.de\/schwaebisch-hall\/t-shirts-von-kipepeo\/\" title=\"T-Shirts von Kipepeo\" rel=\"bookmark\">T-Shirts von Kipepeo<\/a>\n\t<\/h3>\n\n\t\n\t<div class=\"entry-excerpt\"><p>[vc_row][vc_column][vc_column_text] Kipepeo Clothing Wundersch\u00f6ne T-Shirts von Kindern gemacht. T-Shirts auch f\u00fcr Erwachsene mit Motiven aus Kinderhand. [\/vc_column_text][vc_empty_space][\/vc_column][\/vc_row][vc_row][vc_column][\/vc_column][\/vc_row][vc_row][vc_column][vc_column_text][\/vc_column_text][\/vc_column][\/vc_row][vc_row][vc_column][\/vc_column][\/vc_row]<\/p>\n<\/div>\n\t\n<a href=\"https:\/\/weltlaeden.de\/schwaebisch-hall\/t-shirts-von-kipepeo\/\" class=\"dt-btn-s dt-btn post-details details-type-btn\" aria-label=\"Read more about T-Shirts von Kipepeo\">Weiterlesen<i class=\"dt-icon-the7-arrow-03\" aria-hidden=\"true\"><\/i><\/a>\n\n<\/div><\/article><\/div><div class=\"visible wf-cell iso-item\" data-post-id=\"1277\" data-date=\"2023-03-13T12:05:47+01:00\" data-name=\"Tradition verwoben mit Zukunft\"><article class=\"post project-odd visible post-1277 type-post status-publish format-standard has-post-thumbnail hentry category-neues category-8\" data-name=\"Tradition verwoben mit Zukunft\" data-date=\"2023-03-13T12:05:47+01:00\">\n\n<div class=\"post-thumbnail-wrap\">\n\t<div class=\"post-thumbnail\">\n\t\t\n\t\t\n\t\t<a href=\"https:\/\/weltlaeden.de\/schwaebisch-hall\/tradition-verwoben-mit-zukunft\/\" class=\"post-thumbnail-rollover layzr-bg layzr-bg\" ><img decoding=\"async\" class=\"iso-lazy-load preload-me iso-lazy-load aspect\" src=\"data:image\/svg+xml,%3Csvg%20xmlns%3D&#39;http%3A%2F%2Fwww.w3.org%2F2000%2Fsvg&#39;%20viewBox%3D&#39;0%200%20640%20426&#39;%2F%3E\" data-src=\"https:\/\/weltlaeden.de\/schwaebisch-hall\/wp-content\/uploads\/sites\/187\/2023\/03\/IMG_20230309_101616-2-640x426.jpg\" data-srcset=\"https:\/\/weltlaeden.de\/schwaebisch-hall\/wp-content\/uploads\/sites\/187\/2023\/03\/IMG_20230309_101616-2-640x426.jpg 640w\" loading=\"eager\" style=\"--ratio: 640 \/ 426\" sizes=\"(max-width: 640px) 100vw, 640px\" alt=\"\" title=\"IMG_20230309_101616\" width=\"640\" height=\"426\"  \/><\/a>\t<\/div>\n<\/div>\n\n\n<div class=\"post-entry-content\">\n\n\t<h3 class=\"entry-title\">\n\t\t<a href=\"https:\/\/weltlaeden.de\/schwaebisch-hall\/tradition-verwoben-mit-zukunft\/\" title=\"Tradition verwoben mit Zukunft\" rel=\"bookmark\">Tradition verwoben mit Zukunft<\/a>\n\t<\/h3>\n\n\t\n\t<div class=\"entry-excerpt\"><p>[vc_row][vc_column][vc_column_text] In dem Dorf Wandurgala in Sri Lanka arbeiten viele Frauen in der Weberei. Bezaubernde Spielsachen f\u00fcr Kinder entstehen, wie etwa ein Spielbuch mit P\u00fcppchen und vieles andere mehr. [\/vc_column_text][\/vc_column][\/vc_row][vc_row][vc_column][\/vc_column][\/vc_row]<\/p>\n<\/div>\n\t\n<a href=\"https:\/\/weltlaeden.de\/schwaebisch-hall\/tradition-verwoben-mit-zukunft\/\" class=\"dt-btn-s dt-btn post-details details-type-btn\" aria-label=\"Read more about Tradition verwoben mit Zukunft\">Weiterlesen<i class=\"dt-icon-the7-arrow-03\" aria-hidden=\"true\"><\/i><\/a>\n\n<\/div><\/article><\/div><\/div><!-- iso-container|iso-grid --><div class=\"paginator\" role=\"navigation\"><span class=\"nav-prev disabled\">\u2192<\/span><a href=\"https:\/\/weltlaeden.de\/schwaebisch-hall\/wp-json\/wp\/v2\/pages\/361\/\" class=\"page-numbers act\" data-page-num=\"1\">1<\/a><a href=\"https:\/\/weltlaeden.de\/schwaebisch-hall\/wp-json\/wp\/v2\/pages\/361\/page\/2\/\" class=\"page-numbers \" data-page-num=\"2\">2<\/a><a href=\"https:\/\/weltlaeden.de\/schwaebisch-hall\/wp-json\/wp\/v2\/pages\/361\/page\/2\/\" class=\"page-numbers nav-next filter-item\" data-page-num=\"2\" >\u2192<\/a><\/div><\/div>[\/vc_column][\/vc_row][vc_row][vc_column][\/vc_column][\/vc_row][vc_row][vc_column][\/vc_column][\/vc_row]<\/p>\n<\/div>","protected":false},"excerpt":{"rendered":"<p>[vc_row][vc_column][vc_empty_space][vc_column_text] Neuigkeiten [\/vc_column_text][\/vc_column][\/vc_row][vc_row][vc_column][\/vc_column][\/vc_row][vc_row][vc_column][\/vc_column][\/vc_row]<\/p>\n","protected":false},"author":1,"featured_media":2399,"parent":0,"menu_order":1,"comment_status":"closed","ping_status":"closed","template":"","meta":{"footnotes":""},"class_list":["post-361","page","type-page","status-publish","has-post-thumbnail","hentry","description-off"],"yoast_head":"<!-- This site is optimized with the Yoast SEO plugin v26.8 - https:\/\/yoast.com\/product\/yoast-seo-wordpress\/ -->\n<title>Neuigkeiten - Weltladen Schw\u00e4bisch Hall<\/title>\n<meta name=\"robots\" content=\"index, follow, max-snippet:-1, max-image-preview:large, max-video-preview:-1\" \/>\n<link rel=\"canonical\" href=\"https:\/\/weltlaeden.de\/schwaebisch-hall\/neuigkeiten\/\" \/>\n<meta property=\"og:locale\" content=\"de_DE\" \/>\n<meta property=\"og:type\" content=\"article\" \/>\n<meta property=\"og:title\" content=\"Neuigkeiten - Weltladen Schw\u00e4bisch Hall\" \/>\n<meta property=\"og:description\" content=\"[vc_row][vc_column][vc_empty_space][vc_column_text] Neuigkeiten [\/vc_column_text][\/vc_column][\/vc_row][vc_row][vc_column][\/vc_column][\/vc_row][vc_row][vc_column][\/vc_column][\/vc_row]\" \/>\n<meta property=\"og:url\" content=\"https:\/\/weltlaeden.de\/schwaebisch-hall\/neuigkeiten\/\" \/>\n<meta property=\"og:site_name\" content=\"Weltladen Schw\u00e4bisch Hall\" \/>\n<meta property=\"article:modified_time\" content=\"2025-11-03T13:52:48+00:00\" \/>\n<meta property=\"og:image\" content=\"https:\/\/weltlaeden.de\/schwaebisch-hall\/wp-content\/uploads\/sites\/187\/2025\/03\/IMG-20250314-WA0001.jpg\" \/>\n\t<meta property=\"og:image:width\" content=\"1748\" \/>\n\t<meta property=\"og:image:height\" content=\"1240\" \/>\n\t<meta property=\"og:image:type\" content=\"image\/jpeg\" \/>\n<meta name=\"twitter:card\" content=\"summary_large_image\" \/>\n<meta name=\"twitter:label1\" content=\"Gesch\u00e4tzte Lesezeit\" \/>\n\t<meta name=\"twitter:data1\" content=\"1\u00a0Minute\" \/>\n<script type=\"application\/ld+json\" class=\"yoast-schema-graph\">{\"@context\":\"https:\/\/schema.org\",\"@graph\":[{\"@type\":\"WebPage\",\"@id\":\"https:\/\/weltlaeden.de\/schwaebisch-hall\/neuigkeiten\/\",\"url\":\"https:\/\/weltlaeden.de\/schwaebisch-hall\/neuigkeiten\/\",\"name\":\"Neuigkeiten - Weltladen Schw\u00e4bisch Hall\",\"isPartOf\":{\"@id\":\"https:\/\/weltlaeden.de\/schwaebisch-hall\/#website\"},\"primaryImageOfPage\":{\"@id\":\"https:\/\/weltlaeden.de\/schwaebisch-hall\/neuigkeiten\/#primaryimage\"},\"image\":{\"@id\":\"https:\/\/weltlaeden.de\/schwaebisch-hall\/neuigkeiten\/#primaryimage\"},\"thumbnailUrl\":\"https:\/\/weltlaeden.de\/schwaebisch-hall\/wp-content\/uploads\/sites\/187\/2025\/03\/IMG-20250314-WA0001.jpg\",\"datePublished\":\"2018-04-05T07:52:53+00:00\",\"dateModified\":\"2025-11-03T13:52:48+00:00\",\"breadcrumb\":{\"@id\":\"https:\/\/weltlaeden.de\/schwaebisch-hall\/neuigkeiten\/#breadcrumb\"},\"inLanguage\":\"de\",\"potentialAction\":[{\"@type\":\"ReadAction\",\"target\":[\"https:\/\/weltlaeden.de\/schwaebisch-hall\/neuigkeiten\/\"]}]},{\"@type\":\"ImageObject\",\"inLanguage\":\"de\",\"@id\":\"https:\/\/weltlaeden.de\/schwaebisch-hall\/neuigkeiten\/#primaryimage\",\"url\":\"https:\/\/weltlaeden.de\/schwaebisch-hall\/wp-content\/uploads\/sites\/187\/2025\/03\/IMG-20250314-WA0001.jpg\",\"contentUrl\":\"https:\/\/weltlaeden.de\/schwaebisch-hall\/wp-content\/uploads\/sites\/187\/2025\/03\/IMG-20250314-WA0001.jpg\",\"width\":1748,\"height\":1240},{\"@type\":\"BreadcrumbList\",\"@id\":\"https:\/\/weltlaeden.de\/schwaebisch-hall\/neuigkeiten\/#breadcrumb\",\"itemListElement\":[{\"@type\":\"ListItem\",\"position\":1,\"name\":\"Startseite\",\"item\":\"https:\/\/weltlaeden.de\/schwaebisch-hall\/\"},{\"@type\":\"ListItem\",\"position\":2,\"name\":\"Neuigkeiten\"}]},{\"@type\":\"WebSite\",\"@id\":\"https:\/\/weltlaeden.de\/schwaebisch-hall\/#website\",\"url\":\"https:\/\/weltlaeden.de\/schwaebisch-hall\/\",\"name\":\"Weltladen Schw\u00e4bisch Hall\",\"description\":\"Fachhandel f\u00fcr Faire Produkte\",\"potentialAction\":[{\"@type\":\"SearchAction\",\"target\":{\"@type\":\"EntryPoint\",\"urlTemplate\":\"https:\/\/weltlaeden.de\/schwaebisch-hall\/?s={search_term_string}\"},\"query-input\":{\"@type\":\"PropertyValueSpecification\",\"valueRequired\":true,\"valueName\":\"search_term_string\"}}],\"inLanguage\":\"de\"}]}<\/script>\n<!-- \/ Yoast SEO plugin. -->","yoast_head_json":{"title":"Neuigkeiten - Weltladen Schw\u00e4bisch Hall","robots":{"index":"index","follow":"follow","max-snippet":"max-snippet:-1","max-image-preview":"max-image-preview:large","max-video-preview":"max-video-preview:-1"},"canonical":"https:\/\/weltlaeden.de\/schwaebisch-hall\/neuigkeiten\/","og_locale":"de_DE","og_type":"article","og_title":"Neuigkeiten - Weltladen Schw\u00e4bisch Hall","og_description":"[vc_row][vc_column][vc_empty_space][vc_column_text] Neuigkeiten [\/vc_column_text][\/vc_column][\/vc_row][vc_row][vc_column][\/vc_column][\/vc_row][vc_row][vc_column][\/vc_column][\/vc_row]","og_url":"https:\/\/weltlaeden.de\/schwaebisch-hall\/neuigkeiten\/","og_site_name":"Weltladen Schw\u00e4bisch Hall","article_modified_time":"2025-11-03T13:52:48+00:00","og_image":[{"width":1748,"height":1240,"url":"https:\/\/weltlaeden.de\/schwaebisch-hall\/wp-content\/uploads\/sites\/187\/2025\/03\/IMG-20250314-WA0001.jpg","type":"image\/jpeg"}],"twitter_card":"summary_large_image","twitter_misc":{"Gesch\u00e4tzte Lesezeit":"1\u00a0Minute"},"schema":{"@context":"https:\/\/schema.org","@graph":[{"@type":"WebPage","@id":"https:\/\/weltlaeden.de\/schwaebisch-hall\/neuigkeiten\/","url":"https:\/\/weltlaeden.de\/schwaebisch-hall\/neuigkeiten\/","name":"Neuigkeiten - Weltladen Schw\u00e4bisch Hall","isPartOf":{"@id":"https:\/\/weltlaeden.de\/schwaebisch-hall\/#website"},"primaryImageOfPage":{"@id":"https:\/\/weltlaeden.de\/schwaebisch-hall\/neuigkeiten\/#primaryimage"},"image":{"@id":"https:\/\/weltlaeden.de\/schwaebisch-hall\/neuigkeiten\/#primaryimage"},"thumbnailUrl":"https:\/\/weltlaeden.de\/schwaebisch-hall\/wp-content\/uploads\/sites\/187\/2025\/03\/IMG-20250314-WA0001.jpg","datePublished":"2018-04-05T07:52:53+00:00","dateModified":"2025-11-03T13:52:48+00:00","breadcrumb":{"@id":"https:\/\/weltlaeden.de\/schwaebisch-hall\/neuigkeiten\/#breadcrumb"},"inLanguage":"de","potentialAction":[{"@type":"ReadAction","target":["https:\/\/weltlaeden.de\/schwaebisch-hall\/neuigkeiten\/"]}]},{"@type":"ImageObject","inLanguage":"de","@id":"https:\/\/weltlaeden.de\/schwaebisch-hall\/neuigkeiten\/#primaryimage","url":"https:\/\/weltlaeden.de\/schwaebisch-hall\/wp-content\/uploads\/sites\/187\/2025\/03\/IMG-20250314-WA0001.jpg","contentUrl":"https:\/\/weltlaeden.de\/schwaebisch-hall\/wp-content\/uploads\/sites\/187\/2025\/03\/IMG-20250314-WA0001.jpg","width":1748,"height":1240},{"@type":"BreadcrumbList","@id":"https:\/\/weltlaeden.de\/schwaebisch-hall\/neuigkeiten\/#breadcrumb","itemListElement":[{"@type":"ListItem","position":1,"name":"Startseite","item":"https:\/\/weltlaeden.de\/schwaebisch-hall\/"},{"@type":"ListItem","position":2,"name":"Neuigkeiten"}]},{"@type":"WebSite","@id":"https:\/\/weltlaeden.de\/schwaebisch-hall\/#website","url":"https:\/\/weltlaeden.de\/schwaebisch-hall\/","name":"Weltladen Schw\u00e4bisch Hall","description":"Fachhandel f\u00fcr Faire Produkte","potentialAction":[{"@type":"SearchAction","target":{"@type":"EntryPoint","urlTemplate":"https:\/\/weltlaeden.de\/schwaebisch-hall\/?s={search_term_string}"},"query-input":{"@type":"PropertyValueSpecification","valueRequired":true,"valueName":"search_term_string"}}],"inLanguage":"de"}]}},"_links":{"self":[{"href":"https:\/\/weltlaeden.de\/schwaebisch-hall\/wp-json\/wp\/v2\/pages\/361","targetHints":{"allow":["GET"]}}],"collection":[{"href":"https:\/\/weltlaeden.de\/schwaebisch-hall\/wp-json\/wp\/v2\/pages"}],"about":[{"href":"https:\/\/weltlaeden.de\/schwaebisch-hall\/wp-json\/wp\/v2\/types\/page"}],"author":[{"embeddable":true,"href":"https:\/\/weltlaeden.de\/schwaebisch-hall\/wp-json\/wp\/v2\/users\/1"}],"replies":[{"embeddable":true,"href":"https:\/\/weltlaeden.de\/schwaebisch-hall\/wp-json\/wp\/v2\/comments?post=361"}],"version-history":[{"count":14,"href":"https:\/\/weltlaeden.de\/schwaebisch-hall\/wp-json\/wp\/v2\/pages\/361\/revisions"}],"predecessor-version":[{"id":1815,"href":"https:\/\/weltlaeden.de\/schwaebisch-hall\/wp-json\/wp\/v2\/pages\/361\/revisions\/1815"}],"wp:featuredmedia":[{"embeddable":true,"href":"https:\/\/weltlaeden.de\/schwaebisch-hall\/wp-json\/wp\/v2\/media\/2399"}],"wp:attachment":[{"href":"https:\/\/weltlaeden.de\/schwaebisch-hall\/wp-json\/wp\/v2\/media?parent=361"}],"curies":[{"name":"wp","href":"https:\/\/api.w.org\/{rel}","templated":true}]}}