{"id":630,"date":"2022-02-25T21:16:55","date_gmt":"2022-02-25T20:16:55","guid":{"rendered":"https:\/\/weltlaeden.de\/schwaebisch-gmuend\/?page_id=630"},"modified":"2022-03-04T21:19:12","modified_gmt":"2022-03-04T20:19:12","slug":"chronik","status":"publish","type":"page","link":"https:\/\/weltlaeden.de\/schwaebisch-gmuend\/chronik\/","title":{"rendered":"Chronik"},"content":{"rendered":"<div class=\"wpb-content-wrapper\"><p>[vc_row][vc_column][vc_column_text]<\/p>\n<h1><strong>Chronik in Kurzfassung<\/strong><\/h1>\n<p><strong>Wie alles angefangen hat<\/strong><\/p>\n<p>Den Grundstein zum heutigen Gm\u00fcnder Weltladen in der M\u00fcnstergasse legten einige sozial engagierte Personen, die sich damals im Jahr 1979 der \u201eDritten Welt\u201c verpflichtet f\u00fchlten. Es war die Zeit, in der man die Welt noch in eine \u201eerste\u201c Welt mit den Industrienationen und in eine \u201edritte\u201c Welt, bestehend aus den Entwicklungsl\u00e4ndern, einteilte.<\/p>\n<p>Mit der Zeit wurde alles professioneller \u2013 die Verkaufsr\u00e4ume und auch die Produkte, die heute auffallend modisch und vielf\u00e4ltig sind. Diese Entwicklung nahm auch der Gm\u00fcnder Weltladen:<\/p>\n<p><strong><br \/>\nGr\u00fcndung<\/strong><\/p>\n<p><strong>15.05.1979 <\/strong>Aktion f\u00fcr Partnerschaft im Weltmarkt wird ins Vereinsregister eingetragen. Vorsitzender ist Karl Degendorfer. Der Laden befindet sich in der Imhofstra\u00dfe 4 in Schw\u00e4b. Gm\u00fcnd.<\/p>\n<p><strong>Vorstandswechsel<\/strong><\/p>\n<p><strong>06.09.1991 <\/strong>Anita Strohmaier wird Vorsitzende<\/p>\n<p><strong>06.09.1994 <\/strong>Rosemarie Betsch folgt als Vorsitzende<\/p>\n<p><strong>10.07.2001 <\/strong>Andreas Eisenhuth \u00fcbernimmt den Vorsitz kommissarisch.<\/p>\n<p><strong>27.08.2004 <\/strong>Gabi Engling-Hesse wird Vorsitzende<\/p>\n<p><strong>19.09.2006 <\/strong>Cordula Reichert f\u00fchrt die Amtsgesch\u00e4fte<\/p>\n<p><strong>03.07.2014<\/strong> Hanna Maier wird Vorsitzende<\/p>\n<p><strong>06.07.2018<\/strong> Cordula Reichert f\u00fchrt erneut die Gesch\u00e4fte als Vorsitzende<\/p>\n<p><strong>Umzug in die M\u00fcnstergasse <\/strong><\/p>\n<p>Der Verein bezieht Ende 1984 &#8211; zun\u00e4chst gemeinsam mit dem Natur- und Umweltschutzbund BUND \u2013 die R\u00e4ume im Haus der st\u00e4dtischen Wohnungsbaugesellschaft VGW. An der Fassade wird eine attraktive Holzplatte mit der Aufschrift \u201eDritte-Welt-Laden\u201c angebracht.<\/p>\n<p><strong><br \/>\nNutzung der R\u00e4ume ohne Partner<\/strong><\/p>\n<p>Seit Mitte 1991 werden die R\u00e4ume allein vom Weltladen genutzt. Ab 2005 wird die ehemalige Schusterwerkstatt im hinteren Bereich des Erdgeschosses saniert und als B\u00fcro genutzt.<\/p>\n<p><strong><br \/>\nOstalbkaffee (OK-Kaffee)<\/strong><\/p>\n<p>Durch den lokalen Agenda- 2000-Prozess im Ostalbkreis wird durch Landrat Pavel der OK-Kaffee besonders gef\u00f6rdert. Zwar w\u00e4chst auch dieser nicht auf der Ostalb, wird aber von den Weltl\u00e4den des Landkreises einheitlich angeboten. Rosemarie Betsch, die ehemalige Vorsitzende, beliefert Gro\u00dfkunden regelm\u00e4\u00dfig.<\/p>\n<p><strong><br \/>\nDer Name des Vereins wird einpr\u00e4gsamer<\/strong><\/p>\n<p>Der Name \u201eAktion f\u00fcr Partnerschaft im Weltmarkt\u201c weicht der \u00f6ffentlichkeitswirksamen Benennung \u201eGm\u00fcnder Weltladen\u201cam <strong>15.10.2008,<br \/>\n<\/strong>und rund 10 Jahre sp\u00e4ter wird daraus &#8222;Weltladen Schw\u00e4bisch Gm\u00fcnd e.V&#8220;.<strong><br \/>\n<\/strong><\/p>\n<p><strong><br \/>\nAufbruch zu neuen Zielen<\/strong><\/p>\n<p>Neben der sich ausweitenden Produktpalette wird ein weiteres Thema besetzt: faire Beschaffung in den kommunalen Haushalten. Zusammen mit dem DEAB wird <strong>2009<\/strong> durch ein Workshop das Thema im Rathaus vertieft. Im Mai <strong>2010<\/strong> erh\u00e4lt Schw\u00e4bisch Gm\u00fcnds Verwaltung durch OB Richard Arnold eine Dienstanweisung zur Beschaffung fairer Produkte.<\/p>\n<p>Im Fr\u00fchjahr <strong>2011<\/strong> organisiert der Gm\u00fcnder Weltladen in St. Loreto den Vortrag \u201eFair spielt\u201c von der Werkstatt f\u00fcr \u00d6konomie in Heidelberg mit Uwe Kleinert, der sich an Kinderg\u00e4rten richtet. Die st\u00e4dtische Fachberaterin f\u00fcr die kommunalen Kinderg\u00e4rten berichtet bei ihren Veranstaltungen mit ErzieherInnen \u00fcber das Thema und leitet aktualisierte Bezugsquellennachweise an die Kinderg\u00e4rten weiter.<\/p>\n<p>In Zusammenarbeit mit der Hochschule f\u00fcr Gestaltung wird die <strong>Gm\u00fcnder Stauferschokolade<\/strong> entwickelt und zum ersten Advent 2010 aufgelegt. Bis Weihnachten werden davon 1.000 Tafeln verkauft!<\/p>\n<p><strong>Kaffeejubil\u00e4um \u2013 10 Jahre Ostalbkaffee<\/strong><\/p>\n<p>Im Mai <strong>2011<\/strong> findet anl\u00e4sslich des Jubil\u00e4ums eine Kaffee-Ausstellung im Gm\u00fcnder Rathaus statt. Ein eigens hergestellter Film informiert \u00fcber Kaffeeanbau und die Verarbeitung. F\u00fcr Sch\u00fcler wird ein Spielparcours angeboten, der Mitmachstationen vom Pfl\u00fccken der Kaffeekirschen bis zur R\u00f6stung der Bohnen umfasst. Musikalisch wird das Jubil\u00e4um durch den Gesangsverein 1823 \u2013 verst\u00e4rkt durch OB Richard Arnold als S\u00e4nger &#8211; mit Kaffeeliedern umrahmt.<\/p>\n<p><strong>Wettbewerbe und Mitarbeit im Arbeitskreises &#8218;Eine Welt&#8216;<\/strong><\/p>\n<p><strong>2007, 2009, 2011, 2015 und 2017<\/strong> nimmt der Gm\u00fcnder Weltladen zusammen mit anderen Gm\u00fcnder Organisationen am Wettbewerb \u201eMeine Welt. Deine Welt. Eine Welt.\u201c der Stiftung Entwicklungszusammenarbeit in Stuttgart (SEZ) teil. Die Wettbewerbsprogramme werden immer ehrgeiziger:<\/p>\n<p>Ist es in 2007 noch eine Ansammlung von ca. 30 Einzelaktionen, so kommt in 2009 zum Thema \u201eDie Welt zu Gast in Gm\u00fcnd\u201c schon ein H\u00f6hepunkt dazu: Ein Spendenlauf auf dem Gm\u00fcnder Marktplatz mit Politikern, Vereinen, Schulen und Privatpersonen und gro\u00dfer Presseresonanz. Nach der Gr\u00fcndung des Arbeitskreises Eine Welt im September 2010 umfasst dann der Beitrag zum Wettbewerb 2011 unter dem Motto \u201erecht (auf) essen\u201c ein Festzelt auf dem Johannisplatz unter Beteiligung des Spitzenkoches M\u00e4dger mit den Minik\u00f6chen und fairen Speisen.<br \/>\n2015 sind auf einem Banner im Rathaus viele Gm\u00fcnder B\u00fcrger mit OB Richard Arnold zu sehen, die sich f\u00fcr \u201eVielfalt in Gm\u00fcnd\u201c einsetzen und 2017 wird die \u201eErste Gm\u00fcnder Tafel \u2013 regional und fair\u201c auf dem Johannisplatz mit 50 Metern Hefezopf der Gm\u00fcnder B\u00e4cker und einer \u00f6ffentlichen Wiegeaktion organisiert. OB Arnold wird in Ostalbkaffee aufgewogen, bevor die B\u00fcrger bewirtet werden. 2019 bewirbt sich Schw\u00e4bisch Gm\u00fcnd mit dem Wettbewerbsprogramm \u201eGm\u00fcnd mag`s fair!\u201c und erh\u00e4lt daf\u00fcr wiederum einen Preis \u2013 f\u00fcnf Preise bei sechs Teilnahmen!<\/p>\n<p><strong>Ein Traum wird wahr: Gm\u00fcnd wird als Fairtrade Town zertifiziert<\/strong><\/p>\n<p>Dem Arbeitskreis Eine Welt gelingt im November <strong>2012<\/strong> der Nachweis, dass alle Kriterien f\u00fcr die Auszeichnung Fairtrade Town in Schw\u00e4bisch Gm\u00fcnd erf\u00fcllt werden. Einzelh\u00e4ndler, Gastronomen, Vereine, Kirchen und Schulen ziehen zusammen mit der Stadtverwaltung und dem Gemeinderat an einem Strang und konsumieren faire Produkte und f\u00fchren Bildungsveranstaltungen im geforderten Rahmen durch. Die Siegelorganisation \u00fcberreicht das Zertifikat im Rahmen einer Feierstunde an B\u00fcrgermeister Dr. Bl\u00e4se. Auch die Erneuerung des Titels ist in den Folgejahren erfolgreich.<\/p>\n<p><strong>Umzug an den Kalten Markt<\/strong><\/p>\n<p>Der Gm\u00fcnder Weltladen zieht im April <strong>2015<\/strong> in gr\u00f6\u00dfere R\u00e4umlichkeiten am Kalten Markt 29. Stammkunden und viele neue Kunden tragen zu einem Erfolg der Gesch\u00e4ftsaktivit\u00e4ten in den kommenden Jahren bei. Durch die Nutzung benachbarter R\u00e4ume im Michaelum k\u00f6nnen immer wieder attraktive Vortragsveranstaltungen angeboten und die Bildungsaktivit\u00e4ten intensiviert werden.<\/p>\n<p><strong>Der Weltladen feiert Jubil\u00e4um \u2013 40 Jahre fairer Handel<\/strong><\/p>\n<p>Das Jahr 2019 steht im Zeichen des Jubil\u00e4ums. Ein Festakt im Mai bildet den Auftakt zum Jubil\u00e4umsverkauf. Im Juni nehmen Mitarbeiter im Weltladen-Shirt am 40ger-Umzug der Altersgenossen teil \u2013 eine Gm\u00fcnder Besonderheit! Vortr\u00e4ge wie zum Beispiel \u00fcber die Schmuckherstellung bei Pakilia in Mexiko oder zum Thema \u201eFrauen k\u00f6nnen alles\u201c \u00a0\u00fcber Mikrofinanzierung in Entwicklungsl\u00e4ndern runden das Programm ab. Im Rahmen der Remstalgartenschau feiert der Weltladen 2019 auf der Remsparkb\u00fchne mit viel Prominenz einen Gottesdienst mit anschlie\u00dfendem Mitmachprogramm.<\/p>\n<p><strong>Globales Lernen<\/strong><\/p>\n<p>Regelm\u00e4\u00dfig werden Schulklassen aller Altersstufen, Studierende der P\u00e4dagogischen Hochschule, Firmlinge und Konfirmanden und sogar Kinder aus Kindertagesst\u00e4tten in den Ladenr\u00e4umen in den fairen Handel eingewiesen. Geschulte Ehrenamtliche bieten auch Unterrichtsstunden in Schulen an.<\/p>\n<p><strong>Konsumkritische Stadtrundg\u00e4nge &#8211; <\/strong>Diese runden das Angebot zum globalen Lernen ab. Auf Wunsch der Teilnehmer werden vor ausgew\u00e4hlten Gesch\u00e4ften Themen zur Nachhaltigkeit meist in Rollenspielen vertieft. Beispiele: Fleischkonsum, ethische Geldanlage, Faire Kleidung, Ausbeutung beim Rohstoffabbau f\u00fcr Handys, Kinderarbeit auf Kakaoplantagen und vieles mehr.<\/p>\n<div>\n<p><strong>Choronapandemie 2020\/2021<\/strong><\/p>\n<p>&nbsp;<\/p>\n<\/div>\n<div>Wegen der weltlweiten Ansteckungsgefahr mit dem Covid-19-Virus m\u00fcssen wir auf beh\u00f6rdliche Anordung den Laden teilweise schlie\u00dfen oder auf Liefer- und Abholservice ausweichen. Unsere treuen Kunden stehen solidarisch an unserer Seite und kaufen auch unter erschwerten Bedingungen mit Mund-Nasenschutz bei uns ein, so dass wir bei unseren Partner im globalen S\u00fcden weiterhin bestellen k\u00f6nnen, sie mit Spenden unterst\u00fctzen k\u00f6nnen und so das \u00dcberleben der Kleinproduzenten sichern k\u00f6nnen.<\/div>\n<p>[\/vc_column_text][\/vc_column][\/vc_row]<\/p>\n<\/div>","protected":false},"excerpt":{"rendered":"<p>[vc_row][vc_column][vc_column_text] Chronik in Kurzfassung Wie alles angefangen hat Den Grundstein zum heutigen Gm\u00fcnder Weltladen in der M\u00fcnstergasse legten einige sozial engagierte Personen, die sich damals im Jahr 1979 der \u201eDritten Welt\u201c verpflichtet f\u00fchlten. Es war die Zeit, in der man die Welt noch in eine \u201eerste\u201c Welt mit den Industrienationen und in eine \u201edritte\u201c Welt,&hellip;<\/p>\n","protected":false},"author":265,"featured_media":0,"parent":0,"menu_order":0,"comment_status":"closed","ping_status":"closed","template":"","meta":{"footnotes":""},"class_list":["post-630","page","type-page","status-publish","hentry","description-off"],"yoast_head":"<!-- This site is optimized with the Yoast SEO plugin v26.8 - https:\/\/yoast.com\/product\/yoast-seo-wordpress\/ -->\n<title>Chronik - Weltladen Schw\u00e4bisch Gm\u00fcnd<\/title>\n<meta name=\"robots\" content=\"index, follow, max-snippet:-1, max-image-preview:large, max-video-preview:-1\" \/>\n<link rel=\"canonical\" href=\"https:\/\/weltlaeden.de\/schwaebisch-gmuend\/chronik\/\" \/>\n<meta property=\"og:locale\" content=\"de_DE\" \/>\n<meta property=\"og:type\" content=\"article\" \/>\n<meta property=\"og:title\" content=\"Chronik - Weltladen Schw\u00e4bisch Gm\u00fcnd\" \/>\n<meta property=\"og:description\" content=\"[vc_row][vc_column][vc_column_text] Chronik in Kurzfassung Wie alles angefangen hat Den Grundstein zum heutigen Gm\u00fcnder Weltladen in der M\u00fcnstergasse legten einige sozial engagierte Personen, die sich damals im Jahr 1979 der \u201eDritten Welt\u201c verpflichtet f\u00fchlten. Es war die Zeit, in der man die Welt noch in eine \u201eerste\u201c Welt mit den Industrienationen und in eine \u201edritte\u201c Welt,&hellip;\" \/>\n<meta property=\"og:url\" content=\"https:\/\/weltlaeden.de\/schwaebisch-gmuend\/chronik\/\" \/>\n<meta property=\"og:site_name\" content=\"Weltladen Schw\u00e4bisch Gm\u00fcnd\" \/>\n<meta property=\"article:modified_time\" content=\"2022-03-04T20:19:12+00:00\" \/>\n<meta name=\"twitter:card\" content=\"summary_large_image\" \/>\n<meta name=\"twitter:label1\" content=\"Gesch\u00e4tzte Lesezeit\" \/>\n\t<meta name=\"twitter:data1\" content=\"6\u00a0Minuten\" \/>\n<script type=\"application\/ld+json\" class=\"yoast-schema-graph\">{\"@context\":\"https:\/\/schema.org\",\"@graph\":[{\"@type\":\"WebPage\",\"@id\":\"https:\/\/weltlaeden.de\/schwaebisch-gmuend\/chronik\/\",\"url\":\"https:\/\/weltlaeden.de\/schwaebisch-gmuend\/chronik\/\",\"name\":\"Chronik - Weltladen Schw\u00e4bisch Gm\u00fcnd\",\"isPartOf\":{\"@id\":\"https:\/\/weltlaeden.de\/schwaebisch-gmuend\/#website\"},\"datePublished\":\"2022-02-25T20:16:55+00:00\",\"dateModified\":\"2022-03-04T20:19:12+00:00\",\"breadcrumb\":{\"@id\":\"https:\/\/weltlaeden.de\/schwaebisch-gmuend\/chronik\/#breadcrumb\"},\"inLanguage\":\"de\",\"potentialAction\":[{\"@type\":\"ReadAction\",\"target\":[\"https:\/\/weltlaeden.de\/schwaebisch-gmuend\/chronik\/\"]}]},{\"@type\":\"BreadcrumbList\",\"@id\":\"https:\/\/weltlaeden.de\/schwaebisch-gmuend\/chronik\/#breadcrumb\",\"itemListElement\":[{\"@type\":\"ListItem\",\"position\":1,\"name\":\"Startseite\",\"item\":\"https:\/\/weltlaeden.de\/schwaebisch-gmuend\/\"},{\"@type\":\"ListItem\",\"position\":2,\"name\":\"Chronik\"}]},{\"@type\":\"WebSite\",\"@id\":\"https:\/\/weltlaeden.de\/schwaebisch-gmuend\/#website\",\"url\":\"https:\/\/weltlaeden.de\/schwaebisch-gmuend\/\",\"name\":\"Weltladen Schw\u00e4bisch Gm\u00fcnd\",\"description\":\"Faire Produkte seit 1990\",\"potentialAction\":[{\"@type\":\"SearchAction\",\"target\":{\"@type\":\"EntryPoint\",\"urlTemplate\":\"https:\/\/weltlaeden.de\/schwaebisch-gmuend\/?s={search_term_string}\"},\"query-input\":{\"@type\":\"PropertyValueSpecification\",\"valueRequired\":true,\"valueName\":\"search_term_string\"}}],\"inLanguage\":\"de\"}]}<\/script>\n<!-- \/ Yoast SEO plugin. -->","yoast_head_json":{"title":"Chronik - Weltladen Schw\u00e4bisch Gm\u00fcnd","robots":{"index":"index","follow":"follow","max-snippet":"max-snippet:-1","max-image-preview":"max-image-preview:large","max-video-preview":"max-video-preview:-1"},"canonical":"https:\/\/weltlaeden.de\/schwaebisch-gmuend\/chronik\/","og_locale":"de_DE","og_type":"article","og_title":"Chronik - Weltladen Schw\u00e4bisch Gm\u00fcnd","og_description":"[vc_row][vc_column][vc_column_text] Chronik in Kurzfassung Wie alles angefangen hat Den Grundstein zum heutigen Gm\u00fcnder Weltladen in der M\u00fcnstergasse legten einige sozial engagierte Personen, die sich damals im Jahr 1979 der \u201eDritten Welt\u201c verpflichtet f\u00fchlten. Es war die Zeit, in der man die Welt noch in eine \u201eerste\u201c Welt mit den Industrienationen und in eine \u201edritte\u201c Welt,&hellip;","og_url":"https:\/\/weltlaeden.de\/schwaebisch-gmuend\/chronik\/","og_site_name":"Weltladen Schw\u00e4bisch Gm\u00fcnd","article_modified_time":"2022-03-04T20:19:12+00:00","twitter_card":"summary_large_image","twitter_misc":{"Gesch\u00e4tzte Lesezeit":"6\u00a0Minuten"},"schema":{"@context":"https:\/\/schema.org","@graph":[{"@type":"WebPage","@id":"https:\/\/weltlaeden.de\/schwaebisch-gmuend\/chronik\/","url":"https:\/\/weltlaeden.de\/schwaebisch-gmuend\/chronik\/","name":"Chronik - Weltladen Schw\u00e4bisch Gm\u00fcnd","isPartOf":{"@id":"https:\/\/weltlaeden.de\/schwaebisch-gmuend\/#website"},"datePublished":"2022-02-25T20:16:55+00:00","dateModified":"2022-03-04T20:19:12+00:00","breadcrumb":{"@id":"https:\/\/weltlaeden.de\/schwaebisch-gmuend\/chronik\/#breadcrumb"},"inLanguage":"de","potentialAction":[{"@type":"ReadAction","target":["https:\/\/weltlaeden.de\/schwaebisch-gmuend\/chronik\/"]}]},{"@type":"BreadcrumbList","@id":"https:\/\/weltlaeden.de\/schwaebisch-gmuend\/chronik\/#breadcrumb","itemListElement":[{"@type":"ListItem","position":1,"name":"Startseite","item":"https:\/\/weltlaeden.de\/schwaebisch-gmuend\/"},{"@type":"ListItem","position":2,"name":"Chronik"}]},{"@type":"WebSite","@id":"https:\/\/weltlaeden.de\/schwaebisch-gmuend\/#website","url":"https:\/\/weltlaeden.de\/schwaebisch-gmuend\/","name":"Weltladen Schw\u00e4bisch Gm\u00fcnd","description":"Faire Produkte seit 1990","potentialAction":[{"@type":"SearchAction","target":{"@type":"EntryPoint","urlTemplate":"https:\/\/weltlaeden.de\/schwaebisch-gmuend\/?s={search_term_string}"},"query-input":{"@type":"PropertyValueSpecification","valueRequired":true,"valueName":"search_term_string"}}],"inLanguage":"de"}]}},"_links":{"self":[{"href":"https:\/\/weltlaeden.de\/schwaebisch-gmuend\/wp-json\/wp\/v2\/pages\/630","targetHints":{"allow":["GET"]}}],"collection":[{"href":"https:\/\/weltlaeden.de\/schwaebisch-gmuend\/wp-json\/wp\/v2\/pages"}],"about":[{"href":"https:\/\/weltlaeden.de\/schwaebisch-gmuend\/wp-json\/wp\/v2\/types\/page"}],"author":[{"embeddable":true,"href":"https:\/\/weltlaeden.de\/schwaebisch-gmuend\/wp-json\/wp\/v2\/users\/265"}],"replies":[{"embeddable":true,"href":"https:\/\/weltlaeden.de\/schwaebisch-gmuend\/wp-json\/wp\/v2\/comments?post=630"}],"version-history":[{"count":5,"href":"https:\/\/weltlaeden.de\/schwaebisch-gmuend\/wp-json\/wp\/v2\/pages\/630\/revisions"}],"predecessor-version":[{"id":698,"href":"https:\/\/weltlaeden.de\/schwaebisch-gmuend\/wp-json\/wp\/v2\/pages\/630\/revisions\/698"}],"wp:attachment":[{"href":"https:\/\/weltlaeden.de\/schwaebisch-gmuend\/wp-json\/wp\/v2\/media?parent=630"}],"curies":[{"name":"wp","href":"https:\/\/api.w.org\/{rel}","templated":true}]}}