{"id":626,"date":"2022-02-25T21:13:52","date_gmt":"2022-02-25T20:13:52","guid":{"rendered":"https:\/\/weltlaeden.de\/schwaebisch-gmuend\/?page_id=626"},"modified":"2022-03-09T18:35:14","modified_gmt":"2022-03-09T17:35:14","slug":"oeffentlichkeitsarbeit","status":"publish","type":"page","link":"https:\/\/weltlaeden.de\/schwaebisch-gmuend\/oeffentlichkeitsarbeit\/","title":{"rendered":"\u00d6ffentlichkeitsarbeit"},"content":{"rendered":"<div class=\"wpb-content-wrapper\"><p>[vc_row][vc_column][vc_column_text]<\/p>\n<h1>Bildungs- und \u00d6ffentlichkeitsarbeit<\/h1>\n<div id=\"block-main\">\n<div class=\"wrapper\">\n<div id=\"main\" class=\"grid-block\">\n<div id=\"maininner\" class=\"grid-box\">\n<section id=\"content\" class=\"grid-block\">\n<div id=\"system\">\n<article class=\"item\" data-permalink=\"http:\/\/gmuenderweltladen.de\/ueber-uns\/wer-wir-sind\/bildungs\">\n<div class=\"content clearfix\">\n<p><strong>Bildungsarbeit wie wir sie verstehen<\/strong><br \/>\nImport und Verkauf fair gehandelter Waren sind nur eine Seite unseres Auftrages, der sich aus der Vereinssatzung ergibt. Unser Selbstverst\u00e4ndnis und unsere Satzung kennen aber auch die \u201eentwicklungspolitische Bildungsarbeit\u201c, wobei dieser Begriff ein breites Spektrum zul\u00e4sst und viel Kreativit\u00e4t erfordert. Was machen wir konkret?<\/p>\n<p><strong>Bildungsarbeit durch \u00f6ffentliche Veranstaltungen<\/strong><br \/>\nTradition haben hier die Vortr\u00e4ge, die sich nicht nur an das Ladenteam und die Vereinsmitglieder, sondern an die breite \u00d6ffentlichkeit richten und die immer wieder \u00fcber die Situation in Entwicklungsl\u00e4ndern informieren. So berichteten eine Streetworkerin \u00fcber ihre Arbeit in Mexiko-City mit der indigenen Bev\u00f6lkerung, mehrmals Kolumbianerinnen \u00fcber die gef\u00e4hrliche Situation f\u00fcr politisch Aktive<br \/>\nin ihrem Lande einschlie\u00dflich t\u00e4glicher Menschenrechtsverletzungen, eine Gm\u00fcnderin \u00fcber ihre regelm\u00e4\u00dfigen Besuche und ihre Arbeit im Haus der Hoffnung in Nepal und eine Gm\u00fcnder \u00c4rztin \u00fcber ihren Urlaubs-Einsatz in Bangladesch im Rahmen der \u201e\u00c4rzte f\u00fcr die dritte Welt\u201c. Oft sind die Vortr\u00e4ge mit anstrengender \u00dcbersetzungsarbeit verbunden. Neuerdings steht die Mikrofinanzierung durch z.B. Oikocredit im Focus.<\/p>\n<p><strong>Bildungsarbeit mit Schulklassen Firm-, und Konfirmationsgruppen<\/strong><br \/>\nMit Sombrero und Poncho gekleidet erregen unsere Mitarbeiter immer wieder Aufmerksamkeit, wenn sie in Schulen gehen oder Klassen aller Altersgruppen und Firm- und Konfirmationsgruppen im Laden empfangen. Kurzweilig muss es dann nat\u00fcrlich zugehen und die meisten Kinder und Jugendlichen haben Spa\u00df an den Geschichten und am Quiz, die wir erarbeitet haben und zur Aufkl\u00e4rung \u00fcber den fairen Handel dienen.<br \/>\nEin besonderer H\u00f6hepunkt ist nat\u00fcrlich, wenn die kids selbst so gekleidet mit unseren Bauchl\u00e4den durch den Wochenmarkt wandeln und Waren verkaufen. Ebenso kurzweilig ist das Lernen mit unserem Kaffeeparcours, bei dem Kaffeekirschen um die Wette gepfl\u00fcckt, gemahlen und ger\u00f6stet werden und zwischendurch ein Gl\u00fccksrad die B\u00f6rse und den Marktpreis beeinflusst.<\/p>\n<p><strong>Bildungsarbeit durch konsumkritische Stadtrundg\u00e4nge, Sozialpraktikumspl\u00e4tze, \u00f6ffentliche Aktionen, Gottesdienste, fairer Einkaufshilfe<\/strong><br \/>\nBesonders an Jugendliche richtet sich unser Angebot zu thematischen, aber immer konsumkritischen Stadtrundg\u00e4ngen. Beim Thema \u201eEthische Geldanlage\u201c wird Station an einer Bankfiliale gemacht und mit Spielgeld entscheidet man sich zu einer bestimmten Form der Geldanlage z.B. Investment in R\u00fcstungsfirmen oder Investment in Mikrofinanzierung. Eine Herausforderung!<\/p>\n<p><strong>Bildungsarbeit durch Bereitstellung von Sozialpraktikumspl\u00e4tzen<\/strong><br \/>\nSch\u00fclerinnen und Sch\u00fcler unterschiedlicher Schularten haben bei uns f\u00fcr einige Tage oder auch f\u00fcr mehrere Monate ein Praktikum gemacht: Learning by doing. Auch eine Schnupperlehre haben wir schon angeboten. Zur Zeit ist beides nur in Einzelf\u00e4llen nach Absprache m\u00f6glich.<\/p>\n<p><strong>Bildungsarbeit durch \u00f6ffentliche Aktionen<\/strong><br \/>\nInfo-St\u00e4nde in der Fu\u00dfg\u00e4ngerzone unserer Stadt oder vor unserem Laden \u2013 sie dienen dazu, unsere Themen des fairen Handels, des nachhaltigen Konsums und der Wahrung der Menschenrechte sichtbar zu machen. Ein besonderer \u201eHingucker\u201c waren unsere Mitarbeiter im Nikolaus- und Teddyb\u00e4r-Kost\u00fcm, durch das wir auf die Produktion von Spielwaren in China aufmerksam machten; oder im Maiskolbenkost\u00fcm, um auf gentechnisch ver\u00e4ndertes Saatgut hinzuweisen. Bildungsarbeit durch Mitgestaltung von Gottesdiensten Katholischer oder evangelischer Gottesdienst \u2013 mit beiden Kirchen pflegen wir intensiven Kontakt und gestalten inhaltlich Gottesdienste mit, beteiligen uns an Gemeindefesten und halten Informationen \u00fcber unsere Waren bereit. Bildungsarbeit durch Mitarbeit an der fairen Einkaufshilfe. F\u00fcr Schw\u00e4bisch Gm\u00fcnd gibt es eine faire Einkaufshilfe, die uns mit der Homepage der Stadt Schw\u00e4bisch Gm\u00fcnd verlinkt.<\/p>\n<p><span style=\"color: #45484c\"><span style=\"font-family: Arial, serif\"><span style=\"font-size: small\"><a href=\"https:\/\/www.schwaebisch-gmuend.de\/einkaufen.html\">&gt;&gt; Fairer Einkaufsf\u00fchrer der Stadt Schw\u00e4bisch Gm\u00fcnd<\/a><br \/>\n<\/span><\/span><\/span><\/p>\n<p><strong>\u00d6ffentlichkeitsarbeit<\/strong><br \/>\n&#8222;Tue Gutes und rede dar\u00fcber&#8220; k\u00f6nnte als Auftrag an unser \u00d6ffentlichkeitsteam formuliert werden. Von Fall zu Fall arbeiten hier ungef\u00e4hr sechs bis zehn Personen zusammen und stellen ein kreatives Programm auf die Beine. Dabei stehen nicht wir selbst im Vordergrund, sondern unser Anliegen ist es, Aufmerksamkeit auf den fairen Handel und nachhaltigen Konsum zu lenken. Und was ist die beste Werbung? \u00dcberzeugen m\u00fcssen die Produkte selbst!<br \/>\nEigens organisierte Informationsveranstaltungen zu entwicklungspolitischen Themen erm\u00f6glichen es uns dar\u00fcber hinaus, auf die Bedingungen in den Entwicklungsl\u00e4ndern hinzuweisen. \u00d6ffentlichkeitsarbeit und Bildungsarbeit gehen nahtlos ineinander \u00fcber. Hier arbeiten wir mit einem lokalen Netzwerk zusammen.<\/p>\n<\/div>\n<\/article>\n<\/div>\n<\/section>\n<\/div>\n<\/div>\n<\/div>\n<\/div>\n<div id=\"block-footer\">\n<div class=\"wrapper\">\n<footer id=\"footer\" class=\"grid-block\"><a id=\"totop-scroller\" href=\"https:\/\/gmuenderweltladen.de\/ueber-uns\/wer-wir-sind\/bildungs#page\"><\/a><\/p>\n<div class=\"module deepest\">\n<p>&nbsp;<\/p>\n<\/div>\n<\/footer>\n<\/div>\n<\/div>\n<p>[\/vc_column_text][\/vc_column][\/vc_row]<\/p>\n<\/div>","protected":false},"excerpt":{"rendered":"<p>[vc_row][vc_column][vc_column_text] Bildungs- und \u00d6ffentlichkeitsarbeit Bildungsarbeit wie wir sie verstehen Import und Verkauf fair gehandelter Waren sind nur eine Seite unseres Auftrages, der sich aus der Vereinssatzung ergibt. Unser Selbstverst\u00e4ndnis und unsere Satzung kennen aber auch die \u201eentwicklungspolitische Bildungsarbeit\u201c, wobei dieser Begriff ein breites Spektrum zul\u00e4sst und viel Kreativit\u00e4t erfordert. Was machen wir konkret? Bildungsarbeit durch&hellip;<\/p>\n","protected":false},"author":265,"featured_media":0,"parent":0,"menu_order":0,"comment_status":"closed","ping_status":"closed","template":"","meta":{"footnotes":""},"class_list":["post-626","page","type-page","status-publish","hentry","description-off"],"yoast_head":"<!-- This site is optimized with the Yoast SEO plugin v26.8 - https:\/\/yoast.com\/product\/yoast-seo-wordpress\/ -->\n<title>\u00d6ffentlichkeitsarbeit - Weltladen Schw\u00e4bisch Gm\u00fcnd<\/title>\n<meta name=\"robots\" content=\"index, follow, max-snippet:-1, max-image-preview:large, max-video-preview:-1\" \/>\n<link rel=\"canonical\" href=\"https:\/\/weltlaeden.de\/schwaebisch-gmuend\/oeffentlichkeitsarbeit\/\" \/>\n<meta property=\"og:locale\" content=\"de_DE\" \/>\n<meta property=\"og:type\" content=\"article\" \/>\n<meta property=\"og:title\" content=\"\u00d6ffentlichkeitsarbeit - Weltladen Schw\u00e4bisch Gm\u00fcnd\" \/>\n<meta property=\"og:description\" content=\"[vc_row][vc_column][vc_column_text] Bildungs- und \u00d6ffentlichkeitsarbeit Bildungsarbeit wie wir sie verstehen Import und Verkauf fair gehandelter Waren sind nur eine Seite unseres Auftrages, der sich aus der Vereinssatzung ergibt. Unser Selbstverst\u00e4ndnis und unsere Satzung kennen aber auch die \u201eentwicklungspolitische Bildungsarbeit\u201c, wobei dieser Begriff ein breites Spektrum zul\u00e4sst und viel Kreativit\u00e4t erfordert. Was machen wir konkret? Bildungsarbeit durch&hellip;\" \/>\n<meta property=\"og:url\" content=\"https:\/\/weltlaeden.de\/schwaebisch-gmuend\/oeffentlichkeitsarbeit\/\" \/>\n<meta property=\"og:site_name\" content=\"Weltladen Schw\u00e4bisch Gm\u00fcnd\" \/>\n<meta property=\"article:modified_time\" content=\"2022-03-09T17:35:14+00:00\" \/>\n<meta name=\"twitter:card\" content=\"summary_large_image\" \/>\n<meta name=\"twitter:label1\" content=\"Gesch\u00e4tzte Lesezeit\" \/>\n\t<meta name=\"twitter:data1\" content=\"4\u00a0Minuten\" \/>\n<script type=\"application\/ld+json\" class=\"yoast-schema-graph\">{\"@context\":\"https:\/\/schema.org\",\"@graph\":[{\"@type\":\"WebPage\",\"@id\":\"https:\/\/weltlaeden.de\/schwaebisch-gmuend\/oeffentlichkeitsarbeit\/\",\"url\":\"https:\/\/weltlaeden.de\/schwaebisch-gmuend\/oeffentlichkeitsarbeit\/\",\"name\":\"\u00d6ffentlichkeitsarbeit - Weltladen Schw\u00e4bisch Gm\u00fcnd\",\"isPartOf\":{\"@id\":\"https:\/\/weltlaeden.de\/schwaebisch-gmuend\/#website\"},\"datePublished\":\"2022-02-25T20:13:52+00:00\",\"dateModified\":\"2022-03-09T17:35:14+00:00\",\"breadcrumb\":{\"@id\":\"https:\/\/weltlaeden.de\/schwaebisch-gmuend\/oeffentlichkeitsarbeit\/#breadcrumb\"},\"inLanguage\":\"de\",\"potentialAction\":[{\"@type\":\"ReadAction\",\"target\":[\"https:\/\/weltlaeden.de\/schwaebisch-gmuend\/oeffentlichkeitsarbeit\/\"]}]},{\"@type\":\"BreadcrumbList\",\"@id\":\"https:\/\/weltlaeden.de\/schwaebisch-gmuend\/oeffentlichkeitsarbeit\/#breadcrumb\",\"itemListElement\":[{\"@type\":\"ListItem\",\"position\":1,\"name\":\"Startseite\",\"item\":\"https:\/\/weltlaeden.de\/schwaebisch-gmuend\/\"},{\"@type\":\"ListItem\",\"position\":2,\"name\":\"\u00d6ffentlichkeitsarbeit\"}]},{\"@type\":\"WebSite\",\"@id\":\"https:\/\/weltlaeden.de\/schwaebisch-gmuend\/#website\",\"url\":\"https:\/\/weltlaeden.de\/schwaebisch-gmuend\/\",\"name\":\"Weltladen Schw\u00e4bisch Gm\u00fcnd\",\"description\":\"Faire Produkte seit 1990\",\"potentialAction\":[{\"@type\":\"SearchAction\",\"target\":{\"@type\":\"EntryPoint\",\"urlTemplate\":\"https:\/\/weltlaeden.de\/schwaebisch-gmuend\/?s={search_term_string}\"},\"query-input\":{\"@type\":\"PropertyValueSpecification\",\"valueRequired\":true,\"valueName\":\"search_term_string\"}}],\"inLanguage\":\"de\"}]}<\/script>\n<!-- \/ Yoast SEO plugin. -->","yoast_head_json":{"title":"\u00d6ffentlichkeitsarbeit - Weltladen Schw\u00e4bisch Gm\u00fcnd","robots":{"index":"index","follow":"follow","max-snippet":"max-snippet:-1","max-image-preview":"max-image-preview:large","max-video-preview":"max-video-preview:-1"},"canonical":"https:\/\/weltlaeden.de\/schwaebisch-gmuend\/oeffentlichkeitsarbeit\/","og_locale":"de_DE","og_type":"article","og_title":"\u00d6ffentlichkeitsarbeit - Weltladen Schw\u00e4bisch Gm\u00fcnd","og_description":"[vc_row][vc_column][vc_column_text] Bildungs- und \u00d6ffentlichkeitsarbeit Bildungsarbeit wie wir sie verstehen Import und Verkauf fair gehandelter Waren sind nur eine Seite unseres Auftrages, der sich aus der Vereinssatzung ergibt. Unser Selbstverst\u00e4ndnis und unsere Satzung kennen aber auch die \u201eentwicklungspolitische Bildungsarbeit\u201c, wobei dieser Begriff ein breites Spektrum zul\u00e4sst und viel Kreativit\u00e4t erfordert. Was machen wir konkret? Bildungsarbeit durch&hellip;","og_url":"https:\/\/weltlaeden.de\/schwaebisch-gmuend\/oeffentlichkeitsarbeit\/","og_site_name":"Weltladen Schw\u00e4bisch Gm\u00fcnd","article_modified_time":"2022-03-09T17:35:14+00:00","twitter_card":"summary_large_image","twitter_misc":{"Gesch\u00e4tzte Lesezeit":"4\u00a0Minuten"},"schema":{"@context":"https:\/\/schema.org","@graph":[{"@type":"WebPage","@id":"https:\/\/weltlaeden.de\/schwaebisch-gmuend\/oeffentlichkeitsarbeit\/","url":"https:\/\/weltlaeden.de\/schwaebisch-gmuend\/oeffentlichkeitsarbeit\/","name":"\u00d6ffentlichkeitsarbeit - Weltladen Schw\u00e4bisch Gm\u00fcnd","isPartOf":{"@id":"https:\/\/weltlaeden.de\/schwaebisch-gmuend\/#website"},"datePublished":"2022-02-25T20:13:52+00:00","dateModified":"2022-03-09T17:35:14+00:00","breadcrumb":{"@id":"https:\/\/weltlaeden.de\/schwaebisch-gmuend\/oeffentlichkeitsarbeit\/#breadcrumb"},"inLanguage":"de","potentialAction":[{"@type":"ReadAction","target":["https:\/\/weltlaeden.de\/schwaebisch-gmuend\/oeffentlichkeitsarbeit\/"]}]},{"@type":"BreadcrumbList","@id":"https:\/\/weltlaeden.de\/schwaebisch-gmuend\/oeffentlichkeitsarbeit\/#breadcrumb","itemListElement":[{"@type":"ListItem","position":1,"name":"Startseite","item":"https:\/\/weltlaeden.de\/schwaebisch-gmuend\/"},{"@type":"ListItem","position":2,"name":"\u00d6ffentlichkeitsarbeit"}]},{"@type":"WebSite","@id":"https:\/\/weltlaeden.de\/schwaebisch-gmuend\/#website","url":"https:\/\/weltlaeden.de\/schwaebisch-gmuend\/","name":"Weltladen Schw\u00e4bisch Gm\u00fcnd","description":"Faire Produkte seit 1990","potentialAction":[{"@type":"SearchAction","target":{"@type":"EntryPoint","urlTemplate":"https:\/\/weltlaeden.de\/schwaebisch-gmuend\/?s={search_term_string}"},"query-input":{"@type":"PropertyValueSpecification","valueRequired":true,"valueName":"search_term_string"}}],"inLanguage":"de"}]}},"_links":{"self":[{"href":"https:\/\/weltlaeden.de\/schwaebisch-gmuend\/wp-json\/wp\/v2\/pages\/626","targetHints":{"allow":["GET"]}}],"collection":[{"href":"https:\/\/weltlaeden.de\/schwaebisch-gmuend\/wp-json\/wp\/v2\/pages"}],"about":[{"href":"https:\/\/weltlaeden.de\/schwaebisch-gmuend\/wp-json\/wp\/v2\/types\/page"}],"author":[{"embeddable":true,"href":"https:\/\/weltlaeden.de\/schwaebisch-gmuend\/wp-json\/wp\/v2\/users\/265"}],"replies":[{"embeddable":true,"href":"https:\/\/weltlaeden.de\/schwaebisch-gmuend\/wp-json\/wp\/v2\/comments?post=626"}],"version-history":[{"count":5,"href":"https:\/\/weltlaeden.de\/schwaebisch-gmuend\/wp-json\/wp\/v2\/pages\/626\/revisions"}],"predecessor-version":[{"id":712,"href":"https:\/\/weltlaeden.de\/schwaebisch-gmuend\/wp-json\/wp\/v2\/pages\/626\/revisions\/712"}],"wp:attachment":[{"href":"https:\/\/weltlaeden.de\/schwaebisch-gmuend\/wp-json\/wp\/v2\/media?parent=626"}],"curies":[{"name":"wp","href":"https:\/\/api.w.org\/{rel}","templated":true}]}}