{"id":622,"date":"2022-02-25T21:07:47","date_gmt":"2022-02-25T20:07:47","guid":{"rendered":"https:\/\/weltlaeden.de\/schwaebisch-gmuend\/?page_id=622"},"modified":"2026-01-14T21:21:20","modified_gmt":"2026-01-14T20:21:20","slug":"beitraege-archiv","status":"publish","type":"page","link":"https:\/\/weltlaeden.de\/schwaebisch-gmuend\/beitraege-archiv\/","title":{"rendered":"Beitr\u00e4ge &#8211; Archiv"},"content":{"rendered":"<div class=\"wpb-content-wrapper\"><p>[vc_row][vc_column][vc_column_text]<\/p>\n<h1>Beitr\u00e4ge aus den zur\u00fcckliegenden Jahren<\/h1>\n<p>[\/vc_column_text][\/vc_column][\/vc_row][vc_row][vc_column][vc_tabs interval=&#8220;0&#8243;][vc_tab title=&#8220;2024&#8243; tab_id=&#8220;1768421619104-9-0&#8243;][vc_column_text css=&#8220;&#8220;]<\/p>\n<h4 class=\"entry-title\"><span style=\"color: #ff6600\">Der Gm\u00fcnder Weltladen lie\u00df 100 Mangob\u00e4ume pflanzen<\/span><\/h4>\n<div class=\"entry-content\">\n<p>Die philippinische Kinderschutzorganisation PREDA um Pater Shay Cullen k\u00e4mpft durch den Erl\u00f6s ihrer Mangoprodukte bereits seit einem halben Jahrhundert unerm\u00fcndlich f\u00fcr die Rechte von Kindern und Jugendlichen und f\u00f6rdert gemeinsam mit Welt-Partner den Fairen Handel. Der ganzheitliche Ansatz macht PREDA so unterst\u00fctzenswert: Fair zu Kleinb\u00e4uer*innen als Ausweg aus der Armut. Neue Perspektiven f\u00fcr sexuell ausgebeutete oder ehemals weggesperrte Kinder. Unterst\u00fctzung f\u00fcr ein beh\u00fctetes Zuhause im Kinderschutzzentrum PREDA.<\/p>\n<p>Durch einen Kauf der leckeren Produkte im Weltladen Schw\u00e4bisch Gm\u00fcnd kann man das Projekt \u201e50 Jahre PREDA Mangos f\u00fcr Kinderrechte\u201c unterst\u00fctzen. Im vergangenen Jahr konnte der Weltladen durch eine Spende an die Organisation PREDA 100 Mangob\u00e4ume auf den Philippinen pflanzen lassen.<\/p>\n<h4 class=\"entry-title\"><span style=\"color: #ff6600\">Stammgesch\u00e4ft jetzt mit Textilsortiment<\/span><\/h4>\n<p>Das Textilsortiment aus dem Pop-up-Store wurde in gestraffter Form in das schon lange bestehende Stamm-Gesch\u00e4ft integriert. Daf\u00fcr hat man umger\u00e4umt und umgebaut und auch eine neue Umkleidekabine eingebaut. Um das umfangreiche Sortiment aus beiden L\u00e4den unterzubringen wurden auch die Auslagefl\u00e4chen in den Schaufenstern mit Regalen erweitert. Alles zusammen ergibt sich nun ein stimmiges Bild mit dem neu zusammengestellten Gesamtsortiment.<\/p>\n<p>Mit einer kleinen feierlichen Er\u00f6ffnung wird der umgestaltete Weltladen am Samtag, 29. Juni der \u00d6ffentlichkeit pr\u00e4sentiert werden.<\/p>\n<h4 class=\"entry-title\"><span style=\"color: #ff6600\">Infotage zu Ehrenamt im Weltladen<\/span><\/h4>\n<p><strong>Wir suchen<\/strong> Menschen, die Lust haben, sich ehrenamtlich f\u00fcr eine offene, transparente, \u00f6kologische und nachhaltige Form des Wirtschaftens zu engagieren. Ob im Verkauf, der \u00d6ffentlichkeits- oder Bildungsarbeit \u2013 die M\u00f6glichkeiten, in unserem Team mitzumachen sind vielf\u00e4ltig und lassen sich bestimmt auch in Deinen Alltag integrieren!<br \/>\nViele Aufgaben erfordern keine speziellen Vorkenntnisse, sondern nur Deine Bereitschaft, Deine F\u00e4higkeiten einzubringen und eventuell in neuen Bereichen dazuzulernen.<\/p>\n<p><strong>Wir bieten<\/strong> ein nettes Team aus Engagierten mit vielf\u00e4ltigen M\u00f6glichkeiten, sich selbst einzubringen. Eine Gemeinschaft, die Dich herzlich aufnimmt, einarbeitet und bei Fragen zur Verf\u00fcgung steht. Fortbildungsm\u00f6glichkeiten nach Deinen Interessen und Aufgaben.<\/p>\n<p><strong>An drei Samstagen bietet der Weltladen Schw\u00e4bisch Gm\u00fcnd Infotage zur Mitarbeit an.<\/strong><\/p>\n<\/div>\n<p>[\/vc_column_text][\/vc_tab][vc_tab title=&#8220;2023&#8243; tab_id=&#8220;1736515617268-9-7&#8243;][vc_column_text css=&#8220;&#8220;]<\/p>\n<h3 class=\"entry-title\"><span style=\"color: #ff6600\">Weltladentagg 2023<br \/>\n<\/span><\/h3>\n<p>Unter dem Motto \u201eM\u00e4chtig FAIR\u201c machen wir am diesj\u00e4hrigen Weltladentag, am 13. Mai 2023 darauf aufmerksam, dass Lieferketten endlich fairer werden k\u00f6nnen, wenn wir ein starkes EU-Lieferkettengesetz bekommen.<\/p>\n<p>Nach vielen Jahren stehen wir an einem Punkt, an dem die M\u00f6glichkeit besteht, dass internationale Lieferketten endlich gerechter werden und nicht mehr auf Ausbeutung basieren. Lieferketten k\u00f6nnen <strong>m\u00e4chtig fair <\/strong>werden, wenn wir ein starkes Lieferkettengesetz durchgesetzt bekommen. Hier steht f\u00fcr uns ein Aspekt besonders im Fokus: Existenzsicherndes Einkommen f\u00fcr alle entlang der gesamten Lieferkette.<\/p>\n<p>Wir wollen in diesem Jahr am Weltladentag mit unseren Aktionen zum einen die \u00d6ffentlichkeit daf\u00fcr sensibilisieren, wie wichtig ein starkes Lieferkettengesetz f\u00fcr das Leben von so vielen Menschen ist und zum anderen deutsche Abgeordnete des EU-Parlaments auffordern, daf\u00fcr zu stimmen. Aus unserer Sicht muss der bisherige Gesetzesentwurf der Kommission und des Rates im Parlament noch deutlich nachgebssert werden.<\/p>\n<h3><span style=\"color: #ff6600\">50 Jahre Weltl\u00e4den<\/span><\/h3>\n<p>Dieses Jahr im September j\u00e4hrt sich die Gr\u00fcndung des ersten Weltladens zum 50. Mal.<br \/>\nViele anerkannte Lieferanten, befreundete Organisationen, Produzenten und Politiker*innen haben den Weltl\u00e4den und ihren Engagierten Videogl\u00fcckw\u00fcnsche zum 50. Geburtstag der Weltladen-Bewegung \u00fcbersendet.<\/p>\n<h3><strong><span style=\"color: #ff6600\">FSJ im Weltladen<\/span><\/strong><\/h3>\n<p>Seit 01.09.23 ist Luca Paul aus Lorch im Weltladen und leistet hier sein FSJ ab.<br \/>\nEr wird in allen Teams unterst\u00fctzend t\u00e4tig sein, auch im Ladenteam. Prim\u00e4r ist<br \/>\nLuca im Ladenteam t\u00e4tig. Sein FSJ dauert bis Ende August 2024.<\/p>\n<h3 class=\"entry-title\"><strong><span style=\"color: #ff6600\">Klimagerecht essen \u2013 Rezepte aus dem Weltladen<\/span><\/strong><\/h3>\n<p>Mit unserem Rezepte-Heft \u201e,Klimagerecht essen \u2013 interessiert die Bohne\u201c wollen wir zum einen unserem Essen und den Lebensmitteln dahinter wieder die Wertsch\u00e4tzung entgegenbringen, die sie verdienen.<br \/>\nZum anderen m\u00f6chten wir mit den ausgew\u00e4hlten Rezepten nicht nur Freude und Genuss an klimafreundlichen vegetarischen sowie veganen Speisen wecken, sondern auch einer ganz besonderen Pflanzenfamilie zu ihrem Comeback in die K\u00fcche verhelfen:<br \/>\nDen H\u00fclsenfr\u00fcchten.<\/p>\n<p>Unsere dreiteilige Veranstaltungsreihe \u201eSchorndorf isst anders \u2013 \u00fcber den Tellerrand blicken\u201c im Juni 2023 legte den Grundstein f\u00fcr dieses Rezepte-Heft. Beim Kochabend \u201eNachhaltig essen \u2013 interessiert die Bohne\u201c informierte Reiner Focken-Sonneck \u00fcber eine klimabewusste Ernahrung und zauberte leckere Gerichte auf Basis von H\u00fclsenfr\u00fcchten. Die rege Teilnahme und die durchweg positiven R\u00fcckmeldungen<br \/>\nder G\u00e4ste best\u00e4rkten die Idee, Infos und Rezepte in Form eines Rezepte-Hefts festzuhalten.<\/p>\n<h3><strong><span style=\"color: #ff6600\">Pop-up Store er\u00f6ffnet<\/span><\/strong><\/h3>\n<p>Am 11.11 um 11 Uhr haben wir am Kalten Markt 12 unsere Filiale mit einem Angebot an Textilien er\u00f6ffnet.<br \/>\nEs werden vor allem Damen-, aber auch etwas Herrenmode aus fairem Handel angeboten.<\/p>\n<p>[\/vc_column_text][\/vc_tab][vc_tab title=&#8220;2022&#8243; tab_id=&#8220;1705004981985-9-10&#8243;][vc_column_text]<\/p>\n<h3 class=\"entry-title\"><span style=\"color: #ff6600\">Aktionswochen \u201aGm\u00fcnd f\u00fcr morgen\u2018<\/span><\/h3>\n<p>Die Stadt Schw\u00e4bisch Gm\u00fcnd hat die Aktionswochen <strong><span style=\"color: #ff6600\">&#8222;Gm\u00fcnd f\u00fcr morgen\u201c\u00a0<\/span><\/strong> vom 8.9. \u2013 27.10. in diesem Jahr ins Leben gerufen.\u201e<br \/>\nDiese Wochen sollen zum nachhaltigen und klimafreundlichen Leben in Schw\u00e4bisch Gm\u00fcnd anregen und bieten dazu viele Angebote.<\/p>\n<p>Weitere Informationen und Termine gibt es im <strong><span style=\"color: #ff6600\">\u201eAktionswochen-Programm\u201c.<\/span><\/strong><\/p>\n<p>Auch der Weltladen Schw\u00e4bisch Gm\u00fcnd ist an einigen Aktionen und Veranstaltungen beteiligt.<br \/>\nDie Aktionen mit Weltladen-Beteiligung sind im Aktionswochen-Programm enthalten.<br \/>\nDetails zu den Terminen k\u00f6nnen auch im Men\u00fcpunkt \u201aTermine\u2018 nachgelesen werden.[\/vc_column_text][\/vc_tab][vc_tab title=&#8220;2021&#8243; tab_id=&#8220;4c63d0af-c2fc-2&#8243;][vc_column_text]<span style=\"color: #ff9900\"><strong>Weltladen spendet trotz Krise und hilft beim Aufbau einer Schokolade<\/strong><\/span><\/p>\n<p><span style=\"font-size: 10pt\">In der Krise m\u00fcssen sich Weggef\u00e4hrten st\u00fctzen und Solidarit\u00e4t zeigen, gerade auch in der Coronakrise. So steht der Gm\u00fcnder Weltladen inmitten eines solidarischen Geflechts \u2013 einerseits gehalten von treuen Kunden und andererseits mit einem offenen Ohr f\u00fcr die N\u00f6te in Entwicklungsl\u00e4ndern, wo sich Armut und Kinderarbeit durch die Pandemie drastisch ausbreiten.<\/span><\/p>\n<p><span style=\"font-size: 10pt\">Bis zum 31.Dezember musste auch der Weltladen durchschnittlich 2,5 % weniger Mehrwertsteuer auf seine Ums\u00e4tze ans Finanzamt abf\u00fchren, weil sich die Regierung davon eine Ankurbelung des Konsums versprach. Die so ersparten Betr\u00e4ge flossen auch aus Gm\u00fcnd auf Anregung des Weltladendachverbandes sofort im Rahmen der Aktion \u201eFairwertsteuer\u201c in einen Solidarit\u00e4tsfonds, der akute Nothilfe an die Kleinproduzenten auszahlen konnte. \u201eAufgestockt durch Kundenspenden und Betr\u00e4ge aus unseren R\u00fccklagen konnten wir mehr als 12.500 \u20ac \u00fcberweisen!\u201c Cordula Reichert, Vorsitzende des Gm\u00fcnder Weltladens, ist sichtlich stolz \u00fcber diese gro\u00dfz\u00fcgige Zuwendung an die \u00c4rmsten der Armen. Und sie ist stolz auf die Weltl\u00e4den in ganz Deutschland, die durch \u00e4hnliche Ma\u00dfnahmen rund eine halbe Million Euro \u00fcberweisen konnten \u2013 teilweise ein richtiger Kraftakt.<\/span><\/p>\n<p><span style=\"color: #ff9900\"><strong>Lieferkettengesetz ab 2023<\/strong><\/span><\/p>\n<p><span style=\"font-family: tahoma, arial, helvetica, sans-serif;font-size: 10pt\">Das Lieferkettengesetz kommt, bleibt jedoch hinter den urspr\u00fcnglichen Pl\u00e4nen zur\u00fcck: Nach monatelangem Streit hat sich die Bundesregierung auf einen Kompromiss geeinigt, der zwar deutlich abgeschw\u00e4cht wurde, aber einen wichtigen wie \u00fcberf\u00e4lligen Schritt nach vorne darstellt, weil er zu einer gerechteren Gestaltung der Globalisierung beitragen kann.Urspr\u00fcnglich sollten Unternehmen ihre gesamte Lieferkette \u00fcberpr\u00fcfen und sicherstellen, dass global die Menschenrechte bei allen Zulieferbetrieben eingehalten werden. Verb\u00e4nde forderten auch eine entsprechende Haftung bei Verst\u00f6\u00dfen, so dass eine N\u00e4herin in Bangladesch Anspr\u00fcche an deutsche Unternehmen stellen k\u00f6nnte. Nun soll das Gesetz ab 1. Januar 2023 f\u00fcr Unternehmen mit mehr als 3.000 Mitarbeitenden gelten, sowie ab 2024 auch f\u00fcr Unternehmen mit mehr als 1.000 Mitarbeitenden, die sicherstellen m\u00fcssen, dass die Menschenrechte beim Vorlieferanten eingehalten werden. Bei Hinweisen auf Menschenrechtsverletzungen bei Vor-Vorlieferanten in der Kette m\u00fcssen deutsche Unternehmen den Hinweisen nachgehen. Wer seiner Sorgfaltspflicht nicht nachkommt, dem drohen Bu\u00dfgelder und der Ausschuss von \u00f6ffentlichen Vergabeverfahren \u2013 eine zivilrechtliche Haftung der Unternehmen ist nicht vorgesehen.<\/span><\/p>\n<p><span style=\"color: #ff9900\"><strong>Weltladen setzt sich f\u00fcr eine faire und klimagerechte Zukunft ein<\/strong><\/span><\/p>\n<p><span style=\"font-family: tahoma, arial, helvetica, sans-serif;font-size: 10pt\">Wie h\u00e4ngen fairer Handel, f\u00fcr den der Weltladen vorrangig eintritt, und Klimagerechtigkeit zusammen? Genau dar\u00fcber informierten Weltladenmitarbeiter die \u00d6ffentlichkeit und \u00fcber hoffnungsvolle Ans\u00e4tze, wie speziell Frauengruppen in Bangladesch mit der existenzbedrohenden Klimakrise umgehen. Hochwasserschutz und Auswahl angepasster Pflanzen spielen dabei zunehmend eine Rolle. Bei allen Aktivit\u00e4ten werden sie von NETZ -einer deutschen Hilfsorganisation mit Sitz in Wetzlar unterst\u00fctzt, f\u00fcr den der Weltladen in der Vergangenheit bereits spendete. Die Verbindung kam zustande durch die Gm\u00fcnder \u00c4rztin Dr. Ulrike Faust, die die Not der Menschen bei ihren medizinischen Eins\u00e4tzen in Bangladesch hautnah kennen lernte.<\/span><\/p>\n<div class=\"grid-box width100\">\n<article class=\"item\" data-permalink=\"http:\/\/gmuenderweltladen.de\/154-weltladen-setzt-sich-fuer-eine-faire-und-klimagerechte-zukunft-ein\">\n<div class=\"content clearfix\">\n<p><img loading=\"lazy\" decoding=\"async\" src=\"https:\/\/gmuenderweltladen.de\/images\/weltladen\/Bilder\/Beitraege\/2021_07_Bangladesch.jpg\" alt=\"\" width=\"410\" height=\"308\" \/><\/p>\n<\/div>\n<p class=\"links\">\n<\/article>\n<\/div>\n<p><span style=\"color: #ff9900\"><strong>Mein \u00f6kologischer Fu\u00dfabdruck<\/strong><\/span><\/p>\n<p><span style=\"font-size: 10pt\">Zweimal hat sich der Weltladen mit dem \u00f6kologischen Fu\u00dfabdruck, den Jedermann hinterl\u00e4sst, besch\u00e4ftigt. Am Nachhaltigkeitstag auf dem Johannisplatz und im Rahmen der fairen Woche vor dem Weltladen \u00a0konnten Interessierte im September 2021 Fragen auf 32 Fu\u00dfabdr\u00fccken beantworten. Sie besch\u00e4ftigten sich mit Verkehr, Energie, Konsum allgemein oder Fleischkonsum im Speziellen und konnten zum Schluss erkennen, ob ihr Verhalten \u2013 hochgerechnet auf die Weltbev\u00f6lkerung \u2013 EINE Erde, oder ZWEI Erden oder MEHRERE Erden \u00a0verbrauchen w\u00fcrde.<br \/>\n<span style=\"color: #000000\">Fazit: Jeder kann zum Erhalt der Umwelt beitragen!<\/span><\/span>[\/vc_column_text][\/vc_tab][vc_tab title=&#8220;2020&#8243; tab_id=&#8220;80aae1ea-1594-5&#8243;][vc_column_text]<span style=\"color: #ff9900\"><strong>Weltladen engagiert sich in Afrika<\/strong><\/span><\/p>\n<p><span style=\"font-size: 10pt\">In Ghana wird nicht nur Kakao angebaut und geerntet, sondern neuerdings auch die Schokolade produziert. Fairafric hei\u00dft das Unternehmen, das voller Stolz von sich sagen kann, &#8222;Schokolade made in Africa&#8220; und auf diese Weise die gesamte Wertsch\u00f6fpung im Lande h\u00e4lt und Arbeitspl\u00e4tze schafft. Und ebenfalls voller Stolz sagt der Weltladen, &#8222;Wir erm\u00f6glichen die Produktion durch unser finanzielles Engagement&#8220;. Zwar haben wir nur zwei Anteile einer r\u00fcckzahlbaren Anleihe gezeichnet, aber auf diese Weise haben wir unseren Beitrag geleistet, dass die Welt ein wenig gerechter werden kann! Auch Privatpersonen k\u00f6nnen eine Anleihe zeichnen. Wir geben gerne Auskunft dazu.<\/span><\/p>\n<p><span style=\"color: #ff9900\"><strong>Fair Fashion auf dem Johannisplatz \u2013 Reise einer Jeans<\/strong><\/span><\/p>\n<p><span style=\"font-size: 10pt\">Der Weltladen bot bei den Nachhaltigkeitstagen der Stadt Schw\u00e4bisch Gm\u00fcnd am 20.09.2020 eine F\u00fclle von Informationen rund um die Herstellung einer Jeans vom Anbau der Baumwolle bis zur fertigen Hose im Laden. Dabei legt die Ware ca. 50.000 km und mehr zur\u00fcck, weil jeder Produktionsschritt in einem anderen Land oder gar Kontinent gefertigt wird \u2013 je nach Kostensituation. Dem Konsumenten bleibt es \u00fcberlassen \u00fcber nachhaltige Lebensweise zu entscheiden: Die Kleidung l\u00e4nger tragen oder upcyclen oder second-hand kaufen oder\u2026\u2026<\/span>[\/vc_column_text][\/vc_tab][vc_tab title=&#8220;2019&#8243; tab_id=&#8220;1645819599245-2-9&#8243;][vc_column_text]<span style=\"color: #ff9900\"><strong>40 Jahre Weltladen in Gm\u00fcnd<\/strong><\/span><\/p>\n<p><strong>Attraktive Veranstaltungen von Mai bis Oktober. Jubil\u00e4umsverkauf vom 11. bis 18. Mai<\/strong><br \/>\n&#8211; Auszug aus dem Artikel in der Gm\u00fcnder Tagespost vom 10.05.2019<\/p>\n<p><strong>Fairer Handel und gro\u00dfes Engagement<\/strong><\/p>\n<p>Der Weltladen hat sich zum Ziel gesetzt, dass mit dem Verkauf von Produkten aus Entwicklungsl\u00e4ndern mehr Gerechtigkeit und Frieden in der Welt entstehen soll.<\/p>\n<p>Ein Blick in die Vereinsgeschichte zeigt, dass der seit vierzig Jahren ehrenamtlich betriebene Gm\u00fcnder Weltladen allen Grund zum Feiern hat. Denn die Entwicklung des Ladens ist eine Erfolgsgeschichte. Bei der Gr\u00fcndung im Jahre 1979 war keineswegs absehbar, wie sich der Handel mit fairen Produkten weltweit und in Schw\u00e4bisch Gm\u00fcnd speziell entwickeln w\u00fcrde und ob immer genug Ehrenamtliche zu finden w\u00e4ren. Die Gr\u00fcndungsmitglieder und der erste Vereinsvorsitzende Karl Degendorfer einte ein gemeinsames Ziel, das bis heute verfolgt wird, n\u00e4mlich der Einsatz f\u00fcr Frieden und Gerechtigkeit durch den Handel mit Produkten aus Entwicklungsl\u00e4ndern.<\/p>\n<p><span style=\"text-decoration: underline\"><strong>Markante Stationen<\/strong><\/span><\/p>\n<ul>\n<li><strong>1979<\/strong> Gr\u00fcndung des Vereins als \u201eAktion f\u00fcr Partnerschaft im Weltmarkt\u201c mit Ladengesch\u00e4ft in der Imhofstra\u00dfe und eingeschr\u00e4nkten \u00d6ffnungszeiten.<\/li>\n<li><strong>1984<\/strong> Umzug in das Ladengesch\u00e4ft in der M\u00fcnstergasse 8 zusammen mit dem BUND.<\/li>\n<li><strong>1991<\/strong> Die alleinige Nutzung der Ladenr\u00e4ume erm\u00f6glicht eine Ausdehnung des Warenangebotes.<\/li>\n<li><strong>2001<\/strong> Der Ostalbkaffee wird ein fester Bestandteil des Sortiments.<\/li>\n<li><strong>2008<\/strong> Der neue Name Gm\u00fcnder Weltladen und durchgehende \u00d6ffnungszeiten erh\u00f6hen den Bekanntheitsgrad.<\/li>\n<li><strong>2015<\/strong> Der Umzug in das Ladengesch\u00e4ft Kalter Markt 29 begeistert zus\u00e4tzliche Kunden f\u00fcr den fairen Handel und pfiffige Schaufensterdekorationen sorgen f\u00fcr Aufmerksamkeit.<\/li>\n<\/ul>\n<p><strong>Unser Selbstverst\u00e4ndnis<\/strong><\/p>\n<p>An \u00fcber dreihundert Tagen im Jahr beraten die \u00fcber zwanzig Mitglieder des Ladenteams \u00fcber die Produkte und \u00fcber den fairen Handel schlechthin. Es gilt darzustellen, dass die Erzeugnisse ohne ausbeuterische Kinderarbeit und unter Beachtung von Sozialstandards hergestellt wurden und dass langfristige Liefervertr\u00e4ge, gerechte Entlohnung, Vorfinanzierung der Produktion und F\u00f6rderung von Gemeinschaftseinrichtungen die Handelsbeziehungen zu den Kleinproduzenten kennzeichnen.<\/p>\n<p>Dieses Wissen wird auch von zehn weiteren Ehrenamtlichen im Rahmen der Bildungsarbeit an Sch\u00fcler, Studierende, Firm- und Konfirmandengruppen und alle Interessierten vermittelt.<\/p>\n<p>Bei Stadtrundg\u00e4ngen wird der m\u00fcndige Konsument meist in Rollenspielen mit vielen Facetten nachhaltigen Handelns konfrontiert. Vernetzung im Arbeitskreis Besonders stolz ist die siebenk\u00f6pfige Vorstandschaft und die Vorsitzende Cordula Reichert auf die Zusammenarbeit mit vielen Gruppierungen in der Region, die auch von der Menschenrechtsarbeit beseelt sind. Davon zeugen mehrere Teilnahmen an Wettbewerben, bei denen die Schw\u00e4bisch Gm\u00fcnder Akteure mehrere Preise erzielen konnten. Auch die Auszeichnung Schw\u00e4bisch Gm\u00fcnds zur Fairtrade-Stadt ist auf diese Vernetzung zur\u00fcck zu f\u00fchren.<\/p>\n<p>&nbsp;<\/p>\n<p><span style=\"color: #ff9900\"><strong>Wir k\u00f6nnen nicht die Welt ver\u00e4ndern<\/strong><\/span><\/p>\n<p><strong>Der Weltladen in Schw\u00e4bisch Gm\u00fcnd wurde 1979 gegr\u00fcndet \u2013 ein guter Grund, das Schwabenalter zu feiern<\/strong><\/p>\n<p>&#8211; Auszug aus dem Artikel in der Rems Zeitung vom 07.05.2019 von Edda Eschelbach<\/p>\n<p>Es geht um fairen Handel. Doch hinter dem Begriff \u201efair\u201c steckt weit mehr. Seit 40 Jahren arbeiten Menschen in Gm\u00fcnd ehrenamtlich daf\u00fcr, dass Menschen in Entwicklungsl\u00e4ndern von ihrer Arbeit leben k\u00f6nnen. Und das ist nur ein Aspekt des Weltladens.<\/p>\n<p>Wie so oft w\u00e4re auch der Weltladen am Kalten Markt ohne ein gro\u00dfes ehrenamtliches Engagement l\u00e4ngst nicht mehr zu halten. Doch die rund 40 Frauen und M\u00e4nner, die ihre Zeit und Kraft in die Entwicklungshilfe stecken, verbindet eine gemeinsame Lebenseinstellung, eine gemeinsame Haltung zum Leben.<\/p>\n<p>\u201eWir k\u00f6nnen nicht die Welt ver\u00e4ndern\u201c, sagt die Vorsitzende des Vereins Weltladen, Cordula Reichert. Aber das Leben vieler Menschen in den den armen L\u00e4ndern dieser Erde, \u201edem globalen S\u00fcden\u201c, wie sie es nennt, wird besser durch den fairen Handel, dieses wichtige Instrument gegen Armut. Doch was steckt dahinter? \u201eLaut unserer Satzung verpflichten sich die Mitglieder, den Weltladen zu unterhalten, um Kleinproduzenten in Entwicklungsl\u00e4ndern zu st\u00e4rken, indem sie den Markteintritt in Industriel\u00e4nder bekommen\u201c, beschreibt Reichert die Arbeit des Vereins.[\/vc_column_text][\/vc_tab][vc_tab title=&#8220;2018&#8243; tab_id=&#8220;1645819609434-3-5&#8243;][vc_column_text]<span style=\"color: #ff9900\"><strong>Gm\u00fcnder Weltladen investiert in Klimaschutz in Bangladesch<\/strong><\/span><\/p>\n<p>Obwohl die Menschen in den D\u00f6rfern Nord-Bangladeschs zum Klimawandel fast nichts beitragen, leiden sie darunter: Die Erderw\u00e4rmung f\u00fchrt zu mehr Verdunstung im indischen Ozean, dadurch zu mehr Regen an den H\u00e4ngen des Himalajas und zu \u00dcberflutungen im Gebiet des Brahmaputras. Auf Anregung der \u00c4rztin Dr. Ulrike Faust, die seit Jahren die Situation durch ihre Eins\u00e4tze f\u00fcr German Doctors vor Ort kennt, engagiert sich der Gm\u00fcnder Weltladen durch eine Spende im Klimaschutzprojekt von NETZ e.V., einer Organisation f\u00fcr Entwicklungs-Zusammenarbeit mit Bangladesch.<br \/>\nEs geht um Starthilfe f\u00fcr Menschen, die dem Klimawandel widerstehen.<\/p>\n<p><span style=\"color: #ff9900\"><strong>Staatssekret\u00e4r Norbert Barthle im Gm\u00fcnder Weltladen<\/strong><\/span><\/p>\n<p>Wenige Tage nachdem viele Gm\u00fcnder B\u00fcrger den Appell \u201eAusbeutung von Mensch und Umwelt stoppen! Faire Arbeitsbedingungen weltweit!\u201c unterzeichneten, wurden die Unterschriftslisten an den zust\u00e4ndigen Staatssekret\u00e4r im Bundesministerium f\u00fcr Wirtschaftliche Zusammenarbeit, Norbert Barthle, \u00fcbergeben. Die Engagierten in der Eine-Welt-Arbeit erhoffen sich k\u00fcnftig in ihren Anliegen rasch Geh\u00f6r zu finden \u2013 immerhin ist nun einer \u201eunserer\u201c Abgeordneten Ansprechpartner im einschl\u00e4gigen Ministerium. Bei dem kurzen Zusammentreffen im Weltladen zeigte sich Norbert Barthle sehr erfreut \u00fcber diese neue Herausforderung, die ihm sehr am Herzen liegt.<\/p>\n<div class=\"content clearfix\"><\/div>\n<p><span style=\"color: #ff9900\"><strong><img loading=\"lazy\" decoding=\"async\" class=\"alignnone size-medium wp-image-735\" src=\"https:\/\/weltlaeden.de\/schwaebisch-gmuend\/wp-content\/uploads\/sites\/179\/2022\/03\/950_ARC_2018_001-300x199.jpg\" alt=\"\" width=\"300\" height=\"199\" srcset=\"https:\/\/weltlaeden.de\/schwaebisch-gmuend\/wp-content\/uploads\/sites\/179\/2022\/03\/950_ARC_2018_001-300x199.jpg 300w, https:\/\/weltlaeden.de\/schwaebisch-gmuend\/wp-content\/uploads\/sites\/179\/2022\/03\/950_ARC_2018_001-1024x680.jpg 1024w, https:\/\/weltlaeden.de\/schwaebisch-gmuend\/wp-content\/uploads\/sites\/179\/2022\/03\/950_ARC_2018_001-768x510.jpg 768w, https:\/\/weltlaeden.de\/schwaebisch-gmuend\/wp-content\/uploads\/sites\/179\/2022\/03\/950_ARC_2018_001.jpg 1343w\" sizes=\"auto, (max-width: 300px) 100vw, 300px\" \/><\/strong><\/span><\/p>\n<p>&nbsp;<\/p>\n<p><span style=\"color: #ff9900\"><strong>Weltladen und Happy Voices<\/strong><\/span><\/p>\n<p><span style=\"font-family: tahoma, arial, helvetica, sans-serif;font-size: 10pt\">Der Gm\u00fcnder Weltladen hatte eingeladen und der neu gegr\u00fcndete Chor Happy Voices kam am vergangenen Samstag zur Bananen-Verkostungsaktion im Rahmen der fairen Wochen zum Kalten Markt. \u00dcberraschend kamen die S\u00e4ngerinnen und S\u00e4nger in Gruppen aus mehreren Stra\u00dfen und Gassen in der Art eines Flashmobs und sorgten ihrem Namen entsprechend schon mit dem ersten spanischen Lied f\u00fcr eine heitere Atmosph\u00e4re. Den Passanten gefiel der Auftritt des Chors unter der Leitung von Gise Gr\u00e4\u00dfle-Derer sehr, so dass sich der Platz immer mehr f\u00fcllte. Die Ank\u00fcndigung des Weltladens, vom Tagesumsatz zehn Prozent an das Klimaschutzprojekt UROCAL in Ecuador zu spenden, wurde von den Anwesenden durch ihren Einkauf tatkr\u00e4ftig unterst\u00fctzt.<\/span><\/p>\n<div class=\"content clearfix\">\n<p><img loading=\"lazy\" decoding=\"async\" class=\"alignnone size-medium wp-image-734\" src=\"https:\/\/weltlaeden.de\/schwaebisch-gmuend\/wp-content\/uploads\/sites\/179\/2022\/03\/950_ARC_2018_002-300x224.jpg\" alt=\"\" width=\"300\" height=\"224\" srcset=\"https:\/\/weltlaeden.de\/schwaebisch-gmuend\/wp-content\/uploads\/sites\/179\/2022\/03\/950_ARC_2018_002-300x224.jpg 300w, https:\/\/weltlaeden.de\/schwaebisch-gmuend\/wp-content\/uploads\/sites\/179\/2022\/03\/950_ARC_2018_002-1024x766.jpg 1024w, https:\/\/weltlaeden.de\/schwaebisch-gmuend\/wp-content\/uploads\/sites\/179\/2022\/03\/950_ARC_2018_002-768x574.jpg 768w, https:\/\/weltlaeden.de\/schwaebisch-gmuend\/wp-content\/uploads\/sites\/179\/2022\/03\/950_ARC_2018_002.jpg 1210w\" sizes=\"auto, (max-width: 300px) 100vw, 300px\" \/><\/p>\n<p>&nbsp;<\/p>\n<\/div>\n<p><span style=\"color: #ff9900\"><strong>Faire Remstalgartenschau-Schokolade<\/strong><\/span><\/p>\n<p><strong>Die Rems fairbindet<\/strong> \u2013 der Weltladen Schw\u00e4bisch Gm\u00fcnd bietet ab sofort die faire Gartenschauschokolade an, die in den Weltl\u00e4den entlang der Rems gemeinsam kreiiert wurde. Das Design stammt von der Schorndorfer K\u00fcnstlerin Renate Busse. Zum Auftakt des Kartenvorverkaufs durch die Stadt Schw\u00e4bisch Gm\u00fcnd konnte der Weltladen die quadratische Zotter-Schokolade auf dem Marktplatz anbieten \u2013 die Schokolade fand rei\u00dfenden Absatz.<\/p>\n<p><img loading=\"lazy\" decoding=\"async\" class=\"alignnone size-medium wp-image-733\" src=\"https:\/\/weltlaeden.de\/schwaebisch-gmuend\/wp-content\/uploads\/sites\/179\/2022\/03\/950_ARC_2018_003-300x226.jpg\" alt=\"\" width=\"300\" height=\"226\" srcset=\"https:\/\/weltlaeden.de\/schwaebisch-gmuend\/wp-content\/uploads\/sites\/179\/2022\/03\/950_ARC_2018_003-300x226.jpg 300w, https:\/\/weltlaeden.de\/schwaebisch-gmuend\/wp-content\/uploads\/sites\/179\/2022\/03\/950_ARC_2018_003-1024x773.jpg 1024w, https:\/\/weltlaeden.de\/schwaebisch-gmuend\/wp-content\/uploads\/sites\/179\/2022\/03\/950_ARC_2018_003-768x580.jpg 768w, https:\/\/weltlaeden.de\/schwaebisch-gmuend\/wp-content\/uploads\/sites\/179\/2022\/03\/950_ARC_2018_003.jpg 1191w\" sizes=\"auto, (max-width: 300px) 100vw, 300px\" \/><\/p>\n<p>&nbsp;<\/p>\n<p><span style=\"color: #ff9900\"><strong>Geld FAIR\u00e4ndert die Welt<\/strong><\/span><\/p>\n<p>Spannende Fragen taten sich auf beim Vortrag von Herrn G\u00f6tz von der Genossenschaft Oikocredit. Wollen Sie, dass Ihre Geldanlage mittels Kreditgew\u00e4hrung einer &#8222;normalen&#8220; Bank in R\u00fcstungsfirmen, Gentechniklabore oder Diktaturen flie\u00dft? Nein? Dann entscheiden Sie sich f\u00fcr eine ethische Geldanlage, die \u00fcber Partnerkreditinstitute in L\u00e4ndern des globalen S\u00fcdens Kleinprojekte oder Entwicklungshilfeprojekte unterst\u00fctzt.<\/p>\n<div class=\"content clearfix\"><\/div>\n<p><span style=\"color: #ff9900\"><strong><img loading=\"lazy\" decoding=\"async\" class=\"alignnone size-medium wp-image-732\" src=\"https:\/\/weltlaeden.de\/schwaebisch-gmuend\/wp-content\/uploads\/sites\/179\/2022\/03\/950_ARC_2018_004-300x168.jpg\" alt=\"\" width=\"300\" height=\"168\" srcset=\"https:\/\/weltlaeden.de\/schwaebisch-gmuend\/wp-content\/uploads\/sites\/179\/2022\/03\/950_ARC_2018_004-300x168.jpg 300w, https:\/\/weltlaeden.de\/schwaebisch-gmuend\/wp-content\/uploads\/sites\/179\/2022\/03\/950_ARC_2018_004-1024x573.jpg 1024w, https:\/\/weltlaeden.de\/schwaebisch-gmuend\/wp-content\/uploads\/sites\/179\/2022\/03\/950_ARC_2018_004-768x430.jpg 768w, https:\/\/weltlaeden.de\/schwaebisch-gmuend\/wp-content\/uploads\/sites\/179\/2022\/03\/950_ARC_2018_004-1536x860.jpg 1536w, https:\/\/weltlaeden.de\/schwaebisch-gmuend\/wp-content\/uploads\/sites\/179\/2022\/03\/950_ARC_2018_004.jpg 1591w\" sizes=\"auto, (max-width: 300px) 100vw, 300px\" \/><\/strong><\/span><\/p>\n<p>&nbsp;<\/p>\n<p><span style=\"color: #ff9900\"><strong>Staatssekret\u00e4r Christian Lange trifft neuen Vorstand<\/strong><\/span><\/p>\n<p>Staatssekret\u00e4r Christian Lange besuchte den Gm\u00fcnder Weltladen, um sich ein Bild von der Arbeit der ehrenamtlichen Mitarbeiter zu machen. Vorsitzende Cordula Reichert berichtete \u00fcber einen Antrag im Verwaltungsausschuss an den Gemeinderat, der von Stadtverwaltung vorgelegt und vom Arbeitskreis Eine Welt begr\u00fcndet wurde. Dabei soll die Stadtverwaltung erm\u00e4chtigt werden, eine Nachhaltigkeitsstrategie \u2013 wie vom St\u00e4dtetag vorgelegt \u2013 auch f\u00fcr Gm\u00fcnd zu entwickeln. Der faire Handel ist dabei ein wichtiger Baustein.<\/p>\n<div class=\"content clearfix\">\n<p><img loading=\"lazy\" decoding=\"async\" class=\"alignnone wp-image-731\" src=\"https:\/\/weltlaeden.de\/schwaebisch-gmuend\/wp-content\/uploads\/sites\/179\/2022\/03\/950_ARC_2018_005-300x116.jpg\" alt=\"\" width=\"375\" height=\"145\" srcset=\"https:\/\/weltlaeden.de\/schwaebisch-gmuend\/wp-content\/uploads\/sites\/179\/2022\/03\/950_ARC_2018_005-300x116.jpg 300w, https:\/\/weltlaeden.de\/schwaebisch-gmuend\/wp-content\/uploads\/sites\/179\/2022\/03\/950_ARC_2018_005-1024x397.jpg 1024w, https:\/\/weltlaeden.de\/schwaebisch-gmuend\/wp-content\/uploads\/sites\/179\/2022\/03\/950_ARC_2018_005-768x297.jpg 768w, https:\/\/weltlaeden.de\/schwaebisch-gmuend\/wp-content\/uploads\/sites\/179\/2022\/03\/950_ARC_2018_005.jpg 1203w\" sizes=\"auto, (max-width: 375px) 100vw, 375px\" \/><\/p>\n<p>&nbsp;<\/p>\n<\/div>\n<p><span style=\"color: #ff9900\"><strong>Zum Wegwerfen zu schade!<\/strong><\/span><\/p>\n<p>Bei Sekt und H\u00e4ppchen konnten wieder Frauen Kleider, Acessoires und gute Ideen tauschen, wie man Mode im Alltag nachhaltig leben kann. Denn Jedermann kennt den inneren Zwist zwischen &#8222;Kleidungsst\u00fccke behalten, aber doch nicht mehr tragen und die guten St\u00fccke in den Altkleidercontainer geben&#8220;. Sie wurden unter Einsatz von viel M\u00fchen und Rohstoffen gefertigt und k\u00f6nnen doch noch Anderen einen guten Dienst erweisen.<\/p>\n<p><span style=\"color: #ff9900\"><strong>Schw\u00e4bisch Gm\u00fcnd erneut \u201eFair Trade Town\u201c<\/strong><\/span><\/p>\n<p><span style=\"font-size: 10.0pt;font-family: Verdana , sans-serif;color: black\"><span style=\"font-family: Verdana , sans-serif;border: none windowtext 1.0pt;padding: 0.0cm\">Bereits zum dritten Mal erf\u00fcllte die Stadt Schw\u00e4bisch Gm\u00fcnd die Kriterien f\u00fcr das Zertifikat \u201eFair Trade Town\u201c mit dem Arbeitskreis eine Welt&#8230;<\/span><\/span><\/p>\n<p>Oberb\u00fcrgermeister Richard Arnold bedankte sich bei Cordula Reichert, Arbeitskreis eine Welt und allen Beteiligten der Steuerungsgruppe f\u00fcr die erneute Zertifizierung \u201eFair Trade Town\u201c am Dienstag, 23. Oktober, und nahm die Auszeichnung in Empfang. Bereits zum dritten Mal darf sich die Stadt Schw\u00e4bisch Gm\u00fcnd \u00fcber die Qualifizierung freuen. Die Auszeichnung zur Fairtrade-Town soll aber nicht das Ziel, sondern erneut der Startschuss f\u00fcr viele weitere tolle Projekte in Schw\u00e4bisch Gm\u00fcnd sein.<\/p>\n<p><img loading=\"lazy\" decoding=\"async\" class=\"alignnone size-medium wp-image-730\" src=\"https:\/\/weltlaeden.de\/schwaebisch-gmuend\/wp-content\/uploads\/sites\/179\/2022\/03\/950_ARC_2018_006-300x199.jpg\" alt=\"\" width=\"300\" height=\"199\" srcset=\"https:\/\/weltlaeden.de\/schwaebisch-gmuend\/wp-content\/uploads\/sites\/179\/2022\/03\/950_ARC_2018_006-300x199.jpg 300w, https:\/\/weltlaeden.de\/schwaebisch-gmuend\/wp-content\/uploads\/sites\/179\/2022\/03\/950_ARC_2018_006-1024x678.jpg 1024w, https:\/\/weltlaeden.de\/schwaebisch-gmuend\/wp-content\/uploads\/sites\/179\/2022\/03\/950_ARC_2018_006-768x508.jpg 768w, https:\/\/weltlaeden.de\/schwaebisch-gmuend\/wp-content\/uploads\/sites\/179\/2022\/03\/950_ARC_2018_006.jpg 1351w\" sizes=\"auto, (max-width: 300px) 100vw, 300px\" \/><\/p>\n<p>&nbsp;<\/p>\n<p><span style=\"color: #ff9900\"><strong>Reportage vom Gm\u00fcnder Weltladen<\/strong><\/span><\/p>\n<p><strong>Fair sein, fair bleiben<\/strong><br \/>\n&#8211; Auszug aus dem Artikel in der Rems Zeitung vom 17.11.2018<\/p>\n<div>Seit drei Jahren nun schon hat der Gm\u00fcnder Weltladen sein neues Zuhause am Kalten Markt 29. Die R\u00e4umlichkeiten in der M\u00fcnstergasse reichten irgendwann einfach nicht mehr aus. Am Kalten Markt nun ist Platz genug und die hellen R\u00e4ume nahe der Innenstadt wirken sehr einladend. Hier werden sie nun verkauft, die Produkte, die fair gehandelt werden. Doch was genau bedeutet das eigentlich? Faire Produkte? Fairer Handel?<\/div>\n<div>Im gesamten Fairen Handel stehen die Menschen und ihre elementaren Bed\u00fcrfnisse im Vordergrund. Qualit\u00e4t bezieht sich\u00a0 hierbei nicht nur auf die Hochwertigkeit der Produkte, sondern auch auf die Sozialvertr\u00e4glichkeit im Herstellungs- und Vermarktungsprozess. Das bedeutet, dass Diskriminierung, ausbeuterische Kinderarbeit und Zwangsarbeit ausgeschlossen werden. Vorsitzende des Weltladens in Gm\u00fcnd ist Cordula Reichert (gro\u00dfes Foto).<br \/>\nDass sie einmal die Vorsitzende des Weltladens werden w\u00fcrde, das hat sich nicht etwa ihr ganzes Leben abgezeichnet. Im Berufsleben war sie Berufsschullehrerin.<\/div>\n<div><\/div>\n<div>\n<div><img loading=\"lazy\" decoding=\"async\" class=\"alignnone size-medium wp-image-729\" src=\"https:\/\/weltlaeden.de\/schwaebisch-gmuend\/wp-content\/uploads\/sites\/179\/2022\/03\/950_ARC_2018_007-300x151.jpg\" alt=\"\" width=\"300\" height=\"151\" srcset=\"https:\/\/weltlaeden.de\/schwaebisch-gmuend\/wp-content\/uploads\/sites\/179\/2022\/03\/950_ARC_2018_007-300x151.jpg 300w, https:\/\/weltlaeden.de\/schwaebisch-gmuend\/wp-content\/uploads\/sites\/179\/2022\/03\/950_ARC_2018_007-1024x516.jpg 1024w, https:\/\/weltlaeden.de\/schwaebisch-gmuend\/wp-content\/uploads\/sites\/179\/2022\/03\/950_ARC_2018_007-768x387.jpg 768w, https:\/\/weltlaeden.de\/schwaebisch-gmuend\/wp-content\/uploads\/sites\/179\/2022\/03\/950_ARC_2018_007.jpg 1532w\" sizes=\"auto, (max-width: 300px) 100vw, 300px\" \/><\/div>\n<\/div>\n<p>[\/vc_column_text][\/vc_tab][vc_tab title=&#8220;2017&#8243; tab_id=&#8220;1645819619332-4-8&#8243;][vc_column_text]<span style=\"color: #ff9900\"><strong>Erste Gm\u00fcnder Tafel<\/strong><\/span><\/p>\n<p style=\"margin-bottom: .0001pt;line-height: normal\"><strong><span style=\"font-size: 12.0pt;font-family: 'Times New Roman','serif'\">Eine-Welt-Tag<\/span><\/strong><span style=\"font-size: 12.0pt;font-family: 'Times New Roman','serif'\"> Mit einer \u201efairen Tafel\u201c macht der Gm\u00fcnder Weltladen mit bei \u201eMeine. Deine. Eine Welt\u201c und wiegt den Oberb\u00fcrgermeister mit fair gehandeltem Kaffee auf.<br \/>\n<\/span><\/p>\n<p style=\"margin-bottom: .0001pt;line-height: normal\"><span style=\"font-size: 12.0pt;font-family: 'Times New Roman','serif'\"><span style=\"font-size: 12.0pt;line-height: 115%;font-family: 'Times New Roman','serif'\">Gm\u00fcnds Oberb\u00fcrgermeister hat sich am Wochenende als Schwergewicht geoutet. Schlie\u00dflich ging es um die gute Sache. Und da versteht es Richard Arnold, noch ein paar Pfunde rauszuholen \u2013 indem er sich ans \u00e4u\u00dferste Ende der Waage stellt und m\u00f6glichst viel Gewicht nach hinten verlegt.<\/span><\/span><\/p>\n<p>&nbsp;<\/p>\n<header><\/header>\n<div><\/div>\n<div><span style=\"color: #ff9900\"><strong>Weltladentag 2017<\/strong><\/span><\/div>\n<div class=\"content clearfix\">\n<p dir=\"ltr\">Visionen von einer gerechteren Welt &#8211; Passanten und Gm\u00fcnder Weltladen gemeinsam aktiv: Am bundesweiten Weltladentag konnten sich interessierte Passanten an einem Stand des Gm\u00fcnder Weltladens mit ihren Vorstellungen von einer gerechteren Welt einbringen. Gesucht waren Aussagen zu drei weltweit bedeutsamen Themenkomplexen, n\u00e4mlich zu \u201eB\u00e4uerliche Landwirtschaft\u201c, \u201eGerechte Arbeitsbedingungen\u201c und \u201eW\u00fcrdevoller Umgang mit allen Menschen\u201c. Sich auf ein Thema fest zu legen und dazu ein K\u00e4rtchen mit einer Kernaussage zu beschriften, fiel den meisten Passanten sichtlich schwer. Nahezu Jedermann wertete die Themen als gleichrangig und gleicherma\u00dfen wichtig f\u00fcr die Zukunft in der einen Welt.<\/p>\n<p dir=\"ltr\"><img loading=\"lazy\" decoding=\"async\" class=\"alignnone size-medium wp-image-736\" src=\"https:\/\/weltlaeden.de\/schwaebisch-gmuend\/wp-content\/uploads\/sites\/179\/2022\/03\/950_ARC_2017_001-300x200.jpg\" alt=\"\" width=\"300\" height=\"200\" srcset=\"https:\/\/weltlaeden.de\/schwaebisch-gmuend\/wp-content\/uploads\/sites\/179\/2022\/03\/950_ARC_2017_001-300x200.jpg 300w, https:\/\/weltlaeden.de\/schwaebisch-gmuend\/wp-content\/uploads\/sites\/179\/2022\/03\/950_ARC_2017_001-1024x681.jpg 1024w, https:\/\/weltlaeden.de\/schwaebisch-gmuend\/wp-content\/uploads\/sites\/179\/2022\/03\/950_ARC_2017_001-768x511.jpg 768w, https:\/\/weltlaeden.de\/schwaebisch-gmuend\/wp-content\/uploads\/sites\/179\/2022\/03\/950_ARC_2017_001.jpg 1336w\" sizes=\"auto, (max-width: 300px) 100vw, 300px\" \/><\/p>\n<\/div>\n<p>[\/vc_column_text][\/vc_tab][vc_tab title=&#8220;2016&#8243; tab_id=&#8220;1646231310092-5-2&#8243;][vc_column_text]<span style=\"color: #ff9900\"><strong>Der Weltladen feiert 1 Jahr Treue<\/strong><\/span><\/p>\n<p><span style=\"font-family: 'Arial','sans-serif'\">Am Samstag feierte der Gm\u00fcnder Weltladen mit seinen Kunden 1 Jahr Treue an seinem neuen Standort Kalter Markt 29,\u00a0 gegen\u00fcber CityCenter<\/span>. <span style=\"font-family: 'Arial','sans-serif'\">Bei einem Luftballon-Wettbewerb, der mit der Aktion \u201eLandkauf\u201c verbunden ist, konnten die drei am\u00a0 weitesten geflogenen Karten, die an den Weltladen zur\u00fcckgeschickt werden, die Hauptpreise gewinnen.<br \/>\n<\/span><span style=\"font-family: 'Arial','sans-serif'\">Diese werden am Weltladentag, Samstag, 14. Mai, an die Gewinner \u00fcberreicht. Es sind wertvolle Einkaufsgutscheine f\u00fcr\u00a0 Produkte von Kleinbauern und Kleinhandwerkern, deren Produkte es im Gm\u00fcnder Weltladen zu kaufen gibt.<br \/>\n<\/span><span style=\"font-family: 'Arial','sans-serif'\">Parallel <\/span><span style=\"font-family: 'Arial','sans-serif'\">sind alle <\/span><span style=\"font-family: 'Arial','sans-serif'\">Karten an der Aktion &#8222;Landkauf&#8220; beteiligt. 0,10 \u20ac f\u00fcr jeden zur\u00fcck gelegten Kilometer<\/span><span style=\"font-family: 'Arial','sans-serif'\">werden f\u00fcr den Kauf<br \/>\nvon Anbaufl\u00e4che f\u00fcr<\/span><span style=\"font-family: 'Arial','sans-serif'\">fair gehandelten Rooibos-Tee vom Weltladen gespendet.<\/span><span style=\"font-family: 'Arial','sans-serif'\">Au\u00dferdem gab es eine Kaffeebar und\u00a0 Probierh\u00e4ppchen, &#8211; dazu internationale Musik.<\/span><\/p>\n<p><span style=\"color: #ff9900\"><strong>Fairer Brunch 2016<\/strong><\/span><\/p>\n<p>Der Gm\u00fcnder Weltladen veranstaltete am Samstag, 24. September, von 10 &#8211; 13 Uhr einen Brunch mit Produkten aus Fairem Handel. Fairw\u00f6hnt wurden die G\u00e4ste mit k\u00f6stlichem Kaffee, aromatischen Tees, erfrischenden S\u00e4ften, herzhaften und s\u00fc\u00dfen Brotaufstrichen, verschiedenen M\u00fcslisorten, leckeren Bio-Bananen und vielen weiteren K\u00f6stlichkeiten. Das Faire Fr\u00fchst\u00fcck fand bei bestem Wetter vor dem Gm\u00fcnder Weltladen, Kalter Markt 29, statt.Von 11 \u2013 11.45 Uhr spielte die Schw\u00f6rhaus-Brass.<\/p>\n<div class=\"content clearfix\">\n<p><img loading=\"lazy\" decoding=\"async\" class=\"alignnone size-medium wp-image-738\" src=\"https:\/\/weltlaeden.de\/schwaebisch-gmuend\/wp-content\/uploads\/sites\/179\/2022\/03\/950_ARC_2016_001-300x175.jpg\" alt=\"\" width=\"300\" height=\"175\" srcset=\"https:\/\/weltlaeden.de\/schwaebisch-gmuend\/wp-content\/uploads\/sites\/179\/2022\/03\/950_ARC_2016_001-300x175.jpg 300w, https:\/\/weltlaeden.de\/schwaebisch-gmuend\/wp-content\/uploads\/sites\/179\/2022\/03\/950_ARC_2016_001-1024x597.jpg 1024w, https:\/\/weltlaeden.de\/schwaebisch-gmuend\/wp-content\/uploads\/sites\/179\/2022\/03\/950_ARC_2016_001-768x448.jpg 768w, https:\/\/weltlaeden.de\/schwaebisch-gmuend\/wp-content\/uploads\/sites\/179\/2022\/03\/950_ARC_2016_001.jpg 1486w\" sizes=\"auto, (max-width: 300px) 100vw, 300px\" \/><\/p>\n<p>&nbsp;<\/p>\n<\/div>\n<p><span style=\"color: #ff9900\"><strong>\u00a0Der Gm\u00fcnder Weltladen informiert zum internationalen Tag des Ehrenamtes<\/strong><\/span><\/p>\n<p>Zum internationalen Tag des Ehrenamtes am 5. Dezember informiert der Gm\u00fcnder Weltladen \u00fcber die vielf\u00e4ltigen M\u00f6glichkeiten des Engagements in seinem Fachgesch\u00e4ft f\u00fcr Fairen Handel. Neben dem Verkauf der hochwertigen Produkte umfasst die Laden- und Vereinsarbeit zahlreiche weitere T\u00e4tigkeitsbereiche, die das Team rund um Hanna Maier, 1. Vorsitzende des Gm\u00fcnder Weltladens, abdeckt. \u201eDazu z\u00e4hlen u.a. kaufm\u00e4nnische Aufgaben sowie z.B. Bildungsveranstaltungen in Schulen und Aktionen zu politischen Themen\u201c, so Hanna Maier. Nicht zu vergessen sei die M\u00f6glichkeit, als Vorstand des Tr\u00e4gervereins Verantwortung in der Leitung der Initiative zu \u00fcbernehmen.<\/p>\n<p><span style=\"color: #ff9900\"><strong>Tauschen statt Kaufen und Wegwerfen &#8211; Kleidertauschparty im Franziskaner<\/strong><\/span><\/p>\n<p>Mit guten gewissen neue Lieblingsteile finden und gleichzeitig den eigenen Schrank erleichtern, ohne dabei etwas wegzuwerfen oder die Umwelt zu belasten. Das war der Gedanke, der hinter der Kleidertauschparty stand, die das BDKJ-Jugendreferat Ende April im Franziskaner veranstaltet hat. Neben dem Kleidertausch gab es bei Musik und Cocktails Informationen zu nachhaltigen und \u00f6kologischen Textilien.<\/p>\n<p>Der Gm\u00fcnder Weltladen war vor Ort um den Hintergurund zu fair gehandelter Kleidung zu erkl\u00e4ren. Die Jacken, Hosen, R\u00f6cke, Hemden, T-Shirts, und Accessoires, die keinen neuen Besitzer gefunden haben, wurden gespendet.<\/p>\n<p><span style=\"color: #ff9900\"><strong>Shalom-Preistr\u00e4ger Pater Shay Cullen zu Besuch im Gm\u00fcnder Weltladen<\/strong><\/span><\/p>\n<p>Im Gm\u00fcnder Weltladen erz\u00e4hlte Pater Shay Cullen lebendig und eindr\u00fccklich von seiner Arbeit im st\u00e4ndigen Einsatz f\u00fcr Kinder. Besonders wichtig sind ihm und der philippinischen Organisation PREDA: Kinder in Gef\u00e4ngnissen und Bordellen, hungernde Kinder, Strassenkinder, misshandelte und missbrauchte Kinder, misshandelte Frauen. Seit \u00fcber 40 Jahren setzt er sich aktiv f\u00fcr Menschenrechte und soziale Gerechtigkeit ein. Durch Aufdeckung von Menschenrechtsverletzungen, Korruptionsf\u00e4llen und Kinderh\u00e4ndlerringen k\u00e4mpft er gegen Sextourismus, Kindesmissbrauch und \u2013 prostitutionen. Er ist Initiator einer Kampagne zur Aufl\u00f6sung und ver\u00e4nderten Nutzung<\/p>\n<div class=\"content clearfix\"><img loading=\"lazy\" decoding=\"async\" class=\"alignnone size-medium wp-image-737\" src=\"https:\/\/weltlaeden.de\/schwaebisch-gmuend\/wp-content\/uploads\/sites\/179\/2022\/03\/950_ARC_2016_002-300x199.jpg\" alt=\"\" width=\"300\" height=\"199\" srcset=\"https:\/\/weltlaeden.de\/schwaebisch-gmuend\/wp-content\/uploads\/sites\/179\/2022\/03\/950_ARC_2016_002-300x199.jpg 300w, https:\/\/weltlaeden.de\/schwaebisch-gmuend\/wp-content\/uploads\/sites\/179\/2022\/03\/950_ARC_2016_002-1024x680.jpg 1024w, https:\/\/weltlaeden.de\/schwaebisch-gmuend\/wp-content\/uploads\/sites\/179\/2022\/03\/950_ARC_2016_002-768x510.jpg 768w, https:\/\/weltlaeden.de\/schwaebisch-gmuend\/wp-content\/uploads\/sites\/179\/2022\/03\/950_ARC_2016_002.jpg 1350w\" sizes=\"auto, (max-width: 300px) 100vw, 300px\" \/><\/div>\n<p>[\/vc_column_text][\/vc_tab][vc_tab title=&#8220;Archiv&#8220; tab_id=&#8220;1705003845454-10-8&#8243;][vc_column_text css=&#8220;&#8220;]<strong><span style=\"color: #ff6600\">2011<\/span><\/strong><\/p>\n<p><strong><span style=\"color: #ff6600\">Zehn Jahre Ostalbkaffee<\/span> <\/strong><\/p>\n<p>Im Mai 2011 konnten wir ein besonderes Jubil\u00e4um feiern: 10 Jahre Ostalbkaffee, der zwar nicht auf der Ostalb w\u00e4chst, aber eben hier besonders gef\u00f6rdert wird. Er ist das Ergebnis einer Nachhaltigkeitsoffensive des Ostalbkreises und wurde initiiert von den Ostalb-Weltl\u00e4den Aalen, Ellwangen, Heidenheim und Schw\u00e4bisch Gm\u00fcnd. Der Ostalbkaffee stammt aus Mexiko und gibt den beteiligten Kleinbauern der Kooperative ISMAM eine dauerhafte Perspektive durch langfristige Liefervertr\u00e4ge. Die Qualit\u00e4t, bester Hochlandkaffee Arabica, spricht f\u00fcr sich, so dass seit zehn Jahren dieser Kaffee nachgefragt wird.<\/p>\n<p>Das Jubil\u00e4um wurde mit einer Ausstellung im Rathaus unter den Kl\u00e4ngen von Veronica Gonzales und unter Beteiligung von viel Publikum, Landrat Klaus Pavel und Oberb\u00fcrgermeister Richard Arnold er\u00f6ffnet. Drau\u00dfen auf dem Marktplatz machte ein Kaffeemobil aufmerksam und die Ausstellung konnte in den folgenden Tagen von Sch\u00fclern mit einem Quiz zum aufgebauten Kaffeeparcours besucht werden. Zwischen symbolischem Kaffeepfl\u00fccken, -r\u00f6sten und -mahlen kamen viele Informationen \u00fcber die Lebensverh\u00e4ltnisse in den Entwicklungsl\u00e4ndern bei den Sch\u00fclern an. Auch ein eigens hergestellter Film zeigte Wissenswertes f\u00fcr Jedermann. Als schlie\u00dflich am darauffolgenden Samstag noch der Gesangverein 1823 mit Oberb\u00fcrgermeister Arnold Kaffeelieder im Rathaus sang, war das Jubil\u00e4um eine runde Sache. Cordula Reichert, die Vorsitzende des Gm\u00fcnder Weltladens dankte Rosemarie Betsch f\u00fcr zehn Jahre unerm\u00fcdlichen Einsatz f\u00fcr den Ostalbkaffee. War sie es doch, die ihn so erfolgreich in und um Gm\u00fcnd vertrieb.<\/p>\n<p><strong><span style=\"color: #ff6600\">2014<\/span><\/strong><\/p>\n<p><strong><span style=\"color: #ff6600\">Weltladen verkauft Landesgartenschau-Schokolade<\/span><br \/>\n<\/strong><\/p>\n<p>Jeder kann sich nun die Landesgartenschau auch mit einer besonderen Schokolade vers\u00fc\u00dfen, die im Gm\u00fcnder Weltladen in der M\u00fcnstergasse 8 angeboten wird. Dunkle Bergmilch-Schokolade von Zotter, gef\u00fcllt mit Waldbeeren und Vanille.<\/p>\n<p>Gm\u00fcnd ist eine Fairtrade-Stadt. Deshalb ist es Cordula Reichert und Hans H\u00e4ussler vom Gm\u00fcnder Weltladen e.V. ein Anliegen, fair gehandelte Produkte anzubieten. Die Landesgartenschau-Schokolade erf\u00fcllt diese Anspr\u00fcche.<\/p>\n<p>Hinzu kommt, dass ein Teil des Erl\u00f6ses in den \u201cSozialpaten\u201c-Topf der Landesgartenschau flie\u00dft. Dieser erm\u00f6glicht es, dass auch besonders benachteiligte Menschen die Landesgartenschau besuchen k\u00f6nnen.<\/p>\n<p>Landesgartenschau-Gesch\u00e4ftsf\u00fchrer Manfred Maile durfte gemeinsam mit Cordula Reichert und Hans H\u00e4ussler die Schokolade probieren. Gemeinsam kamen sie zu der \u00dcberzeugung: \u201eEin besonderer Genuss!\u201c<\/p>\n<p><span style=\"color: #ff6600\"><strong>2015<\/strong><\/span><\/p>\n<p><span style=\"color: #ff6600\"><strong>Umzug zum Kalten Markt 29<\/strong><\/span><\/p>\n<p>Der Gm\u00fcnder Weltladen vergr\u00f6\u00dfert seine Verkaufsfl\u00e4che und zieht Mitte\/Ende M\u00e4rz von der M\u00fcnstergasse zum Kalten Markt 29. Um mehr Produkte von Kleinbauern und -produzenten anbieten zu k\u00f6nnen, wurde diese Erweiterung schon seit l\u00e4ngerer Zeit angestrebt. Am neuen Standort soll auch das Weltladen-Team vor allem in den Bereichen Ladendienst, Buchhaltung, Dekoration, Presse-\/\u00d6ffentlichkeits- und Bildungsarbeit verst\u00e4rkt werden<\/p>\n<p><strong><span style=\"color: #ff6600\">Er\u00f6ffnungsfest nach dem Umzug<\/span><\/strong><\/p>\n<p>\u201eF\u00fcr so viele Menschen h\u00e4ttet ihr in der M\u00fcnstergasse den ganzen Rosengarten neben dem Laden ben\u00f6tigt\u201c, schmunzelte einer der G\u00e4ste hinsichtlich der kleinen Menschenmenge, die sich am 18. April zum Er\u00f6ffnungsfest in den neuen R\u00e4umlichkeiten am Markt eingefunden hatte. Um 10.30 Uhr leitete die erste musikalischen Einlage von Alena Fischer (Gesang) und Sebastian Waibel (Klavier) den offiziellen Teil der Er\u00f6ffnungsfeier ein. Nach der Begr\u00fc\u00dfung und Dankesworten der Vorsitzenden des Gm\u00fcnder Weltladens, Hanna Maier, lie\u00df Oberb\u00fcrgermeister Richard Arnold es sich nicht nehmen, ein Gru\u00dfwort zu sprechen, in dem er den guten Draht von Stadt und Weltladen betonte. Dann erklingen die ersten T\u00f6ne eines Lieds, das eigens f\u00fcr diesen Anlass geschrieben wurde. Die Musik hat Johannes Waibel komponiert, der Text stammt aus der Feder von Johannes Waibel, Hans und Ursula H\u00e4u\u00dfler. Die im Text beschriebenen Missst\u00e4nde \u2013 in der Melodie der Strophen durch Dissonanzen wiedergegeben und verst\u00e4rkt \u2013 finden ihre Aufl\u00f6sung im eing\u00e4ngigen, kraftvollen Refrain und den Zeilen \u201eIch will es fair\u201c. Diese Premiere versetzte neben den G\u00e4sten auch Gebhard Dischler, den Vorsitzenden des Weltladen-Dachverbands, in helle Begeisterung, was er in seiner darauf folgenden Rede lobte. Der offizielle Teil der Feier endete mit einer Interpretation von John Lennons \u201eImagine\u201c. \u201eEs war so sch\u00f6n, ich hatte Tr\u00e4nen in den Augen\u201c, beschreibt eine Kundin ihre Eindr\u00fccke vom Auftritt des jungen Duos. Auf den G\u00e4nsehautmoment folgten ganz andere prickelnde Momente \u2013 beim Ansto\u00dfen mit fairem Sekt. Dazu konnten sich die G\u00e4ste mit vielf\u00e4ltigen fairen Leckereien und Kostproben selbst vom Weltladen-Sortiment \u00fcberzeugen. Und danach wurde weitergefeiert: Nachmittags sorgte die Musikgruppe \u201eS\u00fcsschiant\u201c mit internationalen Rhythmen f\u00fcr gute Stimmung.<\/p>\n<p><span style=\"color: #ff6600\"><strong>\u201eFairer Handel schafft Transparenz\u201c \u2013 9. Fairer Brunch beim Gm\u00fcnder Weltladen im Rahmen der Fairen Wochen<\/strong><\/span><\/p>\n<p>Am Samstag, 19. September, fand von 10 bis 13 Uhr beim neuen Gm\u00fcnder Weltladen, Kalter Markt 29, (gegen\u00fcber CityCenter, fr\u00fcher M\u00fcnstergasse) der 9. Faire Brunch unter dem Motto \u201eFairer Handel schafft Transparenz\u201c statt. Dabei ging es um die gro\u00dfen Konzerne und die Alternative des Fairen Handels. Die Folgen mangelnder Transparenz sind oftmals Ausbeutung von Mensch und Natur, ohne dass die verantwortlichen Unternehmen daf\u00fcr haftbar gemacht werden k\u00f6nnen. Auch in diesem Jahr gibt es bundesweit wieder mehr als 2.000 Aktionen mit mehr als einer halben Million Teilnehmer\/innen. Hier in Schw\u00e4bisch Gm\u00fcnd kochte der Jugendtreff Oderstra\u00dfe eine fleischlose Hauptmahlzeit. Au\u00dferdem gab es Probierh\u00e4ppchen von sauer bis s\u00fc\u00df aus Rezepten des Gm\u00fcnder Weltladens und seiner ehrenamtlichen Mitarbeiter. Es spielte \u201eWhite Chocolate\u201c.<\/p>\n<p><span style=\"color: #ff6600\"><strong>Strickk\u00fcnstler aus Peru stellt seine Arbeit vor<\/strong><\/span><\/p>\n<p>Der Strickk\u00fcnstler Mario Apaza aus Cusco (Peru) demonstrierte im Gm\u00fcnder Weltladen seine Arbeit an der Handstrickmaschine. Das Strickatelier mit seinen 12 talentierten MitarbeiterInnen in der Inkastadt Cusco strickt mit gro\u00dfer Hingabe die sch\u00f6nsten Muster in hochwertiger Alpakawolle. Es \u00fcberrascht mit seiner Kreativit\u00e4t und seinen Entw\u00fcrfen.[\/vc_column_text][\/vc_tab][\/vc_tabs][\/vc_column][\/vc_row]<\/p>\n<\/div>","protected":false},"excerpt":{"rendered":"<p>[vc_row][vc_column][vc_column_text] Beitr\u00e4ge aus den zur\u00fcckliegenden Jahren [\/vc_column_text][\/vc_column][\/vc_row][vc_row][vc_column][vc_tabs interval=&#8220;0&#8243;][vc_tab title=&#8220;2024&#8243; tab_id=&#8220;1768421619104-9-0&#8243;][vc_column_text css=&#8220;&#8220;] Der Gm\u00fcnder Weltladen lie\u00df 100 Mangob\u00e4ume pflanzen Die philippinische Kinderschutzorganisation PREDA um Pater Shay Cullen k\u00e4mpft durch den Erl\u00f6s ihrer Mangoprodukte bereits seit einem halben Jahrhundert unerm\u00fcndlich f\u00fcr die Rechte von Kindern und Jugendlichen und f\u00f6rdert gemeinsam mit Welt-Partner den Fairen Handel. Der ganzheitliche&hellip;<\/p>\n","protected":false},"author":265,"featured_media":0,"parent":0,"menu_order":0,"comment_status":"closed","ping_status":"closed","template":"","meta":{"footnotes":""},"class_list":["post-622","page","type-page","status-publish","hentry","description-off"],"yoast_head":"<!-- This site is optimized with the Yoast SEO plugin v26.8 - https:\/\/yoast.com\/product\/yoast-seo-wordpress\/ -->\n<title>Beitr\u00e4ge - Archiv - Weltladen Schw\u00e4bisch Gm\u00fcnd<\/title>\n<meta name=\"robots\" content=\"index, follow, max-snippet:-1, max-image-preview:large, max-video-preview:-1\" \/>\n<link rel=\"canonical\" href=\"https:\/\/weltlaeden.de\/schwaebisch-gmuend\/beitraege-archiv\/\" \/>\n<meta property=\"og:locale\" content=\"de_DE\" \/>\n<meta property=\"og:type\" content=\"article\" \/>\n<meta property=\"og:title\" content=\"Beitr\u00e4ge - Archiv - Weltladen Schw\u00e4bisch Gm\u00fcnd\" \/>\n<meta property=\"og:description\" content=\"[vc_row][vc_column][vc_column_text] Beitr\u00e4ge aus den zur\u00fcckliegenden Jahren [\/vc_column_text][\/vc_column][\/vc_row][vc_row][vc_column][vc_tabs interval=&#8220;0&#8243;][vc_tab title=&#8220;2024&#8243; tab_id=&#8220;1768421619104-9-0&#8243;][vc_column_text css=&#8220;&#8220;] Der Gm\u00fcnder Weltladen lie\u00df 100 Mangob\u00e4ume pflanzen Die philippinische Kinderschutzorganisation PREDA um Pater Shay Cullen k\u00e4mpft durch den Erl\u00f6s ihrer Mangoprodukte bereits seit einem halben Jahrhundert unerm\u00fcndlich f\u00fcr die Rechte von Kindern und Jugendlichen und f\u00f6rdert gemeinsam mit Welt-Partner den Fairen Handel. Der ganzheitliche&hellip;\" \/>\n<meta property=\"og:url\" content=\"https:\/\/weltlaeden.de\/schwaebisch-gmuend\/beitraege-archiv\/\" \/>\n<meta property=\"og:site_name\" content=\"Weltladen Schw\u00e4bisch Gm\u00fcnd\" \/>\n<meta property=\"article:modified_time\" content=\"2026-01-14T20:21:20+00:00\" \/>\n<meta property=\"og:image\" content=\"https:\/\/gmuenderweltladen.de\/images\/weltladen\/Bilder\/Beitraege\/2021_07_Bangladesch.jpg\" \/>\n<meta name=\"twitter:card\" content=\"summary_large_image\" \/>\n<meta name=\"twitter:label1\" content=\"Gesch\u00e4tzte Lesezeit\" \/>\n\t<meta name=\"twitter:data1\" content=\"27\u00a0Minuten\" \/>\n<script type=\"application\/ld+json\" class=\"yoast-schema-graph\">{\"@context\":\"https:\/\/schema.org\",\"@graph\":[{\"@type\":\"WebPage\",\"@id\":\"https:\/\/weltlaeden.de\/schwaebisch-gmuend\/beitraege-archiv\/\",\"url\":\"https:\/\/weltlaeden.de\/schwaebisch-gmuend\/beitraege-archiv\/\",\"name\":\"Beitr\u00e4ge - Archiv - Weltladen Schw\u00e4bisch Gm\u00fcnd\",\"isPartOf\":{\"@id\":\"https:\/\/weltlaeden.de\/schwaebisch-gmuend\/#website\"},\"primaryImageOfPage\":{\"@id\":\"https:\/\/weltlaeden.de\/schwaebisch-gmuend\/beitraege-archiv\/#primaryimage\"},\"image\":{\"@id\":\"https:\/\/weltlaeden.de\/schwaebisch-gmuend\/beitraege-archiv\/#primaryimage\"},\"thumbnailUrl\":\"https:\/\/gmuenderweltladen.de\/images\/weltladen\/Bilder\/Beitraege\/2021_07_Bangladesch.jpg\",\"datePublished\":\"2022-02-25T20:07:47+00:00\",\"dateModified\":\"2026-01-14T20:21:20+00:00\",\"breadcrumb\":{\"@id\":\"https:\/\/weltlaeden.de\/schwaebisch-gmuend\/beitraege-archiv\/#breadcrumb\"},\"inLanguage\":\"de\",\"potentialAction\":[{\"@type\":\"ReadAction\",\"target\":[\"https:\/\/weltlaeden.de\/schwaebisch-gmuend\/beitraege-archiv\/\"]}]},{\"@type\":\"ImageObject\",\"inLanguage\":\"de\",\"@id\":\"https:\/\/weltlaeden.de\/schwaebisch-gmuend\/beitraege-archiv\/#primaryimage\",\"url\":\"https:\/\/gmuenderweltladen.de\/images\/weltladen\/Bilder\/Beitraege\/2021_07_Bangladesch.jpg\",\"contentUrl\":\"https:\/\/gmuenderweltladen.de\/images\/weltladen\/Bilder\/Beitraege\/2021_07_Bangladesch.jpg\"},{\"@type\":\"BreadcrumbList\",\"@id\":\"https:\/\/weltlaeden.de\/schwaebisch-gmuend\/beitraege-archiv\/#breadcrumb\",\"itemListElement\":[{\"@type\":\"ListItem\",\"position\":1,\"name\":\"Startseite\",\"item\":\"https:\/\/weltlaeden.de\/schwaebisch-gmuend\/\"},{\"@type\":\"ListItem\",\"position\":2,\"name\":\"Beitr\u00e4ge &#8211; Archiv\"}]},{\"@type\":\"WebSite\",\"@id\":\"https:\/\/weltlaeden.de\/schwaebisch-gmuend\/#website\",\"url\":\"https:\/\/weltlaeden.de\/schwaebisch-gmuend\/\",\"name\":\"Weltladen Schw\u00e4bisch Gm\u00fcnd\",\"description\":\"Faire Produkte seit 1990\",\"potentialAction\":[{\"@type\":\"SearchAction\",\"target\":{\"@type\":\"EntryPoint\",\"urlTemplate\":\"https:\/\/weltlaeden.de\/schwaebisch-gmuend\/?s={search_term_string}\"},\"query-input\":{\"@type\":\"PropertyValueSpecification\",\"valueRequired\":true,\"valueName\":\"search_term_string\"}}],\"inLanguage\":\"de\"}]}<\/script>\n<!-- \/ Yoast SEO plugin. -->","yoast_head_json":{"title":"Beitr\u00e4ge - Archiv - Weltladen Schw\u00e4bisch Gm\u00fcnd","robots":{"index":"index","follow":"follow","max-snippet":"max-snippet:-1","max-image-preview":"max-image-preview:large","max-video-preview":"max-video-preview:-1"},"canonical":"https:\/\/weltlaeden.de\/schwaebisch-gmuend\/beitraege-archiv\/","og_locale":"de_DE","og_type":"article","og_title":"Beitr\u00e4ge - Archiv - Weltladen Schw\u00e4bisch Gm\u00fcnd","og_description":"[vc_row][vc_column][vc_column_text] Beitr\u00e4ge aus den zur\u00fcckliegenden Jahren [\/vc_column_text][\/vc_column][\/vc_row][vc_row][vc_column][vc_tabs interval=&#8220;0&#8243;][vc_tab title=&#8220;2024&#8243; tab_id=&#8220;1768421619104-9-0&#8243;][vc_column_text css=&#8220;&#8220;] Der Gm\u00fcnder Weltladen lie\u00df 100 Mangob\u00e4ume pflanzen Die philippinische Kinderschutzorganisation PREDA um Pater Shay Cullen k\u00e4mpft durch den Erl\u00f6s ihrer Mangoprodukte bereits seit einem halben Jahrhundert unerm\u00fcndlich f\u00fcr die Rechte von Kindern und Jugendlichen und f\u00f6rdert gemeinsam mit Welt-Partner den Fairen Handel. Der ganzheitliche&hellip;","og_url":"https:\/\/weltlaeden.de\/schwaebisch-gmuend\/beitraege-archiv\/","og_site_name":"Weltladen Schw\u00e4bisch Gm\u00fcnd","article_modified_time":"2026-01-14T20:21:20+00:00","og_image":[{"url":"https:\/\/gmuenderweltladen.de\/images\/weltladen\/Bilder\/Beitraege\/2021_07_Bangladesch.jpg","type":"","width":"","height":""}],"twitter_card":"summary_large_image","twitter_misc":{"Gesch\u00e4tzte Lesezeit":"27\u00a0Minuten"},"schema":{"@context":"https:\/\/schema.org","@graph":[{"@type":"WebPage","@id":"https:\/\/weltlaeden.de\/schwaebisch-gmuend\/beitraege-archiv\/","url":"https:\/\/weltlaeden.de\/schwaebisch-gmuend\/beitraege-archiv\/","name":"Beitr\u00e4ge - Archiv - Weltladen Schw\u00e4bisch Gm\u00fcnd","isPartOf":{"@id":"https:\/\/weltlaeden.de\/schwaebisch-gmuend\/#website"},"primaryImageOfPage":{"@id":"https:\/\/weltlaeden.de\/schwaebisch-gmuend\/beitraege-archiv\/#primaryimage"},"image":{"@id":"https:\/\/weltlaeden.de\/schwaebisch-gmuend\/beitraege-archiv\/#primaryimage"},"thumbnailUrl":"https:\/\/gmuenderweltladen.de\/images\/weltladen\/Bilder\/Beitraege\/2021_07_Bangladesch.jpg","datePublished":"2022-02-25T20:07:47+00:00","dateModified":"2026-01-14T20:21:20+00:00","breadcrumb":{"@id":"https:\/\/weltlaeden.de\/schwaebisch-gmuend\/beitraege-archiv\/#breadcrumb"},"inLanguage":"de","potentialAction":[{"@type":"ReadAction","target":["https:\/\/weltlaeden.de\/schwaebisch-gmuend\/beitraege-archiv\/"]}]},{"@type":"ImageObject","inLanguage":"de","@id":"https:\/\/weltlaeden.de\/schwaebisch-gmuend\/beitraege-archiv\/#primaryimage","url":"https:\/\/gmuenderweltladen.de\/images\/weltladen\/Bilder\/Beitraege\/2021_07_Bangladesch.jpg","contentUrl":"https:\/\/gmuenderweltladen.de\/images\/weltladen\/Bilder\/Beitraege\/2021_07_Bangladesch.jpg"},{"@type":"BreadcrumbList","@id":"https:\/\/weltlaeden.de\/schwaebisch-gmuend\/beitraege-archiv\/#breadcrumb","itemListElement":[{"@type":"ListItem","position":1,"name":"Startseite","item":"https:\/\/weltlaeden.de\/schwaebisch-gmuend\/"},{"@type":"ListItem","position":2,"name":"Beitr\u00e4ge &#8211; Archiv"}]},{"@type":"WebSite","@id":"https:\/\/weltlaeden.de\/schwaebisch-gmuend\/#website","url":"https:\/\/weltlaeden.de\/schwaebisch-gmuend\/","name":"Weltladen Schw\u00e4bisch Gm\u00fcnd","description":"Faire Produkte seit 1990","potentialAction":[{"@type":"SearchAction","target":{"@type":"EntryPoint","urlTemplate":"https:\/\/weltlaeden.de\/schwaebisch-gmuend\/?s={search_term_string}"},"query-input":{"@type":"PropertyValueSpecification","valueRequired":true,"valueName":"search_term_string"}}],"inLanguage":"de"}]}},"_links":{"self":[{"href":"https:\/\/weltlaeden.de\/schwaebisch-gmuend\/wp-json\/wp\/v2\/pages\/622","targetHints":{"allow":["GET"]}}],"collection":[{"href":"https:\/\/weltlaeden.de\/schwaebisch-gmuend\/wp-json\/wp\/v2\/pages"}],"about":[{"href":"https:\/\/weltlaeden.de\/schwaebisch-gmuend\/wp-json\/wp\/v2\/types\/page"}],"author":[{"embeddable":true,"href":"https:\/\/weltlaeden.de\/schwaebisch-gmuend\/wp-json\/wp\/v2\/users\/265"}],"replies":[{"embeddable":true,"href":"https:\/\/weltlaeden.de\/schwaebisch-gmuend\/wp-json\/wp\/v2\/comments?post=622"}],"version-history":[{"count":17,"href":"https:\/\/weltlaeden.de\/schwaebisch-gmuend\/wp-json\/wp\/v2\/pages\/622\/revisions"}],"predecessor-version":[{"id":1295,"href":"https:\/\/weltlaeden.de\/schwaebisch-gmuend\/wp-json\/wp\/v2\/pages\/622\/revisions\/1295"}],"wp:attachment":[{"href":"https:\/\/weltlaeden.de\/schwaebisch-gmuend\/wp-json\/wp\/v2\/media?parent=622"}],"curies":[{"name":"wp","href":"https:\/\/api.w.org\/{rel}","templated":true}]}}