{"id":361,"date":"2018-04-05T09:52:53","date_gmt":"2018-04-05T07:52:53","guid":{"rendered":"https:\/\/weltlaeden.de\/schwaebisch-gmuend\/?page_id=361"},"modified":"2021-08-27T11:13:18","modified_gmt":"2021-08-27T09:13:18","slug":"neuigkeiten","status":"publish","type":"page","link":"https:\/\/weltlaeden.de\/schwaebisch-gmuend\/neuigkeiten\/","title":{"rendered":"Neuigkeiten"},"content":{"rendered":"<div class=\"wpb-content-wrapper\"><p>[vc_row][vc_column][vc_column_text]<\/p>\n<h1>Neuigkeiten<\/h1>\n<p>[\/vc_column_text]<style type=\"text\/css\" data-type=\"the7_shortcodes-inline-css\">.blog-shortcode.blog-masonry-shortcode-id-0ddd336bd86344bdbd47db493b51c1fd.dividers-on.classic-layout-list article {\n  padding-top: 0;\n}\n.blog-shortcode.blog-masonry-shortcode-id-0ddd336bd86344bdbd47db493b51c1fd.dividers-on.classic-layout-list article:first-of-type {\n  margin-top: 0;\n  padding-top: 0;\n}\n.blog-shortcode.blog-masonry-shortcode-id-0ddd336bd86344bdbd47db493b51c1fd.classic-layout-list.mode-list .post-entry-content {\n  width: calc(100% - );\n}\n.blog-shortcode.blog-masonry-shortcode-id-0ddd336bd86344bdbd47db493b51c1fd.classic-layout-list.mode-list .no-img .post-entry-content {\n  width: 100%;\n}\n.blog-shortcode.blog-masonry-shortcode-id-0ddd336bd86344bdbd47db493b51c1fd .filter-bg-decoration .filter-categories a.act {\n  color: #fff;\n}\n.blog-shortcode.blog-masonry-shortcode-id-0ddd336bd86344bdbd47db493b51c1fd:not(.mode-masonry) article:first-of-type,\n.blog-shortcode.blog-masonry-shortcode-id-0ddd336bd86344bdbd47db493b51c1fd:not(.mode-masonry) article.visible.first:not(.product) {\n  margin-top: 0;\n}\n.blog-shortcode.blog-masonry-shortcode-id-0ddd336bd86344bdbd47db493b51c1fd.dividers-on:not(.mode-masonry) article {\n  margin-top: 0;\n}\n.blog-shortcode.blog-masonry-shortcode-id-0ddd336bd86344bdbd47db493b51c1fd.dividers-on:not(.mode-masonry) article:first-of-type,\n.blog-shortcode.blog-masonry-shortcode-id-0ddd336bd86344bdbd47db493b51c1fd.dividers-on:not(.mode-masonry) article.visible.first:not(.product) {\n  margin-top: 0;\n  padding-top: 0;\n}\n.blog-shortcode.blog-masonry-shortcode-id-0ddd336bd86344bdbd47db493b51c1fd .post-thumbnail-wrap {\n  padding: 0px 0px 0px 0px;\n}\n.blog-shortcode.blog-masonry-shortcode-id-0ddd336bd86344bdbd47db493b51c1fd.enable-bg-rollover .post-thumbnail-rollover:after {\n  background: -webkit-linear-gradient();\n  background: linear-gradient();\n}\n.blog-shortcode.blog-masonry-shortcode-id-0ddd336bd86344bdbd47db493b51c1fd .gallery-zoom-ico {\n  width: 44px;\n  height: 44px;\n  line-height: 44px;\n  border-radius: 100px;\n  margin: -22px 0 0 -22px;\n  border-width: 0px;\n  color: #ffffff;\n}\n.bottom-overlap-layout-list.blog-shortcode.blog-masonry-shortcode-id-0ddd336bd86344bdbd47db493b51c1fd .gallery-zoom-ico {\n  margin-top: -72px;\n}\n.gradient-overlay-layout-list.blog-shortcode.blog-masonry-shortcode-id-0ddd336bd86344bdbd47db493b51c1fd .gallery-zoom-ico,\n.content-rollover-layout-list.blog-shortcode.blog-masonry-shortcode-id-0ddd336bd86344bdbd47db493b51c1fd .gallery-zoom-ico {\n  margin: 0 0 10px;\n}\n.content-align-center.gradient-overlay-layout-list.blog-shortcode.blog-masonry-shortcode-id-0ddd336bd86344bdbd47db493b51c1fd .gallery-zoom-ico,\n.content-align-center.content-rollover-layout-list.blog-shortcode.blog-masonry-shortcode-id-0ddd336bd86344bdbd47db493b51c1fd .gallery-zoom-ico {\n  margin: 0 auto 10px;\n}\n.dt-icon-bg-on.blog-shortcode.blog-masonry-shortcode-id-0ddd336bd86344bdbd47db493b51c1fd .gallery-zoom-ico {\n  background: rgba(255,255,255,0.3);\n  box-shadow: none;\n}\n.blog-shortcode.blog-masonry-shortcode-id-0ddd336bd86344bdbd47db493b51c1fd .gallery-zoom-ico > span,\n.blog-shortcode.blog-masonry-shortcode-id-0ddd336bd86344bdbd47db493b51c1fd .gallery-zoom-ico:before {\n  font-size: 32px;\n  line-height: 44px;\n}\n.blog-shortcode.blog-masonry-shortcode-id-0ddd336bd86344bdbd47db493b51c1fd .gallery-zoom-ico > span,\n.blog-shortcode.blog-masonry-shortcode-id-0ddd336bd86344bdbd47db493b51c1fd .gallery-zoom-ico:before {\n  color: #ffffff;\n}\n.blog-shortcode.blog-masonry-shortcode-id-0ddd336bd86344bdbd47db493b51c1fd .entry-title,\n.blog-shortcode.blog-masonry-shortcode-id-0ddd336bd86344bdbd47db493b51c1fd.owl-carousel .entry-title {\n  margin-bottom: 5px;\n  font-weight: bold;\n}\n.blog-shortcode.blog-masonry-shortcode-id-0ddd336bd86344bdbd47db493b51c1fd .entry-meta {\n  margin-bottom: 15px;\n}\n.blog-shortcode.blog-masonry-shortcode-id-0ddd336bd86344bdbd47db493b51c1fd .portfolio-categories {\n  margin-bottom: 15px;\n}\n.blog-shortcode.blog-masonry-shortcode-id-0ddd336bd86344bdbd47db493b51c1fd .entry-excerpt {\n  margin-bottom: 5px;\n}\n.blog-shortcode.blog-masonry-shortcode-id-0ddd336bd86344bdbd47db493b51c1fd:not(.centered-layout-list) .post-entry-content {\n  padding: 25px 30px 30px 30px;\n}\n.blog-shortcode.blog-masonry-shortcode-id-0ddd336bd86344bdbd47db493b51c1fd:not(.centered-layout-list):not(.content-bg-on):not(.mode-list) .no-img .post-entry-content {\n  padding: 0;\n}\n@media screen and (max-width: ) {\n  .blog-shortcode.blog-masonry-shortcode-id-0ddd336bd86344bdbd47db493b51c1fd article {\n    -ms-flex-flow: column nowrap;\n    flex-flow: column nowrap;\n    margin-top: 20px;\n  }\n  .blog-shortcode.blog-masonry-shortcode-id-0ddd336bd86344bdbd47db493b51c1fd.dividers-on article {\n    border: none;\n  }\n  .blog-shortcode.blog-masonry-shortcode-id-0ddd336bd86344bdbd47db493b51c1fd.content-bg-on.centered-layout-list article {\n    padding: 0;\n  }\n  .blog-shortcode.blog-masonry-shortcode-id-0ddd336bd86344bdbd47db493b51c1fd.blog-shortcode.dividers-on article,\n  .blog-shortcode.blog-masonry-shortcode-id-0ddd336bd86344bdbd47db493b51c1fd.dividers-on.classic-layout-list article {\n    margin-top: 20px;\n    padding: 0;\n  }\n  .blog-shortcode.blog-masonry-shortcode-id-0ddd336bd86344bdbd47db493b51c1fd.blog-shortcode.dividers-on article:first-of-type,\n  .blog-shortcode.blog-masonry-shortcode-id-0ddd336bd86344bdbd47db493b51c1fd.dividers-on.classic-layout-list article:first-of-type {\n    padding: 0;\n  }\n  #page .blog-shortcode.blog-masonry-shortcode-id-0ddd336bd86344bdbd47db493b51c1fd .post-thumbnail-wrap,\n  #page .blog-shortcode.blog-masonry-shortcode-id-0ddd336bd86344bdbd47db493b51c1fd .post-entry-content {\n    width: 100%;\n    margin: 0;\n    top: 0;\n  }\n  #page .blog-shortcode.blog-masonry-shortcode-id-0ddd336bd86344bdbd47db493b51c1fd .post-thumbnail-wrap {\n    padding: 0;\n  }\n  #page .blog-shortcode.blog-masonry-shortcode-id-0ddd336bd86344bdbd47db493b51c1fd .post-entry-content:after {\n    display: none;\n  }\n  #page .blog-shortcode.blog-masonry-shortcode-id-0ddd336bd86344bdbd47db493b51c1fd .project-even .post-thumbnail-wrap,\n  #page .blog-shortcode.blog-masonry-shortcode-id-0ddd336bd86344bdbd47db493b51c1fd.centered-layout-list .post-thumbnail-wrap {\n    -ms-flex-order: 0;\n    order: 0;\n  }\n  #page .blog-shortcode.blog-masonry-shortcode-id-0ddd336bd86344bdbd47db493b51c1fd.centered-layout-list .post-entry-title-content {\n    -ms-flex-order: 1;\n    order: 1;\n    width: 100%;\n    padding: 20px 20px 0;\n  }\n  #page .blog-shortcode.blog-masonry-shortcode-id-0ddd336bd86344bdbd47db493b51c1fd.centered-layout-list .post-entry-content {\n    -ms-flex-order: 2;\n    order: 2;\n    padding-top: 0;\n  }\n  #page .blog-shortcode.blog-masonry-shortcode-id-0ddd336bd86344bdbd47db493b51c1fd .fancy-categories {\n    top: 10px;\n    left: 10px;\n    bottom: auto;\n    right: auto;\n  }\n  #page .blog-shortcode.blog-masonry-shortcode-id-0ddd336bd86344bdbd47db493b51c1fd .fancy-date a {\n    top: 10px;\n    right: 10px;\n    left: auto;\n    bottom: auto;\n  }\n  #page .blog-shortcode.blog-masonry-shortcode-id-0ddd336bd86344bdbd47db493b51c1fd .post-entry-content {\n    padding: 20px;\n  }\n  #page .blog-shortcode.blog-masonry-shortcode-id-0ddd336bd86344bdbd47db493b51c1fd .entry-title {\n    margin: 3px 0 5px;\n    font-size: 20px;\n    line-height: 26px;\n  }\n  #page .blog-shortcode.blog-masonry-shortcode-id-0ddd336bd86344bdbd47db493b51c1fd .entry-meta {\n    margin: 5px 0 5px;\n  }\n  #page .blog-shortcode.blog-masonry-shortcode-id-0ddd336bd86344bdbd47db493b51c1fd .entry-excerpt {\n    margin: 15px 0 0;\n  }\n  #page .blog-shortcode.blog-masonry-shortcode-id-0ddd336bd86344bdbd47db493b51c1fd .post-details {\n    margin: 5px 0 10px;\n  }\n  #page .blog-shortcode.blog-masonry-shortcode-id-0ddd336bd86344bdbd47db493b51c1fd .post-details.details-type-link {\n    margin-bottom: 2px;\n  }\n}<\/style><div class=\"blog-shortcode blog-masonry-shortcode-id-0ddd336bd86344bdbd47db493b51c1fd mode-masonry classic-layout-list content-bg-on scale-img dt-icon-bg-off resize-by-browser-width loading-effect-none description-under-image \" data-padding=\"15px\" data-cur-page=\"1\" data-post-limit=\"-1\" data-pagination-mode=\"pages\" data-desktop-columns-num=\"2\" data-v-tablet-columns-num=\"1\" data-h-tablet-columns-num=\"2\" data-phone-columns-num=\"1\" data-width=\"0px\" data-columns=\"0\"><div class=\"iso-container\" ><div class=\"visible wf-cell iso-item\" data-post-id=\"1256\" data-date=\"2025-10-09T11:12:44+02:00\" data-name=\"Mitarbeiterausflug zu N\u00fcrtinger Welthaus\"><article class=\"post project-odd visible no-img post-1256 type-post status-publish format-standard hentry category-allgemein category-1\" data-name=\"Mitarbeiterausflug zu N\u00fcrtinger Welthaus\" data-date=\"2025-10-09T11:12:44+02:00\">\n\n<div class=\"post-entry-content\">\n\n\t<h3 class=\"entry-title\">\n\t\t<a href=\"https:\/\/weltlaeden.de\/schwaebisch-gmuend\/mitarbeiterausflug-zu-nuertinger-welthaus\/\" title=\"Mitarbeiterausflug zu N\u00fcrtinger Welthaus\" rel=\"bookmark\">Mitarbeiterausflug zu N\u00fcrtinger Welthaus<\/a>\n\t<\/h3>\n\n\t<div class=\"entry-meta\"><a href=\"https:\/\/weltlaeden.de\/schwaebisch-gmuend\/2025\/10\/09\/\" title=\"11:12\" class=\"data-link\" rel=\"bookmark\"><time class=\"entry-date updated\" datetime=\"2025-10-09T11:12:44+02:00\">9. Oktober 2025<\/time><\/a><\/div>\n\t<div class=\"entry-excerpt\"><p>Der Mitarbeiterausflug f\u00fchrte in diesem Jahr die Teilnehmer in das malerische St\u00e4dtchen N\u00fcrtingen am Neckar mit dem Stadtbalkon und mehreren Restaurants. Besonders interessant war die F\u00fchrung durch das zukunftsweisende Welthaus, das nicht nur den Weltladen beherbergt, sondern auch eine Weltk\u00fcche f\u00fcr vielf\u00e4ltige Angebote zu Nachhaltigkeit und fairem Handel. Mit vielen Informationen und Inspirationen ging es&hellip;<\/p>\n<\/div>\n\t\n<a href=\"https:\/\/weltlaeden.de\/schwaebisch-gmuend\/mitarbeiterausflug-zu-nuertinger-welthaus\/\" class=\"dt-btn-s dt-btn post-details details-type-btn\" aria-label=\"Read more about Mitarbeiterausflug zu N\u00fcrtinger Welthaus\">Weiterlesen<i class=\"dt-icon-the7-arrow-03\" aria-hidden=\"true\"><\/i><\/a>\n\n<\/div><\/article><\/div><div class=\"visible wf-cell iso-item\" data-post-id=\"1242\" data-date=\"2025-09-07T19:47:33+02:00\" data-name=\"\u201eGEMEINSAM DIE VIELFALT DES FAIREN HANDELS ENTDECKEN!\u201c\"><article class=\"post project-odd visible no-img post-1242 type-post status-publish format-standard hentry category-allgemein category-1\" data-name=\"\u201eGEMEINSAM DIE VIELFALT DES FAIREN HANDELS ENTDECKEN!\u201c\" data-date=\"2025-09-07T19:47:33+02:00\">\n\n<div class=\"post-entry-content\">\n\n\t<h3 class=\"entry-title\">\n\t\t<a href=\"https:\/\/weltlaeden.de\/schwaebisch-gmuend\/gemeinsam-die-vielfalt-des-fairen-handels-entdecken\/\" title=\"\u201eGEMEINSAM DIE VIELFALT DES FAIREN HANDELS ENTDECKEN!\u201c\" rel=\"bookmark\">\u201eGEMEINSAM DIE VIELFALT DES FAIREN HANDELS ENTDECKEN!\u201c<\/a>\n\t<\/h3>\n\n\t<div class=\"entry-meta\"><a href=\"https:\/\/weltlaeden.de\/schwaebisch-gmuend\/2025\/09\/07\/\" title=\"19:47\" class=\"data-link\" rel=\"bookmark\"><time class=\"entry-date updated\" datetime=\"2025-09-07T19:47:33+02:00\">7. September 2025<\/time><\/a><\/div>\n\t<div class=\"entry-excerpt\"><p>\u201eGEMEINSAM DIE VIELFALT DES FAIREN HANDELS ENTDECKEN!\u201c So lautet das Motto der diesj\u00e4hrigen Fairen Woche. Hinter jedem fair gehandelten Produkt stehen Menschen mit ihren Geschichten, Erfahrungen und Herausforderungen. Fairer Handel f\u00f6rdert die Entwicklung von Kleinbauern und ihren Familien, unterst\u00fctzt innovative Ans\u00e4tze und st\u00e4rkt den Dialog. Der faire Handel lebt von dem Engagement vieler, meist ehrenamtlich&hellip;<\/p>\n<\/div>\n\t\n<a href=\"https:\/\/weltlaeden.de\/schwaebisch-gmuend\/gemeinsam-die-vielfalt-des-fairen-handels-entdecken\/\" class=\"dt-btn-s dt-btn post-details details-type-btn\" aria-label=\"Read more about \u201eGEMEINSAM DIE VIELFALT DES FAIREN HANDELS ENTDECKEN!\u201c\">Weiterlesen<i class=\"dt-icon-the7-arrow-03\" aria-hidden=\"true\"><\/i><\/a>\n\n<\/div><\/article><\/div><div class=\"visible wf-cell iso-item\" data-post-id=\"1233\" data-date=\"2025-07-31T09:28:40+02:00\" data-name=\"Gm\u00fcnds Weltladen auf Instagram\"><article class=\"post project-odd visible no-img post-1233 type-post status-publish format-standard hentry category-allgemein category-1\" data-name=\"Gm\u00fcnds Weltladen auf Instagram\" data-date=\"2025-07-31T09:28:40+02:00\">\n\n<div class=\"post-entry-content\">\n\n\t<h3 class=\"entry-title\">\n\t\t<a href=\"https:\/\/weltlaeden.de\/schwaebisch-gmuend\/gmuends-weltladen-auf-instatagram\/\" title=\"Gm\u00fcnds Weltladen auf Instagram\" rel=\"bookmark\">Gm\u00fcnds Weltladen auf Instagram<\/a>\n\t<\/h3>\n\n\t<div class=\"entry-meta\"><a href=\"https:\/\/weltlaeden.de\/schwaebisch-gmuend\/2025\/07\/31\/\" title=\"9:28\" class=\"data-link\" rel=\"bookmark\"><time class=\"entry-date updated\" datetime=\"2025-07-31T09:28:40+02:00\">31. Juli 2025<\/time><\/a><\/div>\n\t<div class=\"entry-excerpt\"><p>Eine Design-Studentin aus China arbeitet im Gm\u00fcnder Weltladen mit \u2013 damit das Gesch\u00e4ft mit seinen Produkten sich auch im Netz zeitgem\u00e4\u00df pr\u00e4sentiert. Eine junge Helferin im Freiwilligen Sozialen Jahr? W\u00e4re sch\u00f6n, aber\u00a0Gm\u00fcnds Weltladen\u00a0kann sich\u00a0einen FSJler auf Dauer finanziell nicht leisten. Yingxun Li, Studentin aus China, bekommt kein Taschengeld bezahlt und hilft trotzdem mit im Laden&hellip;<\/p>\n<\/div>\n\t\n<a href=\"https:\/\/weltlaeden.de\/schwaebisch-gmuend\/gmuends-weltladen-auf-instatagram\/\" class=\"dt-btn-s dt-btn post-details details-type-btn\" aria-label=\"Read more about Gm\u00fcnds Weltladen auf Instagram\">Weiterlesen<i class=\"dt-icon-the7-arrow-03\" aria-hidden=\"true\"><\/i><\/a>\n\n<\/div><\/article><\/div><div class=\"visible wf-cell iso-item\" data-post-id=\"1215\" data-date=\"2025-07-10T14:18:43+02:00\" data-name=\"50 Jahre Weltladen Dachverband e.V.\"><article class=\"post project-odd visible no-img post-1215 type-post status-publish format-standard hentry category-allgemein category-1\" data-name=\"50 Jahre Weltladen Dachverband e.V.\" data-date=\"2025-07-10T14:18:43+02:00\">\n\n<div class=\"post-entry-content\">\n\n\t<h3 class=\"entry-title\">\n\t\t<a href=\"https:\/\/weltlaeden.de\/schwaebisch-gmuend\/50-jahre-weltladen-dachverband-e-v\/\" title=\"50 Jahre Weltladen Dachverband e.V.\" rel=\"bookmark\">50 Jahre Weltladen Dachverband e.V.<\/a>\n\t<\/h3>\n\n\t<div class=\"entry-meta\"><a href=\"https:\/\/weltlaeden.de\/schwaebisch-gmuend\/2025\/07\/10\/\" title=\"14:18\" class=\"data-link\" rel=\"bookmark\"><time class=\"entry-date updated\" datetime=\"2025-07-10T14:18:43+02:00\">10. Juli 2025<\/time><\/a><\/div>\n\t<div class=\"entry-excerpt\"><p>Der Weltladen Dachverband e.V. ist seit 50 Jahren ein zentraler Akteur des Fairen Handels in Deutschland. Er wurde 1975 als \u201eArbeitsgemeinschaft der Dritte Welt L\u00e4den&#8220; (AG3WL) gegr\u00fcndet und ist die Interessenvertretung der Weltl\u00e4den in Deutschland. Er f\u00f6rdert die Arbeit seiner rund 480 Mitglieder, aber auch der nicht im Dachverband organisierten Weltl\u00e4den und setzt sich f\u00fcr&hellip;<\/p>\n<\/div>\n\t\n<a href=\"https:\/\/weltlaeden.de\/schwaebisch-gmuend\/50-jahre-weltladen-dachverband-e-v\/\" class=\"dt-btn-s dt-btn post-details details-type-btn\" aria-label=\"Read more about 50 Jahre Weltladen Dachverband e.V.\">Weiterlesen<i class=\"dt-icon-the7-arrow-03\" aria-hidden=\"true\"><\/i><\/a>\n\n<\/div><\/article><\/div><div class=\"visible wf-cell iso-item\" data-post-id=\"1204\" data-date=\"2025-06-26T14:28:34+02:00\" data-name=\"Soziale Woche im Weltladen Schw\u00e4bisch Gm\u00fcnd\"><article class=\"post project-odd visible no-img post-1204 type-post status-publish format-standard hentry category-allgemein category-1\" data-name=\"Soziale Woche im Weltladen Schw\u00e4bisch Gm\u00fcnd\" data-date=\"2025-06-26T14:28:34+02:00\">\n\n<div class=\"post-entry-content\">\n\n\t<h3 class=\"entry-title\">\n\t\t<a href=\"https:\/\/weltlaeden.de\/schwaebisch-gmuend\/soziale-woche-im-weltladen-schwaebisch-gmuend\/\" title=\"Soziale Woche im Weltladen Schw\u00e4bisch Gm\u00fcnd\" rel=\"bookmark\">Soziale Woche im Weltladen Schw\u00e4bisch Gm\u00fcnd<\/a>\n\t<\/h3>\n\n\t<div class=\"entry-meta\"><a href=\"https:\/\/weltlaeden.de\/schwaebisch-gmuend\/2025\/06\/26\/\" title=\"14:28\" class=\"data-link\" rel=\"bookmark\"><time class=\"entry-date updated\" datetime=\"2025-06-26T14:28:34+02:00\">26. Juni 2025<\/time><\/a><\/div>\n\t<div class=\"entry-excerpt\"><p>In Weltladen Schw\u00e4bisch Gm\u00fcnd leisten zurzeit zwei Auszubildende der Robert Bosch Automotive Steering GmbH, Schw\u00e4bisch Gm\u00fcnd eine &#8222;Soziale Woche&#8220; ab. Die Projektidee stammt urspr\u00fcnglich von den Auszubildenden und Studierenden selbst, sie k\u00f6nnen sich im Geiste des Unternehmensgr\u00fcnders engagieren und bekommen daf\u00fcr f\u00fcr eine \u00bbSoziale Woche\u00ab frei. Zwei Auszubildende haben sich mit dem Wunsch gemeldet, sich&hellip;<\/p>\n<\/div>\n\t\n<a href=\"https:\/\/weltlaeden.de\/schwaebisch-gmuend\/soziale-woche-im-weltladen-schwaebisch-gmuend\/\" class=\"dt-btn-s dt-btn post-details details-type-btn\" aria-label=\"Read more about Soziale Woche im Weltladen Schw\u00e4bisch Gm\u00fcnd\">Weiterlesen<i class=\"dt-icon-the7-arrow-03\" aria-hidden=\"true\"><\/i><\/a>\n\n<\/div><\/article><\/div><div class=\"visible wf-cell iso-item\" data-post-id=\"1197\" data-date=\"2025-06-01T16:43:22+02:00\" data-name=\"Besuch aus dem Vaihinger Weltladen\"><article class=\"post project-odd visible no-img post-1197 type-post status-publish format-standard hentry category-allgemein category-1\" data-name=\"Besuch aus dem Vaihinger Weltladen\" data-date=\"2025-06-01T16:43:22+02:00\">\n\n<div class=\"post-entry-content\">\n\n\t<h3 class=\"entry-title\">\n\t\t<a href=\"https:\/\/weltlaeden.de\/schwaebisch-gmuend\/besuch-aus-dem-vaihinger-weltladen\/\" title=\"Besuch aus dem Vaihinger Weltladen\" rel=\"bookmark\">Besuch aus dem Vaihinger Weltladen<\/a>\n\t<\/h3>\n\n\t<div class=\"entry-meta\"><a href=\"https:\/\/weltlaeden.de\/schwaebisch-gmuend\/2025\/06\/01\/\" title=\"16:43\" class=\"data-link\" rel=\"bookmark\"><time class=\"entry-date updated\" datetime=\"2025-06-01T16:43:22+02:00\">1. Juni 2025<\/time><\/a><\/div>\n\t<div class=\"entry-excerpt\"><p>Am Samstag, 31.05.2025, besuchte uns das Team des Vaihinger Weltladens. Nach einem Sektempfang bei herrlichem Sonnenschein vor dem Laden ging es um Fachgespr\u00e4che: &#8211; Bei welchen Lieferanten wird gekauft? &#8211; Wer entscheidet \u00fcber das Sortiment? &#8211; Wie oft tagen die Teams? &#8211; Wie entwickelt sich der Umsatz? Es war ein bereichernder Vormittag, der nach einem&hellip;<\/p>\n<\/div>\n\t\n<a href=\"https:\/\/weltlaeden.de\/schwaebisch-gmuend\/besuch-aus-dem-vaihinger-weltladen\/\" class=\"dt-btn-s dt-btn post-details details-type-btn\" aria-label=\"Read more about Besuch aus dem Vaihinger Weltladen\">Weiterlesen<i class=\"dt-icon-the7-arrow-03\" aria-hidden=\"true\"><\/i><\/a>\n\n<\/div><\/article><\/div><div class=\"visible wf-cell iso-item\" data-post-id=\"1184\" data-date=\"2025-05-10T08:33:54+02:00\" data-name=\"Weltladentag 2025\"><article class=\"post project-odd visible no-img post-1184 type-post status-publish format-standard hentry category-allgemein category-1\" data-name=\"Weltladentag 2025\" data-date=\"2025-05-10T08:33:54+02:00\">\n\n<div class=\"post-entry-content\">\n\n\t<h3 class=\"entry-title\">\n\t\t<a href=\"https:\/\/weltlaeden.de\/schwaebisch-gmuend\/weltladentag-2025\/\" title=\"Weltladentag 2025\" rel=\"bookmark\">Weltladentag 2025<\/a>\n\t<\/h3>\n\n\t<div class=\"entry-meta\"><a href=\"https:\/\/weltlaeden.de\/schwaebisch-gmuend\/2025\/05\/10\/\" title=\"8:33\" class=\"data-link\" rel=\"bookmark\"><time class=\"entry-date updated\" datetime=\"2025-05-10T08:33:54+02:00\">10. Mai 2025<\/time><\/a><\/div>\n\t<div class=\"entry-excerpt\"><p>Faire Schokolade trotzt dem Klimawandel Verdorrte Kakaob\u00e4ume, schmelzende Pole und ein einsamer Eisb\u00e4r auf einer verbliebenen Eisscholle, so erkl\u00e4ren Ehrenamtliche des Weltladens das aktuelle Thema des bundesweiten Weltladentages, der faire Schokolade in den Mittelpunkt r\u00fcckt. \u201eSchoki f\u00fcrs Klima? Kauf ich euch ab!\u201c Zwei Ehrenamtliche im Eisb\u00e4rkost\u00fcm geben unerm\u00fcdlich Auskunft, wie die faire Schokolade dem Klimawandel&hellip;<\/p>\n<\/div>\n\t\n<a href=\"https:\/\/weltlaeden.de\/schwaebisch-gmuend\/weltladentag-2025\/\" class=\"dt-btn-s dt-btn post-details details-type-btn\" aria-label=\"Read more about Weltladentag 2025\">Weiterlesen<i class=\"dt-icon-the7-arrow-03\" aria-hidden=\"true\"><\/i><\/a>\n\n<\/div><\/article><\/div><\/div><!-- iso-container|iso-grid --><\/div>[\/vc_column][\/vc_row]<\/p>\n<\/div>","protected":false},"excerpt":{"rendered":"<p>[vc_row][vc_column][vc_column_text] Neuigkeiten [\/vc_column_text][\/vc_column][\/vc_row]<\/p>\n","protected":false},"author":1,"featured_media":0,"parent":0,"menu_order":4,"comment_status":"closed","ping_status":"closed","template":"","meta":{"footnotes":""},"class_list":["post-361","page","type-page","status-publish","hentry","description-off"],"yoast_head":"<!-- This site is optimized with the Yoast SEO plugin v26.8 - https:\/\/yoast.com\/product\/yoast-seo-wordpress\/ -->\n<title>Neuigkeiten - Weltladen Schw\u00e4bisch Gm\u00fcnd<\/title>\n<meta name=\"robots\" content=\"index, follow, max-snippet:-1, max-image-preview:large, max-video-preview:-1\" \/>\n<link rel=\"canonical\" href=\"https:\/\/weltlaeden.de\/schwaebisch-gmuend\/neuigkeiten\/\" \/>\n<meta property=\"og:locale\" content=\"de_DE\" \/>\n<meta property=\"og:type\" content=\"article\" \/>\n<meta property=\"og:title\" content=\"Neuigkeiten - Weltladen Schw\u00e4bisch Gm\u00fcnd\" \/>\n<meta property=\"og:description\" content=\"[vc_row][vc_column][vc_column_text] Neuigkeiten [\/vc_column_text][\/vc_column][\/vc_row]\" \/>\n<meta property=\"og:url\" content=\"https:\/\/weltlaeden.de\/schwaebisch-gmuend\/neuigkeiten\/\" \/>\n<meta property=\"og:site_name\" content=\"Weltladen Schw\u00e4bisch Gm\u00fcnd\" \/>\n<meta property=\"article:modified_time\" content=\"2021-08-27T09:13:18+00:00\" \/>\n<meta name=\"twitter:card\" content=\"summary_large_image\" \/>\n<script type=\"application\/ld+json\" class=\"yoast-schema-graph\">{\"@context\":\"https:\/\/schema.org\",\"@graph\":[{\"@type\":\"WebPage\",\"@id\":\"https:\/\/weltlaeden.de\/schwaebisch-gmuend\/neuigkeiten\/\",\"url\":\"https:\/\/weltlaeden.de\/schwaebisch-gmuend\/neuigkeiten\/\",\"name\":\"Neuigkeiten - Weltladen Schw\u00e4bisch Gm\u00fcnd\",\"isPartOf\":{\"@id\":\"https:\/\/weltlaeden.de\/schwaebisch-gmuend\/#website\"},\"datePublished\":\"2018-04-05T07:52:53+00:00\",\"dateModified\":\"2021-08-27T09:13:18+00:00\",\"breadcrumb\":{\"@id\":\"https:\/\/weltlaeden.de\/schwaebisch-gmuend\/neuigkeiten\/#breadcrumb\"},\"inLanguage\":\"de\",\"potentialAction\":[{\"@type\":\"ReadAction\",\"target\":[\"https:\/\/weltlaeden.de\/schwaebisch-gmuend\/neuigkeiten\/\"]}]},{\"@type\":\"BreadcrumbList\",\"@id\":\"https:\/\/weltlaeden.de\/schwaebisch-gmuend\/neuigkeiten\/#breadcrumb\",\"itemListElement\":[{\"@type\":\"ListItem\",\"position\":1,\"name\":\"Startseite\",\"item\":\"https:\/\/weltlaeden.de\/schwaebisch-gmuend\/\"},{\"@type\":\"ListItem\",\"position\":2,\"name\":\"Neuigkeiten\"}]},{\"@type\":\"WebSite\",\"@id\":\"https:\/\/weltlaeden.de\/schwaebisch-gmuend\/#website\",\"url\":\"https:\/\/weltlaeden.de\/schwaebisch-gmuend\/\",\"name\":\"Weltladen Schw\u00e4bisch Gm\u00fcnd\",\"description\":\"Faire Produkte seit 1990\",\"potentialAction\":[{\"@type\":\"SearchAction\",\"target\":{\"@type\":\"EntryPoint\",\"urlTemplate\":\"https:\/\/weltlaeden.de\/schwaebisch-gmuend\/?s={search_term_string}\"},\"query-input\":{\"@type\":\"PropertyValueSpecification\",\"valueRequired\":true,\"valueName\":\"search_term_string\"}}],\"inLanguage\":\"de\"}]}<\/script>\n<!-- \/ Yoast SEO plugin. -->","yoast_head_json":{"title":"Neuigkeiten - Weltladen Schw\u00e4bisch Gm\u00fcnd","robots":{"index":"index","follow":"follow","max-snippet":"max-snippet:-1","max-image-preview":"max-image-preview:large","max-video-preview":"max-video-preview:-1"},"canonical":"https:\/\/weltlaeden.de\/schwaebisch-gmuend\/neuigkeiten\/","og_locale":"de_DE","og_type":"article","og_title":"Neuigkeiten - Weltladen Schw\u00e4bisch Gm\u00fcnd","og_description":"[vc_row][vc_column][vc_column_text] Neuigkeiten [\/vc_column_text][\/vc_column][\/vc_row]","og_url":"https:\/\/weltlaeden.de\/schwaebisch-gmuend\/neuigkeiten\/","og_site_name":"Weltladen Schw\u00e4bisch Gm\u00fcnd","article_modified_time":"2021-08-27T09:13:18+00:00","twitter_card":"summary_large_image","schema":{"@context":"https:\/\/schema.org","@graph":[{"@type":"WebPage","@id":"https:\/\/weltlaeden.de\/schwaebisch-gmuend\/neuigkeiten\/","url":"https:\/\/weltlaeden.de\/schwaebisch-gmuend\/neuigkeiten\/","name":"Neuigkeiten - Weltladen Schw\u00e4bisch Gm\u00fcnd","isPartOf":{"@id":"https:\/\/weltlaeden.de\/schwaebisch-gmuend\/#website"},"datePublished":"2018-04-05T07:52:53+00:00","dateModified":"2021-08-27T09:13:18+00:00","breadcrumb":{"@id":"https:\/\/weltlaeden.de\/schwaebisch-gmuend\/neuigkeiten\/#breadcrumb"},"inLanguage":"de","potentialAction":[{"@type":"ReadAction","target":["https:\/\/weltlaeden.de\/schwaebisch-gmuend\/neuigkeiten\/"]}]},{"@type":"BreadcrumbList","@id":"https:\/\/weltlaeden.de\/schwaebisch-gmuend\/neuigkeiten\/#breadcrumb","itemListElement":[{"@type":"ListItem","position":1,"name":"Startseite","item":"https:\/\/weltlaeden.de\/schwaebisch-gmuend\/"},{"@type":"ListItem","position":2,"name":"Neuigkeiten"}]},{"@type":"WebSite","@id":"https:\/\/weltlaeden.de\/schwaebisch-gmuend\/#website","url":"https:\/\/weltlaeden.de\/schwaebisch-gmuend\/","name":"Weltladen Schw\u00e4bisch Gm\u00fcnd","description":"Faire Produkte seit 1990","potentialAction":[{"@type":"SearchAction","target":{"@type":"EntryPoint","urlTemplate":"https:\/\/weltlaeden.de\/schwaebisch-gmuend\/?s={search_term_string}"},"query-input":{"@type":"PropertyValueSpecification","valueRequired":true,"valueName":"search_term_string"}}],"inLanguage":"de"}]}},"_links":{"self":[{"href":"https:\/\/weltlaeden.de\/schwaebisch-gmuend\/wp-json\/wp\/v2\/pages\/361","targetHints":{"allow":["GET"]}}],"collection":[{"href":"https:\/\/weltlaeden.de\/schwaebisch-gmuend\/wp-json\/wp\/v2\/pages"}],"about":[{"href":"https:\/\/weltlaeden.de\/schwaebisch-gmuend\/wp-json\/wp\/v2\/types\/page"}],"author":[{"embeddable":true,"href":"https:\/\/weltlaeden.de\/schwaebisch-gmuend\/wp-json\/wp\/v2\/users\/1"}],"replies":[{"embeddable":true,"href":"https:\/\/weltlaeden.de\/schwaebisch-gmuend\/wp-json\/wp\/v2\/comments?post=361"}],"version-history":[{"count":8,"href":"https:\/\/weltlaeden.de\/schwaebisch-gmuend\/wp-json\/wp\/v2\/pages\/361\/revisions"}],"predecessor-version":[{"id":539,"href":"https:\/\/weltlaeden.de\/schwaebisch-gmuend\/wp-json\/wp\/v2\/pages\/361\/revisions\/539"}],"wp:attachment":[{"href":"https:\/\/weltlaeden.de\/schwaebisch-gmuend\/wp-json\/wp\/v2\/media?parent=361"}],"curies":[{"name":"wp","href":"https:\/\/api.w.org\/{rel}","templated":true}]}}