{"id":23,"date":"2016-10-14T09:05:21","date_gmt":"2016-10-14T07:05:21","guid":{"rendered":"https:\/\/wl.heimpixel.de\/vorlage\/termine\/"},"modified":"2018-08-10T10:34:16","modified_gmt":"2018-08-10T08:34:16","slug":"termine","status":"publish","type":"page","link":"https:\/\/weltlaeden.de\/schwaebisch-gmuend\/termine\/","title":{"rendered":"Termine"},"content":{"rendered":"<div class=\"wpb-content-wrapper\"><p>[vc_row][vc_column]<div class=\"wl_einzelbild\"><p><img loading=\"lazy\" decoding=\"async\" class=\"aligncenter size-full wp-image-nsm-3-33\" src=\"https:\/\/weltlaeden.de\/schwaebisch-gmuend\/wp-content\/uploads\/sites\/3\/2018\/07\/pocket-watch-1637396_1920_pixabay.png\" alt=\"\" width=\"787\" height=\"340\" \/><\/p><\/div>[vc_empty_space height=&#8220;30px&#8220;][vc_column_text]<\/p>\n<h1>Termine<\/h1>\n<h4><\/h4>\n<p>[\/vc_column_text][vc_empty_space height=&#8220;30px&#8220;][\/vc_column][\/vc_row][vc_row][vc_column width=&#8220;2\/3&#8243;][vc_column_text]<\/p>\n<h2>Kommende Termine<\/h2>\n<p>[\/vc_column_text]<ul class=\"termine-page current aktuell\">[vc_empty_space height=&#8220;30px&#8220;][vc_column_text]<\/p>\n<h2>Vergangene Termine<\/h2>\n<p>[\/vc_column_text]<ul class=\"termine-page past vergangen\"><li><h5 class=\"termine-titel\"><a href=\"https:\/\/weltlaeden.de\/schwaebisch-gmuend\/termin\/aktionstag-klima-gesund-leben\/\">AKTIONSTAG \u201eKLIMA.GESUND.LEBEN\u201c<\/a><\/h5><p class=\"termine-date\">So., 26.04.2026, 11:00<\/p><p class=\"termine-auszug\">AKTIONSTAG \u201eKLIMA.GESUND.LEBEN\u201c Der Weltladen beteiligt sich am Aktionstag mit dem Thema: \u00f6kologische Fu\u00dfabdr\u00fccke Aktionstag mit Vortr\u00e4gen, Infost\u00e4nden, Workshops und Mitmachangeboten f\u00fcr die ganze Familie. Erleben Sie, wie Klimaschutz und Gesundheit im Alltag zusammenpassen - mit vielen praktischen Ideen, die sich leicht umsetzen lassen. Freuen Sie sich auf Information, Inspiration und Angebote f\u00fcr Jung und Alt. Eintritt ist frei. <strong>Veranstaltungsort:\u00a0<\/strong> <strong>Prediger und Johannisplatz<\/strong> <strong>Sonntag 26.04.2026 - 11 - 16 Uhr<\/strong> &nbsp;<\/li><li><h5 class=\"termine-titel\"><a href=\"https:\/\/weltlaeden.de\/schwaebisch-gmuend\/termin\/kleidertauschtag-fuer-erwachsene\/\">Kleidertauschtag Lieblingsst\u00fcck \/ f\u00fcr Kinder, Jugendliche und Erwachsene<\/a><\/h5><p class=\"termine-date\">Sa., 28.02.2026, 08:30<\/p><p class=\"termine-auszug\">in der Gm\u00fcnder VHS, M\u00fcnsterplatz 15, von 8:30 - 15:00 Uhr <em>in Kooperation mit dem Weltladen, unverpackt GD, Stadtjugendring Schw\u00e4bisch Gm\u00fcnd e.V., BDKJ<\/em> <strong>Kleiderabgabe 8:30 Uhr bis 12:00 Uhr<\/strong> Das Team LIEBLINGSST\u00dcCK l\u00e4dt wieder zum Kleidertauschtag in die VHS ein. Einen ganzen Tag lang k\u00f6nnen alle, die Lust auf Kleidertausch haben, im Saal der VHS nach einem oder mehreren neuen Lieblingsst\u00fccken schauen und kostenlos mitnehmen. Angeboten werden Kleidungsst\u00fccke f\u00fcr Babys, Kinders, Jugendliche und Erwachsene (Gr\u00f6\u00dfe 56 bis XXXL). Das Prinzip vom Kleidertausch ist einfach: Kleidung aussortieren und frisch gewaschen mitbringen <strong>(maximal 20 Teile\/Person)<\/strong>, neue ausw\u00e4hlen oder nur Kleidung bringen oder nur mitnehmen. <strong>Nicht angenommen<\/strong> werden BHs, Bademode, Unterw\u00e4sche und Schuhe. Neben Kleidung kann auch vollst\u00e4ndiges, gut erhaltenes und funktionst\u00fcchtiges Spielzeug (au\u00dfer Kuscheltiere) getauscht werden. Alles was \u00fcbrigbleibt, geht an Bed\u00fcrftige. Bei Fragen wenden Sie sich bitte an: Astrid Wassenberg (Unverpackt, Schw\u00e4bisch Gm\u00fcnd) &nbsp; &nbsp; &nbsp;<\/li><li><h5 class=\"termine-titel\"><a href=\"https:\/\/weltlaeden.de\/schwaebisch-gmuend\/termin\/neues-leben-fuer-ihr-handy-handysammelaktion\/\">Neues Leben f\u00fcr Ihr Handy &#8211; Handysammelaktion<\/a><\/h5><p class=\"termine-date\">Mo., 02.06.2025<\/p><p class=\"termine-auszug\">\u201eNeues Leben f\u00fcr Ihr Handy \u2013 Handysammelaktion\u201c: Ab sofort sammeln wir wieder Althandys, denen in drei unterschiedlichen Vorgehensweisen neues Leben eingehaucht wird: Nach dem fachgerechten L\u00f6schen der Daten werden funktionsf\u00e4hige Handys gebraucht verkauft und reparaturbed\u00fcrftige Ger\u00e4te werden repariert und dann verkauft. Nur solche Ger\u00e4te, die tats\u00e4chlich kaputt sind, werden zerlegt und die wertvollen Rohstoffe wie Kobalt, Gold oder seltene Erden recycelt. Durch den Erl\u00f6s werden Ausbildungsprojekte unserer Partnerorganisation Teqcycle unterst\u00fctzt.<\/li><li><h5 class=\"termine-titel\"><a href=\"https:\/\/weltlaeden.de\/schwaebisch-gmuend\/termin\/weltladentag-2025\/\">Weltladentag 2025<\/a><\/h5><p class=\"termine-date\">Sa., 10.05.2025, 10:00<\/p><p class=\"termine-auszug\">Der 30. Weltladentag, am 10. Mai 2025, steht unter dem Motto \"Schoki f\u00fcrs Klima? Kauf ich euch ab!\" Der Kakaoanbau wird durch den Klimawandel massiv bedroht. Die Ernteertr\u00e4ge gehen stark zur\u00fcck. Das Einkommen von Kakaob\u00e4uer*innen ist gef\u00e4hrdet. Faire Preise f\u00fcr Schokolade machen da den Unterschied! Von 10 Uhr bis 12:30 Uhr gibt es vor dem Weltladen ein Memoryspiel zum Thema Kakao\/Schokolade und weitere Attraktionen.<\/li><li><h5 class=\"termine-titel\"><a href=\"https:\/\/weltlaeden.de\/schwaebisch-gmuend\/termin\/weltfrauentag\/\">Weltfrauentag 2025 &#8211; Flowerpower<\/a><\/h5><p class=\"termine-date\">Sa., 08.03.2025<\/p><p class=\"termine-auszug\"><strong>Flowerpower mit fair gehandelten Rosen - ganzt\u00e4gig <\/strong> Die Flower-Power-Aktion zum Internationalen Frauentag am <strong>Samstag, 8. M\u00e4rz<\/strong> wird ma\u00dfgeblich getragen vom <strong>Weltladen<\/strong> und dem <strong>Amt f\u00fcr nachhaltige Entwicklung, Klimaschutz und B\u00fcrgerbeteiligung.<\/strong> Am Samstag, 8. M\u00e4rz gibt es f\u00fcr alle Besucherinnen des Rathauses Rosen und Informationen zu fairen Blumen. Der Internationale Frauentag ist eine gute Gelegenheit, Frauenrechte zu st\u00e4rken und sich mit den entsprechenden Kaufentscheidungen f\u00fcr bessere Arbeitsbedingungen der Pfl\u00fcckerinnen einzusetzen. <strong>Faire Rosen gibt es auch im Weltladen<\/strong> und am Abend in der Gm\u00fcnder VHS.<\/li><li><h5 class=\"termine-titel\"><a href=\"https:\/\/weltlaeden.de\/schwaebisch-gmuend\/termin\/lust-auf-ehrenamt-3\/\">Lust auf Ehrenamt?<\/a><\/h5><p class=\"termine-date\">Sa., 19.10.2024, 09:00<\/p><p class=\"termine-auszug\">Der Gm\u00fcnder Weltladen bietet allen Interessierten Gelegenheit, verschiedene ehrenamtliche T\u00e4tigkeiten kennenzulernen. Wer gerne ehrenamtlich im Verkauf, bei der Planung und Durchf\u00fchrung von Aktionen, in der \u00d6ffentlichkeitsarbeit oder bei Bildungsveranstaltungen mitarbeiten m\u00f6chte, ist eingeladen sich im Weltladen zu informieren. Im Weltladen Schw\u00e4bisch Gm\u00fcnd, von 9 - 13 Uhr<p class=termine-ort\"><small>Ort: <i>im Weltladen Schw\u00e4bisch Gm\u00fcnd<\/i><\/small><\/p><\/li><li><h5 class=\"termine-titel\"><a href=\"https:\/\/weltlaeden.de\/schwaebisch-gmuend\/termin\/lust-auf-ehrenamt-2\/\">Lust auf Ehrenamt?<\/a><\/h5><p class=\"termine-date\">Sa., 12.10.2024, 09:00<\/p><p class=\"termine-auszug\">Der Gm\u00fcnder Weltladen bietet allen Interessierten Gelegenheit, verschiedene ehrenamtliche T\u00e4tigkeiten kennenzulernen. Wer gerne ehrenamtlich im Verkauf, bei der Planung und Durchf\u00fchrung von Aktionen, in der \u00d6ffentlichkeitsarbeit oder bei Bildungsveranstaltungen mitarbeiten m\u00f6chte, ist eingeladen sich im Weltladen zu informieren. Im Weltladen Schw\u00e4bisch Gm\u00fcnd, von 9 - 13 Uhr<p class=termine-ort\"><small>Ort: <i>im Weltladen Schw\u00e4bisch Gm\u00fcnd<\/i><\/small><\/p><\/li><li><h5 class=\"termine-titel\"><a href=\"https:\/\/weltlaeden.de\/schwaebisch-gmuend\/termin\/lust-auf-ehrenamt\/\">Lust auf Ehrenamt?<\/a><\/h5><p class=\"termine-date\">Sa., 05.10.2024, 09:00<\/p><p class=\"termine-auszug\">Der Gm\u00fcnder Weltladen bietet allen Interessierten Gelegenheit, verschiedene ehrenamtliche T\u00e4tigkeiten kennenzulernen. Wer gerne ehrenamtlich im Verkauf, bei der Planung und Durchf\u00fchrung von Aktionen, in der \u00d6ffentlichkeitsarbeit oder bei Bildungsveranstaltungen mitarbeiten m\u00f6chte, ist eingeladen sich im Weltladen zu informieren. Im Weltladen Schw\u00e4bisch Gm\u00fcnd, von 9 - 13 Uhr<p class=termine-ort\"><small>Ort: <i>im Weltladen Schw\u00e4bisch Gm\u00fcnd<\/i><\/small><\/p><\/li><\/ul>[\/vc_column][\/vc_row]<\/p>\n<\/div>","protected":false},"excerpt":{"rendered":"<p>[vc_row][vc_column][vc_empty_space height=&#8220;30px&#8220;][vc_column_text] Termine [\/vc_column_text][vc_empty_space height=&#8220;30px&#8220;][\/vc_column][\/vc_row][vc_row][vc_column width=&#8220;2\/3&#8243;][vc_column_text] Kommende Termine [\/vc_column_text][vc_empty_space height=&#8220;30px&#8220;][vc_column_text] Vergangene Termine [\/vc_column_text][\/vc_column][\/vc_row]<\/p>\n","protected":false},"author":1,"featured_media":0,"parent":0,"menu_order":8,"comment_status":"closed","ping_status":"closed","template":"","meta":{"footnotes":""},"class_list":["post-23","page","type-page","status-publish","hentry","description-off"],"yoast_head":"<!-- This site is optimized with the Yoast SEO plugin v26.8 - https:\/\/yoast.com\/product\/yoast-seo-wordpress\/ -->\n<title>Termine - Weltladen Schw\u00e4bisch Gm\u00fcnd<\/title>\n<meta name=\"robots\" content=\"index, follow, max-snippet:-1, max-image-preview:large, max-video-preview:-1\" \/>\n<link rel=\"canonical\" href=\"https:\/\/weltlaeden.de\/schwaebisch-gmuend\/termine\/\" \/>\n<meta property=\"og:locale\" content=\"de_DE\" \/>\n<meta property=\"og:type\" content=\"article\" \/>\n<meta property=\"og:title\" content=\"Termine - Weltladen Schw\u00e4bisch Gm\u00fcnd\" \/>\n<meta property=\"og:description\" content=\"[vc_row][vc_column][vc_empty_space height=&#8220;30px&#8220;][vc_column_text] Termine [\/vc_column_text][vc_empty_space height=&#8220;30px&#8220;][\/vc_column][\/vc_row][vc_row][vc_column width=&#8220;2\/3&#8243;][vc_column_text] Kommende Termine [\/vc_column_text][vc_empty_space height=&#8220;30px&#8220;][vc_column_text] Vergangene Termine [\/vc_column_text][\/vc_column][\/vc_row]\" \/>\n<meta property=\"og:url\" content=\"https:\/\/weltlaeden.de\/schwaebisch-gmuend\/termine\/\" \/>\n<meta property=\"og:site_name\" content=\"Weltladen Schw\u00e4bisch Gm\u00fcnd\" \/>\n<meta property=\"article:modified_time\" content=\"2018-08-10T08:34:16+00:00\" \/>\n<meta property=\"og:image\" content=\"https:\/\/weltlaeden.de\/schwaebisch-gmuend\/wp-content\/uploads\/sites\/3\/2018\/07\/pocket-watch-1637396_1920_pixabay.png\" \/>\n<meta name=\"twitter:card\" content=\"summary_large_image\" \/>\n<script type=\"application\/ld+json\" class=\"yoast-schema-graph\">{\"@context\":\"https:\/\/schema.org\",\"@graph\":[{\"@type\":\"WebPage\",\"@id\":\"https:\/\/weltlaeden.de\/schwaebisch-gmuend\/termine\/\",\"url\":\"https:\/\/weltlaeden.de\/schwaebisch-gmuend\/termine\/\",\"name\":\"Termine - Weltladen Schw\u00e4bisch Gm\u00fcnd\",\"isPartOf\":{\"@id\":\"https:\/\/weltlaeden.de\/schwaebisch-gmuend\/#website\"},\"primaryImageOfPage\":{\"@id\":\"https:\/\/weltlaeden.de\/schwaebisch-gmuend\/termine\/#primaryimage\"},\"image\":{\"@id\":\"https:\/\/weltlaeden.de\/schwaebisch-gmuend\/termine\/#primaryimage\"},\"thumbnailUrl\":\"https:\/\/weltlaeden.de\/schwaebisch-gmuend\/wp-content\/uploads\/sites\/3\/2018\/07\/pocket-watch-1637396_1920_pixabay.png\",\"datePublished\":\"2016-10-14T07:05:21+00:00\",\"dateModified\":\"2018-08-10T08:34:16+00:00\",\"breadcrumb\":{\"@id\":\"https:\/\/weltlaeden.de\/schwaebisch-gmuend\/termine\/#breadcrumb\"},\"inLanguage\":\"de\",\"potentialAction\":[{\"@type\":\"ReadAction\",\"target\":[\"https:\/\/weltlaeden.de\/schwaebisch-gmuend\/termine\/\"]}]},{\"@type\":\"ImageObject\",\"inLanguage\":\"de\",\"@id\":\"https:\/\/weltlaeden.de\/schwaebisch-gmuend\/termine\/#primaryimage\",\"url\":\"https:\/\/weltlaeden.de\/schwaebisch-gmuend\/wp-content\/uploads\/sites\/3\/2018\/07\/pocket-watch-1637396_1920_pixabay.png\",\"contentUrl\":\"https:\/\/weltlaeden.de\/schwaebisch-gmuend\/wp-content\/uploads\/sites\/3\/2018\/07\/pocket-watch-1637396_1920_pixabay.png\"},{\"@type\":\"BreadcrumbList\",\"@id\":\"https:\/\/weltlaeden.de\/schwaebisch-gmuend\/termine\/#breadcrumb\",\"itemListElement\":[{\"@type\":\"ListItem\",\"position\":1,\"name\":\"Startseite\",\"item\":\"https:\/\/weltlaeden.de\/schwaebisch-gmuend\/\"},{\"@type\":\"ListItem\",\"position\":2,\"name\":\"Termine\"}]},{\"@type\":\"WebSite\",\"@id\":\"https:\/\/weltlaeden.de\/schwaebisch-gmuend\/#website\",\"url\":\"https:\/\/weltlaeden.de\/schwaebisch-gmuend\/\",\"name\":\"Weltladen Schw\u00e4bisch Gm\u00fcnd\",\"description\":\"Faire Produkte seit 1990\",\"potentialAction\":[{\"@type\":\"SearchAction\",\"target\":{\"@type\":\"EntryPoint\",\"urlTemplate\":\"https:\/\/weltlaeden.de\/schwaebisch-gmuend\/?s={search_term_string}\"},\"query-input\":{\"@type\":\"PropertyValueSpecification\",\"valueRequired\":true,\"valueName\":\"search_term_string\"}}],\"inLanguage\":\"de\"}]}<\/script>\n<!-- \/ Yoast SEO plugin. -->","yoast_head_json":{"title":"Termine - Weltladen Schw\u00e4bisch Gm\u00fcnd","robots":{"index":"index","follow":"follow","max-snippet":"max-snippet:-1","max-image-preview":"max-image-preview:large","max-video-preview":"max-video-preview:-1"},"canonical":"https:\/\/weltlaeden.de\/schwaebisch-gmuend\/termine\/","og_locale":"de_DE","og_type":"article","og_title":"Termine - Weltladen Schw\u00e4bisch Gm\u00fcnd","og_description":"[vc_row][vc_column][vc_empty_space height=&#8220;30px&#8220;][vc_column_text] Termine [\/vc_column_text][vc_empty_space height=&#8220;30px&#8220;][\/vc_column][\/vc_row][vc_row][vc_column width=&#8220;2\/3&#8243;][vc_column_text] Kommende Termine [\/vc_column_text][vc_empty_space height=&#8220;30px&#8220;][vc_column_text] Vergangene Termine [\/vc_column_text][\/vc_column][\/vc_row]","og_url":"https:\/\/weltlaeden.de\/schwaebisch-gmuend\/termine\/","og_site_name":"Weltladen Schw\u00e4bisch Gm\u00fcnd","article_modified_time":"2018-08-10T08:34:16+00:00","og_image":[{"url":"https:\/\/weltlaeden.de\/schwaebisch-gmuend\/wp-content\/uploads\/sites\/3\/2018\/07\/pocket-watch-1637396_1920_pixabay.png","type":"","width":"","height":""}],"twitter_card":"summary_large_image","schema":{"@context":"https:\/\/schema.org","@graph":[{"@type":"WebPage","@id":"https:\/\/weltlaeden.de\/schwaebisch-gmuend\/termine\/","url":"https:\/\/weltlaeden.de\/schwaebisch-gmuend\/termine\/","name":"Termine - Weltladen Schw\u00e4bisch Gm\u00fcnd","isPartOf":{"@id":"https:\/\/weltlaeden.de\/schwaebisch-gmuend\/#website"},"primaryImageOfPage":{"@id":"https:\/\/weltlaeden.de\/schwaebisch-gmuend\/termine\/#primaryimage"},"image":{"@id":"https:\/\/weltlaeden.de\/schwaebisch-gmuend\/termine\/#primaryimage"},"thumbnailUrl":"https:\/\/weltlaeden.de\/schwaebisch-gmuend\/wp-content\/uploads\/sites\/3\/2018\/07\/pocket-watch-1637396_1920_pixabay.png","datePublished":"2016-10-14T07:05:21+00:00","dateModified":"2018-08-10T08:34:16+00:00","breadcrumb":{"@id":"https:\/\/weltlaeden.de\/schwaebisch-gmuend\/termine\/#breadcrumb"},"inLanguage":"de","potentialAction":[{"@type":"ReadAction","target":["https:\/\/weltlaeden.de\/schwaebisch-gmuend\/termine\/"]}]},{"@type":"ImageObject","inLanguage":"de","@id":"https:\/\/weltlaeden.de\/schwaebisch-gmuend\/termine\/#primaryimage","url":"https:\/\/weltlaeden.de\/schwaebisch-gmuend\/wp-content\/uploads\/sites\/3\/2018\/07\/pocket-watch-1637396_1920_pixabay.png","contentUrl":"https:\/\/weltlaeden.de\/schwaebisch-gmuend\/wp-content\/uploads\/sites\/3\/2018\/07\/pocket-watch-1637396_1920_pixabay.png"},{"@type":"BreadcrumbList","@id":"https:\/\/weltlaeden.de\/schwaebisch-gmuend\/termine\/#breadcrumb","itemListElement":[{"@type":"ListItem","position":1,"name":"Startseite","item":"https:\/\/weltlaeden.de\/schwaebisch-gmuend\/"},{"@type":"ListItem","position":2,"name":"Termine"}]},{"@type":"WebSite","@id":"https:\/\/weltlaeden.de\/schwaebisch-gmuend\/#website","url":"https:\/\/weltlaeden.de\/schwaebisch-gmuend\/","name":"Weltladen Schw\u00e4bisch Gm\u00fcnd","description":"Faire Produkte seit 1990","potentialAction":[{"@type":"SearchAction","target":{"@type":"EntryPoint","urlTemplate":"https:\/\/weltlaeden.de\/schwaebisch-gmuend\/?s={search_term_string}"},"query-input":{"@type":"PropertyValueSpecification","valueRequired":true,"valueName":"search_term_string"}}],"inLanguage":"de"}]}},"_links":{"self":[{"href":"https:\/\/weltlaeden.de\/schwaebisch-gmuend\/wp-json\/wp\/v2\/pages\/23","targetHints":{"allow":["GET"]}}],"collection":[{"href":"https:\/\/weltlaeden.de\/schwaebisch-gmuend\/wp-json\/wp\/v2\/pages"}],"about":[{"href":"https:\/\/weltlaeden.de\/schwaebisch-gmuend\/wp-json\/wp\/v2\/types\/page"}],"author":[{"embeddable":true,"href":"https:\/\/weltlaeden.de\/schwaebisch-gmuend\/wp-json\/wp\/v2\/users\/1"}],"replies":[{"embeddable":true,"href":"https:\/\/weltlaeden.de\/schwaebisch-gmuend\/wp-json\/wp\/v2\/comments?post=23"}],"version-history":[{"count":14,"href":"https:\/\/weltlaeden.de\/schwaebisch-gmuend\/wp-json\/wp\/v2\/pages\/23\/revisions"}],"predecessor-version":[{"id":414,"href":"https:\/\/weltlaeden.de\/schwaebisch-gmuend\/wp-json\/wp\/v2\/pages\/23\/revisions\/414"}],"wp:attachment":[{"href":"https:\/\/weltlaeden.de\/schwaebisch-gmuend\/wp-json\/wp\/v2\/media?parent=23"}],"curies":[{"name":"wp","href":"https:\/\/api.w.org\/{rel}","templated":true}]}}