{"id":219,"date":"2016-10-28T13:34:47","date_gmt":"2016-10-28T11:34:47","guid":{"rendered":"https:\/\/wl.heimpixel.de\/vorlage\/ueber-uns\/"},"modified":"2024-08-19T15:37:19","modified_gmt":"2024-08-19T13:37:19","slug":"ueber-uns","status":"publish","type":"page","link":"https:\/\/weltlaeden.de\/schwaebisch-gmuend\/ueber-uns\/","title":{"rendered":"\u00dcber uns"},"content":{"rendered":"<div class=\"wpb-content-wrapper\"><p>[vc_row][vc_column]<div class=\"wl_einzelbild\"><p><img loading=\"lazy\" decoding=\"async\" class=\"aligncenter size-full wp-image-448\" src=\"https:\/\/weltlaeden.de\/schwaebisch-gmuend\/wp-content\/uploads\/sites\/179\/2019\/04\/board-game-challenge-chess-209728_1200x519-e1555324787982.png\" alt=\"\" width=\"787\" height=\"340\" \/><\/p><\/div>[vc_empty_space][vc_column_text]<\/p>\n<h1>\u00dcber den Weltladen Schw\u00e4bisch Gm\u00fcnd<\/h1>\n<p>[\/vc_column_text][\/vc_column][\/vc_row][vc_row][vc_column][vc_empty_space][vc_column_text]<\/p>\n<h1>Unser Weltladen-Flyer<\/h1>\n<p>[\/vc_column_text][vc_column_text]<\/p>\n<div class=\"content clearfix\">\n<p>Unser aktueller Weltladen Flyer kann mit Klick auf das Bild direkt angezeigt werden:<a href=\"https:\/\/weltlaeden.de\/schwaebisch-gmuend\/wp-content\/uploads\/sites\/179\/2023\/01\/004_Folder_WL_GD_2023.pdf\"><img loading=\"lazy\" decoding=\"async\" class=\"alignleft wp-image-867\" src=\"https:\/\/weltlaeden.de\/schwaebisch-gmuend\/wp-content\/uploads\/sites\/179\/2023\/01\/004_Folder_WL_2023-300x212.jpg\" alt=\"\" width=\"410\" height=\"290\" srcset=\"https:\/\/weltlaeden.de\/schwaebisch-gmuend\/wp-content\/uploads\/sites\/179\/2023\/01\/004_Folder_WL_2023-300x212.jpg 300w, https:\/\/weltlaeden.de\/schwaebisch-gmuend\/wp-content\/uploads\/sites\/179\/2023\/01\/004_Folder_WL_2023-1024x723.jpg 1024w, https:\/\/weltlaeden.de\/schwaebisch-gmuend\/wp-content\/uploads\/sites\/179\/2023\/01\/004_Folder_WL_2023-768x542.jpg 768w, https:\/\/weltlaeden.de\/schwaebisch-gmuend\/wp-content\/uploads\/sites\/179\/2023\/01\/004_Folder_WL_2023.jpg 1087w\" sizes=\"auto, (max-width: 410px) 100vw, 410px\" \/><\/a><\/p>\n<\/div>\n<p>[\/vc_column_text][\/vc_column][\/vc_row][vc_row][vc_column][vc_empty_space][vc_column_text]<\/p>\n<h1>Vorstand<\/h1>\n<p>[\/vc_column_text][vc_column_text css=&#8220;&#8220;]<\/p>\n<div class=\"content clearfix\">\n<p>Vorsitzende: Cordula Reichert<br \/>\nStellvertretende Vorsitzende: Astrid Wassenberg<br \/>\nKassierer: Dieter Stumbrat<br \/>\nBeir\u00e4te: Andreas Eisenhuth, Gerhard Rohm, Dorothea Krieg<\/p>\n<\/div>\n<p>[\/vc_column_text][\/vc_column][\/vc_row][vc_row][vc_column][vc_empty_space][vc_column_text]<\/p>\n<h1>Ladenteam<\/h1>\n<p>[\/vc_column_text][vc_column_text]Unser \u00fcberwiegend ehrenamtlich t\u00e4tiges Ladenteam schenkt den Kleinproduzenten in aller Welt t\u00e4glich viele Stunden, um deren Erzeugnisse zu fairen Bedingungen zu verkaufen. Ungef\u00e4hr 15 Frauen und M\u00e4nner verkaufen aber nicht nur die Produkte, sondern kl\u00e4ren auch \u00fcber die Produktionsbedingungen auf. Bei jedem Produkt ist das Herkunftsland bekannt, oft sogar die Kooperative, gebildet aus den Kleinproduzenten und manchmal kennen wir ganz konkrete Personen vor Ort, weil sie schon in Deutschland Vortr\u00e4ge gehalten haben.<\/p>\n<p><strong>Vortr\u00e4ge und Lieferantenbesuche dienen der Weiterbildung und werden gerne wahrgenommen.<\/strong><br \/>\nIns Ladenteam integriert sind unsere Eink\u00e4uferInnen, die mit Professionalit\u00e4t den Kontakt zu den Importorganisationen halten, den Markt erkunden und mit viel Geschmack die Produkte ausw\u00e4hlen. Wir sind stolz darauf, in diesem Bereich auch Arbeitsstellen geschaffen zu haben. Denn wo Ums\u00e4tze kontinuierlich steigen, m\u00fcssen auch immer mehr Beschaffungsvorg\u00e4nge bew\u00e4ltigt werden! Auch unsere individuellen Produkte \u2013 Ostalbkaffee und Gm\u00fcnder Stauferschokolade \u2013 erfordern individuellen Aufwand.[\/vc_column_text][\/vc_column][\/vc_row][vc_row][vc_column][vc_empty_space][vc_column_text]<\/p>\n<h1>Team \u00d6ffentlichkeitsarbeit und Bildung<\/h1>\n<p>[\/vc_column_text][vc_column_text]<strong>\u00d6ffentlichkeitsarbeit<br \/>\n<\/strong>&#8222;Tue Gutes und rede dar\u00fcber&#8220; k\u00f6nnte als Auftrag an unser \u00d6ffentlichkeitsteam formuliert werden. Von Fall zu Fall arbeiten hier ungef\u00e4hr sechs bis zehn Personen zusammen und stellen ein kreatives Programm auf die Beine. Dabei stehen nicht wir selbst im Vordergrund, sondern unser Anliegen ist es, Aufmerksamkeit auf den fairen Handel und nachhaltigen Konsum zu lenken. Und was ist die beste Werbung? \u00dcberzeugen m\u00fcssen die Produkte selbst!<br \/>\nEigens organisierte Informationsveranstaltungen zu entwicklungspolitischen Themen erm\u00f6glichen es uns dar\u00fcber hinaus, auf die Bedingungen in den Entwicklungsl\u00e4ndern hinzuweisen. \u00d6ffentlichkeitsarbeit und Bildungsarbeit gehen nahtlos ineinander \u00fcber. Hier arbeiten wir mit einem lokalen Netzwerk zusammen.<\/p>\n<p><strong>Bildungsarbeit wie wir sie verstehen<\/strong><br \/>\nImport und Verkauf fair gehandelter Waren sind nur eine Seite unseres Auftrages, der sich aus der Vereinssatzung ergibt. Unser Selbstverst\u00e4ndnis und unsere Satzung kennen aber auch die \u201eentwicklungspolitische Bildungsarbeit\u201c, wobei dieser Begriff ein breites Spektrum zul\u00e4sst und viel Kreativit\u00e4t erfordert. Was machen wir konkret?<br \/>\nSiehe dazu die Seite <strong>\u00d6ffentlichkeitsarbeit<\/strong>[\/vc_column_text][\/vc_column][\/vc_row][vc_row][vc_column][vc_empty_space][vc_column_text]<\/p>\n<h1>Vernetzung des Weltladens Schw\u00e4bisch Gm\u00fcnd<\/h1>\n<p>[\/vc_column_text][vc_column_text]<strong>Zusammenarbeit mit dem Weltladen-Dachverband<\/strong><br \/>\nEinigkeit macht stark! Deshalb sind wir dem Dachverband beigetreten und lassen uns unterst\u00fctzen durch den bundeseinheitlichen Auftritt mit einem gemeinsamen Logo der Weltl\u00e4den, der Weltladenfarbe orange, der Einbettung in regelm\u00e4\u00dfige Kampagnen mit entsprechenden Materialien (Weltladentag und faire Woche) und wiederkehrender Beratung (Monitoring). Wir erhalten Informationen \u00fcber entwicklungspolitische Vorg\u00e4nge in Deutschland und der EU und k\u00f6nnen gezielter auf Politiker einwirken.<\/p>\n<p><strong>Zusammenarbeit mit dem Deab<\/strong><br \/>\nDer Dachverband Entwicklungspolitik Baden W\u00fcrttemberg e.V. bietet Hilfen zu allen entwicklungspolitischen Themen an. Besonders vorteilhaft war f\u00fcr uns in Schw\u00e4bisch Gm\u00fcnd ein Seminar des Deab zur kommunalen Beschaffung unter Ber\u00fccksichtigung von Sozialstandards. Im Anschluss an dieses Seminar erging im Mai 2010 die Dienstanweisung an die St\u00e4dtische Verwaltung, faire Produkte zu bevorzugen. Auch dies eine fruchtbare Zusammenarbeit!<\/p>\n<p><strong>Zusammenarbeit mit dem Arbeitskreis Eine Welt<\/strong><br \/>\nSeit 2010 gibt es in Schw\u00e4bisch Gm\u00fcnd den Arbeitskreis Eine Welt, der sich mit Unterst\u00fctzung der Stadtverwaltung die Zusammenarbeit entwicklungspolitischer Organisationen zur Aufgabe gemacht hat und an dessen Gr\u00fcndung der Weltladen ma\u00dfgeblich beteiligt war. Regelm\u00e4\u00dfig treffen sich ca. 10 Organisationen und arbeiten an einem gemeinsamen Programm. Vertreten sind neben dem Weltladen die Nepalhilfe Haus der Hoffnung, die Waldorfschule, die evangelischen Kirchengemeinden Augustinusgemeinde und Br\u00fccke, Christoffelblindenmission, Fl\u00fcchtlingsunterkunft, B\u00fcrgerinitiative gegen Fremdenfeindlichkeit, Terre des Hommes, Amnesty International, New Limes, Presseh\u00fctte Mutlangen usw. Ein besonderes Anliegen ist dabei die Gestaltung des Tages der Menschenrechte am 10.Dezember jeden Jahres.[\/vc_column_text][\/vc_column][\/vc_row]<\/p>\n<\/div>","protected":false},"excerpt":{"rendered":"<p>[vc_row][vc_column][vc_empty_space][vc_column_text] \u00dcber den Weltladen Schw\u00e4bisch Gm\u00fcnd [\/vc_column_text][\/vc_column][\/vc_row][vc_row][vc_column][vc_empty_space][vc_column_text] Unser Weltladen-Flyer [\/vc_column_text][vc_column_text] Unser aktueller Weltladen Flyer kann mit Klick auf das Bild direkt angezeigt werden: [\/vc_column_text][\/vc_column][\/vc_row][vc_row][vc_column][vc_empty_space][vc_column_text] Vorstand [\/vc_column_text][vc_column_text css=&#8220;&#8220;] Vorsitzende: Cordula Reichert Stellvertretende Vorsitzende: Astrid Wassenberg Kassierer: Dieter Stumbrat Beir\u00e4te: Andreas Eisenhuth, Gerhard Rohm, Dorothea Krieg [\/vc_column_text][\/vc_column][\/vc_row][vc_row][vc_column][vc_empty_space][vc_column_text] Ladenteam [\/vc_column_text][vc_column_text]Unser \u00fcberwiegend ehrenamtlich t\u00e4tiges Ladenteam schenkt den Kleinproduzenten in&hellip;<\/p>\n","protected":false},"author":1,"featured_media":0,"parent":0,"menu_order":7,"comment_status":"closed","ping_status":"closed","template":"","meta":{"footnotes":""},"class_list":["post-219","page","type-page","status-publish","hentry","description-off"],"yoast_head":"<!-- This site is optimized with the Yoast SEO plugin v26.8 - https:\/\/yoast.com\/product\/yoast-seo-wordpress\/ -->\n<title>\u00dcber uns - Weltladen Schw\u00e4bisch Gm\u00fcnd<\/title>\n<meta name=\"robots\" content=\"index, follow, max-snippet:-1, max-image-preview:large, max-video-preview:-1\" \/>\n<link rel=\"canonical\" href=\"https:\/\/weltlaeden.de\/schwaebisch-gmuend\/ueber-uns\/\" \/>\n<meta property=\"og:locale\" content=\"de_DE\" \/>\n<meta property=\"og:type\" content=\"article\" \/>\n<meta property=\"og:title\" content=\"\u00dcber uns - Weltladen Schw\u00e4bisch Gm\u00fcnd\" \/>\n<meta property=\"og:description\" content=\"[vc_row][vc_column][vc_empty_space][vc_column_text] \u00dcber den Weltladen Schw\u00e4bisch Gm\u00fcnd [\/vc_column_text][\/vc_column][\/vc_row][vc_row][vc_column][vc_empty_space][vc_column_text] Unser Weltladen-Flyer [\/vc_column_text][vc_column_text] Unser aktueller Weltladen Flyer kann mit Klick auf das Bild direkt angezeigt werden: [\/vc_column_text][\/vc_column][\/vc_row][vc_row][vc_column][vc_empty_space][vc_column_text] Vorstand [\/vc_column_text][vc_column_text css=&#8220;&#8220;] Vorsitzende: Cordula Reichert Stellvertretende Vorsitzende: Astrid Wassenberg Kassierer: Dieter Stumbrat Beir\u00e4te: Andreas Eisenhuth, Gerhard Rohm, Dorothea Krieg [\/vc_column_text][\/vc_column][\/vc_row][vc_row][vc_column][vc_empty_space][vc_column_text] Ladenteam [\/vc_column_text][vc_column_text]Unser \u00fcberwiegend ehrenamtlich t\u00e4tiges Ladenteam schenkt den Kleinproduzenten in&hellip;\" \/>\n<meta property=\"og:url\" content=\"https:\/\/weltlaeden.de\/schwaebisch-gmuend\/ueber-uns\/\" \/>\n<meta property=\"og:site_name\" content=\"Weltladen Schw\u00e4bisch Gm\u00fcnd\" \/>\n<meta property=\"article:modified_time\" content=\"2024-08-19T13:37:19+00:00\" \/>\n<meta property=\"og:image\" content=\"https:\/\/weltlaeden.de\/schwaebisch-gmuend\/wp-content\/uploads\/sites\/179\/2019\/04\/board-game-challenge-chess-209728_1200x519-e1555324787982.png\" \/>\n<meta name=\"twitter:card\" content=\"summary_large_image\" \/>\n<meta name=\"twitter:label1\" content=\"Gesch\u00e4tzte Lesezeit\" \/>\n\t<meta name=\"twitter:data1\" content=\"4\u00a0Minuten\" \/>\n<script type=\"application\/ld+json\" class=\"yoast-schema-graph\">{\"@context\":\"https:\/\/schema.org\",\"@graph\":[{\"@type\":\"WebPage\",\"@id\":\"https:\/\/weltlaeden.de\/schwaebisch-gmuend\/ueber-uns\/\",\"url\":\"https:\/\/weltlaeden.de\/schwaebisch-gmuend\/ueber-uns\/\",\"name\":\"\u00dcber uns - Weltladen Schw\u00e4bisch Gm\u00fcnd\",\"isPartOf\":{\"@id\":\"https:\/\/weltlaeden.de\/schwaebisch-gmuend\/#website\"},\"primaryImageOfPage\":{\"@id\":\"https:\/\/weltlaeden.de\/schwaebisch-gmuend\/ueber-uns\/#primaryimage\"},\"image\":{\"@id\":\"https:\/\/weltlaeden.de\/schwaebisch-gmuend\/ueber-uns\/#primaryimage\"},\"thumbnailUrl\":\"https:\/\/weltlaeden.de\/schwaebisch-gmuend\/wp-content\/uploads\/sites\/179\/2019\/04\/board-game-challenge-chess-209728_1200x519-e1555324787982.png\",\"datePublished\":\"2016-10-28T11:34:47+00:00\",\"dateModified\":\"2024-08-19T13:37:19+00:00\",\"breadcrumb\":{\"@id\":\"https:\/\/weltlaeden.de\/schwaebisch-gmuend\/ueber-uns\/#breadcrumb\"},\"inLanguage\":\"de\",\"potentialAction\":[{\"@type\":\"ReadAction\",\"target\":[\"https:\/\/weltlaeden.de\/schwaebisch-gmuend\/ueber-uns\/\"]}]},{\"@type\":\"ImageObject\",\"inLanguage\":\"de\",\"@id\":\"https:\/\/weltlaeden.de\/schwaebisch-gmuend\/ueber-uns\/#primaryimage\",\"url\":\"https:\/\/weltlaeden.de\/schwaebisch-gmuend\/wp-content\/uploads\/sites\/179\/2019\/04\/board-game-challenge-chess-209728_1200x519-e1555324787982.png\",\"contentUrl\":\"https:\/\/weltlaeden.de\/schwaebisch-gmuend\/wp-content\/uploads\/sites\/179\/2019\/04\/board-game-challenge-chess-209728_1200x519-e1555324787982.png\",\"width\":787,\"height\":340},{\"@type\":\"BreadcrumbList\",\"@id\":\"https:\/\/weltlaeden.de\/schwaebisch-gmuend\/ueber-uns\/#breadcrumb\",\"itemListElement\":[{\"@type\":\"ListItem\",\"position\":1,\"name\":\"Startseite\",\"item\":\"https:\/\/weltlaeden.de\/schwaebisch-gmuend\/\"},{\"@type\":\"ListItem\",\"position\":2,\"name\":\"\u00dcber uns\"}]},{\"@type\":\"WebSite\",\"@id\":\"https:\/\/weltlaeden.de\/schwaebisch-gmuend\/#website\",\"url\":\"https:\/\/weltlaeden.de\/schwaebisch-gmuend\/\",\"name\":\"Weltladen Schw\u00e4bisch Gm\u00fcnd\",\"description\":\"Faire Produkte seit 1990\",\"potentialAction\":[{\"@type\":\"SearchAction\",\"target\":{\"@type\":\"EntryPoint\",\"urlTemplate\":\"https:\/\/weltlaeden.de\/schwaebisch-gmuend\/?s={search_term_string}\"},\"query-input\":{\"@type\":\"PropertyValueSpecification\",\"valueRequired\":true,\"valueName\":\"search_term_string\"}}],\"inLanguage\":\"de\"}]}<\/script>\n<!-- \/ Yoast SEO plugin. -->","yoast_head_json":{"title":"\u00dcber uns - Weltladen Schw\u00e4bisch Gm\u00fcnd","robots":{"index":"index","follow":"follow","max-snippet":"max-snippet:-1","max-image-preview":"max-image-preview:large","max-video-preview":"max-video-preview:-1"},"canonical":"https:\/\/weltlaeden.de\/schwaebisch-gmuend\/ueber-uns\/","og_locale":"de_DE","og_type":"article","og_title":"\u00dcber uns - Weltladen Schw\u00e4bisch Gm\u00fcnd","og_description":"[vc_row][vc_column][vc_empty_space][vc_column_text] \u00dcber den Weltladen Schw\u00e4bisch Gm\u00fcnd [\/vc_column_text][\/vc_column][\/vc_row][vc_row][vc_column][vc_empty_space][vc_column_text] Unser Weltladen-Flyer [\/vc_column_text][vc_column_text] Unser aktueller Weltladen Flyer kann mit Klick auf das Bild direkt angezeigt werden: [\/vc_column_text][\/vc_column][\/vc_row][vc_row][vc_column][vc_empty_space][vc_column_text] Vorstand [\/vc_column_text][vc_column_text css=&#8220;&#8220;] Vorsitzende: Cordula Reichert Stellvertretende Vorsitzende: Astrid Wassenberg Kassierer: Dieter Stumbrat Beir\u00e4te: Andreas Eisenhuth, Gerhard Rohm, Dorothea Krieg [\/vc_column_text][\/vc_column][\/vc_row][vc_row][vc_column][vc_empty_space][vc_column_text] Ladenteam [\/vc_column_text][vc_column_text]Unser \u00fcberwiegend ehrenamtlich t\u00e4tiges Ladenteam schenkt den Kleinproduzenten in&hellip;","og_url":"https:\/\/weltlaeden.de\/schwaebisch-gmuend\/ueber-uns\/","og_site_name":"Weltladen Schw\u00e4bisch Gm\u00fcnd","article_modified_time":"2024-08-19T13:37:19+00:00","og_image":[{"url":"https:\/\/weltlaeden.de\/schwaebisch-gmuend\/wp-content\/uploads\/sites\/179\/2019\/04\/board-game-challenge-chess-209728_1200x519-e1555324787982.png","type":"","width":"","height":""}],"twitter_card":"summary_large_image","twitter_misc":{"Gesch\u00e4tzte Lesezeit":"4\u00a0Minuten"},"schema":{"@context":"https:\/\/schema.org","@graph":[{"@type":"WebPage","@id":"https:\/\/weltlaeden.de\/schwaebisch-gmuend\/ueber-uns\/","url":"https:\/\/weltlaeden.de\/schwaebisch-gmuend\/ueber-uns\/","name":"\u00dcber uns - Weltladen Schw\u00e4bisch Gm\u00fcnd","isPartOf":{"@id":"https:\/\/weltlaeden.de\/schwaebisch-gmuend\/#website"},"primaryImageOfPage":{"@id":"https:\/\/weltlaeden.de\/schwaebisch-gmuend\/ueber-uns\/#primaryimage"},"image":{"@id":"https:\/\/weltlaeden.de\/schwaebisch-gmuend\/ueber-uns\/#primaryimage"},"thumbnailUrl":"https:\/\/weltlaeden.de\/schwaebisch-gmuend\/wp-content\/uploads\/sites\/179\/2019\/04\/board-game-challenge-chess-209728_1200x519-e1555324787982.png","datePublished":"2016-10-28T11:34:47+00:00","dateModified":"2024-08-19T13:37:19+00:00","breadcrumb":{"@id":"https:\/\/weltlaeden.de\/schwaebisch-gmuend\/ueber-uns\/#breadcrumb"},"inLanguage":"de","potentialAction":[{"@type":"ReadAction","target":["https:\/\/weltlaeden.de\/schwaebisch-gmuend\/ueber-uns\/"]}]},{"@type":"ImageObject","inLanguage":"de","@id":"https:\/\/weltlaeden.de\/schwaebisch-gmuend\/ueber-uns\/#primaryimage","url":"https:\/\/weltlaeden.de\/schwaebisch-gmuend\/wp-content\/uploads\/sites\/179\/2019\/04\/board-game-challenge-chess-209728_1200x519-e1555324787982.png","contentUrl":"https:\/\/weltlaeden.de\/schwaebisch-gmuend\/wp-content\/uploads\/sites\/179\/2019\/04\/board-game-challenge-chess-209728_1200x519-e1555324787982.png","width":787,"height":340},{"@type":"BreadcrumbList","@id":"https:\/\/weltlaeden.de\/schwaebisch-gmuend\/ueber-uns\/#breadcrumb","itemListElement":[{"@type":"ListItem","position":1,"name":"Startseite","item":"https:\/\/weltlaeden.de\/schwaebisch-gmuend\/"},{"@type":"ListItem","position":2,"name":"\u00dcber uns"}]},{"@type":"WebSite","@id":"https:\/\/weltlaeden.de\/schwaebisch-gmuend\/#website","url":"https:\/\/weltlaeden.de\/schwaebisch-gmuend\/","name":"Weltladen Schw\u00e4bisch Gm\u00fcnd","description":"Faire Produkte seit 1990","potentialAction":[{"@type":"SearchAction","target":{"@type":"EntryPoint","urlTemplate":"https:\/\/weltlaeden.de\/schwaebisch-gmuend\/?s={search_term_string}"},"query-input":{"@type":"PropertyValueSpecification","valueRequired":true,"valueName":"search_term_string"}}],"inLanguage":"de"}]}},"_links":{"self":[{"href":"https:\/\/weltlaeden.de\/schwaebisch-gmuend\/wp-json\/wp\/v2\/pages\/219","targetHints":{"allow":["GET"]}}],"collection":[{"href":"https:\/\/weltlaeden.de\/schwaebisch-gmuend\/wp-json\/wp\/v2\/pages"}],"about":[{"href":"https:\/\/weltlaeden.de\/schwaebisch-gmuend\/wp-json\/wp\/v2\/types\/page"}],"author":[{"embeddable":true,"href":"https:\/\/weltlaeden.de\/schwaebisch-gmuend\/wp-json\/wp\/v2\/users\/1"}],"replies":[{"embeddable":true,"href":"https:\/\/weltlaeden.de\/schwaebisch-gmuend\/wp-json\/wp\/v2\/comments?post=219"}],"version-history":[{"count":31,"href":"https:\/\/weltlaeden.de\/schwaebisch-gmuend\/wp-json\/wp\/v2\/pages\/219\/revisions"}],"predecessor-version":[{"id":1095,"href":"https:\/\/weltlaeden.de\/schwaebisch-gmuend\/wp-json\/wp\/v2\/pages\/219\/revisions\/1095"}],"wp:attachment":[{"href":"https:\/\/weltlaeden.de\/schwaebisch-gmuend\/wp-json\/wp\/v2\/media?parent=219"}],"curies":[{"name":"wp","href":"https:\/\/api.w.org\/{rel}","templated":true}]}}