{"id":217,"date":"2016-10-28T13:34:47","date_gmt":"2016-10-28T11:34:47","guid":{"rendered":"https:\/\/wl.heimpixel.de\/vorlage\/produkte\/"},"modified":"2022-03-03T14:07:59","modified_gmt":"2022-03-03T13:07:59","slug":"produkte","status":"publish","type":"page","link":"https:\/\/weltlaeden.de\/schwaebisch-gmuend\/produkte\/","title":{"rendered":"Sortiment"},"content":{"rendered":"<div class=\"wpb-content-wrapper\"><p>[vc_row][vc_column]<div class=\"wl_einzelbild\"><p><\/p><\/div>[vc_empty_space][vc_column_text]<\/p>\n<h1>Unser Sortiment<\/h1>\n<p>[\/vc_column_text][vc_column_text]<strong>Erleben Sie die Vielfalt fremder L\u00e4nder!<\/strong><br \/>\nSie finden bei uns Sch\u00f6nes und K\u00f6stliches aus aller Welt. Auf den folgenden Seiten stellen wir Ihnen Ausschnitte aus unserem Produktsortiment vor. Von kunstvoll gefertigtem Handwerk \u00fcber hochwertige Lebensmittel bis hin zu unseren exklusiven Produkten wie <strong>Ostalbkaffee, Burundi-Kaffee <\/strong>und <strong>Stauferschokolade<\/strong>.<\/p>\n<p>Treten Sie ein zum St\u00f6bern, Einkaufen oder Mitmachen!<\/p>\n<p>Wir freuen uns auf Sie &#8211; das Weltladen-Team[\/vc_column_text][vc_empty_space][vc_row_inner][vc_column_inner][vc_column_text]<\/p>\n<h1><strong>Ostalbkaffee<\/strong><\/h1>\n<p>[\/vc_column_text][vc_column_text]Erh\u00e4ltlich ist der Hochland-Arabica-Kaffee in den Sorten naturmild gemahlen (500g\/250g), naturmild Bohne (500g), Espresso Bohne (500g), Espresso gemahlen (250g) und entcoffeiniert (250g).<\/p>\n<p>Falls Sie beziehungsweise Ihre Firma gr\u00f6\u00dfere Mengen OK-Kaffee bestellen m\u00f6chten, wenden Sie sich bitte an <strong><span id=\"cloak31e1cb7a57c4bd2889e16e3f3da2f3d7\">gmuenderweltladen@web.de<\/span><\/strong><\/p>\n<p><strong>\u201eOstalbkaffee\u201c<\/strong> &#8211; \u00a0gewachsen und geerntet in Mexiko &#8211; ist eine regionale Besonderheit im Ostalbkreis. Vier Weltl\u00e4den der Region f\u00fchren diesen Kaffee im Sortiment und verkaufen ihn mit gro\u00dfem Erfolg. Seinen Namen hat der reine Hochland Arabica-Kaffee seit vielen Jahren, weil er vom Landrat unseres Kreises besonders gef\u00f6rdert und auch stets konsumiert wurde. Es gibt ihn gemahlen oder als Bohne in naturmild, als Espresso oder entkoffeiniert aus biologischem Anbau.<\/p>\n<p>In der kleinb\u00e4uerlichen Genossenschaft ISMAM in Mexiko steht speziell die Kaffeeb\u00e4uerin Sabita Silvia Rodriguez mit ihrem Namen f\u00fcr die hohe Qualit\u00e4t der Bohnen aus der Sierra Madre in der Region Chiapas. Sabita hat durch langfristige Liefervertr\u00e4ge unseres Importeurs Weltpartner mit der Kooperative ISMAM ein gesichertes Einkommen wie viele weitere Familien auch.<\/p>\n<p>Eine schonende Langzeitr\u00f6stung von bis zu 20 Minuten macht diesen Kaffee besonders vertr\u00e4glich und ist f\u00fcr alle Kaffeevollautomaten und alle g\u00e4ngigen Zubereitungsarten geeignet.[\/vc_column_text]<div class=\"wl_einzelbild\"><p><img loading=\"lazy\" decoding=\"async\" class=\"alignnone size-medium wp-image-685\" src=\"https:\/\/weltlaeden.de\/schwaebisch-gmuend\/wp-content\/uploads\/sites\/179\/2022\/03\/302_OK-Kaffee-300x300.jpg\" alt=\"\" width=\"300\" height=\"300\" srcset=\"https:\/\/weltlaeden.de\/schwaebisch-gmuend\/wp-content\/uploads\/sites\/179\/2022\/03\/302_OK-Kaffee-300x300.jpg 300w, https:\/\/weltlaeden.de\/schwaebisch-gmuend\/wp-content\/uploads\/sites\/179\/2022\/03\/302_OK-Kaffee-150x150.jpg 150w, https:\/\/weltlaeden.de\/schwaebisch-gmuend\/wp-content\/uploads\/sites\/179\/2022\/03\/302_OK-Kaffee-768x771.jpg 768w, https:\/\/weltlaeden.de\/schwaebisch-gmuend\/wp-content\/uploads\/sites\/179\/2022\/03\/302_OK-Kaffee.jpg 778w\" sizes=\"auto, (max-width: 300px) 100vw, 300px\" \/><\/p><\/div>[vc_separator border_width=&#8220;3&#8243;][vc_empty_space][vc_column_text]<\/p>\n<h1><strong>Burundi &#8211; Kaffee \/ Caf\u00e9 du Burundi<\/strong><\/h1>\n<p>[\/vc_column_text][vc_column_text]Nach dem Ostalb-Kaffee gibt es jetzt im Gm\u00fcnder Weltladen den Baden-W\u00fcrttemberg-Kaffee aus Burundi. Damit soll die in den 80er Jahren begonnene Partnerschaft zwischen dem Land Baden-W\u00fcrttemberg und Burundi unterst\u00fctzt werden, gerade auch auf Ebene der Zivilgesellschaft.<\/p>\n<p>Ziel ist eine gleichberechtigte Partnerschaft im Sinne einer nachhaltigen Entwicklung, die den Interessen der Menschen in beiden L\u00e4ndern gerecht wird, die Demokratie st\u00e4rkt und f\u00fcr die Beachtung der Menschenrechte eintritt.<\/p>\n<p>Der Kaffee stammt von ca. 700 Mitgliedern der Kleinbauerngenossenschaft Mboneramiryango. Erst vor wenigen Jahren haben sich diese Kleinbauernfamilien in der Landesmitte Burundis zusammengeschlossen, um gemeinsam eine eigene Verarbeitungsanlage f\u00fcr Kaffee zu bauen. Diese technische Voraussetzung sowie eine unabh\u00e4ngige Fair Trade Zertifizierung waren wichtige Bausteine f\u00fcr die Verarbeitung und Vermarktung ihres Kaffees.<\/p>\n<p>Erh\u00e4ltlich ist er gemahlen (250g) und als ganze Bohne (500g).[\/vc_column_text]<div class=\"wl_einzelbild\"><p><img loading=\"lazy\" decoding=\"async\" class=\"alignnone size-medium wp-image-686\" src=\"https:\/\/weltlaeden.de\/schwaebisch-gmuend\/wp-content\/uploads\/sites\/179\/2022\/03\/303_Burundi-223x300.jpg\" alt=\"\" width=\"223\" height=\"300\" srcset=\"https:\/\/weltlaeden.de\/schwaebisch-gmuend\/wp-content\/uploads\/sites\/179\/2022\/03\/303_Burundi-223x300.jpg 223w, https:\/\/weltlaeden.de\/schwaebisch-gmuend\/wp-content\/uploads\/sites\/179\/2022\/03\/303_Burundi.jpg 579w\" sizes=\"auto, (max-width: 223px) 100vw, 223px\" \/><\/p><\/div>[vc_separator border_width=&#8220;3&#8243;][vc_empty_space][vc_column_text]<\/p>\n<h1><strong>Stauferschokolade<\/strong><\/h1>\n<p>[\/vc_column_text][vc_column_text]<strong>Nougat Variation aus dem Hause zotter<\/strong><br \/>\nAbwechselnd geschichteter heller Mandelnougat und dunkler Haselnussnougat, knackig verfeinert mit gehacktem Haselnusskrokant. Getaucht in Nobelbitterschokolade 70%.<\/p>\n<p><strong>fair trade. fair Gm\u00fcnd.<\/strong><br \/>\nAm 5. November 2012 erhielt Schw\u00e4bisch Gm\u00fcnd das Zertifikat Fairtrade-Town. Dem Traum, den Titel \u201efaire Stadt\u201c zu erlangen, war Schw\u00e4bisch Gm\u00fcnd bereits 2007 und 2009 ein St\u00fcck n\u00e4her ger\u00fcckt. In diesen Jahren erhielt die Stadt den Preis beim Wettbewerb der Stiftung Entwicklungszusammenarbeit Baden-W\u00fcrttemberg zum Thema \u201eMeine Welt. Deine Welt. Eine Welt.\u201c Durch das Zusammenwirken verschiedener Organisationen gibt es in unserer Stadt seit Mai 2010 eine Dienstanweisung der Stadtverwaltung, faire Produkte zu verwenden.<br \/>\nMit der \u201eGm\u00fcnder Stauferschokolade\u201c und dem Programm \u201efair trade. fair Gm\u00fcnd.\u201c wurde ein weiteres Zeichen gesetzt, in Schw\u00e4bisch Gm\u00fcnd diese Vision verwirklichen.<\/p>\n<p>Die <strong>\u201eGm\u00fcnder Stauferschokolade\u201c <\/strong>entstand in Zusammenarbeit mit der Hochschule f\u00fcr Gestaltung und dem Weltladen Schw\u00e4bisch Gm\u00fcnd. Studenten: Juliane Lanig, Moritz Schmidt; Betreuung: Rommi Trakhman[\/vc_column_text]<div class=\"wl_einzelbild\"><p><img loading=\"lazy\" decoding=\"async\" class=\"alignnone wp-image-665\" src=\"https:\/\/weltlaeden.de\/schwaebisch-gmuend\/wp-content\/uploads\/sites\/179\/2022\/03\/301_Staufer-Schoko001-207x300.jpg\" alt=\"\" width=\"302\" height=\"438\" srcset=\"https:\/\/weltlaeden.de\/schwaebisch-gmuend\/wp-content\/uploads\/sites\/179\/2022\/03\/301_Staufer-Schoko001-207x300.jpg 207w, https:\/\/weltlaeden.de\/schwaebisch-gmuend\/wp-content\/uploads\/sites\/179\/2022\/03\/301_Staufer-Schoko001.jpg 528w\" sizes=\"auto, (max-width: 302px) 100vw, 302px\" \/><\/p><\/div>[\/vc_column_inner][\/vc_row_inner][\/vc_column][\/vc_row][vc_row][vc_column][vc_separator border_width=&#8220;3&#8243;][\/vc_column][\/vc_row][vc_row][vc_column][vc_empty_space][\/vc_column][\/vc_row][vc_row][vc_column][vc_column_text]<\/p>\n<h1>Faire Geschenk-K\u00f6rbe und Gutscheine<\/h1>\n<p>[\/vc_column_text][\/vc_column][\/vc_row][vc_row][vc_column][vc_column_text]Im Weltladen Schw\u00e4bisch Gm\u00fcnd k\u00f6nnen Sie sich aus allen angebotenen Produkten einen fairen Geschenk-Korb zusammenstellen lassen.<\/p>\n<p>Au\u00dferdem gibt es die M\u00f6glichkeit, Gutscheine zu erwerben.<\/p>\n<p>Schauen Sie einfach einmal vorbei und lassen Sie sich inspirieren![\/vc_column_text]<div class=\"wl_einzelbild\"><p><img loading=\"lazy\" decoding=\"async\" class=\"alignnone size-medium wp-image-687\" src=\"https:\/\/weltlaeden.de\/schwaebisch-gmuend\/wp-content\/uploads\/sites\/179\/2022\/03\/301_GeschKo-225x300.jpg\" alt=\"\" width=\"225\" height=\"300\" srcset=\"https:\/\/weltlaeden.de\/schwaebisch-gmuend\/wp-content\/uploads\/sites\/179\/2022\/03\/301_GeschKo-225x300.jpg 225w, https:\/\/weltlaeden.de\/schwaebisch-gmuend\/wp-content\/uploads\/sites\/179\/2022\/03\/301_GeschKo.jpg 584w\" sizes=\"auto, (max-width: 225px) 100vw, 225px\" \/><\/p><\/div>[\/vc_column][\/vc_row]<\/p>\n<\/div>","protected":false},"excerpt":{"rendered":"<p>[vc_row][vc_column][vc_empty_space][vc_column_text] Unser Sortiment [\/vc_column_text][vc_column_text]Erleben Sie die Vielfalt fremder L\u00e4nder! Sie finden bei uns Sch\u00f6nes und K\u00f6stliches aus aller Welt. Auf den folgenden Seiten stellen wir Ihnen Ausschnitte aus unserem Produktsortiment vor. Von kunstvoll gefertigtem Handwerk \u00fcber hochwertige Lebensmittel bis hin zu unseren exklusiven Produkten wie Ostalbkaffee, Burundi-Kaffee und Stauferschokolade. Treten Sie ein zum St\u00f6bern, Einkaufen&hellip;<\/p>\n","protected":false},"author":1,"featured_media":0,"parent":0,"menu_order":6,"comment_status":"closed","ping_status":"closed","template":"","meta":{"footnotes":""},"class_list":["post-217","page","type-page","status-publish","hentry","description-off"],"yoast_head":"<!-- This site is optimized with the Yoast SEO plugin v26.8 - https:\/\/yoast.com\/product\/yoast-seo-wordpress\/ -->\n<title>Sortiment - Weltladen Schw\u00e4bisch Gm\u00fcnd<\/title>\n<meta name=\"robots\" content=\"index, follow, max-snippet:-1, max-image-preview:large, max-video-preview:-1\" \/>\n<link rel=\"canonical\" href=\"https:\/\/weltlaeden.de\/schwaebisch-gmuend\/produkte\/\" \/>\n<meta property=\"og:locale\" content=\"de_DE\" \/>\n<meta property=\"og:type\" content=\"article\" \/>\n<meta property=\"og:title\" content=\"Sortiment - Weltladen Schw\u00e4bisch Gm\u00fcnd\" \/>\n<meta property=\"og:description\" content=\"[vc_row][vc_column][vc_empty_space][vc_column_text] Unser Sortiment [\/vc_column_text][vc_column_text]Erleben Sie die Vielfalt fremder L\u00e4nder! Sie finden bei uns Sch\u00f6nes und K\u00f6stliches aus aller Welt. Auf den folgenden Seiten stellen wir Ihnen Ausschnitte aus unserem Produktsortiment vor. Von kunstvoll gefertigtem Handwerk \u00fcber hochwertige Lebensmittel bis hin zu unseren exklusiven Produkten wie Ostalbkaffee, Burundi-Kaffee und Stauferschokolade. Treten Sie ein zum St\u00f6bern, Einkaufen&hellip;\" \/>\n<meta property=\"og:url\" content=\"https:\/\/weltlaeden.de\/schwaebisch-gmuend\/produkte\/\" \/>\n<meta property=\"og:site_name\" content=\"Weltladen Schw\u00e4bisch Gm\u00fcnd\" \/>\n<meta property=\"article:modified_time\" content=\"2022-03-03T13:07:59+00:00\" \/>\n<meta property=\"og:image\" content=\"https:\/\/weltlaeden.de\/schwaebisch-gmuend\/wp-content\/uploads\/sites\/179\/2022\/03\/302_OK-Kaffee-300x300.jpg\" \/>\n<meta name=\"twitter:card\" content=\"summary_large_image\" \/>\n<meta name=\"twitter:label1\" content=\"Gesch\u00e4tzte Lesezeit\" \/>\n\t<meta name=\"twitter:data1\" content=\"4\u00a0Minuten\" \/>\n<script type=\"application\/ld+json\" class=\"yoast-schema-graph\">{\"@context\":\"https:\/\/schema.org\",\"@graph\":[{\"@type\":\"WebPage\",\"@id\":\"https:\/\/weltlaeden.de\/schwaebisch-gmuend\/produkte\/\",\"url\":\"https:\/\/weltlaeden.de\/schwaebisch-gmuend\/produkte\/\",\"name\":\"Sortiment - Weltladen Schw\u00e4bisch Gm\u00fcnd\",\"isPartOf\":{\"@id\":\"https:\/\/weltlaeden.de\/schwaebisch-gmuend\/#website\"},\"primaryImageOfPage\":{\"@id\":\"https:\/\/weltlaeden.de\/schwaebisch-gmuend\/produkte\/#primaryimage\"},\"image\":{\"@id\":\"https:\/\/weltlaeden.de\/schwaebisch-gmuend\/produkte\/#primaryimage\"},\"thumbnailUrl\":\"https:\/\/weltlaeden.de\/schwaebisch-gmuend\/wp-content\/uploads\/sites\/179\/2022\/03\/302_OK-Kaffee-300x300.jpg\",\"datePublished\":\"2016-10-28T11:34:47+00:00\",\"dateModified\":\"2022-03-03T13:07:59+00:00\",\"breadcrumb\":{\"@id\":\"https:\/\/weltlaeden.de\/schwaebisch-gmuend\/produkte\/#breadcrumb\"},\"inLanguage\":\"de\",\"potentialAction\":[{\"@type\":\"ReadAction\",\"target\":[\"https:\/\/weltlaeden.de\/schwaebisch-gmuend\/produkte\/\"]}]},{\"@type\":\"ImageObject\",\"inLanguage\":\"de\",\"@id\":\"https:\/\/weltlaeden.de\/schwaebisch-gmuend\/produkte\/#primaryimage\",\"url\":\"https:\/\/weltlaeden.de\/schwaebisch-gmuend\/wp-content\/uploads\/sites\/179\/2022\/03\/302_OK-Kaffee.jpg\",\"contentUrl\":\"https:\/\/weltlaeden.de\/schwaebisch-gmuend\/wp-content\/uploads\/sites\/179\/2022\/03\/302_OK-Kaffee.jpg\",\"width\":778,\"height\":781},{\"@type\":\"BreadcrumbList\",\"@id\":\"https:\/\/weltlaeden.de\/schwaebisch-gmuend\/produkte\/#breadcrumb\",\"itemListElement\":[{\"@type\":\"ListItem\",\"position\":1,\"name\":\"Startseite\",\"item\":\"https:\/\/weltlaeden.de\/schwaebisch-gmuend\/\"},{\"@type\":\"ListItem\",\"position\":2,\"name\":\"Sortiment\"}]},{\"@type\":\"WebSite\",\"@id\":\"https:\/\/weltlaeden.de\/schwaebisch-gmuend\/#website\",\"url\":\"https:\/\/weltlaeden.de\/schwaebisch-gmuend\/\",\"name\":\"Weltladen Schw\u00e4bisch Gm\u00fcnd\",\"description\":\"Faire Produkte seit 1990\",\"potentialAction\":[{\"@type\":\"SearchAction\",\"target\":{\"@type\":\"EntryPoint\",\"urlTemplate\":\"https:\/\/weltlaeden.de\/schwaebisch-gmuend\/?s={search_term_string}\"},\"query-input\":{\"@type\":\"PropertyValueSpecification\",\"valueRequired\":true,\"valueName\":\"search_term_string\"}}],\"inLanguage\":\"de\"}]}<\/script>\n<!-- \/ Yoast SEO plugin. -->","yoast_head_json":{"title":"Sortiment - Weltladen Schw\u00e4bisch Gm\u00fcnd","robots":{"index":"index","follow":"follow","max-snippet":"max-snippet:-1","max-image-preview":"max-image-preview:large","max-video-preview":"max-video-preview:-1"},"canonical":"https:\/\/weltlaeden.de\/schwaebisch-gmuend\/produkte\/","og_locale":"de_DE","og_type":"article","og_title":"Sortiment - Weltladen Schw\u00e4bisch Gm\u00fcnd","og_description":"[vc_row][vc_column][vc_empty_space][vc_column_text] Unser Sortiment [\/vc_column_text][vc_column_text]Erleben Sie die Vielfalt fremder L\u00e4nder! Sie finden bei uns Sch\u00f6nes und K\u00f6stliches aus aller Welt. Auf den folgenden Seiten stellen wir Ihnen Ausschnitte aus unserem Produktsortiment vor. Von kunstvoll gefertigtem Handwerk \u00fcber hochwertige Lebensmittel bis hin zu unseren exklusiven Produkten wie Ostalbkaffee, Burundi-Kaffee und Stauferschokolade. Treten Sie ein zum St\u00f6bern, Einkaufen&hellip;","og_url":"https:\/\/weltlaeden.de\/schwaebisch-gmuend\/produkte\/","og_site_name":"Weltladen Schw\u00e4bisch Gm\u00fcnd","article_modified_time":"2022-03-03T13:07:59+00:00","og_image":[{"url":"https:\/\/weltlaeden.de\/schwaebisch-gmuend\/wp-content\/uploads\/sites\/179\/2022\/03\/302_OK-Kaffee-300x300.jpg","type":"","width":"","height":""}],"twitter_card":"summary_large_image","twitter_misc":{"Gesch\u00e4tzte Lesezeit":"4\u00a0Minuten"},"schema":{"@context":"https:\/\/schema.org","@graph":[{"@type":"WebPage","@id":"https:\/\/weltlaeden.de\/schwaebisch-gmuend\/produkte\/","url":"https:\/\/weltlaeden.de\/schwaebisch-gmuend\/produkte\/","name":"Sortiment - Weltladen Schw\u00e4bisch Gm\u00fcnd","isPartOf":{"@id":"https:\/\/weltlaeden.de\/schwaebisch-gmuend\/#website"},"primaryImageOfPage":{"@id":"https:\/\/weltlaeden.de\/schwaebisch-gmuend\/produkte\/#primaryimage"},"image":{"@id":"https:\/\/weltlaeden.de\/schwaebisch-gmuend\/produkte\/#primaryimage"},"thumbnailUrl":"https:\/\/weltlaeden.de\/schwaebisch-gmuend\/wp-content\/uploads\/sites\/179\/2022\/03\/302_OK-Kaffee-300x300.jpg","datePublished":"2016-10-28T11:34:47+00:00","dateModified":"2022-03-03T13:07:59+00:00","breadcrumb":{"@id":"https:\/\/weltlaeden.de\/schwaebisch-gmuend\/produkte\/#breadcrumb"},"inLanguage":"de","potentialAction":[{"@type":"ReadAction","target":["https:\/\/weltlaeden.de\/schwaebisch-gmuend\/produkte\/"]}]},{"@type":"ImageObject","inLanguage":"de","@id":"https:\/\/weltlaeden.de\/schwaebisch-gmuend\/produkte\/#primaryimage","url":"https:\/\/weltlaeden.de\/schwaebisch-gmuend\/wp-content\/uploads\/sites\/179\/2022\/03\/302_OK-Kaffee.jpg","contentUrl":"https:\/\/weltlaeden.de\/schwaebisch-gmuend\/wp-content\/uploads\/sites\/179\/2022\/03\/302_OK-Kaffee.jpg","width":778,"height":781},{"@type":"BreadcrumbList","@id":"https:\/\/weltlaeden.de\/schwaebisch-gmuend\/produkte\/#breadcrumb","itemListElement":[{"@type":"ListItem","position":1,"name":"Startseite","item":"https:\/\/weltlaeden.de\/schwaebisch-gmuend\/"},{"@type":"ListItem","position":2,"name":"Sortiment"}]},{"@type":"WebSite","@id":"https:\/\/weltlaeden.de\/schwaebisch-gmuend\/#website","url":"https:\/\/weltlaeden.de\/schwaebisch-gmuend\/","name":"Weltladen Schw\u00e4bisch Gm\u00fcnd","description":"Faire Produkte seit 1990","potentialAction":[{"@type":"SearchAction","target":{"@type":"EntryPoint","urlTemplate":"https:\/\/weltlaeden.de\/schwaebisch-gmuend\/?s={search_term_string}"},"query-input":{"@type":"PropertyValueSpecification","valueRequired":true,"valueName":"search_term_string"}}],"inLanguage":"de"}]}},"_links":{"self":[{"href":"https:\/\/weltlaeden.de\/schwaebisch-gmuend\/wp-json\/wp\/v2\/pages\/217","targetHints":{"allow":["GET"]}}],"collection":[{"href":"https:\/\/weltlaeden.de\/schwaebisch-gmuend\/wp-json\/wp\/v2\/pages"}],"about":[{"href":"https:\/\/weltlaeden.de\/schwaebisch-gmuend\/wp-json\/wp\/v2\/types\/page"}],"author":[{"embeddable":true,"href":"https:\/\/weltlaeden.de\/schwaebisch-gmuend\/wp-json\/wp\/v2\/users\/1"}],"replies":[{"embeddable":true,"href":"https:\/\/weltlaeden.de\/schwaebisch-gmuend\/wp-json\/wp\/v2\/comments?post=217"}],"version-history":[{"count":24,"href":"https:\/\/weltlaeden.de\/schwaebisch-gmuend\/wp-json\/wp\/v2\/pages\/217\/revisions"}],"predecessor-version":[{"id":689,"href":"https:\/\/weltlaeden.de\/schwaebisch-gmuend\/wp-json\/wp\/v2\/pages\/217\/revisions\/689"}],"wp:attachment":[{"href":"https:\/\/weltlaeden.de\/schwaebisch-gmuend\/wp-json\/wp\/v2\/media?parent=217"}],"curies":[{"name":"wp","href":"https:\/\/api.w.org\/{rel}","templated":true}]}}