{"version":"1.0","provider_name":"Weltladen Schw\u00e4bisch Gm\u00fcnd","provider_url":"https:\/\/weltlaeden.de\/schwaebisch-gmuend","title":"\u00dcber uns - Weltladen Schw\u00e4bisch Gm\u00fcnd","type":"rich","width":600,"height":338,"html":"<blockquote class=\"wp-embedded-content\" data-secret=\"B8GybFP6pF\"><a href=\"https:\/\/weltlaeden.de\/schwaebisch-gmuend\/ueber-uns\/\">\u00dcber uns<\/a><\/blockquote><iframe sandbox=\"allow-scripts\" security=\"restricted\" src=\"https:\/\/weltlaeden.de\/schwaebisch-gmuend\/ueber-uns\/embed\/#?secret=B8GybFP6pF\" width=\"600\" height=\"338\" title=\"&#8222;\u00dcber uns&#8220; &#8211; Weltladen Schw\u00e4bisch Gm\u00fcnd\" data-secret=\"B8GybFP6pF\" frameborder=\"0\" marginwidth=\"0\" marginheight=\"0\" scrolling=\"no\" class=\"wp-embedded-content\"><\/iframe><script>\n\/*! This file is auto-generated *\/\n!function(d,l){\"use strict\";l.querySelector&&d.addEventListener&&\"undefined\"!=typeof URL&&(d.wp=d.wp||{},d.wp.receiveEmbedMessage||(d.wp.receiveEmbedMessage=function(e){var t=e.data;if((t||t.secret||t.message||t.value)&&!\/[^a-zA-Z0-9]\/.test(t.secret)){for(var s,r,n,a=l.querySelectorAll('iframe[data-secret=\"'+t.secret+'\"]'),o=l.querySelectorAll('blockquote[data-secret=\"'+t.secret+'\"]'),c=new RegExp(\"^https?:$\",\"i\"),i=0;i<o.length;i++)o[i].style.display=\"none\";for(i=0;i<a.length;i++)s=a[i],e.source===s.contentWindow&&(s.removeAttribute(\"style\"),\"height\"===t.message?(1e3<(r=parseInt(t.value,10))?r=1e3:~~r<200&&(r=200),s.height=r):\"link\"===t.message&&(r=new URL(s.getAttribute(\"src\")),n=new URL(t.value),c.test(n.protocol))&&n.host===r.host&&l.activeElement===s&&(d.top.location.href=t.value))}},d.addEventListener(\"message\",d.wp.receiveEmbedMessage,!1),l.addEventListener(\"DOMContentLoaded\",function(){for(var e,t,s=l.querySelectorAll(\"iframe.wp-embedded-content\"),r=0;r<s.length;r++)(t=(e=s[r]).getAttribute(\"data-secret\"))||(t=Math.random().toString(36).substring(2,12),e.src+=\"#?secret=\"+t,e.setAttribute(\"data-secret\",t)),e.contentWindow.postMessage({message:\"ready\",secret:t},\"*\")},!1)))}(window,document);\n<\/script>\n","description":"[vc_row][vc_column][vc_empty_space][vc_column_text] \u00dcber den Weltladen Schw\u00e4bisch Gm\u00fcnd [\/vc_column_text][\/vc_column][\/vc_row][vc_row][vc_column][vc_empty_space][vc_column_text] Unser Weltladen-Flyer [\/vc_column_text][vc_column_text] Unser aktueller Weltladen Flyer kann mit Klick auf das Bild direkt angezeigt werden: [\/vc_column_text][\/vc_column][\/vc_row][vc_row][vc_column][vc_empty_space][vc_column_text] Vorstand [\/vc_column_text][vc_column_text css=&#8220;&#8220;] Vorsitzende: Cordula Reichert Stellvertretende Vorsitzende: Astrid Wassenberg Kassierer: Dieter Stumbrat Beir\u00e4te: Andreas Eisenhuth, Gerhard Rohm, Dorothea Krieg [\/vc_column_text][\/vc_column][\/vc_row][vc_row][vc_column][vc_empty_space][vc_column_text] Ladenteam [\/vc_column_text][vc_column_text]Unser \u00fcberwiegend ehrenamtlich t\u00e4tiges Ladenteam schenkt den Kleinproduzenten in&hellip;","thumbnail_url":"https:\/\/weltlaeden.de\/schwaebisch-gmuend\/wp-content\/uploads\/sites\/179\/2019\/04\/board-game-challenge-chess-209728_1200x519-e1555324787982.png"}