{"version":"1.0","provider_name":"Weltladen Schw\u00e4bisch Gm\u00fcnd","provider_url":"https:\/\/weltlaeden.de\/schwaebisch-gmuend","title":"Mitarbeiterausflug zu N\u00fcrtinger Welthaus - Weltladen Schw\u00e4bisch Gm\u00fcnd","type":"rich","width":600,"height":338,"html":"<blockquote class=\"wp-embedded-content\" data-secret=\"FgjBlKbJlM\"><a href=\"https:\/\/weltlaeden.de\/schwaebisch-gmuend\/mitarbeiterausflug-zu-nuertinger-welthaus\/\">Mitarbeiterausflug zu N\u00fcrtinger Welthaus<\/a><\/blockquote><iframe sandbox=\"allow-scripts\" security=\"restricted\" src=\"https:\/\/weltlaeden.de\/schwaebisch-gmuend\/mitarbeiterausflug-zu-nuertinger-welthaus\/embed\/#?secret=FgjBlKbJlM\" width=\"600\" height=\"338\" title=\"&#8222;Mitarbeiterausflug zu N\u00fcrtinger Welthaus&#8220; &#8211; Weltladen Schw\u00e4bisch Gm\u00fcnd\" data-secret=\"FgjBlKbJlM\" frameborder=\"0\" marginwidth=\"0\" marginheight=\"0\" scrolling=\"no\" class=\"wp-embedded-content\"><\/iframe><script>\n\/*! This file is auto-generated *\/\n!function(d,l){\"use strict\";l.querySelector&&d.addEventListener&&\"undefined\"!=typeof URL&&(d.wp=d.wp||{},d.wp.receiveEmbedMessage||(d.wp.receiveEmbedMessage=function(e){var t=e.data;if((t||t.secret||t.message||t.value)&&!\/[^a-zA-Z0-9]\/.test(t.secret)){for(var s,r,n,a=l.querySelectorAll('iframe[data-secret=\"'+t.secret+'\"]'),o=l.querySelectorAll('blockquote[data-secret=\"'+t.secret+'\"]'),c=new RegExp(\"^https?:$\",\"i\"),i=0;i<o.length;i++)o[i].style.display=\"none\";for(i=0;i<a.length;i++)s=a[i],e.source===s.contentWindow&&(s.removeAttribute(\"style\"),\"height\"===t.message?(1e3<(r=parseInt(t.value,10))?r=1e3:~~r<200&&(r=200),s.height=r):\"link\"===t.message&&(r=new URL(s.getAttribute(\"src\")),n=new URL(t.value),c.test(n.protocol))&&n.host===r.host&&l.activeElement===s&&(d.top.location.href=t.value))}},d.addEventListener(\"message\",d.wp.receiveEmbedMessage,!1),l.addEventListener(\"DOMContentLoaded\",function(){for(var e,t,s=l.querySelectorAll(\"iframe.wp-embedded-content\"),r=0;r<s.length;r++)(t=(e=s[r]).getAttribute(\"data-secret\"))||(t=Math.random().toString(36).substring(2,12),e.src+=\"#?secret=\"+t,e.setAttribute(\"data-secret\",t)),e.contentWindow.postMessage({message:\"ready\",secret:t},\"*\")},!1)))}(window,document);\n<\/script>\n","description":"Der Mitarbeiterausflug f\u00fchrte in diesem Jahr die Teilnehmer in das malerische St\u00e4dtchen N\u00fcrtingen am Neckar mit dem Stadtbalkon und mehreren Restaurants. Besonders interessant war die F\u00fchrung durch das zukunftsweisende Welthaus, das nicht nur den Weltladen beherbergt, sondern auch eine Weltk\u00fcche f\u00fcr vielf\u00e4ltige Angebote zu Nachhaltigkeit und fairem Handel. Mit vielen Informationen und Inspirationen ging es&hellip;","thumbnail_url":"https:\/\/weltlaeden.de\/schwaebisch-gmuend\/wp-content\/uploads\/sites\/179\/2025\/10\/NEU_2025_10_01.png","thumbnail_width":1135,"thumbnail_height":755}