{"id":23,"date":"2016-10-14T09:05:21","date_gmt":"2016-10-14T07:05:21","guid":{"rendered":"https:\/\/wl.heimpixel.de\/vorlage\/termine\/"},"modified":"2025-07-16T19:26:58","modified_gmt":"2025-07-16T17:26:58","slug":"termine","status":"publish","type":"page","link":"https:\/\/weltlaeden.de\/schwabmuenchen\/termine\/","title":{"rendered":"Termine"},"content":{"rendered":"<div class=\"wpb-content-wrapper\"><p>[vc_row][vc_column]<div class=\"wl_einzelbild\"><p><img loading=\"lazy\" decoding=\"async\" class=\"aligncenter size-full wp-image-nsm-3-33\" src=\"https:\/\/weltlaeden.de\/schwabmuenchen\/wp-content\/uploads\/sites\/3\/2018\/07\/pocket-watch-1637396_1920_pixabay.png\" alt=\"\" width=\"787\" height=\"340\" \/><\/p><\/div>[vc_empty_space height=&#8220;30px&#8220;][vc_column_text]<\/p>\n<h1>Termine<\/h1>\n<h4><\/h4>\n<p>[\/vc_column_text][vc_empty_space height=&#8220;30px&#8220;][\/vc_column][\/vc_row][vc_row][vc_column width=&#8220;2\/3&#8243;][vc_column_text]<\/p>\n<h2>Kommende Termine<\/h2>\n<p>[\/vc_column_text]<ul class=\"termine-page current aktuell\"><li><h5 class=\"termine-titel\"><a href=\"https:\/\/weltlaeden.de\/schwabmuenchen\/termin\/gewuerzworkshop-am-06-mai-2026-1830-uhr\/\">Gew\u00fcrz-Workshop am 06. Mai 2026, 18:30 Uhr<\/a><\/h5><p class=\"termine-date\">Mi., 06.05.2026, 18:30<\/p><p class=\"termine-auszug\"><strong>Der Gew\u00fcrz-Workshop entf\u00fchrt Sie in die Welt der Aromen.<\/strong> Sie riechen und schmecken die Vielfalt von Gew\u00fcrzen aus aller Welt und mischen selber kr\u00e4ftig mit. Schlie\u00dflich nehmen Sie Ihre Gew\u00fcrzmischung und Rezeptideen mit nach Hause. Teilnahmebeitrag: 10,00 \u20ac, Tickets im Weltladen. Der Workshop wird veranstaltet vom Weltladen Schwabm\u00fcnchen in Kooperation mit der Steuerungsgruppe Fairtrade Stadt. <a href=\"https:\/\/weltlaeden.de\/schwabmuenchen\/wp-content\/uploads\/sites\/181\/2026\/04\/Gewuerzworkshop-2026-Flyer-Versandformat.pdf\"><em>Hier geht's zum Info Flyer\u00a0<\/em><\/a><\/li><\/ul>[vc_empty_space height=&#8220;30px&#8220;][vc_column_text]<\/p>\n<h2>Vergangene Termine<\/h2>\n<p>[\/vc_column_text]<ul class=\"termine-page past vergangen\"><li><h5 class=\"termine-titel\"><a href=\"https:\/\/weltlaeden.de\/schwabmuenchen\/termin\/michaelimarkt-schwabmuenchen-sonntag-24-09\/\">Michaelimarkt Schwabm\u00fcnchen, Sonntag, 28.09.<\/a><\/h5><p class=\"termine-date\">So., 28.09.2025<\/p><p class=\"termine-auszug\"><strong>Wir haben ab 12:30 Uhr f\u00fcr Sie ge\u00f6ffnet.<\/strong> Bummeln Sie entspannt durch unser neues Sortiment und erfahren Sie Neues aus dem Fairen Handel. Wir freuen uns auf Begegnungen.<\/li><li><h5 class=\"termine-titel\"><a href=\"https:\/\/weltlaeden.de\/schwabmuenchen\/termin\/interkulturelles-faires-fruehstueck-samstag-27-09\/\">Interkulturelles Faires Fr\u00fchst\u00fcck, Samstag, 27.09., 10:00 bis 12:00 Uhr<\/a><\/h5><p class=\"termine-date\">Sa., 27.09.2025<\/p><p class=\"termine-auszug\"><strong>Solidarit\u00e4t eine Welt Schwabm\u00fcnchen e.V. l\u00e4dt ein<\/strong> ins Pfarrzentrum St. Michael, Schrannenplatz 3. Freuen Sie sich auf kulinarischen und kulturellen Austausch bei einem k\u00f6stlichen Fr\u00fchst\u00fcck mit Spezialit\u00e4ten aus aller Welt.<\/li><li><h5 class=\"termine-titel\"><a href=\"https:\/\/weltlaeden.de\/schwabmuenchen\/termin\/stadtfest-schwabmuenchen-lange-tafel-am-freitag-18-07\/\">Stadtfest Schwabm\u00fcnchen, Lange Tafel am Freitag, 18.07.<\/a><\/h5><p class=\"termine-date\">Fr., 18.07.2025, 18:30<\/p><p class=\"termine-auszug\">Bei der Langen Tafel im Stadtgarten schenken wir Ihnen Fairen Wein ein und nat\u00fcrlich auch erfrischende Softdrinks. <strong>Bitte vergessen Sie nicht, Ihr Glas mitzubringen.<\/strong> Geschirr und Gl\u00e4ser werden zur langen Tafel nicht bereit gestellt. Bis dann, wir freuen uns auf Sie! mehr erfahren: <a href=\"https:\/\/www.kultur-schwabmuenchen.de\/event\/stadtfest-2025\/\">zum Programm des Stadfestes<\/a><\/li><\/ul>[\/vc_column][\/vc_row]<\/p>\n<\/div>","protected":false},"excerpt":{"rendered":"<p>[vc_row][vc_column][vc_empty_space height=&#8220;30px&#8220;][vc_column_text] Termine [\/vc_column_text][vc_empty_space height=&#8220;30px&#8220;][\/vc_column][\/vc_row][vc_row][vc_column width=&#8220;2\/3&#8243;][vc_column_text] Kommende Termine [\/vc_column_text][vc_empty_space height=&#8220;30px&#8220;][vc_column_text] Vergangene Termine [\/vc_column_text][\/vc_column][\/vc_row]<\/p>\n","protected":false},"author":1,"featured_media":0,"parent":0,"menu_order":7,"comment_status":"closed","ping_status":"closed","template":"","meta":{"footnotes":""},"class_list":["post-23","page","type-page","status-publish","hentry","description-off"],"yoast_head":"<!-- This site is optimized with the Yoast SEO plugin v26.8 - https:\/\/yoast.com\/product\/yoast-seo-wordpress\/ -->\n<title>Termine - Weltladen Schwabm\u00fcnchen<\/title>\n<meta name=\"robots\" content=\"index, follow, max-snippet:-1, max-image-preview:large, max-video-preview:-1\" \/>\n<link rel=\"canonical\" href=\"https:\/\/weltlaeden.de\/schwabmuenchen\/termine\/\" \/>\n<meta property=\"og:locale\" content=\"de_DE\" \/>\n<meta property=\"og:type\" content=\"article\" \/>\n<meta property=\"og:title\" content=\"Termine - Weltladen Schwabm\u00fcnchen\" \/>\n<meta property=\"og:description\" content=\"[vc_row][vc_column][vc_empty_space height=&#8220;30px&#8220;][vc_column_text] Termine [\/vc_column_text][vc_empty_space height=&#8220;30px&#8220;][\/vc_column][\/vc_row][vc_row][vc_column width=&#8220;2\/3&#8243;][vc_column_text] Kommende Termine [\/vc_column_text][vc_empty_space height=&#8220;30px&#8220;][vc_column_text] Vergangene Termine [\/vc_column_text][\/vc_column][\/vc_row]\" \/>\n<meta property=\"og:url\" content=\"https:\/\/weltlaeden.de\/schwabmuenchen\/termine\/\" \/>\n<meta property=\"og:site_name\" content=\"Weltladen Schwabm\u00fcnchen\" \/>\n<meta property=\"article:modified_time\" content=\"2025-07-16T17:26:58+00:00\" \/>\n<meta property=\"og:image\" content=\"https:\/\/weltlaeden.de\/schwabmuenchen\/wp-content\/uploads\/sites\/3\/2018\/07\/pocket-watch-1637396_1920_pixabay.png\" \/>\n<meta name=\"twitter:card\" content=\"summary_large_image\" \/>\n<meta name=\"twitter:label1\" content=\"Gesch\u00e4tzte Lesezeit\" \/>\n\t<meta name=\"twitter:data1\" content=\"1\u00a0Minute\" \/>\n<script type=\"application\/ld+json\" class=\"yoast-schema-graph\">{\"@context\":\"https:\/\/schema.org\",\"@graph\":[{\"@type\":\"WebPage\",\"@id\":\"https:\/\/weltlaeden.de\/schwabmuenchen\/termine\/\",\"url\":\"https:\/\/weltlaeden.de\/schwabmuenchen\/termine\/\",\"name\":\"Termine - Weltladen Schwabm\u00fcnchen\",\"isPartOf\":{\"@id\":\"https:\/\/weltlaeden.de\/schwabmuenchen\/#website\"},\"primaryImageOfPage\":{\"@id\":\"https:\/\/weltlaeden.de\/schwabmuenchen\/termine\/#primaryimage\"},\"image\":{\"@id\":\"https:\/\/weltlaeden.de\/schwabmuenchen\/termine\/#primaryimage\"},\"thumbnailUrl\":\"https:\/\/weltlaeden.de\/schwabmuenchen\/wp-content\/uploads\/sites\/3\/2018\/07\/pocket-watch-1637396_1920_pixabay.png\",\"datePublished\":\"2016-10-14T07:05:21+00:00\",\"dateModified\":\"2025-07-16T17:26:58+00:00\",\"breadcrumb\":{\"@id\":\"https:\/\/weltlaeden.de\/schwabmuenchen\/termine\/#breadcrumb\"},\"inLanguage\":\"de\",\"potentialAction\":[{\"@type\":\"ReadAction\",\"target\":[\"https:\/\/weltlaeden.de\/schwabmuenchen\/termine\/\"]}]},{\"@type\":\"ImageObject\",\"inLanguage\":\"de\",\"@id\":\"https:\/\/weltlaeden.de\/schwabmuenchen\/termine\/#primaryimage\",\"url\":\"https:\/\/weltlaeden.de\/schwabmuenchen\/wp-content\/uploads\/sites\/3\/2018\/07\/pocket-watch-1637396_1920_pixabay.png\",\"contentUrl\":\"https:\/\/weltlaeden.de\/schwabmuenchen\/wp-content\/uploads\/sites\/3\/2018\/07\/pocket-watch-1637396_1920_pixabay.png\"},{\"@type\":\"BreadcrumbList\",\"@id\":\"https:\/\/weltlaeden.de\/schwabmuenchen\/termine\/#breadcrumb\",\"itemListElement\":[{\"@type\":\"ListItem\",\"position\":1,\"name\":\"Startseite\",\"item\":\"https:\/\/weltlaeden.de\/schwabmuenchen\/\"},{\"@type\":\"ListItem\",\"position\":2,\"name\":\"Termine\"}]},{\"@type\":\"WebSite\",\"@id\":\"https:\/\/weltlaeden.de\/schwabmuenchen\/#website\",\"url\":\"https:\/\/weltlaeden.de\/schwabmuenchen\/\",\"name\":\"Weltladen Schwabm\u00fcnchen\",\"description\":\"Fairer Handel - seit 25 Jahren in Schwabm\u00fcnchen\",\"potentialAction\":[{\"@type\":\"SearchAction\",\"target\":{\"@type\":\"EntryPoint\",\"urlTemplate\":\"https:\/\/weltlaeden.de\/schwabmuenchen\/?s={search_term_string}\"},\"query-input\":{\"@type\":\"PropertyValueSpecification\",\"valueRequired\":true,\"valueName\":\"search_term_string\"}}],\"inLanguage\":\"de\"}]}<\/script>\n<!-- \/ Yoast SEO plugin. -->","yoast_head_json":{"title":"Termine - Weltladen Schwabm\u00fcnchen","robots":{"index":"index","follow":"follow","max-snippet":"max-snippet:-1","max-image-preview":"max-image-preview:large","max-video-preview":"max-video-preview:-1"},"canonical":"https:\/\/weltlaeden.de\/schwabmuenchen\/termine\/","og_locale":"de_DE","og_type":"article","og_title":"Termine - Weltladen Schwabm\u00fcnchen","og_description":"[vc_row][vc_column][vc_empty_space height=&#8220;30px&#8220;][vc_column_text] Termine [\/vc_column_text][vc_empty_space height=&#8220;30px&#8220;][\/vc_column][\/vc_row][vc_row][vc_column width=&#8220;2\/3&#8243;][vc_column_text] Kommende Termine [\/vc_column_text][vc_empty_space height=&#8220;30px&#8220;][vc_column_text] Vergangene Termine [\/vc_column_text][\/vc_column][\/vc_row]","og_url":"https:\/\/weltlaeden.de\/schwabmuenchen\/termine\/","og_site_name":"Weltladen Schwabm\u00fcnchen","article_modified_time":"2025-07-16T17:26:58+00:00","og_image":[{"url":"https:\/\/weltlaeden.de\/schwabmuenchen\/wp-content\/uploads\/sites\/3\/2018\/07\/pocket-watch-1637396_1920_pixabay.png","type":"","width":"","height":""}],"twitter_card":"summary_large_image","twitter_misc":{"Gesch\u00e4tzte Lesezeit":"1\u00a0Minute"},"schema":{"@context":"https:\/\/schema.org","@graph":[{"@type":"WebPage","@id":"https:\/\/weltlaeden.de\/schwabmuenchen\/termine\/","url":"https:\/\/weltlaeden.de\/schwabmuenchen\/termine\/","name":"Termine - Weltladen Schwabm\u00fcnchen","isPartOf":{"@id":"https:\/\/weltlaeden.de\/schwabmuenchen\/#website"},"primaryImageOfPage":{"@id":"https:\/\/weltlaeden.de\/schwabmuenchen\/termine\/#primaryimage"},"image":{"@id":"https:\/\/weltlaeden.de\/schwabmuenchen\/termine\/#primaryimage"},"thumbnailUrl":"https:\/\/weltlaeden.de\/schwabmuenchen\/wp-content\/uploads\/sites\/3\/2018\/07\/pocket-watch-1637396_1920_pixabay.png","datePublished":"2016-10-14T07:05:21+00:00","dateModified":"2025-07-16T17:26:58+00:00","breadcrumb":{"@id":"https:\/\/weltlaeden.de\/schwabmuenchen\/termine\/#breadcrumb"},"inLanguage":"de","potentialAction":[{"@type":"ReadAction","target":["https:\/\/weltlaeden.de\/schwabmuenchen\/termine\/"]}]},{"@type":"ImageObject","inLanguage":"de","@id":"https:\/\/weltlaeden.de\/schwabmuenchen\/termine\/#primaryimage","url":"https:\/\/weltlaeden.de\/schwabmuenchen\/wp-content\/uploads\/sites\/3\/2018\/07\/pocket-watch-1637396_1920_pixabay.png","contentUrl":"https:\/\/weltlaeden.de\/schwabmuenchen\/wp-content\/uploads\/sites\/3\/2018\/07\/pocket-watch-1637396_1920_pixabay.png"},{"@type":"BreadcrumbList","@id":"https:\/\/weltlaeden.de\/schwabmuenchen\/termine\/#breadcrumb","itemListElement":[{"@type":"ListItem","position":1,"name":"Startseite","item":"https:\/\/weltlaeden.de\/schwabmuenchen\/"},{"@type":"ListItem","position":2,"name":"Termine"}]},{"@type":"WebSite","@id":"https:\/\/weltlaeden.de\/schwabmuenchen\/#website","url":"https:\/\/weltlaeden.de\/schwabmuenchen\/","name":"Weltladen Schwabm\u00fcnchen","description":"Fairer Handel - seit 25 Jahren in Schwabm\u00fcnchen","potentialAction":[{"@type":"SearchAction","target":{"@type":"EntryPoint","urlTemplate":"https:\/\/weltlaeden.de\/schwabmuenchen\/?s={search_term_string}"},"query-input":{"@type":"PropertyValueSpecification","valueRequired":true,"valueName":"search_term_string"}}],"inLanguage":"de"}]}},"_links":{"self":[{"href":"https:\/\/weltlaeden.de\/schwabmuenchen\/wp-json\/wp\/v2\/pages\/23","targetHints":{"allow":["GET"]}}],"collection":[{"href":"https:\/\/weltlaeden.de\/schwabmuenchen\/wp-json\/wp\/v2\/pages"}],"about":[{"href":"https:\/\/weltlaeden.de\/schwabmuenchen\/wp-json\/wp\/v2\/types\/page"}],"author":[{"embeddable":true,"href":"https:\/\/weltlaeden.de\/schwabmuenchen\/wp-json\/wp\/v2\/users\/1"}],"replies":[{"embeddable":true,"href":"https:\/\/weltlaeden.de\/schwabmuenchen\/wp-json\/wp\/v2\/comments?post=23"}],"version-history":[{"count":14,"href":"https:\/\/weltlaeden.de\/schwabmuenchen\/wp-json\/wp\/v2\/pages\/23\/revisions"}],"predecessor-version":[{"id":414,"href":"https:\/\/weltlaeden.de\/schwabmuenchen\/wp-json\/wp\/v2\/pages\/23\/revisions\/414"}],"wp:attachment":[{"href":"https:\/\/weltlaeden.de\/schwabmuenchen\/wp-json\/wp\/v2\/media?parent=23"}],"curies":[{"name":"wp","href":"https:\/\/api.w.org\/{rel}","templated":true}]}}