{"id":23,"date":"2016-10-14T09:05:21","date_gmt":"2016-10-14T07:05:21","guid":{"rendered":"https:\/\/wl.heimpixel.de\/vorlage\/termine\/"},"modified":"2022-07-28T14:13:04","modified_gmt":"2022-07-28T12:13:04","slug":"neuigkeiten-2","status":"publish","type":"page","link":"https:\/\/weltlaeden.de\/schuettorf\/neuigkeiten-2\/","title":{"rendered":"Neuigkeiten"},"content":{"rendered":"<div class=\"wpb-content-wrapper\"><p>[vc_row][vc_column][vc_column_text]<\/p>\n<h1>Neuigkeiten<\/h1>\n<p>[\/vc_column_text][vc_column_text]<strong>Tour de Fair 2022: Grafschaft, Emsland und M\u00fcnsterland<\/strong>[\/vc_column_text][vc_column_text]Die Tour de Fair 2022 beginnt am 1. August in Osnabr\u00fcck und endet am 7. August in M\u00fcnster. Etappenziel ist auch Sch\u00fcttorf. Die TeilnehmerInnen kommen am 4. August um 10:30 Uhr zum Weltladen nach Sch\u00fcttorf. <a href=\"http:\/\/www.tour-de-fair.de\">Hier erfahren Sie mehr zur Tour de Fair&#8230;<\/a>[\/vc_column_text][vc_empty_space height=&#8220;43px&#8220;]<div class=\"wl_einzelbild\"><p><img loading=\"lazy\" decoding=\"async\" class=\"alignnone size-medium wp-image-771\" src=\"https:\/\/weltlaeden.de\/schuettorf\/wp-content\/uploads\/sites\/171\/2022\/07\/Tour-de-Fair-300x225.jpg\" alt=\"\" width=\"300\" height=\"225\" srcset=\"https:\/\/weltlaeden.de\/schuettorf\/wp-content\/uploads\/sites\/171\/2022\/07\/Tour-de-Fair-300x225.jpg 300w, https:\/\/weltlaeden.de\/schuettorf\/wp-content\/uploads\/sites\/171\/2022\/07\/Tour-de-Fair-768x576.jpg 768w, https:\/\/weltlaeden.de\/schuettorf\/wp-content\/uploads\/sites\/171\/2022\/07\/Tour-de-Fair.jpg 800w\" sizes=\"auto, (max-width: 300px) 100vw, 300px\" \/><\/p><\/div>[vc_empty_space height=&#8220;43px&#8220;][vc_column_text]<\/p>\n<div data-contents=\"true\">\n<div class=\"\" data-block=\"true\" data-editor=\"7r1o7\" data-offset-key=\"34urt-0-0\">\n<div class=\"public-DraftStyleDefault-block public-DraftStyleDefault-ltr\" data-offset-key=\"34urt-0-0\"><span data-offset-key=\"34urt-0-0\">Die &#8222;Tour de Fair&#8220; ist eine mehrt\u00e4gige Radtour von Weltladen-Leuten f\u00fcr Weltladen-Leute. Sie findet seit 2002 jeden Sommer in einer anderen Region Deutschlands statt und wird von Weltl\u00e4den dieser Region organisiert.<\/span><\/div>\n<\/div>\n<div class=\"\" data-block=\"true\" data-editor=\"7r1o7\" data-offset-key=\"4pr5k-0-0\">\n<div class=\"public-DraftStyleDefault-block public-DraftStyleDefault-ltr\" data-offset-key=\"4pr5k-0-0\"><span data-offset-key=\"4pr5k-0-0\">Das gemeinsame Ziel der <\/span><span id=\"decorator-ignored-entity-id-9\" data-entity-key=\"9\" data-offset-key=\"4pr5k-1-0\"><span data-offset-key=\"4pr5k-1-0\">RadlerInnen<\/span><\/span><span data-offset-key=\"4pr5k-2-0\"> und der Weltl\u00e4den <\/span><span id=\"decorator-corrected-entity-id-17\" data-entity-key=\"17\" data-offset-key=\"4pr5k-3-0\"><span data-offset-key=\"4pr5k-3-0\">vor Ort<\/span><\/span><span data-offset-key=\"4pr5k-4-0\"> ist es, die Idee des <\/span><span id=\"decorator-ignored-entity-id-24\" data-entity-key=\"24\" data-offset-key=\"4pr5k-5-0\"><span data-offset-key=\"4pr5k-5-0\">Fairen<\/span><\/span><span data-offset-key=\"4pr5k-6-0\"> Handels mehr ins Bewusstsein der \u00d6ffentlichkeit zu tragen und in einen <\/span><span id=\"decorator-corrected-entity-id-30\" data-entity-key=\"30\" data-offset-key=\"4pr5k-7-0\"><span data-offset-key=\"4pr5k-7-0\">Erfahrungsaustausch<\/span><\/span><span data-offset-key=\"4pr5k-8-0\"> zu treten. <\/span><span id=\"decorator-corrected-entity-id-35\" data-entity-key=\"35\" data-offset-key=\"4pr5k-9-0\"><span data-offset-key=\"4pr5k-9-0\">Dies<\/span><\/span> <span id=\"decorator-corrected-entity-id-39\" data-entity-key=\"39\" data-offset-key=\"4pr5k-11-0\"><span data-offset-key=\"4pr5k-11-0\">geschieht<\/span><\/span><span data-offset-key=\"4pr5k-12-0\"> in einer sehr umweltfreundlichen Weise, <\/span><span id=\"decorator-corrected-entity-id-45\" data-entity-key=\"45\" data-offset-key=\"4pr5k-13-0\"><span data-offset-key=\"4pr5k-13-0\">indem<\/span><\/span> <span id=\"decorator-corrected-entity-id-42\" data-entity-key=\"42\" data-offset-key=\"4pr5k-15-0\"><span data-offset-key=\"4pr5k-15-0\">n\u00e4mlich<\/span><\/span><span data-offset-key=\"4pr5k-16-0\"> von Weltladen zu Weltladen mit dem Fahrrad gefahren wird.<\/span><\/div>\n<\/div>\n<\/div>\n<p>[\/vc_column_text][vc_empty_space height=&#8220;43px&#8220;]<div class=\"wl_einzelbild\"><p><img loading=\"lazy\" decoding=\"async\" class=\"alignnone wp-image-772 size-full\" src=\"https:\/\/weltlaeden.de\/schuettorf\/wp-content\/uploads\/sites\/171\/2022\/07\/Tourschild-2022-V3.jpg\" alt=\"\" width=\"503\" height=\"600\" srcset=\"https:\/\/weltlaeden.de\/schuettorf\/wp-content\/uploads\/sites\/171\/2022\/07\/Tourschild-2022-V3.jpg 503w, https:\/\/weltlaeden.de\/schuettorf\/wp-content\/uploads\/sites\/171\/2022\/07\/Tourschild-2022-V3-252x300.jpg 252w\" sizes=\"auto, (max-width: 503px) 100vw, 503px\" \/><\/p><\/div>[vc_empty_space height=&#8220;43px&#8220;][vc_column_text]<strong>Montag, 01.08.2022\u00a0<\/strong><\/p>\n<table width=\"485\">\n<tbody>\n<tr>\n<td width=\"485\">Ankunft in Osnabr\u00fcck<\/td>\n<\/tr>\n<tr>\n<td width=\"485\">Zimmer belegen, Kennenlernen<\/td>\n<\/tr>\n<tr>\n<td width=\"485\">Stadtf\u00fchrung (Startpunkt am Weltladen Osnabr\u00fcck)<\/td>\n<\/tr>\n<tr>\n<td width=\"485\">Besuch Weltladen Osnabr\u00fcck<\/td>\n<\/tr>\n<tr>\n<td width=\"485\">Abendessen in der Innenstadt<\/td>\n<\/tr>\n<tr>\n<td width=\"485\">\u00dcbernachtung<\/td>\n<\/tr>\n<\/tbody>\n<\/table>\n<p><strong>Dienstag, 02.08.2022<\/strong><\/p>\n<table width=\"485\">\n<tbody>\n<tr>\n<td width=\"485\">Abfahrt nach Bramsche<\/td>\n<\/tr>\n<tr>\n<td width=\"485\">Besuch des Weltladens &#8222;Neue Erde&#8220; Bramsche<\/td>\n<\/tr>\n<tr>\n<td width=\"485\">Abfahrt nach Hopsten<\/td>\n<\/tr>\n<tr>\n<td width=\"485\">Besuch des Weltladens &#8222;Eine Welt Projekt Hopsen&#8220;<\/td>\n<\/tr>\n<tr>\n<td width=\"485\">Abfahrt nach Lingen<\/td>\n<\/tr>\n<tr>\n<td width=\"485\">Ankunft im Hotel<\/td>\n<\/tr>\n<tr>\n<td width=\"485\">Essen im &#8222;Kanucamp&#8220; Wachendorf<\/td>\n<\/tr>\n<tr>\n<td width=\"485\">\u00dcbernachtung<\/td>\n<\/tr>\n<\/tbody>\n<\/table>\n<p><strong>Mittwoch, 03.08.2022<\/strong><\/p>\n<table width=\"485\">\n<tbody>\n<tr>\n<td width=\"485\">Abfahrt zum Weltladen Lingen<\/td>\n<\/tr>\n<tr>\n<td width=\"485\">Besuch des Weltladen Lingen, Treffen mit Oberb\u00fcrgermeister<\/td>\n<\/tr>\n<tr>\n<td width=\"485\">Fahrt zum Weltladen Veldhausen<\/td>\n<\/tr>\n<tr>\n<td width=\"485\">Pause im Bauerncaf\u00e9 am Vennweg<\/td>\n<\/tr>\n<tr>\n<td width=\"485\">Besuch Weltladen Veldhausen, Treffen mit dem B\u00fcrgermeister, Gesamtb\u00fcrgermeister, Ratsmitgliedern und Pastor<\/td>\n<\/tr>\n<tr>\n<td width=\"485\">Weiterfahrt nach Wilsum<\/td>\n<\/tr>\n<tr>\n<td width=\"485\">Besuch Weltladen Wilsum<\/td>\n<\/tr>\n<tr>\n<td width=\"485\">Radeln durch die Wilsumer Berge<\/td>\n<\/tr>\n<tr>\n<td width=\"485\">Besuch des Weltladen Nordhorn<\/td>\n<\/tr>\n<tr>\n<td width=\"485\">Abendessen im Brauhaus mit der Steuerungsgruppe Fairtrade Town und B\u00fcrgermeister<\/td>\n<\/tr>\n<tr>\n<td width=\"485\">\u00dcbernachtung in Nordhorn<\/td>\n<\/tr>\n<\/tbody>\n<\/table>\n<p><strong>Donnerstag, 04.08.2022<\/strong><\/p>\n<table width=\"485\">\n<tbody>\n<tr>\n<td width=\"485\">Fahrt nach Sch\u00fcttorf<\/td>\n<\/tr>\n<tr>\n<td>Besuch Weltladen Sch\u00fcttorf<\/td>\n<\/tr>\n<tr>\n<td>Treffen mit der Steuerungsgruppe Bad Bentheim, B\u00fcrgermeister und politischen Vertetern<\/td>\n<\/tr>\n<tr>\n<td width=\"485\">Weiterfahrt nach Rheine<\/td>\n<\/tr>\n<tr>\n<td>Besuch des Weltladen Rheine<\/td>\n<\/tr>\n<tr>\n<td>Weiterfahrt nach M\u00fcnster<\/td>\n<\/tr>\n<tr>\n<td><em>Alternativ: ab Rheine Zugfahrt nach M\u00fcnster<\/em><\/td>\n<\/tr>\n<tr>\n<td>Abendessen<\/td>\n<\/tr>\n<tr>\n<td width=\"485\">\u00dcbernachung in M\u00fcnster<\/td>\n<\/tr>\n<\/tbody>\n<\/table>\n<p><strong>Freitag, 05.08.2022<\/strong><\/p>\n<table width=\"485\">\n<tbody>\n<tr>\n<td width=\"485\">Termin mit der Stadt M\u00fcnster, Schwerpunkt: Nachhaltigkeitsstrategie<\/td>\n<\/tr>\n<tr>\n<td width=\"485\">Besuch der Weltl\u00e4den M\u00fcnsters<\/td>\n<\/tr>\n<tr>\n<td width=\"485\">\u00dcbernachtung<\/td>\n<\/tr>\n<\/tbody>\n<\/table>\n<p><strong>Samstag, 06.08.2022<\/strong><\/p>\n<table width=\"485\">\n<tbody>\n<tr>\n<td width=\"485\">Radeln nach Telgte<\/td>\n<\/tr>\n<tr>\n<td width=\"485\">Besuch des Weltladen Telgte<\/td>\n<\/tr>\n<tr>\n<td width=\"485\">Bummeln durch Telgte<\/td>\n<\/tr>\n<tr>\n<td width=\"485\">Besuch des Ladens &#8222;2Heaven&#8220;<\/td>\n<\/tr>\n<tr>\n<td width=\"485\">R\u00fcckfahrt nach M\u00fcnster<\/td>\n<\/tr>\n<tr>\n<td width=\"485\">Abendprogramm<\/td>\n<\/tr>\n<tr>\n<td width=\"485\">\u00dcbernachtung<\/td>\n<\/tr>\n<\/tbody>\n<\/table>\n<p><strong>Sonntag, 07.08.2022<\/strong><\/p>\n<table width=\"485\">\n<tbody>\n<tr>\n<td width=\"485\">Abreisetag<\/td>\n<\/tr>\n<tr>\n<td width=\"485\">Da wird morgens auch noch was Sch\u00f6nes stattfinden<\/td>\n<\/tr>\n<\/tbody>\n<\/table>\n<p>[\/vc_column_text][vc_separator color=&#8220;black&#8220;][vc_empty_space height=&#8220;86px&#8220;][vc_column_text]<\/p>\n<p class=\"P3\">\u00a0<b>Mit viel M\u00fche und Liebe neu eingerichtet<\/b><\/p>\n<p>&nbsp;<\/p>\n<p><img loading=\"lazy\" decoding=\"async\" class=\"alignnone size-medium wp-image-730\" src=\"https:\/\/weltlaeden.de\/schuettorf\/wp-content\/uploads\/sites\/171\/2022\/02\/20220201_192043-225x300.jpg\" alt=\"\" width=\"225\" height=\"300\" srcset=\"https:\/\/weltlaeden.de\/schuettorf\/wp-content\/uploads\/sites\/171\/2022\/02\/20220201_192043-225x300.jpg 225w, https:\/\/weltlaeden.de\/schuettorf\/wp-content\/uploads\/sites\/171\/2022\/02\/20220201_192043-768x1024.jpg 768w, https:\/\/weltlaeden.de\/schuettorf\/wp-content\/uploads\/sites\/171\/2022\/02\/20220201_192043-1152x1536.jpg 1152w, https:\/\/weltlaeden.de\/schuettorf\/wp-content\/uploads\/sites\/171\/2022\/02\/20220201_192043-1536x2048.jpg 1536w, https:\/\/weltlaeden.de\/schuettorf\/wp-content\/uploads\/sites\/171\/2022\/02\/20220201_192043-scaled.jpg 1440w\" sizes=\"auto, (max-width: 225px) 100vw, 225px\" \/><\/p>\n<p>&nbsp;<\/p>\n<p><img loading=\"lazy\" decoding=\"async\" class=\"alignnone size-medium wp-image-729\" src=\"https:\/\/weltlaeden.de\/schuettorf\/wp-content\/uploads\/sites\/171\/2022\/02\/20220201_192124-300x225.jpg\" alt=\"\" width=\"300\" height=\"225\" srcset=\"https:\/\/weltlaeden.de\/schuettorf\/wp-content\/uploads\/sites\/171\/2022\/02\/20220201_192124-300x225.jpg 300w, https:\/\/weltlaeden.de\/schuettorf\/wp-content\/uploads\/sites\/171\/2022\/02\/20220201_192124-1024x768.jpg 1024w, https:\/\/weltlaeden.de\/schuettorf\/wp-content\/uploads\/sites\/171\/2022\/02\/20220201_192124-768x576.jpg 768w, https:\/\/weltlaeden.de\/schuettorf\/wp-content\/uploads\/sites\/171\/2022\/02\/20220201_192124-1536x1152.jpg 1536w, https:\/\/weltlaeden.de\/schuettorf\/wp-content\/uploads\/sites\/171\/2022\/02\/20220201_192124-2048x1536.jpg 2048w, https:\/\/weltlaeden.de\/schuettorf\/wp-content\/uploads\/sites\/171\/2022\/02\/20220201_192124-scaled.jpg 1920w\" sizes=\"auto, (max-width: 300px) 100vw, 300px\" \/><\/p>\n<p>&nbsp;<\/p>\n<p><img loading=\"lazy\" decoding=\"async\" class=\"alignnone size-medium wp-image-728\" src=\"https:\/\/weltlaeden.de\/schuettorf\/wp-content\/uploads\/sites\/171\/2022\/02\/20220201_192109-300x225.jpg\" alt=\"\" width=\"300\" height=\"225\" srcset=\"https:\/\/weltlaeden.de\/schuettorf\/wp-content\/uploads\/sites\/171\/2022\/02\/20220201_192109-300x225.jpg 300w, https:\/\/weltlaeden.de\/schuettorf\/wp-content\/uploads\/sites\/171\/2022\/02\/20220201_192109-1024x768.jpg 1024w, https:\/\/weltlaeden.de\/schuettorf\/wp-content\/uploads\/sites\/171\/2022\/02\/20220201_192109-768x576.jpg 768w, https:\/\/weltlaeden.de\/schuettorf\/wp-content\/uploads\/sites\/171\/2022\/02\/20220201_192109-1536x1152.jpg 1536w, https:\/\/weltlaeden.de\/schuettorf\/wp-content\/uploads\/sites\/171\/2022\/02\/20220201_192109-2048x1536.jpg 2048w, https:\/\/weltlaeden.de\/schuettorf\/wp-content\/uploads\/sites\/171\/2022\/02\/20220201_192109-scaled.jpg 1920w\" sizes=\"auto, (max-width: 300px) 100vw, 300px\" \/><\/p>\n<p>[\/vc_column_text][vc_empty_space height=&#8220;86px&#8220;][vc_column_text]<b>Umzug ins Ev.-Ref. Gemeindehaus nach Wasserschaden im langj\u00e4hrigen Ladenlokal an der F\u00f6hnstra\u00dfe:<\/b><\/p>\n<p>&nbsp;<\/p>\n<p class=\"P1\">Wir sind umgezogen.<\/p>\n<p class=\"P2\">Wegen eines Wasserschadens im Ladenlokal an der F\u00f6hnstra\u00dfe 4 und den verheerenden Folgen im Geb\u00e4ude musste der Eine Welt Laden kurzfristig nach Weihnachten umziehen und wir konnten mit unseren Waren schnell und unkompliziert einen Raum im <span class=\"T1\">ev.-ref. Gemeindehaus <\/span>belegen. Der Kirchenrat der reformierten Gemeinde hat nun \u00a0zugestimmt, dass der Weltladen \u00a0ab sofort dort seine Waren anbieten und verkaufen kann. \u00a0Wir verf\u00fcgen dort \u00fcber einen eigenen Zugang vom Hintereingang aus und hoffen auf einen guten Zuspruch auch in diesem neuen \u00a0Verkaufsraum. Auch im neuen Eine Welt Laden k\u00f6nnen Sie \u00a0wie bisher unsere fair gehandelten und meist biologisch angebauten Lebensmittel einkaufen und Kunstgewerbeartikel ausw\u00e4hlen. Wir hoffen, dass auch unser \u00a0neues Ladenlokal von euch\/Ihnen als \u00a0Kunden angenommen wird und freuen uns auf Ihren\/euren Besuch. Bitte beachten Sie unsere vorl\u00e4ufig neuen \u00d6ffnungszeiten.<\/p>\n<p class=\"P2\">Der Ev.-Ref. Gemeinde danken wir herzlich f\u00fcr das Angebot, uns die R\u00e4umlichkeiten zur Verf\u00fcgung zu stellen.<\/p>\n<p class=\"P3\">Unsere neue Adresse: Friedrich-Middendorff-Platz 1 oder Klosterweg in Sch\u00fcttorf<\/p>\n<p class=\"P3\">Neue \u00d6ffnungszeiten: Mittwoch 10-12 Uhr; Freitag 15 \u2013 17 Uhr, Samstag 9 \u2013 12.30 Uhr.<\/p>\n<p>&nbsp;<\/p>\n<p><em>\u00a0<\/em>[\/vc_column_text][vc_empty_space height=&#8220;86px&#8220;][vc_single_image image=&#8220;690&#8243; img_size=&#8220;full&#8220;][vc_column_text]Quelle: B\u00f6se \u00dcberraschung im Weltladen Sch\u00fcttorf &#8211; Von Susanna Austrup, aus den Grafschafter Nachrichten vom 30. Dezember 2021[\/vc_column_text][vc_separator color=&#8220;black&#8220;][vc_empty_space height=&#8220;86px&#8220;][vc_column_text]<strong>Sch\u00fcttorf wird Fairtrade-Stadt<\/strong><\/p>\n<p>Die Zertifizierungsfeier war am 02. September 2021<\/p>\n<p><img loading=\"lazy\" decoding=\"async\" class=\"size-medium wp-image-598\" src=\"https:\/\/weltlaeden.de\/schuettorf\/wp-content\/uploads\/sites\/171\/2021\/11\/BYO_8908-300x200.jpg\" alt=\"\" width=\"300\" height=\"200\" srcset=\"https:\/\/weltlaeden.de\/schuettorf\/wp-content\/uploads\/sites\/171\/2021\/11\/BYO_8908-300x200.jpg 300w, https:\/\/weltlaeden.de\/schuettorf\/wp-content\/uploads\/sites\/171\/2021\/11\/BYO_8908-768x512.jpg 768w, https:\/\/weltlaeden.de\/schuettorf\/wp-content\/uploads\/sites\/171\/2021\/11\/BYO_8908-1024x682.jpg 1024w, https:\/\/weltlaeden.de\/schuettorf\/wp-content\/uploads\/sites\/171\/2021\/11\/BYO_8908.jpg 1920w\" sizes=\"auto, (max-width: 300px) 100vw, 300px\" \/><\/p>\n<p><span class=\"T4\">Die Steuerungsgruppe, Mitwirkende an der Entwicklung zur FairTradeTown<\/span><\/p>\n<p><img loading=\"lazy\" decoding=\"async\" class=\"size-medium wp-image-595\" src=\"https:\/\/weltlaeden.de\/schuettorf\/wp-content\/uploads\/sites\/171\/2021\/11\/BYO_8912-300x200.jpg\" alt=\"\" width=\"300\" height=\"200\" srcset=\"https:\/\/weltlaeden.de\/schuettorf\/wp-content\/uploads\/sites\/171\/2021\/11\/BYO_8912-300x200.jpg 300w, https:\/\/weltlaeden.de\/schuettorf\/wp-content\/uploads\/sites\/171\/2021\/11\/BYO_8912-768x512.jpg 768w, https:\/\/weltlaeden.de\/schuettorf\/wp-content\/uploads\/sites\/171\/2021\/11\/BYO_8912-1024x682.jpg 1024w, https:\/\/weltlaeden.de\/schuettorf\/wp-content\/uploads\/sites\/171\/2021\/11\/BYO_8912.jpg 1920w\" sizes=\"auto, (max-width: 300px) 100vw, 300px\" \/><\/p>\n<p class=\"P5\"><span class=\"T4\">Der Ehrenbotschafter von TransFair e.V., Herr Manfred Holz, \u00fcbergibt die Zertifizierungsurkunde an den Stadtdirektor Manfred Windhaus und den B\u00fcrgermeister J\u00f6rn T\u00fcchter.<\/span><\/p>\n<h1><\/h1>\n<h4><\/h4>\n<p>[\/vc_column_text][vc_column_text][\/vc_column_text][\/vc_column][\/vc_row][vc_row][vc_column][\/vc_column][\/vc_row]<\/p>\n<\/div>","protected":false},"excerpt":{"rendered":"<p>[vc_row][vc_column][vc_column_text] Neuigkeiten [\/vc_column_text][vc_column_text]Tour de Fair 2022: Grafschaft, Emsland und M\u00fcnsterland[\/vc_column_text][vc_column_text]Die Tour de Fair 2022 beginnt am 1. August in Osnabr\u00fcck und endet am 7. August in M\u00fcnster. Etappenziel ist auch Sch\u00fcttorf. Die TeilnehmerInnen kommen am 4. August um 10:30 Uhr zum Weltladen nach Sch\u00fcttorf. Hier erfahren Sie mehr zur Tour de Fair&#8230;[\/vc_column_text][vc_empty_space height=&#8220;43px&#8220;][vc_empty_space height=&#8220;43px&#8220;][vc_column_text] Die&hellip;<\/p>\n","protected":false},"author":1,"featured_media":0,"parent":0,"menu_order":14,"comment_status":"closed","ping_status":"closed","template":"","meta":{"footnotes":""},"class_list":["post-23","page","type-page","status-publish","hentry","description-off"],"yoast_head":"<!-- This site is optimized with the Yoast SEO plugin v26.8 - https:\/\/yoast.com\/product\/yoast-seo-wordpress\/ -->\n<title>Neuigkeiten - Weltladen Sch\u00fcttorf<\/title>\n<meta name=\"robots\" content=\"index, follow, max-snippet:-1, max-image-preview:large, max-video-preview:-1\" \/>\n<link rel=\"canonical\" href=\"https:\/\/weltlaeden.de\/schuettorf\/neuigkeiten-2\/\" \/>\n<meta property=\"og:locale\" content=\"de_DE\" \/>\n<meta property=\"og:type\" content=\"article\" \/>\n<meta property=\"og:title\" content=\"Neuigkeiten - Weltladen Sch\u00fcttorf\" \/>\n<meta property=\"og:description\" content=\"[vc_row][vc_column][vc_column_text] Neuigkeiten [\/vc_column_text][vc_column_text]Tour de Fair 2022: Grafschaft, Emsland und M\u00fcnsterland[\/vc_column_text][vc_column_text]Die Tour de Fair 2022 beginnt am 1. August in Osnabr\u00fcck und endet am 7. August in M\u00fcnster. Etappenziel ist auch Sch\u00fcttorf. Die TeilnehmerInnen kommen am 4. August um 10:30 Uhr zum Weltladen nach Sch\u00fcttorf. Hier erfahren Sie mehr zur Tour de Fair&#8230;[\/vc_column_text][vc_empty_space height=&#8220;43px&#8220;][vc_empty_space height=&#8220;43px&#8220;][vc_column_text] Die&hellip;\" \/>\n<meta property=\"og:url\" content=\"https:\/\/weltlaeden.de\/schuettorf\/neuigkeiten-2\/\" \/>\n<meta property=\"og:site_name\" content=\"Weltladen Sch\u00fcttorf\" \/>\n<meta property=\"article:modified_time\" content=\"2022-07-28T12:13:04+00:00\" \/>\n<meta property=\"og:image\" content=\"https:\/\/weltlaeden.de\/schuettorf\/wp-content\/uploads\/sites\/171\/2022\/07\/Tour-de-Fair-300x225.jpg\" \/>\n<meta name=\"twitter:card\" content=\"summary_large_image\" \/>\n<meta name=\"twitter:label1\" content=\"Gesch\u00e4tzte Lesezeit\" \/>\n\t<meta name=\"twitter:data1\" content=\"5\u00a0Minuten\" \/>\n<script type=\"application\/ld+json\" class=\"yoast-schema-graph\">{\"@context\":\"https:\/\/schema.org\",\"@graph\":[{\"@type\":\"WebPage\",\"@id\":\"https:\/\/weltlaeden.de\/schuettorf\/neuigkeiten-2\/\",\"url\":\"https:\/\/weltlaeden.de\/schuettorf\/neuigkeiten-2\/\",\"name\":\"Neuigkeiten - Weltladen Sch\u00fcttorf\",\"isPartOf\":{\"@id\":\"https:\/\/weltlaeden.de\/schuettorf\/#website\"},\"primaryImageOfPage\":{\"@id\":\"https:\/\/weltlaeden.de\/schuettorf\/neuigkeiten-2\/#primaryimage\"},\"image\":{\"@id\":\"https:\/\/weltlaeden.de\/schuettorf\/neuigkeiten-2\/#primaryimage\"},\"thumbnailUrl\":\"https:\/\/weltlaeden.de\/schuettorf\/wp-content\/uploads\/sites\/171\/2022\/07\/Tour-de-Fair-300x225.jpg\",\"datePublished\":\"2016-10-14T07:05:21+00:00\",\"dateModified\":\"2022-07-28T12:13:04+00:00\",\"breadcrumb\":{\"@id\":\"https:\/\/weltlaeden.de\/schuettorf\/neuigkeiten-2\/#breadcrumb\"},\"inLanguage\":\"de\",\"potentialAction\":[{\"@type\":\"ReadAction\",\"target\":[\"https:\/\/weltlaeden.de\/schuettorf\/neuigkeiten-2\/\"]}]},{\"@type\":\"ImageObject\",\"inLanguage\":\"de\",\"@id\":\"https:\/\/weltlaeden.de\/schuettorf\/neuigkeiten-2\/#primaryimage\",\"url\":\"https:\/\/weltlaeden.de\/schuettorf\/wp-content\/uploads\/sites\/171\/2022\/07\/Tour-de-Fair.jpg\",\"contentUrl\":\"https:\/\/weltlaeden.de\/schuettorf\/wp-content\/uploads\/sites\/171\/2022\/07\/Tour-de-Fair.jpg\",\"width\":800,\"height\":600},{\"@type\":\"BreadcrumbList\",\"@id\":\"https:\/\/weltlaeden.de\/schuettorf\/neuigkeiten-2\/#breadcrumb\",\"itemListElement\":[{\"@type\":\"ListItem\",\"position\":1,\"name\":\"Startseite\",\"item\":\"https:\/\/weltlaeden.de\/schuettorf\/\"},{\"@type\":\"ListItem\",\"position\":2,\"name\":\"Neuigkeiten\"}]},{\"@type\":\"WebSite\",\"@id\":\"https:\/\/weltlaeden.de\/schuettorf\/#website\",\"url\":\"https:\/\/weltlaeden.de\/schuettorf\/\",\"name\":\"Weltladen Sch\u00fcttorf\",\"description\":\"Faire Produkte seit 1990\",\"potentialAction\":[{\"@type\":\"SearchAction\",\"target\":{\"@type\":\"EntryPoint\",\"urlTemplate\":\"https:\/\/weltlaeden.de\/schuettorf\/?s={search_term_string}\"},\"query-input\":{\"@type\":\"PropertyValueSpecification\",\"valueRequired\":true,\"valueName\":\"search_term_string\"}}],\"inLanguage\":\"de\"}]}<\/script>\n<!-- \/ Yoast SEO plugin. -->","yoast_head_json":{"title":"Neuigkeiten - Weltladen Sch\u00fcttorf","robots":{"index":"index","follow":"follow","max-snippet":"max-snippet:-1","max-image-preview":"max-image-preview:large","max-video-preview":"max-video-preview:-1"},"canonical":"https:\/\/weltlaeden.de\/schuettorf\/neuigkeiten-2\/","og_locale":"de_DE","og_type":"article","og_title":"Neuigkeiten - Weltladen Sch\u00fcttorf","og_description":"[vc_row][vc_column][vc_column_text] Neuigkeiten [\/vc_column_text][vc_column_text]Tour de Fair 2022: Grafschaft, Emsland und M\u00fcnsterland[\/vc_column_text][vc_column_text]Die Tour de Fair 2022 beginnt am 1. August in Osnabr\u00fcck und endet am 7. August in M\u00fcnster. Etappenziel ist auch Sch\u00fcttorf. Die TeilnehmerInnen kommen am 4. August um 10:30 Uhr zum Weltladen nach Sch\u00fcttorf. Hier erfahren Sie mehr zur Tour de Fair&#8230;[\/vc_column_text][vc_empty_space height=&#8220;43px&#8220;][vc_empty_space height=&#8220;43px&#8220;][vc_column_text] Die&hellip;","og_url":"https:\/\/weltlaeden.de\/schuettorf\/neuigkeiten-2\/","og_site_name":"Weltladen Sch\u00fcttorf","article_modified_time":"2022-07-28T12:13:04+00:00","og_image":[{"url":"https:\/\/weltlaeden.de\/schuettorf\/wp-content\/uploads\/sites\/171\/2022\/07\/Tour-de-Fair-300x225.jpg","type":"","width":"","height":""}],"twitter_card":"summary_large_image","twitter_misc":{"Gesch\u00e4tzte Lesezeit":"5\u00a0Minuten"},"schema":{"@context":"https:\/\/schema.org","@graph":[{"@type":"WebPage","@id":"https:\/\/weltlaeden.de\/schuettorf\/neuigkeiten-2\/","url":"https:\/\/weltlaeden.de\/schuettorf\/neuigkeiten-2\/","name":"Neuigkeiten - Weltladen Sch\u00fcttorf","isPartOf":{"@id":"https:\/\/weltlaeden.de\/schuettorf\/#website"},"primaryImageOfPage":{"@id":"https:\/\/weltlaeden.de\/schuettorf\/neuigkeiten-2\/#primaryimage"},"image":{"@id":"https:\/\/weltlaeden.de\/schuettorf\/neuigkeiten-2\/#primaryimage"},"thumbnailUrl":"https:\/\/weltlaeden.de\/schuettorf\/wp-content\/uploads\/sites\/171\/2022\/07\/Tour-de-Fair-300x225.jpg","datePublished":"2016-10-14T07:05:21+00:00","dateModified":"2022-07-28T12:13:04+00:00","breadcrumb":{"@id":"https:\/\/weltlaeden.de\/schuettorf\/neuigkeiten-2\/#breadcrumb"},"inLanguage":"de","potentialAction":[{"@type":"ReadAction","target":["https:\/\/weltlaeden.de\/schuettorf\/neuigkeiten-2\/"]}]},{"@type":"ImageObject","inLanguage":"de","@id":"https:\/\/weltlaeden.de\/schuettorf\/neuigkeiten-2\/#primaryimage","url":"https:\/\/weltlaeden.de\/schuettorf\/wp-content\/uploads\/sites\/171\/2022\/07\/Tour-de-Fair.jpg","contentUrl":"https:\/\/weltlaeden.de\/schuettorf\/wp-content\/uploads\/sites\/171\/2022\/07\/Tour-de-Fair.jpg","width":800,"height":600},{"@type":"BreadcrumbList","@id":"https:\/\/weltlaeden.de\/schuettorf\/neuigkeiten-2\/#breadcrumb","itemListElement":[{"@type":"ListItem","position":1,"name":"Startseite","item":"https:\/\/weltlaeden.de\/schuettorf\/"},{"@type":"ListItem","position":2,"name":"Neuigkeiten"}]},{"@type":"WebSite","@id":"https:\/\/weltlaeden.de\/schuettorf\/#website","url":"https:\/\/weltlaeden.de\/schuettorf\/","name":"Weltladen Sch\u00fcttorf","description":"Faire Produkte seit 1990","potentialAction":[{"@type":"SearchAction","target":{"@type":"EntryPoint","urlTemplate":"https:\/\/weltlaeden.de\/schuettorf\/?s={search_term_string}"},"query-input":{"@type":"PropertyValueSpecification","valueRequired":true,"valueName":"search_term_string"}}],"inLanguage":"de"}]}},"_links":{"self":[{"href":"https:\/\/weltlaeden.de\/schuettorf\/wp-json\/wp\/v2\/pages\/23","targetHints":{"allow":["GET"]}}],"collection":[{"href":"https:\/\/weltlaeden.de\/schuettorf\/wp-json\/wp\/v2\/pages"}],"about":[{"href":"https:\/\/weltlaeden.de\/schuettorf\/wp-json\/wp\/v2\/types\/page"}],"author":[{"embeddable":true,"href":"https:\/\/weltlaeden.de\/schuettorf\/wp-json\/wp\/v2\/users\/1"}],"replies":[{"embeddable":true,"href":"https:\/\/weltlaeden.de\/schuettorf\/wp-json\/wp\/v2\/comments?post=23"}],"version-history":[{"count":64,"href":"https:\/\/weltlaeden.de\/schuettorf\/wp-json\/wp\/v2\/pages\/23\/revisions"}],"predecessor-version":[{"id":792,"href":"https:\/\/weltlaeden.de\/schuettorf\/wp-json\/wp\/v2\/pages\/23\/revisions\/792"}],"wp:attachment":[{"href":"https:\/\/weltlaeden.de\/schuettorf\/wp-json\/wp\/v2\/media?parent=23"}],"curies":[{"name":"wp","href":"https:\/\/api.w.org\/{rel}","templated":true}]}}