{"id":20,"date":"2016-10-14T09:05:21","date_gmt":"2016-10-14T07:05:21","guid":{"rendered":"https:\/\/wl.heimpixel.de\/vorlage\/weltladen-musterdorf\/"},"modified":"2022-07-28T14:11:26","modified_gmt":"2022-07-28T12:11:26","slug":"weltladen-musterdorf","status":"publish","type":"page","link":"https:\/\/weltlaeden.de\/schuettorf\/","title":{"rendered":"Weltladen Sch\u00fcttorf"},"content":{"rendered":"<div class=\"wpb-content-wrapper\"><p>[vc_row][vc_column]<div class=\"wl_einzelbild\"><p><img loading=\"lazy\" decoding=\"async\" class=\"aligncenter wp-image-546 size-medium\" src=\"https:\/\/weltlaeden.de\/schuettorf\/wp-content\/uploads\/sites\/171\/2021\/10\/DSCI1053-300x225.jpg\" alt=\"\" width=\"300\" height=\"225\" data-wp-editing=\"1\" srcset=\"https:\/\/weltlaeden.de\/schuettorf\/wp-content\/uploads\/sites\/171\/2021\/10\/DSCI1053-300x225.jpg 300w, https:\/\/weltlaeden.de\/schuettorf\/wp-content\/uploads\/sites\/171\/2021\/10\/DSCI1053-768x576.jpg 768w, https:\/\/weltlaeden.de\/schuettorf\/wp-content\/uploads\/sites\/171\/2021\/10\/DSCI1053-1024x768.jpg 1024w, https:\/\/weltlaeden.de\/schuettorf\/wp-content\/uploads\/sites\/171\/2021\/10\/DSCI1053.jpg 1920w\" sizes=\"auto, (max-width: 300px) 100vw, 300px\" \/><\/p><\/div>[vc_empty_space height=&#8220;20px&#8220;][\/vc_column][\/vc_row][vc_row][vc_column][vc_column_text]<\/p>\n<h1 style=\"text-align: left\">Willkommen im Weltladen Sch\u00fcttorf!<\/h1>\n<p>[\/vc_column_text][vc_column_text]<\/p>\n<div>\n<div class=\"\">\n<div class=\"public-DraftStyleDefault-block public-DraftStyleDefault-ltr\">Herzlich <span id=\"decorator-corrected-entity-id-15\">willkommen<\/span> auf unserer Homepage.<\/div>\n<\/div>\n<\/div>\n<div><\/div>\n<p>[\/vc_column_text][vc_column_text]<\/p>\n<p><strong>Wir sind umgezogen!<\/strong><\/p>\n<p>Wegen eines Wasserschadens mussten wir unser Ladenlokal in der F\u00f6hnstra\u00dfe aufgeben.<\/p>\n<p>Der Eine Welt Laden befindet sich seit Anfang Januar 2022 im Geb\u00e4ude der Ev.- Ref. \u00a0Kirchengemeinde, zug\u00e4nglich vom Nebeneingang am Klosterweg.<\/p>\n<p>Unsere neue Adresse: Friedrich-Middendorf-Platz 1 in Sch\u00fcttorf<\/p>\n<p>Neue \u00d6ffnungszeiten:\u00a0 Mittwoch \u00a010 \u2013 12 Uhr; Freitag \u00a014.30 \u2013 18 Uhr; Samstag 9 \u2013 12.30 Uhr .<\/p>\n<p>[\/vc_column_text][vc_empty_space height=&#8220;30px&#8220;][\/vc_column][\/vc_row][vc_row][vc_column][vc_column_text]<\/p>\n<h2>Was Sie auf dieser Website finden:<\/h2>\n<p>[\/vc_column_text][vc_empty_space height=&#8220;20px&#8220;][vc_row_inner][vc_column_inner width=&#8220;1\/4&#8243;]<div class=\"wl_einzelbild\"><p><img loading=\"lazy\" decoding=\"async\" class=\"size-thumbnail wp-image-551 alignleft\" src=\"https:\/\/weltlaeden.de\/schuettorf\/wp-content\/uploads\/sites\/171\/2021\/10\/sus-Laden-08-150x150.jpg\" alt=\"\" width=\"150\" height=\"150\" \/><\/p><\/div>[\/vc_column_inner][vc_column_inner width=&#8220;3\/4&#8243;][vc_column_text]<\/p>\n<h3>Fairer Handel<\/h3>\n<p>Was meint Fairer Handel \u00fcberhaupt? <a href=\"https:\/\/weltlaeden.de\/schuettorf\/fairer-handel\/\">Erfahren Sie mehr &#8230;<\/a>[\/vc_column_text][\/vc_column_inner][\/vc_row_inner][vc_separator][vc_row_inner][vc_column_inner width=&#8220;1\/4&#8243;]<div class=\"wl_einzelbild\"><p><img loading=\"lazy\" decoding=\"async\" class=\"size-thumbnail wp-image-567 alignleft\" src=\"https:\/\/weltlaeden.de\/schuettorf\/wp-content\/uploads\/sites\/171\/2021\/11\/20211016_112211-e1636740374390-150x150.jpg\" alt=\"\" width=\"150\" height=\"150\" \/><\/p><\/div>[\/vc_column_inner][vc_column_inner width=&#8220;3\/4&#8243;][vc_column_text]<\/p>\n<h3>Produkte<\/h3>\n<p>Unsere Produkte im Weltladen sind nat\u00fcrlich alle aus Fairem Handel, dennoch kommen sie von unterschiedlichen Fair-Handels-Importeuren.\u00a0Au\u00dferdem haben wir Unicef-Karten. <a href=\"https:\/\/weltlaeden.de\/schuettorf\/produkte\/\">Hier zeigen wir Ihnen unser Sortiment &#8230;<\/a>[\/vc_column_text][\/vc_column_inner][\/vc_row_inner][vc_separator][vc_row_inner][vc_column_inner width=&#8220;1\/4&#8243;]<div class=\"wl_einzelbild\"><p><img loading=\"lazy\" decoding=\"async\" class=\"size-thumbnail wp-image-600 alignleft\" src=\"https:\/\/weltlaeden.de\/schuettorf\/wp-content\/uploads\/sites\/171\/2021\/11\/DSCI0584-150x150.jpg\" alt=\"\" width=\"150\" height=\"150\" \/><\/p><\/div>[\/vc_column_inner][vc_column_inner width=&#8220;3\/4&#8243;][vc_column_text]<\/p>\n<h3>\u00dcber uns<\/h3>\n<p>Wer wir sind, warum wir uns f\u00fcr Fairen Handel engagieren und wie der Weltladen in Sch\u00fcttorf entstanden ist, <a href=\"https:\/\/weltlaeden.de\/schuettorf\/ueber-uns\/\">erfahren Sie hier &#8230;<\/a>[\/vc_column_text][\/vc_column_inner][\/vc_row_inner][vc_separator][vc_row_inner][vc_column_inner width=&#8220;1\/4&#8243;]<div class=\"wl_einzelbild\"><p><img loading=\"lazy\" decoding=\"async\" class=\"alignnone wp-image-745 size-thumbnail\" src=\"https:\/\/weltlaeden.de\/schuettorf\/wp-content\/uploads\/sites\/171\/2022\/05\/20220205_100015-150x150.jpg\" alt=\"\" width=\"150\" height=\"150\" \/><\/p><\/div>[\/vc_column_inner][vc_column_inner width=&#8220;3\/4&#8243;][vc_column_text]<\/p>\n<h3>Produkt des Monats<\/h3>\n<p>Teeservice[\/vc_column_text][\/vc_column_inner][\/vc_row_inner][vc_separator][vc_row_inner][vc_column_inner width=&#8220;1\/4&#8243;]<div class=\"wl_einzelbild\"><p><img loading=\"lazy\" decoding=\"async\" class=\"alignnone wp-image-771 size-thumbnail\" src=\"https:\/\/weltlaeden.de\/schuettorf\/wp-content\/uploads\/sites\/171\/2022\/07\/Tour-de-Fair-150x150.jpg\" alt=\"\" width=\"150\" height=\"150\" \/><\/p><\/div>[\/vc_column_inner][vc_column_inner width=&#8220;3\/4&#8243;][vc_column_text]<\/p>\n<h3>Neuigkeiten<\/h3>\n<p>Tour de Fair 2022: Grafschaft, Emsland und M\u00fcnsterland, <a href=\"https:\/\/weltlaeden.de\/schuettorf\/neuigkeiten-2\/\">erfahren Sie mehr&#8230;<\/a>[\/vc_column_text][\/vc_column_inner][\/vc_row_inner][vc_separator][vc_empty_space][\/vc_column][\/vc_row][vc_row][vc_column][vc_column_text]<strong>Termine<\/strong><\/p>\n<p>Jahreshauptversammlung 20.4.2022\u00a0und Neuwahlen des Vorstandes, <a href=\"https:\/\/weltlaeden.de\/schuettorf\/termine\/\">Genaueres erfahren Sie hier&#8230;<\/a><\/p>\n<p>MitarbeiterInnentreffen, <a href=\"https:\/\/weltlaeden.de\/schuettorf\/termine\/\">Genaueres erfahren Sie hier&#8230;<\/a>[\/vc_column_text][\/vc_column][\/vc_row][vc_row][vc_column][vc_column_text]<\/p>\n<p>Tour de Fair Etappenziel Sch\u00fcttorf am 4. August 2022 10:30 Uhr, <a href=\"https:\/\/weltlaeden.de\/schuettorf\/termine\/\">Genaueres erfahren Sie hier&#8230;<\/a>[\/vc_column_text][\/vc_column][\/vc_row]<\/p>\n<\/div>","protected":false},"excerpt":{"rendered":"<p>[vc_row][vc_column][vc_empty_space height=&#8220;20px&#8220;][\/vc_column][\/vc_row][vc_row][vc_column][vc_column_text] Willkommen im Weltladen Sch\u00fcttorf! [\/vc_column_text][vc_column_text] Herzlich willkommen auf unserer Homepage. [\/vc_column_text][vc_column_text] Wir sind umgezogen! Wegen eines Wasserschadens mussten wir unser Ladenlokal in der F\u00f6hnstra\u00dfe aufgeben. Der Eine Welt Laden befindet sich seit Anfang Januar 2022 im Geb\u00e4ude der Ev.- Ref. \u00a0Kirchengemeinde, zug\u00e4nglich vom Nebeneingang am Klosterweg. Unsere neue Adresse: Friedrich-Middendorf-Platz 1 in Sch\u00fcttorf&hellip;<\/p>\n","protected":false},"author":1,"featured_media":0,"parent":0,"menu_order":0,"comment_status":"closed","ping_status":"closed","template":"","meta":{"footnotes":""},"class_list":["post-20","page","type-page","status-publish","hentry","description-off"],"yoast_head":"<!-- This site is optimized with the Yoast SEO plugin v26.8 - https:\/\/yoast.com\/product\/yoast-seo-wordpress\/ -->\n<title>Weltladen Sch\u00fcttorf - Weltladen Sch\u00fcttorf<\/title>\n<meta name=\"robots\" content=\"index, follow, max-snippet:-1, max-image-preview:large, max-video-preview:-1\" \/>\n<link rel=\"canonical\" href=\"https:\/\/weltlaeden.de\/schuettorf\/\" \/>\n<meta property=\"og:locale\" content=\"de_DE\" \/>\n<meta property=\"og:type\" content=\"article\" \/>\n<meta property=\"og:title\" content=\"Weltladen Sch\u00fcttorf - Weltladen Sch\u00fcttorf\" \/>\n<meta property=\"og:description\" content=\"[vc_row][vc_column][vc_empty_space height=&#8220;20px&#8220;][\/vc_column][\/vc_row][vc_row][vc_column][vc_column_text] Willkommen im Weltladen Sch\u00fcttorf! [\/vc_column_text][vc_column_text] Herzlich willkommen auf unserer Homepage. [\/vc_column_text][vc_column_text] Wir sind umgezogen! Wegen eines Wasserschadens mussten wir unser Ladenlokal in der F\u00f6hnstra\u00dfe aufgeben. Der Eine Welt Laden befindet sich seit Anfang Januar 2022 im Geb\u00e4ude der Ev.- Ref. \u00a0Kirchengemeinde, zug\u00e4nglich vom Nebeneingang am Klosterweg. Unsere neue Adresse: Friedrich-Middendorf-Platz 1 in Sch\u00fcttorf&hellip;\" \/>\n<meta property=\"og:url\" content=\"https:\/\/weltlaeden.de\/schuettorf\/\" \/>\n<meta property=\"og:site_name\" content=\"Weltladen Sch\u00fcttorf\" \/>\n<meta property=\"article:modified_time\" content=\"2022-07-28T12:11:26+00:00\" \/>\n<meta property=\"og:image\" content=\"https:\/\/weltlaeden.de\/schuettorf\/wp-content\/uploads\/sites\/171\/2021\/10\/DSCI1053-300x225.jpg\" \/>\n<meta name=\"twitter:card\" content=\"summary_large_image\" \/>\n<meta name=\"twitter:label1\" content=\"Gesch\u00e4tzte Lesezeit\" \/>\n\t<meta name=\"twitter:data1\" content=\"3\u00a0Minuten\" \/>\n<script type=\"application\/ld+json\" class=\"yoast-schema-graph\">{\"@context\":\"https:\/\/schema.org\",\"@graph\":[{\"@type\":\"WebPage\",\"@id\":\"https:\/\/weltlaeden.de\/schuettorf\/\",\"url\":\"https:\/\/weltlaeden.de\/schuettorf\/\",\"name\":\"Weltladen Sch\u00fcttorf - Weltladen Sch\u00fcttorf\",\"isPartOf\":{\"@id\":\"https:\/\/weltlaeden.de\/schuettorf\/#website\"},\"primaryImageOfPage\":{\"@id\":\"https:\/\/weltlaeden.de\/schuettorf\/#primaryimage\"},\"image\":{\"@id\":\"https:\/\/weltlaeden.de\/schuettorf\/#primaryimage\"},\"thumbnailUrl\":\"https:\/\/weltlaeden.de\/schuettorf\/wp-content\/uploads\/sites\/171\/2021\/10\/DSCI1053-300x225.jpg\",\"datePublished\":\"2016-10-14T07:05:21+00:00\",\"dateModified\":\"2022-07-28T12:11:26+00:00\",\"breadcrumb\":{\"@id\":\"https:\/\/weltlaeden.de\/schuettorf\/#breadcrumb\"},\"inLanguage\":\"de\",\"potentialAction\":[{\"@type\":\"ReadAction\",\"target\":[\"https:\/\/weltlaeden.de\/schuettorf\/\"]}]},{\"@type\":\"ImageObject\",\"inLanguage\":\"de\",\"@id\":\"https:\/\/weltlaeden.de\/schuettorf\/#primaryimage\",\"url\":\"https:\/\/weltlaeden.de\/schuettorf\/wp-content\/uploads\/sites\/171\/2021\/10\/DSCI1053.jpg\",\"contentUrl\":\"https:\/\/weltlaeden.de\/schuettorf\/wp-content\/uploads\/sites\/171\/2021\/10\/DSCI1053.jpg\",\"width\":1920,\"height\":1440},{\"@type\":\"BreadcrumbList\",\"@id\":\"https:\/\/weltlaeden.de\/schuettorf\/#breadcrumb\",\"itemListElement\":[{\"@type\":\"ListItem\",\"position\":1,\"name\":\"Startseite\",\"item\":\"https:\/\/weltlaeden.de\/schuettorf\/\"},{\"@type\":\"ListItem\",\"position\":2,\"name\":\"Weltladen Sch\u00fcttorf\"}]},{\"@type\":\"WebSite\",\"@id\":\"https:\/\/weltlaeden.de\/schuettorf\/#website\",\"url\":\"https:\/\/weltlaeden.de\/schuettorf\/\",\"name\":\"Weltladen Sch\u00fcttorf\",\"description\":\"Faire Produkte seit 1990\",\"potentialAction\":[{\"@type\":\"SearchAction\",\"target\":{\"@type\":\"EntryPoint\",\"urlTemplate\":\"https:\/\/weltlaeden.de\/schuettorf\/?s={search_term_string}\"},\"query-input\":{\"@type\":\"PropertyValueSpecification\",\"valueRequired\":true,\"valueName\":\"search_term_string\"}}],\"inLanguage\":\"de\"}]}<\/script>\n<!-- \/ Yoast SEO plugin. -->","yoast_head_json":{"title":"Weltladen Sch\u00fcttorf - Weltladen Sch\u00fcttorf","robots":{"index":"index","follow":"follow","max-snippet":"max-snippet:-1","max-image-preview":"max-image-preview:large","max-video-preview":"max-video-preview:-1"},"canonical":"https:\/\/weltlaeden.de\/schuettorf\/","og_locale":"de_DE","og_type":"article","og_title":"Weltladen Sch\u00fcttorf - Weltladen Sch\u00fcttorf","og_description":"[vc_row][vc_column][vc_empty_space height=&#8220;20px&#8220;][\/vc_column][\/vc_row][vc_row][vc_column][vc_column_text] Willkommen im Weltladen Sch\u00fcttorf! [\/vc_column_text][vc_column_text] Herzlich willkommen auf unserer Homepage. [\/vc_column_text][vc_column_text] Wir sind umgezogen! Wegen eines Wasserschadens mussten wir unser Ladenlokal in der F\u00f6hnstra\u00dfe aufgeben. Der Eine Welt Laden befindet sich seit Anfang Januar 2022 im Geb\u00e4ude der Ev.- Ref. \u00a0Kirchengemeinde, zug\u00e4nglich vom Nebeneingang am Klosterweg. Unsere neue Adresse: Friedrich-Middendorf-Platz 1 in Sch\u00fcttorf&hellip;","og_url":"https:\/\/weltlaeden.de\/schuettorf\/","og_site_name":"Weltladen Sch\u00fcttorf","article_modified_time":"2022-07-28T12:11:26+00:00","og_image":[{"url":"https:\/\/weltlaeden.de\/schuettorf\/wp-content\/uploads\/sites\/171\/2021\/10\/DSCI1053-300x225.jpg","type":"","width":"","height":""}],"twitter_card":"summary_large_image","twitter_misc":{"Gesch\u00e4tzte Lesezeit":"3\u00a0Minuten"},"schema":{"@context":"https:\/\/schema.org","@graph":[{"@type":"WebPage","@id":"https:\/\/weltlaeden.de\/schuettorf\/","url":"https:\/\/weltlaeden.de\/schuettorf\/","name":"Weltladen Sch\u00fcttorf - Weltladen Sch\u00fcttorf","isPartOf":{"@id":"https:\/\/weltlaeden.de\/schuettorf\/#website"},"primaryImageOfPage":{"@id":"https:\/\/weltlaeden.de\/schuettorf\/#primaryimage"},"image":{"@id":"https:\/\/weltlaeden.de\/schuettorf\/#primaryimage"},"thumbnailUrl":"https:\/\/weltlaeden.de\/schuettorf\/wp-content\/uploads\/sites\/171\/2021\/10\/DSCI1053-300x225.jpg","datePublished":"2016-10-14T07:05:21+00:00","dateModified":"2022-07-28T12:11:26+00:00","breadcrumb":{"@id":"https:\/\/weltlaeden.de\/schuettorf\/#breadcrumb"},"inLanguage":"de","potentialAction":[{"@type":"ReadAction","target":["https:\/\/weltlaeden.de\/schuettorf\/"]}]},{"@type":"ImageObject","inLanguage":"de","@id":"https:\/\/weltlaeden.de\/schuettorf\/#primaryimage","url":"https:\/\/weltlaeden.de\/schuettorf\/wp-content\/uploads\/sites\/171\/2021\/10\/DSCI1053.jpg","contentUrl":"https:\/\/weltlaeden.de\/schuettorf\/wp-content\/uploads\/sites\/171\/2021\/10\/DSCI1053.jpg","width":1920,"height":1440},{"@type":"BreadcrumbList","@id":"https:\/\/weltlaeden.de\/schuettorf\/#breadcrumb","itemListElement":[{"@type":"ListItem","position":1,"name":"Startseite","item":"https:\/\/weltlaeden.de\/schuettorf\/"},{"@type":"ListItem","position":2,"name":"Weltladen Sch\u00fcttorf"}]},{"@type":"WebSite","@id":"https:\/\/weltlaeden.de\/schuettorf\/#website","url":"https:\/\/weltlaeden.de\/schuettorf\/","name":"Weltladen Sch\u00fcttorf","description":"Faire Produkte seit 1990","potentialAction":[{"@type":"SearchAction","target":{"@type":"EntryPoint","urlTemplate":"https:\/\/weltlaeden.de\/schuettorf\/?s={search_term_string}"},"query-input":{"@type":"PropertyValueSpecification","valueRequired":true,"valueName":"search_term_string"}}],"inLanguage":"de"}]}},"_links":{"self":[{"href":"https:\/\/weltlaeden.de\/schuettorf\/wp-json\/wp\/v2\/pages\/20","targetHints":{"allow":["GET"]}}],"collection":[{"href":"https:\/\/weltlaeden.de\/schuettorf\/wp-json\/wp\/v2\/pages"}],"about":[{"href":"https:\/\/weltlaeden.de\/schuettorf\/wp-json\/wp\/v2\/types\/page"}],"author":[{"embeddable":true,"href":"https:\/\/weltlaeden.de\/schuettorf\/wp-json\/wp\/v2\/users\/1"}],"replies":[{"embeddable":true,"href":"https:\/\/weltlaeden.de\/schuettorf\/wp-json\/wp\/v2\/comments?post=20"}],"version-history":[{"count":89,"href":"https:\/\/weltlaeden.de\/schuettorf\/wp-json\/wp\/v2\/pages\/20\/revisions"}],"predecessor-version":[{"id":554,"href":"https:\/\/weltlaeden.de\/schuettorf\/wp-json\/wp\/v2\/pages\/20\/revisions\/554"}],"wp:attachment":[{"href":"https:\/\/weltlaeden.de\/schuettorf\/wp-json\/wp\/v2\/media?parent=20"}],"curies":[{"name":"wp","href":"https:\/\/api.w.org\/{rel}","templated":true}]}}