{"version":"1.0","provider_name":"Weltladen Sch\u00fcttorf","provider_url":"https:\/\/weltlaeden.de\/schuettorf","title":"\u00dcber uns - Weltladen Sch\u00fcttorf","type":"rich","width":600,"height":338,"html":"<blockquote class=\"wp-embedded-content\" data-secret=\"RmqHcjFfqp\"><a href=\"https:\/\/weltlaeden.de\/schuettorf\/ueber-uns\/\">\u00dcber uns<\/a><\/blockquote><iframe sandbox=\"allow-scripts\" security=\"restricted\" src=\"https:\/\/weltlaeden.de\/schuettorf\/ueber-uns\/embed\/#?secret=RmqHcjFfqp\" width=\"600\" height=\"338\" title=\"&#8222;\u00dcber uns&#8220; &#8211; Weltladen Sch\u00fcttorf\" data-secret=\"RmqHcjFfqp\" frameborder=\"0\" marginwidth=\"0\" marginheight=\"0\" scrolling=\"no\" class=\"wp-embedded-content\"><\/iframe><script>\n\/*! This file is auto-generated *\/\n!function(d,l){\"use strict\";l.querySelector&&d.addEventListener&&\"undefined\"!=typeof URL&&(d.wp=d.wp||{},d.wp.receiveEmbedMessage||(d.wp.receiveEmbedMessage=function(e){var t=e.data;if((t||t.secret||t.message||t.value)&&!\/[^a-zA-Z0-9]\/.test(t.secret)){for(var s,r,n,a=l.querySelectorAll('iframe[data-secret=\"'+t.secret+'\"]'),o=l.querySelectorAll('blockquote[data-secret=\"'+t.secret+'\"]'),c=new RegExp(\"^https?:$\",\"i\"),i=0;i<o.length;i++)o[i].style.display=\"none\";for(i=0;i<a.length;i++)s=a[i],e.source===s.contentWindow&&(s.removeAttribute(\"style\"),\"height\"===t.message?(1e3<(r=parseInt(t.value,10))?r=1e3:~~r<200&&(r=200),s.height=r):\"link\"===t.message&&(r=new URL(s.getAttribute(\"src\")),n=new URL(t.value),c.test(n.protocol))&&n.host===r.host&&l.activeElement===s&&(d.top.location.href=t.value))}},d.addEventListener(\"message\",d.wp.receiveEmbedMessage,!1),l.addEventListener(\"DOMContentLoaded\",function(){for(var e,t,s=l.querySelectorAll(\"iframe.wp-embedded-content\"),r=0;r<s.length;r++)(t=(e=s[r]).getAttribute(\"data-secret\"))||(t=Math.random().toString(36).substring(2,12),e.src+=\"#?secret=\"+t,e.setAttribute(\"data-secret\",t)),e.contentWindow.postMessage({message:\"ready\",secret:t},\"*\")},!1)))}(window,document);\n<\/script>\n","description":"[vc_row][vc_column][vc_column_text] \u00dcber uns [\/vc_column_text][\/vc_column][\/vc_row][vc_row][vc_column][vc_single_image image=&#8220;585&#8243; img_size=&#8220;medium&#8220;][vc_column_text] Die MitarbeiterInnen des Ladens arbeiten ehrenamtlich. Sie treffen sich 14-t\u00e4gig im Ev. ref. Gemeindehaus. Dort werden gesch\u00e4ftliche Dinge und aktuelle Themen besprochen. Au\u00dferdem werden \u00f6ffentliche Veranstaltungen vorbereitet. Ein wichtiges Ziel ist es, in der \u00d6ffentlichkeit das Bewusstsein f\u00fcr eine gerechte Welt zu wecken. &nbsp; Der Verein 1976 bilden junge&hellip;"}