{"id":361,"date":"2020-03-17T09:52:06","date_gmt":"2020-03-17T08:52:53","guid":{"rendered":"https:\/\/weltlaeden.de\/saarbruecken\/?page_id=361"},"modified":"2026-04-30T18:06:45","modified_gmt":"2026-04-30T16:06:45","slug":"neuigkeiten","status":"publish","type":"page","link":"https:\/\/weltlaeden.de\/saarbruecken\/","title":{"rendered":"Neuigkeiten"},"content":{"rendered":"<div class=\"wpb-content-wrapper\"><h1><strong>Neuigkeiten<\/strong><\/h1>\n<h3>Aktionstag am 9. Mai im Weltladen Saarbr\u00fccken<\/h3>\n<h1><strong>Fair fruchtet!<\/strong><\/h1>\n<p><img loading=\"lazy\" decoding=\"async\" class=\"size-medium wp-image-933 alignleft\" src=\"https:\/\/weltlaeden.de\/saarbruecken\/wp-content\/uploads\/sites\/96\/2026\/04\/sharepic_fruchtdemo_mit_logo-240x300.png\" alt=\"\" width=\"240\" height=\"300\" srcset=\"https:\/\/weltlaeden.de\/saarbruecken\/wp-content\/uploads\/sites\/96\/2026\/04\/sharepic_fruchtdemo_mit_logo-240x300.png 240w, https:\/\/weltlaeden.de\/saarbruecken\/wp-content\/uploads\/sites\/96\/2026\/04\/sharepic_fruchtdemo_mit_logo-819x1024.png 819w, https:\/\/weltlaeden.de\/saarbruecken\/wp-content\/uploads\/sites\/96\/2026\/04\/sharepic_fruchtdemo_mit_logo-768x960.png 768w, https:\/\/weltlaeden.de\/saarbruecken\/wp-content\/uploads\/sites\/96\/2026\/04\/sharepic_fruchtdemo_mit_logo-1229x1536.png 1229w, https:\/\/weltlaeden.de\/saarbruecken\/wp-content\/uploads\/sites\/96\/2026\/04\/sharepic_fruchtdemo_mit_logo-1638x2048.png 1638w\" sizes=\"auto, (max-width: 240px) 100vw, 240px\" \/>Bananen, Orangen, Ananas und Mangos geh\u00f6ren weltweit zu den beliebtesten Fr\u00fcchten. Doch ihre Produktion ist oft mit schwierigen Arbeitsbedingungen verbunden. Viele Menschen, die sie anbauen und ernten, erhalten niedrige L\u00f6hne, arbeiten befristet oder ohne Vertrag und haben kaum Mitspracherechte. Darum geht es am diesj\u00e4hrigen Weltladentag am Samstag, 9. Mai, von 10 bis 15 Uhr im Weltladen Saarbr\u00fccken. Er befindet sich in der Ev. Kirch-Stra\u00dfe\/ Ecke Kronenstra\u00dfe.<\/p>\n<p>Die ehrenamtlichen Mitarbeiter*innen informieren unter anderem \u00fcber das Preda-Projekt auf den Philippinen. Dort sichert der Faire Handel Kleinb\u00e4uer*innen stabile Einkommen und Perspektiven vor Ort. Gleichzeitig finanziert der Verkauf der Mango-Produkte rund die H\u00e4lfte der Kinderschutzarbeit von Preda. Jede verkaufte Mango tr\u00e4gt dazu bei, Kinder vor Ausbeutung zu sch\u00fctzen und erm\u00f6glicht ihnen Zugang zu Schutzr\u00e4umen, Therapie und Schulbildung. Beim Weltladentag gibt es Mango-Produkte zum Kosten und zahlreiche Infos zur Situation in den armen L\u00e4ndern des S\u00fcdens.<\/p>\n<p>Gro\u00dfe Plantagen internationaler Konzerne bestimmen den Markt, w\u00e4hrend Kleinb\u00e4uerinnen und Kleinbauern mit begrenzten Ressourcen kaum konkurrenzf\u00e4hig sind. Obwohl die Obst- und Fruchtsaftproduktion enorme Gewinne erzielt und j\u00e4hrlich rund 110 Millionen Tonnen Bananen geerntet werden, bleibt am Anfang der Lieferkette nur ein kleiner Teil des Erl\u00f6ses bei den Produzentinnen und Produzenten.<\/p>\n<h2><\/h2>\n<h2>Produkt des Monats Mai zum Weltladentag<\/h2>\n<h1><strong>Mangos von den Philippinen<\/strong><\/h1>\n<div id=\"attachment_888\" style=\"width: 310px\" class=\"wp-caption alignleft\"><img loading=\"lazy\" decoding=\"async\" aria-describedby=\"caption-attachment-888\" class=\"size-medium wp-image-888\" src=\"https:\/\/weltlaeden.de\/saarbruecken\/wp-content\/uploads\/sites\/96\/2025\/08\/WeltPartner_Preda_6-300x200.jpg\" alt=\"\" width=\"300\" height=\"200\" srcset=\"https:\/\/weltlaeden.de\/saarbruecken\/wp-content\/uploads\/sites\/96\/2025\/08\/WeltPartner_Preda_6-300x200.jpg 300w, https:\/\/weltlaeden.de\/saarbruecken\/wp-content\/uploads\/sites\/96\/2025\/08\/WeltPartner_Preda_6-1024x683.jpg 1024w, https:\/\/weltlaeden.de\/saarbruecken\/wp-content\/uploads\/sites\/96\/2025\/08\/WeltPartner_Preda_6-768x512.jpg 768w, https:\/\/weltlaeden.de\/saarbruecken\/wp-content\/uploads\/sites\/96\/2025\/08\/WeltPartner_Preda_6.jpg 1200w\" sizes=\"auto, (max-width: 300px) 100vw, 300px\" \/><p id=\"caption-attachment-888\" class=\"wp-caption-text\">xr:d:DAFOPjaZQ20:42,j:4600846392251289731,t:24022110<\/p><\/div>\n<p>Der Faire Handel mit Mangos erm\u00f6glicht es der Kinderhilfsorganisation Preda sich seit Jahren erfolgreich um Stra\u00dfenkinder und Kinderprostituierte zu k\u00fcmmern. Mit den kontinuierlichen Mehrpreiszahlungen f\u00fcr ihre Mangofr\u00fcchte erhalten tausende Familien einen gesicherten Lebensunterhalt. Dies schafft die Voraussetzung f\u00fcr ein beh\u00fctetes und sicheres Zuhause f\u00fcr die Kinder.<\/p>\n<p><strong>Der Kinderhandel ist perfekt organisiert <\/strong><\/p>\n<p>Nach Untersuchungen von UNICEF gibt es auf den Philippinen sch\u00e4tzungsweise 100.000 Kinderprostituierte, weltweit \u00fcber eine Million. F\u00fcr die Kinderhilfsorganisation Preda ist die weit verbreitete Armut der philippinischen Bev\u00f6lkerung die Hauptursache f\u00fcr die sexuelle Ausbeutung von Kindern. Der Kinderhandel ist perfekt organisiert und nutzt die Armut und die oftmals ausweglos erscheinende Lage der Kleinbauern schamlos aus.<\/p>\n<p><strong>Kampf gegen Kinderprostitution<\/strong><\/p>\n<p>Die Preda-Stiftung ist weltweit f\u00fcr den Einsatz f\u00fcr Kinderrechte bekannt. Die zahlreichen Erfolge im jahrzehntelangen Kampf gegen Kinderprostitution und andere Menschenrechtsverletzungen basieren auf einem umfassenden Gesamtkonzept, mit dem der Leiter Shay Cullen und sein Team die Ursachen dieser Missst\u00e4nde bek\u00e4mpfen. Neben \u00f6ffentlichkeitswirksamen Kampagnen, der juristischen Verfolgung von T\u00e4tern oder therapeutischen Hilfen f\u00fcr die Opfer sexuellen Missbrauchs setzt Preda dabei vor allem auf den Fairen Handel als Pr\u00e4ventionsstrategie. Denn Pr\u00e4vention ist besser als Heilung.<\/p>\n<h2>Produkt des Monats April<\/h2>\n<h1><strong>Aus Uganda: &#8222;organico blonde fairness&#8220;<\/strong><\/h1>\n<p><img loading=\"lazy\" decoding=\"async\" class=\" wp-image-929 alignleft\" src=\"https:\/\/weltlaeden.de\/saarbruecken\/wp-content\/uploads\/sites\/96\/2026\/04\/Meacce-300x135.jpg\" alt=\"\" width=\"387\" height=\"174\" srcset=\"https:\/\/weltlaeden.de\/saarbruecken\/wp-content\/uploads\/sites\/96\/2026\/04\/Meacce-300x135.jpg 300w, https:\/\/weltlaeden.de\/saarbruecken\/wp-content\/uploads\/sites\/96\/2026\/04\/Meacce-1024x462.jpg 1024w, https:\/\/weltlaeden.de\/saarbruecken\/wp-content\/uploads\/sites\/96\/2026\/04\/Meacce-768x346.jpg 768w, https:\/\/weltlaeden.de\/saarbruecken\/wp-content\/uploads\/sites\/96\/2026\/04\/Meacce.jpg 1280w\" sizes=\"auto, (max-width: 387px) 100vw, 387px\" \/>Der GEPA-Organico-Kaffee hat Zuwachs bekommen: die helle R\u00f6stung \u201corganico blonde fairness\u201d! Bei dieser besonderen Arabica-Mischung von GEPA-Kaffeepartnern in Ostafrika kommen die nat\u00fcrlichen Aromen wie Zitrus und Rote Beeren besonders zur Geltung.<\/p>\n<p>Der Kaffee stammt von der Kooperative MEACCE (Mount Elgon Agroforestry Communities Cooperative Enterprise) in Uganda. \u00a0Zu MEACCE geh\u00f6ren elf Basisgenossenschaften, die alle bio &amp; fair zertifiziert sind. Die Mitglieder der Basisgenossenschaften leben rund um den Mount Elgon in einer sehr abgelegenen Gegend. Die Verbindung zum Absatzmarkt ist schlecht, so dass es ohne einen Zusammenschluss der einzelnen B\u00e4uer*innen sehr schwierig w\u00e4re, den Kaffee zu vermarkten. MEACCE hat sich auf die Verarbeitung und den Export des Kaffees spezialisiert. Zugleich erfahren die B\u00e4uer*innen in Schulungen mehr \u00fcber verbesserte Anbaumethoden und die Mitglieder k\u00f6nnen u.a. D\u00fcnger, Saatgut und Stecklinge g\u00fcnstig erwerben (\u201eInput Store\u201c). Rund 20 Prozent der Mitglieder sind <img loading=\"lazy\" decoding=\"async\" class=\"size-medium wp-image-930 alignright\" src=\"https:\/\/weltlaeden.de\/saarbruecken\/wp-content\/uploads\/sites\/96\/2026\/04\/MEACCE_Uganda_-300x135.jpg\" alt=\"\" width=\"300\" height=\"135\" srcset=\"https:\/\/weltlaeden.de\/saarbruecken\/wp-content\/uploads\/sites\/96\/2026\/04\/MEACCE_Uganda_-300x135.jpg 300w, https:\/\/weltlaeden.de\/saarbruecken\/wp-content\/uploads\/sites\/96\/2026\/04\/MEACCE_Uganda_-1024x462.jpg 1024w, https:\/\/weltlaeden.de\/saarbruecken\/wp-content\/uploads\/sites\/96\/2026\/04\/MEACCE_Uganda_-768x346.jpg 768w, https:\/\/weltlaeden.de\/saarbruecken\/wp-content\/uploads\/sites\/96\/2026\/04\/MEACCE_Uganda_.jpg 1280w\" sizes=\"auto, (max-width: 300px) 100vw, 300px\" \/>Frauen. Sie besonders zu f\u00f6rdern, ist das Ziel von MEACCE.<\/p>\n<p><strong>Die Produzent*innen<\/strong><\/p>\n<p>Die GEPA erh\u00e4lt einen Gro\u00dfteil ihres Bio-Kaffees von der Bumatanda-Basisgenossenschaft. Ihre Mitglieder leben \u2013 wie die anderen Kaffeeb\u00e4uer*innen \u2013 auch am westlichen Hang des Mount Elgon. Die Bauern bewirtschaften auf einer H\u00f6he von 1.400 Metern und 2.100 Metern kleine Parzellen (0,25 bis 0,5 Hektar). Neben Bio-Kaffee bauen sie unter anderem Bananen, Mais, Tomaten und Bohnen f\u00fcr den Eigenbedarf und den lokalen Verkauf an. Ein bis zwei K\u00fche werden meist auch von den Bauern auf den Farmen gehalten. Fotos: MEACCE<\/p>\n<p>&nbsp;<\/p>\n<h2>Produkt des Monats M\u00e4rz<\/h2>\n<h1><strong>Bio-Schokocreme\u00a0<\/strong><\/h1>\n<div id=\"attachment_922\" style=\"width: 310px\" class=\"wp-caption alignright\"><img loading=\"lazy\" decoding=\"async\" aria-describedby=\"caption-attachment-922\" class=\"size-medium wp-image-922\" src=\"https:\/\/weltlaeden.de\/saarbruecken\/wp-content\/uploads\/sites\/96\/2026\/02\/Foto_Lobolmo-7-300x200.jpg\" alt=\"\" width=\"300\" height=\"200\" srcset=\"https:\/\/weltlaeden.de\/saarbruecken\/wp-content\/uploads\/sites\/96\/2026\/02\/Foto_Lobolmo-7-300x200.jpg 300w, https:\/\/weltlaeden.de\/saarbruecken\/wp-content\/uploads\/sites\/96\/2026\/02\/Foto_Lobolmo-7-1024x683.jpg 1024w, https:\/\/weltlaeden.de\/saarbruecken\/wp-content\/uploads\/sites\/96\/2026\/02\/Foto_Lobolmo-7-768x512.jpg 768w, https:\/\/weltlaeden.de\/saarbruecken\/wp-content\/uploads\/sites\/96\/2026\/02\/Foto_Lobolmo-7-1536x1024.jpg 1536w, https:\/\/weltlaeden.de\/saarbruecken\/wp-content\/uploads\/sites\/96\/2026\/02\/Foto_Lobolmo-7-2048x1365.jpg 2048w\" sizes=\"auto, (max-width: 300px) 100vw, 300px\" \/><p id=\"caption-attachment-922\" class=\"wp-caption-text\">Bolivien, Sapecho, Kakao, Kakaozubereitung (EL CEIBO)<\/p><\/div>\n<p>Der Kakao f\u00fcr unsere Schokocreme stammt von COOPROAGRO (Cooperativa de Productores Agropecuarios) aus der Dominikanischen Republik. Die Kooperative setzt ganz auf Bio-Kakao. Auch die neu dazugekommenen Mitglieder sind entweder schon \u201ebio\u201c oder in der Umstellung auf Bio-Anbau. Ein Team von Agraringenieuren steht allen Mitgliedern kontinuierlich und beratend zur Seite. Sie garantieren, dass die internationalen Normen des Bio-Landbaus strikt eingehalten werden.<\/p>\n<p><strong>Die Produzent*innen<\/strong><\/p>\n<p>Zurzeit geh\u00f6ren rund 2.000 Kakaob\u00e4uerinnen und Kakaobauern zu COOPROAGRO. Der Fair-Handels-Mehrpreis wird in die Infrastruktur der Gemeinden und in die Qualit\u00e4tssicherung investiert. So wurden Stra\u00dfen repariert, Br\u00fccken gebaut, Haushalte mit Strom versorgt, H\u00e4user f\u00fcr bed\u00fcrftige Mitglieder gebaut und eine Schule saniert. Neben dem Kakao bauen die Familien Bananen, Kokosn\u00fcsse, Zitrusfr\u00fcchte, S\u00fc\u00dfkartoffeln und Gem\u00fcse f\u00fcr den eigenen Bedarf an. Fr\u00fcher wurde in der Region auch Kaffee angebaut, der durch Kakao ersetzt wurde.<\/p>\n<div id=\"attachment_925\" style=\"width: 264px\" class=\"wp-caption alignleft\"><img loading=\"lazy\" decoding=\"async\" aria-describedby=\"caption-attachment-925\" class=\" wp-image-925\" src=\"https:\/\/weltlaeden.de\/saarbruecken\/wp-content\/uploads\/sites\/96\/2026\/02\/Foto_Lobolmo-8-300x200.jpg\" alt=\"\" width=\"254\" height=\"169\" srcset=\"https:\/\/weltlaeden.de\/saarbruecken\/wp-content\/uploads\/sites\/96\/2026\/02\/Foto_Lobolmo-8-300x200.jpg 300w, https:\/\/weltlaeden.de\/saarbruecken\/wp-content\/uploads\/sites\/96\/2026\/02\/Foto_Lobolmo-8-1024x683.jpg 1024w, https:\/\/weltlaeden.de\/saarbruecken\/wp-content\/uploads\/sites\/96\/2026\/02\/Foto_Lobolmo-8-768x512.jpg 768w, https:\/\/weltlaeden.de\/saarbruecken\/wp-content\/uploads\/sites\/96\/2026\/02\/Foto_Lobolmo-8-1536x1024.jpg 1536w, https:\/\/weltlaeden.de\/saarbruecken\/wp-content\/uploads\/sites\/96\/2026\/02\/Foto_Lobolmo-8-2048x1365.jpg 2048w\" sizes=\"auto, (max-width: 254px) 100vw, 254px\" \/><p id=\"caption-attachment-925\" class=\"wp-caption-text\">Paraguay, Arroyos y Esteros, Zucker, Ernte, Bauer (Manduvira)<\/p><\/div>\n<p><strong>Bio-Rohrzucker aus Paraguay<\/strong><\/p>\n<p>Der Rohrzucker in unserer Schokocreme stammt von der Kooperative APAG (Asociaci\u00f3n de Productores Agr\u00edcolas del Guair\u00e1) in Paraguay. Durch den Fairen Handel erh\u00e4lt APAG einen Preis von 195.000 Guarani (ca. 25 Euro in 10\/2023) je Tonne Zuckerrohr und 100.000 Guarani als Transportzuschlag. Am Jahresende erh\u00e4lt APAG eine Entwicklungspr\u00e4mie von 80 US-Dollar \/ t Bio-Rohrohrzucker. 50 Prozent der Pr\u00e4mie gehen an die Mitglieder.<\/p>\n<p>Fotos: LOBOLMO<\/p>\n<h2><\/h2>\n<h2>Produkt des Monats Februar<\/h2>\n<h1><strong>Konfekt made in Ghana<\/strong><\/h1>\n<p>Der Globale S\u00fcden produziert Rohstoffe, die erst in den Industriel\u00e4ndern zu fertigen Produkten veredelt werden. Die Folge: Reiche Konzerne im Globalen Norden werden immer reicher. So werden etwa Chocolaterie-Produkte in Europa oft f\u00fcr 80-100 Euro pro Kilo verkauft, w\u00e4hrend nur 2 Euro im Ursprungsland der Kakaobohnen ankommt.<img loading=\"lazy\" decoding=\"async\" class=\" wp-image-912 alignright\" src=\"https:\/\/weltlaeden.de\/saarbruecken\/wp-content\/uploads\/sites\/96\/2026\/01\/fairafric_1_team_schokotisch_quelle_fairafric.1200x675-300x193.jpg\" alt=\"\" width=\"360\" height=\"232\" srcset=\"https:\/\/weltlaeden.de\/saarbruecken\/wp-content\/uploads\/sites\/96\/2026\/01\/fairafric_1_team_schokotisch_quelle_fairafric.1200x675-300x193.jpg 300w, https:\/\/weltlaeden.de\/saarbruecken\/wp-content\/uploads\/sites\/96\/2026\/01\/fairafric_1_team_schokotisch_quelle_fairafric.1200x675-1024x660.jpg 1024w, https:\/\/weltlaeden.de\/saarbruecken\/wp-content\/uploads\/sites\/96\/2026\/01\/fairafric_1_team_schokotisch_quelle_fairafric.1200x675-768x495.jpg 768w, https:\/\/weltlaeden.de\/saarbruecken\/wp-content\/uploads\/sites\/96\/2026\/01\/fairafric_1_team_schokotisch_quelle_fairafric.1200x675.jpg 1047w\" sizes=\"auto, (max-width: 360px) 100vw, 360px\" \/><\/p>\n<p><strong>fairafric <\/strong>verlagert die Wertsch\u00f6pfung zur\u00fcck nach Ghana \u2013 dorthin, wo der Kakao w\u00e4chst: durch die Produktion von feinster Bio-Schokolade. Durch handwerkliche Ausbildung, lokale Produktion und faire L\u00f6hne werden jungen Menschen echte Perspektiven aufgezeigt. Zudem wird das lokale Einkommen vervielfacht. So entsteht ein neues Wirtschaftsmodell: gerecht, zukunftsf\u00e4hig und made in Africa.<\/p>\n<p><strong>Gerechte L\u00f6hne<\/strong><\/p>\n<p>In der solarbetriebenen Fabrik werden 80 Menschen direkt vor Ort in einer l\u00e4ndlichen Region besch\u00e4ftigt. <strong>fairafric<\/strong> f\u00f6rdert zudem den Aufbau lokaler wirtschaftlicher Strukturen und schafft auch Jobs f\u00fcr Zulieferer*innen. Damit verbleibt ein Gro\u00dfteil des lokalen Einkommens im Land. <strong>fairafric<\/strong> zahlt ein Vielfaches des ghanaischen Mindestlohns \u2013 inklusive gratis Essen, Transport, Kranken- und Rentenversicherung.<\/p>\n<p><strong>Mit dem Schiff statt mit dem Flugzeug<\/strong><\/p>\n<p>Auch den Transport der Schokolade nach Europa gestaltet <strong>fairafric<\/strong> so klimaschonend wie m\u00f6glich. N\u00e4mlich mit dem Schiff anstatt mit dem Flugzeug, von der Hafenstadt Tema nach Hamburg. Der K\u00fchlcontainer ist mit 16 Grad temperiert und die CO2 Belastung gleicht <strong>fairafric<\/strong> mit NatureOffice aus. Foto: fairafric<\/p>\n<p>&nbsp;<\/p>\n<h2>Produkt des Monats Januar<\/h2>\n<h1><strong>Mit Bio-Chips aus Peru Kartoffeln retten<\/strong><\/h1>\n<p><img loading=\"lazy\" decoding=\"async\" class=\" wp-image-799 alignleft\" src=\"https:\/\/weltlaeden.de\/saarbruecken\/wp-content\/uploads\/sites\/96\/2024\/02\/agropia-dwp-die-weltpartner-bild5-300x200.jpg\" alt=\"\" width=\"230\" height=\"153\" srcset=\"https:\/\/weltlaeden.de\/saarbruecken\/wp-content\/uploads\/sites\/96\/2024\/02\/agropia-dwp-die-weltpartner-bild5-300x200.jpg 300w, https:\/\/weltlaeden.de\/saarbruecken\/wp-content\/uploads\/sites\/96\/2024\/02\/agropia-dwp-die-weltpartner-bild5-1024x683.jpg 1024w, https:\/\/weltlaeden.de\/saarbruecken\/wp-content\/uploads\/sites\/96\/2024\/02\/agropia-dwp-die-weltpartner-bild5-768x512.jpg 768w, https:\/\/weltlaeden.de\/saarbruecken\/wp-content\/uploads\/sites\/96\/2024\/02\/agropia-dwp-die-weltpartner-bild5.jpg 1280w\" sizes=\"auto, (max-width: 230px) 100vw, 230px\" \/>Na klar, mit unseren Chips kann man das. Sie sehen h\u00fcbsch aus, die Blau- und Rotkartoffelscheiben in der Chips-Schale: Wie sich die blauen und roten Schlieren durch das Gelb der Urkartoffel ziehen. Und eine Geschichte steckt drin: Sie stammen aus der <strong>Kooperative AGROPIA<\/strong> in der Region Huancayo im Hochland von Peru. Dort haben<br \/>\n90 Familien etwa 100 Kartoffelsorten in einer Saatgutbank archiviert haben, um so jahrhundertealte Variet\u00e4ten zu konservieren.<\/p>\n<p><img loading=\"lazy\" decoding=\"async\" class=\" wp-image-800 alignright\" src=\"https:\/\/weltlaeden.de\/saarbruecken\/wp-content\/uploads\/sites\/96\/2024\/02\/Weltpartner_blaue_Chips_drapiert3-300x200.jpg\" alt=\"\" width=\"275\" height=\"183\" srcset=\"https:\/\/weltlaeden.de\/saarbruecken\/wp-content\/uploads\/sites\/96\/2024\/02\/Weltpartner_blaue_Chips_drapiert3-300x200.jpg 300w, https:\/\/weltlaeden.de\/saarbruecken\/wp-content\/uploads\/sites\/96\/2024\/02\/Weltpartner_blaue_Chips_drapiert3-1024x682.jpg 1024w, https:\/\/weltlaeden.de\/saarbruecken\/wp-content\/uploads\/sites\/96\/2024\/02\/Weltpartner_blaue_Chips_drapiert3-768x512.jpg 768w, https:\/\/weltlaeden.de\/saarbruecken\/wp-content\/uploads\/sites\/96\/2024\/02\/Weltpartner_blaue_Chips_drapiert3.jpg 1280w\" sizes=\"auto, (max-width: 275px) 100vw, 275px\" \/>Die Kartoffelscheiben werden vor Ort in Biopalm\u00f6l aus Ecuador, das fair zertifiziert ist, frittiert und kommen dann zu uns. Indem Sie die Scheibchen knabbern, bewahren Sie ein St\u00fcck Naturerbe.<\/p>\n<p>Gleichzeitig erm\u00f6glicht der Faire Handel den B\u00e4uerinnen und Bauern eine finanzielle Absicherung. Zudem erhalten sie vielf\u00e4ltige Schulungen in den Bereichen biologischer Anbau, Vorfinanzierung und Kleinkredite zu g\u00fcnstigen Zinsen erg\u00e4nzen die Leistungen.<br \/>\n<strong>Das nennt man Win-Win-Situation!<\/strong><\/p>\n<h2><\/h2>\n<h2><\/h2>\n<h2>Produkt des Monats Dezember<\/h2>\n<h1><strong>W\u00e4rmende Accessoirs aus Bolivien<\/strong><\/h1>\n<p><img loading=\"lazy\" decoding=\"async\" class=\" wp-image-906 alignleft\" src=\"https:\/\/weltlaeden.de\/saarbruecken\/wp-content\/uploads\/sites\/96\/2025\/11\/Suritex-300x138.jpeg\" alt=\"\" width=\"357\" height=\"164\" srcset=\"https:\/\/weltlaeden.de\/saarbruecken\/wp-content\/uploads\/sites\/96\/2025\/11\/Suritex-300x138.jpeg 300w, https:\/\/weltlaeden.de\/saarbruecken\/wp-content\/uploads\/sites\/96\/2025\/11\/Suritex-1024x472.jpeg 1024w, https:\/\/weltlaeden.de\/saarbruecken\/wp-content\/uploads\/sites\/96\/2025\/11\/Suritex-768x354.jpeg 768w, https:\/\/weltlaeden.de\/saarbruecken\/wp-content\/uploads\/sites\/96\/2025\/11\/Suritex-1536x708.jpeg 1536w, https:\/\/weltlaeden.de\/saarbruecken\/wp-content\/uploads\/sites\/96\/2025\/11\/Suritex.jpeg 2000w\" sizes=\"auto, (max-width: 357px) 100vw, 357px\" \/>Milhua ist die Kollektion der Firma Suritex aus Peru. In handwerklicher Produktion entstehen in der N\u00e4he von Concepci\u00f3n im peruanischen Andenhochland Ponchos, Schals, Stolen, M\u00fctzen, Pulsw\u00e4rmer und Stulpen aus feinsten, hochwertigen Naturfasern wie Baby-Alpakawolle und Seide. Suritex arbeitet nach den Grunds\u00e4tzen des Fairen Handels und ist seit 2020 anerkanntes Mitglied der World Fair Trade Organisation.<\/p>\n<p><strong>Gleichstellung der Geschlechter<\/strong><\/p>\n<p>Suritex f\u00f6rdert die Gleichstellung der Geschlechter und die St\u00e4rkung der peruanischen Frauen. Derzeit sind 80 Prozent der gesamten Belegschaft Frauen. Das Unternehmen sucht stets nach neuen Wegen, ihre Lebensbedingungen und die Beteiligung an der Gesellschaft zu verbessern.<\/p>\n<p><strong>Gesundheit und Wohlbefinden<\/strong><\/p>\n<p>Suritex ist die Gesundheit ihrer Mitarbeiter*innen und ihre Familien wichtig. Aus diesem Grund stehen ihnen eine K\u00fcche und ein Speisesaal zur Verf\u00fcgung. Es werden Freizeitaktivit\u00e4ten innerhalb der Einrichtungen angeboten. Die Sicherstellung des ganzheitlichen Wohlbefindens der Gemeinschaft ist dem Unternehmen eine seiner gr\u00f6\u00dften Verpflichtungen.<\/p>\n<p><strong>Besch\u00e4ftigung und berufliche Weiterentwicklung<\/strong><\/p>\n<p>Trotz der schwierigen sozio\u00f6konomischen und politischen Realit\u00e4t in Bolivien, hat Suritex in jeder Hinsicht f\u00fcr seine Mitarbeiter*innen gesorgt. Die Firma bietet unbefristete und stabile Arbeitsverh\u00e4ltnisse, flexible Arbeitszeiten, Leistungspr\u00e4mien, \u00dcberstundenverg\u00fctung, Schulungen und weitere Vorz\u00fcge, die die M\u00f6glichkeit zum Wachstum und zur beruflichen Weiterentwicklung schaffen. Foto: Suritex<\/p>\n<h2>Produkt des Monats November<\/h2>\n<h1><strong>Fairer Lichtzauber aus dem K\u00f6nigreich Eswatini<\/strong><\/h1>\n<p><img loading=\"lazy\" decoding=\"async\" class=\"size-medium wp-image-902 alignleft\" src=\"https:\/\/weltlaeden.de\/saarbruecken\/wp-content\/uploads\/sites\/96\/2025\/11\/WeltPartner-SwaziCandles1-300x200.jpg\" alt=\"\" width=\"300\" height=\"200\" srcset=\"https:\/\/weltlaeden.de\/saarbruecken\/wp-content\/uploads\/sites\/96\/2025\/11\/WeltPartner-SwaziCandles1-300x200.jpg 300w, https:\/\/weltlaeden.de\/saarbruecken\/wp-content\/uploads\/sites\/96\/2025\/11\/WeltPartner-SwaziCandles1-1024x683.jpg 1024w, https:\/\/weltlaeden.de\/saarbruecken\/wp-content\/uploads\/sites\/96\/2025\/11\/WeltPartner-SwaziCandles1-768x512.jpg 768w, https:\/\/weltlaeden.de\/saarbruecken\/wp-content\/uploads\/sites\/96\/2025\/11\/WeltPartner-SwaziCandles1.jpg 1200w\" sizes=\"auto, (max-width: 300px) 100vw, 300px\" \/>Swazi Candles wurde 1982 in einem Kuhstall einer ehemaligen Molkerei von zwei s\u00fcdafrikanischen Kunststudenten in Malkerns in Eswatini gegr\u00fcndet.\u00a0 Das K\u00f6nigreich Eswatini im s\u00fcdlichen Afrika \u2013 so hei\u00dft Swasiland seit 2018 offiziell \u2013 war zu dieser Zeit im Gegensatz zu seinen unmittelbaren Nachbarn innenpolitisch stabil und friedlich und erwies sich so als idealer Standort. Das Kerngesch\u00e4ft ist seit jeher die Herstellung von Kerzen. Seit der Gr\u00fcndung ist es Ziel von Swazi Candles die Kreativit\u00e4t der Kunsthand-werkerinnen und Kunsthandwerker zu unterst\u00fctzen. Zusammen mit dem kompetenten Team entstand auch die Idee, ein Abfallprodukt der eigentlichen Kerzenproduktion als Rohstoff zu verwenden. Swazi Candles stellt in seiner Manufaktur farbenfrohe und kreative Kerzen her. W\u00e4hrend des Herstellungsprozesses dieser Kunstwerke fallen immer wieder Reste an, die anderweitig nicht mehr verwendet werden k\u00f6nnten. Diese Reste werden nach Farbe getrennt sortiert und wiederverwendet. Unsere Kerzen bestehen aus eben diesen Resten. Dadurch ergibt sich der etwas matterer Farbton unserer recycelten Kerzen.<\/p>\n<p><img loading=\"lazy\" decoding=\"async\" class=\"size-medium wp-image-903 alignright\" src=\"https:\/\/weltlaeden.de\/saarbruecken\/wp-content\/uploads\/sites\/96\/2025\/11\/WeltPartner-SwaziCandles7-300x200.jpg\" alt=\"\" width=\"300\" height=\"200\" srcset=\"https:\/\/weltlaeden.de\/saarbruecken\/wp-content\/uploads\/sites\/96\/2025\/11\/WeltPartner-SwaziCandles7-300x200.jpg 300w, https:\/\/weltlaeden.de\/saarbruecken\/wp-content\/uploads\/sites\/96\/2025\/11\/WeltPartner-SwaziCandles7-1024x683.jpg 1024w, https:\/\/weltlaeden.de\/saarbruecken\/wp-content\/uploads\/sites\/96\/2025\/11\/WeltPartner-SwaziCandles7-768x512.jpg 768w, https:\/\/weltlaeden.de\/saarbruecken\/wp-content\/uploads\/sites\/96\/2025\/11\/WeltPartner-SwaziCandles7.jpg 1200w\" sizes=\"auto, (max-width: 300px) 100vw, 300px\" \/>Es arbeiten 45 Mitarbeiterinnen und Mitarbeiter in zwei Werkst\u00e4tten in Malkerns und Matsapha f\u00fcr Swazi Candles. Als Gr\u00fcndungsmitglied von SWIFT (Swaziland Fair Trade Association) teilt Swazi Candles unsere Vision eines partnerschaftlichen Handels und setzt sich leidenschaftlich f\u00fcr gute Arbeitsbedingungen, faire und existenzsichernde L\u00f6hne sowie partizipative Prozesse ein.<\/p>\n<p>Swazi Candles bietet seinen Angestellten weitreichende Sozialleistungen, wie eine Gesundheitsvorsorge, einen Rentenfonds, Unterst\u00fctzung in den Bereichen Lebensmittel, Transport und Bekleidung.<\/p>\n<p>Foto: Weltpartner<\/p>\n<h2>Produkt des Monats Oktober<\/h2>\n<h1>Der Saarbr\u00fccker Kaffee<\/h1>\n<p>Der Saarbr\u00fccker Kaffee stammt aus der \u00e4thiopischen Region Oromia, wo die Geschichte des Kaffees begann. Bereits im 5. Jahrhundert entdeckte die indigene Bev\u00f6lkerungsgruppe Oromo das R\u00f6sten der Kaffeekirschen f\u00fcr den anschlie\u00dfenden Aufguss zu einem genussvollen Getr\u00e4nk. Seither wird der \u00e4thiopische Kaffee von Genie\u00dfern weltweit gesch\u00e4tzt.<\/p>\n<p><img loading=\"lazy\" decoding=\"async\" class=\"size-medium wp-image-841 alignleft\" src=\"https:\/\/weltlaeden.de\/saarbruecken\/wp-content\/uploads\/sites\/96\/2024\/12\/WeltPartner-OCFCU-9-300x200.jpg\" alt=\"\" width=\"300\" height=\"200\" srcset=\"https:\/\/weltlaeden.de\/saarbruecken\/wp-content\/uploads\/sites\/96\/2024\/12\/WeltPartner-OCFCU-9-300x200.jpg 300w, https:\/\/weltlaeden.de\/saarbruecken\/wp-content\/uploads\/sites\/96\/2024\/12\/WeltPartner-OCFCU-9-1024x683.jpg 1024w, https:\/\/weltlaeden.de\/saarbruecken\/wp-content\/uploads\/sites\/96\/2024\/12\/WeltPartner-OCFCU-9-768x512.jpg 768w, https:\/\/weltlaeden.de\/saarbruecken\/wp-content\/uploads\/sites\/96\/2024\/12\/WeltPartner-OCFCU-9.jpg 1200w\" sizes=\"auto, (max-width: 300px) 100vw, 300px\" \/>Viele Kleinbauernfamilien in der \u00e4rmlichen Region Oromia leben haupts\u00e4chlich vom Verkauf der Fr\u00fcchte des Kaffeestrauchs. Um \u00fcber ein stabiles Einkommen zu verf\u00fcgen, schlossen sich die Kleinbauern in Oromia zu Kooperativen zusammen. Im Jahr 1999 b\u00fcndelten diese ihre Kr\u00e4fte und gr\u00fcndeten einen eigenen Dachverband, um sich gemeinsam zertifizieren zu lassen und den Kaffee besser vermarkten zu k\u00f6nnen: die Oromia Coffee Farmers Cooperative Union (OCFCU). OCFCU ist demokratisch organisiert und hat sich den Prinzipien der International Cooperative Alliance und des Fairen Handels verpflichtet.<\/p>\n<p>Sie bem\u00fcht sich, insbesondere Frauen innerhalb der Organisation in F\u00fchrungspositionen zu etablieren und f\u00f6rdert die Aus- und Weiterbildung der Kleinbauern im Bereich der nachhaltigen Landwirtschaft. Die Fair Trade-Pr\u00e4mie investiert OCFCU in zahlreiche soziale Projekte. So konnte der Aufbau von 30 Schulen und die Entwicklung und der Betrieb von vier Gesundheitszentren in der Region finanziert werden. Foto: Weltpartner.<\/p>\n<h2><strong>Faire Wochen im Weltladen Saarbr\u00fccken<\/strong><\/h2>\n<h1><strong>Die Vielfalt der Welt schmecken<\/strong><\/h1>\n<p><img loading=\"lazy\" decoding=\"async\" class=\"size-medium wp-image-893 alignleft\" src=\"https:\/\/weltlaeden.de\/saarbruecken\/wp-content\/uploads\/sites\/96\/2025\/09\/Forexschilder_FW_2025_RZ-300x200.jpg\" alt=\"\" width=\"300\" height=\"200\" srcset=\"https:\/\/weltlaeden.de\/saarbruecken\/wp-content\/uploads\/sites\/96\/2025\/09\/Forexschilder_FW_2025_RZ-300x200.jpg 300w, https:\/\/weltlaeden.de\/saarbruecken\/wp-content\/uploads\/sites\/96\/2025\/09\/Forexschilder_FW_2025_RZ-1024x683.jpg 1024w, https:\/\/weltlaeden.de\/saarbruecken\/wp-content\/uploads\/sites\/96\/2025\/09\/Forexschilder_FW_2025_RZ-768x512.jpg 768w, https:\/\/weltlaeden.de\/saarbruecken\/wp-content\/uploads\/sites\/96\/2025\/09\/Forexschilder_FW_2025_RZ-1536x1024.jpg 1536w, https:\/\/weltlaeden.de\/saarbruecken\/wp-content\/uploads\/sites\/96\/2025\/09\/Forexschilder_FW_2025_RZ.jpg 1701w\" sizes=\"auto, (max-width: 300px) 100vw, 300px\" \/>Anl\u00e4sslich der bundesweiten Fairen Wochen l\u00e4dt der Weltladen Saarbr\u00fccken in der Evangelisch-Kirch-Stra\u00dfe 8 am Samstag, 21. September, dazu ein, die Vielfalt fair gehandelter Produkte zu schmecken: Von 11 bis 15 Uhr k\u00f6nnen N\u00fcsse aus Kolumbien, Schokolade aus der Dominikanischen Republik, Kartoffel-Chips aus Peru und getrocknete Mangos von den Philippinen gekostet werden. Dazu gibt es Infos \u00fcber die Produzenten.<\/p>\n<p>Die bundesweite \u201eFaire Woche\u201c vom 12. bis 26. September steht unter dem Motto \u201eFair handeln \u2013 Vielfalt erleben!\u201c Dass Vielfalt im Fairen Handel eine gro\u00dfe Rolle spielt, zeigt sich an vielen Stellen. Angefangen bei der gro\u00dfen Produktvielfalt, die unser Leben bereichert. Kaffee, Tee und Schokolade kennen alle. Aber wie sieht es aus mit bunten Kartoffelchips, Notizb\u00fcchern aus Elefantenmist oder H\u00e4ngematten? Die Faire Woche l\u00e4dt zum Entdecken ein!<\/p>\n<p>Tel. 0681\/ 32282<br \/>\nInfo@weltladen-saarbruecken.de.<\/p>\n<h2>Unser Produkt des Monats September<\/h2>\n<h1>Bunte Socken aus der T\u00fcrkei<\/h1>\n<h2><img loading=\"lazy\" decoding=\"async\" class=\" wp-image-890 alignleft\" src=\"https:\/\/weltlaeden.de\/saarbruecken\/wp-content\/uploads\/sites\/96\/2025\/09\/csm_bulus_socken__4__358f06b178-225x300.jpg\" alt=\"\" width=\"175\" height=\"234\" srcset=\"https:\/\/weltlaeden.de\/saarbruecken\/wp-content\/uploads\/sites\/96\/2025\/09\/csm_bulus_socken__4__358f06b178-225x300.jpg 225w, https:\/\/weltlaeden.de\/saarbruecken\/wp-content\/uploads\/sites\/96\/2025\/09\/csm_bulus_socken__4__358f06b178-768x1023.jpg 768w, https:\/\/weltlaeden.de\/saarbruecken\/wp-content\/uploads\/sites\/96\/2025\/09\/csm_bulus_socken__4__358f06b178.jpg 776w\" sizes=\"auto, (max-width: 175px) 100vw, 175px\" \/><\/h2>\n<p>Der t\u00fcrkische Familienbetrieb Bulus stellt vor allem Bio-Baumwollsocken in Istanbul her und ist GOTS-zertifiziert. Mit der GOTS-Zertifizierung ist gew\u00e4hrleistet, dass hohe \u00f6kologische Standards sowie soziale Mindeststandards entlang der gesamten Produktionskette eingehalten werden.<br \/>\nGegr\u00fcndet wurde der Betrieb 1983 von Ahmet Akg\u00fcl. Inzwischen leitet seine Tochter Yurdag\u00fcl Akg\u00fcl \u00d6zbek die Firma. Der Familienbetrieb hat sich von Anfang an auf die Herstellung von Socken spezialisiert. Bulus bezieht die Garnmischung \u2013 ab 2023 bestehend aus 90 Prozent Bio-Baumwolle, 8 Prozent recyceltem Polyamid und 2 Prozent Elasthan \u2013 von ihrem langj\u00e4hrigen, ebenfalls GOTS-zertifizierten t\u00fcrkischen Garnhersteller. Die verwendete Bio-Baumwolle stammt bevorzugt aus der T\u00fcrkei (\u00c4g\u00e4is-Region und s\u00fcd\u00f6stliche T\u00fcrkei) und nur bei Lieferengp\u00e4ssen aus Kirgisistan.<\/p>\n<p><strong>Alle Bulus-Mitarbeiter*innen sind festangestellt<\/strong><\/p>\n<h2><img loading=\"lazy\" decoding=\"async\" class=\" wp-image-891 alignright\" src=\"https:\/\/weltlaeden.de\/saarbruecken\/wp-content\/uploads\/sites\/96\/2025\/09\/csm_Plakat_A1_FAIR_SOCKS_2024_-_Kopie_fa6fdab4de-213x300.jpg\" alt=\"\" width=\"164\" height=\"231\" srcset=\"https:\/\/weltlaeden.de\/saarbruecken\/wp-content\/uploads\/sites\/96\/2025\/09\/csm_Plakat_A1_FAIR_SOCKS_2024_-_Kopie_fa6fdab4de-213x300.jpg 213w, https:\/\/weltlaeden.de\/saarbruecken\/wp-content\/uploads\/sites\/96\/2025\/09\/csm_Plakat_A1_FAIR_SOCKS_2024_-_Kopie_fa6fdab4de-726x1024.jpg 726w, https:\/\/weltlaeden.de\/saarbruecken\/wp-content\/uploads\/sites\/96\/2025\/09\/csm_Plakat_A1_FAIR_SOCKS_2024_-_Kopie_fa6fdab4de-768x1083.jpg 768w, https:\/\/weltlaeden.de\/saarbruecken\/wp-content\/uploads\/sites\/96\/2025\/09\/csm_Plakat_A1_FAIR_SOCKS_2024_-_Kopie_fa6fdab4de.jpg 776w\" sizes=\"auto, (max-width: 164px) 100vw, 164px\" \/><\/h2>\n<p>In dem Betrieb arbeiten zurzeit 17 Frauen und 15 M\u00e4nner in der Produktion und Verwaltung. Zudem arbeitet Yurdag\u00fcl Akg\u00fcl \u00d6zbek als Gesch\u00e4ftsf\u00fchrerin dort. Das Mindestalter, um bei Bulus eingestellt werden zu k\u00f6nnen, ist 18 Jahre. Die Mitarbeiter*innen arbeiten 5 Tage pro Woche und \u00fcblicherweise acht Stunden pro Tag. Offiziell erlaubt sind pro Tag bis zu elf Stunden und sechs Tage pro Woche. Bulus bezahlt f\u00fcr die \u00dcberstunden einen h\u00f6heren Zuschlag als vorgeschrieben. Bei Bulus gibt es eine Mitarbeitervertreter*in. Alle Bulus-Mitarbeiter*innen sind festangestellt und sozialversichert, also gesetzlich kranken- und rentenversichert und erhalten Arbeitslosengeld. Das ist in der t\u00fcrkischen Textilbranche nicht \u00fcblich.<\/p>\n<h2>Unser\u00a0Produkt des Monats August<\/h2>\n<h1>Mangos, die Kinderrechte st\u00e4rken<\/h1>\n<div id=\"attachment_888\" style=\"width: 310px\" class=\"wp-caption alignleft\"><img loading=\"lazy\" decoding=\"async\" aria-describedby=\"caption-attachment-888\" class=\"size-medium wp-image-888\" src=\"https:\/\/weltlaeden.de\/saarbruecken\/wp-content\/uploads\/sites\/96\/2025\/08\/WeltPartner_Preda_6-300x200.jpg\" alt=\"\" width=\"300\" height=\"200\" srcset=\"https:\/\/weltlaeden.de\/saarbruecken\/wp-content\/uploads\/sites\/96\/2025\/08\/WeltPartner_Preda_6-300x200.jpg 300w, https:\/\/weltlaeden.de\/saarbruecken\/wp-content\/uploads\/sites\/96\/2025\/08\/WeltPartner_Preda_6-1024x683.jpg 1024w, https:\/\/weltlaeden.de\/saarbruecken\/wp-content\/uploads\/sites\/96\/2025\/08\/WeltPartner_Preda_6-768x512.jpg 768w, https:\/\/weltlaeden.de\/saarbruecken\/wp-content\/uploads\/sites\/96\/2025\/08\/WeltPartner_Preda_6.jpg 1200w\" sizes=\"auto, (max-width: 300px) 100vw, 300px\" \/><p id=\"caption-attachment-888\" class=\"wp-caption-text\">Foto: Preda<\/p><\/div>\n<p>Nach Untersuchungen von UNICEF gibt es auf den Philippinen sch\u00e4tzungsweise 100.000 Kinder-prostituierte, weltweit \u00fcber eine Million. F\u00fcr die Kinderhilfsorganisation Preda ist die weit verbreitete Armut der philippinischen Bev\u00f6lkerung die Hauptursache f\u00fcr die sexuelle Ausbeutung von Kindern. Der Kinderhandel ist perfekt organisiert und nutzt die Armut und die oftmals ausweglos erscheinende Lage der Kleinbauern schamlos aus.<\/p>\n<p><strong>Fairer Handel mit Mangos<\/strong><\/p>\n<p>Der Faire Handel mit Mangos bietet in dieser Situation einen erfolgreichen Ausweg. Mit den kontinuierlichen Mehrpreiszahlungen f\u00fcr ihre Mangofr\u00fcchte k\u00f6nnen bereits tausende Familien einen gesicherten Lebensunterhalt erwirtschaften. Dies schafft die Voraussetzung f\u00fcr ein beh\u00fctetes und sicheres Zuhause f\u00fcr die Kinder.<\/p>\n<p><strong>Kampf gegen Kinderprostitution<\/strong><\/p>\n<p>Die Preda-Stiftung ist weltweit f\u00fcr den Einsatz f\u00fcr Kinderrechte bekannt. Die zahlreichen Erfolge im jahrzehntelangen Kampf gegen Kinderprostitution und andere Menschenrechtsverletzungen basieren auf einem umfassenden Gesamtkonzept, mit dem der Leiter Shay Cullen und sein Team die Ursachen dieser Missst\u00e4nde bek\u00e4mpfen. Neben \u00f6ffentlichkeitswirksamen Kampagnen, der juristischen Verfolgung von T\u00e4tern oder therapeutischen Hilfen f\u00fcr die Opfer sexuellen Missbrauchs setzt Preda dabei vor allem auf den Fairen Handel als Pr\u00e4ventionsstrategie. Denn Pr\u00e4vention ist besser als Heilung.<\/p>\n<h2>Unser Produkt des Monats Juli<\/h2>\n<h1>Orangenlimonade mit Konzentrat aus Brasilien<\/h1>\n<p>Das Konzentrat f\u00fcr unsere Orangenlimonade stammt aus Brasilien. Die B\u00e4uerinnen und Bauern in Brasilien profitieren meist nicht davon, dass Brasilien das weltweit wichtigste Exportland von Orangensaftkonzentrat ist. Gewinner dieser Entwicklung sind Plantagenbesitzer*innen und Hersteller*innen von Saftkonzentrat.<\/p>\n<p><img loading=\"lazy\" decoding=\"async\" class=\"size-medium wp-image-886 alignright\" src=\"https:\/\/weltlaeden.de\/saarbruecken\/wp-content\/uploads\/sites\/96\/2025\/06\/csm_COOPEALNOR_Geschaeftsfuehrer_Jose_Aldo_de_Souza_big_28e3e575ae-300x193.jpg\" alt=\"\" width=\"300\" height=\"193\" srcset=\"https:\/\/weltlaeden.de\/saarbruecken\/wp-content\/uploads\/sites\/96\/2025\/06\/csm_COOPEALNOR_Geschaeftsfuehrer_Jose_Aldo_de_Souza_big_28e3e575ae-300x193.jpg 300w, https:\/\/weltlaeden.de\/saarbruecken\/wp-content\/uploads\/sites\/96\/2025\/06\/csm_COOPEALNOR_Geschaeftsfuehrer_Jose_Aldo_de_Souza_big_28e3e575ae-1024x659.jpg 1024w, https:\/\/weltlaeden.de\/saarbruecken\/wp-content\/uploads\/sites\/96\/2025\/06\/csm_COOPEALNOR_Geschaeftsfuehrer_Jose_Aldo_de_Souza_big_28e3e575ae-768x494.jpg 768w, https:\/\/weltlaeden.de\/saarbruecken\/wp-content\/uploads\/sites\/96\/2025\/06\/csm_COOPEALNOR_Geschaeftsfuehrer_Jose_Aldo_de_Souza_big_28e3e575ae.jpg 1258w\" sizes=\"auto, (max-width: 300px) 100vw, 300px\" \/>Eine faire Alternative ist Orangensaftkonzentrat, das im Auftrag von Bauernkooperativen wie COOPEALNOR (Cooperativa Agropecu\u00e1ria Mista do Litoral Norte da Bahia) hergestellt wird. Die Mitglieder von COOPEALNOR leben alle in den beiden Regionen Litoral Norte und Agreste Bahiano im Bundesstaat Bahia. Der Anbau von Obst und Zitrusfr\u00fcchten hat dort eine lange Tradition. Die B\u00e4uerinnen und Bauern ernten die Orangen, erhalten einen h\u00f6heren Preis durch den Fairen Handel und ihre Kooperative l\u00e4sst die Fr\u00fcchte verarbeiten. Im Auftrag von COOPEALNOR wird das Saftkonzentrat im Betrieb Tropfruit im Nachbarstaat Sergipe hergestellt. So kann die Herstellung zur\u00fcckverfolgt werden \u2013 von der Orange bis zum Saftkonzentrat. Zudem bleibt so ein h\u00f6herer Anteil des Mehrwertes bei unserem Partner, denn er vermarktet das Saftkonzentrat.<\/p>\n<p>Die Mitglieder von COOPEALNOR geh\u00f6ren im brasilianischen Kontext eher zu den kleinen bis mittelgro\u00dfen Produzenten. Die H\u00e4lfte der Mitglieder verf\u00fcgt \u00fcber zwei bis zehn Hektar Land, auf dem in erster Linie Orangen, Maracuja und Kokos gedeihen. Daneben werden Mais, Bohnen und Maniok f\u00fcr den Eigenbedarf und den Verkauf auf dem lokalen Markt angebaut. Im Durchschnitt haben die Mitglieder rund 7,15 Hektar Land. Foto:GEPA<\/p>\n<p>&nbsp;<\/p>\n<h2>Unser Produkt des Monats Juni<\/h2>\n<h1>Duftreis aus Thailand<\/h1>\n<p>Die Reisb\u00e4uerinnen und Reisbauern von Green Net wohnen und arbeiten im Nordosten Thailands, sie bewirtschaften meist nur ein sehr kleines St\u00fcck Land. Das bewirtschaftete Hochplateau-Gebiet ist von ung\u00fcnstigen klimatischen Bedingungen und wenig fruchtbarem Boden gepr\u00e4gt, so dass ohne k\u00fcnstliche Bew\u00e4sserung nur einmal pro Jahr geerntet werden kann. Die B\u00e4uerinnen und Bauern der Kooperative kultivieren vor allem den in Thailand heimischen Reis Hom Mali. Der Jasminreis wird in eigenen Reism\u00fchlen weiterverarbeitet und auch vor Ort verpackt.<\/p>\n<p><strong><img loading=\"lazy\" decoding=\"async\" class=\"size-medium wp-image-882 alignright\" src=\"https:\/\/weltlaeden.de\/saarbruecken\/wp-content\/uploads\/sites\/96\/2025\/05\/csm_102_header_7-7-2016-reis-setzlinge-pflanzen-in-yasothorn-provinz__71__hiRes_513c2a7881-277x300.jpg\" alt=\"\" width=\"277\" height=\"300\" srcset=\"https:\/\/weltlaeden.de\/saarbruecken\/wp-content\/uploads\/sites\/96\/2025\/05\/csm_102_header_7-7-2016-reis-setzlinge-pflanzen-in-yasothorn-provinz__71__hiRes_513c2a7881-277x300.jpg 277w, https:\/\/weltlaeden.de\/saarbruecken\/wp-content\/uploads\/sites\/96\/2025\/05\/csm_102_header_7-7-2016-reis-setzlinge-pflanzen-in-yasothorn-provinz__71__hiRes_513c2a7881.jpg 295w\" sizes=\"auto, (max-width: 277px) 100vw, 277px\" \/>Die Green Net Cooperative<\/strong><\/p>\n<p>Die thail\u00e4ndische Green Net Cooperative wurde 1993 ins Leben gerufen und setzt sich seitdem erfolgreich f\u00fcr den fairen Handel ein. Ihr geh\u00f6ren mittlerweile \u00fcber 1000 Kleinb\u00e4uerinnen und Kleinbauern an, deren Arbeits- und Lebensbedingungen sich mit ihrer Teilnahme am fairen Handel entschieden verbessert haben.<\/p>\n<h3>FAIRTRADE-Pr\u00e4mie f\u00fcr Soziales, Infrastruktur und Bildung<\/h3>\n<p>Neben einem festgelegten Mindestpreis f\u00fcr ihre Ernten erhalten die Kleinb\u00e4uerinnen und Kleinbauern auch die FAIRTRADE-Pr\u00e4mie f\u00fcr Soziales, Infrastruktur und Bildung. \u00dcber die Verwendung der Pr\u00e4miengelder entscheiden die Mitglieder der Kooperative gemeinschaftlich. Anfangs wurde die FAIRTRADE-Pr\u00e4mie haupts\u00e4chlich in Reism\u00fchlen. Nun flie\u00dfen die Pr\u00e4miengelder auch in einen Fonds, der die nachhaltige Landwirtschaft unterst\u00fctzt.<\/p>\n<h1>Scharfe Kritik aus dem B\u00fcndnis Saarland<\/h1>\n<h2>Bundeskanzlers Merz hat angek\u00fcndigt, das Lieferkettengesetz abzuschaffen<\/h2>\n<p><img loading=\"lazy\" decoding=\"async\" class=\"size-medium wp-image-857 alignright\" src=\"https:\/\/weltlaeden.de\/saarbruecken\/wp-content\/uploads\/sites\/96\/2025\/03\/Lieferkettengesetz_03_02_2024_1-768x461-1-300x180.jpg\" alt=\"\" width=\"300\" height=\"180\" srcset=\"https:\/\/weltlaeden.de\/saarbruecken\/wp-content\/uploads\/sites\/96\/2025\/03\/Lieferkettengesetz_03_02_2024_1-768x461-1-300x180.jpg 300w, https:\/\/weltlaeden.de\/saarbruecken\/wp-content\/uploads\/sites\/96\/2025\/03\/Lieferkettengesetz_03_02_2024_1-768x461-1.jpg 768w\" sizes=\"auto, (max-width: 300px) 100vw, 300px\" \/>Bei seinem Antrittsbesuch in Br\u00fcssel hat Bundeskanzler Friedrich Merz angek\u00fcndigt, das deutsche Lieferkettengesetz (LkSG) abschaffen zu wollen. Zudem forderte er eine vollst\u00e4ndige Aufhebung der geplanten EU-Lieferkettenrichtlinie (CSDDD).\u00a0Das B\u00fcndnis Saarland-Verantwortung-Lieferketten kritisiert die Aussagen des Bundeskanzlers aufs Sch\u00e4rfste. Im Koalitionsvertrag hatte sich die neue Bundesregierung klar zur Umsetzung der EU-Lieferkettenrichtlinie bekannt. Dies bereits wenige Tage nach Amtsantritt infrage zu stellen, ist ein fatales Signal \u2013 an die Betroffenen von Menschenrechtsverletzungen, an den Koalitionspartner, an die EU und wie an Unternehmen, die Planungssicherheit und verl\u00e4ssliche politische Rahmenbedingungen brauchen.<\/p>\n<p>Zusammen mit der bundesweiten Initiative Lieferkettengesetz \u2013 einem Zusammenschluss aus \u00fcber 90 Organisationen \u2013 darunter Menschenrechtsorganisationen, Umweltverb\u00e4nde, Gewerkschaften sowie kirchliche und entwicklungspolitische Organisationen \u2013 appellieren wir eindringlich an den Bundeskanzler und an die Bundesregierung: Erhalten Sie das deutsche Lieferkettengesetz und setzen Sie sich f\u00fcr eine wirksame Umsetzung der EU-Lieferkettenrichtlinie ein. Beide Regelwerke geh\u00f6ren zu den gr\u00f6\u00dften Errungenschaften der vergangenen Jahre im Einsatz f\u00fcr Menschenrechte sowie Klima- und Umweltschutz.<\/p>\n<p><strong>Hintergrundinformation<\/strong><\/p>\n<p>Das deutsche Lieferkettensorgfaltspflichtengesetz ist in Kraft seit 2023, die EU-Richtlinie (Richtlinie des Europ\u00e4ischen Parlamentes und des Rates \u00fcber die Sorgfaltspflichten von Unternehmen im Hinblick auf Nachhaltigkeit) seit 2024. Beide Regelungen stehen f\u00fcr die Bek\u00e4mpfung von Kinderarbeit und Zwangsarbeit, von Hungerl\u00f6hnen, der Behinderung gewerkschaftlicher Bet\u00e4tigung, ungesch\u00fctztem Umgang mit gesundheitsbeeintr\u00e4chtigenden Stoffen, der Vergiftung von B\u00f6den, Gew\u00e4ssern und Luft, der Sch\u00e4digung ganzer \u00d6kosysteme und vieles mehr.<\/p>\n<p>Berichte der Pr\u00fcfbeh\u00f6rde \u2013 das Bundesamt f\u00fcr Wirtschaft und Ausfuhrkontrolle (BAFA) \u2013, von Unternehmen und Betriebsr\u00e4ten sowie von Besch\u00e4ftigten best\u00e4tigen, dass das deutsche Gesetz bereits wirkt. Diese Entwicklung muss im Sinne der Grundwerte der EU, zu denen auch die Wahrung der Menschenrechte geh\u00f6rt, gesichert werden. Und um Wirtschaften, das menschliches Leid und Umweltzerst\u00f6rung in Kauf nimmt, nicht wieder zu einem Wettbewerbsvorteil werden zu lassen.<\/p>\n<p><strong>Das B\u00fcndnis Saarland-Verantwortung-Lieferketten wird getragen von:<\/strong><\/p>\n<p>Aktion 3. Welt Saar, Arbeitskammer des Saarlandes, Attac Saar, BUND Saar e. V., Diriamba-Verein \/ Fairtrade Initiative Saarland e. V., Fair im Saarland e. V. (FimS), DGB Rheinland-Pfalz\/Saarland, Greenpeace Saarbr\u00fccken, Katholische Arbeitnehmerbewegung (KAB) Saar, Kooperationsstelle Wissenschaft und Arbeitswelt der Universit\u00e4t des Saarlands (KoWA), mehr Wert e. V., Netzwerk Entwicklungspolitik im Saarland e. V. (NES), \u00d6kumenisches Netz Rhein-Mosel-Saar e. V., Transition Town Saarbr\u00fccken e. V., ver.di Bezirk Region Saar Trier, Weltladen Saarbr\u00fccken und Weltver\u00e4nd<\/p>\n<h1><\/h1>\n<h1>Saarbr\u00fccker B\u00fcrgermedaille f\u00fcr Ursula Schulz-Trieglaff<\/h1>\n<p><img loading=\"lazy\" decoding=\"async\" class=\" wp-image-867 alignleft\" src=\"https:\/\/weltlaeden.de\/saarbruecken\/wp-content\/uploads\/sites\/96\/2025\/04\/Buergermedaille-fuer-Ursula-Schulz-Trieglaff_29_05_2025-1-213x300.jpg\" alt=\"\" width=\"200\" height=\"282\" srcset=\"https:\/\/weltlaeden.de\/saarbruecken\/wp-content\/uploads\/sites\/96\/2025\/04\/Buergermedaille-fuer-Ursula-Schulz-Trieglaff_29_05_2025-1-213x300.jpg 213w, https:\/\/weltlaeden.de\/saarbruecken\/wp-content\/uploads\/sites\/96\/2025\/04\/Buergermedaille-fuer-Ursula-Schulz-Trieglaff_29_05_2025-1-727x1024.jpg 727w, https:\/\/weltlaeden.de\/saarbruecken\/wp-content\/uploads\/sites\/96\/2025\/04\/Buergermedaille-fuer-Ursula-Schulz-Trieglaff_29_05_2025-1-768x1082.jpg 768w, https:\/\/weltlaeden.de\/saarbruecken\/wp-content\/uploads\/sites\/96\/2025\/04\/Buergermedaille-fuer-Ursula-Schulz-Trieglaff_29_05_2025-1-1090x1536.jpg 1090w, https:\/\/weltlaeden.de\/saarbruecken\/wp-content\/uploads\/sites\/96\/2025\/04\/Buergermedaille-fuer-Ursula-Schulz-Trieglaff_29_05_2025-1-1454x2048.jpg 1454w, https:\/\/weltlaeden.de\/saarbruecken\/wp-content\/uploads\/sites\/96\/2025\/04\/Buergermedaille-fuer-Ursula-Schulz-Trieglaff_29_05_2025-1.jpg 1514w\" sizes=\"auto, (max-width: 200px) 100vw, 200px\" \/>Die Landeshauptstadt Saarbr\u00fccken hat Ursula Schulz-Trieglaff mit der B\u00fcrgermedaille geehrt. &#8222;Sie hat ma\u00dfgeblich dazu beigetragen, dass Saarbr\u00fccken 2009 als erste deutsche Fairtrade-Stadt ausgezeichnet wurde&#8220; sagte oberb\u00fcrgermeister Uwe Conradt in seiner Laudatio.<br \/>\nUrsula Schulz-Trieglaff setzt sich seit mehr als 30 Jahren f\u00fcr Fairen Handel ein. Seit der Gr\u00fcndung des Weltladens Saarbr\u00fccken im Jahr 1990 bis heute engagiert sie sich dort ehrenamtlich. \u00dcber 25 Jahre lang war sie Vorstandsmitglied des Tr\u00e4gervereins \u201eKreuz des S\u00fcdens\u201c und hat zahlreiche organisatorische Aufgaben \u00fcbernommen.<\/p>\n<p>Im Rahmen der Bildungsarbeit des Weltladens brachte sie Schulklassen und Kita-Gruppen den Fairen Handel nahe und berichtete von den Arbeitsbedingungen in wirtschaftlich schw\u00e4cheren L\u00e4ndern und dem Ziel des Weltladens, f\u00fcr mehr Gerechtigkeit im Welthandel zu sorgen.. Auf Reisen nach Burkina Faso, Indien und Bolivien hat Ursula Schulz-Trieglaff sich auch selbst ein Bild vor Ort gemacht.<\/p>\n<p>Au\u00dferdem war sie in der Katholischen Kirchengemeinde St. Johann regelm\u00e4\u00dfig mit Infost\u00e4nden vertreten.\u00a0 <strong>Foto: Schweitzer<\/strong><\/p>\n<h2>Unser Produkt des Monats Mai<\/h2>\n<h1>Riegel aus der T\u00fcrkei, Tunesien und Burkina Faso<\/h1>\n<p><img loading=\"lazy\" decoding=\"async\" class=\" wp-image-863 alignleft\" src=\"https:\/\/weltlaeden.de\/saarbruecken\/wp-content\/uploads\/sites\/96\/2025\/04\/WeltPartner-ISIK10-300x200.jpg\" alt=\"\" width=\"240\" height=\"160\" srcset=\"https:\/\/weltlaeden.de\/saarbruecken\/wp-content\/uploads\/sites\/96\/2025\/04\/WeltPartner-ISIK10-300x200.jpg 300w, https:\/\/weltlaeden.de\/saarbruecken\/wp-content\/uploads\/sites\/96\/2025\/04\/WeltPartner-ISIK10-1024x683.jpg 1024w, https:\/\/weltlaeden.de\/saarbruecken\/wp-content\/uploads\/sites\/96\/2025\/04\/WeltPartner-ISIK10-768x512.jpg 768w, https:\/\/weltlaeden.de\/saarbruecken\/wp-content\/uploads\/sites\/96\/2025\/04\/WeltPartner-ISIK10.jpg 1200w\" sizes=\"auto, (max-width: 240px) 100vw, 240px\" \/>Die N\u00fcsse in unserem <strong>Riegel \u201ePaule\u201c<\/strong> stammen aus der T\u00fcrkei <strong>von I\u015eIK Tarim<\/strong>. Das Unternehmen gilt als Vorzeigebeispiel und Pionier des biologischen und fairen Handels. 1974 gegr\u00fcndet, ist es das erste Unternehmen der T\u00fcrkei, das biologisch angebaute Trockenfr\u00fcchte und N\u00fcsse exportiert Heute bezieht I\u015eIK Tarim hochwertige Ernteerzeugnisse von rund 3.500 Kleinbauern, die in 150 Dorfgemeinschaften im sogenannten \u201eHappy Village Projekt\u201c in traditioneller Nachbarschaftshilfe zusammenarbeiten.<\/p>\n<p><img loading=\"lazy\" decoding=\"async\" class=\" wp-image-864 alignright\" src=\"https:\/\/weltlaeden.de\/saarbruecken\/wp-content\/uploads\/sites\/96\/2025\/04\/WeltPartner-ISIK-300x200.jpg\" alt=\"\" width=\"219\" height=\"146\" srcset=\"https:\/\/weltlaeden.de\/saarbruecken\/wp-content\/uploads\/sites\/96\/2025\/04\/WeltPartner-ISIK-300x200.jpg 300w, https:\/\/weltlaeden.de\/saarbruecken\/wp-content\/uploads\/sites\/96\/2025\/04\/WeltPartner-ISIK-1024x683.jpg 1024w, https:\/\/weltlaeden.de\/saarbruecken\/wp-content\/uploads\/sites\/96\/2025\/04\/WeltPartner-ISIK-768x512.jpg 768w, https:\/\/weltlaeden.de\/saarbruecken\/wp-content\/uploads\/sites\/96\/2025\/04\/WeltPartner-ISIK.jpg 1200w\" sizes=\"auto, (max-width: 219px) 100vw, 219px\" \/>Die landwirtschaftlichen Erzeugnisse werden von ausgesuchten Kleinbauern produziert, die die strenge Naturland Fair-Zertifizierung durchlaufen haben. Von den intensiven Schulungen zum Thema Bio-Anbau und fairem Handel profitieren aber nicht nur die Bauern selbst, sondern auch die rund 900 Festangestellten, zum Gro\u00dfteil Frauen, die in den Verarbeitungsanlagen arbeiten. Die Direktabnahme der fair gehandelten Bio-Lebensmittel durch \u201eWeltPartner\u201c leistet einen wichtigen Beitrag zum Erhalt der traditionellen, kleinb\u00e4uerlichen Strukturen in der T\u00fcrkei und gew\u00e4hrt ein existenzsicherndes Einkommen, welches die l\u00e4ndliche Entwicklung und Verhinderung der Landflucht f\u00f6rdert.<\/p>\n<p>Die Trockenfr\u00fcchte in unseren Riegel stammen aus Projekten in Tunesien und Burkina Faso. <em>Fotos: Weltpartner<\/em><\/p>\n<h2>Unser Produkt des Monats April<\/h2>\n<h1>Vegane Seifen aus Indien<\/h1>\n<p><img loading=\"lazy\" decoding=\"async\" class=\" wp-image-859 alignright\" src=\"https:\/\/weltlaeden.de\/saarbruecken\/wp-content\/uploads\/sites\/96\/2025\/03\/329_13_Indien_Thailand_Fotos_323-225x300.jpg\" alt=\"\" width=\"246\" height=\"328\" srcset=\"https:\/\/weltlaeden.de\/saarbruecken\/wp-content\/uploads\/sites\/96\/2025\/03\/329_13_Indien_Thailand_Fotos_323-225x300.jpg 225w, https:\/\/weltlaeden.de\/saarbruecken\/wp-content\/uploads\/sites\/96\/2025\/03\/329_13_Indien_Thailand_Fotos_323-768x1024.jpg 768w, https:\/\/weltlaeden.de\/saarbruecken\/wp-content\/uploads\/sites\/96\/2025\/03\/329_13_Indien_Thailand_Fotos_323-1152x1536.jpg 1152w, https:\/\/weltlaeden.de\/saarbruecken\/wp-content\/uploads\/sites\/96\/2025\/03\/329_13_Indien_Thailand_Fotos_323.jpg 1440w\" sizes=\"auto, (max-width: 246px) 100vw, 246px\" \/>Wer in Indien der untersten Kaste angeh\u00f6rt und in einem entlegenen Dorf lebt, hat kaum eine Chance auf ein besseres Leben. Das Palam Rural Centre im s\u00fcdlichen Bundesstaat Tamil Nadu bietet diesen Menschen seit 1978 eine Existenzgrundlage durch Seifenproduktion und Lederverarbeitung. \u201ePalam\u201c bedeutet in Tamil \u201eBr\u00fccke\u201c \u2013 auch zu den Kunden in aller Welt. Doch das Palam Rural Centre ist mehr als ein Produktionsbetrieb. Es ist eine Dorfgemeinschaft auf acht Hektar Land, auf dem die Mitglieder Gem\u00fcse anbauen und in ihren H\u00e4usern sauberes Wasser und Strom zur Verf\u00fcgung haben. Ihre medizinische Versorgung ist kostenlos. Seit 2005 f\u00fchrt der GEPA-Handelspartner zudem eine eigene gut ausgestattete Schule. Bildung ist ein Schl\u00fcssel zur Weiterentwicklung.<\/p>\n<p><strong>Ein Gehalt deutlich \u00fcber dem Mindestlohn<br \/>\n<\/strong>Im Palam Rural Centre sind die Mitglieder inzwischen haupts\u00e4chlich mit der Herstellung von Seifen besch\u00e4ftigt. Einige befassen sich mit der Entwicklung neuer Produkte, andere mit der Qualit\u00e4tskontrolle. In der Landwirtschaft arbeiten ebenfalls Mitglieder. F\u00fcr alle gilt, dass sie fest angestellt sind und ein monatliches Gehalt erhalten. Dieses liegt deutlich \u00fcber dem staatlichen Mindestlohn.<\/p>\n<p>Die Rohware f\u00fcr die Pflanzenseifen bezieht unser Partner zum gr\u00f6\u00dften Teil von kleinen landwirtschaftlichen Kooperativen sowie von indigenen Bev\u00f6lkerungsgruppen. Fotos: GEPA<\/p>\n<h1><\/h1>\n<h1>Saarland-B\u00fcndnis warnt vor Aush\u00f6hlung der<br \/>\nEU-Lieferkettenrichtlinie<\/h1>\n<p>Das B\u00fcndnis Saarland-Verantwortung-Lieferketten ist entsetzt \u00fcber den diese Woche verk\u00fcndeten Plan der EU-Kommission, die EU-Lieferkettenrichtlinie zu verz\u00f6gern und massiv auszuh\u00f6hlen. Das B\u00fcndnis fordert die Kommission, das EU-Parlament und den Ministerrat auf, dieses Vorhaben zur\u00fcckzunehmen bzw. ihm nicht zuzustimmen. \u201eDie St\u00e4rkung von Menschenrechten, Umwelt- und Klimaschutz sind kein \u201anice-to-have\u2018\u201c, so die B\u00fcndniskoordinatorin Tamara Enhuber, \u201esondern m\u00fcssen weiterhin als Richtschnur gelten \u2013 f\u00fcr Politik und Wirtschaft.\u201c<\/p>\n<p><img loading=\"lazy\" decoding=\"async\" class=\" wp-image-857 alignleft\" src=\"https:\/\/weltlaeden.de\/saarbruecken\/wp-content\/uploads\/sites\/96\/2025\/03\/Lieferkettengesetz_03_02_2024_1-768x461-1-300x180.jpg\" alt=\"\" width=\"348\" height=\"209\" srcset=\"https:\/\/weltlaeden.de\/saarbruecken\/wp-content\/uploads\/sites\/96\/2025\/03\/Lieferkettengesetz_03_02_2024_1-768x461-1-300x180.jpg 300w, https:\/\/weltlaeden.de\/saarbruecken\/wp-content\/uploads\/sites\/96\/2025\/03\/Lieferkettengesetz_03_02_2024_1-768x461-1.jpg 768w\" sizes=\"auto, (max-width: 348px) 100vw, 348px\" \/>Das B\u00fcndnis will das Anliegen der Richtlinie wieder in die Debatte bringen. \u201eWir reden hier \u00fcber Bedingungen von Kinder- und Zwangsarbeit, extrem lange Arbeitszeiten, Hungerl\u00f6hne, schwere Unf\u00e4lle \u2013 immer wieder auch mit Todesfolge, Umgang mit gesundheitsgef\u00e4hrdenden Stoffen, Verseuchung von B\u00f6den, Gew\u00e4ssern und der Luft, Vertreibung, Diskriminierung, Schikane und mitunter auch (sexualisierte) Gewalt. Bedingungen, die wir f\u00fcr uns nicht akzeptieren w\u00fcrden, sollen f\u00fcr Menschen in und aus anderen Regionen nicht gelten?\u201c, fragt Christoph Hassel, Landesvorsitzender BUND Saar.<\/p>\n<p>&#8222;Der Vorschlag ist ein Schlag ins Gesicht jeder und jedes Einzelnen der Millionen Menschen, die entlang vieler globaler Lieferketten nicht selten unter derlei Bedingungen arbeiten und leben, erkranken, ihre Lebensgrundlage oder gar ihr Leben verlieren. Und er stellt Grundwerte der EU infrage, allen voran die Menschenw\u00fcrde und die Wahrung der Menschenrechte, aber auch unser Verst\u00e4ndnis von Demokratie. Die Lieferkettenrichtlinie wie auch die anderen in dem Omnibus-Paket erfassten Regelungen waren in den letzten Jahren nach langwierigen demokratischen Aushandlungsprozessen verabschiedet worden&#8220;, sagt Helmut Paulus, Vorstand Weltladen Kreuz des S\u00fcdens e. V.<\/p>\n<p>Doch letztendlich schadet das Vorhaben auch den Unternehmen und der Wirtschaft. So unterst\u00fctzen zahlreiche Gro\u00dfunternehmen und Investoren die Lieferkettenrichtlinie ausdr\u00fccklich. Was sie brauchen, sind Rechts- und Planungssicherheit und einen fairen Wettbewerb. Viele haben bereits in den Aufbau von Strukturen und Mechanismen zur Erf\u00fcllung ihrer Sorgfaltspflichten investiert. &#8222;Es darf nicht sein, dass Unternehmen, die die Verletzung von Menschenrechten, Umwelt- und Klimasch\u00e4den billigend in Kauf nehmen, gegen\u00fcber den anderen im Vorteil sind&#8220;, unterstreicht Albert Ottenbreit, Vorstandsmitglied \u00d6kumenisches Netz Rhein-Mosel-Saar e. V..<\/p>\n<p>Das B\u00fcndnis Saarland-Verantwortung-Lieferketten appelliert an alle Entscheidungstr\u00e4ger, die zentralen Elemente der Lieferkettenrichtlinie beizubehalten, um ihre Wirksamkeit zu sichern. So betont Christian Umlauf, ver.di-Gesch\u00e4ftsf\u00fchrer Bezirk Saar-Trier: &#8222;Die Sorgfaltspflicht der Unternehmen muss weiterhin f\u00fcr die gesamte Aktivit\u00e4tenkette gelten \u2013 was entgegen einer h\u00e4ufigen Falschdarstellung nicht beinhaltet, dass Unternehmen die Einhaltung der Menschenrechts- und Umweltstandards garantieren m\u00fcssen. Wenn Menschen und Umwelt gesch\u00e4digt werden, weil ein Unternehmen aus der EU seinen Sorgfaltspflichten nicht nachgekommen ist, m\u00fcssen Gesch\u00e4digte die Chance haben, ihr Recht vor europ\u00e4ischen Gerichten einzuklagen. Keinesfalls darf die Mitbestimmung von Gewerkschaften und Betriebsr\u00e4ten eingeschr\u00e4nkt werden \u2013 sie ist n\u00f6tig, um die Rechte der Besch\u00e4ftigten effektiv zu sch\u00fctzen und durchzusetzen. Und j\u00e4hrliche Berichte sind unabdingbar f\u00fcr eine Kontrolle dar\u00fcber, ob die Pflichten eingehalten werden \u2013 mit \u201e\u00fcberbordender B\u00fcrokratie\u201c hat das nichts zu tun.&#8220;<\/p>\n<p>Aktion 3. Welt Saar, Arbeitskammer des Saarlandes, Attac Saar, BUND Saar e. V., Diriamba-Verein \/ Fairtrade Initiative Saarland e. V., Fair im Saarland e. V., DGB DGB Rheinland-Pfalz\/Saarland, Greenpeace Saarbr\u00fccken, Katholische Arbeitnehmerbewegung (KAB) Saar, Kooperationsstelle Wissenschaft und Arbeitswelt der Universit\u00e4t des Saarlands (KoWA), mehr Wert e. V., Netzwerk Entwicklungspolitik im Saarland e. V. (NES), \u00d6kumenisches Netz Rhein-Mosel-Saar e. V., Transition Town Saarbr\u00fccken e. V., ver.di Bezirk Region Saar Trier, Weltladen Saarbr\u00fccken und Weltver\u00e4nderer e. V.<\/p>\n<h2><\/h2>\n<h2>Produkt des Monats M\u00e4rz<\/h2>\n<h1>Gew\u00fcrzpasten aus Thailand und Indien<\/h1>\n<p><span style=\"font-family: Arial, sans-serif\"><span style=\"font-size: medium\"><img loading=\"lazy\" decoding=\"async\" class=\"size-medium wp-image-854 alignright\" src=\"https:\/\/weltlaeden.de\/saarbruecken\/wp-content\/uploads\/sites\/96\/2025\/02\/Fairtradeoriginal-300x168.png\" alt=\"\" width=\"300\" height=\"168\" srcset=\"https:\/\/weltlaeden.de\/saarbruecken\/wp-content\/uploads\/sites\/96\/2025\/02\/Fairtradeoriginal-300x168.png 300w, https:\/\/weltlaeden.de\/saarbruecken\/wp-content\/uploads\/sites\/96\/2025\/02\/Fairtradeoriginal-1024x574.png 1024w, https:\/\/weltlaeden.de\/saarbruecken\/wp-content\/uploads\/sites\/96\/2025\/02\/Fairtradeoriginal-768x430.png 768w, https:\/\/weltlaeden.de\/saarbruecken\/wp-content\/uploads\/sites\/96\/2025\/02\/Fairtradeoriginal.png 1239w\" sizes=\"auto, (max-width: 300px) 100vw, 300px\" \/>Direkt vor der T\u00fcr beginnt das Gr\u00fcn des Gartens. \u00dcppig und wild. Aber Letzteres ist nur Schein. Khun Orachan kennt jeden Zentimeter. Sie baut unter anderem Zitronengras, Thai-Ingwer und Ingwer an. \u201eIch pflanze alles durcheinander\u201c, sagt die Agrarwissenschaftlerin, \u201eso halte ich das Gleichgewicht aufrecht, das ist besser f\u00fcr den Boden und f\u00fcr die Ernte.\u201c<\/span><\/span><\/p>\n<h3 class=\"western\"><span style=\"font-family: Arial, sans-serif\"><span style=\"font-size: medium\">Isst du mit uns?<\/span><\/span><\/h3>\n<p><span style=\"font-family: Arial, sans-serif\"><span style=\"font-size: medium\">Khun Orachan legt die verschiedenen Kr\u00e4uter, die sie gerade im Garten gepfl\u00fcckt hat, auf das Schneidebrett. Ihre Kochkunst basiert auf traditioneller thail\u00e4ndischer K\u00fcche und der Verwendung frischer Zutaten. Auch in Deutschland kommen immer mehr Menschen auf den Geschmack. Ihre Rezepte stellen die Grundlage f\u00fcr unsere Currys dar. Probiere es selbst. Schlie\u00dfe die Augen und stell dir vor, du w\u00e4rst bei Khun Orachan in der K\u00fcche.<\/span><\/span><\/p>\n<h3 class=\"western\"><span style=\"font-family: Arial, sans-serif\"><span style=\"font-size: medium\">Orachan &amp; Fairtrade Original<\/span><\/span><\/h3>\n<p><span style=\"font-family: Arial, sans-serif\"><span style=\"font-size: medium\">Gemeinsam mit Fairtrade Original haben es die Landwirte und Landwirtinnen in Siskaset in Thailand schon weit gebracht. Sie bekommen faire Preise f\u00fcr ihre Ernte und k\u00f6nnen in die Zukunft investieren. Zum Beispiel in umweltfreundlichere Anbaumethoden und die Herstellung von eigenem Bio-D\u00fcnger. Aber Khun Orachan hat noch mehr Ziele. \u201eIch m\u00f6chte noch mehr Gem\u00fcse und Gew\u00fcrzpflanzen \u00f6kologisch anbauen und ich h\u00e4tte gerne einen gr\u00f6\u00dferen Lagerraum, damit es hier in Siskaset f\u00fcr uns alle noch besser wird\u201c, sagt die Lehrerin und Vorsitzende der Fairtrade-Landwirtinnen.<\/span><\/span><\/p>\n<h3 class=\"western\"><\/h3>\n<h2>Produkt des Monats Februar<\/h2>\n<h1>Mangos aus den Philippinen zum Sonderpreis<\/h1>\n<p><img loading=\"lazy\" decoding=\"async\" class=\"size-medium wp-image-847 alignleft\" src=\"https:\/\/weltlaeden.de\/saarbruecken\/wp-content\/uploads\/sites\/96\/2025\/01\/WeltPartner_Preda_6-300x200.jpg\" alt=\"\" width=\"300\" height=\"200\" srcset=\"https:\/\/weltlaeden.de\/saarbruecken\/wp-content\/uploads\/sites\/96\/2025\/01\/WeltPartner_Preda_6-300x200.jpg 300w, https:\/\/weltlaeden.de\/saarbruecken\/wp-content\/uploads\/sites\/96\/2025\/01\/WeltPartner_Preda_6-1024x683.jpg 1024w, https:\/\/weltlaeden.de\/saarbruecken\/wp-content\/uploads\/sites\/96\/2025\/01\/WeltPartner_Preda_6-768x512.jpg 768w, https:\/\/weltlaeden.de\/saarbruecken\/wp-content\/uploads\/sites\/96\/2025\/01\/WeltPartner_Preda_6.jpg 1200w\" sizes=\"auto, (max-width: 300px) 100vw, 300px\" \/><\/p>\n<p><strong>100.000 Kinderprostituierte <\/strong><\/p>\n<p>Nach Untersuchungen von UNICEF gibt es auf den Philippinen sch\u00e4tzungsweise 100.000 Kinderprostituierte, weltweit \u00fcber eine Million. Hauptursache f\u00fcr die sexuelle Ausbeutung von Kindern ist die weit verbreitete Armut der philippinischen Bev\u00f6lkerung. Der Kinderhandel ist perfekt organisiert und nutzt die Armut und die oftmals ausweglos erscheinende Lage der Kleinbauern schamlos aus.<br \/>\n<strong><br \/>\n\u00dcber PREDA<\/strong><\/p>\n<p>Die Preda-Stiftung ist weltweit f\u00fcr den Einsatz f\u00fcr Kinderrechte bekannt. Neben \u00f6ffentlichkeitswirksamen Kampagnen, der juristischen Verfolgung von T\u00e4tern oder therapeutischen Hilfen f\u00fcr die Opfer sexuellen Missbrauchs setzt Preda dabei vor allem auf den Fairen Handel als Pr\u00e4ventionsstrategie. Denn Pr\u00e4vention ist besser als Heilung.<\/p>\n<p><strong>Fairer Handel mit Mangos<\/strong><\/p>\n<p><img loading=\"lazy\" decoding=\"async\" class=\"wp-image-848 alignright\" src=\"https:\/\/weltlaeden.de\/saarbruecken\/wp-content\/uploads\/sites\/96\/2025\/01\/WeltPartner_Preda_4-300x200.jpg\" alt=\"\" width=\"254\" height=\"169\" srcset=\"https:\/\/weltlaeden.de\/saarbruecken\/wp-content\/uploads\/sites\/96\/2025\/01\/WeltPartner_Preda_4-300x200.jpg 300w, https:\/\/weltlaeden.de\/saarbruecken\/wp-content\/uploads\/sites\/96\/2025\/01\/WeltPartner_Preda_4-1024x683.jpg 1024w, https:\/\/weltlaeden.de\/saarbruecken\/wp-content\/uploads\/sites\/96\/2025\/01\/WeltPartner_Preda_4-768x512.jpg 768w, https:\/\/weltlaeden.de\/saarbruecken\/wp-content\/uploads\/sites\/96\/2025\/01\/WeltPartner_Preda_4.jpg 1200w\" sizes=\"auto, (max-width: 254px) 100vw, 254px\" \/><\/p>\n<p>Der Faire Handel mit Mangos bietet in dieser Situation einen erfolgreichen Ausweg. Mit den kontinuierlichen Mehrpreiszahlungen f\u00fcr ihre Mangofr\u00fcchte k\u00f6nnen bereits tausende Familien einen gesicherten Lebensunterhalt erwirtschaften. Dies schafft die Voraussetzung f\u00fcr ein beh\u00fctetes und sicheres Zuhause f\u00fcr die Kinder. Mit dem Erl\u00f6s eines gro\u00dfen Mangobaumes k\u00f6nnen zum Beispiel die kompletten Schulkosten f\u00fcr zwei Kinder f\u00fcr ein Jahr gedeckt werden. <em>Fotos: Weltpartner<\/em><\/p>\n<h2>Produkt des Monats Januar<\/h2>\n<h1>Der Saarbr\u00fccker Kaffee<\/h1>\n<p>Der Saarbr\u00fccker Kaffee stammt aus der \u00e4thiopischen Region Oromia, wo die Geschichte des Kaffees begann. Bereits im 5. Jahrhundert entdeckte die indigene Bev\u00f6lkerungsgruppe Oromo das R\u00f6sten der Kaffeekirschen f\u00fcr den anschlie\u00dfenden Aufguss zu einem genussvollen Getr\u00e4nk. Seither wird der \u00e4thiopische Kaffee von Genie\u00dfern weltweit gesch\u00e4tzt.<\/p>\n<p><img loading=\"lazy\" decoding=\"async\" class=\"size-medium wp-image-841 alignleft\" src=\"https:\/\/weltlaeden.de\/saarbruecken\/wp-content\/uploads\/sites\/96\/2024\/12\/WeltPartner-OCFCU-9-300x200.jpg\" alt=\"\" width=\"300\" height=\"200\" srcset=\"https:\/\/weltlaeden.de\/saarbruecken\/wp-content\/uploads\/sites\/96\/2024\/12\/WeltPartner-OCFCU-9-300x200.jpg 300w, https:\/\/weltlaeden.de\/saarbruecken\/wp-content\/uploads\/sites\/96\/2024\/12\/WeltPartner-OCFCU-9-1024x683.jpg 1024w, https:\/\/weltlaeden.de\/saarbruecken\/wp-content\/uploads\/sites\/96\/2024\/12\/WeltPartner-OCFCU-9-768x512.jpg 768w, https:\/\/weltlaeden.de\/saarbruecken\/wp-content\/uploads\/sites\/96\/2024\/12\/WeltPartner-OCFCU-9.jpg 1200w\" sizes=\"auto, (max-width: 300px) 100vw, 300px\" \/>Viele Kleinbauernfamilien in der \u00e4rmlichen Region Oromia leben haupts\u00e4chlich vom Verkauf der Fr\u00fcchte des Kaffeestrauchs. Um \u00fcber ein stabiles Einkommen zu verf\u00fcgen, schlossen sich die Kleinbauern in Oromia zu Kooperativen zusammen. Im Jahr 1999 b\u00fcndelten diese ihre Kr\u00e4fte und gr\u00fcndeten einen eigenen Dachverband, um sich gemeinsam zertifizieren zu lassen und den Kaffee besser vermarkten zu k\u00f6nnen: die Oromia Coffee Farmers Cooperative Union (OCFCU). OCFCU ist demokratisch organisiert und hat sich den Prinzipien der International Cooperative Alliance und des Fairen Handels verpflichtet.<\/p>\n<p>Sie bem\u00fcht sich, insbesondere Frauen innerhalb der Organisation in F\u00fchrungspositionen zu etablieren und f\u00f6rdert die Aus- und Weiterbildung der Kleinbauern im Bereich der nachhaltigen Landwirtschaft. Die Fair Trade-Pr\u00e4mie investiert OCFCU in zahlreiche soziale Projekte. So konnte der Aufbau von 30 Schulen und die Entwicklung und der Betrieb von vier Gesundheitszentren in der Region finanziert werden. Foto: Weltpartner.<\/p>\n<h2>Produkt des Monats Dezember<\/h2>\n<h1>Faire Kerzen aus Indonesien<\/h1>\n<p>Unsere Kerzen sind handgegossen und durchgef\u00e4rbt und haben eine lange Brenndauer.<br \/>\nHandelspartner Wax Industri in Indonesien bezahlt seinen Angestellten deutlich mehr als den staatlichen Mindestlohn. Wax Industri bem\u00fcht sich, den Produktionsprozess so effizient wie m\u00f6glich zu gestalten. Die dadurch eingesparten Kosten kommen den Mitarbeiter*innen durch h\u00f6here L\u00f6hne zugute.<img loading=\"lazy\" decoding=\"async\" class=\"size-medium wp-image-842 alignright\" src=\"https:\/\/weltlaeden.de\/saarbruecken\/wp-content\/uploads\/sites\/96\/2024\/12\/csm_400_19_WAXINDUSTRIE_0642_IKA_93fb31cea6-300x169.jpg\" alt=\"\" width=\"300\" height=\"169\" srcset=\"https:\/\/weltlaeden.de\/saarbruecken\/wp-content\/uploads\/sites\/96\/2024\/12\/csm_400_19_WAXINDUSTRIE_0642_IKA_93fb31cea6-300x169.jpg 300w, https:\/\/weltlaeden.de\/saarbruecken\/wp-content\/uploads\/sites\/96\/2024\/12\/csm_400_19_WAXINDUSTRIE_0642_IKA_93fb31cea6.jpg 462w\" sizes=\"auto, (max-width: 300px) 100vw, 300px\" \/><br \/>\n<strong>\u00d6kologie<\/strong><br \/>\nDas Palmwachs f\u00fcr die GEPA-Kerzen wird aus den Kernen der Fr\u00fcchte nachhaltig angebauter \u00d6lpalmen gewonnen (RSPO-zertifiziert). RSPO steht f\u00fcr \u201eRoundtable on Sustainable Palm Oil\u201c.<\/p>\n<p><strong>Frauen<\/strong><br \/>\nWax Industri besch\u00e4ftigt zu 80 Prozent Frauen \u2013 von der Mitarbeiterin in der Produktion bis zur Managerin. Durch ihren eigenen Verdienst haben sie mehr Selbstbewusstsein und erfahren mehr Anerkennung in der Gesellschaft. Sie erhalten f\u00fcr die gleiche Arbeit den gleichen Lohn wie M\u00e4nner.<\/p>\n<p><strong>Qualit\u00e4t<\/strong><br \/>\nWax Industri stellt besonders hochwertige durchgef\u00e4rbte Kerzen aus Palmwachs her. Die Firma verarbeitet bewusst Palmwachs anstelle von Paraffin, da Paraffin als Erd\u00f6lderivat umweltsch\u00e4dlich ist. Beim Gie\u00dfverfahren wird das erw\u00e4rmte Palmwachs von Hand in Formen gegossen.<\/p>\n<p>&nbsp;<\/p>\n<h2>Produkt des Monats November<\/h2>\n<h1>Faire Schoko-Riegel<\/h1>\n<p><span style=\"font-family: Arial, sans-serif\"><span style=\"font-size: medium\">Hey, Schoko-Fans! Schokolade macht gl\u00fccklich. Vor allem in unseren leckeren Riegeln. Nachweisbar ist jedoch nicht nur der Zusammenhang zwischen Gl\u00fcck und Schokolade \u2013 sondern auch, dass ein fairer, sozialer und nachhaltiger Handel Menschen in den Anbaul\u00e4ndern ein besseres Leben erm\u00f6glichen. <\/span><\/span><\/p>\n<p><span style=\"font-family: Arial, sans-serif\"><span style=\"font-size: medium\"><img loading=\"lazy\" decoding=\"async\" class=\"size-medium wp-image-834 alignleft\" src=\"https:\/\/weltlaeden.de\/saarbruecken\/wp-content\/uploads\/sites\/96\/2024\/10\/GEPA-Plakat-Riegelsortiment-Motiv-Hand-A1-8944924-212x300.jpg\" alt=\"\" width=\"212\" height=\"300\" srcset=\"https:\/\/weltlaeden.de\/saarbruecken\/wp-content\/uploads\/sites\/96\/2024\/10\/GEPA-Plakat-Riegelsortiment-Motiv-Hand-A1-8944924-212x300.jpg 212w, https:\/\/weltlaeden.de\/saarbruecken\/wp-content\/uploads\/sites\/96\/2024\/10\/GEPA-Plakat-Riegelsortiment-Motiv-Hand-A1-8944924-723x1024.jpg 723w, https:\/\/weltlaeden.de\/saarbruecken\/wp-content\/uploads\/sites\/96\/2024\/10\/GEPA-Plakat-Riegelsortiment-Motiv-Hand-A1-8944924-768x1087.jpg 768w, https:\/\/weltlaeden.de\/saarbruecken\/wp-content\/uploads\/sites\/96\/2024\/10\/GEPA-Plakat-Riegelsortiment-Motiv-Hand-A1-8944924-1085x1536.jpg 1085w, https:\/\/weltlaeden.de\/saarbruecken\/wp-content\/uploads\/sites\/96\/2024\/10\/GEPA-Plakat-Riegelsortiment-Motiv-Hand-A1-8944924.jpg 1181w\" sizes=\"auto, (max-width: 212px) 100vw, 212px\" \/>Der Kakao f\u00fcr unsere Riegel kommt unter anderem aus der <b>Dominikanischen Republik.<\/b> <b>COOPROAGRO<\/b> (Cooperativa de Productores Agropecuarios) im Nordosten setzt auf Bio-Kakao. Die Kooperative verf\u00fcgt \u00fcber ein Team von Agraringenieuren, die allen Mitgliedern kontinuierlich und beratend zur Seite stehen. Sie garantieren, dass die internationalen Normen des Bio-Landbaus strikt eingehalten werden. <\/span><\/span><\/p>\n<h3 class=\"western\"><span style=\"font-family: Arial, sans-serif\"><span style=\"font-size: medium\">Die Produzent*innen<\/span><\/span><\/h3>\n<p><span style=\"font-family: Arial, sans-serif\"><span style=\"font-size: medium\">Zurzeit geh\u00f6ren rund 2.000 Kakaob\u00e4uer*innen zu COOPROAGRO. Der GEPA-Mehrpreis wird in die Infrastruktur der Gemeinden und in die Qualit\u00e4tssicherung investiert. So wurden zum Beispiel Stra\u00dfen repariert, Br\u00fccken gebaut, in einer Gemeinde Haushalte mit Strom versorgt, ein Vereinsgeb\u00e4ude wieder aufgebaut, H\u00e4user f\u00fcr bed\u00fcrftige Mitglieder gebaut und eine Schule saniert. Mithilfe der Fair Trade-Pr\u00e4mie wurde von COOPROAGRO eine Poliklinik (f\u00fcr ambulante Untersuchungen und Behandlungen) gebaut, in der zwei Krankenschwestern und ein Arzt t\u00e4tig sind. Sie verf\u00fcgen \u00fcber eine Grundausstattung mit Medikamenten.<\/span><\/span><\/p>\n<p><span style=\"font-family: Arial, sans-serif\"><span style=\"font-size: medium\">Neben dem Kakao bauen die Familien Bananen, Kokosn\u00fcsse, Zitrusfr\u00fcchte, S\u00fc\u00dfkartoffeln und Gem\u00fcse f\u00fcr den eigenen Bedarf an. Fr\u00fcher wurde in der Region auch Kaffee angebaut, der durch Kakao ersetzt wurde.<\/span><\/span><\/p>\n<h2>Produkt des Monats Oktober<\/h2>\n<h1>Wellness-Tee aus Vietnam<\/h1>\n<p>Die <strong>\u201cVan Chan Organic Farmers\u201d<\/strong> sind ein Zusammenschluss von indigenen B\u00e4uer*innen im <strong>Norden von Vietnam<\/strong>. In den abgelegenen D\u00f6rfern gibt es kaum Schulen, schlechte Stra\u00dfen, wenig Stromanschl\u00fcsse und Wasserleitungen. Die H\u00e4user sind meist nur zu Fu\u00df zu erreichen, drei bis sechs Stunden sind daf\u00fcr notwendig. Die Familien bewirtschaften zwischen zwei und vier Hektar Land beziehungsweise Waldfl\u00e4che. Auf der H\u00e4lfte der Fl\u00e4che werden Gew\u00fcrze, wie Bio-Sternanis, Bio-Zimt und Bio-Ingwer angebaut. Und auf der restlichen Fl\u00e4che w\u00e4chst Reis, Mais und Gem\u00fcse. Die Teebl\u00e4tter werden von wild wachsenden Teeb\u00e4umen gesammelt, die in den Bergw\u00e4ldern stehen.<\/p>\n<p><img loading=\"lazy\" decoding=\"async\" class=\" wp-image-837 alignright\" src=\"https:\/\/weltlaeden.de\/saarbruecken\/wp-content\/uploads\/sites\/96\/2024\/10\/Van-chan-organic-Farmers-277x300.jpg\" alt=\"\" width=\"212\" height=\"230\" srcset=\"https:\/\/weltlaeden.de\/saarbruecken\/wp-content\/uploads\/sites\/96\/2024\/10\/Van-chan-organic-Farmers-277x300.jpg 277w, https:\/\/weltlaeden.de\/saarbruecken\/wp-content\/uploads\/sites\/96\/2024\/10\/Van-chan-organic-Farmers.jpg 295w\" sizes=\"auto, (max-width: 212px) 100vw, 212px\" \/>Ziel der <strong>\u201cVan Chan Organic Farmers\u201d <\/strong>ist es, f\u00fcr die Waren, wie Bio-Tee und Bio-Gew\u00fcrze einen besseren Preis zu erreichen. Zudem sollen in der entlegenen Region die Lebensbedingungen der Familien insgesamt verbessert werden. Sie sind immer noch sehr verwurzelt in ihrer eigenen Kultur und leben weit weg von der Mehrheitsgesellschaft der Vietnamesen. So geh\u00f6rt das\u00a0 Land auch immer noch der Dorfgemeinschaft. Durch die fr\u00fchere Politik der sprachlichen und kulturellen Anpassung wurden die Bergv\u00f6lker, die sich nicht anpassen wollten, noch mehr in die Isolation gedr\u00e4ngt.<\/p>\n<p>Die frischen Teebl\u00e4tter werden in zwei lokalen Teefabriken verarbeitet. Die kleine Teehandelsfirma<strong>Vi Vang <\/strong>in der Hauptstadt Hanoi exportiert den Tee und die Gew\u00fcrze nach Europa.<\/p>\n<h2><\/h2>\n<h2><span style=\"font-family: Arial, sans-serif\"><span style=\"font-size: large\">Produkt des Monats September<br \/>\n<\/span><\/span><\/h2>\n<h1>H\u00e4ngematten aus El Salvador<\/h1>\n<p><span style=\"font-family: 'Arial',sans-serif\"><img loading=\"lazy\" decoding=\"async\" class=\"size-medium wp-image-829 alignleft\" src=\"https:\/\/weltlaeden.de\/saarbruecken\/wp-content\/uploads\/sites\/96\/2024\/09\/Haengematten-Globo-300x300.jpg\" alt=\"\" width=\"300\" height=\"300\" srcset=\"https:\/\/weltlaeden.de\/saarbruecken\/wp-content\/uploads\/sites\/96\/2024\/09\/Haengematten-Globo-300x300.jpg 300w, https:\/\/weltlaeden.de\/saarbruecken\/wp-content\/uploads\/sites\/96\/2024\/09\/Haengematten-Globo-150x150.jpg 150w, https:\/\/weltlaeden.de\/saarbruecken\/wp-content\/uploads\/sites\/96\/2024\/09\/Haengematten-Globo.jpg 400w\" sizes=\"auto, (max-width: 300px) 100vw, 300px\" \/>Eine H\u00e4ngematte ist wie ein Kurzurlaub &#8211; nur erholsamer! Ob im Garten, auf dem Balkon oder auch quer durch&#8217;s Wohnzimmer gespannt, schaffen H\u00e4ngematten eine kleine Oase der Ruhe. Sogar in manchen B\u00fcros finden sich inzwischen H\u00e4ngem\u00f6bel f\u00fcr die Pausen und zum Entspannen bei der kreativen Arbeit.<\/span><\/p>\n<p><span style=\"font-family: 'Arial',sans-serif\">Unsere Partnerorganisation in El Salvador wurde 1974 gegr\u00fcndet und organisiert seitdem die Produktion und den Vertrieb von traditionell salvadorianischem Handwerk mit einem Schwerpunkt auf H\u00e4ngematten und passendem Zubeh\u00f6r. Aktuell betreut die Organisation rund 30 Werkst\u00e4tten mit insgesamt rund 200 Produzentinnen und Produzenten.<br \/>\nDie Webergruppen leben au\u00dferhalb der Hauptstadt in teilweise entlegenen Regionen El Salvadors. Exporsal unterst\u00fctzt sie vor Ort und verhindert so Landflucht und die Trennung von Familien.<\/span><\/p>\n<p><span style=\"font-family: 'Arial',sans-serif\">Die Kunsthandwerkerinnen und -handwerker erhalten zinsfreie Kredite f\u00fcr die Anschaffung von Werkzeugen und f\u00fcr andere Ma\u00dfnahmen zur Verbesserung der Arbeitsbedingungen. Die Kinder der Produzenten erhalten bis zum Abitur kostenlose Unterrichtsmaterialien. Au\u00dferdem vergibt die Organisation seit 2004 j\u00e4hrlich vier Stipendien an besonders engagierte Sch\u00fclerinnen und Sch\u00fcler.<\/span><\/p>\n<h2>Unser Produkt des Monats Mai:<\/h2>\n<h1 class=\"western\">Matetee aus Brasilien<\/h1>\n<p>&nbsp;<\/p>\n<p><span style=\"font-family: Arial, sans-serif\"><img loading=\"lazy\" decoding=\"async\" class=\"size-medium wp-image-778 alignleft\" src=\"https:\/\/weltlaeden.de\/saarbruecken\/wp-content\/uploads\/sites\/96\/2023\/12\/950809_HP_225_1_aw_gepa-samabeong-subarna-7-4-2018-pflucken-rekha-mukhia-mitte-300x169.jpg\" alt=\"\" width=\"300\" height=\"169\" srcset=\"https:\/\/weltlaeden.de\/saarbruecken\/wp-content\/uploads\/sites\/96\/2023\/12\/950809_HP_225_1_aw_gepa-samabeong-subarna-7-4-2018-pflucken-rekha-mukhia-mitte-300x169.jpg 300w, https:\/\/weltlaeden.de\/saarbruecken\/wp-content\/uploads\/sites\/96\/2023\/12\/950809_HP_225_1_aw_gepa-samabeong-subarna-7-4-2018-pflucken-rekha-mukhia-mitte-1024x576.jpg 1024w, https:\/\/weltlaeden.de\/saarbruecken\/wp-content\/uploads\/sites\/96\/2023\/12\/950809_HP_225_1_aw_gepa-samabeong-subarna-7-4-2018-pflucken-rekha-mukhia-mitte-768x432.jpg 768w, https:\/\/weltlaeden.de\/saarbruecken\/wp-content\/uploads\/sites\/96\/2023\/12\/950809_HP_225_1_aw_gepa-samabeong-subarna-7-4-2018-pflucken-rekha-mukhia-mitte-1536x864.jpg 1536w, https:\/\/weltlaeden.de\/saarbruecken\/wp-content\/uploads\/sites\/96\/2023\/12\/950809_HP_225_1_aw_gepa-samabeong-subarna-7-4-2018-pflucken-rekha-mukhia-mitte.jpg 1920w\" sizes=\"auto, (max-width: 300px) 100vw, 300px\" \/><\/span><\/p>\n<p><strong><span style=\"font-family: Arial, sans-serif\"><span style=\"font-size: medium\">Die Produzenten des Matetees<\/span><\/span><\/strong><\/p>\n<p><span style=\"font-family: Arial, sans-serif\"><span style=\"font-size: medium\">Der Dachverband der Mate-Produzenten COPERMATE (Cooperativa de Reforma Agraria e Erva Mate) wurde 1991 von 22 brasilianischen Kleinbauern gegr\u00fcndet. Mittlerweile sind mehr als 200 Mitglieder registriert, 50 Prozent sind Frauen. Sie verarbeiten und exportieren Matetee. Insgesamt gibt es 650 Produzenten die mit COPERMATE zusammenarbeiten (u.a. indigene Gruppen). Die Weiterverarbeitung des Mate in der eigenen Verarbeitungsanlage ist eine zentrale Errungenschaft, da der so erzielte Mehrwert des Produkts im Kooperativenverband verbleibt.<\/span><\/span><\/p>\n<p><strong><span style=\"font-family: Arial, sans-serif\"><span style=\"font-size: medium\">Fairer Handel wirkt!<img loading=\"lazy\" decoding=\"async\" class=\"size-medium wp-image-816 alignleft\" src=\"https:\/\/weltlaeden.de\/saarbruecken\/wp-content\/uploads\/sites\/96\/2024\/05\/Alisson-de-Franca_Colheita-Padronizando-os-ramos-de-erva-mate-para-seguir-para-industria-1536x1024-1-300x200.jpg\" alt=\"\" width=\"300\" height=\"200\" srcset=\"https:\/\/weltlaeden.de\/saarbruecken\/wp-content\/uploads\/sites\/96\/2024\/05\/Alisson-de-Franca_Colheita-Padronizando-os-ramos-de-erva-mate-para-seguir-para-industria-1536x1024-1-300x200.jpg 300w, https:\/\/weltlaeden.de\/saarbruecken\/wp-content\/uploads\/sites\/96\/2024\/05\/Alisson-de-Franca_Colheita-Padronizando-os-ramos-de-erva-mate-para-seguir-para-industria-1536x1024-1-1024x683.jpg 1024w, https:\/\/weltlaeden.de\/saarbruecken\/wp-content\/uploads\/sites\/96\/2024\/05\/Alisson-de-Franca_Colheita-Padronizando-os-ramos-de-erva-mate-para-seguir-para-industria-1536x1024-1-768x512.jpg 768w, https:\/\/weltlaeden.de\/saarbruecken\/wp-content\/uploads\/sites\/96\/2024\/05\/Alisson-de-Franca_Colheita-Padronizando-os-ramos-de-erva-mate-para-seguir-para-industria-1536x1024-1.jpg 1536w\" sizes=\"auto, (max-width: 300px) 100vw, 300px\" \/><\/span><\/span><\/strong><\/p>\n<p><span style=\"font-family: Arial, sans-serif\"><span style=\"font-size: medium\">COPERMATE geh\u00f6rt zur Movimento Sem Terra (MST), der Bewegung der brasilianischen Landlosen. Neben dem Kampf um Land und dessen Legalisierung unterst\u00fctzt MST seine Mitglieder in den Bereichen Organisationsentwicklung, Ausbildung und Beratung. Die Produzenten erhalten durch die Direktvermarktung bessere Preise f\u00fcr ihren Tee. Schulungen zum \u00f6kologischen Landbau werden angeboten. Der Bio-Mate wird von den Kleinproduzenten in Mischkultur mit Reis, Mais, Bohnen, Kartoffeln und anderem Gem\u00fcse nach den Richtlinien des Bio-Landbaus angebaut. <\/span><\/span><\/p>\n<p><span style=\"font-family: Arial, sans-serif\"><span style=\"font-size: medium\"><b>Symbol f\u00fcr Gasfreundschaft und Zusammenhalt.\u00a0<\/b> \u00a0 <\/span><\/span><\/p>\n<p><span style=\"font-family: Arial, sans-serif\"><span style=\"font-size: medium\">Traditionell wird Mate Tee aus einem kleinen runden Gef\u00e4\u00df, einer sogenannten Calebasse, mit einem Bombilla (Trinkhalm) getrunken. In Brasilien, Paraguay, Uruguay und Argentinien geh\u00f6rt das Mate-Getr\u00e4nk zum Alltag vieler Menschen und gilt als Symbol f\u00fcr Gasfreundschaft und Zusammenhalt.<\/span><\/span><\/p>\n<h2><\/h2>\n<p>&nbsp;<\/p>\n<h1><strong><img loading=\"lazy\" decoding=\"async\" class=\" wp-image-795 alignleft\" src=\"https:\/\/weltlaeden.de\/saarbruecken\/wp-content\/uploads\/sites\/96\/2024\/02\/Lieferkettengesetz_03_02_2024_1-300x180.jpg\" alt=\"\" width=\"377\" height=\"226\" srcset=\"https:\/\/weltlaeden.de\/saarbruecken\/wp-content\/uploads\/sites\/96\/2024\/02\/Lieferkettengesetz_03_02_2024_1-300x180.jpg 300w, https:\/\/weltlaeden.de\/saarbruecken\/wp-content\/uploads\/sites\/96\/2024\/02\/Lieferkettengesetz_03_02_2024_1-1024x614.jpg 1024w, https:\/\/weltlaeden.de\/saarbruecken\/wp-content\/uploads\/sites\/96\/2024\/02\/Lieferkettengesetz_03_02_2024_1-768x461.jpg 768w, https:\/\/weltlaeden.de\/saarbruecken\/wp-content\/uploads\/sites\/96\/2024\/02\/Lieferkettengesetz_03_02_2024_1-1536x921.jpg 1536w, https:\/\/weltlaeden.de\/saarbruecken\/wp-content\/uploads\/sites\/96\/2024\/02\/Lieferkettengesetz_03_02_2024_1-scaled.jpg 2048w\" sizes=\"auto, (max-width: 377px) 100vw, 377px\" \/><\/strong><\/h1>\n<h3><strong>Weltladen fordert Regierung auf, dem EU-Lieferkettengesetz zuzustimmen<br \/>\n<\/strong><\/h3>\n<p>Das B\u00fcndnis Saarland-Verantwortung-Lieferketten und der Verein Kreuz des S\u00fcdens, der Tr\u00e4ger des Weltladen Saarbr\u00fccken, sind sehr besorgt, dass das EU-Lieferkettengesetz (Corporate Sustainability Due Diligence Directive) nun auf den letzten Metern noch zu Fall<br \/>\nkommen k\u00f6nnte. Nach dem \u00fcber einen Zeitraum von zwei Jahren verhandelten &#8211; und durch den Bundesjustizminister Marco Buschmann mitverhandelten &#8211; Kompromiss zwischen Ministerrat, Kommission und Parlament hat das FDP-Pr\u00e4sidium nun am<br \/>\n15.Januar diesen Jahres einen Beschluss gefasst, die EU-Lieferkettenrichtlinie stoppen zu<br \/>\nwollen.<br \/>\nDie beiden Initiativen fordern die Saarl\u00e4ndische Ministerpr\u00e4sidentin Anke Rehlinger auf,<br \/>\nsich bei Bundeskanzler Olaf Scholz daf\u00fcr einzusetzen, dass er das Man\u00f6ver der FDP<br \/>\nzur\u00fcck weist und die Regierung dem Lieferkettengesetz im EU-Rat zustimmt.<br \/>\n\u201eDas Saarland plant erstes \u201eFaires Bundesland\u201c in Deutschland zu werden. Daraus ergibt<br \/>\nsich aus unserer Sicht die Verpflichtung, sich f\u00fcr die Achtung von Menschenrechten und<br \/>\nder Umwelt sowie f\u00fcr eine verantwortungsvolle Unternehmensf\u00fchrung in der Globalen<br \/>\nLieferkette einzusetzen,\u201c sagt Helmut Paulus vom Verein Kreuz des S\u00fcdens.<br \/>\nDie Kehrtwende der FDP sei ein Schlag ins Gesicht f\u00fcr all jene Menschen, die in den<br \/>\nLieferketten europ\u00e4ischer Unternehmen unter Zwangsarbeit und Hungerl\u00f6hnen leiden, f\u00fcr<br \/>\ndie \u00dcberlebenden von Fabrikbr\u00e4nden, f\u00fcr in Minen ausgebeutete Kinder..<br \/>\n\u201eWir sind emp\u00f6rt \u00fcber den Umgang der FDP mit einer demokratisch gef\u00e4llten<br \/>\nEntscheidung\u201c, sagt Tamara Enhuber vom B\u00fcndnis Saarland-Verantwortung-Lieferketten.<br \/>\n\u201eEine Enthaltung Deutschlands w\u00e4re ein bitterer R\u00fcckschlag f\u00fcr Menschenrechte und<br \/>\nUmwelt, auch f\u00fcr den Fortschritt der Verhandlungen um den UN-Treaty, und f\u00fcr den<br \/>\nGlauben der Bev\u00f6lkerung an Demokratie &#8211; und w\u00fcrde der Glaubw\u00fcrdigkeit Deutschlands<br \/>\ninnerhalb der EU sowie in der Welt schaden.\u201c<\/p>\n<h2><\/h2>\n<div class=\"page-title title-center disabled-bg\">\n<div class=\"wf-wrap\">\n<div class=\"page-title-head hgroup\"><\/div>\n<\/div>\n<\/div>\n<p>&nbsp;<\/p>\n<h2>Podiumsdiskussion: 50 Jahre fairer Handel im Saarland &#8211; (Nur) Einkauf mit gutem Gewissen oder Perspektive f\u00fcr einen fairen Handel<\/h2>\n<h1>Politische Arbeit ist wichtig<\/h1>\n<p><span style=\"font-family: Arial, sans-serif\"><span style=\"font-size: medium\">Weltl\u00e4den m\u00fcssen sich erg\u00e4nzend zum Verkauf auf ihre Wurzeln besinnen und die politische Arbeit, aber auch die Bildungsarbeit verst\u00e4rkt in den Blick nehmen. Das ist das Resumee einer Podiumsdiskussion im VHS-Zentrum in Saarbr\u00fccken, in der es um die Herausforderungen und Grenzen des \u201eFairen Handels\u201c ging. <\/span><\/span><\/p>\n<div id=\"attachment_728\" style=\"width: 365px\" class=\"wp-caption alignleft\"><img loading=\"lazy\" decoding=\"async\" aria-describedby=\"caption-attachment-728\" class=\"wp-image-728\" src=\"https:\/\/weltlaeden.de\/saarbruecken\/wp-content\/uploads\/sites\/96\/2023\/07\/Podiumsdiskussion-06_07_2023-300x169.jpg\" alt=\"\" width=\"355\" height=\"200\" srcset=\"https:\/\/weltlaeden.de\/saarbruecken\/wp-content\/uploads\/sites\/96\/2023\/07\/Podiumsdiskussion-06_07_2023-300x169.jpg 300w, https:\/\/weltlaeden.de\/saarbruecken\/wp-content\/uploads\/sites\/96\/2023\/07\/Podiumsdiskussion-06_07_2023-1024x576.jpg 1024w, https:\/\/weltlaeden.de\/saarbruecken\/wp-content\/uploads\/sites\/96\/2023\/07\/Podiumsdiskussion-06_07_2023-768x432.jpg 768w, https:\/\/weltlaeden.de\/saarbruecken\/wp-content\/uploads\/sites\/96\/2023\/07\/Podiumsdiskussion-06_07_2023-1536x864.jpg 1536w, https:\/\/weltlaeden.de\/saarbruecken\/wp-content\/uploads\/sites\/96\/2023\/07\/Podiumsdiskussion-06_07_2023-scaled.jpg 2048w\" sizes=\"auto, (max-width: 355px) 100vw, 355px\" \/><p id=\"caption-attachment-728\" class=\"wp-caption-text\">v.li.n.re: Christian Otterbach, Katharina Nickoleit, Boniface Mabanza Bambu und Steffen Weber. Foto: Boris Grossmann<\/p><\/div>\n<p><span style=\"font-family: Arial, sans-serif\"><span style=\"font-size: medium\">Als Referenten dazu eingeladen hatte der Weltladen Saarbr\u00fccken <span style=\"color: #000000\">Katharina Nickoleit, Mitautorin des Buches <\/span><span style=\"color: #000000\">\u201eFair for Future, S<\/span><span style=\"color: #000000\">teffen Weber, den Gesch\u00e4ftsf\u00fchrer des Weltladendachverbandes und Dr. Boniface Mabanza Bambu von der Kirchlichen Arbeitsstelle S\u00fcdliches Afrika. Unter der Moderation von Christian Otterbach vom Saarl\u00e4ndischen Rundfunk gingen sie der Frage <\/span>nach, wie der Faire Handel seinen urspr\u00fcnglich gesetzten Zielen eines gerechten Welthandels n\u00e4her kommen kann. <\/span><\/span><\/p>\n<p><span style=\"font-family: Arial, sans-serif\"><span style=\"font-size: medium\">In einem sehr pers\u00f6nlichen und unterhaltsamen Impuls stellte Nickoleit die historische Entwicklung des Fairen Handels dar. Ihr Vater war mit bei den ersten Aktivisten der Bewegung und Mitbegr\u00fcnder der Gesellschaft zur F\u00f6rderung der Dritten Welt, der gr\u00f6\u00dften Fair Handels-Gesellschaft in Deutschland. Sie hob hervor, dass die urspr\u00fcnglichen Anf\u00e4nge der Weltl\u00e4den aus einer Protestbewegung heraus entstanden. Junge Menschen, gerade auch im kirchlichen Bereich, setzen sich f\u00fcr einen gerechteren Welthandel ein. <\/span><\/span><\/p>\n<p><span style=\"font-family: Arial, sans-serif\"><span style=\"font-size: medium\">In der anschlie\u00dfenden lebhaften Diskussion waren sich die Teilnehmenden einig, dass der Faire Handel einen viel zu geringen Anteil am Konsumverhalten der Gesellschaft hat. Mabanza belegte dies mit einer Zahl: Durchschnittlich werden bundesweit pro Person j\u00e4hrlich lediglich 5 Euro im Fairen Handel ausgegeben. Hier gebe es also noch viel \u201eLuft nach oben\u201c. <\/span><\/span><\/p>\n<p><span style=\"font-family: Arial, sans-serif\"><span style=\"font-size: medium\">Mabanza verwies darauf, wie wichtig neben dem Verkauf der fair gehandelten Waren die politische Arbeit der Weltl\u00e4den sei, etwa f\u00fcr ein gutes Lieferkettengesetz in ganz Europa. Ziel ist, den Schutz der Menschenrechte und der Umwelt in globalen Lieferketten zu verbessern. <\/span><\/span><\/p>\n<p><span style=\"font-family: Arial, sans-serif\"><span style=\"font-size: medium\"><strong>Der Saarl\u00e4ndische Rundfunk sendet die Diskussion am Freitag, 14. Juli, um 19:15 Uhr in der Reihe \u201eDiskurs\u201c auf SR 2.<\/strong> <\/span><\/span><\/p>\n<p>Link zur Sendung in der SR2 Mediathek:<\/p>\n<p><a href=\"http:\/\/sr-mediathek.de\/index.php?seite=7&amp;id=31379&amp;pnr=&amp;tbl=pf\">http:\/\/sr-mediathek.de\/index.php?seite=7&amp;id=31379&amp;pnr=&amp;tbl=pf<\/a><\/p>\n<h2><\/h2>\n<p>&nbsp;<\/p>\n<h2><\/h2>\n<p>[\/vc_column_text][\/vc_column][\/vc_row][vc_row][vc_column][vc_column_text]<\/p>\n<p>[\/vc_column_text][\/vc_column][\/vc_row]<\/p>\n<\/div>","protected":false},"excerpt":{"rendered":"<p>Neuigkeiten Aktionstag am 9. Mai im Weltladen Saarbr\u00fccken Fair fruchtet! Bananen, Orangen, Ananas und Mangos geh\u00f6ren weltweit zu den beliebtesten Fr\u00fcchten. Doch ihre Produktion ist oft mit schwierigen Arbeitsbedingungen verbunden. Viele Menschen, die sie anbauen und ernten, erhalten niedrige L\u00f6hne, arbeiten befristet oder ohne Vertrag und haben kaum Mitspracherechte. Darum geht es am diesj\u00e4hrigen Weltladentag&hellip;<\/p>\n","protected":false},"author":1,"featured_media":543,"parent":0,"menu_order":1,"comment_status":"closed","ping_status":"closed","template":"","meta":{"footnotes":""},"class_list":["post-361","page","type-page","status-publish","has-post-thumbnail","hentry","description-off"],"yoast_head":"<!-- This site is optimized with the Yoast SEO plugin v26.8 - https:\/\/yoast.com\/product\/yoast-seo-wordpress\/ -->\n<title>Neuigkeiten - Weltladen Saarbr\u00fccken<\/title>\n<meta name=\"robots\" content=\"index, follow, max-snippet:-1, max-image-preview:large, max-video-preview:-1\" \/>\n<link rel=\"canonical\" href=\"https:\/\/weltlaeden.de\/saarbruecken\/\" \/>\n<meta property=\"og:locale\" content=\"de_DE\" \/>\n<meta property=\"og:type\" content=\"article\" \/>\n<meta property=\"og:title\" content=\"Neuigkeiten - Weltladen Saarbr\u00fccken\" \/>\n<meta property=\"og:description\" content=\"Neuigkeiten Aktionstag am 9. Mai im Weltladen Saarbr\u00fccken Fair fruchtet! Bananen, Orangen, Ananas und Mangos geh\u00f6ren weltweit zu den beliebtesten Fr\u00fcchten. Doch ihre Produktion ist oft mit schwierigen Arbeitsbedingungen verbunden. Viele Menschen, die sie anbauen und ernten, erhalten niedrige L\u00f6hne, arbeiten befristet oder ohne Vertrag und haben kaum Mitspracherechte. Darum geht es am diesj\u00e4hrigen Weltladentag&hellip;\" \/>\n<meta property=\"og:url\" content=\"https:\/\/weltlaeden.de\/saarbruecken\/\" \/>\n<meta property=\"og:site_name\" content=\"Weltladen Saarbr\u00fccken\" \/>\n<meta property=\"article:modified_time\" content=\"2026-04-30T16:06:45+00:00\" \/>\n<meta property=\"og:image\" content=\"https:\/\/weltlaeden.de\/saarbruecken\/wp-content\/uploads\/sites\/96\/2020\/03\/fairwertsteuer_plakat_klein.png\" \/>\n\t<meta property=\"og:image:width\" content=\"1000\" \/>\n\t<meta property=\"og:image:height\" content=\"1440\" \/>\n\t<meta property=\"og:image:type\" content=\"image\/png\" \/>\n<meta name=\"twitter:card\" content=\"summary_large_image\" \/>\n<meta name=\"twitter:label1\" content=\"Gesch\u00e4tzte Lesezeit\" \/>\n\t<meta name=\"twitter:data1\" content=\"43\u00a0Minuten\" \/>\n<script type=\"application\/ld+json\" class=\"yoast-schema-graph\">{\"@context\":\"https:\/\/schema.org\",\"@graph\":[{\"@type\":\"WebPage\",\"@id\":\"https:\/\/weltlaeden.de\/saarbruecken\/\",\"url\":\"https:\/\/weltlaeden.de\/saarbruecken\/\",\"name\":\"Neuigkeiten - Weltladen Saarbr\u00fccken\",\"isPartOf\":{\"@id\":\"https:\/\/weltlaeden.de\/saarbruecken\/#website\"},\"primaryImageOfPage\":{\"@id\":\"https:\/\/weltlaeden.de\/saarbruecken\/#primaryimage\"},\"image\":{\"@id\":\"https:\/\/weltlaeden.de\/saarbruecken\/#primaryimage\"},\"thumbnailUrl\":\"https:\/\/weltlaeden.de\/saarbruecken\/wp-content\/uploads\/sites\/96\/2020\/03\/fairwertsteuer_plakat_klein.png\",\"datePublished\":\"2020-03-17T08:52:53+00:00\",\"dateModified\":\"2026-04-30T16:06:45+00:00\",\"breadcrumb\":{\"@id\":\"https:\/\/weltlaeden.de\/saarbruecken\/#breadcrumb\"},\"inLanguage\":\"de\",\"potentialAction\":[{\"@type\":\"ReadAction\",\"target\":[\"https:\/\/weltlaeden.de\/saarbruecken\/\"]}]},{\"@type\":\"ImageObject\",\"inLanguage\":\"de\",\"@id\":\"https:\/\/weltlaeden.de\/saarbruecken\/#primaryimage\",\"url\":\"https:\/\/weltlaeden.de\/saarbruecken\/wp-content\/uploads\/sites\/96\/2020\/03\/fairwertsteuer_plakat_klein.png\",\"contentUrl\":\"https:\/\/weltlaeden.de\/saarbruecken\/wp-content\/uploads\/sites\/96\/2020\/03\/fairwertsteuer_plakat_klein.png\",\"width\":1000,\"height\":1440},{\"@type\":\"BreadcrumbList\",\"@id\":\"https:\/\/weltlaeden.de\/saarbruecken\/#breadcrumb\",\"itemListElement\":[{\"@type\":\"ListItem\",\"position\":1,\"name\":\"Startseite\",\"item\":\"https:\/\/weltlaeden.de\/saarbruecken\/\"},{\"@type\":\"ListItem\",\"position\":2,\"name\":\"Neuigkeiten\"}]},{\"@type\":\"WebSite\",\"@id\":\"https:\/\/weltlaeden.de\/saarbruecken\/#website\",\"url\":\"https:\/\/weltlaeden.de\/saarbruecken\/\",\"name\":\"Weltladen Saarbr\u00fccken\",\"description\":\"Faire Produkte seit 1990\",\"potentialAction\":[{\"@type\":\"SearchAction\",\"target\":{\"@type\":\"EntryPoint\",\"urlTemplate\":\"https:\/\/weltlaeden.de\/saarbruecken\/?s={search_term_string}\"},\"query-input\":{\"@type\":\"PropertyValueSpecification\",\"valueRequired\":true,\"valueName\":\"search_term_string\"}}],\"inLanguage\":\"de\"}]}<\/script>\n<!-- \/ Yoast SEO plugin. -->","yoast_head_json":{"title":"Neuigkeiten - Weltladen Saarbr\u00fccken","robots":{"index":"index","follow":"follow","max-snippet":"max-snippet:-1","max-image-preview":"max-image-preview:large","max-video-preview":"max-video-preview:-1"},"canonical":"https:\/\/weltlaeden.de\/saarbruecken\/","og_locale":"de_DE","og_type":"article","og_title":"Neuigkeiten - Weltladen Saarbr\u00fccken","og_description":"Neuigkeiten Aktionstag am 9. Mai im Weltladen Saarbr\u00fccken Fair fruchtet! Bananen, Orangen, Ananas und Mangos geh\u00f6ren weltweit zu den beliebtesten Fr\u00fcchten. Doch ihre Produktion ist oft mit schwierigen Arbeitsbedingungen verbunden. Viele Menschen, die sie anbauen und ernten, erhalten niedrige L\u00f6hne, arbeiten befristet oder ohne Vertrag und haben kaum Mitspracherechte. Darum geht es am diesj\u00e4hrigen Weltladentag&hellip;","og_url":"https:\/\/weltlaeden.de\/saarbruecken\/","og_site_name":"Weltladen Saarbr\u00fccken","article_modified_time":"2026-04-30T16:06:45+00:00","og_image":[{"width":1000,"height":1440,"url":"https:\/\/weltlaeden.de\/saarbruecken\/wp-content\/uploads\/sites\/96\/2020\/03\/fairwertsteuer_plakat_klein.png","type":"image\/png"}],"twitter_card":"summary_large_image","twitter_misc":{"Gesch\u00e4tzte Lesezeit":"43\u00a0Minuten"},"schema":{"@context":"https:\/\/schema.org","@graph":[{"@type":"WebPage","@id":"https:\/\/weltlaeden.de\/saarbruecken\/","url":"https:\/\/weltlaeden.de\/saarbruecken\/","name":"Neuigkeiten - Weltladen Saarbr\u00fccken","isPartOf":{"@id":"https:\/\/weltlaeden.de\/saarbruecken\/#website"},"primaryImageOfPage":{"@id":"https:\/\/weltlaeden.de\/saarbruecken\/#primaryimage"},"image":{"@id":"https:\/\/weltlaeden.de\/saarbruecken\/#primaryimage"},"thumbnailUrl":"https:\/\/weltlaeden.de\/saarbruecken\/wp-content\/uploads\/sites\/96\/2020\/03\/fairwertsteuer_plakat_klein.png","datePublished":"2020-03-17T08:52:53+00:00","dateModified":"2026-04-30T16:06:45+00:00","breadcrumb":{"@id":"https:\/\/weltlaeden.de\/saarbruecken\/#breadcrumb"},"inLanguage":"de","potentialAction":[{"@type":"ReadAction","target":["https:\/\/weltlaeden.de\/saarbruecken\/"]}]},{"@type":"ImageObject","inLanguage":"de","@id":"https:\/\/weltlaeden.de\/saarbruecken\/#primaryimage","url":"https:\/\/weltlaeden.de\/saarbruecken\/wp-content\/uploads\/sites\/96\/2020\/03\/fairwertsteuer_plakat_klein.png","contentUrl":"https:\/\/weltlaeden.de\/saarbruecken\/wp-content\/uploads\/sites\/96\/2020\/03\/fairwertsteuer_plakat_klein.png","width":1000,"height":1440},{"@type":"BreadcrumbList","@id":"https:\/\/weltlaeden.de\/saarbruecken\/#breadcrumb","itemListElement":[{"@type":"ListItem","position":1,"name":"Startseite","item":"https:\/\/weltlaeden.de\/saarbruecken\/"},{"@type":"ListItem","position":2,"name":"Neuigkeiten"}]},{"@type":"WebSite","@id":"https:\/\/weltlaeden.de\/saarbruecken\/#website","url":"https:\/\/weltlaeden.de\/saarbruecken\/","name":"Weltladen Saarbr\u00fccken","description":"Faire Produkte seit 1990","potentialAction":[{"@type":"SearchAction","target":{"@type":"EntryPoint","urlTemplate":"https:\/\/weltlaeden.de\/saarbruecken\/?s={search_term_string}"},"query-input":{"@type":"PropertyValueSpecification","valueRequired":true,"valueName":"search_term_string"}}],"inLanguage":"de"}]}},"_links":{"self":[{"href":"https:\/\/weltlaeden.de\/saarbruecken\/wp-json\/wp\/v2\/pages\/361","targetHints":{"allow":["GET"]}}],"collection":[{"href":"https:\/\/weltlaeden.de\/saarbruecken\/wp-json\/wp\/v2\/pages"}],"about":[{"href":"https:\/\/weltlaeden.de\/saarbruecken\/wp-json\/wp\/v2\/types\/page"}],"author":[{"embeddable":true,"href":"https:\/\/weltlaeden.de\/saarbruecken\/wp-json\/wp\/v2\/users\/1"}],"replies":[{"embeddable":true,"href":"https:\/\/weltlaeden.de\/saarbruecken\/wp-json\/wp\/v2\/comments?post=361"}],"version-history":[{"count":161,"href":"https:\/\/weltlaeden.de\/saarbruecken\/wp-json\/wp\/v2\/pages\/361\/revisions"}],"predecessor-version":[{"id":934,"href":"https:\/\/weltlaeden.de\/saarbruecken\/wp-json\/wp\/v2\/pages\/361\/revisions\/934"}],"wp:featuredmedia":[{"embeddable":true,"href":"https:\/\/weltlaeden.de\/saarbruecken\/wp-json\/wp\/v2\/media\/543"}],"wp:attachment":[{"href":"https:\/\/weltlaeden.de\/saarbruecken\/wp-json\/wp\/v2\/media?parent=361"}],"curies":[{"name":"wp","href":"https:\/\/api.w.org\/{rel}","templated":true}]}}