{"id":20,"date":"2020-03-17T09:05:06","date_gmt":"2020-03-17T08:05:06","guid":{"rendered":"https:\/\/wl.heimpixel.de\/vorlage\/weltladen-musterdorf\/"},"modified":"2025-05-10T12:05:46","modified_gmt":"2025-05-10T10:05:46","slug":"weltladen-saarbruecken","status":"publish","type":"page","link":"https:\/\/weltlaeden.de\/saarbruecken\/weltladen-saarbruecken\/","title":{"rendered":"Weltladen Saarbr\u00fccken"},"content":{"rendered":"<div class=\"wpb-content-wrapper\"><p>[vc_row][vc_column]<div class=\"wl_einzelbild\"><p><\/p><\/div>[vc_empty_space height=&#8220;20px&#8220;][\/vc_column][\/vc_row][vc_row][vc_column][vc_column_text]<\/p>\n<h1>Der Weltladen Saarbr\u00fccken l\u00e4dt Sie ein auf eine Entdeckungsreise durch die Welt<\/h1>\n<h2>Hochwertiger Kaffee aus Lateinamerika und Afrika, Kakao und Schokolade aus Ghana, Tee aus Indien, Gew\u00fcrze aus Sri Lanka, Wein aus S\u00fcdafrika, N\u00fcsse aus Bolivien \u2026.<\/h2>\n<p><img loading=\"lazy\" decoding=\"async\" class=\"size-medium wp-image-595 alignleft\" src=\"https:\/\/weltlaeden.de\/saarbruecken\/wp-content\/uploads\/sites\/96\/2021\/11\/IMG_4400-300x225.jpg\" alt=\"\" width=\"300\" height=\"225\" srcset=\"https:\/\/weltlaeden.de\/saarbruecken\/wp-content\/uploads\/sites\/96\/2021\/11\/IMG_4400-300x225.jpg 300w, https:\/\/weltlaeden.de\/saarbruecken\/wp-content\/uploads\/sites\/96\/2021\/11\/IMG_4400-768x576.jpg 768w, https:\/\/weltlaeden.de\/saarbruecken\/wp-content\/uploads\/sites\/96\/2021\/11\/IMG_4400-1024x768.jpg 1024w, https:\/\/weltlaeden.de\/saarbruecken\/wp-content\/uploads\/sites\/96\/2021\/11\/IMG_4400.jpg 1920w\" sizes=\"auto, (max-width: 300px) 100vw, 300px\" \/>Dazu attraktiver Silberschmuck, schicke Taschen, modische Textilien, Korbwaren, bunte H\u00e4ngematte, Spielzeug, K\u00fcchenutensilien, eine gro\u00dfe Auswahl an Klangschalen \u2026..<\/p>\n<p>All unsere Produkte stammen aus fairem Handel, viele auch aus Bioanbau. Sie werden unter menschenw\u00fcrdigen Bedingungen hergestellt, die ihren Erzeugerinnen und Erzeugern eine eigenst\u00e4ndige Existenz erm\u00f6glichen. Sie haben ein h\u00f6heres Einkommen, so dass unter anderem ihre Kinder die Schule besuchen k\u00f6nnen statt mitzuarbeiten.<\/p>\n<h1>\u00d6ffnungszeiten:<\/h1>\n<h2>Unser Weltladen befindet sich in der N\u00e4he des St. Johanner Marktes in der Ev. Kirch-Stra\u00dfe 8\/ Ecke Kronenstra\u00dfe<\/h2>\n<h2>Montag &#8211; Freitag: 10 &#8211; 18<\/h2>\n<h2>Samstag:\u00a0 \u00a0 \u00a0 \u00a0 \u00a0 \u00a0 \u00a0 \u00a010 &#8211; 15 Uhr<\/h2>\n<h2><\/h2>\n<h2>Wir freuen uns auf Sie.<\/h2>\n<h2><\/h2>\n<h1 style=\"text-align: left\"><img loading=\"lazy\" decoding=\"async\" class=\"wp-image-454 alignleft\" src=\"https:\/\/weltlaeden.de\/saarbruecken\/wp-content\/uploads\/sites\/96\/2019\/09\/Weltladen_innen_klein_400-300x200.jpg\" alt=\"\" width=\"313\" height=\"208\" srcset=\"https:\/\/weltlaeden.de\/saarbruecken\/wp-content\/uploads\/sites\/96\/2019\/09\/Weltladen_innen_klein_400-300x200.jpg 300w, https:\/\/weltlaeden.de\/saarbruecken\/wp-content\/uploads\/sites\/96\/2019\/09\/Weltladen_innen_klein_400.jpg 400w\" sizes=\"auto, (max-width: 313px) 100vw, 313px\" \/><\/h1>\n<p>[\/vc_column_text][vc_column_text]Der Weltladen wird seit 1990 vom Verein Kreuz des S\u00fcdens e.V. getragen. Ziel des Vereins ist es, auf die ungleiche Verteilung des Reichtums auf dieser Erde aufmerksam zu machen: mit Bildungsarbeit in Schulen oder Kinderg\u00e4rten, Kampagnen oder kulturellen Veranstaltungen.<\/p>\n<p>Der Betrieb des Weltladens ist nur durch seine vielen ehrenamtlichen Mitarbeiterinnen und Mitarbeiter m\u00f6glich. Sie garantieren \u00d6ffnungszeiten, wie im Einzelhandel \u00fcblich, organisieren den Einkauf, die \u00d6ffentlichkeitsarbeit und vieles mehr. Jeden Monat treffen wir uns in der Ladenversammlung, um uns auszutauschen und weiterzubilden. Hier werden auch aktuelle Themen, die unsere Arbeit betreffen, besprochen.<\/p>\n<p>Wir freuen uns, wenn Sie sich uns anschlie\u00dfen.[\/vc_column_text][vc_empty_space height=&#8220;30px&#8220;][\/vc_column][\/vc_row][vc_row][vc_column][vc_column_text]<\/p>\n<h2>Was Sie auf dieser Website finden:<\/h2>\n<p>[\/vc_column_text][vc_empty_space height=&#8220;20px&#8220;][vc_row_inner][vc_column_inner width=&#8220;1\/4&#8243;]<div class=\"wl_einzelbild\"><p><img loading=\"lazy\" decoding=\"async\" class=\"alignleft size-thumbnail wp-image-nsm-3-15\" src=\"https:\/\/weltlaeden.de\/saarbruecken\/wp-content\/uploads\/sites\/3\/2016\/11\/FairerHandel_ElPuente_Fingerpuppen_EccoExe_Peru-150x150.jpg\" alt=\"\" width=\"150\" height=\"150\" \/><\/p><\/div>[\/vc_column_inner][vc_column_inner width=&#8220;3\/4&#8243;][vc_column_text]<\/p>\n<h3>Fairer Handel<\/h3>\n<p>Was meint Fairer Handel \u00fcberhaupt? Welche Kriterien m\u00fcssen eingehalten werden und wer \u00fcberpr\u00fcft diese? <a href=\"https:\/\/weltlaeden.de\/saarbruecken\/fairer-handel\/\">Erfahren Sie mehr &#8230;<\/a>[\/vc_column_text][\/vc_column_inner][\/vc_row_inner][vc_separator][vc_row_inner][vc_column_inner width=&#8220;1\/4&#8243;]<div class=\"wl_einzelbild\"><p><img loading=\"lazy\" decoding=\"async\" class=\"alignleft size-full wp-image-nsm-3-28\" src=\"https:\/\/weltlaeden.de\/saarbruecken\/wp-content\/uploads\/sites\/3\/2018\/05\/Lebensmittel_WL-Bornheim-Christian-Schilling_150x150.jpg\" alt=\"\" width=\"150\" height=\"150\" \/><\/p><\/div>[\/vc_column_inner][vc_column_inner width=&#8220;3\/4&#8243;][vc_column_text]<\/p>\n<h3>Produkte<\/h3>\n<p>Unsere Produkte im Weltladen sind nat\u00fcrlich alle aus Fairem Handel, dennoch kommen sie von unterschiedlichen Fair-Handels-Importeuren. <a href=\"https:\/\/weltlaeden.de\/saarbruecken\/produkte\/\">Hier zeigen wir Ihnen unser Sortiment &#8230;<\/a>[\/vc_column_text][\/vc_column_inner][\/vc_row_inner][vc_separator][vc_row_inner][vc_column_inner width=&#8220;1\/4&#8243;]<div class=\"wl_einzelbild\"><p><img loading=\"lazy\" decoding=\"async\" class=\"alignleft size-thumbnail wp-image-nsm-3-16\" src=\"https:\/\/weltlaeden.de\/saarbruecken\/wp-content\/uploads\/sites\/3\/2016\/11\/ElPuente_Kakaobohnen_El-Ceibo_Bolivien-150x150.jpg\" alt=\"\" width=\"150\" height=\"150\" \/><\/p><\/div>[\/vc_column_inner][vc_column_inner width=&#8220;3\/4&#8243;][vc_column_text]<\/p>\n<h3>\u00dcber uns<\/h3>\n<p>Wer wir sind, warum wir uns f\u00fcr Fairen Handel engagieren und wie man bei uns mitmachen kann &#8211; <a href=\"https:\/\/weltlaeden.de\/saarbruecken\/ueber-uns\/\">hier stellen wir uns vor &#8230;<\/a>[\/vc_column_text][\/vc_column_inner][\/vc_row_inner][vc_separator][vc_row_inner][vc_column_inner width=&#8220;1\/4&#8243;]<div class=\"wl_einzelbild\"><p><img loading=\"lazy\" decoding=\"async\" class=\"alignleft size-full wp-image-nsm-3-35\" src=\"https:\/\/weltlaeden.de\/saarbruecken\/wp-content\/uploads\/sites\/3\/2018\/08\/pocket-watch-1637396_1920_150x150.png\" alt=\"\" width=\"150\" height=\"150\" \/><\/p><\/div>[\/vc_column_inner][vc_column_inner width=&#8220;3\/4&#8243;][vc_column_text]<\/p>\n<h3>Termine<\/h3>\n<p>Bei uns ist immer etwas los! Wir treffen uns regelm\u00e4\u00dfig zu Teamsitzungen und Fortbildungen, organisieren aber auch immer mal wieder eine Veranstaltung zum Fairen Handel und verwandten Themen. <a href=\"https:\/\/weltlaeden.de\/saarbruecken\/termine\/\">Hier erfahren Sie was bei uns los ist \u2026<\/a><br \/>\n[\/vc_column_text][\/vc_column_inner][\/vc_row_inner][vc_separator][vc_empty_space][\/vc_column][\/vc_row][vc_row][vc_column][vc_column_text]<\/p>\n<h2><\/h2>\n<div>\n<p>&nbsp;<\/p>\n<\/div>\n<p>[\/vc_column_text]<section class=\"items-grid wf-container\"><div class=\"wf-cell wf-1-2\"><article class=\"post-format-standard\"><div class=\"mini-post-img\"><a class=\"alignleft post-rollover no-avatar\" href=\"https:\/\/weltlaeden.de\/saarbruecken\/weltladen-kreuz-des-suedens-erhaelt-den-freiheitspreis-der-evangelischen-kirche-an-der-saar\/\"  style=\"width:60px; height: 60px;\" aria-label=\"Post image\"><\/a><\/div><div class=\"post-content\"><a href=\"https:\/\/weltlaeden.de\/saarbruecken\/weltladen-kreuz-des-suedens-erhaelt-den-freiheitspreis-der-evangelischen-kirche-an-der-saar\/\">Weltladen Kreuz des S\u00fcdens  erh\u00e4lt den Freiheitspreis der Evangelischen Kirche an der Saar<\/a><br \/><time class=\"text-secondary\" datetime=\"2023-11-17T15:18:47+01:00\">17. November 2023<\/time><\/div><\/article><\/div><\/section><a href=\"https:\/\/weltlaeden.de\/saarbruecken\/neuigkeiten\" class=\"btn-shortcode dt-btn-s dt-btn default-btn-color default-btn-hover-color default-btn-bg-color default-btn-bg-hover-color\" target=\"_blank\" id=\"dt-btn-1\" rel=\"noopener\"><span>Alle Neuigkeiten<\/span><\/a>[\/vc_column][\/vc_row][vc_row][vc_column][\/vc_column][\/vc_row][vc_row][vc_column][\/vc_column][\/vc_row][vc_row][vc_column][\/vc_column][\/vc_row]<\/p>\n<\/div>","protected":false},"excerpt":{"rendered":"<p>[vc_row][vc_column][vc_empty_space height=&#8220;20px&#8220;][\/vc_column][\/vc_row][vc_row][vc_column][vc_column_text] Der Weltladen Saarbr\u00fccken l\u00e4dt Sie ein auf eine Entdeckungsreise durch die Welt Hochwertiger Kaffee aus Lateinamerika und Afrika, Kakao und Schokolade aus Ghana, Tee aus Indien, Gew\u00fcrze aus Sri Lanka, Wein aus S\u00fcdafrika, N\u00fcsse aus Bolivien \u2026. Dazu attraktiver Silberschmuck, schicke Taschen, modische Textilien, Korbwaren, bunte H\u00e4ngematte, Spielzeug, K\u00fcchenutensilien, eine gro\u00dfe Auswahl an&hellip;<\/p>\n","protected":false},"author":1,"featured_media":0,"parent":0,"menu_order":6,"comment_status":"closed","ping_status":"closed","template":"","meta":{"footnotes":""},"class_list":["post-20","page","type-page","status-publish","hentry","description-off"],"yoast_head":"<!-- This site is optimized with the Yoast SEO plugin v26.8 - https:\/\/yoast.com\/product\/yoast-seo-wordpress\/ -->\n<title>Weltladen Saarbr\u00fccken - Weltladen Saarbr\u00fccken<\/title>\n<meta name=\"robots\" content=\"index, follow, max-snippet:-1, max-image-preview:large, max-video-preview:-1\" \/>\n<link rel=\"canonical\" href=\"https:\/\/weltlaeden.de\/saarbruecken\/weltladen-saarbruecken\/\" \/>\n<meta property=\"og:locale\" content=\"de_DE\" \/>\n<meta property=\"og:type\" content=\"article\" \/>\n<meta property=\"og:title\" content=\"Weltladen Saarbr\u00fccken - Weltladen Saarbr\u00fccken\" \/>\n<meta property=\"og:description\" content=\"[vc_row][vc_column][vc_empty_space height=&#8220;20px&#8220;][\/vc_column][\/vc_row][vc_row][vc_column][vc_column_text] Der Weltladen Saarbr\u00fccken l\u00e4dt Sie ein auf eine Entdeckungsreise durch die Welt Hochwertiger Kaffee aus Lateinamerika und Afrika, Kakao und Schokolade aus Ghana, Tee aus Indien, Gew\u00fcrze aus Sri Lanka, Wein aus S\u00fcdafrika, N\u00fcsse aus Bolivien \u2026. Dazu attraktiver Silberschmuck, schicke Taschen, modische Textilien, Korbwaren, bunte H\u00e4ngematte, Spielzeug, K\u00fcchenutensilien, eine gro\u00dfe Auswahl an&hellip;\" \/>\n<meta property=\"og:url\" content=\"https:\/\/weltlaeden.de\/saarbruecken\/weltladen-saarbruecken\/\" \/>\n<meta property=\"og:site_name\" content=\"Weltladen Saarbr\u00fccken\" \/>\n<meta property=\"article:modified_time\" content=\"2025-05-10T10:05:46+00:00\" \/>\n<meta property=\"og:image\" content=\"https:\/\/weltlaeden.de\/saarbruecken\/wp-content\/uploads\/sites\/96\/2021\/11\/IMG_4400.jpg\" \/>\n\t<meta property=\"og:image:width\" content=\"1920\" \/>\n\t<meta property=\"og:image:height\" content=\"1440\" \/>\n\t<meta property=\"og:image:type\" content=\"image\/jpeg\" \/>\n<meta name=\"twitter:card\" content=\"summary_large_image\" \/>\n<meta name=\"twitter:label1\" content=\"Gesch\u00e4tzte Lesezeit\" \/>\n\t<meta name=\"twitter:data1\" content=\"3\u00a0Minuten\" \/>\n<script type=\"application\/ld+json\" class=\"yoast-schema-graph\">{\"@context\":\"https:\/\/schema.org\",\"@graph\":[{\"@type\":\"WebPage\",\"@id\":\"https:\/\/weltlaeden.de\/saarbruecken\/weltladen-saarbruecken\/\",\"url\":\"https:\/\/weltlaeden.de\/saarbruecken\/weltladen-saarbruecken\/\",\"name\":\"Weltladen Saarbr\u00fccken - Weltladen Saarbr\u00fccken\",\"isPartOf\":{\"@id\":\"https:\/\/weltlaeden.de\/saarbruecken\/#website\"},\"primaryImageOfPage\":{\"@id\":\"https:\/\/weltlaeden.de\/saarbruecken\/weltladen-saarbruecken\/#primaryimage\"},\"image\":{\"@id\":\"https:\/\/weltlaeden.de\/saarbruecken\/weltladen-saarbruecken\/#primaryimage\"},\"thumbnailUrl\":\"https:\/\/weltlaeden.de\/saarbruecken\/wp-content\/uploads\/sites\/96\/2021\/11\/IMG_4400-300x225.jpg\",\"datePublished\":\"2020-03-17T08:05:06+00:00\",\"dateModified\":\"2025-05-10T10:05:46+00:00\",\"breadcrumb\":{\"@id\":\"https:\/\/weltlaeden.de\/saarbruecken\/weltladen-saarbruecken\/#breadcrumb\"},\"inLanguage\":\"de\",\"potentialAction\":[{\"@type\":\"ReadAction\",\"target\":[\"https:\/\/weltlaeden.de\/saarbruecken\/weltladen-saarbruecken\/\"]}]},{\"@type\":\"ImageObject\",\"inLanguage\":\"de\",\"@id\":\"https:\/\/weltlaeden.de\/saarbruecken\/weltladen-saarbruecken\/#primaryimage\",\"url\":\"https:\/\/weltlaeden.de\/saarbruecken\/wp-content\/uploads\/sites\/96\/2021\/11\/IMG_4400.jpg\",\"contentUrl\":\"https:\/\/weltlaeden.de\/saarbruecken\/wp-content\/uploads\/sites\/96\/2021\/11\/IMG_4400.jpg\",\"width\":1920,\"height\":1440},{\"@type\":\"BreadcrumbList\",\"@id\":\"https:\/\/weltlaeden.de\/saarbruecken\/weltladen-saarbruecken\/#breadcrumb\",\"itemListElement\":[{\"@type\":\"ListItem\",\"position\":1,\"name\":\"Startseite\",\"item\":\"https:\/\/weltlaeden.de\/saarbruecken\/\"},{\"@type\":\"ListItem\",\"position\":2,\"name\":\"Weltladen Saarbr\u00fccken\"}]},{\"@type\":\"WebSite\",\"@id\":\"https:\/\/weltlaeden.de\/saarbruecken\/#website\",\"url\":\"https:\/\/weltlaeden.de\/saarbruecken\/\",\"name\":\"Weltladen Saarbr\u00fccken\",\"description\":\"Faire Produkte seit 1990\",\"potentialAction\":[{\"@type\":\"SearchAction\",\"target\":{\"@type\":\"EntryPoint\",\"urlTemplate\":\"https:\/\/weltlaeden.de\/saarbruecken\/?s={search_term_string}\"},\"query-input\":{\"@type\":\"PropertyValueSpecification\",\"valueRequired\":true,\"valueName\":\"search_term_string\"}}],\"inLanguage\":\"de\"}]}<\/script>\n<!-- \/ Yoast SEO plugin. -->","yoast_head_json":{"title":"Weltladen Saarbr\u00fccken - Weltladen Saarbr\u00fccken","robots":{"index":"index","follow":"follow","max-snippet":"max-snippet:-1","max-image-preview":"max-image-preview:large","max-video-preview":"max-video-preview:-1"},"canonical":"https:\/\/weltlaeden.de\/saarbruecken\/weltladen-saarbruecken\/","og_locale":"de_DE","og_type":"article","og_title":"Weltladen Saarbr\u00fccken - Weltladen Saarbr\u00fccken","og_description":"[vc_row][vc_column][vc_empty_space height=&#8220;20px&#8220;][\/vc_column][\/vc_row][vc_row][vc_column][vc_column_text] Der Weltladen Saarbr\u00fccken l\u00e4dt Sie ein auf eine Entdeckungsreise durch die Welt Hochwertiger Kaffee aus Lateinamerika und Afrika, Kakao und Schokolade aus Ghana, Tee aus Indien, Gew\u00fcrze aus Sri Lanka, Wein aus S\u00fcdafrika, N\u00fcsse aus Bolivien \u2026. Dazu attraktiver Silberschmuck, schicke Taschen, modische Textilien, Korbwaren, bunte H\u00e4ngematte, Spielzeug, K\u00fcchenutensilien, eine gro\u00dfe Auswahl an&hellip;","og_url":"https:\/\/weltlaeden.de\/saarbruecken\/weltladen-saarbruecken\/","og_site_name":"Weltladen Saarbr\u00fccken","article_modified_time":"2025-05-10T10:05:46+00:00","og_image":[{"width":1920,"height":1440,"url":"https:\/\/weltlaeden.de\/saarbruecken\/wp-content\/uploads\/sites\/96\/2021\/11\/IMG_4400.jpg","type":"image\/jpeg"}],"twitter_card":"summary_large_image","twitter_misc":{"Gesch\u00e4tzte Lesezeit":"3\u00a0Minuten"},"schema":{"@context":"https:\/\/schema.org","@graph":[{"@type":"WebPage","@id":"https:\/\/weltlaeden.de\/saarbruecken\/weltladen-saarbruecken\/","url":"https:\/\/weltlaeden.de\/saarbruecken\/weltladen-saarbruecken\/","name":"Weltladen Saarbr\u00fccken - Weltladen Saarbr\u00fccken","isPartOf":{"@id":"https:\/\/weltlaeden.de\/saarbruecken\/#website"},"primaryImageOfPage":{"@id":"https:\/\/weltlaeden.de\/saarbruecken\/weltladen-saarbruecken\/#primaryimage"},"image":{"@id":"https:\/\/weltlaeden.de\/saarbruecken\/weltladen-saarbruecken\/#primaryimage"},"thumbnailUrl":"https:\/\/weltlaeden.de\/saarbruecken\/wp-content\/uploads\/sites\/96\/2021\/11\/IMG_4400-300x225.jpg","datePublished":"2020-03-17T08:05:06+00:00","dateModified":"2025-05-10T10:05:46+00:00","breadcrumb":{"@id":"https:\/\/weltlaeden.de\/saarbruecken\/weltladen-saarbruecken\/#breadcrumb"},"inLanguage":"de","potentialAction":[{"@type":"ReadAction","target":["https:\/\/weltlaeden.de\/saarbruecken\/weltladen-saarbruecken\/"]}]},{"@type":"ImageObject","inLanguage":"de","@id":"https:\/\/weltlaeden.de\/saarbruecken\/weltladen-saarbruecken\/#primaryimage","url":"https:\/\/weltlaeden.de\/saarbruecken\/wp-content\/uploads\/sites\/96\/2021\/11\/IMG_4400.jpg","contentUrl":"https:\/\/weltlaeden.de\/saarbruecken\/wp-content\/uploads\/sites\/96\/2021\/11\/IMG_4400.jpg","width":1920,"height":1440},{"@type":"BreadcrumbList","@id":"https:\/\/weltlaeden.de\/saarbruecken\/weltladen-saarbruecken\/#breadcrumb","itemListElement":[{"@type":"ListItem","position":1,"name":"Startseite","item":"https:\/\/weltlaeden.de\/saarbruecken\/"},{"@type":"ListItem","position":2,"name":"Weltladen Saarbr\u00fccken"}]},{"@type":"WebSite","@id":"https:\/\/weltlaeden.de\/saarbruecken\/#website","url":"https:\/\/weltlaeden.de\/saarbruecken\/","name":"Weltladen Saarbr\u00fccken","description":"Faire Produkte seit 1990","potentialAction":[{"@type":"SearchAction","target":{"@type":"EntryPoint","urlTemplate":"https:\/\/weltlaeden.de\/saarbruecken\/?s={search_term_string}"},"query-input":{"@type":"PropertyValueSpecification","valueRequired":true,"valueName":"search_term_string"}}],"inLanguage":"de"}]}},"_links":{"self":[{"href":"https:\/\/weltlaeden.de\/saarbruecken\/wp-json\/wp\/v2\/pages\/20","targetHints":{"allow":["GET"]}}],"collection":[{"href":"https:\/\/weltlaeden.de\/saarbruecken\/wp-json\/wp\/v2\/pages"}],"about":[{"href":"https:\/\/weltlaeden.de\/saarbruecken\/wp-json\/wp\/v2\/types\/page"}],"author":[{"embeddable":true,"href":"https:\/\/weltlaeden.de\/saarbruecken\/wp-json\/wp\/v2\/users\/1"}],"replies":[{"embeddable":true,"href":"https:\/\/weltlaeden.de\/saarbruecken\/wp-json\/wp\/v2\/comments?post=20"}],"version-history":[{"count":82,"href":"https:\/\/weltlaeden.de\/saarbruecken\/wp-json\/wp\/v2\/pages\/20\/revisions"}],"predecessor-version":[{"id":876,"href":"https:\/\/weltlaeden.de\/saarbruecken\/wp-json\/wp\/v2\/pages\/20\/revisions\/876"}],"wp:attachment":[{"href":"https:\/\/weltlaeden.de\/saarbruecken\/wp-json\/wp\/v2\/media?parent=20"}],"curies":[{"name":"wp","href":"https:\/\/api.w.org\/{rel}","templated":true}]}}