{"id":361,"date":"2018-04-05T09:52:53","date_gmt":"2018-04-05T07:52:53","guid":{"rendered":"https:\/\/weltlaeden.de\/s-vaihingen\/?page_id=361"},"modified":"2025-06-23T21:40:07","modified_gmt":"2025-06-23T19:40:07","slug":"produkt-infos","status":"publish","type":"page","link":"https:\/\/weltlaeden.de\/s-vaihingen\/produkt-infos\/","title":{"rendered":"Info"},"content":{"rendered":"<div class=\"wpb-content-wrapper\"><p>[vc_row][vc_column][vc_column_text css=&#8220;&#8220;]<\/p>\n<h1>Info<\/h1>\n<p>[\/vc_column_text]<style type=\"text\/css\" data-type=\"the7_shortcodes-inline-css\">.blog-shortcode.blog-masonry-shortcode-id-619a3c9b8a7ede2e122ac85cf8b67672.dividers-on.classic-layout-list article {\n  padding-top: 0;\n}\n.blog-shortcode.blog-masonry-shortcode-id-619a3c9b8a7ede2e122ac85cf8b67672.dividers-on.classic-layout-list article:first-of-type {\n  margin-top: 0;\n  padding-top: 0;\n}\n.blog-shortcode.blog-masonry-shortcode-id-619a3c9b8a7ede2e122ac85cf8b67672.classic-layout-list.mode-list .post-entry-content {\n  width: calc(100% - );\n}\n.blog-shortcode.blog-masonry-shortcode-id-619a3c9b8a7ede2e122ac85cf8b67672.classic-layout-list.mode-list .no-img .post-entry-content {\n  width: 100%;\n}\n.blog-shortcode.blog-masonry-shortcode-id-619a3c9b8a7ede2e122ac85cf8b67672 .filter-bg-decoration .filter-categories a.act {\n  color: #fff;\n}\n.blog-shortcode.blog-masonry-shortcode-id-619a3c9b8a7ede2e122ac85cf8b67672:not(.mode-masonry) article:first-of-type,\n.blog-shortcode.blog-masonry-shortcode-id-619a3c9b8a7ede2e122ac85cf8b67672:not(.mode-masonry) article.visible.first:not(.product) {\n  margin-top: 0;\n}\n.blog-shortcode.blog-masonry-shortcode-id-619a3c9b8a7ede2e122ac85cf8b67672.dividers-on:not(.mode-masonry) article {\n  margin-top: 0;\n}\n.blog-shortcode.blog-masonry-shortcode-id-619a3c9b8a7ede2e122ac85cf8b67672.dividers-on:not(.mode-masonry) article:first-of-type,\n.blog-shortcode.blog-masonry-shortcode-id-619a3c9b8a7ede2e122ac85cf8b67672.dividers-on:not(.mode-masonry) article.visible.first:not(.product) {\n  margin-top: 0;\n  padding-top: 0;\n}\n.blog-shortcode.blog-masonry-shortcode-id-619a3c9b8a7ede2e122ac85cf8b67672 .post-thumbnail-wrap {\n  padding: 0px 0px 0px 0px;\n}\n.blog-shortcode.blog-masonry-shortcode-id-619a3c9b8a7ede2e122ac85cf8b67672.enable-bg-rollover .post-thumbnail-rollover:after {\n  background: -webkit-linear-gradient();\n  background: linear-gradient();\n}\n.blog-shortcode.blog-masonry-shortcode-id-619a3c9b8a7ede2e122ac85cf8b67672 .gallery-zoom-ico {\n  width: 44px;\n  height: 44px;\n  line-height: 44px;\n  border-radius: 100px;\n  margin: -22px 0 0 -22px;\n  border-width: 0px;\n  color: #ffffff;\n}\n.bottom-overlap-layout-list.blog-shortcode.blog-masonry-shortcode-id-619a3c9b8a7ede2e122ac85cf8b67672 .gallery-zoom-ico {\n  margin-top: -72px;\n}\n.gradient-overlay-layout-list.blog-shortcode.blog-masonry-shortcode-id-619a3c9b8a7ede2e122ac85cf8b67672 .gallery-zoom-ico,\n.content-rollover-layout-list.blog-shortcode.blog-masonry-shortcode-id-619a3c9b8a7ede2e122ac85cf8b67672 .gallery-zoom-ico {\n  margin: 0 0 10px;\n}\n.content-align-center.gradient-overlay-layout-list.blog-shortcode.blog-masonry-shortcode-id-619a3c9b8a7ede2e122ac85cf8b67672 .gallery-zoom-ico,\n.content-align-center.content-rollover-layout-list.blog-shortcode.blog-masonry-shortcode-id-619a3c9b8a7ede2e122ac85cf8b67672 .gallery-zoom-ico {\n  margin: 0 auto 10px;\n}\n.dt-icon-bg-on.blog-shortcode.blog-masonry-shortcode-id-619a3c9b8a7ede2e122ac85cf8b67672 .gallery-zoom-ico {\n  background: rgba(255,255,255,0.3);\n  box-shadow: none;\n}\n.blog-shortcode.blog-masonry-shortcode-id-619a3c9b8a7ede2e122ac85cf8b67672 .gallery-zoom-ico > span,\n.blog-shortcode.blog-masonry-shortcode-id-619a3c9b8a7ede2e122ac85cf8b67672 .gallery-zoom-ico:before {\n  font-size: 32px;\n  line-height: 44px;\n}\n.blog-shortcode.blog-masonry-shortcode-id-619a3c9b8a7ede2e122ac85cf8b67672 .gallery-zoom-ico > span,\n.blog-shortcode.blog-masonry-shortcode-id-619a3c9b8a7ede2e122ac85cf8b67672 .gallery-zoom-ico:before {\n  color: #ffffff;\n}\n.blog-shortcode.blog-masonry-shortcode-id-619a3c9b8a7ede2e122ac85cf8b67672 .entry-title,\n.blog-shortcode.blog-masonry-shortcode-id-619a3c9b8a7ede2e122ac85cf8b67672.owl-carousel .entry-title {\n  margin-bottom: 5px;\n  font-weight: bold;\n}\n.blog-shortcode.blog-masonry-shortcode-id-619a3c9b8a7ede2e122ac85cf8b67672 .entry-meta {\n  margin-bottom: 15px;\n}\n.blog-shortcode.blog-masonry-shortcode-id-619a3c9b8a7ede2e122ac85cf8b67672 .portfolio-categories {\n  margin-bottom: 15px;\n}\n.blog-shortcode.blog-masonry-shortcode-id-619a3c9b8a7ede2e122ac85cf8b67672 .entry-excerpt {\n  margin-bottom: 5px;\n}\n.blog-shortcode.blog-masonry-shortcode-id-619a3c9b8a7ede2e122ac85cf8b67672:not(.centered-layout-list) .post-entry-content {\n  padding: 25px 30px 30px 30px;\n}\n.blog-shortcode.blog-masonry-shortcode-id-619a3c9b8a7ede2e122ac85cf8b67672:not(.centered-layout-list):not(.content-bg-on):not(.mode-list) .no-img .post-entry-content {\n  padding: 0;\n}\n@media screen and (max-width: ) {\n  .blog-shortcode.blog-masonry-shortcode-id-619a3c9b8a7ede2e122ac85cf8b67672 article {\n    -ms-flex-flow: column nowrap;\n    flex-flow: column nowrap;\n    margin-top: 20px;\n  }\n  .blog-shortcode.blog-masonry-shortcode-id-619a3c9b8a7ede2e122ac85cf8b67672.dividers-on article {\n    border: none;\n  }\n  .blog-shortcode.blog-masonry-shortcode-id-619a3c9b8a7ede2e122ac85cf8b67672.content-bg-on.centered-layout-list article {\n    padding: 0;\n  }\n  .blog-shortcode.blog-masonry-shortcode-id-619a3c9b8a7ede2e122ac85cf8b67672.blog-shortcode.dividers-on article,\n  .blog-shortcode.blog-masonry-shortcode-id-619a3c9b8a7ede2e122ac85cf8b67672.dividers-on.classic-layout-list article {\n    margin-top: 20px;\n    padding: 0;\n  }\n  .blog-shortcode.blog-masonry-shortcode-id-619a3c9b8a7ede2e122ac85cf8b67672.blog-shortcode.dividers-on article:first-of-type,\n  .blog-shortcode.blog-masonry-shortcode-id-619a3c9b8a7ede2e122ac85cf8b67672.dividers-on.classic-layout-list article:first-of-type {\n    padding: 0;\n  }\n  #page .blog-shortcode.blog-masonry-shortcode-id-619a3c9b8a7ede2e122ac85cf8b67672 .post-thumbnail-wrap,\n  #page .blog-shortcode.blog-masonry-shortcode-id-619a3c9b8a7ede2e122ac85cf8b67672 .post-entry-content {\n    width: 100%;\n    margin: 0;\n    top: 0;\n  }\n  #page .blog-shortcode.blog-masonry-shortcode-id-619a3c9b8a7ede2e122ac85cf8b67672 .post-thumbnail-wrap {\n    padding: 0;\n  }\n  #page .blog-shortcode.blog-masonry-shortcode-id-619a3c9b8a7ede2e122ac85cf8b67672 .post-entry-content:after {\n    display: none;\n  }\n  #page .blog-shortcode.blog-masonry-shortcode-id-619a3c9b8a7ede2e122ac85cf8b67672 .project-even .post-thumbnail-wrap,\n  #page .blog-shortcode.blog-masonry-shortcode-id-619a3c9b8a7ede2e122ac85cf8b67672.centered-layout-list .post-thumbnail-wrap {\n    -ms-flex-order: 0;\n    order: 0;\n  }\n  #page .blog-shortcode.blog-masonry-shortcode-id-619a3c9b8a7ede2e122ac85cf8b67672.centered-layout-list .post-entry-title-content {\n    -ms-flex-order: 1;\n    order: 1;\n    width: 100%;\n    padding: 20px 20px 0;\n  }\n  #page .blog-shortcode.blog-masonry-shortcode-id-619a3c9b8a7ede2e122ac85cf8b67672.centered-layout-list .post-entry-content {\n    -ms-flex-order: 2;\n    order: 2;\n    padding-top: 0;\n  }\n  #page .blog-shortcode.blog-masonry-shortcode-id-619a3c9b8a7ede2e122ac85cf8b67672 .fancy-categories {\n    top: 10px;\n    left: 10px;\n    bottom: auto;\n    right: auto;\n  }\n  #page .blog-shortcode.blog-masonry-shortcode-id-619a3c9b8a7ede2e122ac85cf8b67672 .fancy-date a {\n    top: 10px;\n    right: 10px;\n    left: auto;\n    bottom: auto;\n  }\n  #page .blog-shortcode.blog-masonry-shortcode-id-619a3c9b8a7ede2e122ac85cf8b67672 .post-entry-content {\n    padding: 20px;\n  }\n  #page .blog-shortcode.blog-masonry-shortcode-id-619a3c9b8a7ede2e122ac85cf8b67672 .entry-title {\n    margin: 3px 0 5px;\n    font-size: 20px;\n    line-height: 26px;\n  }\n  #page .blog-shortcode.blog-masonry-shortcode-id-619a3c9b8a7ede2e122ac85cf8b67672 .entry-meta {\n    margin: 5px 0 5px;\n  }\n  #page .blog-shortcode.blog-masonry-shortcode-id-619a3c9b8a7ede2e122ac85cf8b67672 .entry-excerpt {\n    margin: 15px 0 0;\n  }\n  #page .blog-shortcode.blog-masonry-shortcode-id-619a3c9b8a7ede2e122ac85cf8b67672 .post-details {\n    margin: 5px 0 10px;\n  }\n  #page .blog-shortcode.blog-masonry-shortcode-id-619a3c9b8a7ede2e122ac85cf8b67672 .post-details.details-type-link {\n    margin-bottom: 2px;\n  }\n}<\/style><div class=\"blog-shortcode blog-masonry-shortcode-id-619a3c9b8a7ede2e122ac85cf8b67672 mode-masonry classic-layout-list content-bg-on scale-img dt-icon-bg-off resize-by-browser-width loading-effect-none description-under-image \" data-padding=\"15px\" data-cur-page=\"1\" data-post-limit=\"-1\" data-pagination-mode=\"pages\" data-desktop-columns-num=\"2\" data-v-tablet-columns-num=\"1\" data-h-tablet-columns-num=\"2\" data-phone-columns-num=\"1\" data-width=\"0px\" data-columns=\"0\"><div class=\"iso-container\" ><div class=\"visible wf-cell iso-item\" data-post-id=\"2016\" data-date=\"2025-10-19T23:23:41+02:00\" data-name=\"Der Weltladen in der Schule\"><article class=\"post project-odd visible post-2016 type-post status-publish format-standard has-post-thumbnail hentry category-allgemein category-1\" data-name=\"Der Weltladen in der Schule\" data-date=\"2025-10-19T23:23:41+02:00\">\n\n<div class=\"post-thumbnail-wrap\">\n\t<div class=\"post-thumbnail\">\n\t\t\n\t\t\n\t\t<a href=\"https:\/\/weltlaeden.de\/s-vaihingen\/der-weltladen-in-der-schule\/\" class=\"post-thumbnail-rollover layzr-bg layzr-bg\" ><img fetchpriority=\"high\" decoding=\"async\" class=\"iso-lazy-load preload-me iso-lazy-load aspect\" src=\"data:image\/svg+xml,%3Csvg%20xmlns%3D&#39;http%3A%2F%2Fwww.w3.org%2F2000%2Fsvg&#39;%20viewBox%3D&#39;0%200%20744%20496&#39;%2F%3E\" data-src=\"https:\/\/weltlaeden.de\/s-vaihingen\/wp-content\/uploads\/sites\/90\/2025\/10\/schulen21-1-744x496.jpg\" data-srcset=\"https:\/\/weltlaeden.de\/s-vaihingen\/wp-content\/uploads\/sites\/90\/2025\/10\/schulen21-1-744x496.jpg 744w\" loading=\"eager\" style=\"--ratio: 744 \/ 496\" sizes=\"(max-width: 744px) 100vw, 744px\" alt=\"\" title=\"schulen21\" width=\"744\" height=\"496\"  \/><\/a>\t<\/div>\n<\/div>\n\n\n<div class=\"post-entry-content\">\n\n\t<h3 class=\"entry-title\">\n\t\t<a href=\"https:\/\/weltlaeden.de\/s-vaihingen\/der-weltladen-in-der-schule\/\" title=\"Der Weltladen in der Schule\" rel=\"bookmark\">Der Weltladen in der Schule<\/a>\n\t<\/h3>\n\n\t<div class=\"entry-meta\"><a href=\"https:\/\/weltlaeden.de\/s-vaihingen\/2025\/10\/19\/\" title=\"23:23\" class=\"data-link\" rel=\"bookmark\"><time class=\"entry-date updated\" datetime=\"2025-10-19T23:23:41+02:00\">19. Oktober 2025<\/time><\/a><\/div>\n\t<div class=\"entry-excerpt\"><p>[vc_row][vc_column][vc_column_text css=&#8220;&#8220;]\u201eSchokoladenunterricht\u201c in Grundschulen Die Idee war bestechend: Wir unterrichten Kinder am Beispiel von Schokolade \u00fcber die Idee des fairen Handels. Drei Mitarbeiterinnen des Weltladens erarbeiteten einen Unterrichtsplan \u00fcber eine Doppelstunde und boten dieses Konzept den Rektor*innen der Vaihinger Grundschulen an. Inzwischen haben wir an 3 Grundschulen jeweils mehrere Klassen unterrichtet. In den F\u00e4chern Religion&hellip;<\/p>\n<\/div>\n\t\n<a href=\"https:\/\/weltlaeden.de\/s-vaihingen\/der-weltladen-in-der-schule\/\" class=\"dt-btn-s dt-btn post-details details-type-btn\" aria-label=\"Read more about Der Weltladen in der Schule\">Weiterlesen<i class=\"dt-icon-the7-arrow-03\" aria-hidden=\"true\"><\/i><\/a>\n\n<\/div><\/article><\/div><div class=\"visible wf-cell iso-item\" data-post-id=\"1031\" data-date=\"2025-04-27T15:10:33+02:00\" data-name=\"Frische Mangos aus Burkina Faso\"><article class=\"post project-odd visible post-1031 type-post status-publish format-standard has-post-thumbnail hentry category-produkt-infos category-8\" data-name=\"Frische Mangos aus Burkina Faso\" data-date=\"2025-04-27T15:10:33+02:00\">\n\n<div class=\"post-thumbnail-wrap\">\n\t<div class=\"post-thumbnail\">\n\t\t\n\t\t\n\t\t<a href=\"https:\/\/weltlaeden.de\/s-vaihingen\/frische-mangos-aus-burkina-faso\/\" class=\"post-thumbnail-rollover layzr-bg layzr-bg\" ><img decoding=\"async\" class=\"iso-lazy-load preload-me iso-lazy-load aspect\" src=\"data:image\/svg+xml,%3Csvg%20xmlns%3D&#39;http%3A%2F%2Fwww.w3.org%2F2000%2Fsvg&#39;%20viewBox%3D&#39;0%200%20550%20366&#39;%2F%3E\" data-src=\"https:\/\/weltlaeden.de\/s-vaihingen\/wp-content\/uploads\/sites\/90\/2020\/04\/Mangokiste-e1619210482790-550x366.jpg\" data-srcset=\"https:\/\/weltlaeden.de\/s-vaihingen\/wp-content\/uploads\/sites\/90\/2020\/04\/Mangokiste-e1619210482790-550x366.jpg 550w\" loading=\"eager\" style=\"--ratio: 550 \/ 366\" sizes=\"(max-width: 550px) 100vw, 550px\" alt=\"\" title=\"Mangokiste\" width=\"550\" height=\"366\"  \/><\/a>\t<\/div>\n<\/div>\n\n\n<div class=\"post-entry-content\">\n\n\t<h3 class=\"entry-title\">\n\t\t<a href=\"https:\/\/weltlaeden.de\/s-vaihingen\/frische-mangos-aus-burkina-faso\/\" title=\"Frische Mangos aus Burkina Faso\" rel=\"bookmark\">Frische Mangos aus Burkina Faso<\/a>\n\t<\/h3>\n\n\t<div class=\"entry-meta\"><a href=\"https:\/\/weltlaeden.de\/s-vaihingen\/2025\/04\/27\/\" title=\"15:10\" class=\"data-link\" rel=\"bookmark\"><time class=\"entry-date updated\" datetime=\"2025-04-27T15:10:33+02:00\">27. April 2025<\/time><\/a><\/div>\n\t<div class=\"entry-excerpt\"><p>Auch in diesem Jahr gab es wieder Mangos: immerhin 130 Kisten. Die Empf\u00e4nger:innen unseres Newsletters wurden so fr\u00fchzeitig wie m\u00f6glich (sobald wir Bescheid bekommen hatten) informiert. Ein guter Grund, sich anzumelden, oder? Die Mangos kamen auch in diesem Jahr wieder vom &#8222;Hilfsfonds f\u00fcr Burkina Faso Westafrika e. V.&#8220;. Warum? Schon das Leitmotiv des Hilfsfonds \u00fcberzeugt:&hellip;<\/p>\n<\/div>\n\t\n<a href=\"https:\/\/weltlaeden.de\/s-vaihingen\/frische-mangos-aus-burkina-faso\/\" class=\"dt-btn-s dt-btn post-details details-type-btn\" aria-label=\"Read more about Frische Mangos aus Burkina Faso\">Weiterlesen<i class=\"dt-icon-the7-arrow-03\" aria-hidden=\"true\"><\/i><\/a>\n\n<\/div><\/article><\/div><div class=\"visible wf-cell iso-item\" data-post-id=\"2040\" data-date=\"2025-03-29T22:52:31+01:00\" data-name=\"Filmabend 2025: Decolonize Chocolate 2\"><article class=\"post project-odd visible post-2040 type-post status-publish format-standard has-post-thumbnail hentry category-allgemein category-1\" data-name=\"Filmabend 2025: Decolonize Chocolate 2\" data-date=\"2025-03-29T22:52:31+01:00\">\n\n<div class=\"post-thumbnail-wrap\">\n\t<div class=\"post-thumbnail\">\n\t\t\n\t\t\n\t\t<a href=\"https:\/\/weltlaeden.de\/s-vaihingen\/filmabend-2025-decolonize-chocolate-2\/\" class=\"post-thumbnail-rollover layzr-bg layzr-bg\" ><img decoding=\"async\" class=\"iso-lazy-load preload-me iso-lazy-load aspect\" src=\"data:image\/svg+xml,%3Csvg%20xmlns%3D&#39;http%3A%2F%2Fwww.w3.org%2F2000%2Fsvg&#39;%20viewBox%3D&#39;0%200%20768%20512&#39;%2F%3E\" data-src=\"https:\/\/weltlaeden.de\/s-vaihingen\/wp-content\/uploads\/sites\/90\/2025\/11\/Plakat_decolonize-choclat-1-klein-768x512.jpg\" data-srcset=\"https:\/\/weltlaeden.de\/s-vaihingen\/wp-content\/uploads\/sites\/90\/2025\/11\/Plakat_decolonize-choclat-1-klein-768x512.jpg 768w, https:\/\/weltlaeden.de\/s-vaihingen\/wp-content\/uploads\/sites\/90\/2025\/11\/Plakat_decolonize-choclat-1-klein-1152x768.jpg 1152w\" loading=\"eager\" style=\"--ratio: 768 \/ 512\" sizes=\"(max-width: 768px) 100vw, 768px\" alt=\"\" title=\"Plakat_decolonize-choclat-1-klein\" width=\"768\" height=\"512\"  \/><\/a>\t<\/div>\n<\/div>\n\n\n<div class=\"post-entry-content\">\n\n\t<h3 class=\"entry-title\">\n\t\t<a href=\"https:\/\/weltlaeden.de\/s-vaihingen\/filmabend-2025-decolonize-chocolate-2\/\" title=\"Filmabend 2025: Decolonize Chocolate 2\" rel=\"bookmark\">Filmabend 2025: Decolonize Chocolate 2<\/a>\n\t<\/h3>\n\n\t<div class=\"entry-meta\"><a href=\"https:\/\/weltlaeden.de\/s-vaihingen\/2025\/03\/29\/\" title=\"22:52\" class=\"data-link\" rel=\"bookmark\"><time class=\"entry-date updated\" datetime=\"2025-03-29T22:52:31+01:00\">29. M\u00e4rz 2025<\/time><\/a><\/div>\n\t<div class=\"entry-excerpt\"><p>[vc_row][vc_column][vc_column_text css=&#8220;&#8220;]Dieser Film ist eine Dokumentation vom Bau der ersten Bio-Schokoladenfabrik in Ghana\/Westafrika und der Er\u00f6ffnung einer Chocolaterie Schule durch fairafric. Damit m\u00f6chte fairafric ein Zeichen setzen: Es ist m\u00f6glich, die Wertsch\u00f6pfung zur\u00fcck ins Ursprungsland zu bringen. Es ist m\u00f6glich, ein bestehendes System zu ver\u00e4ndern. Es ist m\u00f6glich, eine Fabrik im l\u00e4ndlichen Ghana zu bauen&hellip;<\/p>\n<\/div>\n\t\n<a href=\"https:\/\/weltlaeden.de\/s-vaihingen\/filmabend-2025-decolonize-chocolate-2\/\" class=\"dt-btn-s dt-btn post-details details-type-btn\" aria-label=\"Read more about Filmabend 2025: Decolonize Chocolate 2\">Weiterlesen<i class=\"dt-icon-the7-arrow-03\" aria-hidden=\"true\"><\/i><\/a>\n\n<\/div><\/article><\/div><div class=\"visible wf-cell iso-item\" data-post-id=\"1873\" data-date=\"2025-03-04T00:12:24+01:00\" data-name=\"Soziale Medien?\"><article class=\"post project-odd visible post-1873 type-post status-publish format-standard has-post-thumbnail hentry category-allgemein category-1\" data-name=\"Soziale Medien?\" data-date=\"2025-03-04T00:12:24+01:00\">\n\n<div class=\"post-thumbnail-wrap\">\n\t<div class=\"post-thumbnail\">\n\t\t\n\t\t\n\t\t<a href=\"https:\/\/weltlaeden.de\/s-vaihingen\/soziale-medien\/\" class=\"post-thumbnail-rollover layzr-bg layzr-bg\" ><img decoding=\"async\" class=\"iso-lazy-load preload-me iso-lazy-load aspect\" src=\"data:image\/svg+xml,%3Csvg%20xmlns%3D&#39;http%3A%2F%2Fwww.w3.org%2F2000%2Fsvg&#39;%20viewBox%3D&#39;0%200%20768%20512&#39;%2F%3E\" data-src=\"https:\/\/weltlaeden.de\/s-vaihingen\/wp-content\/uploads\/sites\/90\/2025\/03\/fake-news-768x512.png\" data-srcset=\"https:\/\/weltlaeden.de\/s-vaihingen\/wp-content\/uploads\/sites\/90\/2025\/03\/fake-news-768x512.png 768w, https:\/\/weltlaeden.de\/s-vaihingen\/wp-content\/uploads\/sites\/90\/2025\/03\/fake-news-1152x768.png 1152w\" loading=\"eager\" style=\"--ratio: 768 \/ 512\" sizes=\"(max-width: 768px) 100vw, 768px\" alt=\"\" title=\"fake-news\" width=\"768\" height=\"512\"  \/><\/a>\t<\/div>\n<\/div>\n\n\n<div class=\"post-entry-content\">\n\n\t<h3 class=\"entry-title\">\n\t\t<a href=\"https:\/\/weltlaeden.de\/s-vaihingen\/soziale-medien\/\" title=\"Soziale Medien?\" rel=\"bookmark\">Soziale Medien?<\/a>\n\t<\/h3>\n\n\t<div class=\"entry-meta\"><a href=\"https:\/\/weltlaeden.de\/s-vaihingen\/2025\/03\/04\/\" title=\"0:12\" class=\"data-link\" rel=\"bookmark\"><time class=\"entry-date updated\" datetime=\"2025-03-04T00:12:24+01:00\">4. M\u00e4rz 2025<\/time><\/a><\/div>\n\t<div class=\"entry-excerpt\"><p>Wir geben es ja zu: wir waren nie zu Hause auf Facebook und Instagram. Jetzt aber haben wir uns entschlossen, diese sogenannten sozialen Medien zu verlassen. Jetzt haben sich wohl alle US-Medien-Milliard\u00e4re dem Pr\u00e4sidenten &#8222;unterworfen&#8220;, die Freiheit in den Medien soll bedeuten, dass einerseits jede L\u00fcge verbreitet werden darf, andererseits aber nichts, was den\/dem Herrschenden&hellip;<\/p>\n<\/div>\n\t\n<a href=\"https:\/\/weltlaeden.de\/s-vaihingen\/soziale-medien\/\" class=\"dt-btn-s dt-btn post-details details-type-btn\" aria-label=\"Read more about Soziale Medien?\">Weiterlesen<i class=\"dt-icon-the7-arrow-03\" aria-hidden=\"true\"><\/i><\/a>\n\n<\/div><\/article><\/div><div class=\"visible wf-cell iso-item\" data-post-id=\"1805\" data-date=\"2024-04-22T14:06:24+02:00\" data-name=\"Europ\u00e4ischer Weltladentag am Samstag, 11.05.24: F\u00fcr Klimasch\u00e4den Verantwortung \u00fcbernehmen\"><article class=\"post project-odd visible post-1805 type-post status-publish format-standard has-post-thumbnail hentry category-allgemein category-1\" data-name=\"Europ\u00e4ischer Weltladentag am Samstag, 11.05.24: F\u00fcr Klimasch\u00e4den Verantwortung \u00fcbernehmen\" data-date=\"2024-04-22T14:06:24+02:00\">\n\n<div class=\"post-thumbnail-wrap\">\n\t<div class=\"post-thumbnail\">\n\t\t\n\t\t\n\t\t<a href=\"https:\/\/weltlaeden.de\/s-vaihingen\/europaeischer-weltladentag-am-samstag-11-05-24-fuer-klimaschaeden-verantwortung-uebernehmen\/\" class=\"post-thumbnail-rollover layzr-bg layzr-bg\" ><img decoding=\"async\" class=\"iso-lazy-load preload-me iso-lazy-load aspect\" src=\"data:image\/svg+xml,%3Csvg%20xmlns%3D&#39;http%3A%2F%2Fwww.w3.org%2F2000%2Fsvg&#39;%20viewBox%3D&#39;0%200%20768%20512&#39;%2F%3E\" data-src=\"https:\/\/weltlaeden.de\/s-vaihingen\/wp-content\/uploads\/sites\/90\/2024\/04\/WL-Tag-2024-768x512.png\" data-srcset=\"https:\/\/weltlaeden.de\/s-vaihingen\/wp-content\/uploads\/sites\/90\/2024\/04\/WL-Tag-2024-768x512.png 768w, https:\/\/weltlaeden.de\/s-vaihingen\/wp-content\/uploads\/sites\/90\/2024\/04\/WL-Tag-2024.png 1012w\" loading=\"eager\" style=\"--ratio: 768 \/ 512\" sizes=\"(max-width: 768px) 100vw, 768px\" alt=\"\" title=\"WL-Tag-2024\" width=\"768\" height=\"512\"  \/><\/a>\t<\/div>\n<\/div>\n\n\n<div class=\"post-entry-content\">\n\n\t<h3 class=\"entry-title\">\n\t\t<a href=\"https:\/\/weltlaeden.de\/s-vaihingen\/europaeischer-weltladentag-am-samstag-11-05-24-fuer-klimaschaeden-verantwortung-uebernehmen\/\" title=\"Europ\u00e4ischer Weltladentag am Samstag, 11.05.24: F\u00fcr Klimasch\u00e4den Verantwortung \u00fcbernehmen\" rel=\"bookmark\">Europ\u00e4ischer Weltladentag am Samstag, 11.05.24: F\u00fcr Klimasch\u00e4den Verantwortung \u00fcbernehmen<\/a>\n\t<\/h3>\n\n\t<div class=\"entry-meta\"><a href=\"https:\/\/weltlaeden.de\/s-vaihingen\/2024\/04\/22\/\" title=\"14:06\" class=\"data-link\" rel=\"bookmark\"><time class=\"entry-date updated\" datetime=\"2024-04-22T14:06:24+02:00\">22. April 2024<\/time><\/a><\/div>\n\t<div class=\"entry-excerpt\"><p>Was ist eigentlich der europ\u00e4ische Weltladentag? Es ist der Tag, an dem europaweit die Aufmerksamkeit auf die Arbeit von Fair-Trade-Organisationen und die Notwendigkeit eines gerechteren Handelssystems auf internationaler Ebene gelenkt werden soll. Der Tag soll das Bewusstsein der \u00d6ffentlichkeit f\u00fcr die Auswirkungen des Handels auf benachteiligte Gemeinschaften und Umweltprobleme sch\u00e4rfen. Und es wird in jedem&hellip;<\/p>\n<\/div>\n\t\n<a href=\"https:\/\/weltlaeden.de\/s-vaihingen\/europaeischer-weltladentag-am-samstag-11-05-24-fuer-klimaschaeden-verantwortung-uebernehmen\/\" class=\"dt-btn-s dt-btn post-details details-type-btn\" aria-label=\"Read more about Europ\u00e4ischer Weltladentag am Samstag, 11.05.24: F\u00fcr Klimasch\u00e4den Verantwortung \u00fcbernehmen\">Weiterlesen<i class=\"dt-icon-the7-arrow-03\" aria-hidden=\"true\"><\/i><\/a>\n\n<\/div><\/article><\/div><div class=\"visible wf-cell iso-item\" data-post-id=\"2034\" data-date=\"2024-04-13T22:46:14+02:00\" data-name=\"Filmabend 2024: Duty of Care\"><article class=\"post project-odd visible post-2034 type-post status-publish format-standard has-post-thumbnail hentry category-allgemein category-1\" data-name=\"Filmabend 2024: Duty of Care\" data-date=\"2024-04-13T22:46:14+02:00\">\n\n<div class=\"post-thumbnail-wrap\">\n\t<div class=\"post-thumbnail\">\n\t\t\n\t\t\n\t\t<a href=\"https:\/\/weltlaeden.de\/s-vaihingen\/filmabend-2024-duty-of-care\/\" class=\"post-thumbnail-rollover layzr-bg layzr-bg\" ><img decoding=\"async\" class=\"iso-lazy-load preload-me iso-lazy-load aspect\" src=\"data:image\/svg+xml,%3Csvg%20xmlns%3D&#39;http%3A%2F%2Fwww.w3.org%2F2000%2Fsvg&#39;%20viewBox%3D&#39;0%200%20671%20447&#39;%2F%3E\" data-src=\"https:\/\/weltlaeden.de\/s-vaihingen\/wp-content\/uploads\/sites\/90\/2025\/11\/Duty-of-Care-671x447.png\" data-srcset=\"https:\/\/weltlaeden.de\/s-vaihingen\/wp-content\/uploads\/sites\/90\/2025\/11\/Duty-of-Care-671x447.png 671w\" loading=\"eager\" style=\"--ratio: 671 \/ 447\" sizes=\"(max-width: 671px) 100vw, 671px\" alt=\"\" title=\"Duty-of-Care\" width=\"671\" height=\"447\"  \/><\/a>\t<\/div>\n<\/div>\n\n\n<div class=\"post-entry-content\">\n\n\t<h3 class=\"entry-title\">\n\t\t<a href=\"https:\/\/weltlaeden.de\/s-vaihingen\/filmabend-2024-duty-of-care\/\" title=\"Filmabend 2024: Duty of Care\" rel=\"bookmark\">Filmabend 2024: Duty of Care<\/a>\n\t<\/h3>\n\n\t<div class=\"entry-meta\"><a href=\"https:\/\/weltlaeden.de\/s-vaihingen\/2024\/04\/13\/\" title=\"22:46\" class=\"data-link\" rel=\"bookmark\"><time class=\"entry-date updated\" datetime=\"2024-04-13T22:46:14+02:00\">13. April 2024<\/time><\/a><\/div>\n\t<div class=\"entry-excerpt\"><p>[vc_row][vc_column][vc_column_text css=&#8220;&#8220;]Im Jahr 2024 war unser Thema der Klimawandel. Der Film zeigte sehr eindrucksvoll, wie mit Hilfe der Justiz gegen die Klimakatastrophe angek\u00e4mpft werden kann. Unternehmen und Regierungen k\u00f6nnen so gezwungen werden, den CO2-Ausstoss drastisch zu reduzieren. Im Anschluss an den Film wurden die\u00a0Auswirkungen des Klimawandels und die Reaktionen darauf am Beispiel Kaffee geschildert. Dipl.-Biol.&hellip;<\/p>\n<\/div>\n\t\n<a href=\"https:\/\/weltlaeden.de\/s-vaihingen\/filmabend-2024-duty-of-care\/\" class=\"dt-btn-s dt-btn post-details details-type-btn\" aria-label=\"Read more about Filmabend 2024: Duty of Care\">Weiterlesen<i class=\"dt-icon-the7-arrow-03\" aria-hidden=\"true\"><\/i><\/a>\n\n<\/div><\/article><\/div><div class=\"visible wf-cell iso-item\" data-post-id=\"1711\" data-date=\"2023-09-17T16:37:26+02:00\" data-name=\"50 Jahre Weltl\u00e4den (in Stuttgart)\"><article class=\"post project-odd visible post-1711 type-post status-publish format-standard has-post-thumbnail hentry category-allgemein category-1\" data-name=\"50 Jahre Weltl\u00e4den (in Stuttgart)\" data-date=\"2023-09-17T16:37:26+02:00\">\n\n<div class=\"post-thumbnail-wrap\">\n\t<div class=\"post-thumbnail\">\n\t\t\n\t\t\n\t\t<a href=\"https:\/\/weltlaeden.de\/s-vaihingen\/50-jahre-weltlaeden-in-stuttgart\/\" class=\"post-thumbnail-rollover layzr-bg layzr-bg\" ><img decoding=\"async\" class=\"iso-lazy-load preload-me iso-lazy-load aspect\" src=\"data:image\/svg+xml,%3Csvg%20xmlns%3D&#39;http%3A%2F%2Fwww.w3.org%2F2000%2Fsvg&#39;%20viewBox%3D&#39;0%200%20600%20400&#39;%2F%3E\" data-src=\"https:\/\/weltlaeden.de\/s-vaihingen\/wp-content\/uploads\/sites\/90\/2023\/09\/WL_50Jahre_orange_MK-quadrat-600x400.png\" data-srcset=\"https:\/\/weltlaeden.de\/s-vaihingen\/wp-content\/uploads\/sites\/90\/2023\/09\/WL_50Jahre_orange_MK-quadrat-600x400.png 600w\" loading=\"eager\" style=\"--ratio: 600 \/ 400\" sizes=\"(max-width: 600px) 100vw, 600px\" alt=\"\" title=\"WL_50Jahre_orange_MK-quadrat\" width=\"600\" height=\"400\"  \/><\/a>\t<\/div>\n<\/div>\n\n\n<div class=\"post-entry-content\">\n\n\t<h3 class=\"entry-title\">\n\t\t<a href=\"https:\/\/weltlaeden.de\/s-vaihingen\/50-jahre-weltlaeden-in-stuttgart\/\" title=\"50 Jahre Weltl\u00e4den (in Stuttgart)\" rel=\"bookmark\">50 Jahre Weltl\u00e4den (in Stuttgart)<\/a>\n\t<\/h3>\n\n\t<div class=\"entry-meta\"><a href=\"https:\/\/weltlaeden.de\/s-vaihingen\/2023\/09\/17\/\" title=\"16:37\" class=\"data-link\" rel=\"bookmark\"><time class=\"entry-date updated\" datetime=\"2023-09-17T16:37:26+02:00\">17. September 2023<\/time><\/a><\/div>\n\t<div class=\"entry-excerpt\"><p>Der erste Weltladen in Deutschland wurde vor 50 Jahren in Stuttgart gegr\u00fcndet, in der Blumenstra\u00dfe. Im Lauf der folgenden Jahrzehnte wurden daraus in Stuttgart 8 und in ganz Deutschland etwa 900. Geblieben ist die Idee, Gerechtigkeit im Welthandel zu erreichen und die Produzent:innen im Globalen S\u00fcden nicht als Empf\u00e4nger:innen von Almosen zu betrachten, sondern ihnen&hellip;<\/p>\n<\/div>\n\t\n<a href=\"https:\/\/weltlaeden.de\/s-vaihingen\/50-jahre-weltlaeden-in-stuttgart\/\" class=\"dt-btn-s dt-btn post-details details-type-btn\" aria-label=\"Read more about 50 Jahre Weltl\u00e4den (in Stuttgart)\">Weiterlesen<i class=\"dt-icon-the7-arrow-03\" aria-hidden=\"true\"><\/i><\/a>\n\n<\/div><\/article><\/div><div class=\"visible wf-cell iso-item\" data-post-id=\"1694\" data-date=\"2023-03-16T18:01:12+01:00\" data-name=\"Filmabend 2023 ein voller Erfolg\"><article class=\"post project-odd visible post-1694 type-post status-publish format-standard has-post-thumbnail hentry category-allgemein category-1\" data-name=\"Filmabend 2023 ein voller Erfolg\" data-date=\"2023-03-16T18:01:12+01:00\">\n\n<div class=\"post-thumbnail-wrap\">\n\t<div class=\"post-thumbnail\">\n\t\t\n\t\t\n\t\t<a href=\"https:\/\/weltlaeden.de\/s-vaihingen\/1694-2\/\" class=\"post-thumbnail-rollover layzr-bg layzr-bg\" ><img decoding=\"async\" class=\"iso-lazy-load preload-me iso-lazy-load aspect\" src=\"data:image\/svg+xml,%3Csvg%20xmlns%3D&#39;http%3A%2F%2Fwww.w3.org%2F2000%2Fsvg&#39;%20viewBox%3D&#39;0%200%20768%20512&#39;%2F%3E\" data-src=\"https:\/\/weltlaeden.de\/s-vaihingen\/wp-content\/uploads\/sites\/90\/2023\/02\/fastfashion-small-768x512.jpg\" data-srcset=\"https:\/\/weltlaeden.de\/s-vaihingen\/wp-content\/uploads\/sites\/90\/2023\/02\/fastfashion-small-768x512.jpg 768w, https:\/\/weltlaeden.de\/s-vaihingen\/wp-content\/uploads\/sites\/90\/2023\/02\/fastfashion-small-1152x768.jpg 1152w\" loading=\"eager\" style=\"--ratio: 768 \/ 512\" sizes=\"(max-width: 768px) 100vw, 768px\" alt=\"\" title=\"fastfashion-small\" width=\"768\" height=\"512\"  \/><\/a>\t<\/div>\n<\/div>\n\n\n<div class=\"post-entry-content\">\n\n\t<h3 class=\"entry-title\">\n\t\t<a href=\"https:\/\/weltlaeden.de\/s-vaihingen\/1694-2\/\" title=\"Filmabend 2023 ein voller Erfolg\" rel=\"bookmark\">Filmabend 2023 ein voller Erfolg<\/a>\n\t<\/h3>\n\n\t<div class=\"entry-meta\"><a href=\"https:\/\/weltlaeden.de\/s-vaihingen\/2023\/03\/16\/\" title=\"18:01\" class=\"data-link\" rel=\"bookmark\"><time class=\"entry-date updated\" datetime=\"2023-03-16T18:01:12+01:00\">16. M\u00e4rz 2023<\/time><\/a><\/div>\n\t<div class=\"entry-excerpt\"><p>Die Fairtrade Steuerungsgruppe und der Weltladen in Vaihingen zeigten am 07. M\u00e4rz 2023 vor mehr als 50 Besucher:innen in der Alten Kelter den Film \u201eFAST FASHION \u2013 DIE DUNKLE WELT DER BILLIGMODE\u201c Der Film war sehr eindr\u00fccklich, zeigte auch \u00dcberraschendes wie die Textilproduktion in Leicester (UK) in heruntergekommenen Bauten aus der Jahrzehnte zur\u00fcck liegenden Zeit,&hellip;<\/p>\n<\/div>\n\t\n<a href=\"https:\/\/weltlaeden.de\/s-vaihingen\/1694-2\/\" class=\"dt-btn-s dt-btn post-details details-type-btn\" aria-label=\"Read more about Filmabend 2023 ein voller Erfolg\">Weiterlesen<i class=\"dt-icon-the7-arrow-03\" aria-hidden=\"true\"><\/i><\/a>\n\n<\/div><\/article><\/div><div class=\"visible wf-cell iso-item\" data-post-id=\"1637\" data-date=\"2022-07-25T10:55:56+02:00\" data-name=\"Weltladentag 2022\"><article class=\"post project-odd visible post-1637 type-post status-publish format-standard has-post-thumbnail hentry category-allgemein category-1\" data-name=\"Weltladentag 2022\" data-date=\"2022-07-25T10:55:56+02:00\">\n\n<div class=\"post-thumbnail-wrap\">\n\t<div class=\"post-thumbnail\">\n\t\t\n\t\t\n\t\t<a href=\"https:\/\/weltlaeden.de\/s-vaihingen\/weltladentag-2022\/\" class=\"post-thumbnail-rollover layzr-bg layzr-bg\" ><img decoding=\"async\" class=\"iso-lazy-load preload-me iso-lazy-load aspect\" src=\"data:image\/svg+xml,%3Csvg%20xmlns%3D&#39;http%3A%2F%2Fwww.w3.org%2F2000%2Fsvg&#39;%20viewBox%3D&#39;0%200%20768%20512&#39;%2F%3E\" data-src=\"https:\/\/weltlaeden.de\/s-vaihingen\/wp-content\/uploads\/sites\/90\/2022\/04\/Weltladentag-klein-scaled-e1652045866197-768x512.jpg\" data-srcset=\"https:\/\/weltlaeden.de\/s-vaihingen\/wp-content\/uploads\/sites\/90\/2022\/04\/Weltladentag-klein-scaled-e1652045866197-768x512.jpg 768w, https:\/\/weltlaeden.de\/s-vaihingen\/wp-content\/uploads\/sites\/90\/2022\/04\/Weltladentag-klein-scaled-e1652045866197-1152x768.jpg 1152w\" loading=\"eager\" style=\"--ratio: 768 \/ 512\" sizes=\"(max-width: 768px) 100vw, 768px\" alt=\"\" title=\"Weltladentag-klein\" width=\"768\" height=\"512\"  \/><\/a>\t<\/div>\n<\/div>\n\n\n<div class=\"post-entry-content\">\n\n\t<h3 class=\"entry-title\">\n\t\t<a href=\"https:\/\/weltlaeden.de\/s-vaihingen\/weltladentag-2022\/\" title=\"Weltladentag 2022\" rel=\"bookmark\">Weltladentag 2022<\/a>\n\t<\/h3>\n\n\t<div class=\"entry-meta\"><a href=\"https:\/\/weltlaeden.de\/s-vaihingen\/2022\/07\/25\/\" title=\"10:55\" class=\"data-link\" rel=\"bookmark\"><time class=\"entry-date updated\" datetime=\"2022-07-25T10:55:56+02:00\">25. Juli 2022<\/time><\/a><\/div>\n\t<div class=\"entry-excerpt\"><p>Der europ\u00e4ische Weltladentag 2022 stand unter der \u00dcberschrift M\u00c4CHTIG unfair Die Weltladenbewegung m\u00f6chte erreichen, dass Dumping-Preise, die nicht einmal die Produktionskosten decken, verboten werden! Stattdessen braucht es endlich eine gerechte Verteilung der Gewinne entlang der Lieferkette und existenzsichernde Einkommen weltweit. Weitere Informationen hierzu finden Sie auf der Seite des Weltladen-Dachverbandes.<\/p>\n<\/div>\n\t\n<a href=\"https:\/\/weltlaeden.de\/s-vaihingen\/weltladentag-2022\/\" class=\"dt-btn-s dt-btn post-details details-type-btn\" aria-label=\"Read more about Weltladentag 2022\">Weiterlesen<i class=\"dt-icon-the7-arrow-03\" aria-hidden=\"true\"><\/i><\/a>\n\n<\/div><\/article><\/div><div class=\"visible wf-cell iso-item\" data-post-id=\"1577\" data-date=\"2022-04-17T22:35:33+02:00\" data-name=\"Renovierung - Revitalisierung\"><article class=\"post project-odd visible post-1577 type-post status-publish format-standard has-post-thumbnail hentry category-allgemein category-1\" data-name=\"Renovierung &#8211; Revitalisierung\" data-date=\"2022-04-17T22:35:33+02:00\">\n\n<div class=\"post-thumbnail-wrap\">\n\t<div class=\"post-thumbnail\">\n\t\t\n\t\t\n\t\t<a href=\"https:\/\/weltlaeden.de\/s-vaihingen\/renovierung-revitalisierung\/\" class=\"post-thumbnail-rollover layzr-bg layzr-bg\" ><img decoding=\"async\" class=\"iso-lazy-load preload-me iso-lazy-load aspect\" src=\"data:image\/svg+xml,%3Csvg%20xmlns%3D&#39;http%3A%2F%2Fwww.w3.org%2F2000%2Fsvg&#39;%20viewBox%3D&#39;0%200%20657%20438&#39;%2F%3E\" data-src=\"https:\/\/weltlaeden.de\/s-vaihingen\/wp-content\/uploads\/sites\/90\/2022\/02\/220228-Ladentheke-etc-1-klein-scaled-e1646085658225-657x438.jpg\" data-srcset=\"https:\/\/weltlaeden.de\/s-vaihingen\/wp-content\/uploads\/sites\/90\/2022\/02\/220228-Ladentheke-etc-1-klein-scaled-e1646085658225-657x438.jpg 657w\" loading=\"eager\" style=\"--ratio: 657 \/ 438\" sizes=\"(max-width: 657px) 100vw, 657px\" alt=\"\" title=\"220228-Ladentheke-etc-1-klein\" width=\"657\" height=\"438\"  \/><\/a>\t<\/div>\n<\/div>\n\n\n<div class=\"post-entry-content\">\n\n\t<h3 class=\"entry-title\">\n\t\t<a href=\"https:\/\/weltlaeden.de\/s-vaihingen\/renovierung-revitalisierung\/\" title=\"Renovierung &#8211; Revitalisierung\" rel=\"bookmark\">Renovierung &#8211; Revitalisierung<\/a>\n\t<\/h3>\n\n\t<div class=\"entry-meta\"><a href=\"https:\/\/weltlaeden.de\/s-vaihingen\/2022\/04\/17\/\" title=\"22:35\" class=\"data-link\" rel=\"bookmark\"><time class=\"entry-date updated\" datetime=\"2022-04-17T22:35:33+02:00\">17. April 2022<\/time><\/a><\/div>\n\t<div class=\"entry-excerpt\"><p>Von 31. Januar bis 25. Februar 2022 war unser Weltladen zur Renovierung geschlossen. Diese Renovierung wurde im Rahmen des Programms Revitalisierung durch die Stadt Stuttgart gef\u00f6rdert. Schauen Sie vorbei \u2013 unser neues \u201eOutfit\u201c wird Ihnen bestimmt gefallen. Unsere Waren kommen noch besser zur Geltung, es ist heller, freundlicher. Lassen Sie sich gerne von den ebenso&hellip;<\/p>\n<\/div>\n\t\n<a href=\"https:\/\/weltlaeden.de\/s-vaihingen\/renovierung-revitalisierung\/\" class=\"dt-btn-s dt-btn post-details details-type-btn\" aria-label=\"Read more about Renovierung &#8211; Revitalisierung\">Weiterlesen<i class=\"dt-icon-the7-arrow-03\" aria-hidden=\"true\"><\/i><\/a>\n\n<\/div><\/article><\/div><div class=\"visible wf-cell iso-item\" data-post-id=\"1200\" data-date=\"2021-05-07T00:18:47+02:00\" data-name=\"Weltladentag 2021\"><article class=\"post project-odd visible post-1200 type-post status-publish format-standard has-post-thumbnail hentry category-produkt-infos category-8\" data-name=\"Weltladentag 2021\" data-date=\"2021-05-07T00:18:47+02:00\">\n\n<div class=\"post-thumbnail-wrap\">\n\t<div class=\"post-thumbnail\">\n\t\t\n\t\t\n\t\t<a href=\"https:\/\/weltlaeden.de\/s-vaihingen\/weltladentag-2021\/\" class=\"post-thumbnail-rollover layzr-bg layzr-bg\" ><img decoding=\"async\" class=\"iso-lazy-load preload-me iso-lazy-load aspect\" src=\"data:image\/svg+xml,%3Csvg%20xmlns%3D&#39;http%3A%2F%2Fwww.w3.org%2F2000%2Fsvg&#39;%20viewBox%3D&#39;0%200%20768%20512&#39;%2F%3E\" data-src=\"https:\/\/weltlaeden.de\/s-vaihingen\/wp-content\/uploads\/sites\/90\/2021\/05\/weltladentag-fenster-768x512.jpg\" data-srcset=\"https:\/\/weltlaeden.de\/s-vaihingen\/wp-content\/uploads\/sites\/90\/2021\/05\/weltladentag-fenster-768x512.jpg 768w, https:\/\/weltlaeden.de\/s-vaihingen\/wp-content\/uploads\/sites\/90\/2021\/05\/weltladentag-fenster-1152x768.jpg 1152w\" loading=\"eager\" style=\"--ratio: 768 \/ 512\" sizes=\"(max-width: 768px) 100vw, 768px\" alt=\"\" title=\"weltladentag-fenster\" width=\"768\" height=\"512\"  \/><\/a>\t<\/div>\n<\/div>\n\n\n<div class=\"post-entry-content\">\n\n\t<h3 class=\"entry-title\">\n\t\t<a href=\"https:\/\/weltlaeden.de\/s-vaihingen\/weltladentag-2021\/\" title=\"Weltladentag 2021\" rel=\"bookmark\">Weltladentag 2021<\/a>\n\t<\/h3>\n\n\t<div class=\"entry-meta\"><a href=\"https:\/\/weltlaeden.de\/s-vaihingen\/2021\/05\/07\/\" title=\"0:18\" class=\"data-link\" rel=\"bookmark\"><time class=\"entry-date updated\" datetime=\"2021-05-07T00:18:47+02:00\">7. Mai 2021<\/time><\/a><\/div>\n\t<div class=\"entry-excerpt\"><p>Waren und Werte Die Pandemie&#8230; die Pandemie: wir w\u00fcrden gerne mit Ihnen, unseren Kund:innen, ins Gespr\u00e4ch kommen \u00fcber den Tapetenwechsel, den die Welt braucht. Aber l\u00e4ngere Gespr\u00e4che\/Diskussionen am und im Laden sind derzeit noch schwierig. Deshalb gestalten wir ein Schaufenster, in dem wir auf einzelne Waren und die Werte, die sie f\u00fcr uns ganz besonders&hellip;<\/p>\n<\/div>\n\t\n<a href=\"https:\/\/weltlaeden.de\/s-vaihingen\/weltladentag-2021\/\" class=\"dt-btn-s dt-btn post-details details-type-btn\" aria-label=\"Read more about Weltladentag 2021\">Weiterlesen<i class=\"dt-icon-the7-arrow-03\" aria-hidden=\"true\"><\/i><\/a>\n\n<\/div><\/article><\/div><div class=\"visible wf-cell iso-item\" data-post-id=\"727\" data-date=\"2021-03-27T15:13:46+01:00\" data-name=\"Alt-Handy Aktion im Weltladen\"><article class=\"post project-odd visible post-727 type-post status-publish format-standard has-post-thumbnail hentry category-produkt-infos category-8\" data-name=\"Alt-Handy Aktion im Weltladen\" data-date=\"2021-03-27T15:13:46+01:00\">\n\n<div class=\"post-thumbnail-wrap\">\n\t<div class=\"post-thumbnail\">\n\t\t\n\t\t\n\t\t<a href=\"https:\/\/weltlaeden.de\/s-vaihingen\/alt-handy-aktion-im-weltladen\/\" class=\"post-thumbnail-rollover layzr-bg layzr-bg\" ><img decoding=\"async\" class=\"iso-lazy-load preload-me iso-lazy-load aspect\" src=\"data:image\/svg+xml,%3Csvg%20xmlns%3D&#39;http%3A%2F%2Fwww.w3.org%2F2000%2Fsvg&#39;%20viewBox%3D&#39;0%200%20711%20474&#39;%2F%3E\" data-src=\"https:\/\/weltlaeden.de\/s-vaihingen\/wp-content\/uploads\/sites\/90\/2019\/08\/BildHandyaktion-768x1024-e1620401485645-711x474.jpg\" data-srcset=\"https:\/\/weltlaeden.de\/s-vaihingen\/wp-content\/uploads\/sites\/90\/2019\/08\/BildHandyaktion-768x1024-e1620401485645-711x474.jpg 711w\" loading=\"eager\" style=\"--ratio: 711 \/ 474\" sizes=\"(max-width: 711px) 100vw, 711px\" alt=\"\" title=\"BildHandyaktion-768&#215;1024\" width=\"711\" height=\"474\"  \/><\/a>\t<\/div>\n<\/div>\n\n\n<div class=\"post-entry-content\">\n\n\t<h3 class=\"entry-title\">\n\t\t<a href=\"https:\/\/weltlaeden.de\/s-vaihingen\/alt-handy-aktion-im-weltladen\/\" title=\"Alt-Handy Aktion im Weltladen\" rel=\"bookmark\">Alt-Handy Aktion im Weltladen<\/a>\n\t<\/h3>\n\n\t<div class=\"entry-meta\"><a href=\"https:\/\/weltlaeden.de\/s-vaihingen\/2021\/03\/27\/\" title=\"15:13\" class=\"data-link\" rel=\"bookmark\"><time class=\"entry-date updated\" datetime=\"2021-03-27T15:13:46+01:00\">27. M\u00e4rz 2021<\/time><\/a><\/div>\n\t<div class=\"entry-excerpt\"><p>Alt-Handy Aktion im Weltladen \u201eDie Menschen, die die Rohstoffe f\u00fcr unsere Handys f\u00f6rdern, schuften und leiden unter h\u00e4rtesten Bedingungen. Daher ist es wichtig, so viele Rohstoffe wie m\u00f6glich wiederzuverwerten \u2013 helfen Sie mit!\u201c Haben auch Sie das eine oder andere alte Handy in der Schublade? Dann geben Sie es doch im Weltladen zum Recyceln ab.&hellip;<\/p>\n<\/div>\n\t\n<a href=\"https:\/\/weltlaeden.de\/s-vaihingen\/alt-handy-aktion-im-weltladen\/\" class=\"dt-btn-s dt-btn post-details details-type-btn\" aria-label=\"Read more about Alt-Handy Aktion im Weltladen\">Weiterlesen<i class=\"dt-icon-the7-arrow-03\" aria-hidden=\"true\"><\/i><\/a>\n\n<\/div><\/article><\/div><div class=\"visible wf-cell iso-item\" data-post-id=\"745\" data-date=\"2017-11-13T08:18:56+01:00\" data-name=\"30 Jahre Weltladen\"><article class=\"post project-odd visible post-745 type-post status-publish format-standard has-post-thumbnail hentry category-produkt-infos category-8\" data-name=\"30 Jahre Weltladen\" data-date=\"2017-11-13T08:18:56+01:00\">\n\n<div class=\"post-thumbnail-wrap\">\n\t<div class=\"post-thumbnail\">\n\t\t\n\t\t\n\t\t<a href=\"https:\/\/weltlaeden.de\/s-vaihingen\/30-jahre-weltladen\/\" class=\"post-thumbnail-rollover layzr-bg layzr-bg\" ><img decoding=\"async\" class=\"iso-lazy-load preload-me iso-lazy-load aspect\" src=\"data:image\/svg+xml,%3Csvg%20xmlns%3D&#39;http%3A%2F%2Fwww.w3.org%2F2000%2Fsvg&#39;%20viewBox%3D&#39;0%200%20768%20512&#39;%2F%3E\" data-src=\"https:\/\/weltlaeden.de\/s-vaihingen\/wp-content\/uploads\/sites\/90\/2019\/05\/Festabend2017-768x512.jpg\" data-srcset=\"https:\/\/weltlaeden.de\/s-vaihingen\/wp-content\/uploads\/sites\/90\/2019\/05\/Festabend2017-768x512.jpg 768w, https:\/\/weltlaeden.de\/s-vaihingen\/wp-content\/uploads\/sites\/90\/2019\/05\/Festabend2017-1152x768.jpg 1152w\" loading=\"eager\" style=\"--ratio: 768 \/ 512\" sizes=\"(max-width: 768px) 100vw, 768px\" alt=\"\" title=\"Festabend2017\" width=\"768\" height=\"512\"  \/><\/a>\t<\/div>\n<\/div>\n\n\n<div class=\"post-entry-content\">\n\n\t<h3 class=\"entry-title\">\n\t\t<a href=\"https:\/\/weltlaeden.de\/s-vaihingen\/30-jahre-weltladen\/\" title=\"30 Jahre Weltladen\" rel=\"bookmark\">30 Jahre Weltladen<\/a>\n\t<\/h3>\n\n\t<div class=\"entry-meta\"><a href=\"https:\/\/weltlaeden.de\/s-vaihingen\/2017\/11\/13\/\" title=\"8:18\" class=\"data-link\" rel=\"bookmark\"><time class=\"entry-date updated\" datetime=\"2017-11-13T08:18:56+01:00\">13. November 2017<\/time><\/a><\/div>\n\t<div class=\"entry-excerpt\"><p>30 Jahre Weltladen 2017 wurde der Weltladen 30 Jahre alt Wir feierten mit unseren KundInnen und MitarbeiterInnen, wir f\u00fchrten Veranstaltungen durch und Aktionen mit Unterst\u00fctzung von K\u00fcnstlern der Kultur am Kelterberg. Hier ein paar Schlaglichter. Flyer zum Jubil\u00e4um G\u00e9za Spiegel von Kultur am Kelterberg entwarf f\u00fcr uns den Programmflyer f\u00fcr die gesamten Jubi\u00e4umsaktivit\u00e4ten, vielen Dank&hellip;<\/p>\n<\/div>\n\t\n<a href=\"https:\/\/weltlaeden.de\/s-vaihingen\/30-jahre-weltladen\/\" class=\"dt-btn-s dt-btn post-details details-type-btn\" aria-label=\"Read more about 30 Jahre Weltladen\">Weiterlesen<i class=\"dt-icon-the7-arrow-03\" aria-hidden=\"true\"><\/i><\/a>\n\n<\/div><\/article><\/div><\/div><!-- iso-container|iso-grid --><\/div>[\/vc_column][\/vc_row]<\/p>\n<\/div>","protected":false},"excerpt":{"rendered":"<p>[vc_row][vc_column][vc_column_text css=&#8220;&#8220;] Info [\/vc_column_text][\/vc_column][\/vc_row]<\/p>\n","protected":false},"author":1,"featured_media":0,"parent":0,"menu_order":6,"comment_status":"closed","ping_status":"closed","template":"","meta":{"footnotes":""},"class_list":["post-361","page","type-page","status-publish","hentry","description-off"],"yoast_head":"<!-- This site is optimized with the Yoast SEO plugin v26.8 - https:\/\/yoast.com\/product\/yoast-seo-wordpress\/ -->\n<title>Info - Weltladen Stuttgart-Vaihingen<\/title>\n<meta name=\"robots\" content=\"index, follow, max-snippet:-1, max-image-preview:large, max-video-preview:-1\" \/>\n<link rel=\"canonical\" href=\"https:\/\/weltlaeden.de\/s-vaihingen\/produkt-infos\/\" \/>\n<meta property=\"og:locale\" content=\"de_DE\" \/>\n<meta property=\"og:type\" content=\"article\" \/>\n<meta property=\"og:title\" content=\"Info - Weltladen Stuttgart-Vaihingen\" \/>\n<meta property=\"og:description\" content=\"[vc_row][vc_column][vc_column_text css=&#8220;&#8220;] Info [\/vc_column_text][\/vc_column][\/vc_row]\" \/>\n<meta property=\"og:url\" content=\"https:\/\/weltlaeden.de\/s-vaihingen\/produkt-infos\/\" \/>\n<meta property=\"og:site_name\" content=\"Weltladen Stuttgart-Vaihingen\" \/>\n<meta property=\"article:publisher\" content=\"https:\/\/www.facebook.com\/weltladenstuttgartvaihingen\/\" \/>\n<meta property=\"article:modified_time\" content=\"2025-06-23T19:40:07+00:00\" \/>\n<meta name=\"twitter:card\" content=\"summary_large_image\" \/>\n<meta name=\"twitter:label1\" content=\"Gesch\u00e4tzte Lesezeit\" \/>\n\t<meta name=\"twitter:data1\" content=\"1\u00a0Minute\" \/>\n<script type=\"application\/ld+json\" class=\"yoast-schema-graph\">{\"@context\":\"https:\/\/schema.org\",\"@graph\":[{\"@type\":\"WebPage\",\"@id\":\"https:\/\/weltlaeden.de\/s-vaihingen\/produkt-infos\/\",\"url\":\"https:\/\/weltlaeden.de\/s-vaihingen\/produkt-infos\/\",\"name\":\"Info - Weltladen Stuttgart-Vaihingen\",\"isPartOf\":{\"@id\":\"https:\/\/weltlaeden.de\/s-vaihingen\/#website\"},\"datePublished\":\"2018-04-05T07:52:53+00:00\",\"dateModified\":\"2025-06-23T19:40:07+00:00\",\"breadcrumb\":{\"@id\":\"https:\/\/weltlaeden.de\/s-vaihingen\/produkt-infos\/#breadcrumb\"},\"inLanguage\":\"de\",\"potentialAction\":[{\"@type\":\"ReadAction\",\"target\":[\"https:\/\/weltlaeden.de\/s-vaihingen\/produkt-infos\/\"]}]},{\"@type\":\"BreadcrumbList\",\"@id\":\"https:\/\/weltlaeden.de\/s-vaihingen\/produkt-infos\/#breadcrumb\",\"itemListElement\":[{\"@type\":\"ListItem\",\"position\":1,\"name\":\"Startseite\",\"item\":\"https:\/\/weltlaeden.de\/s-vaihingen\/\"},{\"@type\":\"ListItem\",\"position\":2,\"name\":\"Info\"}]},{\"@type\":\"WebSite\",\"@id\":\"https:\/\/weltlaeden.de\/s-vaihingen\/#website\",\"url\":\"https:\/\/weltlaeden.de\/s-vaihingen\/\",\"name\":\"Weltladen Stuttgart-Vaihingen\",\"description\":\"Faire Produkte seit 1987\",\"publisher\":{\"@id\":\"https:\/\/weltlaeden.de\/s-vaihingen\/#organization\"},\"potentialAction\":[{\"@type\":\"SearchAction\",\"target\":{\"@type\":\"EntryPoint\",\"urlTemplate\":\"https:\/\/weltlaeden.de\/s-vaihingen\/?s={search_term_string}\"},\"query-input\":{\"@type\":\"PropertyValueSpecification\",\"valueRequired\":true,\"valueName\":\"search_term_string\"}}],\"inLanguage\":\"de\"},{\"@type\":\"Organization\",\"@id\":\"https:\/\/weltlaeden.de\/s-vaihingen\/#organization\",\"name\":\"Stuttgarter Weltladen in Vaihingen\",\"url\":\"https:\/\/weltlaeden.de\/s-vaihingen\/\",\"logo\":{\"@type\":\"ImageObject\",\"inLanguage\":\"de\",\"@id\":\"https:\/\/weltlaeden.de\/s-vaihingen\/#\/schema\/logo\/image\/\",\"url\":\"https:\/\/weltlaeden.de\/s-vaihingen\/wp-content\/uploads\/sites\/90\/2019\/04\/stuttgarter-Weltladen-in-vaihingen.jpg\",\"contentUrl\":\"https:\/\/weltlaeden.de\/s-vaihingen\/wp-content\/uploads\/sites\/90\/2019\/04\/stuttgarter-Weltladen-in-vaihingen.jpg\",\"width\":2601,\"height\":1625,\"caption\":\"Stuttgarter Weltladen in Vaihingen\"},\"image\":{\"@id\":\"https:\/\/weltlaeden.de\/s-vaihingen\/#\/schema\/logo\/image\/\"},\"sameAs\":[\"https:\/\/www.facebook.com\/weltladenstuttgartvaihingen\/\"]}]}<\/script>\n<!-- \/ Yoast SEO plugin. -->","yoast_head_json":{"title":"Info - Weltladen Stuttgart-Vaihingen","robots":{"index":"index","follow":"follow","max-snippet":"max-snippet:-1","max-image-preview":"max-image-preview:large","max-video-preview":"max-video-preview:-1"},"canonical":"https:\/\/weltlaeden.de\/s-vaihingen\/produkt-infos\/","og_locale":"de_DE","og_type":"article","og_title":"Info - Weltladen Stuttgart-Vaihingen","og_description":"[vc_row][vc_column][vc_column_text css=&#8220;&#8220;] Info [\/vc_column_text][\/vc_column][\/vc_row]","og_url":"https:\/\/weltlaeden.de\/s-vaihingen\/produkt-infos\/","og_site_name":"Weltladen Stuttgart-Vaihingen","article_publisher":"https:\/\/www.facebook.com\/weltladenstuttgartvaihingen\/","article_modified_time":"2025-06-23T19:40:07+00:00","twitter_card":"summary_large_image","twitter_misc":{"Gesch\u00e4tzte Lesezeit":"1\u00a0Minute"},"schema":{"@context":"https:\/\/schema.org","@graph":[{"@type":"WebPage","@id":"https:\/\/weltlaeden.de\/s-vaihingen\/produkt-infos\/","url":"https:\/\/weltlaeden.de\/s-vaihingen\/produkt-infos\/","name":"Info - Weltladen Stuttgart-Vaihingen","isPartOf":{"@id":"https:\/\/weltlaeden.de\/s-vaihingen\/#website"},"datePublished":"2018-04-05T07:52:53+00:00","dateModified":"2025-06-23T19:40:07+00:00","breadcrumb":{"@id":"https:\/\/weltlaeden.de\/s-vaihingen\/produkt-infos\/#breadcrumb"},"inLanguage":"de","potentialAction":[{"@type":"ReadAction","target":["https:\/\/weltlaeden.de\/s-vaihingen\/produkt-infos\/"]}]},{"@type":"BreadcrumbList","@id":"https:\/\/weltlaeden.de\/s-vaihingen\/produkt-infos\/#breadcrumb","itemListElement":[{"@type":"ListItem","position":1,"name":"Startseite","item":"https:\/\/weltlaeden.de\/s-vaihingen\/"},{"@type":"ListItem","position":2,"name":"Info"}]},{"@type":"WebSite","@id":"https:\/\/weltlaeden.de\/s-vaihingen\/#website","url":"https:\/\/weltlaeden.de\/s-vaihingen\/","name":"Weltladen Stuttgart-Vaihingen","description":"Faire Produkte seit 1987","publisher":{"@id":"https:\/\/weltlaeden.de\/s-vaihingen\/#organization"},"potentialAction":[{"@type":"SearchAction","target":{"@type":"EntryPoint","urlTemplate":"https:\/\/weltlaeden.de\/s-vaihingen\/?s={search_term_string}"},"query-input":{"@type":"PropertyValueSpecification","valueRequired":true,"valueName":"search_term_string"}}],"inLanguage":"de"},{"@type":"Organization","@id":"https:\/\/weltlaeden.de\/s-vaihingen\/#organization","name":"Stuttgarter Weltladen in Vaihingen","url":"https:\/\/weltlaeden.de\/s-vaihingen\/","logo":{"@type":"ImageObject","inLanguage":"de","@id":"https:\/\/weltlaeden.de\/s-vaihingen\/#\/schema\/logo\/image\/","url":"https:\/\/weltlaeden.de\/s-vaihingen\/wp-content\/uploads\/sites\/90\/2019\/04\/stuttgarter-Weltladen-in-vaihingen.jpg","contentUrl":"https:\/\/weltlaeden.de\/s-vaihingen\/wp-content\/uploads\/sites\/90\/2019\/04\/stuttgarter-Weltladen-in-vaihingen.jpg","width":2601,"height":1625,"caption":"Stuttgarter Weltladen in Vaihingen"},"image":{"@id":"https:\/\/weltlaeden.de\/s-vaihingen\/#\/schema\/logo\/image\/"},"sameAs":["https:\/\/www.facebook.com\/weltladenstuttgartvaihingen\/"]}]}},"_links":{"self":[{"href":"https:\/\/weltlaeden.de\/s-vaihingen\/wp-json\/wp\/v2\/pages\/361","targetHints":{"allow":["GET"]}}],"collection":[{"href":"https:\/\/weltlaeden.de\/s-vaihingen\/wp-json\/wp\/v2\/pages"}],"about":[{"href":"https:\/\/weltlaeden.de\/s-vaihingen\/wp-json\/wp\/v2\/types\/page"}],"author":[{"embeddable":true,"href":"https:\/\/weltlaeden.de\/s-vaihingen\/wp-json\/wp\/v2\/users\/1"}],"replies":[{"embeddable":true,"href":"https:\/\/weltlaeden.de\/s-vaihingen\/wp-json\/wp\/v2\/comments?post=361"}],"version-history":[{"count":12,"href":"https:\/\/weltlaeden.de\/s-vaihingen\/wp-json\/wp\/v2\/pages\/361\/revisions"}],"predecessor-version":[{"id":1926,"href":"https:\/\/weltlaeden.de\/s-vaihingen\/wp-json\/wp\/v2\/pages\/361\/revisions\/1926"}],"wp:attachment":[{"href":"https:\/\/weltlaeden.de\/s-vaihingen\/wp-json\/wp\/v2\/media?parent=361"}],"curies":[{"name":"wp","href":"https:\/\/api.w.org\/{rel}","templated":true}]}}