{"id":1361,"date":"2021-08-10T13:09:20","date_gmt":"2021-08-10T11:09:20","guid":{"rendered":"https:\/\/weltlaeden.de\/s-vaihingen\/ueber-uns-2\/"},"modified":"2025-06-23T22:07:38","modified_gmt":"2025-06-23T20:07:38","slug":"ueber-uns","status":"publish","type":"page","link":"https:\/\/weltlaeden.de\/s-vaihingen\/ueber-uns\/","title":{"rendered":"\u00dcber uns"},"content":{"rendered":"<div class=\"wpb-content-wrapper\"><p>[vc_row][vc_column][vc_column_text]<\/p>\n<h1 style=\"text-align: center\">\u00dcber uns<\/h1>\n<p>[\/vc_column_text][\/vc_column][\/vc_row][vc_row][vc_column][vc_column_text]<img loading=\"lazy\" decoding=\"async\" class=\"size-medium wp-image-1766 aligncenter\" src=\"https:\/\/weltlaeden.de\/s-vaihingen\/wp-content\/uploads\/sites\/90\/2023\/11\/4-Fotos-1-300x69.png\" alt=\"\" width=\"300\" height=\"69\" srcset=\"https:\/\/weltlaeden.de\/s-vaihingen\/wp-content\/uploads\/sites\/90\/2023\/11\/4-Fotos-1-300x69.png 300w, https:\/\/weltlaeden.de\/s-vaihingen\/wp-content\/uploads\/sites\/90\/2023\/11\/4-Fotos-1-768x176.png 768w, https:\/\/weltlaeden.de\/s-vaihingen\/wp-content\/uploads\/sites\/90\/2023\/11\/4-Fotos-1.png 943w\" sizes=\"auto, (max-width: 300px) 100vw, 300px\" \/>[\/vc_column_text][\/vc_column][\/vc_row][vc_row][vc_column][vc_empty_space height=&#8220;10px&#8220;][vc_column_text]Wir sind 22 ehrenamtliche Mitarbeiterinnen und Mitarbeiter, die sich je nach Zeit und Talent engagieren. Unsere T\u00e4tigkeitsfelder erstrecken sich \u00fcber den Verkauf, die Dekoration der Schaufenster, den Einkauf unserer Waren, den Kontakt zu den anderen Stuttgarter Weltl\u00e4den und den Dachverband sowie die Buchhaltung und die \u00d6ffentlichkeitsarbeit bis zur Mitgestaltung von Veranstaltungen und Vortr\u00e4gen.<\/p>\n<p>Hier stellen wir uns nun bildlich und ein paar von uns auch mit ihrer pers\u00f6nlichen Motivation zur Mitarbeit im Weltladen vor. Wir danken &#8222;unseren&#8220; Fotograf:innen Michael und Christina sehr herzlich daf\u00fcr, dass sie uns so ansprechend in Szene gesetzt haben.[\/vc_column_text][vc_empty_space height=&#8220;10px&#8220;][\/vc_column][\/vc_row][vc_row][vc_column width=&#8220;1\/2&#8243;][vc_column_text css=&#8220;&#8220;]<img loading=\"lazy\" decoding=\"async\" class=\"alignnone wp-image-1933 size-medium\" src=\"https:\/\/weltlaeden.de\/s-vaihingen\/wp-content\/uploads\/sites\/90\/2025\/06\/DSC_0986_komp-ConnyFabienneSigrid-richtiges-Format-300x199.jpg\" alt=\"\" width=\"300\" height=\"199\" srcset=\"https:\/\/weltlaeden.de\/s-vaihingen\/wp-content\/uploads\/sites\/90\/2025\/06\/DSC_0986_komp-ConnyFabienneSigrid-richtiges-Format-300x199.jpg 300w, https:\/\/weltlaeden.de\/s-vaihingen\/wp-content\/uploads\/sites\/90\/2025\/06\/DSC_0986_komp-ConnyFabienneSigrid-richtiges-Format-1024x679.jpg 1024w, https:\/\/weltlaeden.de\/s-vaihingen\/wp-content\/uploads\/sites\/90\/2025\/06\/DSC_0986_komp-ConnyFabienneSigrid-richtiges-Format-768x509.jpg 768w, https:\/\/weltlaeden.de\/s-vaihingen\/wp-content\/uploads\/sites\/90\/2025\/06\/DSC_0986_komp-ConnyFabienneSigrid-richtiges-Format-1536x1018.jpg 1536w, https:\/\/weltlaeden.de\/s-vaihingen\/wp-content\/uploads\/sites\/90\/2025\/06\/DSC_0986_komp-ConnyFabienneSigrid-richtiges-Format-2048x1358.jpg 2048w\" sizes=\"auto, (max-width: 300px) 100vw, 300px\" \/><br \/>\nSigrid, Fabienne und Conny<\/p>\n<p>[\/vc_column_text][\/vc_column][vc_column width=&#8220;1\/2&#8243;][vc_column_text]<img loading=\"lazy\" decoding=\"async\" class=\"alignnone size-medium wp-image-1368\" src=\"https:\/\/weltlaeden.de\/s-vaihingen\/wp-content\/uploads\/sites\/90\/2021\/08\/Birgit-Juergen-300x200.jpg\" alt=\"\" width=\"300\" height=\"200\" srcset=\"https:\/\/weltlaeden.de\/s-vaihingen\/wp-content\/uploads\/sites\/90\/2021\/08\/Birgit-Juergen-300x200.jpg 300w, https:\/\/weltlaeden.de\/s-vaihingen\/wp-content\/uploads\/sites\/90\/2021\/08\/Birgit-Juergen.jpg 602w\" sizes=\"auto, (max-width: 300px) 100vw, 300px\" \/><br \/>\nJ\u00fcrgen und Birgit[\/vc_column_text][\/vc_column][\/vc_row][vc_row][vc_column][vc_column_text]Birgit: Seit 2003 bereitet es mir bis heute gro\u00dfe Freude, im Vaihinger Weltladen mitzuwirken. Ich bin \u00fcberzeugt davon, dass unser aller Engagement einen Beitrag leistet, diese Welt sozial gerechter zu machen. Deshalb: Mitmachen&#8230;.hilft![\/vc_column_text][vc_empty_space][\/vc_column][\/vc_row][vc_row][vc_column width=&#8220;1\/2&#8243;][vc_column_text]<img loading=\"lazy\" decoding=\"async\" class=\"alignnone wp-image-1764 size-medium\" src=\"https:\/\/weltlaeden.de\/s-vaihingen\/wp-content\/uploads\/sites\/90\/2023\/11\/2021-07-01_14-15-02-ausschnitt-1-300x199.jpg\" alt=\"\" width=\"300\" height=\"199\" srcset=\"https:\/\/weltlaeden.de\/s-vaihingen\/wp-content\/uploads\/sites\/90\/2023\/11\/2021-07-01_14-15-02-ausschnitt-1-300x199.jpg 300w, https:\/\/weltlaeden.de\/s-vaihingen\/wp-content\/uploads\/sites\/90\/2023\/11\/2021-07-01_14-15-02-ausschnitt-1-768x508.jpg 768w, https:\/\/weltlaeden.de\/s-vaihingen\/wp-content\/uploads\/sites\/90\/2023\/11\/2021-07-01_14-15-02-ausschnitt-1.jpg 1000w\" sizes=\"auto, (max-width: 300px) 100vw, 300px\" \/><br \/>\nChristina und Ilse[\/vc_column_text][\/vc_column][vc_column width=&#8220;1\/2&#8243;][vc_column_text]<img loading=\"lazy\" decoding=\"async\" class=\"alignnone size-medium wp-image-1753\" src=\"https:\/\/weltlaeden.de\/s-vaihingen\/wp-content\/uploads\/sites\/90\/2023\/11\/DSC_0775_K-R-WEB-300x199.jpg\" alt=\"\" width=\"300\" height=\"199\" srcset=\"https:\/\/weltlaeden.de\/s-vaihingen\/wp-content\/uploads\/sites\/90\/2023\/11\/DSC_0775_K-R-WEB-300x199.jpg 300w, https:\/\/weltlaeden.de\/s-vaihingen\/wp-content\/uploads\/sites\/90\/2023\/11\/DSC_0775_K-R-WEB-768x510.jpg 768w, https:\/\/weltlaeden.de\/s-vaihingen\/wp-content\/uploads\/sites\/90\/2023\/11\/DSC_0775_K-R-WEB.jpg 1024w\" sizes=\"auto, (max-width: 300px) 100vw, 300px\" \/><br \/>\nKarina und Renate[\/vc_column_text][\/vc_column][\/vc_row][vc_row][vc_column][vc_column_text]Renate: Ich m\u00f6chte dazu beitragen, dass es in der Welt ein wenig gerechter zugeht.[\/vc_column_text][vc_empty_space][\/vc_column][\/vc_row][vc_row][vc_column width=&#8220;1\/2&#8243;][vc_column_text]<img loading=\"lazy\" decoding=\"async\" class=\"alignnone size-medium wp-image-1740\" src=\"https:\/\/weltlaeden.de\/s-vaihingen\/wp-content\/uploads\/sites\/90\/2023\/11\/DSC_0944_E-T-I-A_Web-300x199.jpg\" alt=\"\" width=\"300\" height=\"199\" srcset=\"https:\/\/weltlaeden.de\/s-vaihingen\/wp-content\/uploads\/sites\/90\/2023\/11\/DSC_0944_E-T-I-A_Web-300x199.jpg 300w, https:\/\/weltlaeden.de\/s-vaihingen\/wp-content\/uploads\/sites\/90\/2023\/11\/DSC_0944_E-T-I-A_Web-768x510.jpg 768w, https:\/\/weltlaeden.de\/s-vaihingen\/wp-content\/uploads\/sites\/90\/2023\/11\/DSC_0944_E-T-I-A_Web.jpg 1024w\" sizes=\"auto, (max-width: 300px) 100vw, 300px\" \/><br \/>\nAchim, Ingeborg, Elena und Tina[\/vc_column_text][\/vc_column][vc_column width=&#8220;1\/2&#8243;][vc_column_text css=&#8220;&#8220;]<img loading=\"lazy\" decoding=\"async\" class=\"alignnone wp-image-1935 size-medium\" src=\"https:\/\/weltlaeden.de\/s-vaihingen\/wp-content\/uploads\/sites\/90\/2025\/06\/DSC_0015_komp-HansMargotCornelia-richtiges-Format-300x200.jpg\" alt=\"\" width=\"300\" height=\"200\" srcset=\"https:\/\/weltlaeden.de\/s-vaihingen\/wp-content\/uploads\/sites\/90\/2025\/06\/DSC_0015_komp-HansMargotCornelia-richtiges-Format-300x200.jpg 300w, https:\/\/weltlaeden.de\/s-vaihingen\/wp-content\/uploads\/sites\/90\/2025\/06\/DSC_0015_komp-HansMargotCornelia-richtiges-Format-1024x681.jpg 1024w, https:\/\/weltlaeden.de\/s-vaihingen\/wp-content\/uploads\/sites\/90\/2025\/06\/DSC_0015_komp-HansMargotCornelia-richtiges-Format-768x511.jpg 768w, https:\/\/weltlaeden.de\/s-vaihingen\/wp-content\/uploads\/sites\/90\/2025\/06\/DSC_0015_komp-HansMargotCornelia-richtiges-Format-1536x1022.jpg 1536w, https:\/\/weltlaeden.de\/s-vaihingen\/wp-content\/uploads\/sites\/90\/2025\/06\/DSC_0015_komp-HansMargotCornelia-richtiges-Format-2048x1363.jpg 2048w\" sizes=\"auto, (max-width: 300px) 100vw, 300px\" \/><br \/>\nCornelia, Hans und Margot[\/vc_column_text][\/vc_column][\/vc_row][vc_row][vc_column width=&#8220;1\/2&#8243;][vc_column_text]<img loading=\"lazy\" decoding=\"async\" class=\"alignnone size-medium wp-image-1744\" src=\"https:\/\/weltlaeden.de\/s-vaihingen\/wp-content\/uploads\/sites\/90\/2023\/11\/DSC_0872_H-A-S-A-Web-300x199.jpg\" alt=\"\" width=\"300\" height=\"199\" srcset=\"https:\/\/weltlaeden.de\/s-vaihingen\/wp-content\/uploads\/sites\/90\/2023\/11\/DSC_0872_H-A-S-A-Web-300x199.jpg 300w, https:\/\/weltlaeden.de\/s-vaihingen\/wp-content\/uploads\/sites\/90\/2023\/11\/DSC_0872_H-A-S-A-Web-768x510.jpg 768w, https:\/\/weltlaeden.de\/s-vaihingen\/wp-content\/uploads\/sites\/90\/2023\/11\/DSC_0872_H-A-S-A-Web.jpg 1024w\" sizes=\"auto, (max-width: 300px) 100vw, 300px\" \/><br \/>\nAnne, Herbert, Angelika und Sonja[\/vc_column_text][\/vc_column][vc_column width=&#8220;1\/2&#8243;][vc_column_text]<img loading=\"lazy\" decoding=\"async\" class=\"alignnone wp-image-1745 size-medium\" src=\"https:\/\/weltlaeden.de\/s-vaihingen\/wp-content\/uploads\/sites\/90\/2023\/11\/DSC_0906_A-G-Web-300x199.jpg\" alt=\"\" width=\"300\" height=\"199\" srcset=\"https:\/\/weltlaeden.de\/s-vaihingen\/wp-content\/uploads\/sites\/90\/2023\/11\/DSC_0906_A-G-Web-300x199.jpg 300w, https:\/\/weltlaeden.de\/s-vaihingen\/wp-content\/uploads\/sites\/90\/2023\/11\/DSC_0906_A-G-Web-768x510.jpg 768w, https:\/\/weltlaeden.de\/s-vaihingen\/wp-content\/uploads\/sites\/90\/2023\/11\/DSC_0906_A-G-Web.jpg 1024w\" sizes=\"auto, (max-width: 300px) 100vw, 300px\" \/><br \/>\nAnna und Gertraud[\/vc_column_text][\/vc_column][\/vc_row][vc_row][vc_column][vc_column_text]Anne und Herbert: Der Weltladen kann Menschen ein wenig helfen, dass sie mit gerecht bezahlter Arbeit eine Perspektive f\u00fcr das Leben in ihrer Heimat haben und diese nicht verlassen m\u00fcssen.<\/p>\n<p>Angelika: Eine Kundin verabschiedete sich mit den Worten: \u201eDanke, dass Sie das hier machen.\u201c Diesen Dank kann ich nur zur\u00fcckgeben. Denn viele Begegnungen und Gespr\u00e4che mit den Menschen, die hier einkaufen, sind bereichernd und ermutigend. Und au\u00dferdem macht es Freude, in einem sch\u00f6nen Laden mit besonderen Produkten aus vielen L\u00e4ndern zu arbeiten.[\/vc_column_text][vc_empty_space][\/vc_column][\/vc_row][vc_row][vc_column width=&#8220;1\/2&#8243;][vc_column_text css=&#8220;&#8220;]<img loading=\"lazy\" decoding=\"async\" class=\"alignnone wp-image-1900 size-medium\" src=\"https:\/\/weltlaeden.de\/s-vaihingen\/wp-content\/uploads\/sites\/90\/2025\/06\/2_Wahl-991_komp_PetraChrista-e1750525927157-300x200.jpg\" alt=\"\" width=\"300\" height=\"200\" srcset=\"https:\/\/weltlaeden.de\/s-vaihingen\/wp-content\/uploads\/sites\/90\/2025\/06\/2_Wahl-991_komp_PetraChrista-e1750525927157-300x200.jpg 300w, https:\/\/weltlaeden.de\/s-vaihingen\/wp-content\/uploads\/sites\/90\/2025\/06\/2_Wahl-991_komp_PetraChrista-e1750525927157-768x512.jpg 768w, https:\/\/weltlaeden.de\/s-vaihingen\/wp-content\/uploads\/sites\/90\/2025\/06\/2_Wahl-991_komp_PetraChrista-e1750525927157.jpg 1024w\" sizes=\"auto, (max-width: 300px) 100vw, 300px\" \/><br \/>\nChrista und Petra[\/vc_column_text][\/vc_column][vc_column width=&#8220;1\/2&#8243;][vc_column_text]<img loading=\"lazy\" decoding=\"async\" class=\"alignnone size-medium wp-image-1754\" src=\"https:\/\/weltlaeden.de\/s-vaihingen\/wp-content\/uploads\/sites\/90\/2023\/11\/DSC_0760_U_W-web-300x199.jpg\" alt=\"\" width=\"300\" height=\"199\" srcset=\"https:\/\/weltlaeden.de\/s-vaihingen\/wp-content\/uploads\/sites\/90\/2023\/11\/DSC_0760_U_W-web-300x199.jpg 300w, https:\/\/weltlaeden.de\/s-vaihingen\/wp-content\/uploads\/sites\/90\/2023\/11\/DSC_0760_U_W-web-768x510.jpg 768w, https:\/\/weltlaeden.de\/s-vaihingen\/wp-content\/uploads\/sites\/90\/2023\/11\/DSC_0760_U_W-web.jpg 1024w\" sizes=\"auto, (max-width: 300px) 100vw, 300px\" \/><br \/>\nUrsel und Wiebke[\/vc_column_text][\/vc_column][\/vc_row][vc_row][vc_column][vc_column_text][\/vc_column_text][vc_empty_space][\/vc_column][\/vc_row][vc_row][vc_column width=&#8220;1\/2&#8243;][vc_column_text]<img loading=\"lazy\" decoding=\"async\" class=\"alignnone size-medium wp-image-1748\" src=\"https:\/\/weltlaeden.de\/s-vaihingen\/wp-content\/uploads\/sites\/90\/2023\/11\/DSC_0799_U-P_Web-300x199.jpg\" alt=\"\" width=\"300\" height=\"199\" srcset=\"https:\/\/weltlaeden.de\/s-vaihingen\/wp-content\/uploads\/sites\/90\/2023\/11\/DSC_0799_U-P_Web-300x199.jpg 300w, https:\/\/weltlaeden.de\/s-vaihingen\/wp-content\/uploads\/sites\/90\/2023\/11\/DSC_0799_U-P_Web-768x510.jpg 768w, https:\/\/weltlaeden.de\/s-vaihingen\/wp-content\/uploads\/sites\/90\/2023\/11\/DSC_0799_U-P_Web.jpg 1024w\" sizes=\"auto, (max-width: 300px) 100vw, 300px\" \/><br \/>\nUrsula und Peter[\/vc_column_text][\/vc_column][vc_column width=&#8220;1\/2&#8243;][vc_column_text][\/vc_column_text][\/vc_column][\/vc_row][vc_row][vc_column][vc_column_text]Peter: im Weltladen zu arbeiten ist nicht nur sinnvoll (siehe Aussagen der Kolleg:innen), es macht auch Spa\u00df in einem so netten Team zu werkeln &#8211; und: die Aufgaben gehen uns nicht aus.[\/vc_column_text][\/vc_column][\/vc_row][vc_row][vc_column][vc_column_text css=&#8220;&#8220;]Unsere langj\u00e4hrige fr\u00fchere Kollegin Hildegard meinte: Meine Vaihinger Mitb\u00fcrgerinnen und Mitb\u00fcrger haben kurze Wege zum Weltladen, machen \u201ekleine Schritte\u201c und verwirklichen so zusammen mit uns Weltladenleuten und den Produzenten in aller Welt ein wenig \u201eEine Welt\u201c am Vaihinger Markt.[\/vc_column_text][vc_empty_space][\/vc_column][\/vc_row][vc_row][\/vc_row]<\/p>\n<\/div>","protected":false},"excerpt":{"rendered":"<p>[vc_row][vc_column][vc_column_text] \u00dcber uns [\/vc_column_text][\/vc_column][\/vc_row][vc_row][vc_column][vc_column_text][\/vc_column_text][\/vc_column][\/vc_row][vc_row][vc_column][vc_empty_space height=&#8220;10px&#8220;][vc_column_text]Wir sind 22 ehrenamtliche Mitarbeiterinnen und Mitarbeiter, die sich je nach Zeit und Talent engagieren. Unsere T\u00e4tigkeitsfelder erstrecken sich \u00fcber den Verkauf, die Dekoration der Schaufenster, den Einkauf unserer Waren, den Kontakt zu den anderen Stuttgarter Weltl\u00e4den und den Dachverband sowie die Buchhaltung und die \u00d6ffentlichkeitsarbeit bis zur Mitgestaltung von Veranstaltungen&hellip;<\/p>\n","protected":false},"author":144,"featured_media":0,"parent":0,"menu_order":8,"comment_status":"closed","ping_status":"closed","template":"","meta":{"footnotes":""},"class_list":["post-1361","page","type-page","status-publish","hentry","description-off"],"yoast_head":"<!-- This site is optimized with the Yoast SEO plugin v26.8 - https:\/\/yoast.com\/product\/yoast-seo-wordpress\/ -->\n<title>\u00dcber uns - Weltladen Stuttgart-Vaihingen<\/title>\n<meta name=\"robots\" content=\"index, follow, max-snippet:-1, max-image-preview:large, max-video-preview:-1\" \/>\n<link rel=\"canonical\" href=\"https:\/\/weltlaeden.de\/s-vaihingen\/ueber-uns\/\" \/>\n<meta property=\"og:locale\" content=\"de_DE\" \/>\n<meta property=\"og:type\" content=\"article\" \/>\n<meta property=\"og:title\" content=\"\u00dcber uns - Weltladen Stuttgart-Vaihingen\" \/>\n<meta property=\"og:description\" content=\"[vc_row][vc_column][vc_column_text] \u00dcber uns [\/vc_column_text][\/vc_column][\/vc_row][vc_row][vc_column][vc_column_text][\/vc_column_text][\/vc_column][\/vc_row][vc_row][vc_column][vc_empty_space height=&#8220;10px&#8220;][vc_column_text]Wir sind 22 ehrenamtliche Mitarbeiterinnen und Mitarbeiter, die sich je nach Zeit und Talent engagieren. Unsere T\u00e4tigkeitsfelder erstrecken sich \u00fcber den Verkauf, die Dekoration der Schaufenster, den Einkauf unserer Waren, den Kontakt zu den anderen Stuttgarter Weltl\u00e4den und den Dachverband sowie die Buchhaltung und die \u00d6ffentlichkeitsarbeit bis zur Mitgestaltung von Veranstaltungen&hellip;\" \/>\n<meta property=\"og:url\" content=\"https:\/\/weltlaeden.de\/s-vaihingen\/ueber-uns\/\" \/>\n<meta property=\"og:site_name\" content=\"Weltladen Stuttgart-Vaihingen\" \/>\n<meta property=\"article:publisher\" content=\"https:\/\/www.facebook.com\/weltladenstuttgartvaihingen\/\" \/>\n<meta property=\"article:modified_time\" content=\"2025-06-23T20:07:38+00:00\" \/>\n<meta property=\"og:image\" content=\"https:\/\/weltlaeden.de\/s-vaihingen\/wp-content\/uploads\/sites\/90\/2023\/11\/4-Fotos-1.png\" \/>\n\t<meta property=\"og:image:width\" content=\"943\" \/>\n\t<meta property=\"og:image:height\" content=\"216\" \/>\n\t<meta property=\"og:image:type\" content=\"image\/png\" \/>\n<meta name=\"twitter:card\" content=\"summary_large_image\" \/>\n<meta name=\"twitter:label1\" content=\"Gesch\u00e4tzte Lesezeit\" \/>\n\t<meta name=\"twitter:data1\" content=\"5\u00a0Minuten\" \/>\n<script type=\"application\/ld+json\" class=\"yoast-schema-graph\">{\"@context\":\"https:\/\/schema.org\",\"@graph\":[{\"@type\":\"WebPage\",\"@id\":\"https:\/\/weltlaeden.de\/s-vaihingen\/ueber-uns\/\",\"url\":\"https:\/\/weltlaeden.de\/s-vaihingen\/ueber-uns\/\",\"name\":\"\u00dcber uns - Weltladen Stuttgart-Vaihingen\",\"isPartOf\":{\"@id\":\"https:\/\/weltlaeden.de\/s-vaihingen\/#website\"},\"primaryImageOfPage\":{\"@id\":\"https:\/\/weltlaeden.de\/s-vaihingen\/ueber-uns\/#primaryimage\"},\"image\":{\"@id\":\"https:\/\/weltlaeden.de\/s-vaihingen\/ueber-uns\/#primaryimage\"},\"thumbnailUrl\":\"https:\/\/weltlaeden.de\/s-vaihingen\/wp-content\/uploads\/sites\/90\/2023\/11\/4-Fotos-1-300x69.png\",\"datePublished\":\"2021-08-10T11:09:20+00:00\",\"dateModified\":\"2025-06-23T20:07:38+00:00\",\"breadcrumb\":{\"@id\":\"https:\/\/weltlaeden.de\/s-vaihingen\/ueber-uns\/#breadcrumb\"},\"inLanguage\":\"de\",\"potentialAction\":[{\"@type\":\"ReadAction\",\"target\":[\"https:\/\/weltlaeden.de\/s-vaihingen\/ueber-uns\/\"]}]},{\"@type\":\"ImageObject\",\"inLanguage\":\"de\",\"@id\":\"https:\/\/weltlaeden.de\/s-vaihingen\/ueber-uns\/#primaryimage\",\"url\":\"https:\/\/weltlaeden.de\/s-vaihingen\/wp-content\/uploads\/sites\/90\/2023\/11\/4-Fotos-1.png\",\"contentUrl\":\"https:\/\/weltlaeden.de\/s-vaihingen\/wp-content\/uploads\/sites\/90\/2023\/11\/4-Fotos-1.png\",\"width\":943,\"height\":216},{\"@type\":\"BreadcrumbList\",\"@id\":\"https:\/\/weltlaeden.de\/s-vaihingen\/ueber-uns\/#breadcrumb\",\"itemListElement\":[{\"@type\":\"ListItem\",\"position\":1,\"name\":\"Startseite\",\"item\":\"https:\/\/weltlaeden.de\/s-vaihingen\/\"},{\"@type\":\"ListItem\",\"position\":2,\"name\":\"\u00dcber uns\"}]},{\"@type\":\"WebSite\",\"@id\":\"https:\/\/weltlaeden.de\/s-vaihingen\/#website\",\"url\":\"https:\/\/weltlaeden.de\/s-vaihingen\/\",\"name\":\"Weltladen Stuttgart-Vaihingen\",\"description\":\"Faire Produkte seit 1987\",\"publisher\":{\"@id\":\"https:\/\/weltlaeden.de\/s-vaihingen\/#organization\"},\"potentialAction\":[{\"@type\":\"SearchAction\",\"target\":{\"@type\":\"EntryPoint\",\"urlTemplate\":\"https:\/\/weltlaeden.de\/s-vaihingen\/?s={search_term_string}\"},\"query-input\":{\"@type\":\"PropertyValueSpecification\",\"valueRequired\":true,\"valueName\":\"search_term_string\"}}],\"inLanguage\":\"de\"},{\"@type\":\"Organization\",\"@id\":\"https:\/\/weltlaeden.de\/s-vaihingen\/#organization\",\"name\":\"Stuttgarter Weltladen in Vaihingen\",\"url\":\"https:\/\/weltlaeden.de\/s-vaihingen\/\",\"logo\":{\"@type\":\"ImageObject\",\"inLanguage\":\"de\",\"@id\":\"https:\/\/weltlaeden.de\/s-vaihingen\/#\/schema\/logo\/image\/\",\"url\":\"https:\/\/weltlaeden.de\/s-vaihingen\/wp-content\/uploads\/sites\/90\/2019\/04\/stuttgarter-Weltladen-in-vaihingen.jpg\",\"contentUrl\":\"https:\/\/weltlaeden.de\/s-vaihingen\/wp-content\/uploads\/sites\/90\/2019\/04\/stuttgarter-Weltladen-in-vaihingen.jpg\",\"width\":2601,\"height\":1625,\"caption\":\"Stuttgarter Weltladen in Vaihingen\"},\"image\":{\"@id\":\"https:\/\/weltlaeden.de\/s-vaihingen\/#\/schema\/logo\/image\/\"},\"sameAs\":[\"https:\/\/www.facebook.com\/weltladenstuttgartvaihingen\/\"]}]}<\/script>\n<!-- \/ Yoast SEO plugin. -->","yoast_head_json":{"title":"\u00dcber uns - Weltladen Stuttgart-Vaihingen","robots":{"index":"index","follow":"follow","max-snippet":"max-snippet:-1","max-image-preview":"max-image-preview:large","max-video-preview":"max-video-preview:-1"},"canonical":"https:\/\/weltlaeden.de\/s-vaihingen\/ueber-uns\/","og_locale":"de_DE","og_type":"article","og_title":"\u00dcber uns - Weltladen Stuttgart-Vaihingen","og_description":"[vc_row][vc_column][vc_column_text] \u00dcber uns [\/vc_column_text][\/vc_column][\/vc_row][vc_row][vc_column][vc_column_text][\/vc_column_text][\/vc_column][\/vc_row][vc_row][vc_column][vc_empty_space height=&#8220;10px&#8220;][vc_column_text]Wir sind 22 ehrenamtliche Mitarbeiterinnen und Mitarbeiter, die sich je nach Zeit und Talent engagieren. Unsere T\u00e4tigkeitsfelder erstrecken sich \u00fcber den Verkauf, die Dekoration der Schaufenster, den Einkauf unserer Waren, den Kontakt zu den anderen Stuttgarter Weltl\u00e4den und den Dachverband sowie die Buchhaltung und die \u00d6ffentlichkeitsarbeit bis zur Mitgestaltung von Veranstaltungen&hellip;","og_url":"https:\/\/weltlaeden.de\/s-vaihingen\/ueber-uns\/","og_site_name":"Weltladen Stuttgart-Vaihingen","article_publisher":"https:\/\/www.facebook.com\/weltladenstuttgartvaihingen\/","article_modified_time":"2025-06-23T20:07:38+00:00","og_image":[{"width":943,"height":216,"url":"https:\/\/weltlaeden.de\/s-vaihingen\/wp-content\/uploads\/sites\/90\/2023\/11\/4-Fotos-1.png","type":"image\/png"}],"twitter_card":"summary_large_image","twitter_misc":{"Gesch\u00e4tzte Lesezeit":"5\u00a0Minuten"},"schema":{"@context":"https:\/\/schema.org","@graph":[{"@type":"WebPage","@id":"https:\/\/weltlaeden.de\/s-vaihingen\/ueber-uns\/","url":"https:\/\/weltlaeden.de\/s-vaihingen\/ueber-uns\/","name":"\u00dcber uns - Weltladen Stuttgart-Vaihingen","isPartOf":{"@id":"https:\/\/weltlaeden.de\/s-vaihingen\/#website"},"primaryImageOfPage":{"@id":"https:\/\/weltlaeden.de\/s-vaihingen\/ueber-uns\/#primaryimage"},"image":{"@id":"https:\/\/weltlaeden.de\/s-vaihingen\/ueber-uns\/#primaryimage"},"thumbnailUrl":"https:\/\/weltlaeden.de\/s-vaihingen\/wp-content\/uploads\/sites\/90\/2023\/11\/4-Fotos-1-300x69.png","datePublished":"2021-08-10T11:09:20+00:00","dateModified":"2025-06-23T20:07:38+00:00","breadcrumb":{"@id":"https:\/\/weltlaeden.de\/s-vaihingen\/ueber-uns\/#breadcrumb"},"inLanguage":"de","potentialAction":[{"@type":"ReadAction","target":["https:\/\/weltlaeden.de\/s-vaihingen\/ueber-uns\/"]}]},{"@type":"ImageObject","inLanguage":"de","@id":"https:\/\/weltlaeden.de\/s-vaihingen\/ueber-uns\/#primaryimage","url":"https:\/\/weltlaeden.de\/s-vaihingen\/wp-content\/uploads\/sites\/90\/2023\/11\/4-Fotos-1.png","contentUrl":"https:\/\/weltlaeden.de\/s-vaihingen\/wp-content\/uploads\/sites\/90\/2023\/11\/4-Fotos-1.png","width":943,"height":216},{"@type":"BreadcrumbList","@id":"https:\/\/weltlaeden.de\/s-vaihingen\/ueber-uns\/#breadcrumb","itemListElement":[{"@type":"ListItem","position":1,"name":"Startseite","item":"https:\/\/weltlaeden.de\/s-vaihingen\/"},{"@type":"ListItem","position":2,"name":"\u00dcber uns"}]},{"@type":"WebSite","@id":"https:\/\/weltlaeden.de\/s-vaihingen\/#website","url":"https:\/\/weltlaeden.de\/s-vaihingen\/","name":"Weltladen Stuttgart-Vaihingen","description":"Faire Produkte seit 1987","publisher":{"@id":"https:\/\/weltlaeden.de\/s-vaihingen\/#organization"},"potentialAction":[{"@type":"SearchAction","target":{"@type":"EntryPoint","urlTemplate":"https:\/\/weltlaeden.de\/s-vaihingen\/?s={search_term_string}"},"query-input":{"@type":"PropertyValueSpecification","valueRequired":true,"valueName":"search_term_string"}}],"inLanguage":"de"},{"@type":"Organization","@id":"https:\/\/weltlaeden.de\/s-vaihingen\/#organization","name":"Stuttgarter Weltladen in Vaihingen","url":"https:\/\/weltlaeden.de\/s-vaihingen\/","logo":{"@type":"ImageObject","inLanguage":"de","@id":"https:\/\/weltlaeden.de\/s-vaihingen\/#\/schema\/logo\/image\/","url":"https:\/\/weltlaeden.de\/s-vaihingen\/wp-content\/uploads\/sites\/90\/2019\/04\/stuttgarter-Weltladen-in-vaihingen.jpg","contentUrl":"https:\/\/weltlaeden.de\/s-vaihingen\/wp-content\/uploads\/sites\/90\/2019\/04\/stuttgarter-Weltladen-in-vaihingen.jpg","width":2601,"height":1625,"caption":"Stuttgarter Weltladen in Vaihingen"},"image":{"@id":"https:\/\/weltlaeden.de\/s-vaihingen\/#\/schema\/logo\/image\/"},"sameAs":["https:\/\/www.facebook.com\/weltladenstuttgartvaihingen\/"]}]}},"_links":{"self":[{"href":"https:\/\/weltlaeden.de\/s-vaihingen\/wp-json\/wp\/v2\/pages\/1361","targetHints":{"allow":["GET"]}}],"collection":[{"href":"https:\/\/weltlaeden.de\/s-vaihingen\/wp-json\/wp\/v2\/pages"}],"about":[{"href":"https:\/\/weltlaeden.de\/s-vaihingen\/wp-json\/wp\/v2\/types\/page"}],"author":[{"embeddable":true,"href":"https:\/\/weltlaeden.de\/s-vaihingen\/wp-json\/wp\/v2\/users\/144"}],"replies":[{"embeddable":true,"href":"https:\/\/weltlaeden.de\/s-vaihingen\/wp-json\/wp\/v2\/comments?post=1361"}],"version-history":[{"count":70,"href":"https:\/\/weltlaeden.de\/s-vaihingen\/wp-json\/wp\/v2\/pages\/1361\/revisions"}],"predecessor-version":[{"id":1936,"href":"https:\/\/weltlaeden.de\/s-vaihingen\/wp-json\/wp\/v2\/pages\/1361\/revisions\/1936"}],"wp:attachment":[{"href":"https:\/\/weltlaeden.de\/s-vaihingen\/wp-json\/wp\/v2\/media?parent=1361"}],"curies":[{"name":"wp","href":"https:\/\/api.w.org\/{rel}","templated":true}]}}