{"id":1286,"date":"2021-06-04T19:09:34","date_gmt":"2021-06-04T17:09:34","guid":{"rendered":"https:\/\/weltlaeden.de\/s-vaihingen\/?page_id=1286"},"modified":"2021-06-06T17:29:15","modified_gmt":"2021-06-06T15:29:15","slug":"geschichte","status":"publish","type":"page","link":"https:\/\/weltlaeden.de\/s-vaihingen\/ueber-uns\/geschichte\/","title":{"rendered":"Geschichte"},"content":{"rendered":"<div class=\"wpb-content-wrapper\"><p>[vc_row][vc_column][vc_column_text]<\/p>\n<h1>Weltladen Stuttgart-Vaihingen: Geschichte<\/h1>\n<p>[\/vc_column_text][vc_empty_space]<div class=\"wl_einzelbild\"><p><img loading=\"lazy\" decoding=\"async\" class=\"alignnone wp-image-1287 size-full\" src=\"https:\/\/weltlaeden.de\/s-vaihingen\/wp-content\/uploads\/sites\/90\/2021\/06\/stand_anfangszeit-e1622993036976.jpg\" alt=\"\" width=\"1015\" height=\"610\" srcset=\"https:\/\/weltlaeden.de\/s-vaihingen\/wp-content\/uploads\/sites\/90\/2021\/06\/stand_anfangszeit-e1622993036976.jpg 1015w, https:\/\/weltlaeden.de\/s-vaihingen\/wp-content\/uploads\/sites\/90\/2021\/06\/stand_anfangszeit-e1622993036976-300x180.jpg 300w, https:\/\/weltlaeden.de\/s-vaihingen\/wp-content\/uploads\/sites\/90\/2021\/06\/stand_anfangszeit-e1622993036976-768x462.jpg 768w\" sizes=\"auto, (max-width: 1015px) 100vw, 1015px\" \/><br \/>\nQuelle: Jubil\u00e4umsheft zum 20-j\u00e4hrigen Jubil\u00e4um<\/p><\/div>[vc_empty_space][vc_column_text]Eine Liste der wichtigsten Aktivit\u00e4ten f\u00fcr den Laden und den Fairen Handel in Stuttgart-Vaihingen:<\/p>\n<p>1987<br \/>\nZusammenschluss zur Kiwicha-Weltladengruppe als eingetragener Verein mit 7 Gr\u00fcndungsmitgliedern, 14t\u00e4giger Verkauf auf dem Vaihinger Markt sowie 14t\u00e4giges Treffen der Gruppe, alle arbeiten ehrenamtlich.<\/p>\n<p>1989<br \/>\nDer erste Laden in der Ernst-Kachel-Stra\u00dfe im M\u00fctterzentrum wird er\u00f6ffnet \u2013 an drei Tagen ge\u00f6ffnet.<\/p>\n<p>1991<br \/>\nJahresumsatz 40 000 DM \u2013 Zuwachs von 7 auf 16 ehrenamtliche Mitarbeiter<\/p>\n<p>1992<br \/>\nDer Laden zieht an den Kelterberg um.<\/p>\n<p>1993<br \/>\nEinf\u00fchrung Transfair-Siegel (Verkauf fair gehandelter Produkte im Supermarkt)<\/p>\n<p>1994<br \/>\nErstmalige Teilnahme am Weihnachtsmarkt, danach jedes Jahr<\/p>\n<p>1995<br \/>\nErste gro\u00dfe gemeinsame Veranstaltung der Weltl\u00e4den in Stuttgart und Region bei der \u201eProSanita \u2013 Internationale Ausstellung f\u00fcr Gesundheit und Natur\u201c auf der Messe am Killesberg<\/p>\n<p>1996<br \/>\nGro\u00dfer Aktionstag zum ersten Europ\u00e4ischen Weltladentag \u201eFr\u00fchst\u00fcck mit Afrika\u201c am Beispiel Bekleidung und Altkleidertransporte<br \/>\nAktionswochen der \u201eKampagne gegen Kinderarbeit\u201c zur Einf\u00fchrung des \u201eRUGMARK\u201c-Teppichsiegels<\/p>\n<p>1997<br \/>\nWir ziehen in die heutigen R\u00e4umlichkeiten am Vaihinger Markt um und feiern das 10j\u00e4hrige Jubil\u00e4um mit verschiedenen Festrednern &#8211; u.a. Fritz Kuhn &#8211; und einer peruanischen Band<\/p>\n<p>1999<br \/>\nErste erfolgreiche Mangoaktion vor dem Laden, ab da dann jedes Fr\u00fchjahr zu von Aktionen f\u00fcr Bildungseinrichtungen in Burkina Faso<\/p>\n<p>2004<br \/>\nGro\u00dfe Veranstaltung unter dem Fernsehturm: Aktion und Einf\u00fchrung des Regional-Kaffees &#8222;Stuttgarter Fairw\u00f6hnung\u201c (Vorg\u00e4nger des \u201eKaffee mit Weitblick\u201c)<\/p>\n<p>2007<\/p>\n<p>AIDS &#8211; Ein Erfahrungsbericht nach 20 Jahren der Epidemie in Ost-Afrika von Elisabeth Marquart (Kranich &#8211; AIDS in Afrika e.V., Vaihingen) &#8211; unser langj\u00e4hriges Spendenprojekt.<\/p>\n<p>2009<br \/>\nDIE STRASSENKINDER VON KINSHASA, die b\u00f6sen Geister und das kongolesische Kinderzentrum &#8211; seit dieser Zeit ein weiteres regelm\u00e4\u00dfiges Spendenprojekt.<\/p>\n<p>2011<br \/>\nLadenumgestaltung &#8211; FAIRtig.<\/p>\n<p>2012<br \/>\nVaihingen wird Fairtrade Town.<\/p>\n<p>2013<br \/>\nErste Version der Vaihinger Schokolade<\/p>\n<p>2014<br \/>\nFaires Fr\u00fchst\u00fcck (mit Steuerungsgruppe Fairtrade Town)<\/p>\n<p>2016<br \/>\nFairer Handel wirkt &#8211; mit Ute Vogt und Thomas Ferraz Nagl (Smartphone und Rohstoffgewinnung unter menschenunw\u00fcrdigen Bedingungen)<\/p>\n<p>2017<br \/>\n30 Jahre Weltladen Stuttgart-Vaihingen<\/p>\n<p>2018<br \/>\nVaihinger Schokolade beim Vaihinger Herbst<br \/>\nAbendlichter (gemeinsame Veranstaltung mit dem Vaihinger Buchladen, formidabel, Lotta &amp; Lasse, Kultur Am Kelterberg): Trommelwirbel mit TamTam<\/p>\n<p>2019<br \/>\nAbendlichter: Rockmusik mit &#8222;street of rock&#8220; (Rockband der Lebenshilfe)<\/p>\n<p>[\/vc_column_text][\/vc_column][\/vc_row]<\/p>\n<\/div>","protected":false},"excerpt":{"rendered":"<p>[vc_row][vc_column][vc_column_text] Weltladen Stuttgart-Vaihingen: Geschichte [\/vc_column_text][vc_empty_space][vc_empty_space][vc_column_text]Eine Liste der wichtigsten Aktivit\u00e4ten f\u00fcr den Laden und den Fairen Handel in Stuttgart-Vaihingen: 1987 Zusammenschluss zur Kiwicha-Weltladengruppe als eingetragener Verein mit 7 Gr\u00fcndungsmitgliedern, 14t\u00e4giger Verkauf auf dem Vaihinger Markt sowie 14t\u00e4giges Treffen der Gruppe, alle arbeiten ehrenamtlich. 1989 Der erste Laden in der Ernst-Kachel-Stra\u00dfe im M\u00fctterzentrum wird er\u00f6ffnet \u2013 an&hellip;<\/p>\n","protected":false},"author":136,"featured_media":0,"parent":1361,"menu_order":1,"comment_status":"closed","ping_status":"closed","template":"","meta":{"footnotes":""},"class_list":["post-1286","page","type-page","status-publish","hentry","description-off"],"yoast_head":"<!-- This site is optimized with the Yoast SEO plugin v26.8 - https:\/\/yoast.com\/product\/yoast-seo-wordpress\/ -->\n<title>Geschichte - Weltladen Stuttgart-Vaihingen<\/title>\n<meta name=\"robots\" content=\"index, follow, max-snippet:-1, max-image-preview:large, max-video-preview:-1\" \/>\n<link rel=\"canonical\" href=\"https:\/\/weltlaeden.de\/s-vaihingen\/ueber-uns\/geschichte\/\" \/>\n<meta property=\"og:locale\" content=\"de_DE\" \/>\n<meta property=\"og:type\" content=\"article\" \/>\n<meta property=\"og:title\" content=\"Geschichte - Weltladen Stuttgart-Vaihingen\" \/>\n<meta property=\"og:description\" content=\"[vc_row][vc_column][vc_column_text] Weltladen Stuttgart-Vaihingen: Geschichte [\/vc_column_text][vc_empty_space][vc_empty_space][vc_column_text]Eine Liste der wichtigsten Aktivit\u00e4ten f\u00fcr den Laden und den Fairen Handel in Stuttgart-Vaihingen: 1987 Zusammenschluss zur Kiwicha-Weltladengruppe als eingetragener Verein mit 7 Gr\u00fcndungsmitgliedern, 14t\u00e4giger Verkauf auf dem Vaihinger Markt sowie 14t\u00e4giges Treffen der Gruppe, alle arbeiten ehrenamtlich. 1989 Der erste Laden in der Ernst-Kachel-Stra\u00dfe im M\u00fctterzentrum wird er\u00f6ffnet \u2013 an&hellip;\" \/>\n<meta property=\"og:url\" content=\"https:\/\/weltlaeden.de\/s-vaihingen\/ueber-uns\/geschichte\/\" \/>\n<meta property=\"og:site_name\" content=\"Weltladen Stuttgart-Vaihingen\" \/>\n<meta property=\"article:publisher\" content=\"https:\/\/www.facebook.com\/weltladenstuttgartvaihingen\/\" \/>\n<meta property=\"article:modified_time\" content=\"2021-06-06T15:29:15+00:00\" \/>\n<meta property=\"og:image\" content=\"https:\/\/weltlaeden.de\/s-vaihingen\/wp-content\/uploads\/sites\/90\/2021\/06\/stand_anfangszeit-e1622993036976.jpg\" \/>\n<meta name=\"twitter:card\" content=\"summary_large_image\" \/>\n<meta name=\"twitter:label1\" content=\"Gesch\u00e4tzte Lesezeit\" \/>\n\t<meta name=\"twitter:data1\" content=\"2\u00a0Minuten\" \/>\n<script type=\"application\/ld+json\" class=\"yoast-schema-graph\">{\"@context\":\"https:\/\/schema.org\",\"@graph\":[{\"@type\":\"WebPage\",\"@id\":\"https:\/\/weltlaeden.de\/s-vaihingen\/ueber-uns\/geschichte\/\",\"url\":\"https:\/\/weltlaeden.de\/s-vaihingen\/ueber-uns\/geschichte\/\",\"name\":\"Geschichte - Weltladen Stuttgart-Vaihingen\",\"isPartOf\":{\"@id\":\"https:\/\/weltlaeden.de\/s-vaihingen\/#website\"},\"primaryImageOfPage\":{\"@id\":\"https:\/\/weltlaeden.de\/s-vaihingen\/ueber-uns\/geschichte\/#primaryimage\"},\"image\":{\"@id\":\"https:\/\/weltlaeden.de\/s-vaihingen\/ueber-uns\/geschichte\/#primaryimage\"},\"thumbnailUrl\":\"https:\/\/weltlaeden.de\/s-vaihingen\/wp-content\/uploads\/sites\/90\/2021\/06\/stand_anfangszeit-e1622993036976.jpg\",\"datePublished\":\"2021-06-04T17:09:34+00:00\",\"dateModified\":\"2021-06-06T15:29:15+00:00\",\"breadcrumb\":{\"@id\":\"https:\/\/weltlaeden.de\/s-vaihingen\/ueber-uns\/geschichte\/#breadcrumb\"},\"inLanguage\":\"de\",\"potentialAction\":[{\"@type\":\"ReadAction\",\"target\":[\"https:\/\/weltlaeden.de\/s-vaihingen\/ueber-uns\/geschichte\/\"]}]},{\"@type\":\"ImageObject\",\"inLanguage\":\"de\",\"@id\":\"https:\/\/weltlaeden.de\/s-vaihingen\/ueber-uns\/geschichte\/#primaryimage\",\"url\":\"https:\/\/weltlaeden.de\/s-vaihingen\/wp-content\/uploads\/sites\/90\/2021\/06\/stand_anfangszeit-e1622993036976.jpg\",\"contentUrl\":\"https:\/\/weltlaeden.de\/s-vaihingen\/wp-content\/uploads\/sites\/90\/2021\/06\/stand_anfangszeit-e1622993036976.jpg\",\"width\":1015,\"height\":610},{\"@type\":\"BreadcrumbList\",\"@id\":\"https:\/\/weltlaeden.de\/s-vaihingen\/ueber-uns\/geschichte\/#breadcrumb\",\"itemListElement\":[{\"@type\":\"ListItem\",\"position\":1,\"name\":\"Startseite\",\"item\":\"https:\/\/weltlaeden.de\/s-vaihingen\/\"},{\"@type\":\"ListItem\",\"position\":2,\"name\":\"\u00dcber uns\",\"item\":\"https:\/\/weltlaeden.de\/s-vaihingen\/ueber-uns\/\"},{\"@type\":\"ListItem\",\"position\":3,\"name\":\"Geschichte\"}]},{\"@type\":\"WebSite\",\"@id\":\"https:\/\/weltlaeden.de\/s-vaihingen\/#website\",\"url\":\"https:\/\/weltlaeden.de\/s-vaihingen\/\",\"name\":\"Weltladen Stuttgart-Vaihingen\",\"description\":\"Faire Produkte seit 1987\",\"publisher\":{\"@id\":\"https:\/\/weltlaeden.de\/s-vaihingen\/#organization\"},\"potentialAction\":[{\"@type\":\"SearchAction\",\"target\":{\"@type\":\"EntryPoint\",\"urlTemplate\":\"https:\/\/weltlaeden.de\/s-vaihingen\/?s={search_term_string}\"},\"query-input\":{\"@type\":\"PropertyValueSpecification\",\"valueRequired\":true,\"valueName\":\"search_term_string\"}}],\"inLanguage\":\"de\"},{\"@type\":\"Organization\",\"@id\":\"https:\/\/weltlaeden.de\/s-vaihingen\/#organization\",\"name\":\"Stuttgarter Weltladen in Vaihingen\",\"url\":\"https:\/\/weltlaeden.de\/s-vaihingen\/\",\"logo\":{\"@type\":\"ImageObject\",\"inLanguage\":\"de\",\"@id\":\"https:\/\/weltlaeden.de\/s-vaihingen\/#\/schema\/logo\/image\/\",\"url\":\"https:\/\/weltlaeden.de\/s-vaihingen\/wp-content\/uploads\/sites\/90\/2019\/04\/stuttgarter-Weltladen-in-vaihingen.jpg\",\"contentUrl\":\"https:\/\/weltlaeden.de\/s-vaihingen\/wp-content\/uploads\/sites\/90\/2019\/04\/stuttgarter-Weltladen-in-vaihingen.jpg\",\"width\":2601,\"height\":1625,\"caption\":\"Stuttgarter Weltladen in Vaihingen\"},\"image\":{\"@id\":\"https:\/\/weltlaeden.de\/s-vaihingen\/#\/schema\/logo\/image\/\"},\"sameAs\":[\"https:\/\/www.facebook.com\/weltladenstuttgartvaihingen\/\"]}]}<\/script>\n<!-- \/ Yoast SEO plugin. -->","yoast_head_json":{"title":"Geschichte - Weltladen Stuttgart-Vaihingen","robots":{"index":"index","follow":"follow","max-snippet":"max-snippet:-1","max-image-preview":"max-image-preview:large","max-video-preview":"max-video-preview:-1"},"canonical":"https:\/\/weltlaeden.de\/s-vaihingen\/ueber-uns\/geschichte\/","og_locale":"de_DE","og_type":"article","og_title":"Geschichte - Weltladen Stuttgart-Vaihingen","og_description":"[vc_row][vc_column][vc_column_text] Weltladen Stuttgart-Vaihingen: Geschichte [\/vc_column_text][vc_empty_space][vc_empty_space][vc_column_text]Eine Liste der wichtigsten Aktivit\u00e4ten f\u00fcr den Laden und den Fairen Handel in Stuttgart-Vaihingen: 1987 Zusammenschluss zur Kiwicha-Weltladengruppe als eingetragener Verein mit 7 Gr\u00fcndungsmitgliedern, 14t\u00e4giger Verkauf auf dem Vaihinger Markt sowie 14t\u00e4giges Treffen der Gruppe, alle arbeiten ehrenamtlich. 1989 Der erste Laden in der Ernst-Kachel-Stra\u00dfe im M\u00fctterzentrum wird er\u00f6ffnet \u2013 an&hellip;","og_url":"https:\/\/weltlaeden.de\/s-vaihingen\/ueber-uns\/geschichte\/","og_site_name":"Weltladen Stuttgart-Vaihingen","article_publisher":"https:\/\/www.facebook.com\/weltladenstuttgartvaihingen\/","article_modified_time":"2021-06-06T15:29:15+00:00","og_image":[{"url":"https:\/\/weltlaeden.de\/s-vaihingen\/wp-content\/uploads\/sites\/90\/2021\/06\/stand_anfangszeit-e1622993036976.jpg","type":"","width":"","height":""}],"twitter_card":"summary_large_image","twitter_misc":{"Gesch\u00e4tzte Lesezeit":"2\u00a0Minuten"},"schema":{"@context":"https:\/\/schema.org","@graph":[{"@type":"WebPage","@id":"https:\/\/weltlaeden.de\/s-vaihingen\/ueber-uns\/geschichte\/","url":"https:\/\/weltlaeden.de\/s-vaihingen\/ueber-uns\/geschichte\/","name":"Geschichte - Weltladen Stuttgart-Vaihingen","isPartOf":{"@id":"https:\/\/weltlaeden.de\/s-vaihingen\/#website"},"primaryImageOfPage":{"@id":"https:\/\/weltlaeden.de\/s-vaihingen\/ueber-uns\/geschichte\/#primaryimage"},"image":{"@id":"https:\/\/weltlaeden.de\/s-vaihingen\/ueber-uns\/geschichte\/#primaryimage"},"thumbnailUrl":"https:\/\/weltlaeden.de\/s-vaihingen\/wp-content\/uploads\/sites\/90\/2021\/06\/stand_anfangszeit-e1622993036976.jpg","datePublished":"2021-06-04T17:09:34+00:00","dateModified":"2021-06-06T15:29:15+00:00","breadcrumb":{"@id":"https:\/\/weltlaeden.de\/s-vaihingen\/ueber-uns\/geschichte\/#breadcrumb"},"inLanguage":"de","potentialAction":[{"@type":"ReadAction","target":["https:\/\/weltlaeden.de\/s-vaihingen\/ueber-uns\/geschichte\/"]}]},{"@type":"ImageObject","inLanguage":"de","@id":"https:\/\/weltlaeden.de\/s-vaihingen\/ueber-uns\/geschichte\/#primaryimage","url":"https:\/\/weltlaeden.de\/s-vaihingen\/wp-content\/uploads\/sites\/90\/2021\/06\/stand_anfangszeit-e1622993036976.jpg","contentUrl":"https:\/\/weltlaeden.de\/s-vaihingen\/wp-content\/uploads\/sites\/90\/2021\/06\/stand_anfangszeit-e1622993036976.jpg","width":1015,"height":610},{"@type":"BreadcrumbList","@id":"https:\/\/weltlaeden.de\/s-vaihingen\/ueber-uns\/geschichte\/#breadcrumb","itemListElement":[{"@type":"ListItem","position":1,"name":"Startseite","item":"https:\/\/weltlaeden.de\/s-vaihingen\/"},{"@type":"ListItem","position":2,"name":"\u00dcber uns","item":"https:\/\/weltlaeden.de\/s-vaihingen\/ueber-uns\/"},{"@type":"ListItem","position":3,"name":"Geschichte"}]},{"@type":"WebSite","@id":"https:\/\/weltlaeden.de\/s-vaihingen\/#website","url":"https:\/\/weltlaeden.de\/s-vaihingen\/","name":"Weltladen Stuttgart-Vaihingen","description":"Faire Produkte seit 1987","publisher":{"@id":"https:\/\/weltlaeden.de\/s-vaihingen\/#organization"},"potentialAction":[{"@type":"SearchAction","target":{"@type":"EntryPoint","urlTemplate":"https:\/\/weltlaeden.de\/s-vaihingen\/?s={search_term_string}"},"query-input":{"@type":"PropertyValueSpecification","valueRequired":true,"valueName":"search_term_string"}}],"inLanguage":"de"},{"@type":"Organization","@id":"https:\/\/weltlaeden.de\/s-vaihingen\/#organization","name":"Stuttgarter Weltladen in Vaihingen","url":"https:\/\/weltlaeden.de\/s-vaihingen\/","logo":{"@type":"ImageObject","inLanguage":"de","@id":"https:\/\/weltlaeden.de\/s-vaihingen\/#\/schema\/logo\/image\/","url":"https:\/\/weltlaeden.de\/s-vaihingen\/wp-content\/uploads\/sites\/90\/2019\/04\/stuttgarter-Weltladen-in-vaihingen.jpg","contentUrl":"https:\/\/weltlaeden.de\/s-vaihingen\/wp-content\/uploads\/sites\/90\/2019\/04\/stuttgarter-Weltladen-in-vaihingen.jpg","width":2601,"height":1625,"caption":"Stuttgarter Weltladen in Vaihingen"},"image":{"@id":"https:\/\/weltlaeden.de\/s-vaihingen\/#\/schema\/logo\/image\/"},"sameAs":["https:\/\/www.facebook.com\/weltladenstuttgartvaihingen\/"]}]}},"_links":{"self":[{"href":"https:\/\/weltlaeden.de\/s-vaihingen\/wp-json\/wp\/v2\/pages\/1286","targetHints":{"allow":["GET"]}}],"collection":[{"href":"https:\/\/weltlaeden.de\/s-vaihingen\/wp-json\/wp\/v2\/pages"}],"about":[{"href":"https:\/\/weltlaeden.de\/s-vaihingen\/wp-json\/wp\/v2\/types\/page"}],"author":[{"embeddable":true,"href":"https:\/\/weltlaeden.de\/s-vaihingen\/wp-json\/wp\/v2\/users\/136"}],"replies":[{"embeddable":true,"href":"https:\/\/weltlaeden.de\/s-vaihingen\/wp-json\/wp\/v2\/comments?post=1286"}],"version-history":[{"count":11,"href":"https:\/\/weltlaeden.de\/s-vaihingen\/wp-json\/wp\/v2\/pages\/1286\/revisions"}],"predecessor-version":[{"id":1347,"href":"https:\/\/weltlaeden.de\/s-vaihingen\/wp-json\/wp\/v2\/pages\/1286\/revisions\/1347"}],"up":[{"embeddable":true,"href":"https:\/\/weltlaeden.de\/s-vaihingen\/wp-json\/wp\/v2\/pages\/1361"}],"wp:attachment":[{"href":"https:\/\/weltlaeden.de\/s-vaihingen\/wp-json\/wp\/v2\/media?parent=1286"}],"curies":[{"name":"wp","href":"https:\/\/api.w.org\/{rel}","templated":true}]}}