{"id":1082,"date":"2020-12-02T23:42:41","date_gmt":"2020-12-02T22:42:41","guid":{"rendered":"https:\/\/weltlaeden.de\/s-vaihingen\/?page_id=1082"},"modified":"2025-06-23T23:04:50","modified_gmt":"2025-06-23T21:04:50","slug":"tuergeschichten-in-corona-zeiten-weltladen","status":"publish","type":"page","link":"https:\/\/weltlaeden.de\/s-vaihingen\/ueber-uns\/tuergeschichten-in-corona-zeiten-weltladen\/","title":{"rendered":"T\u00fcrgeschichten in Corona-Zeiten: Weltladen"},"content":{"rendered":"<div class=\"wpb-content-wrapper\"><p>[vc_row][vc_column][vc_column_text css=&#8220;&#8220;]<\/p>\n<h1 style=\"text-align: center\">Unser Weltladen in den &#8222;T\u00fcrgeschichten&#8220;<\/h1>\n<p><img loading=\"lazy\" decoding=\"async\" class=\"size-medium wp-image-1079 aligncenter\" src=\"https:\/\/weltlaeden.de\/s-vaihingen\/wp-content\/uploads\/sites\/90\/2020\/12\/Weltladen-Karina-1-300x298.png\" alt=\"\" width=\"300\" height=\"298\" srcset=\"https:\/\/weltlaeden.de\/s-vaihingen\/wp-content\/uploads\/sites\/90\/2020\/12\/Weltladen-Karina-1-300x298.png 300w, https:\/\/weltlaeden.de\/s-vaihingen\/wp-content\/uploads\/sites\/90\/2020\/12\/Weltladen-Karina-1-150x150.png 150w, https:\/\/weltlaeden.de\/s-vaihingen\/wp-content\/uploads\/sites\/90\/2020\/12\/Weltladen-Karina-1.png 560w\" sizes=\"auto, (max-width: 300px) 100vw, 300px\" \/><\/p>\n<p>Das Fotografen-Ehepaar <span class=\"large\">Caroline Fredericks und Keith Wilson<\/span>, das in Vaihingen das Fotostudio <a href=\"https:\/\/sunflowerimaging.com\" target=\"_blank\" rel=\"noopener\">Sunflower Imaging<\/a> betreibt, hatte zu Anfang der Corona-Zeit die Idee, mit den <a href=\"https:\/\/sunflowerimaging.com\/blog\/keyword?k=tuergeschicten\" target=\"_blank\" rel=\"noopener\">T\u00fcrgeschichten<\/a> Vaihinger:innen und Vaihinger Betriebe vorzustellen und was die Corona-Pandemie f\u00fcr sie evtl. ver\u00e4ndert hat.<\/p>\n<p>Der Weltladen Stuttgart-Vaihingen erhielt die M\u00f6glichkeit, einen Beitrag zu liefern und ein paar Fotos von den Profis zu erhalten &#8211; das nahmen wir nat\u00fcrlich sehr gerne und dankbar an (wenn auch &#8222;etwas sp\u00e4ter&#8220;). Hier geht&#8217;s zu unserer <a href=\"https:\/\/sunflowerimaging.com\/tuergeschichten-projekt-weltladen-stuttgart-vaihingen\/\" target=\"_blank\" rel=\"noopener\">T\u00fcrgeschichte<\/a>.[\/vc_column_text][\/vc_column][\/vc_row]<\/p>\n<\/div>","protected":false},"excerpt":{"rendered":"<p>[vc_row][vc_column][vc_column_text css=&#8220;&#8220;] Unser Weltladen in den &#8222;T\u00fcrgeschichten&#8220; Das Fotografen-Ehepaar Caroline Fredericks und Keith Wilson, das in Vaihingen das Fotostudio Sunflower Imaging betreibt, hatte zu Anfang der Corona-Zeit die Idee, mit den T\u00fcrgeschichten Vaihinger:innen und Vaihinger Betriebe vorzustellen und was die Corona-Pandemie f\u00fcr sie evtl. ver\u00e4ndert hat. Der Weltladen Stuttgart-Vaihingen erhielt die M\u00f6glichkeit, einen Beitrag zu&hellip;<\/p>\n","protected":false},"author":136,"featured_media":0,"parent":1361,"menu_order":2,"comment_status":"closed","ping_status":"closed","template":"","meta":{"footnotes":""},"class_list":["post-1082","page","type-page","status-publish","hentry","description-off"],"yoast_head":"<!-- This site is optimized with the Yoast SEO plugin v26.8 - https:\/\/yoast.com\/product\/yoast-seo-wordpress\/ -->\n<title>T\u00fcrgeschichten in Corona-Zeiten: Weltladen - Weltladen Stuttgart-Vaihingen<\/title>\n<meta name=\"robots\" content=\"index, follow, max-snippet:-1, max-image-preview:large, max-video-preview:-1\" \/>\n<link rel=\"canonical\" href=\"https:\/\/weltlaeden.de\/s-vaihingen\/ueber-uns\/tuergeschichten-in-corona-zeiten-weltladen\/\" \/>\n<meta property=\"og:locale\" content=\"de_DE\" \/>\n<meta property=\"og:type\" content=\"article\" \/>\n<meta property=\"og:title\" content=\"T\u00fcrgeschichten in Corona-Zeiten: Weltladen - Weltladen Stuttgart-Vaihingen\" \/>\n<meta property=\"og:description\" content=\"[vc_row][vc_column][vc_column_text css=&#8220;&#8220;] Unser Weltladen in den &#8222;T\u00fcrgeschichten&#8220; Das Fotografen-Ehepaar Caroline Fredericks und Keith Wilson, das in Vaihingen das Fotostudio Sunflower Imaging betreibt, hatte zu Anfang der Corona-Zeit die Idee, mit den T\u00fcrgeschichten Vaihinger:innen und Vaihinger Betriebe vorzustellen und was die Corona-Pandemie f\u00fcr sie evtl. ver\u00e4ndert hat. Der Weltladen Stuttgart-Vaihingen erhielt die M\u00f6glichkeit, einen Beitrag zu&hellip;\" \/>\n<meta property=\"og:url\" content=\"https:\/\/weltlaeden.de\/s-vaihingen\/ueber-uns\/tuergeschichten-in-corona-zeiten-weltladen\/\" \/>\n<meta property=\"og:site_name\" content=\"Weltladen Stuttgart-Vaihingen\" \/>\n<meta property=\"article:publisher\" content=\"https:\/\/www.facebook.com\/weltladenstuttgartvaihingen\/\" \/>\n<meta property=\"article:modified_time\" content=\"2025-06-23T21:04:50+00:00\" \/>\n<meta property=\"og:image\" content=\"https:\/\/weltlaeden.de\/s-vaihingen\/wp-content\/uploads\/sites\/90\/2020\/12\/Weltladen-Karina-1.png\" \/>\n\t<meta property=\"og:image:width\" content=\"560\" \/>\n\t<meta property=\"og:image:height\" content=\"556\" \/>\n\t<meta property=\"og:image:type\" content=\"image\/png\" \/>\n<meta name=\"twitter:card\" content=\"summary_large_image\" \/>\n<meta name=\"twitter:label1\" content=\"Gesch\u00e4tzte Lesezeit\" \/>\n\t<meta name=\"twitter:data1\" content=\"1\u00a0Minute\" \/>\n<script type=\"application\/ld+json\" class=\"yoast-schema-graph\">{\"@context\":\"https:\/\/schema.org\",\"@graph\":[{\"@type\":\"WebPage\",\"@id\":\"https:\/\/weltlaeden.de\/s-vaihingen\/ueber-uns\/tuergeschichten-in-corona-zeiten-weltladen\/\",\"url\":\"https:\/\/weltlaeden.de\/s-vaihingen\/ueber-uns\/tuergeschichten-in-corona-zeiten-weltladen\/\",\"name\":\"T\u00fcrgeschichten in Corona-Zeiten: Weltladen - Weltladen Stuttgart-Vaihingen\",\"isPartOf\":{\"@id\":\"https:\/\/weltlaeden.de\/s-vaihingen\/#website\"},\"primaryImageOfPage\":{\"@id\":\"https:\/\/weltlaeden.de\/s-vaihingen\/ueber-uns\/tuergeschichten-in-corona-zeiten-weltladen\/#primaryimage\"},\"image\":{\"@id\":\"https:\/\/weltlaeden.de\/s-vaihingen\/ueber-uns\/tuergeschichten-in-corona-zeiten-weltladen\/#primaryimage\"},\"thumbnailUrl\":\"https:\/\/weltlaeden.de\/s-vaihingen\/wp-content\/uploads\/sites\/90\/2020\/12\/Weltladen-Karina-1-300x298.png\",\"datePublished\":\"2020-12-02T22:42:41+00:00\",\"dateModified\":\"2025-06-23T21:04:50+00:00\",\"breadcrumb\":{\"@id\":\"https:\/\/weltlaeden.de\/s-vaihingen\/ueber-uns\/tuergeschichten-in-corona-zeiten-weltladen\/#breadcrumb\"},\"inLanguage\":\"de\",\"potentialAction\":[{\"@type\":\"ReadAction\",\"target\":[\"https:\/\/weltlaeden.de\/s-vaihingen\/ueber-uns\/tuergeschichten-in-corona-zeiten-weltladen\/\"]}]},{\"@type\":\"ImageObject\",\"inLanguage\":\"de\",\"@id\":\"https:\/\/weltlaeden.de\/s-vaihingen\/ueber-uns\/tuergeschichten-in-corona-zeiten-weltladen\/#primaryimage\",\"url\":\"https:\/\/weltlaeden.de\/s-vaihingen\/wp-content\/uploads\/sites\/90\/2020\/12\/Weltladen-Karina-1.png\",\"contentUrl\":\"https:\/\/weltlaeden.de\/s-vaihingen\/wp-content\/uploads\/sites\/90\/2020\/12\/Weltladen-Karina-1.png\",\"width\":560,\"height\":556},{\"@type\":\"BreadcrumbList\",\"@id\":\"https:\/\/weltlaeden.de\/s-vaihingen\/ueber-uns\/tuergeschichten-in-corona-zeiten-weltladen\/#breadcrumb\",\"itemListElement\":[{\"@type\":\"ListItem\",\"position\":1,\"name\":\"Startseite\",\"item\":\"https:\/\/weltlaeden.de\/s-vaihingen\/\"},{\"@type\":\"ListItem\",\"position\":2,\"name\":\"\u00dcber uns\",\"item\":\"https:\/\/weltlaeden.de\/s-vaihingen\/ueber-uns\/\"},{\"@type\":\"ListItem\",\"position\":3,\"name\":\"T\u00fcrgeschichten in Corona-Zeiten: Weltladen\"}]},{\"@type\":\"WebSite\",\"@id\":\"https:\/\/weltlaeden.de\/s-vaihingen\/#website\",\"url\":\"https:\/\/weltlaeden.de\/s-vaihingen\/\",\"name\":\"Weltladen Stuttgart-Vaihingen\",\"description\":\"Faire Produkte seit 1987\",\"publisher\":{\"@id\":\"https:\/\/weltlaeden.de\/s-vaihingen\/#organization\"},\"potentialAction\":[{\"@type\":\"SearchAction\",\"target\":{\"@type\":\"EntryPoint\",\"urlTemplate\":\"https:\/\/weltlaeden.de\/s-vaihingen\/?s={search_term_string}\"},\"query-input\":{\"@type\":\"PropertyValueSpecification\",\"valueRequired\":true,\"valueName\":\"search_term_string\"}}],\"inLanguage\":\"de\"},{\"@type\":\"Organization\",\"@id\":\"https:\/\/weltlaeden.de\/s-vaihingen\/#organization\",\"name\":\"Stuttgarter Weltladen in Vaihingen\",\"url\":\"https:\/\/weltlaeden.de\/s-vaihingen\/\",\"logo\":{\"@type\":\"ImageObject\",\"inLanguage\":\"de\",\"@id\":\"https:\/\/weltlaeden.de\/s-vaihingen\/#\/schema\/logo\/image\/\",\"url\":\"https:\/\/weltlaeden.de\/s-vaihingen\/wp-content\/uploads\/sites\/90\/2019\/04\/stuttgarter-Weltladen-in-vaihingen.jpg\",\"contentUrl\":\"https:\/\/weltlaeden.de\/s-vaihingen\/wp-content\/uploads\/sites\/90\/2019\/04\/stuttgarter-Weltladen-in-vaihingen.jpg\",\"width\":2601,\"height\":1625,\"caption\":\"Stuttgarter Weltladen in Vaihingen\"},\"image\":{\"@id\":\"https:\/\/weltlaeden.de\/s-vaihingen\/#\/schema\/logo\/image\/\"},\"sameAs\":[\"https:\/\/www.facebook.com\/weltladenstuttgartvaihingen\/\"]}]}<\/script>\n<!-- \/ Yoast SEO plugin. -->","yoast_head_json":{"title":"T\u00fcrgeschichten in Corona-Zeiten: Weltladen - Weltladen Stuttgart-Vaihingen","robots":{"index":"index","follow":"follow","max-snippet":"max-snippet:-1","max-image-preview":"max-image-preview:large","max-video-preview":"max-video-preview:-1"},"canonical":"https:\/\/weltlaeden.de\/s-vaihingen\/ueber-uns\/tuergeschichten-in-corona-zeiten-weltladen\/","og_locale":"de_DE","og_type":"article","og_title":"T\u00fcrgeschichten in Corona-Zeiten: Weltladen - Weltladen Stuttgart-Vaihingen","og_description":"[vc_row][vc_column][vc_column_text css=&#8220;&#8220;] Unser Weltladen in den &#8222;T\u00fcrgeschichten&#8220; Das Fotografen-Ehepaar Caroline Fredericks und Keith Wilson, das in Vaihingen das Fotostudio Sunflower Imaging betreibt, hatte zu Anfang der Corona-Zeit die Idee, mit den T\u00fcrgeschichten Vaihinger:innen und Vaihinger Betriebe vorzustellen und was die Corona-Pandemie f\u00fcr sie evtl. ver\u00e4ndert hat. Der Weltladen Stuttgart-Vaihingen erhielt die M\u00f6glichkeit, einen Beitrag zu&hellip;","og_url":"https:\/\/weltlaeden.de\/s-vaihingen\/ueber-uns\/tuergeschichten-in-corona-zeiten-weltladen\/","og_site_name":"Weltladen Stuttgart-Vaihingen","article_publisher":"https:\/\/www.facebook.com\/weltladenstuttgartvaihingen\/","article_modified_time":"2025-06-23T21:04:50+00:00","og_image":[{"width":560,"height":556,"url":"https:\/\/weltlaeden.de\/s-vaihingen\/wp-content\/uploads\/sites\/90\/2020\/12\/Weltladen-Karina-1.png","type":"image\/png"}],"twitter_card":"summary_large_image","twitter_misc":{"Gesch\u00e4tzte Lesezeit":"1\u00a0Minute"},"schema":{"@context":"https:\/\/schema.org","@graph":[{"@type":"WebPage","@id":"https:\/\/weltlaeden.de\/s-vaihingen\/ueber-uns\/tuergeschichten-in-corona-zeiten-weltladen\/","url":"https:\/\/weltlaeden.de\/s-vaihingen\/ueber-uns\/tuergeschichten-in-corona-zeiten-weltladen\/","name":"T\u00fcrgeschichten in Corona-Zeiten: Weltladen - Weltladen Stuttgart-Vaihingen","isPartOf":{"@id":"https:\/\/weltlaeden.de\/s-vaihingen\/#website"},"primaryImageOfPage":{"@id":"https:\/\/weltlaeden.de\/s-vaihingen\/ueber-uns\/tuergeschichten-in-corona-zeiten-weltladen\/#primaryimage"},"image":{"@id":"https:\/\/weltlaeden.de\/s-vaihingen\/ueber-uns\/tuergeschichten-in-corona-zeiten-weltladen\/#primaryimage"},"thumbnailUrl":"https:\/\/weltlaeden.de\/s-vaihingen\/wp-content\/uploads\/sites\/90\/2020\/12\/Weltladen-Karina-1-300x298.png","datePublished":"2020-12-02T22:42:41+00:00","dateModified":"2025-06-23T21:04:50+00:00","breadcrumb":{"@id":"https:\/\/weltlaeden.de\/s-vaihingen\/ueber-uns\/tuergeschichten-in-corona-zeiten-weltladen\/#breadcrumb"},"inLanguage":"de","potentialAction":[{"@type":"ReadAction","target":["https:\/\/weltlaeden.de\/s-vaihingen\/ueber-uns\/tuergeschichten-in-corona-zeiten-weltladen\/"]}]},{"@type":"ImageObject","inLanguage":"de","@id":"https:\/\/weltlaeden.de\/s-vaihingen\/ueber-uns\/tuergeschichten-in-corona-zeiten-weltladen\/#primaryimage","url":"https:\/\/weltlaeden.de\/s-vaihingen\/wp-content\/uploads\/sites\/90\/2020\/12\/Weltladen-Karina-1.png","contentUrl":"https:\/\/weltlaeden.de\/s-vaihingen\/wp-content\/uploads\/sites\/90\/2020\/12\/Weltladen-Karina-1.png","width":560,"height":556},{"@type":"BreadcrumbList","@id":"https:\/\/weltlaeden.de\/s-vaihingen\/ueber-uns\/tuergeschichten-in-corona-zeiten-weltladen\/#breadcrumb","itemListElement":[{"@type":"ListItem","position":1,"name":"Startseite","item":"https:\/\/weltlaeden.de\/s-vaihingen\/"},{"@type":"ListItem","position":2,"name":"\u00dcber uns","item":"https:\/\/weltlaeden.de\/s-vaihingen\/ueber-uns\/"},{"@type":"ListItem","position":3,"name":"T\u00fcrgeschichten in Corona-Zeiten: Weltladen"}]},{"@type":"WebSite","@id":"https:\/\/weltlaeden.de\/s-vaihingen\/#website","url":"https:\/\/weltlaeden.de\/s-vaihingen\/","name":"Weltladen Stuttgart-Vaihingen","description":"Faire Produkte seit 1987","publisher":{"@id":"https:\/\/weltlaeden.de\/s-vaihingen\/#organization"},"potentialAction":[{"@type":"SearchAction","target":{"@type":"EntryPoint","urlTemplate":"https:\/\/weltlaeden.de\/s-vaihingen\/?s={search_term_string}"},"query-input":{"@type":"PropertyValueSpecification","valueRequired":true,"valueName":"search_term_string"}}],"inLanguage":"de"},{"@type":"Organization","@id":"https:\/\/weltlaeden.de\/s-vaihingen\/#organization","name":"Stuttgarter Weltladen in Vaihingen","url":"https:\/\/weltlaeden.de\/s-vaihingen\/","logo":{"@type":"ImageObject","inLanguage":"de","@id":"https:\/\/weltlaeden.de\/s-vaihingen\/#\/schema\/logo\/image\/","url":"https:\/\/weltlaeden.de\/s-vaihingen\/wp-content\/uploads\/sites\/90\/2019\/04\/stuttgarter-Weltladen-in-vaihingen.jpg","contentUrl":"https:\/\/weltlaeden.de\/s-vaihingen\/wp-content\/uploads\/sites\/90\/2019\/04\/stuttgarter-Weltladen-in-vaihingen.jpg","width":2601,"height":1625,"caption":"Stuttgarter Weltladen in Vaihingen"},"image":{"@id":"https:\/\/weltlaeden.de\/s-vaihingen\/#\/schema\/logo\/image\/"},"sameAs":["https:\/\/www.facebook.com\/weltladenstuttgartvaihingen\/"]}]}},"_links":{"self":[{"href":"https:\/\/weltlaeden.de\/s-vaihingen\/wp-json\/wp\/v2\/pages\/1082","targetHints":{"allow":["GET"]}}],"collection":[{"href":"https:\/\/weltlaeden.de\/s-vaihingen\/wp-json\/wp\/v2\/pages"}],"about":[{"href":"https:\/\/weltlaeden.de\/s-vaihingen\/wp-json\/wp\/v2\/types\/page"}],"author":[{"embeddable":true,"href":"https:\/\/weltlaeden.de\/s-vaihingen\/wp-json\/wp\/v2\/users\/136"}],"replies":[{"embeddable":true,"href":"https:\/\/weltlaeden.de\/s-vaihingen\/wp-json\/wp\/v2\/comments?post=1082"}],"version-history":[{"count":7,"href":"https:\/\/weltlaeden.de\/s-vaihingen\/wp-json\/wp\/v2\/pages\/1082\/revisions"}],"predecessor-version":[{"id":1950,"href":"https:\/\/weltlaeden.de\/s-vaihingen\/wp-json\/wp\/v2\/pages\/1082\/revisions\/1950"}],"up":[{"embeddable":true,"href":"https:\/\/weltlaeden.de\/s-vaihingen\/wp-json\/wp\/v2\/pages\/1361"}],"wp:attachment":[{"href":"https:\/\/weltlaeden.de\/s-vaihingen\/wp-json\/wp\/v2\/media?parent=1082"}],"curies":[{"name":"wp","href":"https:\/\/api.w.org\/{rel}","templated":true}]}}