{"id":1054,"date":"2023-04-26T17:08:51","date_gmt":"2023-04-26T15:08:51","guid":{"rendered":"https:\/\/weltlaeden.de\/rottenburg-am-neckar\/?page_id=1054"},"modified":"2025-10-09T11:19:40","modified_gmt":"2025-10-09T09:19:40","slug":"termine-aktuelles","status":"publish","type":"page","link":"https:\/\/weltlaeden.de\/rottenburg-am-neckar\/termine-aktuelles\/","title":{"rendered":"Termine &amp; Aktuelles"},"content":{"rendered":"<div class=\"wpb-content-wrapper\"><p>[vc_row][vc_column]<ul class=\"termine-page current aktuell\">[vc_separator][vc_empty_space][vc_row_inner][vc_column_inner width=&#8220;1\/2&#8243;][vc_column_text css=&#8220;&#8220;]<\/p>\n<h2 data-start=\"91\" data-end=\"137\">Kaffee-Radler zu Gast in Rottenburg<\/h2>\n<p data-start=\"139\" data-end=\"470\">Am <strong data-start=\"142\" data-end=\"163\">4. September 2025<\/strong> machte die <strong data-start=\"175\" data-end=\"205\">\u00f6ko-faire Kaffee-Radeltour<\/strong> Station vor dem Weltladen Rottenburg.<br data-start=\"243\" data-end=\"246\" \/>Die Radler und Radlerinnen waren seit Ende August von Hamburg aus unterwegs. Mit dabei: Kaffee aus Nicaragua, der <strong data-start=\"351\" data-end=\"374\">biologisch angebaut<\/strong>, <strong data-start=\"376\" data-end=\"394\" data-is-only-node=\"\">fair gehandelt<\/strong> und mit einem <strong data-start=\"409\" data-end=\"452\">Frachtsegler klimafreundlich \u00fcbers Meer<\/strong> gebracht wurde. <a href=\"https:\/\/weltlaeden.de\/rottenburg-am-neckar\/termine-aktuelles\/kaffee-radler-zu-gast-in-rottenburg\/\">Mehr erfahren&#8230;<\/a><\/p>\n<p>[\/vc_column_text][\/vc_column_inner][vc_column_inner width=&#8220;1\/2&#8243;][vc_single_image image=&#8220;1479&#8243; img_size=&#8220;600&#215;500&#8243; alignment=&#8220;center&#8220; css=&#8220;&#8220;][\/vc_column_inner][\/vc_row_inner][vc_empty_space][\/vc_column][\/vc_row][vc_row][vc_column width=&#8220;1\/2&#8243;][vc_single_image image=&#8220;1314&#8243; img_size=&#8220;600&#215;500&#8243; alignment=&#8220;center&#8220; css=&#8220;&#8220;][\/vc_column][vc_column width=&#8220;1\/2&#8243;][vc_column_text css=&#8220;&#8220;]<\/p>\n<h2>Die nachhaltige Schoko\u00fcberraschung<\/h2>\n<p>Entdecken Sie den Schoko Schatz aus Bayern &#8211; die k\u00f6stliche, nachhaltige Alternative zu \u00dcberraschungseiern. Feinste Bio Vollmilchschokolade und handgefertigte Specksteinfiguren aus Kenia machen jede \u00dcberraschung einzigartig.<\/p>\n<p>Perfekt f\u00fcr Kinder und eine wunderbare Geschenkidee f\u00fcr Freunde und Familie. \u00dcberraschen Sie Ihre Liebsten mit dieser nachhaltigen, schokoladigen K\u00f6stlichkeit.[\/vc_column_text][\/vc_column][\/vc_row][vc_row][vc_column][vc_empty_space][\/vc_column][\/vc_row][vc_row][vc_column width=&#8220;1\/2&#8243;][vc_column_text css=&#8220;&#8220;]<\/p>\n<h2>Exotischer Genuss!<\/h2>\n<p>Entdecken Sie den <strong>Wild Mango Lime Lik\u00f6r von WeltPartner<\/strong> in unserem Laden. Dieser Lik\u00f6r hergestellt aus exotischen Fr\u00fcchten aus den Philippinen schmeckt nicht nur pur besonders gut, sondern ist auch als besondere Zutat in Cocktails perfekt geeignet. WeltPartner setzt auf nachhaltige und faire Produkte. Sie k\u00f6nnen sich sicher sein, dass sie mit jedem Schluck dieses Lik\u00f6rs zur Verbesserung der Lebensbedingungen der Produzenten beitragen. Zudem ist es eine wunderbare Geschenkidee im Sommer![\/vc_column_text][\/vc_column][vc_column width=&#8220;1\/2&#8243;][vc_single_image image=&#8220;1300&#8243; img_size=&#8220;600&#215;500&#8243; css=&#8220;&#8220;][\/vc_column][\/vc_row][vc_row][vc_column][vc_empty_space][\/vc_column][\/vc_row][vc_row][vc_column width=&#8220;1\/2&#8243;][vc_single_image image=&#8220;1315&#8243; img_size=&#8220;600 x 500&#8243; add_caption=&#8220;yes&#8220; css=&#8220;&#8220;][vc_column_text css=&#8220;&#8220;]<em><span class=\"BxUVEf ILfuVd\" lang=\"de\"><span class=\"hgKElc\"><b>\u00a9<\/b><\/span><\/span> AMA<\/em>[\/vc_column_text][\/vc_column][vc_column width=&#8220;1\/2&#8243;][vc_column_text css=&#8220;&#8220;]<\/p>\n<h2>Neues Korbangebot von AMA<\/h2>\n<p>Entdecken Sie das neue Korbangebot von <a href=\"https:\/\/amafashion.de\/\">AMA<\/a> &#8211; handgefertigte Kunstwerke, die traditionelle afrikanische Handwerkskunst wiederspiegelt. Gef\u00e4llt Ihnen ein Korb in deren Katalog? Geben Sie uns Bescheid und wir bestellen es gerne auf Wunsch f\u00fcr Sie.<\/p>\n<p>Bereichern Sie Ihre Einrichtung mit diesen einzigartigen K\u00f6rben, die sicherlich ein Leben lang halten![\/vc_column_text][\/vc_column][\/vc_row][vc_row][vc_column][vc_empty_space][\/vc_column][\/vc_row]<\/p>\n<\/div>","protected":false},"excerpt":{"rendered":"<p>[vc_row][vc_column][vc_separator][vc_empty_space][vc_row_inner][vc_column_inner width=&#8220;1\/2&#8243;][vc_column_text css=&#8220;&#8220;] Kaffee-Radler zu Gast in Rottenburg Am 4. September 2025 machte die \u00f6ko-faire Kaffee-Radeltour Station vor dem Weltladen Rottenburg.Die Radler und Radlerinnen waren seit Ende August von Hamburg aus unterwegs. Mit dabei: Kaffee aus Nicaragua, der biologisch angebaut, fair gehandelt und mit einem Frachtsegler klimafreundlich \u00fcbers Meer gebracht wurde. Mehr erfahren&#8230; [\/vc_column_text][\/vc_column_inner][vc_column_inner width=&#8220;1\/2&#8243;][vc_single_image&hellip;<\/p>\n","protected":false},"author":285,"featured_media":0,"parent":0,"menu_order":0,"comment_status":"closed","ping_status":"closed","template":"","meta":{"footnotes":""},"class_list":["post-1054","page","type-page","status-publish","hentry","description-off"],"yoast_head":"<!-- This site is optimized with the Yoast SEO plugin v26.8 - https:\/\/yoast.com\/product\/yoast-seo-wordpress\/ -->\n<title>Termine &amp; Aktuelles - Weltladen Rottenburg<\/title>\n<meta name=\"description\" content=\"Bleiben Sie im Bilde \u00fcber alles, was in unserem Weltladen passiert! Von spannenden Veranstaltungen bis hin zu aktuellen Nachrichten rund um fairen Handel.\" \/>\n<meta name=\"robots\" content=\"index, follow, max-snippet:-1, max-image-preview:large, max-video-preview:-1\" \/>\n<link rel=\"canonical\" href=\"https:\/\/weltlaeden.de\/rottenburg-am-neckar\/termine-aktuelles\/\" \/>\n<meta property=\"og:locale\" content=\"de_DE\" \/>\n<meta property=\"og:type\" content=\"article\" \/>\n<meta property=\"og:title\" content=\"Termine &amp; Aktuelles - Weltladen Rottenburg\" \/>\n<meta property=\"og:description\" content=\"Bleiben Sie im Bilde \u00fcber alles, was in unserem Weltladen passiert! Von spannenden Veranstaltungen bis hin zu aktuellen Nachrichten rund um fairen Handel.\" \/>\n<meta property=\"og:url\" content=\"https:\/\/weltlaeden.de\/rottenburg-am-neckar\/termine-aktuelles\/\" \/>\n<meta property=\"og:site_name\" content=\"Weltladen Rottenburg\" \/>\n<meta property=\"article:modified_time\" content=\"2025-10-09T09:19:40+00:00\" \/>\n<meta name=\"twitter:card\" content=\"summary_large_image\" \/>\n<meta name=\"twitter:label1\" content=\"Gesch\u00e4tzte Lesezeit\" \/>\n\t<meta name=\"twitter:data1\" content=\"2\u00a0Minuten\" \/>\n<script type=\"application\/ld+json\" class=\"yoast-schema-graph\">{\"@context\":\"https:\/\/schema.org\",\"@graph\":[{\"@type\":\"WebPage\",\"@id\":\"https:\/\/weltlaeden.de\/rottenburg-am-neckar\/termine-aktuelles\/\",\"url\":\"https:\/\/weltlaeden.de\/rottenburg-am-neckar\/termine-aktuelles\/\",\"name\":\"Termine &amp; Aktuelles - Weltladen Rottenburg\",\"isPartOf\":{\"@id\":\"https:\/\/weltlaeden.de\/rottenburg-am-neckar\/#website\"},\"datePublished\":\"2023-04-26T15:08:51+00:00\",\"dateModified\":\"2025-10-09T09:19:40+00:00\",\"description\":\"Bleiben Sie im Bilde \u00fcber alles, was in unserem Weltladen passiert! Von spannenden Veranstaltungen bis hin zu aktuellen Nachrichten rund um fairen Handel.\",\"breadcrumb\":{\"@id\":\"https:\/\/weltlaeden.de\/rottenburg-am-neckar\/termine-aktuelles\/#breadcrumb\"},\"inLanguage\":\"de\",\"potentialAction\":[{\"@type\":\"ReadAction\",\"target\":[\"https:\/\/weltlaeden.de\/rottenburg-am-neckar\/termine-aktuelles\/\"]}]},{\"@type\":\"BreadcrumbList\",\"@id\":\"https:\/\/weltlaeden.de\/rottenburg-am-neckar\/termine-aktuelles\/#breadcrumb\",\"itemListElement\":[{\"@type\":\"ListItem\",\"position\":1,\"name\":\"Startseite\",\"item\":\"https:\/\/weltlaeden.de\/rottenburg-am-neckar\/\"},{\"@type\":\"ListItem\",\"position\":2,\"name\":\"Termine &amp; Aktuelles\"}]},{\"@type\":\"WebSite\",\"@id\":\"https:\/\/weltlaeden.de\/rottenburg-am-neckar\/#website\",\"url\":\"https:\/\/weltlaeden.de\/rottenburg-am-neckar\/\",\"name\":\"Weltladen Rottenburg\",\"description\":\"Faire Produkte seit 1977\",\"potentialAction\":[{\"@type\":\"SearchAction\",\"target\":{\"@type\":\"EntryPoint\",\"urlTemplate\":\"https:\/\/weltlaeden.de\/rottenburg-am-neckar\/?s={search_term_string}\"},\"query-input\":{\"@type\":\"PropertyValueSpecification\",\"valueRequired\":true,\"valueName\":\"search_term_string\"}}],\"inLanguage\":\"de\"}]}<\/script>\n<!-- \/ Yoast SEO plugin. -->","yoast_head_json":{"title":"Termine &amp; Aktuelles - Weltladen Rottenburg","description":"Bleiben Sie im Bilde \u00fcber alles, was in unserem Weltladen passiert! Von spannenden Veranstaltungen bis hin zu aktuellen Nachrichten rund um fairen Handel.","robots":{"index":"index","follow":"follow","max-snippet":"max-snippet:-1","max-image-preview":"max-image-preview:large","max-video-preview":"max-video-preview:-1"},"canonical":"https:\/\/weltlaeden.de\/rottenburg-am-neckar\/termine-aktuelles\/","og_locale":"de_DE","og_type":"article","og_title":"Termine &amp; Aktuelles - Weltladen Rottenburg","og_description":"Bleiben Sie im Bilde \u00fcber alles, was in unserem Weltladen passiert! Von spannenden Veranstaltungen bis hin zu aktuellen Nachrichten rund um fairen Handel.","og_url":"https:\/\/weltlaeden.de\/rottenburg-am-neckar\/termine-aktuelles\/","og_site_name":"Weltladen Rottenburg","article_modified_time":"2025-10-09T09:19:40+00:00","twitter_card":"summary_large_image","twitter_misc":{"Gesch\u00e4tzte Lesezeit":"2\u00a0Minuten"},"schema":{"@context":"https:\/\/schema.org","@graph":[{"@type":"WebPage","@id":"https:\/\/weltlaeden.de\/rottenburg-am-neckar\/termine-aktuelles\/","url":"https:\/\/weltlaeden.de\/rottenburg-am-neckar\/termine-aktuelles\/","name":"Termine &amp; Aktuelles - Weltladen Rottenburg","isPartOf":{"@id":"https:\/\/weltlaeden.de\/rottenburg-am-neckar\/#website"},"datePublished":"2023-04-26T15:08:51+00:00","dateModified":"2025-10-09T09:19:40+00:00","description":"Bleiben Sie im Bilde \u00fcber alles, was in unserem Weltladen passiert! Von spannenden Veranstaltungen bis hin zu aktuellen Nachrichten rund um fairen Handel.","breadcrumb":{"@id":"https:\/\/weltlaeden.de\/rottenburg-am-neckar\/termine-aktuelles\/#breadcrumb"},"inLanguage":"de","potentialAction":[{"@type":"ReadAction","target":["https:\/\/weltlaeden.de\/rottenburg-am-neckar\/termine-aktuelles\/"]}]},{"@type":"BreadcrumbList","@id":"https:\/\/weltlaeden.de\/rottenburg-am-neckar\/termine-aktuelles\/#breadcrumb","itemListElement":[{"@type":"ListItem","position":1,"name":"Startseite","item":"https:\/\/weltlaeden.de\/rottenburg-am-neckar\/"},{"@type":"ListItem","position":2,"name":"Termine &amp; Aktuelles"}]},{"@type":"WebSite","@id":"https:\/\/weltlaeden.de\/rottenburg-am-neckar\/#website","url":"https:\/\/weltlaeden.de\/rottenburg-am-neckar\/","name":"Weltladen Rottenburg","description":"Faire Produkte seit 1977","potentialAction":[{"@type":"SearchAction","target":{"@type":"EntryPoint","urlTemplate":"https:\/\/weltlaeden.de\/rottenburg-am-neckar\/?s={search_term_string}"},"query-input":{"@type":"PropertyValueSpecification","valueRequired":true,"valueName":"search_term_string"}}],"inLanguage":"de"}]}},"_links":{"self":[{"href":"https:\/\/weltlaeden.de\/rottenburg-am-neckar\/wp-json\/wp\/v2\/pages\/1054","targetHints":{"allow":["GET"]}}],"collection":[{"href":"https:\/\/weltlaeden.de\/rottenburg-am-neckar\/wp-json\/wp\/v2\/pages"}],"about":[{"href":"https:\/\/weltlaeden.de\/rottenburg-am-neckar\/wp-json\/wp\/v2\/types\/page"}],"author":[{"embeddable":true,"href":"https:\/\/weltlaeden.de\/rottenburg-am-neckar\/wp-json\/wp\/v2\/users\/285"}],"replies":[{"embeddable":true,"href":"https:\/\/weltlaeden.de\/rottenburg-am-neckar\/wp-json\/wp\/v2\/comments?post=1054"}],"version-history":[{"count":37,"href":"https:\/\/weltlaeden.de\/rottenburg-am-neckar\/wp-json\/wp\/v2\/pages\/1054\/revisions"}],"predecessor-version":[{"id":1510,"href":"https:\/\/weltlaeden.de\/rottenburg-am-neckar\/wp-json\/wp\/v2\/pages\/1054\/revisions\/1510"}],"wp:attachment":[{"href":"https:\/\/weltlaeden.de\/rottenburg-am-neckar\/wp-json\/wp\/v2\/media?parent=1054"}],"curies":[{"name":"wp","href":"https:\/\/api.w.org\/{rel}","templated":true}]}}