{"id":217,"date":"2016-10-28T13:34:47","date_gmt":"2016-10-28T11:34:47","guid":{"rendered":"https:\/\/wl.heimpixel.de\/vorlage\/produkte\/"},"modified":"2021-09-22T07:20:12","modified_gmt":"2021-09-22T05:20:12","slug":"produkte","status":"publish","type":"page","link":"https:\/\/weltlaeden.de\/rodenkirchen\/produkte\/","title":{"rendered":"Produkte"},"content":{"rendered":"<div class=\"wpb-content-wrapper\"><p>[vc_row][vc_column]<div class=\"wl_einzelbild\"><p><\/p><\/div>[vc_empty_space][vc_column_text]<\/p>\n<h1>Unser Sortiment<\/h1>\n<p>[\/vc_column_text][vc_column_text]<\/p>\n<h2 style=\"text-align: center\">LEBENSMITTEL<\/h2>\n<p><strong>KAFFEE<\/strong> aus Afrika, Mittel- und S\u00fcdamerika &#8211; gemahlen oder Bohnen, mild oder kr\u00e4ftig, koffeinfrei oder extra s\u00e4urearm&#8230;<\/p>\n<p>Wer einen besonderen Kaffee sucht, wird bei uns etwas finden. Und was wir nicht vorr\u00e4tig haben, k\u00f6nnen wir aus einem riesigen Sortiment fair gehandelter Kaffees extra f\u00fcr Sie bestellen.<\/p>\n<p><strong>TEE<\/strong>: Schwarztee, Gr\u00fcner Tee, wei\u00dfer Tee, Fr\u00fcchte- und Kr\u00e4utertees.<\/p>\n<p><strong>KAKAO<\/strong>: Stark ent\u00f6lt oder schwach ent\u00f6lt, Trinkschokolade<\/p>\n<p>Edle<strong> SCHOKOLADE<\/strong> von 33% bis 95% Kakaoanteil, insgesamt etwa 25 verschiedene Sorten.<\/p>\n<p><strong>KEKSE <\/strong>und<strong> BONBONS<\/strong><\/p>\n<p><strong>HONIG <\/strong>und<strong> SCHOKO-CREME<\/strong><\/p>\n<p><strong>MANGO-Produkte<\/strong><\/p>\n<p><strong>ROSINEN<\/strong><\/p>\n<p><strong>KOKOSMILCH<\/strong><\/p>\n<p><strong>MASCOBADO-VOLLROHRZUCKER<\/strong><\/p>\n<p><strong>REIS<\/strong><\/p>\n<p><strong>GEW\u00dcRZE <\/strong>(Zimt, Pfeffer, Gew\u00fcrzmischungen), Sojasauce, Sweet-Chili So\u00dfe&#8230;<\/p>\n<p>Hochwertiges<strong> OLIVEN\u00d6L <\/strong>aus Albanien<\/p>\n<p>&nbsp;<\/p>\n<h2 style=\"text-align: center\">NON FOOD \/ KUNSTHANDWERK<\/h2>\n<p>Wir halten viele interessante Produkte f\u00fcr Sie bereit und es gibt dabei st\u00e4ndig etwas Neues zu entdecken:<\/p>\n<p><strong>SCHALS<\/strong> und <strong>T\u00dcCHER<\/strong> in gro\u00dfer Auswahl und Vielfalt, auch f\u00fcr Herren<\/p>\n<p><strong>FILZ-Produkte<\/strong> u.a. \u00a0aus Nepal<\/p>\n<p><strong>TASCHEN<\/strong> und <strong>BEUTEL <\/strong>aus Leder, Filz und Stoff<strong><br \/>\n<\/strong><\/p>\n<p>Handgewebte<strong> GESCHIRR-HANDT\u00dcCHER <\/strong>aus Indien<\/p>\n<p>Das<span style=\"color: #ff6600\"><a style=\"color: #ff6600\" href=\"https:\/\/sonnenglas.net\/de\"><strong> SONNENGLAS <\/strong><\/a><\/span>aus Afrika<\/p>\n<p><strong>KORBWAREN<\/strong><\/p>\n<p><strong>KARTEN <\/strong>f\u00fcr verschiedene Anl\u00e4sse<\/p>\n<p><strong>PAPIERSERVIETTEN\u00a0<\/strong> und <strong>KERZEN<\/strong><\/p>\n<p><strong>KERAMIK <\/strong>aus der Kreativwerkstatt der Stiftung Lebensr\u00e4ume Ovelg\u00f6nner M\u00fchle \u2013 ein regionales Produkt<\/p>\n<p><strong>Bei uns k\u00f6nnen Sie auch in den Katalogen der Importeure und Lieferanten st\u00f6bern \u2013 wir bestellen gerne f\u00fcr Sie, was wir so nicht im Laden vorr\u00e4tig haben.<\/strong><\/p>\n<p>Und wer nicht zu uns in den Laden kommen kann, dem bringen wir auch gerne alles nach Hause![\/vc_column_text][vc_empty_space][vc_row_inner][vc_column_inner width=&#8220;1\/2&#8243;][vc_column_text]<\/p>\n<h2>Lebensmittel<\/h2>\n<p>[\/vc_column_text]<div class=\"wl_einzelbild\"><p><img loading=\"lazy\" decoding=\"async\" class=\"aligncenter size-full wp-image-nsm-3-26\" src=\"https:\/\/weltlaeden.de\/rodenkirchen\/wp-content\/uploads\/sites\/3\/2018\/05\/Lebensmittel_WL-Bornheim-Christian-Schilling.jpg\" alt=\"\" width=\"600\" height=\"402\" \/><\/p><\/div>[vc_column_text][\/vc_column_text][\/vc_column_inner][vc_column_inner width=&#8220;1\/2&#8243;][vc_column_text]<\/p>\n<h2>Kunsthandwerk<\/h2>\n<p>[\/vc_column_text]<div class=\"wl_einzelbild\"><p><img loading=\"lazy\" decoding=\"async\" class=\"aligncenter size-full wp-image-nsm-3-18\" src=\"https:\/\/weltlaeden.de\/rodenkirchen\/wp-content\/uploads\/sites\/3\/2016\/11\/NonFoodweltladen31.jpg\" alt=\"\" width=\"600\" height=\"402\" \/><\/p><\/div>[vc_column_text][\/vc_column_text][\/vc_column_inner][\/vc_row_inner][\/vc_column][\/vc_row]<\/p>\n<\/div>","protected":false},"excerpt":{"rendered":"<p>[vc_row][vc_column][vc_empty_space][vc_column_text] Unser Sortiment [\/vc_column_text][vc_column_text] LEBENSMITTEL KAFFEE aus Afrika, Mittel- und S\u00fcdamerika &#8211; gemahlen oder Bohnen, mild oder kr\u00e4ftig, koffeinfrei oder extra s\u00e4urearm&#8230; Wer einen besonderen Kaffee sucht, wird bei uns etwas finden. Und was wir nicht vorr\u00e4tig haben, k\u00f6nnen wir aus einem riesigen Sortiment fair gehandelter Kaffees extra f\u00fcr Sie bestellen. TEE: Schwarztee, Gr\u00fcner Tee,&hellip;<\/p>\n","protected":false},"author":1,"featured_media":0,"parent":0,"menu_order":3,"comment_status":"closed","ping_status":"closed","template":"","meta":{"footnotes":""},"class_list":["post-217","page","type-page","status-publish","hentry","description-off"],"yoast_head":"<!-- This site is optimized with the Yoast SEO plugin v26.8 - https:\/\/yoast.com\/product\/yoast-seo-wordpress\/ -->\n<title>Produkte - Weltgruppe Rodenkirchen<\/title>\n<meta name=\"robots\" content=\"index, follow, max-snippet:-1, max-image-preview:large, max-video-preview:-1\" \/>\n<link rel=\"canonical\" href=\"https:\/\/weltlaeden.de\/rodenkirchen\/produkte\/\" \/>\n<meta property=\"og:locale\" content=\"de_DE\" \/>\n<meta property=\"og:type\" content=\"article\" \/>\n<meta property=\"og:title\" content=\"Produkte - Weltgruppe Rodenkirchen\" \/>\n<meta property=\"og:description\" content=\"[vc_row][vc_column][vc_empty_space][vc_column_text] Unser Sortiment [\/vc_column_text][vc_column_text] LEBENSMITTEL KAFFEE aus Afrika, Mittel- und S\u00fcdamerika &#8211; gemahlen oder Bohnen, mild oder kr\u00e4ftig, koffeinfrei oder extra s\u00e4urearm&#8230; Wer einen besonderen Kaffee sucht, wird bei uns etwas finden. Und was wir nicht vorr\u00e4tig haben, k\u00f6nnen wir aus einem riesigen Sortiment fair gehandelter Kaffees extra f\u00fcr Sie bestellen. TEE: Schwarztee, Gr\u00fcner Tee,&hellip;\" \/>\n<meta property=\"og:url\" content=\"https:\/\/weltlaeden.de\/rodenkirchen\/produkte\/\" \/>\n<meta property=\"og:site_name\" content=\"Weltgruppe Rodenkirchen\" \/>\n<meta property=\"article:modified_time\" content=\"2021-09-22T05:20:12+00:00\" \/>\n<meta property=\"og:image\" content=\"https:\/\/weltlaeden.de\/rodenkirchen\/wp-content\/uploads\/sites\/3\/2018\/05\/Lebensmittel_WL-Bornheim-Christian-Schilling.jpg\" \/>\n<meta name=\"twitter:card\" content=\"summary_large_image\" \/>\n<meta name=\"twitter:label1\" content=\"Gesch\u00e4tzte Lesezeit\" \/>\n\t<meta name=\"twitter:data1\" content=\"2\u00a0Minuten\" \/>\n<script type=\"application\/ld+json\" class=\"yoast-schema-graph\">{\"@context\":\"https:\/\/schema.org\",\"@graph\":[{\"@type\":\"WebPage\",\"@id\":\"https:\/\/weltlaeden.de\/rodenkirchen\/produkte\/\",\"url\":\"https:\/\/weltlaeden.de\/rodenkirchen\/produkte\/\",\"name\":\"Produkte - Weltgruppe Rodenkirchen\",\"isPartOf\":{\"@id\":\"https:\/\/weltlaeden.de\/rodenkirchen\/#website\"},\"primaryImageOfPage\":{\"@id\":\"https:\/\/weltlaeden.de\/rodenkirchen\/produkte\/#primaryimage\"},\"image\":{\"@id\":\"https:\/\/weltlaeden.de\/rodenkirchen\/produkte\/#primaryimage\"},\"thumbnailUrl\":\"https:\/\/weltlaeden.de\/rodenkirchen\/wp-content\/uploads\/sites\/3\/2018\/05\/Lebensmittel_WL-Bornheim-Christian-Schilling.jpg\",\"datePublished\":\"2016-10-28T11:34:47+00:00\",\"dateModified\":\"2021-09-22T05:20:12+00:00\",\"breadcrumb\":{\"@id\":\"https:\/\/weltlaeden.de\/rodenkirchen\/produkte\/#breadcrumb\"},\"inLanguage\":\"de\",\"potentialAction\":[{\"@type\":\"ReadAction\",\"target\":[\"https:\/\/weltlaeden.de\/rodenkirchen\/produkte\/\"]}]},{\"@type\":\"ImageObject\",\"inLanguage\":\"de\",\"@id\":\"https:\/\/weltlaeden.de\/rodenkirchen\/produkte\/#primaryimage\",\"url\":\"https:\/\/weltlaeden.de\/rodenkirchen\/wp-content\/uploads\/sites\/3\/2018\/05\/Lebensmittel_WL-Bornheim-Christian-Schilling.jpg\",\"contentUrl\":\"https:\/\/weltlaeden.de\/rodenkirchen\/wp-content\/uploads\/sites\/3\/2018\/05\/Lebensmittel_WL-Bornheim-Christian-Schilling.jpg\"},{\"@type\":\"BreadcrumbList\",\"@id\":\"https:\/\/weltlaeden.de\/rodenkirchen\/produkte\/#breadcrumb\",\"itemListElement\":[{\"@type\":\"ListItem\",\"position\":1,\"name\":\"Startseite\",\"item\":\"https:\/\/weltlaeden.de\/rodenkirchen\/\"},{\"@type\":\"ListItem\",\"position\":2,\"name\":\"Produkte\"}]},{\"@type\":\"WebSite\",\"@id\":\"https:\/\/weltlaeden.de\/rodenkirchen\/#website\",\"url\":\"https:\/\/weltlaeden.de\/rodenkirchen\/\",\"name\":\"Weltgruppe Rodenkirchen\",\"description\":\"Fairer Handel global und regional\",\"potentialAction\":[{\"@type\":\"SearchAction\",\"target\":{\"@type\":\"EntryPoint\",\"urlTemplate\":\"https:\/\/weltlaeden.de\/rodenkirchen\/?s={search_term_string}\"},\"query-input\":{\"@type\":\"PropertyValueSpecification\",\"valueRequired\":true,\"valueName\":\"search_term_string\"}}],\"inLanguage\":\"de\"}]}<\/script>\n<!-- \/ Yoast SEO plugin. -->","yoast_head_json":{"title":"Produkte - Weltgruppe Rodenkirchen","robots":{"index":"index","follow":"follow","max-snippet":"max-snippet:-1","max-image-preview":"max-image-preview:large","max-video-preview":"max-video-preview:-1"},"canonical":"https:\/\/weltlaeden.de\/rodenkirchen\/produkte\/","og_locale":"de_DE","og_type":"article","og_title":"Produkte - Weltgruppe Rodenkirchen","og_description":"[vc_row][vc_column][vc_empty_space][vc_column_text] Unser Sortiment [\/vc_column_text][vc_column_text] LEBENSMITTEL KAFFEE aus Afrika, Mittel- und S\u00fcdamerika &#8211; gemahlen oder Bohnen, mild oder kr\u00e4ftig, koffeinfrei oder extra s\u00e4urearm&#8230; Wer einen besonderen Kaffee sucht, wird bei uns etwas finden. Und was wir nicht vorr\u00e4tig haben, k\u00f6nnen wir aus einem riesigen Sortiment fair gehandelter Kaffees extra f\u00fcr Sie bestellen. TEE: Schwarztee, Gr\u00fcner Tee,&hellip;","og_url":"https:\/\/weltlaeden.de\/rodenkirchen\/produkte\/","og_site_name":"Weltgruppe Rodenkirchen","article_modified_time":"2021-09-22T05:20:12+00:00","og_image":[{"url":"https:\/\/weltlaeden.de\/rodenkirchen\/wp-content\/uploads\/sites\/3\/2018\/05\/Lebensmittel_WL-Bornheim-Christian-Schilling.jpg","type":"","width":"","height":""}],"twitter_card":"summary_large_image","twitter_misc":{"Gesch\u00e4tzte Lesezeit":"2\u00a0Minuten"},"schema":{"@context":"https:\/\/schema.org","@graph":[{"@type":"WebPage","@id":"https:\/\/weltlaeden.de\/rodenkirchen\/produkte\/","url":"https:\/\/weltlaeden.de\/rodenkirchen\/produkte\/","name":"Produkte - Weltgruppe Rodenkirchen","isPartOf":{"@id":"https:\/\/weltlaeden.de\/rodenkirchen\/#website"},"primaryImageOfPage":{"@id":"https:\/\/weltlaeden.de\/rodenkirchen\/produkte\/#primaryimage"},"image":{"@id":"https:\/\/weltlaeden.de\/rodenkirchen\/produkte\/#primaryimage"},"thumbnailUrl":"https:\/\/weltlaeden.de\/rodenkirchen\/wp-content\/uploads\/sites\/3\/2018\/05\/Lebensmittel_WL-Bornheim-Christian-Schilling.jpg","datePublished":"2016-10-28T11:34:47+00:00","dateModified":"2021-09-22T05:20:12+00:00","breadcrumb":{"@id":"https:\/\/weltlaeden.de\/rodenkirchen\/produkte\/#breadcrumb"},"inLanguage":"de","potentialAction":[{"@type":"ReadAction","target":["https:\/\/weltlaeden.de\/rodenkirchen\/produkte\/"]}]},{"@type":"ImageObject","inLanguage":"de","@id":"https:\/\/weltlaeden.de\/rodenkirchen\/produkte\/#primaryimage","url":"https:\/\/weltlaeden.de\/rodenkirchen\/wp-content\/uploads\/sites\/3\/2018\/05\/Lebensmittel_WL-Bornheim-Christian-Schilling.jpg","contentUrl":"https:\/\/weltlaeden.de\/rodenkirchen\/wp-content\/uploads\/sites\/3\/2018\/05\/Lebensmittel_WL-Bornheim-Christian-Schilling.jpg"},{"@type":"BreadcrumbList","@id":"https:\/\/weltlaeden.de\/rodenkirchen\/produkte\/#breadcrumb","itemListElement":[{"@type":"ListItem","position":1,"name":"Startseite","item":"https:\/\/weltlaeden.de\/rodenkirchen\/"},{"@type":"ListItem","position":2,"name":"Produkte"}]},{"@type":"WebSite","@id":"https:\/\/weltlaeden.de\/rodenkirchen\/#website","url":"https:\/\/weltlaeden.de\/rodenkirchen\/","name":"Weltgruppe Rodenkirchen","description":"Fairer Handel global und regional","potentialAction":[{"@type":"SearchAction","target":{"@type":"EntryPoint","urlTemplate":"https:\/\/weltlaeden.de\/rodenkirchen\/?s={search_term_string}"},"query-input":{"@type":"PropertyValueSpecification","valueRequired":true,"valueName":"search_term_string"}}],"inLanguage":"de"}]}},"_links":{"self":[{"href":"https:\/\/weltlaeden.de\/rodenkirchen\/wp-json\/wp\/v2\/pages\/217","targetHints":{"allow":["GET"]}}],"collection":[{"href":"https:\/\/weltlaeden.de\/rodenkirchen\/wp-json\/wp\/v2\/pages"}],"about":[{"href":"https:\/\/weltlaeden.de\/rodenkirchen\/wp-json\/wp\/v2\/types\/page"}],"author":[{"embeddable":true,"href":"https:\/\/weltlaeden.de\/rodenkirchen\/wp-json\/wp\/v2\/users\/1"}],"replies":[{"embeddable":true,"href":"https:\/\/weltlaeden.de\/rodenkirchen\/wp-json\/wp\/v2\/comments?post=217"}],"version-history":[{"count":26,"href":"https:\/\/weltlaeden.de\/rodenkirchen\/wp-json\/wp\/v2\/pages\/217\/revisions"}],"predecessor-version":[{"id":595,"href":"https:\/\/weltlaeden.de\/rodenkirchen\/wp-json\/wp\/v2\/pages\/217\/revisions\/595"}],"wp:attachment":[{"href":"https:\/\/weltlaeden.de\/rodenkirchen\/wp-json\/wp\/v2\/media?parent=217"}],"curies":[{"name":"wp","href":"https:\/\/api.w.org\/{rel}","templated":true}]}}