{"id":23,"date":"2016-10-14T09:05:21","date_gmt":"2016-10-14T07:05:21","guid":{"rendered":"https:\/\/wl.heimpixel.de\/vorlage\/termine\/"},"modified":"2019-11-19T10:09:58","modified_gmt":"2019-11-19T09:09:58","slug":"termine","status":"publish","type":"page","link":"https:\/\/weltlaeden.de\/reutlingen\/termine\/","title":{"rendered":"Termine"},"content":{"rendered":"<div class=\"wpb-content-wrapper\"><p>[vc_row][vc_column]<div class=\"wl_einzelbild\"><p><img loading=\"lazy\" decoding=\"async\" class=\"aligncenter size-full wp-image-nsm-3-33\" src=\"https:\/\/weltlaeden.de\/reutlingen\/wp-content\/uploads\/sites\/3\/2018\/07\/pocket-watch-1637396_1920_pixabay.png\" alt=\"\" width=\"787\" height=\"340\" \/><\/p><\/div>[vc_empty_space height=&#8220;30px&#8220;][vc_column_text]<\/p>\n<h1>Termine<\/h1>\n<p>[\/vc_column_text][vc_empty_space height=&#8220;30px&#8220;][\/vc_column][\/vc_row][vc_row][vc_column width=&#8220;2\/3&#8243;][vc_column_text]<\/p>\n<h2>Kommende Termine<\/h2>\n<p>[\/vc_column_text]<ul class=\"termine-page current aktuell\">[vc_empty_space height=&#8220;30px&#8220;][vc_column_text]<\/p>\n<h2>Vergangene Termine<\/h2>\n<p>[\/vc_column_text]<ul class=\"termine-page past vergangen\"><li><h5 class=\"termine-titel\"><a href=\"https:\/\/weltlaeden.de\/reutlingen\/termin\/schoko-kuesst-mango-kochshow-und-markt\/\">Schoko k\u00fcsst Mango &#8211; Kochshow und Markt<\/a><\/h5><p class=\"termine-date\">Fr., 24.04.2026, 17:00<\/p><p class=\"termine-auszug\">In der 5. Auflage der Reutlinger Kochshow im Rahmen der entwicklungspolitischen Gespr\u00e4chsreihe \u201eDie Welt FAIRbessern - aber wie?\u201c steht wieder die Schokolade im Mittelpunkt. Dieses Mal wird sie flankiert von Mango. Unser bew\u00e4hrter Koch und Konditor David Mayer verwendet wieder beide Komponenten in allen drei G\u00e4ngen seines Men\u00fcs, das er live auf der B\u00fchne zubereitet. Durch den Abend f\u00fchrt erneut die beliebte schw\u00e4bische Kabarettistin Dietlinde Ells\u00e4sser. Zu Wort kommen dabei auch die Produzent:innen der verwendeten Schokoladen und Mangos, die die Hintergr\u00fcnde ihrer Kakaobohnen- und Mangoproduktion erl\u00e4utern. Die Rezepte werden als Sketchnotes live mitgezeichnet von Dr. Claudia Guggemos. Die Schoko-Kochshow: fair, unterhaltsam und lecker - denn: Ja, es darf probiert werden. Kein Anmeldung erforderlich. Eintritt frei, Spenden erbeten. Zeitraum 18.00 - 20.00 Uhr. Ein Markt flankiert die faire Kochshow, die von 18 bis 20 Uhr stattfindet. Auf dem Markt im Foyer informieren wir Sie \u00fcber faire, \u00f6kologische und nachhaltige Schokolade und [...] <a href=\"https:\/\/weltlaeden.de\/reutlingen\/termin\/schoko-kuesst-mango-kochshow-und-markt\/\"><small>[WEITERLESEN]<\/small><\/a><\/p><p class=termine-ort\"><small>Ort: <i>vhs Reutlingen, Spendhausstr. 6, Reutlingen<\/i><\/small><\/p><\/li><li><h5 class=\"termine-titel\"><a href=\"https:\/\/weltlaeden.de\/reutlingen\/termin\/ladies-night-faire-mode-kennenlernen\/\">AUSGEBUCHT: Ladies Night &#8211; Faire Mode kennenlernen<\/a><\/h5><p class=\"termine-date\">Fr., 17.04.2026, 18:00<\/p><p class=\"termine-auszug\">Fair gehandelte Kleidung kennenlernen (18.00-19.30 Uhr) Kleidung aus Natur-Materialien ohne Kunstfaseranteil, Accessoires in edler Qualit\u00e4t, Taschen aus echtem Leder... in unserem Weltladen finden Sie eine gro\u00dfe Auswahl an Mode, die von zertifizierten Herstellern nachhaltig produziert und mit Labeln wie FairWear oder GOTS zu Recht gekennzeichnet sind. Wir laden Sie ein, sich selbst davon ein Bild zu machen und in entspannter Atmosph\u00e4re bei Sekt &amp; H\u00e4ppchen die neue Fr\u00fchjahrs- und Sommerkollektion kennenzulernen. Bringen Sie dazu auch gerne eigene Kleidung und Accessoires mit. Fair &amp; modisch ist kein Widerspruch. Fair kleidet! Kostenlose Veranstaltung. Verbindliche Anmeldung bis 15.04.2026 an: leitung@weltladen-reutlingen.de, Tel.: 07121 - 339200, maximal 15 Teilnehmerinnen!<p class=termine-ort\"><small>Ort: <i>Weltladen, Rathausstr. 10<\/i><\/small><\/p><\/li><li><h5 class=\"termine-titel\"><a href=\"https:\/\/weltlaeden.de\/reutlingen\/termin\/walk-talk-der-fairen-schokolade-auf-der-spur\/\">Walk &amp; Talk: der fairen Schokolade auf der Spur<\/a><\/h5><p class=\"termine-date\">Sa., 21.03.2026, 11:00<\/p><p class=\"termine-auszug\">Bei einer Tour durch Reutlingen erfahren Sie Wissenswertes und Kurioses rund um unsere Lieblingss\u00fc\u00dfigkeit Schokolade: Wie wird Kakao angebaut, was hat Schokolade mit Kinderarbeit zu tun, inwiefern spielen Klimawandel, B\u00f6rsenkurse, Siegel, Gerechtigkeitsfragen und sogar unser Sparschwein eine Rolle? Diesen Fragen gehen wir an mehreren Stationen nach. Eine Schokoladenverkostung rundet die Tour ab. Zeitrahmen: 11 - 13 Uhr. Die Tour ist kostenfrei und startet im Innenhof des Spitalhofs, Wilhelmstr. 71, in Reutlingen. Bitte beachten: Die Teilnehmerzahl ist auf 20 begrenzt. Eine Anmeldung ist erforderlich bis 19.03.2026 an: leitung@weltladen-reutlingen.de; Tel. 07121-339200 Veranstalter sind: Eine Welt Verein Reutlingen e.V. und der Oikocredit F\u00f6rderkreis Baden-W\u00fcrttemberg e.V. in Kooperation mit Ev. und Kath. Bildung im Kreis Reutlingen<p class=termine-ort\"><small>Ort: <i>Innenhof des Spitalhofs, Wilhelmstr. 71, Reutlingen<\/i><\/small><\/p><\/li><li><h5 class=\"termine-titel\"><a href=\"https:\/\/weltlaeden.de\/reutlingen\/termin\/faires-fruehstueck\/\">Faires Fr\u00fchst\u00fcck<\/a><\/h5><p class=\"termine-date\">Sa., 14.03.2026, 09:00<\/p><p class=\"termine-auszug\">Der Eine Welt Verein l\u00e4dt zum Fairen Fr\u00fchst\u00fcck ein. Es erwartet Sie eine Fr\u00fchst\u00fcckstafel voller fair gehandelter K\u00f6stlichkeiten: Kaffee, Tee, Brotaufstriche verschiedenster Art, aber auch ein Strau\u00df gefilzter Blumen, die nie verbl\u00fchen \u2013 der Tisch ist reich gedeckt! Lebensmittel und Produkte mit dem Fairtrade-Siegel stehen f\u00fcr bessere Arbeitsbedingungen f\u00fcr die Produzent*innen in der Einen Welt \u2013 ohne Kinderarbeit und ohne Ausbeutung. Kommen Sie allein, zu zweit, mit Familie oder Freund*innen und genie\u00dfen Sie gegen eine Spende unser faires Fr\u00fchst\u00fcck in der Rathausstra\u00dfe 6. Gemeinsam schmeckt fair noch besser! Zeitrahmen: 9 - 12 Uhr. Anmeldung erw\u00fcnscht bis 12.03.2026 an: leitung@weltladen-reutlingen.de oder Tel.: 07121 - 339200<p class=termine-ort\"><small>Ort: <i>Altes Rathaus, Rathausstr. 6<\/i><\/small><\/p><\/li><li><h5 class=\"termine-titel\"><a href=\"https:\/\/weltlaeden.de\/reutlingen\/termin\/reutlingen-leuchtet-2025\/\">Reutlingen leuchtet &#8211; 2025<\/a><\/h5><p class=\"termine-date\">Sa., 29.11.2025, 18:00<\/p><p class=\"termine-auszug\">Shoppen und schauen bis 22 Uhr.<p class=termine-ort\"><small>Ort: <i>Weltladen, Rathausstr. 10<\/i><\/small><\/p><\/li><li><h5 class=\"termine-titel\"><a href=\"https:\/\/weltlaeden.de\/reutlingen\/termin\/ladies-night\/\">Ladies Night<\/a><\/h5><p class=\"termine-date\">Fr., 14.11.2025, 18:00<\/p><p class=\"termine-auszug\">Faire Mode kennenlernen. Anmeldung bis 12.11.2025 <a href=\"https:\/\/weltlaeden.de\/reutlingen\/termin\/ladies-night\/#more-2783\" class=\"more-link\">(mehr\u00a0&hellip;)<\/a><p class=termine-ort\"><small>Ort: <i>Weltladen Reutlingen, Rathausstr. 10<\/i><\/small><\/p><\/li><li><h5 class=\"termine-titel\"><a href=\"https:\/\/weltlaeden.de\/reutlingen\/termin\/klimawandel-trifft-kaffee\/\">Klimawandel trifft Kaffee<\/a><\/h5><p class=\"termine-date\">Mo., 06.10.2025, 19:00<\/p><p class=\"termine-auszug\">Unterwegs bei Kaffeebauern in Peru. Ein Bericht aus Peru mit Einblicken in den Kaffeeanbau in Zeiten des Klimawandels. Siehe <a href=\"https:\/\/www.reutlingen.de\/ceasy\/resource\/?id=64727&amp;download=1\">fairRTrade - Programm<\/a>, Seite 16<p class=termine-ort\"><small>Ort: <i>Altes Rathaus, Rathausstra\u00dfe 6<\/i><\/small><\/p><\/li><li><h5 class=\"termine-titel\"><a href=\"https:\/\/weltlaeden.de\/reutlingen\/termin\/nachhaltig-regional-und-fair-eine-entdeckungsreise-zum-thema-ernaehrung\/\">Nachhaltig, regional und fair &#8211; Eine Entdeckungsreise zum Thema Ern\u00e4hrung<\/a><\/h5><p class=\"termine-date\">Sa., 20.09.2025, 11:00<\/p><p class=\"termine-auszug\">Siehe <a href=\"https:\/\/www.reutlingen.de\/ceasy\/resource\/?id=64727&amp;download=1\">fairRTrade - Programm<\/a>, Seite 10 Anmeldung unter: leitung@weltladen-reutlingen.de oder Telefon 07121 339200<p class=termine-ort\"><small>Ort: <i>Lichthof in der Markthalle, Obere W\u00e4ssere 3-7<\/i><\/small><\/p><\/li><li><h5 class=\"termine-titel\"><a href=\"https:\/\/weltlaeden.de\/reutlingen\/termin\/workshop-schmuck-dafuer-aber-fair\/\">Workshop \u201eSchmuck? Daf\u00fcr! Aber fair!\u201c<\/a><\/h5><p class=\"termine-date\">Di., 16.09.2025, 17:00<\/p><p class=\"termine-auszug\">Siehe <a href=\"https:\/\/www.reutlingen.de\/ceasy\/resource\/?id=64727&amp;download=1\">fairRTrade - Programm<\/a>, Seite 7<p class=termine-ort\"><small>Ort: <i>Globales Klassenzimmer im EPiZ W\u00f6rthstra\u00dfe 17, 72764 Reutlingen<\/i><\/small><\/p><\/li><li><h5 class=\"termine-titel\"><a href=\"https:\/\/weltlaeden.de\/reutlingen\/termin\/ob-keck-begruesst-die-tour-de-fair\/\">OB Keck begr\u00fc\u00dft die &#8222;Tour de Fair&#8220;<\/a><\/h5><p class=\"termine-date\">Mi., 06.08.2025, 15:30<\/p><p class=\"termine-auszug\">N\u00e4here <a href=\"https:\/\/weltlaeden.de\/reutlingen\/wp-content\/uploads\/sites\/79\/2025\/08\/2025-08-06_Tour_de_Fair_Zeitung.pdf\">Information zur \"Tour de Fair\"<\/a>.<p class=termine-ort\"><small>Ort: <i>Weltladen, Rathausstr. 10<\/i><\/small><\/p><\/li><li><h5 class=\"termine-titel\"><a href=\"https:\/\/weltlaeden.de\/reutlingen\/termin\/informationsabend\/\">Informationsabend<\/a><\/h5><p class=\"termine-date\">Mi., 05.02.2025, 19:00<\/p><p class=\"termine-auszug\">... f\u00fcr Interessierte an ehrenamtlicher Mitarbeit. <a href=\"https:\/\/weltlaeden.de\/reutlingen\/termin\/informationsabend\/#more-2669\" class=\"more-link\">(mehr\u00a0&hellip;)<\/a><p class=termine-ort\"><small>Ort: <i>Weltladen, Rathausstr. 10, Reutlingen<\/i><\/small><\/p><\/li><li><h5 class=\"termine-titel\"><a href=\"https:\/\/weltlaeden.de\/reutlingen\/termin\/reutlingen-leuchtet\/\">&#8222;Reutlingen leuchtet&#8220;<\/a><\/h5><p class=\"termine-date\">Sa., 30.11.2024, 18:00<\/p><p class=\"termine-auszug\">Verkaufslange Nacht: wir haben ge\u00f6ffnet. Schauen Sie vorbei!<\/li><li><h5 class=\"termine-titel\"><a href=\"https:\/\/weltlaeden.de\/reutlingen\/termin\/made-in-bangladesh-film-von-rubaiyat-hossain-2019\/\">&#8222;Made in Bangladesh&#8220; &#8211; Film von Rubaiyat Hossain (2019)<\/a><\/h5><p class=\"termine-date\">Mi., 13.11.2024, 16:00<\/p><p class=\"termine-auszug\">Nach dem Feuer im Rana Plaza 2013 und dem Tod von \u00fcber tausend Textilarbeiter*innen entschlie\u00dft sich Regisseurin Rubaiyat Hossain, einen Film \u00fcber den Kampf der mutigen jungen Frauen zu drehen, <a href=\"https:\/\/weltlaeden.de\/reutlingen\/termin\/made-in-bangladesh-film-von-rubaiyat-hossain-2019\/#more-2592\" class=\"more-link\">(mehr\u00a0&hellip;)<\/a><p class=termine-ort\"><small>Ort: <i>Programmkino Kamino, Ziegelweg 3, Reutlingen<\/i><\/small><\/p><\/li><li><h5 class=\"termine-titel\"><a href=\"https:\/\/weltlaeden.de\/reutlingen\/termin\/kaffee-eine-geschichte-von-genuss-und-gewalt-lesung-und-tasting\/\">Kaffee. Eine Geschichte von Genuss und Gewalt &#8211; Lesung und Tasting<\/a><\/h5><p class=\"termine-date\">Sa., 09.11.2024, 11:00<\/p><p class=\"termine-auszug\">In Mitteleuropa werden durchschnittlich zwei oder drei Tassen Kaffee am Tag getrunken, in Nordeuropa noch mehr. Kaum jemand denkt dabei an die Arbeit, die Armut und die Umweltzerst\u00f6rung, die in dieser Alltagsdroge stecken. <a href=\"https:\/\/weltlaeden.de\/reutlingen\/termin\/kaffee-eine-geschichte-von-genuss-und-gewalt-lesung-und-tasting\/#more-2591\" class=\"more-link\">(mehr\u00a0&hellip;)<\/a><p class=termine-ort\"><small>Ort: <i>Stadtbibliothek Reutlingen, Spendhausstr. 2<\/i><\/small><\/p><\/li><li><h5 class=\"termine-titel\"><a href=\"https:\/\/weltlaeden.de\/reutlingen\/termin\/prominente-verkaufen-im-weltladen-8\/\">Prominente verkaufen im Weltladen<\/a><\/h5><p class=\"termine-date\">Sa., 26.10.2024, 10:00<\/p><p class=\"termine-auszug\">Cornelius Grube - Intendant W\u00fcrttembergische Philharmonie Reutlingen (10-12 Uhr)<\/li><li><h5 class=\"termine-titel\"><a href=\"https:\/\/weltlaeden.de\/reutlingen\/termin\/modeschau-3\/\">Modeschau<\/a><\/h5><p class=\"termine-date\">Sa., 19.10.2024, 11:00<\/p><p class=\"termine-auszug\">Modenschau - Wir rollen den roten Teppich aus. <a href=\"https:\/\/weltlaeden.de\/reutlingen\/termin\/modeschau-3\/#more-2583\" class=\"more-link\">(mehr\u00a0&hellip;)<\/a><\/li><li><h5 class=\"termine-titel\"><a href=\"https:\/\/weltlaeden.de\/reutlingen\/termin\/prominente-verkaufen-im-weltladen-7\/\">Prominente verkaufen im Weltladen<\/a><\/h5><p class=\"termine-date\">Sa., 12.10.2024, 10:00<\/p><p class=\"termine-auszug\">Dietlinde Ells\u00e4sser - Schw\u00e4bische Kabarettistin (10-12 Uhr)<\/li><li><h5 class=\"termine-titel\"><a href=\"https:\/\/weltlaeden.de\/reutlingen\/termin\/prominente-verkaufen-im-weltladen-6\/\">Prominente verkaufen im Weltladen<\/a><\/h5><p class=\"termine-date\">Sa., 05.10.2024, 10:00<\/p><p class=\"termine-auszug\">Patrick Bopp - Die F\u00fcenf (10-12 Uhr)<\/li><li><h5 class=\"termine-titel\"><a href=\"https:\/\/weltlaeden.de\/reutlingen\/termin\/prominente-verkaufen-im-weltladen-5\/\">Prominente verkaufen im Weltladen<\/a><\/h5><p class=\"termine-date\">Sa., 28.09.2024, 10:00<\/p><p class=\"termine-auszug\">Franziska Brau\u00dfe - Olympiasiegerin (10-12 Uhr)<\/li><li><h5 class=\"termine-titel\"><a href=\"https:\/\/weltlaeden.de\/reutlingen\/termin\/jubilaeumsfest-30-jahre-weltladen\/\">Jubil\u00e4umsfest &#8211; 30 Jahre Weltladen<\/a><\/h5><p class=\"termine-date\">Do., 19.09.2024, 19:00<\/p><p class=\"termine-auszug\">Der Weltladen kann in diesem Jahr sein 30-j\u00e4hriges Jubil\u00e4um feiern. Festvortrag von Dr. Wolfgang Kessler - Wirtschaftspublizist, Buchautor, langj\u00e4hriger Chefredakteur von \u201ePublik Forum\u201c &nbsp; <a href=\"https:\/\/weltlaeden.de\/reutlingen\/termin\/jubilaeumsfest-30-jahre-weltladen\/#more-2571\" class=\"more-link\">(mehr\u00a0&hellip;)<\/a><p class=termine-ort\"><small>Ort: <i>Augustin-Bea-Haus, St. Wolfgang-Str. 10, Reutlingen<\/i><\/small><\/p><\/li><li><h5 class=\"termine-titel\"><a href=\"https:\/\/weltlaeden.de\/reutlingen\/termin\/prominente-verkaufen-im-weltladen-4\/\">Prominente verkaufen im Weltladen<\/a><\/h5><p class=\"termine-date\">Sa., 20.07.2024, 10:00<\/p><p class=\"termine-auszug\">Sonka M\u00fcller - Theater PATATI-PATATA (10-12 Uhr)<p class=termine-ort\"><small>Ort: <i>Weltladen<\/i><\/small><\/p><\/li><li><h5 class=\"termine-titel\"><a href=\"https:\/\/weltlaeden.de\/reutlingen\/termin\/klangschalen-workshop\/\">Klangschalen &#8211; Workshop<\/a><\/h5><p class=\"termine-date\">Mi., 17.07.2024, 19:00<\/p><p class=\"termine-auszug\"><a href=\"https:\/\/weltlaeden.de\/reutlingen\/termin\/klangschalen-workshop\/#more-2535\" class=\"more-link\">(mehr\u00a0&hellip;)<\/a><p class=termine-ort\"><small>Ort: <i>VHS Reutlingen, Spendhausstr. 6<\/i><\/small><\/p><\/li><li><h5 class=\"termine-titel\"><a href=\"https:\/\/weltlaeden.de\/reutlingen\/termin\/prominente-verkaufen-im-weltladen-3\/\">Prominente verkaufen im Weltladen<\/a><\/h5><p class=\"termine-date\">Sa., 13.07.2024, 10:00<\/p><p class=\"termine-auszug\">Enrico Urbanek - Theater Die Tonne (10-12 Uhr)<p class=termine-ort\"><small>Ort: <i>Weltladen<\/i><\/small><\/p><\/li><li><h5 class=\"termine-titel\"><a href=\"https:\/\/weltlaeden.de\/reutlingen\/termin\/prominente-verkaufen-im-weltladen-2\/\">Prominente verkaufen im Weltladen<\/a><\/h5><p class=\"termine-date\">Sa., 29.06.2024, 10:00<\/p><p class=\"termine-auszug\">Thomas Keck - Oberb\u00fcrgermeister (10-12 Uhr)<p class=termine-ort\"><small>Ort: <i>Weltladen<\/i><\/small><\/p><\/li><li><h5 class=\"termine-titel\"><a href=\"https:\/\/weltlaeden.de\/reutlingen\/termin\/torwandschiessen-beim-stadtfest\/\">Torwandschie\u00dfen beim Stadtfest<\/a><\/h5><p class=\"termine-date\">Sa., 22.06.2024, 12:00<\/p><p class=\"termine-auszug\">Torwandschie\u00dfen 12-18 Uhr<p class=termine-ort\"><small>Ort: <i>Vorplatz Rathaus<\/i><\/small><\/p><\/li><li><h5 class=\"termine-titel\"><a href=\"https:\/\/weltlaeden.de\/reutlingen\/termin\/prominente-verkaufen-im-weltladen\/\">Prominente verkaufen im Weltladen<\/a><\/h5><p class=\"termine-date\">Sa., 22.06.2024, 10:00<\/p><p class=\"termine-auszug\">Dodokay - Schw\u00e4bischer Comedian (10-12 Uhr)<p class=termine-ort\"><small>Ort: <i>Weltladen<\/i><\/small><\/p><\/li><li><h5 class=\"termine-titel\"><a href=\"https:\/\/weltlaeden.de\/reutlingen\/termin\/fair-in-den-tag\/\">Fair in den Tag<\/a><\/h5><p class=\"termine-date\">Sa., 15.06.2024, 09:00<\/p><p class=\"termine-auszug\">Fr\u00fchst\u00fcck mit Produkten aus dem Weltladen. <a href=\"https:\/\/weltlaeden.de\/reutlingen\/termin\/fair-in-den-tag\/#more-2529\" class=\"more-link\">(mehr\u00a0&hellip;)<\/a><p class=termine-ort\"><small>Ort: <i>Altes Rathaus, Rathausstr. 6<\/i><\/small><\/p><\/li><li><h5 class=\"termine-titel\"><a href=\"https:\/\/weltlaeden.de\/reutlingen\/termin\/modeschau-2\/\">Modeschau<\/a><\/h5><p class=\"termine-date\">Sa., 11.05.2024, 11:00<\/p><p class=\"termine-auszug\">Fotos: \u00a9Martien Elderhorst<p class=termine-ort\"><small>Ort: <i>Weltladen, Rathausstr. 10<\/i><\/small><\/p><\/li><li><h5 class=\"termine-titel\"><a href=\"https:\/\/weltlaeden.de\/reutlingen\/termin\/filmvergnuegen-chocolat\/\">Filmvergn\u00fcgen &#8222;Chocolat&#8220;<\/a><\/h5><p class=\"termine-date\">Mo., 22.04.2024, 18:00<\/p><p class=\"termine-auszug\">Von der magischen Wirkung der Schokolade und kleinen menschlichen Schw\u00e4chen erz\u00e4hlt Lasse Hallstr\u00f6ms Kom\u00f6dien-Fabel \u201eChocolat\u201c. <a href=\"https:\/\/weltlaeden.de\/reutlingen\/wp-content\/uploads\/sites\/79\/2024\/03\/Schokolade_ist_Glueck_20-04-2024.pdf\">Flyer<\/a><p class=termine-ort\"><small>Ort: <i>Programmkino Kamino, Ziegelstr. 3<\/i><\/small><\/p><\/li><li><h5 class=\"termine-titel\"><a href=\"https:\/\/weltlaeden.de\/reutlingen\/termin\/schokolade-ist-glueck\/\">Schokolade ist Gl\u00fcck &#8230;<\/a><\/h5><p class=\"termine-date\">Sa., 20.04.2024<\/p><p class=\"termine-auszug\">16:00 Schoko-Markt | 19:00 Schoko-Kochshow <a href=\"https:\/\/weltlaeden.de\/reutlingen\/termin\/schokolade-ist-glueck\/#more-2494\" class=\"more-link\">(mehr\u00a0&hellip;)<\/a><p class=termine-ort\"><small>Ort: <i>VHS, Spendhausstr. 6<\/i><\/small><\/p><\/li><li><h5 class=\"termine-titel\"><a href=\"https:\/\/weltlaeden.de\/reutlingen\/termin\/weltbewusst-rundgang\/\">Weltbewusst-Rundgang<\/a><\/h5><p class=\"termine-date\">Sa., 13.04.2024, 11:00<\/p><p class=\"termine-auszug\"><a href=\"https:\/\/weltlaeden.de\/reutlingen\/termin\/weltbewusst-rundgang\/#more-2511\" class=\"more-link\">(mehr\u00a0&hellip;)<\/a><p class=termine-ort\"><small>Ort: <i>Spitalhof-Innenhof<\/i><\/small><\/p><\/li><li><h5 class=\"termine-titel\"><a href=\"https:\/\/weltlaeden.de\/reutlingen\/termin\/mangos-bestellen\/\">Mangos bestellen<\/a><\/h5><p class=\"termine-date\">Do., 28.03.2024 bis 12.04.2024<\/p><p class=\"termine-auszug\"><a href=\"https:\/\/weltlaeden.de\/reutlingen\/termin\/mangos-bestellen\/#more-2509\" class=\"more-link\">(mehr\u00a0&hellip;)<\/a><\/li><li><h5 class=\"termine-titel\"><a href=\"https:\/\/weltlaeden.de\/reutlingen\/termin\/vortrag\/\">Vortrag<\/a><\/h5><p class=\"termine-date\">Mi., 06.12.2023, 19:00<\/p><p class=\"termine-auszug\">Wertsch\u00f6pfung im Fairen Handel \"Nachhaltige Lieferketten und gerechte Preise\" am 06.12.2023 <strong>Vortrag f\u00e4llt wegen Krankheit leider aus.<\/strong> Der f\u00fcr Mittwoch, den 6.12., im Saal der Volkshochschule angek\u00fcndigte Vortrag \u201eWertsch\u00f6pfung im Fairen Handel\u201c von Marcel Martetschl\u00e4ger muss krankheitshalber ausfallen. Der Eine Welt Verein und die Volkshochschule wollen ihn m\u00f6glichst bald nachholen. Am <strong>Mittwoch, 6. Dezember 2023<\/strong> findet der Vortrag in der VHS Reutlingen statt. Zeit: 19-20:30 Uhr Ort: VHS Reutlingen, Spendhausstr. 6 Anmeldung erbeten unter Tel. 07121-336100 oder anmeldung@vhsrt.de Geb\u00fchr: kostenlos Veranstalter: VHS Reutlingen \/ Eine Welt Verein Reutlingen e.V. Der Faire Handel will die Welt ein St\u00fcck gerechter und nachhaltiger machen. Doch er muss sich auch rechnen und im Wettbewerb mit handels\u00fcblichen Preisen bestehen k\u00f6nnen. Produzent*innen, Lieferanten und Weltl\u00e4den brauchen eine tragf\u00e4hige wirtschaftliche Basis. Wie werden faire Preise festgelegt? Worin unterscheiden sich faire von handels\u00fcblichen Preisen? Wie kommen Produkte von Kleinb\u00e4uerinnen und Kleinbauern, N\u00e4herinnen von Textilien oder Kunsthandwerk \u00fcber Lieferanten [...] <a href=\"https:\/\/weltlaeden.de\/reutlingen\/termin\/vortrag\/\"><small>[WEITERLESEN]<\/small><\/a><\/p><p class=termine-ort\"><small>Ort: <i>Spendhausstra\u00dfe 6, Reutlingen<\/i><\/small><\/p><\/li><li><h5 class=\"termine-titel\"><a href=\"https:\/\/weltlaeden.de\/reutlingen\/termin\/faires-spielzeug\/\">Faires Spielzeug<\/a><\/h5><p class=\"termine-date\">Sa., 02.12.2023, 11:00<\/p><p class=\"termine-auszug\">\"Info-Stand &amp; Verkauf\" am 02.12.2023 Am <strong>Samstag, 2. Dezember 2023<\/strong> informiert der Weltladen in Kooperation mit der Steuerungsgruppe Fair Trade Stadt Reutlingen und der Fair Trade Stadt Pfullingen \u00fcber fair hergestelltes Spielzeug. <strong>Unseren Stand finden Sie von 11-13 Uhr direkt vor dem Weltladen. <\/strong> Immer mehr Menschen w\u00fcnschen sich, dass Waren unseres t\u00e4glichen Konsums unter menschenw\u00fcrdigen Arbeitsbedingungen hergestellt werden. Bei der Spielzeugproduktion aber werden oft Arbeitsrechte und Umweltaspekte vernachl\u00e4ssigt, und in manchen Fabriken herrschen Bedingungen, die international anerkannte Menschenrechts- und Arbeitsstandards verletzen. Auch sollte Spielzeug umweltfreundlich hergestellt werden und keine Schadstoffe enthalten. &gt;&gt; <a href=\"https:\/\/weltlaeden.de\/reutlingen\/wp-content\/uploads\/sites\/79\/2023\/12\/Fairspielt-Flyer.pdf\" target=\"_blank\" rel=\"noopener\">Weiterlesen in Flyer \"Fairspielt - Tipps zum Einkauf von Spielzeug\" <\/a><\/li><li><h5 class=\"termine-titel\"><a href=\"https:\/\/weltlaeden.de\/reutlingen\/termin\/veranstaltung\/\">Lange Einkaufsnacht<\/a><\/h5><p class=\"termine-date\">Sa., 25.11.2023, 18:00<\/p><p class=\"termine-auszug\">\"Reutlingen leuchtet\" am 25.11.2023 Am <strong>Samstag, 25. November 2023<\/strong> verwandelt sich die Innenstadt von Reutlingen zu einem magischen Ort des Late-Night-Shoppings. Lichtobjekte in unterschiedlichen Farben und Formen illuminieren die Fu\u00dfg\u00e4ngerzone und sorgen so f\u00fcr ein magisches Flair. <strong>Wir sind dabei!<\/strong> Vor unserem Weltladen empfangen wir Sie an einer Feuerschale. Genie\u00dfen Sie in dieser sch\u00f6nen Atmosph\u00e4re einen fairgehandelten, leckeren Gl\u00fchwein, bummeln Sie durch unseren sch\u00f6nen Weltladen und entdecken Sie faire und nachhaltige Geschenke f\u00fcr Ihre Lieben. <strong>\u00a0Wir freuen uns auf Sie!<\/strong><p class=termine-ort\"><small>Ort: <i>Rathausstr. 10, 72764 Reutlingen<\/i><\/small><\/p><\/li><li><h5 class=\"termine-titel\"><a href=\"https:\/\/weltlaeden.de\/reutlingen\/termin\/modeschau\/\">Modeschau<\/a><\/h5><p class=\"termine-date\">So., 15.10.2023, 14:00<\/p><p class=\"termine-auszug\">Wir rollen wieder den Teppich aus... Am verkaufsoffenen <strong>Sonntag, 15. Oktober 2023 um 14 &amp; 15 Uhr, <\/strong>stellen wir Ihnen vor dem Weltladen in unserer Herbstmodeschau die<strong> Herbst \/ Winterkollektion 2023<\/strong> vor: Nachhaltige und faire Mode f\u00fcr Frauen von <em>Madness, Heidek\u00f6nigin, Nomads, Bloomers, Reiff, Hofius und El Inka<\/em>, sowie M\u00e4nner T-Shirts mit tollen Aufdrucken von<em> Greenbomb<\/em>. Lassen Sie sich inspirieren. Die Modeschau findet bei jeder Witterung statt. <strong>Wir freuen uns auf Ihren Besuch!<\/strong><\/li><li><h5 class=\"termine-titel\"><a href=\"https:\/\/weltlaeden.de\/reutlingen\/termin\/musical-drama-der-philippinischen-jugendgruppe-akbay\/\">Musical-Drama der philippinischen Jugendgruppe AKBAY<\/a><\/h5><p class=\"termine-date\">Mo., 25.09.2023, 19:00<\/p><p class=\"termine-auszug\">\u201eONCE WE HAD A DREAM\u201c <strong>Auff\u00fchrung in deutscher Sprache (Mindestalter 15 Jahre)<\/strong> Das Musical gibt eindr\u00fcckliche Einblicke in jugendliche Gef\u00fchlswelten. Pers\u00f6nliche Tr\u00e4ume und Visionen, aber auch Entt\u00e4uschungen, Gewalterfahrungen und Armut werden thematisiert. Ein faszinierendes Theaterst\u00fcck \u00fcber die Rechte und W\u00fcrde der Kinder dieser Welt. Seine Botschaft: Gemeinsam machen wir die Welt zu einem besseren Ort. Montag, 25.09.2023, 19 Uhr. Theater Die Tonne, Jahnstra\u00dfe 6, 72762 Reutlingen Eintritt: 10 \u20ac, erm\u00e4\u00dfigt 5 \u20ac (Kartenvorverkauf im Weltladen) Eine Welt Verein Reutlingen e.V. in Kooperation mit PREDA Freundeskreis e.V. <strong>Wir freuen uns \u00fcber Ihre Unterst\u00fctzung!<\/strong> <a href=\"https:\/\/www.theater-reutlingen.de\/stueck\/trix-gastspiel-kopie.html?day=20230925&amp;times=1695668400,1695686340\" target=\"_blank\" rel=\"noopener\">theater-reutlingen.de<\/a> <a href=\"https:\/\/preda-freundeskreis.de\/einladung-zur-theatertournee-2023\/\" target=\"_blank\" rel=\"noopener\">preda-freundeskreis.de<\/a><p class=termine-ort\"><small>Ort: <i>Theater Die Tonne, Jahnstra\u00dfe 6, 72762 Reutlingen<\/i><\/small><\/p><\/li><li><h5 class=\"termine-titel\"><a href=\"https:\/\/weltlaeden.de\/reutlingen\/termin\/info-stand-am-marktplatz\/\">Info-Stand am Marktplatz<\/a><\/h5><p class=\"termine-date\">Fr., 22.09.2023, 14:00<\/p><p class=\"termine-auszug\"><strong>\u201eWie Fairer Handel zum Klimaschutz betr\u00e4gt\u201c<\/strong> Klimaaktions-und Mobilit\u00e4tstag. Beteiligung mit Info-Stand auf dem Marktplatz Reutlingen. Termin: 22.09.2023, 14-19 Uhr<\/li><li><h5 class=\"termine-titel\"><a href=\"https:\/\/weltlaeden.de\/reutlingen\/termin\/faire-woche-2023\/\">Faire Woche 2023<\/a><\/h5><p class=\"termine-date\">Fr., 15.09.2023<\/p><p class=\"termine-auszug\">\u201eKlimagerechtigkeit: Fair! Und kein Grad mehr!\u201c <strong>Der Faire Handel ist Teil der L\u00f6sung auf dem Weg zu mehr Klimagerechtigkeit<\/strong> Termin: 15.- 29.09.2023 <a href=\"https:\/\/www.faire-woche.de\/faire-woche-2023\/jahresthema\" target=\"_blank\" rel=\"noopener\">Faire Woche 2023<\/a><\/li><li><h5 class=\"termine-titel\"><a href=\"https:\/\/weltlaeden.de\/reutlingen\/termin\/modeschau-vor-dem-weltladen\/\">Modeschau vor dem Weltladen<\/a><\/h5><p class=\"termine-date\">Sa., 13.05.2023, 11:00<\/p><p class=\"termine-auszug\">Wir rollen wieder den Teppich aus... <strong>Organisation: Weltladen Reutlingen <\/strong> Am <strong>Samstag, 13. Mai 2023 <\/strong>stellen wir Ihnen vor dem Weltladen wieder die Fr\u00fchjahr I Sommerkollektion 2023 vor: Nachhaltige und faire Mode f\u00fcr Frauen von <em>Madness, Heidek\u00f6nigin, Anukoo, Bloomers und El Inka<\/em>, sowie M\u00e4nner T-Shirts mit tollen Aufdrucken von<em> Greenbomb<\/em>. Lassen Sie sich inspirieren. An diesem Tag unterst\u00fctzen Sie mit Ihrem Besuch in unserem Weltladen auch den Weltladentag 2023. <strong>Wir freuen uns auf Ihren Besuch!<\/strong> &nbsp; <a href=\"https:\/\/www.reutlingen.de\/bildungsprogramm-fairtrade\" target=\"_blank\" rel=\"noopener\">bildungsprogramm-fairtrade<\/a><\/li><li><h5 class=\"termine-titel\"><a href=\"https:\/\/weltlaeden.de\/reutlingen\/termin\/den-bienen-auf-der-spur\/\">Den Bienen auf der Spur<\/a><\/h5><p class=\"termine-date\">Fr., 12.05.2023, 16:30<\/p><p class=\"termine-auszug\">\"Ein Stadtrundgang\" Bei diesem Rundgang gibt es Gelegenheit, Bienenv\u00f6lker anzusehen und vielen Fragen nachzugehen, zum Beispiel: Wie produzieren Bienen den Honig? Welche F\u00e4higkeiten haben die Bienen? Warum sind Bienen unverzichtbar f\u00fcr Obst- und Gem\u00fcseanbau? Soll man auf Honig aus \u00dcbersee verzichten? Ist Honig wirklich gesund? Au\u00dferdem gibt es wertvolle Insider-Tipps dazu, was man selbst tun kann, damit eine bienenfreundlichere Umwelt entsteht. Termin: Freitag, 12.05.2023, 16:30 - 18 Uhr, vor dem Weltladen Reutlingen, Rathausstr.10 Geb\u00fchr: kostenlos Referent*innen: B\u00e4rbel Haug, Sch\u00fcler*innen der Imkerei-AG Friedrich-List-Gymnasium, Leitung: Gabriele Zwissler-Schmid Veranstalter: Eine Welt Verein <a href=\"https:\/\/www.reutlingen.de\/bildungsprogramm-fairtrade\" target=\"_blank\" rel=\"noopener\">bildungsprogramm-fairtrade<\/a><p class=termine-ort\"><small>Ort: <i>vor dem Weltladen Reutlingen, Rathausstr.10<\/i><\/small><\/p><\/li><li><h5 class=\"termine-titel\"><a href=\"https:\/\/weltlaeden.de\/reutlingen\/termin\/beegxond\/\">Die Welt FairBessern &#8211; aber wie?<\/a><\/h5><p class=\"termine-date\">Fr., 21.04.2023, 19:00<\/p><p class=\"termine-auszug\">\"<strong>Bee gxond- Die Kochshow<\/strong>\" kommentiert von Dodokay Im Anschluss an den Markt wird gekocht: Be\u00e4ugt und kommentiert von Dodokay alias Dominik Kuhn (\u201eDie Welt auf Schw\u00e4bisch\u201c), begleitet von Dr. Birgit Hoinle, Uni Hohenheim, zaubert Koch David Mayer ein Drei-G\u00e4nge-Menu aus Reutlinger Honig und anderen regionalen Zutaten. Ja, es darf probiert werden! Termin: 21.April 2023, 19 - 21 Uhr Ort: Volkshochschule Reutlingen, Spendhausstra\u00dfe 6, Reutlingen <strong>Teilnahme ist kostenfrei, Spenden erbeten <\/strong> <strong>Anmeldung: vhsrt.de oder telefonisch 07121 336100<\/strong> Veranstalter: EPIZ \/ Programm Bildung trifft Entwicklung in Kooperation mit dem Eine Welt Verein Reutlingen, KEB und der evangelischen Bildung, vhs Reutlingen, Weltladen Reutlingen, Dekanat Reutlingen-Zwiefalten, Stadt Reutlingen <a href=\"https:\/\/www.reutlingen.de\/bildungsprogramm-fairtrade\" target=\"_blank\" rel=\"noopener\">bildungsprogramm-fairtrade<\/a><p class=termine-ort\"><small>Ort: <i>Spendhausstra\u00dfe 6, Reutlingen<\/i><\/small><\/p><\/li><li><h5 class=\"termine-titel\"><a href=\"https:\/\/weltlaeden.de\/reutlingen\/termin\/beefair\/\">Die Welt FairBessern &#8211; aber wie?<\/a><\/h5><p class=\"termine-date\">Fr., 21.04.2023, 16:00<\/p><p class=\"termine-auszug\">\"<strong>Bee fair - Der Markt der M\u00f6glichkeiten<\/strong>\" \u201cSehr geehrte Honigbienen! Wir Verbraucher danken Ihnen!\u201d (Heinz Erhardt) In Fortf\u00fchrung der entwicklungspolitischen Gespr\u00e4chsreihe \u201eDie Welt FAIRbessern \u2013 aber wie?\u201c (Fr\u00fchjahr 2022) bieten Reutlinger Institutionen wieder Informatives und Leckeres an. Dabei steht im April 2023 die Biene im Vordergrund. Ohne Bienen w\u00e4re es schwer, gen\u00fcgend Bl\u00fcten f\u00fcr die weltweite Ern\u00e4hrung zu best\u00e4uben. Grund genug - um mit Heinz Erhardt zu sprechen \u2013 als Verbraucher*innen den Bienen zu danken. Wir tun das mit einem Markt der M\u00f6glichkeiten, auf dem sich unterschiedlichste Akteure pr\u00e4sentieren . Es gibt Infost\u00e4nde, Kurzvortr\u00e4ge und Mitmachaktionen f\u00fcr Erwachsene und Kinder, z.B. kann das \"Weltspiel\" gespielt oder selbst Bienenwachst\u00fccher hergestellt werden.\" Termin: 21.April 2023, 16 - 19 Uhr Ort: Volkshochschule Reutlingen, Spendhausstra\u00dfe 6, Reutlingen <strong>Teilnahme ist kostenfrei<\/strong> Veranstalter: EPIZ \/ Programm Bildung trifft Entwicklung in Kooperation mit dem Eine Welt Verein Reutlingen, KEB und der evangelischen Bildung, vhs Reutlingen, Weltladen Reutlingen, [...] <a href=\"https:\/\/weltlaeden.de\/reutlingen\/termin\/beefair\/\"><small>[WEITERLESEN]<\/small><\/a><\/p><p class=termine-ort\"><small>Ort: <i>Spendhausstra\u00dfe 6, Reutlingen<\/i><\/small><\/p><\/li><li><h5 class=\"termine-titel\"><a href=\"https:\/\/weltlaeden.de\/reutlingen\/termin\/schoko-werkstatt\/\">Schoko-Werkstatt zum Osterfest<\/a><\/h5><p class=\"termine-date\">Di., 04.04.2023, 14:30<\/p><p class=\"termine-auszug\">\"<strong>Woher kommt die Schokolade?<\/strong>\" In einem vergn\u00fcglichen Workshop in den Osterferien erkunden Kinder spielerisch die Reise, die der Kakao hinter sich hat, bis er als Schokolade zu uns findet. Geschichten vom Ursprung des Kakao, der \u201eNahrung der G\u00f6tter\u201c, Musik und Spiele wechseln sich dabei ab. In der Schoko-Werkstatt stellen die Kinder danach ihre eigene Schokolade her. F\u00fcr Kinder von 8-12 Jahren Termin: 4. April 2023, 14:30 - 17 Uhr Ort: Globales Klassenzimmer im EPiZ Reutlingen, W\u00f6rthstra\u00dfe 17, Reutlingen <strong>Teilnahme mit Anmeldung bis 31.03.2023 m\u00f6glich<\/strong>. <strong>Anmeldung: <\/strong><strong>anmeldung@epiz.de, Betreff Schoko-Werkstatt.<\/strong> Geb\u00fchr: kostenlos Veranstalter: EPiZ \/ Bildung trifft Entwicklung in Kooperation mit dem Eine Welt Verein Reutlingen, KEB und der evangelischen Bildung <a href=\"https:\/\/www.reutlingen.de\/bildungsprogramm-fairtrade\" target=\"_blank\" rel=\"noopener\">bildungsprogramm-fairtrade<\/a><p class=termine-ort\"><small>Ort: <i>W\u00f6rthstra\u00dfe 17, Reutlingen<\/i><\/small><\/p><\/li><li><h5 class=\"termine-titel\"><a href=\"https:\/\/weltlaeden.de\/reutlingen\/termin\/stationenweg-zum-klimaschutz\/\">Stationenweg zum Klimaschutz<\/a><\/h5><p class=\"termine-date\">Di., 28.03.2023, 16:30<\/p><p class=\"termine-auszug\">\"Sehen - nach Ursachen fragen - nachhaltig leben\" Der Klimawandel wartet nicht. Wir merken es, auch in unserer Stadt. Auf einem Weg mit verschiedenen Stationen gibt es Gelegenheit, sich mit Ursachen des Klimawandels auseinanderzusetzen und miteinander ins Gespr\u00e4ch zu kommen. Wir besch\u00e4ftigen uns mit den unterschiedlichen Herausforderungen des Klimawandels und den praktischen Konsequenzen f\u00fcr uns. Der Stationenweg ist auch f\u00fcr Familien mit Kindern geeignet. Die Wege sind barrierefrei. Die Veranstaltung findet bei jedem Wetter statt. Termin: Dienstag, 28.03.2023, 16:30 - 18 Uhr, Innenhof Haus der Familie, Pestalozzistr. 54, Reutlingen Geb\u00fchr: kostenlos, keine Anmeldung n\u00f6tig Referent*innen: B\u00e4rbel Haug, Dr. Maria Gotzen-Dold, in Kooperation mit Fridays for Future Reutlingen Veranstalter: Eine Welt Verein Reutlingen in Kooperation mit Evang. Bildung und Dienst f\u00fcr Mission, \u00d6kumene und Entwicklung <a href=\"https:\/\/www.reutlingen.de\/bildungsprogramm-fairtrade\" target=\"_blank\" rel=\"noopener\">bildungsprogramm-fairtrade<\/a><p class=termine-ort\"><small>Ort: <i>Innenhof Haus der Familie, Pestalozzistr. 54, Reutlingen<\/i><\/small><\/p><\/li><li><h5 class=\"termine-titel\"><a href=\"https:\/\/weltlaeden.de\/reutlingen\/termin\/globaler-klimastreik\/\">Globaler Klimastreik<\/a><\/h5><p class=\"termine-date\">Fr., 03.03.2023, 11:00<\/p><p class=\"termine-auszug\">\"#TomorrowIsTooLate\" <strong>Am Freitag, den 3. M\u00e4rz, gehen wir im ganzen Land und weltweit auf die Stra\u00dfe.<\/strong> Nur unser gemeinsamer Druck kann den Klima-Stillstand in der Koalition noch beenden. <strong>Mehr als 240 Demos sind bereits im ganzen Land angemeldet<b>:<\/b><\/strong> <strong><b>Reutlingen<\/b>, 11:00 Uhr, Listplatz (HBF) <b>T\u00fcbingen<\/b>, 13:00 Uhr, Uhlandstra\u00dfe <\/strong><p class=termine-ort\"><small>Ort: <i>Listplatz (HBF), Reutlingen<\/i><\/small><\/p><\/li><li><h5 class=\"termine-titel\"><a href=\"https:\/\/weltlaeden.de\/reutlingen\/termin\/15-alternativer-neujahrsempfang-2023\/\">15. Alternativer Neujahrsempfang 2023<\/a><\/h5><p class=\"termine-date\">So., 22.01.2023, 11:00<\/p><p class=\"termine-auszug\">\"Frieden und Gutes Leben f\u00fcr alle\" Der ANJE 2023 l\u00e4dt ein zum Kennenlernen, zum Austausch von Erfahrungen und zum gemeinsamen Ringen um Ideen, unseren wundersch\u00f6nen und einzigen Planeten gut und f\u00fcr alle lebenswert zu gestalten. Sonntag, 22.01.2023, 11 Uhr, franz.K<p class=termine-ort\"><small>Ort: <i>franz.K, Unter den Linden 23, Reutlingen<\/i><\/small><\/p><\/li><li><h5 class=\"termine-titel\"><a href=\"https:\/\/weltlaeden.de\/reutlingen\/termin\/weltbewusst-durch-reutlingen-am-23-april\/\">Weltbewusst durch Reutlingen am 17. September<\/a><\/h5><p class=\"termine-date\">Sa., 17.09.2022, 11:00<\/p><p class=\"termine-auszug\">\"Weltbewusst - Stadtrundgang zum Thema Textilien\" Reutlingen ist eine Stadt mit langer Tradition in der Textilherstellung. Heute werden Textilien zumeist in Asien hergestellt mit oft fatalen Folgen f\u00fcr die Gesundheit der Menschen, die in der Textilproduktion arbeiten. Wie k\u00f6nnen Verbraucher*innen Einfluss nehmen und sich f\u00fcr nachhaltige und fair gehandelte Mode einsetzen? Welche neuen Entwicklungen gibt es in der Forschung? Rundgang in Zusammenarbeit mit der Hochschule Reutlingen, an verschiedenen Stationen in der Innenstadt. Termin: Samstag, 17.9.2022, 11 Uhr, Innenhof Spitalhof am Marktplatz Ca. 1,5 Stunden F\u00fcr die Teilnahme nehmen wir gerne eine Spende entgegen. Referent*innen: B\u00e4rbel Haug, Herta Reiner und Studierende der Hochschule Reutlingen Veranstalter: Eine Welt Verein in Kooperation mit der Hochschule Reutlingen, Fakult\u00e4t Textil &amp; Design Leitung und Kontakt: B\u00e4rbel Haug, Telefon 07121-2846298,<em> haugbaerbel[at]gmail.com<\/em><\/li><li><h5 class=\"termine-titel\"><a href=\"https:\/\/weltlaeden.de\/reutlingen\/termin\/im-gespraech\/\">Im Gespr\u00e4ch<\/a><\/h5><p class=\"termine-date\">Do., 15.09.2022, 19:00<\/p><p class=\"termine-auszug\">\"Buen Vivir \u2013 Gutes Leben f\u00fcr alle\" Vieles ist nicht mehr selbstverst\u00e4ndlich. Krisen h\u00e4ufen sich. Unser materieller Wohlstand ist br\u00fcchig geworden. Viele Menschen sind ins Fragen gekommen: Was macht gutes Leben aus? Was braucht es dazu, was nicht? Diesen Fragen wollen wir an diesem Abend nachgehen. Inspirieren lassen wollen wir uns dabei vom Leitbild des \u201eBuen Vivir\u201c der indigenen V\u00f6lker Lateinamerikas und Afrikas. Gutes Leben hei\u00dft f\u00fcr sie: Leben in Gemeinschaft und im Einklang mit der Natur. Was k\u00f6nnen wir davon lernen f\u00fcr nachbarschaftliches Leben im Quartier und im globalen Dorf? Wie geht gutes Leben f\u00fcr alle, rund um den Globus und im Einklang mit der Natur? Dar\u00fcber wollen wir im Anschluss an kurze Impulsreferate ins Gespr\u00e4ch kommen und uns dar\u00fcber austauschen, was f\u00fcr uns gutes Leben ausmacht. Termin: Donnerstag, 15.09.2022, 19 Uhr, Kreuzkirche, Paul-Pfizer-Str. 9, Reutlingen Referent*innen: G\u00fcnter Banzhaf, Albrecht Ebertsh\u00e4user, B\u00e4rbel Haug Moderation: Claudia Guggemos Musikalische Umrahmung: Kairos-Ensemble [...] <a href=\"https:\/\/weltlaeden.de\/reutlingen\/termin\/im-gespraech\/\"><small>[WEITERLESEN]<\/small><\/a><\/p><p class=termine-ort\"><small>Ort: <i>Kreuzkirche, Paul-Pfizer-Str. 9, Reutlingen<\/i><\/small><\/p><\/li><li><h5 class=\"termine-titel\"><a href=\"https:\/\/weltlaeden.de\/reutlingen\/termin\/osterhasen-streiken\/\">Die Osterhasen streiken<\/a><\/h5><p class=\"termine-date\">Sa., 09.04.2022, 09:00<\/p><p class=\"termine-auszug\">Bundesweite Initiative \"Make Chocolate Fair\" <strong>Organisation: Eine Welt Verein und Weltladen <\/strong> Am <strong>Samstag, 9. April 2022<\/strong>, kommen zwei streikende Osterhasen nach Reutlingen. Sie weigern sich, weiterhin auf unfaire Weise hergestellte Schokolade in Osternester zu legen. Der Auftritt der beiden Hasen ist Teil einer bundesweiten Initiative \u201eMake Chocolate Fair\u201c. Sie wird in Reutlingen von Eine Welt Verein und Weltladen organisiert. Die Hasen sind zwischen <strong>9 und 13 Uhr auf dem Marktplatz und in der Wilhelmstra\u00dfe<\/strong> zu treffen. Die Langohren protestieren f\u00fcr existenzsichernde Kakaopreise und faire Schokolade. Grund f\u00fcr den Streik sind die geringen Preise, die die Kakaobauern um die Reutlinger Partnerstadt Bouak\u00e9 und in der ganzen Elfenbeink\u00fcste erhalten. Die gro\u00dfen Schokoladenunternehmen des konventionellen Handels zahlen zurzeit keine existenzsichernden Preise. N\u00e4here Informationen verteilen die Osterhasen. Der Umsatz der Schokoladenindustrie weltweit betr\u00e4gt j\u00e4hrlich 130 Milliarden US-Dollar. Aber von einem Euro, der f\u00fcr eine Tafel Schokolade bei uns bezahlt wird, erhalten die Kakaobauern [...] <a href=\"https:\/\/weltlaeden.de\/reutlingen\/termin\/osterhasen-streiken\/\"><small>[WEITERLESEN]<\/small><\/a><\/p><p class=termine-ort\"><small>Ort: <i>Marktplatz Reutlingen<\/i><\/small><\/p><\/li><li><h5 class=\"termine-titel\"><a href=\"https:\/\/weltlaeden.de\/reutlingen\/termin\/grosse-informationskampagne-und-handysammlung-direkt-vor-dem-weltladen\/\">Gro\u00dfe Informationskampagne und Handysammlung direkt vor dem Weltladen<\/a><\/h5><p class=\"termine-date\">Di., 25.01.2022, 11:00<\/p><p class=\"termine-auszug\">Die Handy-Aktion geht auf Tour <strong>Am Dienstag, 25. Januar von 11-13 Uhr findet die Handy-Aktion direkt vor dem Weltladen Reutlingen statt.<\/strong> Regionalsender Neckaralb Live wird diese Tour begleiten. Die konkrete Umsetzung ist jedoch abh\u00e4ngig von den zu diesem Zeitpunkt g\u00fcltigen Corona-Bestimmungen. Au\u00dferdem sind im Aktionszeitraum verschiedene Online-Veranstaltungen geplant, beispielsweise zum Thema Reparatur von Smartphones. Eine \u00dcbersicht \u00fcber die Sammelstellen und die geplanten Veranstaltungen gibt es auf der Homepage der Handy-Aktion Baden-W\u00fcrttemberg. <strong>Wertvolle Rohstoffe in den Kreislauf zur\u00fcckf\u00fchren und \u00fcber Hintergr\u00fcnde informieren<\/strong> Die Handy-Aktion Baden-W\u00fcrttemberg hat es sich zum Ziel gesetzt, die Rohstoff-Sch\u00e4tze, die in den Schubladen-Handys enthalten sind, zu heben, so dass diese einem geordneten Recycling zugef\u00fchrt werden k\u00f6nnen. Gleichzeitig m\u00f6chte die Aktion auf die globalen Zusammenh\u00e4nge beispielsweise bei der Gewinnung von Rohstoffen und der Fertigung aufmerksam machen. Bis Ende 2021 wurden dabei \u00fcber 140.000 alte Mobiltelefone gesammelt und zahlreiche Bildungsveranstaltungen durchgef\u00fchrt. Mit dem Erl\u00f6s der Handysammlungen werden drei Gesundheits-, [...] <a href=\"https:\/\/weltlaeden.de\/reutlingen\/termin\/grosse-informationskampagne-und-handysammlung-direkt-vor-dem-weltladen\/\"><small>[WEITERLESEN]<\/small><\/a><\/p><\/li><li><h5 class=\"termine-titel\"><a href=\"https:\/\/weltlaeden.de\/reutlingen\/termin\/suess-bitter-ausstellung-zum-suessen-genuss-und-der-bitteren-wahrheit-ueber-schokolade\/\">S\u00fc\u00df &amp; Bitter &#8211; Ausstellung zum s\u00fc\u00dfen Genuss und der bitteren Wahrheit \u00fcber Schokolade<\/a><\/h5><p class=\"termine-date\">Di., 21.09.2021 bis 06.11.2021<\/p><p class=\"termine-auszug\">&nbsp; <strong>In welchem Land werden 100 Tafeln Schokolade pro Kopf im Jahr vertilgt? <\/strong> &nbsp; <strong>Wer bekommt das gr\u00f6\u00dfte St\u00fcck von jeder Schokolade?<\/strong> &nbsp; <strong>Warum essen Kakaobauern und -b\u00e4uerinnen keine Schokolade?<\/strong> <strong>....<\/strong> &nbsp; So viele Fragen .... Die Ausstellung gibt viele Antworten rund um den s\u00fc\u00dfen Genuss und zeigt die bittere Wahrheit \u00fcber Schokolade: An f\u00fcnf Entdeckerstationen erfahren die Besucher\/innen, ob Schokolade wirklich gl\u00fccklich macht und welche Verarbeitungsschritte zwischen der Kakaobohne und fertiger Schokolade liegen. Sie k\u00f6nnen echte Kakaoschoten, Kakaobutter und Schokolade anfassen und auch Kakaobohnen probieren. Doch die Ausstellung will nicht nur informieren, sondern auch aktivieren.\u00a0So stellt sich die Kampagne Make Chocolate Fair! mit ihren Aktionen von streikenden Weihnachtsm\u00e4nnern und protestierenden Osterhasen an einer Videostation vor. Sie regt an, \u00fcber das eigene Konsumverhalten nachzudenken. Au\u00dferdem zeigt die Ausstellung wie Verbraucher\/innen\u00a0selbst aktiv werden k\u00f6nnen, wenn sie Armut und Kinderarbeit in ihrer Schokolade nicht l\u00e4nger akzeptieren wollen. Sie k\u00f6nnen zum Beispiel [...] <a href=\"https:\/\/weltlaeden.de\/reutlingen\/termin\/suess-bitter-ausstellung-zum-suessen-genuss-und-der-bitteren-wahrheit-ueber-schokolade\/\"><small>[WEITERLESEN]<\/small><\/a><\/p><p class=termine-ort\"><small>Ort: <i>Stadtbibliothek Reutlingen Ausstellungseck<\/i><\/small><\/p><\/li><li><h5 class=\"termine-titel\"><a href=\"https:\/\/weltlaeden.de\/reutlingen\/termin\/ausstellung-amahoro-burundi\/\">Ausstellung \u201eAmahoro Burundi&#8220;<\/a><\/h5><p class=\"termine-date\">Di., 15.09.2020 bis 17.10.2020<\/p><p class=\"termine-auszug\">... erz\u00e4hlt mit eindrucksvollen Bildern Geschichten aus dem Leben der Menschen in einem der \u00e4rmsten L\u00e4nder der Welt und von Projekten, die Hoffnung machen. Fast die H\u00e4lfte der Bev\u00f6lkerung ist noch keine 15 Jahre alt. Die junge Generation braucht Perspektiven. Hier setzt die Partnerschaft mit Projekten der Stiftung Entwicklungszusammenarbeit Baden-W\u00fcrttemberg (SEZ) an. Dazu geh\u00f6rt zum Beispiel die Umstellung auf biologischen Anbau von Kaffee in Verbindung mit interessanten Agroforstsystemen. Denn 90% der Bev\u00f6lkerung leben von der Landwirtschaft. Der Weg davon f\u00fchrt bis in den Reutlinger Weltladen, wo der Fair Trade Kaffee aus Burundi angeboten wird. Nicht zuletzt erz\u00e4hlen die Bilder von einer reichen Kultur und einer gro\u00dfartigen Landschaft.<p class=termine-ort\"><small>Ort: <i>VHS Reutlingen<\/i><\/small><\/p><\/li><\/ul>[\/vc_column][\/vc_row]<\/p>\n<\/div>","protected":false},"excerpt":{"rendered":"<p>[vc_row][vc_column][vc_empty_space height=&#8220;30px&#8220;][vc_column_text] Termine [\/vc_column_text][vc_empty_space height=&#8220;30px&#8220;][\/vc_column][\/vc_row][vc_row][vc_column width=&#8220;2\/3&#8243;][vc_column_text] Kommende Termine [\/vc_column_text][vc_empty_space height=&#8220;30px&#8220;][vc_column_text] Vergangene Termine [\/vc_column_text][\/vc_column][\/vc_row]<\/p>\n","protected":false},"author":1,"featured_media":0,"parent":0,"menu_order":32,"comment_status":"closed","ping_status":"closed","template":"","meta":{"footnotes":""},"class_list":["post-23","page","type-page","status-publish","hentry","description-off"],"yoast_head":"<!-- This site is optimized with the Yoast SEO plugin v26.8 - https:\/\/yoast.com\/product\/yoast-seo-wordpress\/ -->\n<title>Termine - Weltladen Reutlingen<\/title>\n<meta name=\"robots\" content=\"index, follow, max-snippet:-1, max-image-preview:large, max-video-preview:-1\" \/>\n<link rel=\"canonical\" href=\"https:\/\/weltlaeden.de\/reutlingen\/termine\/\" \/>\n<meta property=\"og:locale\" content=\"de_DE\" \/>\n<meta property=\"og:type\" content=\"article\" \/>\n<meta property=\"og:title\" content=\"Termine - Weltladen Reutlingen\" \/>\n<meta property=\"og:description\" content=\"[vc_row][vc_column][vc_empty_space height=&#8220;30px&#8220;][vc_column_text] Termine [\/vc_column_text][vc_empty_space height=&#8220;30px&#8220;][\/vc_column][\/vc_row][vc_row][vc_column width=&#8220;2\/3&#8243;][vc_column_text] Kommende Termine [\/vc_column_text][vc_empty_space height=&#8220;30px&#8220;][vc_column_text] Vergangene Termine [\/vc_column_text][\/vc_column][\/vc_row]\" \/>\n<meta property=\"og:url\" content=\"https:\/\/weltlaeden.de\/reutlingen\/termine\/\" \/>\n<meta property=\"og:site_name\" content=\"Weltladen Reutlingen\" \/>\n<meta property=\"article:modified_time\" content=\"2019-11-19T09:09:58+00:00\" \/>\n<meta property=\"og:image\" content=\"https:\/\/weltlaeden.de\/reutlingen\/wp-content\/uploads\/sites\/3\/2018\/07\/pocket-watch-1637396_1920_pixabay.png\" \/>\n<meta name=\"twitter:card\" content=\"summary_large_image\" \/>\n<script type=\"application\/ld+json\" class=\"yoast-schema-graph\">{\"@context\":\"https:\/\/schema.org\",\"@graph\":[{\"@type\":\"WebPage\",\"@id\":\"https:\/\/weltlaeden.de\/reutlingen\/termine\/\",\"url\":\"https:\/\/weltlaeden.de\/reutlingen\/termine\/\",\"name\":\"Termine - Weltladen Reutlingen\",\"isPartOf\":{\"@id\":\"https:\/\/weltlaeden.de\/reutlingen\/#website\"},\"primaryImageOfPage\":{\"@id\":\"https:\/\/weltlaeden.de\/reutlingen\/termine\/#primaryimage\"},\"image\":{\"@id\":\"https:\/\/weltlaeden.de\/reutlingen\/termine\/#primaryimage\"},\"thumbnailUrl\":\"https:\/\/weltlaeden.de\/reutlingen\/wp-content\/uploads\/sites\/3\/2018\/07\/pocket-watch-1637396_1920_pixabay.png\",\"datePublished\":\"2016-10-14T07:05:21+00:00\",\"dateModified\":\"2019-11-19T09:09:58+00:00\",\"breadcrumb\":{\"@id\":\"https:\/\/weltlaeden.de\/reutlingen\/termine\/#breadcrumb\"},\"inLanguage\":\"de\",\"potentialAction\":[{\"@type\":\"ReadAction\",\"target\":[\"https:\/\/weltlaeden.de\/reutlingen\/termine\/\"]}]},{\"@type\":\"ImageObject\",\"inLanguage\":\"de\",\"@id\":\"https:\/\/weltlaeden.de\/reutlingen\/termine\/#primaryimage\",\"url\":\"https:\/\/weltlaeden.de\/reutlingen\/wp-content\/uploads\/sites\/3\/2018\/07\/pocket-watch-1637396_1920_pixabay.png\",\"contentUrl\":\"https:\/\/weltlaeden.de\/reutlingen\/wp-content\/uploads\/sites\/3\/2018\/07\/pocket-watch-1637396_1920_pixabay.png\"},{\"@type\":\"BreadcrumbList\",\"@id\":\"https:\/\/weltlaeden.de\/reutlingen\/termine\/#breadcrumb\",\"itemListElement\":[{\"@type\":\"ListItem\",\"position\":1,\"name\":\"Startseite\",\"item\":\"https:\/\/weltlaeden.de\/reutlingen\/\"},{\"@type\":\"ListItem\",\"position\":2,\"name\":\"Termine\"}]},{\"@type\":\"WebSite\",\"@id\":\"https:\/\/weltlaeden.de\/reutlingen\/#website\",\"url\":\"https:\/\/weltlaeden.de\/reutlingen\/\",\"name\":\"Weltladen Reutlingen\",\"description\":\"Faire Produkte seit 1990\",\"potentialAction\":[{\"@type\":\"SearchAction\",\"target\":{\"@type\":\"EntryPoint\",\"urlTemplate\":\"https:\/\/weltlaeden.de\/reutlingen\/?s={search_term_string}\"},\"query-input\":{\"@type\":\"PropertyValueSpecification\",\"valueRequired\":true,\"valueName\":\"search_term_string\"}}],\"inLanguage\":\"de\"}]}<\/script>\n<!-- \/ Yoast SEO plugin. -->","yoast_head_json":{"title":"Termine - Weltladen Reutlingen","robots":{"index":"index","follow":"follow","max-snippet":"max-snippet:-1","max-image-preview":"max-image-preview:large","max-video-preview":"max-video-preview:-1"},"canonical":"https:\/\/weltlaeden.de\/reutlingen\/termine\/","og_locale":"de_DE","og_type":"article","og_title":"Termine - Weltladen Reutlingen","og_description":"[vc_row][vc_column][vc_empty_space height=&#8220;30px&#8220;][vc_column_text] Termine [\/vc_column_text][vc_empty_space height=&#8220;30px&#8220;][\/vc_column][\/vc_row][vc_row][vc_column width=&#8220;2\/3&#8243;][vc_column_text] Kommende Termine [\/vc_column_text][vc_empty_space height=&#8220;30px&#8220;][vc_column_text] Vergangene Termine [\/vc_column_text][\/vc_column][\/vc_row]","og_url":"https:\/\/weltlaeden.de\/reutlingen\/termine\/","og_site_name":"Weltladen Reutlingen","article_modified_time":"2019-11-19T09:09:58+00:00","og_image":[{"url":"https:\/\/weltlaeden.de\/reutlingen\/wp-content\/uploads\/sites\/3\/2018\/07\/pocket-watch-1637396_1920_pixabay.png","type":"","width":"","height":""}],"twitter_card":"summary_large_image","schema":{"@context":"https:\/\/schema.org","@graph":[{"@type":"WebPage","@id":"https:\/\/weltlaeden.de\/reutlingen\/termine\/","url":"https:\/\/weltlaeden.de\/reutlingen\/termine\/","name":"Termine - Weltladen Reutlingen","isPartOf":{"@id":"https:\/\/weltlaeden.de\/reutlingen\/#website"},"primaryImageOfPage":{"@id":"https:\/\/weltlaeden.de\/reutlingen\/termine\/#primaryimage"},"image":{"@id":"https:\/\/weltlaeden.de\/reutlingen\/termine\/#primaryimage"},"thumbnailUrl":"https:\/\/weltlaeden.de\/reutlingen\/wp-content\/uploads\/sites\/3\/2018\/07\/pocket-watch-1637396_1920_pixabay.png","datePublished":"2016-10-14T07:05:21+00:00","dateModified":"2019-11-19T09:09:58+00:00","breadcrumb":{"@id":"https:\/\/weltlaeden.de\/reutlingen\/termine\/#breadcrumb"},"inLanguage":"de","potentialAction":[{"@type":"ReadAction","target":["https:\/\/weltlaeden.de\/reutlingen\/termine\/"]}]},{"@type":"ImageObject","inLanguage":"de","@id":"https:\/\/weltlaeden.de\/reutlingen\/termine\/#primaryimage","url":"https:\/\/weltlaeden.de\/reutlingen\/wp-content\/uploads\/sites\/3\/2018\/07\/pocket-watch-1637396_1920_pixabay.png","contentUrl":"https:\/\/weltlaeden.de\/reutlingen\/wp-content\/uploads\/sites\/3\/2018\/07\/pocket-watch-1637396_1920_pixabay.png"},{"@type":"BreadcrumbList","@id":"https:\/\/weltlaeden.de\/reutlingen\/termine\/#breadcrumb","itemListElement":[{"@type":"ListItem","position":1,"name":"Startseite","item":"https:\/\/weltlaeden.de\/reutlingen\/"},{"@type":"ListItem","position":2,"name":"Termine"}]},{"@type":"WebSite","@id":"https:\/\/weltlaeden.de\/reutlingen\/#website","url":"https:\/\/weltlaeden.de\/reutlingen\/","name":"Weltladen Reutlingen","description":"Faire Produkte seit 1990","potentialAction":[{"@type":"SearchAction","target":{"@type":"EntryPoint","urlTemplate":"https:\/\/weltlaeden.de\/reutlingen\/?s={search_term_string}"},"query-input":{"@type":"PropertyValueSpecification","valueRequired":true,"valueName":"search_term_string"}}],"inLanguage":"de"}]}},"_links":{"self":[{"href":"https:\/\/weltlaeden.de\/reutlingen\/wp-json\/wp\/v2\/pages\/23","targetHints":{"allow":["GET"]}}],"collection":[{"href":"https:\/\/weltlaeden.de\/reutlingen\/wp-json\/wp\/v2\/pages"}],"about":[{"href":"https:\/\/weltlaeden.de\/reutlingen\/wp-json\/wp\/v2\/types\/page"}],"author":[{"embeddable":true,"href":"https:\/\/weltlaeden.de\/reutlingen\/wp-json\/wp\/v2\/users\/1"}],"replies":[{"embeddable":true,"href":"https:\/\/weltlaeden.de\/reutlingen\/wp-json\/wp\/v2\/comments?post=23"}],"version-history":[{"count":15,"href":"https:\/\/weltlaeden.de\/reutlingen\/wp-json\/wp\/v2\/pages\/23\/revisions"}],"predecessor-version":[{"id":1170,"href":"https:\/\/weltlaeden.de\/reutlingen\/wp-json\/wp\/v2\/pages\/23\/revisions\/1170"}],"wp:attachment":[{"href":"https:\/\/weltlaeden.de\/reutlingen\/wp-json\/wp\/v2\/media?parent=23"}],"curies":[{"name":"wp","href":"https:\/\/api.w.org\/{rel}","templated":true}]}}