{"id":219,"date":"2016-10-28T13:34:47","date_gmt":"2016-10-28T11:34:47","guid":{"rendered":"https:\/\/wl.heimpixel.de\/rendsburg\/ueber-uns\/"},"modified":"2025-02-10T10:48:07","modified_gmt":"2025-02-10T09:48:07","slug":"ueber-uns","status":"publish","type":"page","link":"https:\/\/weltlaeden.de\/rendsburg\/ueber-uns\/","title":{"rendered":"\u00dcber uns"},"content":{"rendered":"<div class=\"wpb-content-wrapper\"><p>[vc_row][vc_column]<div class=\"wl_einzelbild\"><p><img loading=\"lazy\" decoding=\"async\" class=\"aligncenter size-full wp-image-nsm-3-16\" src=\"https:\/\/weltlaeden.de\/rendsburg\/wp-content\/uploads\/sites\/3\/2016\/11\/ElPuente_Kakaobohnen_El-Ceibo_Bolivien.jpg\" alt=\"\" width=\"1200\" height=\"519\" \/><\/p><\/div>[vc_empty_space][vc_column_text]<\/p>\n<h1>\u00dcber den Weltladen Rendsburg<\/h1>\n<p>[\/vc_column_text][vc_column_text]Wir &#8211; das sind ca. 25 ehrenamtlich t\u00e4tige Helferinnen und Helfer, die sich mit viel Idealismus f\u00fcr den fairen Handel einsetzen.<\/p>\n<p>Unser Weltladen bietet vielf\u00e4ltige M\u00f6glichkeiten zur Mitarbeit, z.B. im Ein- und Verkauf der Waren, Dekoration im Laden, Organisation u.v.m..<\/p>\n<p>Wir leisten Informations- und Bildungsarbeit im Weltladen, in Schulen, auf Veranstaltungen in der Stadt Rendsburg.[\/vc_column_text][\/vc_column][\/vc_row][vc_row][vc_column][vc_empty_space][vc_column_text]<\/p>\n<h1>Mitmachen im Weltladen Rendsburg<\/h1>\n<p>[\/vc_column_text][vc_column_text]<strong>Wir suchen<\/strong> Menschen, die Lust haben, sich ehrenamtlich f\u00fcr eine offene, transparente, \u00f6kologische und nachhaltige Form des Wirtschaftens zu engagieren. Ob im Verkauf, der Informations- oder Bildungsarbeit &#8211; die M\u00f6glichkeiten, in unserem Team mitzumachen sind vielf\u00e4ltig und lassen sich bestimmt auch in Deinen Alltag integrieren! Neben regelm\u00e4\u00dfigen Aufgaben gibt es bei uns auch immer wieder einzelne zeitlich befristete Projekte, f\u00fcr die wir Unterst\u00fctzer\/innen suchen. Viele Aufgaben erfordern keine speziellen Vorkenntnisse, sondern nur Deine Bereitschaft, Deine F\u00e4higkeiten einzubringen und eventuell in neuen Bereichen dazuzulernen.<\/p>\n<p><strong>Wir bieten<\/strong> ein nettes Team aus Engagierten mit vielf\u00e4ltigen M\u00f6glichkeiten, sich selbst einzubringen. Eine Gemeinschaft, die Dich herzlich aufnimmt, einarbeitet und bei Fragen zur Verf\u00fcgung steht. Fortbildungsm\u00f6glichkeiten nach Deinen Interessen und Aufgaben.<\/p>\n<p><strong>AnsprechpartnerIn:<\/strong> Dorothea Heiland<\/p>\n<p><strong>Wir freuen uns auf Dich!<\/strong>[\/vc_column_text][\/vc_column][\/vc_row]<\/p>\n<\/div>","protected":false},"excerpt":{"rendered":"<p>[vc_row][vc_column][vc_empty_space][vc_column_text] \u00dcber den Weltladen Rendsburg [\/vc_column_text][vc_column_text]Wir &#8211; das sind ca. 25 ehrenamtlich t\u00e4tige Helferinnen und Helfer, die sich mit viel Idealismus f\u00fcr den fairen Handel einsetzen. Unser Weltladen bietet vielf\u00e4ltige M\u00f6glichkeiten zur Mitarbeit, z.B. im Ein- und Verkauf der Waren, Dekoration im Laden, Organisation u.v.m.. Wir leisten Informations- und Bildungsarbeit im Weltladen, in Schulen, auf&hellip;<\/p>\n","protected":false},"author":1,"featured_media":0,"parent":0,"menu_order":14,"comment_status":"closed","ping_status":"closed","template":"","meta":{"footnotes":""},"class_list":["post-219","page","type-page","status-publish","hentry","description-off"],"_links":{"self":[{"href":"https:\/\/weltlaeden.de\/rendsburg\/wp-json\/wp\/v2\/pages\/219","targetHints":{"allow":["GET"]}}],"collection":[{"href":"https:\/\/weltlaeden.de\/rendsburg\/wp-json\/wp\/v2\/pages"}],"about":[{"href":"https:\/\/weltlaeden.de\/rendsburg\/wp-json\/wp\/v2\/types\/page"}],"author":[{"embeddable":true,"href":"https:\/\/weltlaeden.de\/rendsburg\/wp-json\/wp\/v2\/users\/1"}],"replies":[{"embeddable":true,"href":"https:\/\/weltlaeden.de\/rendsburg\/wp-json\/wp\/v2\/comments?post=219"}],"version-history":[{"count":12,"href":"https:\/\/weltlaeden.de\/rendsburg\/wp-json\/wp\/v2\/pages\/219\/revisions"}],"predecessor-version":[{"id":1142,"href":"https:\/\/weltlaeden.de\/rendsburg\/wp-json\/wp\/v2\/pages\/219\/revisions\/1142"}],"wp:attachment":[{"href":"https:\/\/weltlaeden.de\/rendsburg\/wp-json\/wp\/v2\/media?parent=219"}],"curies":[{"name":"wp","href":"https:\/\/api.w.org\/{rel}","templated":true}]}}