{"id":23,"date":"2016-10-14T09:05:21","date_gmt":"2016-10-14T07:05:21","guid":{"rendered":"https:\/\/wl.heimpixel.de\/vorlage\/termine\/"},"modified":"2019-03-11T08:55:49","modified_gmt":"2019-03-11T07:55:49","slug":"termine","status":"publish","type":"page","link":"https:\/\/weltlaeden.de\/pforzheim\/termine\/","title":{"rendered":"Termine"},"content":{"rendered":"<div class=\"wpb-content-wrapper\"><p>[vc_row][vc_column]<div class=\"wl_einzelbild\"><p><img loading=\"lazy\" decoding=\"async\" class=\"aligncenter size-full wp-image-nsm-3-33\" src=\"https:\/\/weltlaeden.de\/pforzheim\/wp-content\/uploads\/sites\/3\/2018\/07\/pocket-watch-1637396_1920_pixabay.png\" alt=\"\" width=\"787\" height=\"340\" \/><\/p><\/div>[vc_empty_space height=&#8220;30px&#8220;][vc_column_text]<\/p>\n<h1>Termine<\/h1>\n<h4><\/h4>\n<p>[\/vc_column_text][vc_empty_space height=&#8220;30px&#8220;][\/vc_column][\/vc_row][vc_row][vc_column width=&#8220;2\/3&#8243;][vc_column_text]<\/p>\n<h2>Kommende Termine<\/h2>\n<p>[\/vc_column_text]<ul class=\"termine-page current aktuell\">[vc_empty_space height=&#8220;30px&#8220;][vc_column_text]<\/p>\n<h2>Vergangene Termine<\/h2>\n<p>[\/vc_column_text]<ul class=\"termine-page past vergangen\"><li><h5 class=\"termine-titel\"><a href=\"https:\/\/weltlaeden.de\/pforzheim\/termin\/martinsmarkt-der-waldorfschule-pforzheim-2\/\">Martinsmarkt der Waldorfschule Pforzheim<\/a><\/h5><p class=\"termine-date\">Sa., 15.11.2025, 15:00<\/p><p class=\"termine-auszug\"><\/li><li><h5 class=\"termine-titel\"><a href=\"https:\/\/weltlaeden.de\/pforzheim\/termin\/martinsmarkt-der-waldorfschule-pforzheim\/\">Martinsmarkt der Waldorfschule Pforzheim<\/a><\/h5><p class=\"termine-date\">Fr., 14.11.2025, 18:00<\/p><p class=\"termine-auszug\">Wir sind dabei mit N\u00fctzlichem und Sch\u00f6nen f\u00fcr Sie selbst oder Ihre Lieben.<\/li><li><h5 class=\"termine-titel\"><a href=\"https:\/\/weltlaeden.de\/pforzheim\/termin\/faszination-regenwald\/\">Faszination Regenwald<\/a><\/h5><p class=\"termine-date\">Fr., 07.11.2025, 19:00<\/p><p class=\"termine-auszug\"><strong>\u00a0im Pforzheimer Congress Centrum<\/strong> Wir sind dabei mit Produkten vom Amazonas<\/li><li><h5 class=\"termine-titel\"><a href=\"https:\/\/weltlaeden.de\/pforzheim\/termin\/der-fairen-schokolade-auf-der-spur\/\">Der fairen Schokolade auf der Spur<\/a><\/h5><p class=\"termine-date\">Fr., 23.05.2025, 16:00<\/p><p class=\"termine-auszug\">Interaktiver Spaziergang zu Kakao, Gerechtigkeit und Fairem Handel &nbsp; Treffpunkt: Haupteingang der Stadtbibliothek, Deimlingstr. 12, 75175 Pforzheim &nbsp;<p class=termine-ort\"><small>Ort: <i>Haupteingang der Stadtbibliothek<\/i><\/small><\/p><\/li><li><h5 class=\"termine-titel\"><a href=\"https:\/\/weltlaeden.de\/pforzheim\/termin\/martinimarkt-freie-waldorfschule\/\">Martinimarkt Freie Waldorfschule<\/a><\/h5><p class=\"termine-date\">Fr., 15.11.2024 bis 16.11.2024<\/p><p class=\"termine-auszug\">Teilnahme Martinimarkt Freie Waldorfschule Pforzheim<\/li><li><h5 class=\"termine-titel\"><a href=\"https:\/\/weltlaeden.de\/pforzheim\/termin\/nachhaltig-reisen\/\">&#8222;Nachhaltig reisen&#8220; &#8211; Vortrag von Frank Herrmann<\/a><\/h5><p class=\"termine-date\">Do., 21.09.2023, 19:00<\/p><p class=\"termine-auszug\"><strong> <\/strong><strong>Vortrag zum nachhaltigen Reisen<\/strong> Immer h\u00e4ufiger, daf\u00fcr immer k\u00fcrzer \u2013 Die Deutschen sind reiselustig. Und dabei gibt es ganz unterschiedliche Formen des Reisens. F\u00fcr die Umwelt und f\u00fcr die Menschen im Zielland kann der Tourismus sowohl Fluch als auch Segen sein. Nachhaltiges Reisen gewinnt immer mehr an Bedeutung. Nur \u2013 was genau bedeutet nachhaltiges Reisen? Antworten, Tipps und Anregungen dazu gibt der Buchautor und Nachhaltigkeitsexperte Frank Herrmann. Seit Ende August ist er unterwegs auf seiner mittlerweile siebten \u201eFairen Biketour\u201c, die ihn in diesem Jahr von der Nordsee bis nach Basel f\u00fchrt. Am Donnerstag, 21. September 2023, wird Frank Hermann in Pforzheim Station machen. Sein Vortrag \u201eNachhaltig reisen \u2013 mehr als nur ein Lippenbekenntnis?\u201c beginnt um 19:00 Uhr im Stadtlabor, Marktplatz 6. Der Eintritt ist frei. Die Veranstaltung findet im Rahmen der bundesweiten Fairen Woche vom 15. bis zum 29. September 2023 mit dem diesj\u00e4hrigen Motto der Klimagerechtigkeit \u201eFair. Und [...] <a href=\"https:\/\/weltlaeden.de\/pforzheim\/termin\/nachhaltig-reisen\/\"><small>[WEITERLESEN]<\/small><\/a><\/p><p class=termine-ort\"><small>Ort: <i>Stadtlabor (Marktplatz)<\/i><\/small><\/p><\/li><li><h5 class=\"termine-titel\"><a href=\"https:\/\/weltlaeden.de\/pforzheim\/termin\/kaffeespaziergang\/\">Kaffeespaziergang<\/a><\/h5><p class=\"termine-date\">Sa., 17.06.2023, 10:30<\/p><p class=\"termine-auszug\"><strong>Treffpunkt Eingang Stadtlabor (Marktplatz) Dauer ca. 1,5 Std.<\/strong> &nbsp;<\/li><li><h5 class=\"termine-titel\"><a href=\"https:\/\/weltlaeden.de\/pforzheim\/termin\/vortrag-und-gespraech-cashewnuesse-und-fairer-handel\/\">Vortrag und Gespr\u00e4ch<\/a><\/h5><p class=\"termine-date\">Fr., 28.10.2022, 16:00<\/p><p class=\"termine-auszug\">\"Cashewn\u00fcsse und Fairer Handel\" mit einer Delegation aus Tansania im Rahmen der Klimapartnerschaft der Stadt Pforzheim Ort: Weltladen Pforzheim &nbsp;<p class=termine-ort\"><small>Ort: <i>Weltladen Pforzheim<\/i><\/small><\/p><\/li><li><h5 class=\"termine-titel\"><a href=\"https:\/\/weltlaeden.de\/pforzheim\/termin\/martinsmarkt\/\">Martinsmarkt<\/a><\/h5><p class=\"termine-date\">Fr., 15.11.2019 bis 16.11.2019<\/p><p class=\"termine-auszug\">Der Weltladen beteiligt sich am Martinsmarkt der Waldorfschule Pforzheim am 15. und 16. November 2019<p class=termine-ort\"><small>Ort: <i>Waldorfschule Pforzheim<\/i><\/small><\/p><\/li><li><h5 class=\"termine-titel\"><a href=\"https:\/\/weltlaeden.de\/pforzheim\/termin\/vortrag-ueber-den-regenwald\/\">Vortrag \u00fcber den Regenwald<\/a><\/h5><p class=\"termine-date\">Do., 07.11.2019, 19:00<\/p><p class=\"termine-auszug\">&nbsp; Mit Dr. Rainer Putz vom Freiburger Regenwaldladen\/Regenwald-Institut, in Zusammenarbeit mit dem Weltladen Pforzheim <p style=\"padding-left: 30px\"> Thema\u00a0 : Der Regenwald am Amazonas. Zwischen Schutz, Nutzung und Zerst\u00f6rung. Ort\u00a0 \u00a0 \u00a0 \u00a0 : vhs Pforzheim-Enzkreis, Zerrennerstr. 29, Vortragsraum<\/p><\/li><li><h5 class=\"termine-titel\"><a href=\"https:\/\/weltlaeden.de\/pforzheim\/termin\/vortragsabend-zu-oikokredit\/\">Vortragsabend zu Oikokredit<\/a><\/h5><p class=\"termine-date\">Mi., 16.10.2019<\/p><p class=\"termine-auszug\">Der Weltladen beteiligt sich am Vortragsabend zu Oikokredit, veranstaltet von der Ev. Meth. Kirche Pforzheim am 16. Oktober 2019. Die internationale Genossenschaft vergibt Darlehen dort, wo Bedarf besteht: in der Realwirtschaft von \u00fcber 70 Entwicklungs- und Schwellenl\u00e4ndern. __<p class=termine-ort\"><small>Ort: <i>Ev. Meth. Kirche Pforzheim<\/i><\/small><\/p><\/li><li><h5 class=\"termine-titel\"><a href=\"https:\/\/weltlaeden.de\/pforzheim\/termin\/konferenz-fuer-nachhaltige-entwicklung\/\">Konferenz f\u00fcr nachhaltige Entwicklung<\/a><\/h5><p class=\"termine-date\">Mi., 18.09.2019, 19:30 bis 19.09.2019, 23:00<\/p><p class=\"termine-auszug\">&nbsp; Diese Veranstaltung der Volkshochschule Pforzheim-Enzkreis besteht aus\u00a0verschiedenen Workshops und einem Abendvortrag.\u00a0<a href=\"https:\/\/weltlaeden.de\/pforzheim\/wp-content\/uploads\/sites\/61\/2019\/07\/Konferenz-192-Flyer.pdf\">Hier &gt;&gt; Programm Flyer<\/a> &nbsp; Abendvortrag, Mi., 18. Sept., 19:30 Uhr, Reuchlinhaus, Vortragssaal,\u00a0Jahnstr. 42 (Eintritt: \u20ac 7,-): Im Rahmen des Vortrags von Prof. Dr. Ernst Ulrich von Weizs\u00e4cker \"Wir\u00a0sind dran - Was wir \u00e4ndern m\u00fcssen, wenn wir bleiben wollen\" mit anschlie\u00dfender Diskussion wird der Weltladen mit einem Informations- und\u00a0Verkaufsstand vor Ort sein. &nbsp;<\/li><li><h5 class=\"termine-titel\"><a href=\"https:\/\/weltlaeden.de\/pforzheim\/termin\/nachhaltigkeitstage-baden-wuerttemberg-verschenkemarkt\/\">Nachhaltigkeitstage Baden-W\u00fcrttemberg Verschenkemarkt<\/a><\/h5><p class=\"termine-date\">Sa., 01.06.2019, 09:00 bis 15.06.2019<\/p><p class=\"termine-auszug\"><strong>(Um eine Woche bis zum Samstag 15. Juni Verl\u00e4ngert)<\/strong> Und so funktioniert es: <p style=\"padding-left: 60px\">Jede\/r darf (muss aber nicht) 1 oder 2 oder 3 Dinge bringen.<\/p> <p style=\"padding-left: 60px\">z.B.: ein Buch, Kerzenst\u00e4nder, das Tischtuch, das nie auf einen eigenen Tisch passte,\u00a0 Puppe, Sektgl\u00e4ser, t-shirt zu klein zu gro\u00df gekauft\u2026<\/p> <p style=\"padding-left: 60px\">Jede\/r kann kommen und darf sich von diesen Dingen<\/p> <p style=\"padding-left: 60px\">1 oder 2 oder 3 Sch\u00e4tze mit nach Hause nehmen.<\/p> &nbsp; So unterst\u00fctzen wir den nachhaltigen Konsum. Sch\u00f6nes wird nicht weggeworfen, sondern erfreut an neuem Ort neue Besitzer.<\/li><li><h5 class=\"termine-titel\"><a href=\"https:\/\/weltlaeden.de\/pforzheim\/termin\/messe-fair-handeln\/\">Messe &#8222;Fair Handeln&#8220;<\/a><\/h5><p class=\"termine-date\">Fr., 26.04.2019 bis 27.04.2019<\/p><p class=\"termine-auszug\">&nbsp; Wir fahren zur\u00a0 Messe \"Fair Handeln\" nach Stuttgart, am 26. und 27.April 2019 &nbsp; <a href=\"https:\/\/www.messe-stuttgart.de\/fairhandeln\/besucher\/auf-einen-blick\/\"><\/a><p class=termine-ort\"><small>Ort: <i>Stuttgart<\/i><\/small><\/p><\/li><\/ul>[\/vc_column][\/vc_row]<\/p>\n<\/div>","protected":false},"excerpt":{"rendered":"<p>[vc_row][vc_column][vc_empty_space height=&#8220;30px&#8220;][vc_column_text] Termine [\/vc_column_text][vc_empty_space height=&#8220;30px&#8220;][\/vc_column][\/vc_row][vc_row][vc_column width=&#8220;2\/3&#8243;][vc_column_text] Kommende Termine [\/vc_column_text][vc_empty_space height=&#8220;30px&#8220;][vc_column_text] Vergangene Termine [\/vc_column_text][\/vc_column][\/vc_row]<\/p>\n","protected":false},"author":1,"featured_media":0,"parent":0,"menu_order":5,"comment_status":"closed","ping_status":"closed","template":"","meta":{"footnotes":""},"class_list":["post-23","page","type-page","status-publish","hentry","description-off"],"yoast_head":"<!-- This site is optimized with the Yoast SEO plugin v26.8 - https:\/\/yoast.com\/product\/yoast-seo-wordpress\/ -->\n<title>Termine - Weltladen Pforzheim<\/title>\n<meta name=\"robots\" content=\"index, follow, max-snippet:-1, max-image-preview:large, max-video-preview:-1\" \/>\n<link rel=\"canonical\" href=\"https:\/\/weltlaeden.de\/pforzheim\/termine\/\" \/>\n<meta property=\"og:locale\" content=\"de_DE\" \/>\n<meta property=\"og:type\" content=\"article\" \/>\n<meta property=\"og:title\" content=\"Termine - Weltladen Pforzheim\" \/>\n<meta property=\"og:description\" content=\"[vc_row][vc_column][vc_empty_space height=&#8220;30px&#8220;][vc_column_text] Termine [\/vc_column_text][vc_empty_space height=&#8220;30px&#8220;][\/vc_column][\/vc_row][vc_row][vc_column width=&#8220;2\/3&#8243;][vc_column_text] Kommende Termine [\/vc_column_text][vc_empty_space height=&#8220;30px&#8220;][vc_column_text] Vergangene Termine [\/vc_column_text][\/vc_column][\/vc_row]\" \/>\n<meta property=\"og:url\" content=\"https:\/\/weltlaeden.de\/pforzheim\/termine\/\" \/>\n<meta property=\"og:site_name\" content=\"Weltladen Pforzheim\" \/>\n<meta property=\"article:modified_time\" content=\"2019-03-11T07:55:49+00:00\" \/>\n<meta property=\"og:image\" content=\"https:\/\/weltlaeden.de\/pforzheim\/wp-content\/uploads\/sites\/3\/2018\/07\/pocket-watch-1637396_1920_pixabay.png\" \/>\n<meta name=\"twitter:card\" content=\"summary_large_image\" \/>\n<script type=\"application\/ld+json\" class=\"yoast-schema-graph\">{\"@context\":\"https:\/\/schema.org\",\"@graph\":[{\"@type\":\"WebPage\",\"@id\":\"https:\/\/weltlaeden.de\/pforzheim\/termine\/\",\"url\":\"https:\/\/weltlaeden.de\/pforzheim\/termine\/\",\"name\":\"Termine - Weltladen Pforzheim\",\"isPartOf\":{\"@id\":\"https:\/\/weltlaeden.de\/pforzheim\/#website\"},\"primaryImageOfPage\":{\"@id\":\"https:\/\/weltlaeden.de\/pforzheim\/termine\/#primaryimage\"},\"image\":{\"@id\":\"https:\/\/weltlaeden.de\/pforzheim\/termine\/#primaryimage\"},\"thumbnailUrl\":\"https:\/\/weltlaeden.de\/pforzheim\/wp-content\/uploads\/sites\/3\/2018\/07\/pocket-watch-1637396_1920_pixabay.png\",\"datePublished\":\"2016-10-14T07:05:21+00:00\",\"dateModified\":\"2019-03-11T07:55:49+00:00\",\"breadcrumb\":{\"@id\":\"https:\/\/weltlaeden.de\/pforzheim\/termine\/#breadcrumb\"},\"inLanguage\":\"de\",\"potentialAction\":[{\"@type\":\"ReadAction\",\"target\":[\"https:\/\/weltlaeden.de\/pforzheim\/termine\/\"]}]},{\"@type\":\"ImageObject\",\"inLanguage\":\"de\",\"@id\":\"https:\/\/weltlaeden.de\/pforzheim\/termine\/#primaryimage\",\"url\":\"https:\/\/weltlaeden.de\/pforzheim\/wp-content\/uploads\/sites\/3\/2018\/07\/pocket-watch-1637396_1920_pixabay.png\",\"contentUrl\":\"https:\/\/weltlaeden.de\/pforzheim\/wp-content\/uploads\/sites\/3\/2018\/07\/pocket-watch-1637396_1920_pixabay.png\"},{\"@type\":\"BreadcrumbList\",\"@id\":\"https:\/\/weltlaeden.de\/pforzheim\/termine\/#breadcrumb\",\"itemListElement\":[{\"@type\":\"ListItem\",\"position\":1,\"name\":\"Startseite\",\"item\":\"https:\/\/weltlaeden.de\/pforzheim\/\"},{\"@type\":\"ListItem\",\"position\":2,\"name\":\"Termine\"}]},{\"@type\":\"WebSite\",\"@id\":\"https:\/\/weltlaeden.de\/pforzheim\/#website\",\"url\":\"https:\/\/weltlaeden.de\/pforzheim\/\",\"name\":\"Vorlage\",\"description\":\"Faire Produkte seit 1990\",\"potentialAction\":[{\"@type\":\"SearchAction\",\"target\":{\"@type\":\"EntryPoint\",\"urlTemplate\":\"https:\/\/weltlaeden.de\/pforzheim\/?s={search_term_string}\"},\"query-input\":{\"@type\":\"PropertyValueSpecification\",\"valueRequired\":true,\"valueName\":\"search_term_string\"}}],\"inLanguage\":\"de\"}]}<\/script>\n<!-- \/ Yoast SEO plugin. -->","yoast_head_json":{"title":"Termine - Weltladen Pforzheim","robots":{"index":"index","follow":"follow","max-snippet":"max-snippet:-1","max-image-preview":"max-image-preview:large","max-video-preview":"max-video-preview:-1"},"canonical":"https:\/\/weltlaeden.de\/pforzheim\/termine\/","og_locale":"de_DE","og_type":"article","og_title":"Termine - Weltladen Pforzheim","og_description":"[vc_row][vc_column][vc_empty_space height=&#8220;30px&#8220;][vc_column_text] Termine [\/vc_column_text][vc_empty_space height=&#8220;30px&#8220;][\/vc_column][\/vc_row][vc_row][vc_column width=&#8220;2\/3&#8243;][vc_column_text] Kommende Termine [\/vc_column_text][vc_empty_space height=&#8220;30px&#8220;][vc_column_text] Vergangene Termine [\/vc_column_text][\/vc_column][\/vc_row]","og_url":"https:\/\/weltlaeden.de\/pforzheim\/termine\/","og_site_name":"Weltladen Pforzheim","article_modified_time":"2019-03-11T07:55:49+00:00","og_image":[{"url":"https:\/\/weltlaeden.de\/pforzheim\/wp-content\/uploads\/sites\/3\/2018\/07\/pocket-watch-1637396_1920_pixabay.png","type":"","width":"","height":""}],"twitter_card":"summary_large_image","schema":{"@context":"https:\/\/schema.org","@graph":[{"@type":"WebPage","@id":"https:\/\/weltlaeden.de\/pforzheim\/termine\/","url":"https:\/\/weltlaeden.de\/pforzheim\/termine\/","name":"Termine - Weltladen Pforzheim","isPartOf":{"@id":"https:\/\/weltlaeden.de\/pforzheim\/#website"},"primaryImageOfPage":{"@id":"https:\/\/weltlaeden.de\/pforzheim\/termine\/#primaryimage"},"image":{"@id":"https:\/\/weltlaeden.de\/pforzheim\/termine\/#primaryimage"},"thumbnailUrl":"https:\/\/weltlaeden.de\/pforzheim\/wp-content\/uploads\/sites\/3\/2018\/07\/pocket-watch-1637396_1920_pixabay.png","datePublished":"2016-10-14T07:05:21+00:00","dateModified":"2019-03-11T07:55:49+00:00","breadcrumb":{"@id":"https:\/\/weltlaeden.de\/pforzheim\/termine\/#breadcrumb"},"inLanguage":"de","potentialAction":[{"@type":"ReadAction","target":["https:\/\/weltlaeden.de\/pforzheim\/termine\/"]}]},{"@type":"ImageObject","inLanguage":"de","@id":"https:\/\/weltlaeden.de\/pforzheim\/termine\/#primaryimage","url":"https:\/\/weltlaeden.de\/pforzheim\/wp-content\/uploads\/sites\/3\/2018\/07\/pocket-watch-1637396_1920_pixabay.png","contentUrl":"https:\/\/weltlaeden.de\/pforzheim\/wp-content\/uploads\/sites\/3\/2018\/07\/pocket-watch-1637396_1920_pixabay.png"},{"@type":"BreadcrumbList","@id":"https:\/\/weltlaeden.de\/pforzheim\/termine\/#breadcrumb","itemListElement":[{"@type":"ListItem","position":1,"name":"Startseite","item":"https:\/\/weltlaeden.de\/pforzheim\/"},{"@type":"ListItem","position":2,"name":"Termine"}]},{"@type":"WebSite","@id":"https:\/\/weltlaeden.de\/pforzheim\/#website","url":"https:\/\/weltlaeden.de\/pforzheim\/","name":"Vorlage","description":"Faire Produkte seit 1990","potentialAction":[{"@type":"SearchAction","target":{"@type":"EntryPoint","urlTemplate":"https:\/\/weltlaeden.de\/pforzheim\/?s={search_term_string}"},"query-input":{"@type":"PropertyValueSpecification","valueRequired":true,"valueName":"search_term_string"}}],"inLanguage":"de"}]}},"_links":{"self":[{"href":"https:\/\/weltlaeden.de\/pforzheim\/wp-json\/wp\/v2\/pages\/23","targetHints":{"allow":["GET"]}}],"collection":[{"href":"https:\/\/weltlaeden.de\/pforzheim\/wp-json\/wp\/v2\/pages"}],"about":[{"href":"https:\/\/weltlaeden.de\/pforzheim\/wp-json\/wp\/v2\/types\/page"}],"author":[{"embeddable":true,"href":"https:\/\/weltlaeden.de\/pforzheim\/wp-json\/wp\/v2\/users\/1"}],"replies":[{"embeddable":true,"href":"https:\/\/weltlaeden.de\/pforzheim\/wp-json\/wp\/v2\/comments?post=23"}],"version-history":[{"count":13,"href":"https:\/\/weltlaeden.de\/pforzheim\/wp-json\/wp\/v2\/pages\/23\/revisions"}],"predecessor-version":[{"id":396,"href":"https:\/\/weltlaeden.de\/pforzheim\/wp-json\/wp\/v2\/pages\/23\/revisions\/396"}],"wp:attachment":[{"href":"https:\/\/weltlaeden.de\/pforzheim\/wp-json\/wp\/v2\/media?parent=23"}],"curies":[{"name":"wp","href":"https:\/\/api.w.org\/{rel}","templated":true}]}}