{"id":219,"date":"2016-10-28T13:34:47","date_gmt":"2016-10-28T11:34:47","guid":{"rendered":"https:\/\/wl.heimpixel.de\/vorlage\/ueber-uns\/"},"modified":"2025-12-12T23:42:18","modified_gmt":"2025-12-12T22:42:18","slug":"ueber-uns","status":"publish","type":"page","link":"https:\/\/weltlaeden.de\/pforzheim\/ueber-uns\/","title":{"rendered":"\u00dcber uns"},"content":{"rendered":"<div class=\"wpb-content-wrapper\"><p>[vc_row][vc_column][vc_single_image image=&#8220;980&#8243; img_size=&#8220;708&#215;439&#8243;][vc_empty_space height=&#8220;5px&#8220;][vc_column_text]<\/p>\n<h2><span style=\"color: #ff9900\"><strong>\u00dcber den Weltladen Pforzheim<\/strong><\/span><\/h2>\n<p>[\/vc_column_text][vc_column_text css=&#8220;&#8220;]Ob Hausfrau, Student, aktive Arbeitnehmerin oder Rentner: Im Weltladen Pforzheim sind ca. 30 Freiwillige im Dienste des fairen Handels engagiert.<\/p>\n<p>Auf den folgenden Seiten m\u00f6chten wir uns Ihnen kurz vorstellen: Wer wir sind, was unsere Ziele sind, welche Projekte wir unterst\u00fctzen und &#8211; wenn wir Sie vom Weltladen Pforzheim \u00fcberzeugen konnten &#8211; wie Sie auch ein Teil dieses\u00a0<strong>gemeinn\u00fctzigen<\/strong>\u00a0Projekts werden k\u00f6nnen.<\/p>\n<p>&nbsp;<\/p>\n<h2 style=\"text-align: center\"><span style=\"color: #ff9900\"><strong>Das Team des Weltladens Pforzheim<\/strong><\/span><br \/>\n<span style=\"color: #ff9900\"><strong>freut sich auf Ihren Besuch<\/strong><\/span><\/h2>\n<p>&nbsp;<\/p>\n<p style=\"text-align: center\"><img loading=\"lazy\" decoding=\"async\" class=\"alignnone size-large wp-image-1281\" src=\"https:\/\/weltlaeden.de\/pforzheim\/wp-content\/uploads\/sites\/61\/2025\/12\/mitarbeiter-2026-684x1024.jpg\" alt=\"\" width=\"684\" height=\"1024\" srcset=\"https:\/\/weltlaeden.de\/pforzheim\/wp-content\/uploads\/sites\/61\/2025\/12\/mitarbeiter-2026-684x1024.jpg 684w, https:\/\/weltlaeden.de\/pforzheim\/wp-content\/uploads\/sites\/61\/2025\/12\/mitarbeiter-2026-200x300.jpg 200w, https:\/\/weltlaeden.de\/pforzheim\/wp-content\/uploads\/sites\/61\/2025\/12\/mitarbeiter-2026-768x1150.jpg 768w, https:\/\/weltlaeden.de\/pforzheim\/wp-content\/uploads\/sites\/61\/2025\/12\/mitarbeiter-2026.jpg 800w\" sizes=\"auto, (max-width: 684px) 100vw, 684px\" \/><\/p>\n<p>[\/vc_column_text][\/vc_column][\/vc_row][vc_row][vc_column][vc_empty_space][vc_column_text]<\/p>\n<h2><strong><span style=\"color: #ff9900\">Wir suchen Sie<\/span><\/strong><\/h2>\n<p>[\/vc_column_text][vc_column_text]Der Weltladen ist ein gut sortiertes Fachgesch\u00e4ft f\u00fcr Produkte des Fairen Handels in Pforzheim. Zur Unterst\u00fctzung unseres Teams freuen wir uns jederzeit \u00fcber neue, engagierte\u00a0<em><strong>ehrenamtliche\u00a0<\/strong><\/em>MitarbeiterInnen: Sie sind aufgeschlossen, kontaktfreudig und zuverl\u00e4ssig? Sie haben Interesse an der Idee des Fairen Handels? Dann sind Sie bei uns genau richtig!<\/p>\n<p>Im Weltladen Pforzheim k\u00f6nnen Sie sich auf verschiedene Weise aktiv einbringen wie z.B.<\/p>\n<ul>\n<li>im Verkaufsbereich: \u00dcbernahme einer 3-st\u00fcndigen Ladenschicht pro Woche<\/li>\n<li>in der Dekoration: Gestaltung der Schaufenster<\/li>\n<li>in der Pressearbeit: Zeitungsberichte, Flyergestaltung&#8230;<\/li>\n<li>im Einkauf: Beteiligung an der Sortimentsgestaltung<\/li>\n<li>im Computerbereich: Pflege unserer Homepage<\/li>\n<\/ul>\n<h3><\/h3>\n<p>[\/vc_column_text][vc_empty_space][vc_column_text css=&#8220;&#8220;]<\/p>\n<h2><strong><span style=\"color: #ff9900\">Mitgliederwerbung<\/span><\/strong><\/h2>\n<p>[\/vc_column_text][vc_column_text css=&#8220;&#8220;]Das Ladengesch\u00e4ft wird durch unseren eingetragenen Verein &#8222;Eine Welt e.V.&#8220; getragen.<br \/>\nDer Verein verfolgt zwei Ziele:<\/p>\n<ul>\n<li>das F\u00f6rdern des Bewusstseins f\u00fcr die Zusammenh\u00e4nge zwischen Industrie- und Entwicklungsl\u00e4ndern.<\/li>\n<li>die\u00a0<a href=\"http:\/\/www.weltladen.de\/pforzheim\/de\/projekte-weltladen-pforzheim-content-3872.html\" target=\"_blank\" rel=\"noopener\">Unterst\u00fctzung und Betreuung von Projekten<\/a>, die von gemeinn\u00fctzigen, sozial-karikativen, genossenschaftlichen oder mildt\u00e4tigen Institutionen in Entwicklungsl\u00e4ndern getragen werden.<\/li>\n<\/ul>\n<p>K\u00f6nnen Sie sich mit diesen Zielen identifizieren und wollen auch Sie einen Beitrag f\u00fcr eine bessere\u00a0Zukunft der Entwicklungsl\u00e4nder leisten,\u00a0dann werden Sie Mitglied und unterst\u00fctzen Sie unseren Verein &#8222;Eine Welt e.V. Informationen und Projektf\u00f6rderung&#8220; in Pforzheim.<\/p>\n<p>Geben Sie einfach den ausgef\u00fcllten Mitgliedsandtrag bei uns im Weltladen ab.<\/p>\n<p>Haben wir Ihr Interesse geweckt, dann melden Sie sich bei uns:<\/p>\n<p>Weltladen Pforzheim, Weiherstr.\/Ecke Turnstr. 11<br \/>\nTelefon: 07231-105673<br \/>\nEmail:\u00a0<a href=\"mailto:weltladen.pforzheim@web.de\" target=\"_blank\" rel=\"noopener\">weltladen.pforzheim@web.de\u00a0<\/a><\/p>\n<p>Schon jetzt ein herzliches Dankesch\u00f6n!!![\/vc_column_text][\/vc_column][\/vc_row][vc_row][vc_column][vc_empty_space][vc_column_text]<\/p>\n<h2 class=\"western\"><span style=\"color: #ff9900\"><strong>Die Geschichte des Weltladens<\/strong><\/span><\/h2>\n<p>[\/vc_column_text][vc_column_text]<\/p>\n<p class=\"western\" lang=\"de-DE\">Im Februar 1982 wurde der Verein Eine Welt e.V. Informationen und Projektf\u00f6rderung in Pforzheim gegr\u00fcndet und der Weltladen er\u00f6ffnet.<\/p>\n<p class=\"western\" lang=\"de-DE\">F\u00fcr die Idee des Fairen Handels warb man jedoch schon 1980 im Anschluss an die Sonntagsgottesdienste in der evangelischen Stadtkirche in Pforzheim. Der erste fair gehandelte Kaffee wurde somit bereits zu dieser Zeit im Foyer der Kirche verkauft.<\/p>\n<p class=\"western\" lang=\"de-DE\">Um der steigenden Nachfrage gerecht zu werden und zugleich R\u00e4umlichkeiten f\u00fcr Informationsveranstaltungen zu haben, suchte man nach einem geeigneten Laden und wurde auch f\u00fcndig.<\/p>\n<p class=\"western\" lang=\"de-DE\">Bis Mitte 2005 war das Melanchthonhaus somit Anlaufstelle f\u00fcr alle Weltladeninteressierte.<\/p>\n<p class=\"western\" lang=\"de-DE\">Aufgrund eines Besitzerwechsels war man jedoch nach einiger Zeit gezwungen sich nach neuen L\u00f6sungsm\u00f6glichkeiten umzuschauen.<\/p>\n<p class=\"western\" lang=\"de-DE\">Nach einem relativ kurzen Zwischenstopp in der verkehrsreichen Berliner Stra\u00dfe war ein erneuter Umzug notwendig.<\/p>\n<p class=\"western\" lang=\"de-DE\">Seit September 2008 befindet sich nun der Weltladen in seinen neuen R\u00e4umlichkeiten in der Turnstra\u00dfe 11, in der N\u00e4he des Sedanplatzes.<\/p>\n<p class=\"western\" lang=\"de-DE\">Durch die gr\u00f6\u00dfere Verkaufsfl\u00e4che konnte nun auch das Sortiment sowohl bei den Lebensmitteln als auch beim Kunsthandwerk erheblich erweitert werden.<\/p>\n<p class=\"western\" lang=\"de-DE\">Sowohl Informationen rund um den Fairen Handel als auch ein gem\u00fctliches Einkaufsambiente f\u00fcr die Kunden sind nun gew\u00e4hrleistet.<\/p>\n<p>[\/vc_column_text][vc_single_image image=&#8220;1270&#8243; img_size=&#8220;706&#215;686&#8243; alignment=&#8220;center&#8220; css=&#8220;&#8220;][vc_empty_space height=&#8220;15px&#8220;][vc_single_image image=&#8220;967&#8243; img_size=&#8220;708&#215;377&#8243; alignment=&#8220;center&#8220; css=&#8220;&#8220;][\/vc_column][\/vc_row][vc_row][vc_column][vc_empty_space][vc_column_text]<\/p>\n<h2><span style=\"color: #ff9900\"><strong>Unterst\u00fctzte Projekte<\/strong><\/span><\/h2>\n<ul>\n<li><a href=\"https:\/\/weltlaeden.de\/pforzheim\/freundschaftsbruecke-nicaragua-e-v\/\">Freundschaftsbr\u00fccke Nicaragua e.V.<\/a><\/li>\n<li><a href=\"https:\/\/weltlaeden.de\/pforzheim\/kranich-aids-in-afrika-e-v\/\">Kranich &#8211; AIDS in Afrika e.V.<\/a><\/li>\n<\/ul>\n<p>[\/vc_column_text][\/vc_column][\/vc_row]<\/p>\n<\/div>","protected":false},"excerpt":{"rendered":"<p>[vc_row][vc_column][vc_single_image image=&#8220;980&#8243; img_size=&#8220;708&#215;439&#8243;][vc_empty_space height=&#8220;5px&#8220;][vc_column_text] \u00dcber den Weltladen Pforzheim [\/vc_column_text][vc_column_text css=&#8220;&#8220;]Ob Hausfrau, Student, aktive Arbeitnehmerin oder Rentner: Im Weltladen Pforzheim sind ca. 30 Freiwillige im Dienste des fairen Handels engagiert. Auf den folgenden Seiten m\u00f6chten wir uns Ihnen kurz vorstellen: Wer wir sind, was unsere Ziele sind, welche Projekte wir unterst\u00fctzen und &#8211; wenn wir Sie&hellip;<\/p>\n","protected":false},"author":1,"featured_media":0,"parent":0,"menu_order":2,"comment_status":"closed","ping_status":"closed","template":"","meta":{"footnotes":""},"class_list":["post-219","page","type-page","status-publish","hentry","description-off"],"yoast_head":"<!-- This site is optimized with the Yoast SEO plugin v26.8 - https:\/\/yoast.com\/product\/yoast-seo-wordpress\/ -->\n<title>\u00dcber uns - Weltladen Pforzheim<\/title>\n<meta name=\"robots\" content=\"index, follow, max-snippet:-1, max-image-preview:large, max-video-preview:-1\" \/>\n<link rel=\"canonical\" href=\"https:\/\/weltlaeden.de\/pforzheim\/ueber-uns\/\" \/>\n<meta property=\"og:locale\" content=\"de_DE\" \/>\n<meta property=\"og:type\" content=\"article\" \/>\n<meta property=\"og:title\" content=\"\u00dcber uns - Weltladen Pforzheim\" \/>\n<meta property=\"og:description\" content=\"[vc_row][vc_column][vc_single_image image=&#8220;980&#8243; img_size=&#8220;708&#215;439&#8243;][vc_empty_space height=&#8220;5px&#8220;][vc_column_text] \u00dcber den Weltladen Pforzheim [\/vc_column_text][vc_column_text css=&#8220;&#8220;]Ob Hausfrau, Student, aktive Arbeitnehmerin oder Rentner: Im Weltladen Pforzheim sind ca. 30 Freiwillige im Dienste des fairen Handels engagiert. Auf den folgenden Seiten m\u00f6chten wir uns Ihnen kurz vorstellen: Wer wir sind, was unsere Ziele sind, welche Projekte wir unterst\u00fctzen und &#8211; wenn wir Sie&hellip;\" \/>\n<meta property=\"og:url\" content=\"https:\/\/weltlaeden.de\/pforzheim\/ueber-uns\/\" \/>\n<meta property=\"og:site_name\" content=\"Weltladen Pforzheim\" \/>\n<meta property=\"article:modified_time\" content=\"2025-12-12T22:42:18+00:00\" \/>\n<meta property=\"og:image\" content=\"https:\/\/weltlaeden.de\/pforzheim\/wp-content\/uploads\/sites\/61\/2025\/12\/mitarbeiter-2026-684x1024.jpg\" \/>\n<meta name=\"twitter:card\" content=\"summary_large_image\" \/>\n<meta name=\"twitter:label1\" content=\"Gesch\u00e4tzte Lesezeit\" \/>\n\t<meta name=\"twitter:data1\" content=\"4\u00a0Minuten\" \/>\n<script type=\"application\/ld+json\" class=\"yoast-schema-graph\">{\"@context\":\"https:\/\/schema.org\",\"@graph\":[{\"@type\":\"WebPage\",\"@id\":\"https:\/\/weltlaeden.de\/pforzheim\/ueber-uns\/\",\"url\":\"https:\/\/weltlaeden.de\/pforzheim\/ueber-uns\/\",\"name\":\"\u00dcber uns - Weltladen Pforzheim\",\"isPartOf\":{\"@id\":\"https:\/\/weltlaeden.de\/pforzheim\/#website\"},\"primaryImageOfPage\":{\"@id\":\"https:\/\/weltlaeden.de\/pforzheim\/ueber-uns\/#primaryimage\"},\"image\":{\"@id\":\"https:\/\/weltlaeden.de\/pforzheim\/ueber-uns\/#primaryimage\"},\"thumbnailUrl\":\"https:\/\/weltlaeden.de\/pforzheim\/wp-content\/uploads\/sites\/61\/2025\/12\/mitarbeiter-2026-684x1024.jpg\",\"datePublished\":\"2016-10-28T11:34:47+00:00\",\"dateModified\":\"2025-12-12T22:42:18+00:00\",\"breadcrumb\":{\"@id\":\"https:\/\/weltlaeden.de\/pforzheim\/ueber-uns\/#breadcrumb\"},\"inLanguage\":\"de\",\"potentialAction\":[{\"@type\":\"ReadAction\",\"target\":[\"https:\/\/weltlaeden.de\/pforzheim\/ueber-uns\/\"]}]},{\"@type\":\"ImageObject\",\"inLanguage\":\"de\",\"@id\":\"https:\/\/weltlaeden.de\/pforzheim\/ueber-uns\/#primaryimage\",\"url\":\"https:\/\/weltlaeden.de\/pforzheim\/wp-content\/uploads\/sites\/61\/2025\/12\/mitarbeiter-2026.jpg\",\"contentUrl\":\"https:\/\/weltlaeden.de\/pforzheim\/wp-content\/uploads\/sites\/61\/2025\/12\/mitarbeiter-2026.jpg\",\"width\":800,\"height\":1198},{\"@type\":\"BreadcrumbList\",\"@id\":\"https:\/\/weltlaeden.de\/pforzheim\/ueber-uns\/#breadcrumb\",\"itemListElement\":[{\"@type\":\"ListItem\",\"position\":1,\"name\":\"Startseite\",\"item\":\"https:\/\/weltlaeden.de\/pforzheim\/\"},{\"@type\":\"ListItem\",\"position\":2,\"name\":\"\u00dcber uns\"}]},{\"@type\":\"WebSite\",\"@id\":\"https:\/\/weltlaeden.de\/pforzheim\/#website\",\"url\":\"https:\/\/weltlaeden.de\/pforzheim\/\",\"name\":\"Vorlage\",\"description\":\"Faire Produkte seit 1990\",\"potentialAction\":[{\"@type\":\"SearchAction\",\"target\":{\"@type\":\"EntryPoint\",\"urlTemplate\":\"https:\/\/weltlaeden.de\/pforzheim\/?s={search_term_string}\"},\"query-input\":{\"@type\":\"PropertyValueSpecification\",\"valueRequired\":true,\"valueName\":\"search_term_string\"}}],\"inLanguage\":\"de\"}]}<\/script>\n<!-- \/ Yoast SEO plugin. -->","yoast_head_json":{"title":"\u00dcber uns - Weltladen Pforzheim","robots":{"index":"index","follow":"follow","max-snippet":"max-snippet:-1","max-image-preview":"max-image-preview:large","max-video-preview":"max-video-preview:-1"},"canonical":"https:\/\/weltlaeden.de\/pforzheim\/ueber-uns\/","og_locale":"de_DE","og_type":"article","og_title":"\u00dcber uns - Weltladen Pforzheim","og_description":"[vc_row][vc_column][vc_single_image image=&#8220;980&#8243; img_size=&#8220;708&#215;439&#8243;][vc_empty_space height=&#8220;5px&#8220;][vc_column_text] \u00dcber den Weltladen Pforzheim [\/vc_column_text][vc_column_text css=&#8220;&#8220;]Ob Hausfrau, Student, aktive Arbeitnehmerin oder Rentner: Im Weltladen Pforzheim sind ca. 30 Freiwillige im Dienste des fairen Handels engagiert. Auf den folgenden Seiten m\u00f6chten wir uns Ihnen kurz vorstellen: Wer wir sind, was unsere Ziele sind, welche Projekte wir unterst\u00fctzen und &#8211; wenn wir Sie&hellip;","og_url":"https:\/\/weltlaeden.de\/pforzheim\/ueber-uns\/","og_site_name":"Weltladen Pforzheim","article_modified_time":"2025-12-12T22:42:18+00:00","og_image":[{"url":"https:\/\/weltlaeden.de\/pforzheim\/wp-content\/uploads\/sites\/61\/2025\/12\/mitarbeiter-2026-684x1024.jpg","type":"","width":"","height":""}],"twitter_card":"summary_large_image","twitter_misc":{"Gesch\u00e4tzte Lesezeit":"4\u00a0Minuten"},"schema":{"@context":"https:\/\/schema.org","@graph":[{"@type":"WebPage","@id":"https:\/\/weltlaeden.de\/pforzheim\/ueber-uns\/","url":"https:\/\/weltlaeden.de\/pforzheim\/ueber-uns\/","name":"\u00dcber uns - Weltladen Pforzheim","isPartOf":{"@id":"https:\/\/weltlaeden.de\/pforzheim\/#website"},"primaryImageOfPage":{"@id":"https:\/\/weltlaeden.de\/pforzheim\/ueber-uns\/#primaryimage"},"image":{"@id":"https:\/\/weltlaeden.de\/pforzheim\/ueber-uns\/#primaryimage"},"thumbnailUrl":"https:\/\/weltlaeden.de\/pforzheim\/wp-content\/uploads\/sites\/61\/2025\/12\/mitarbeiter-2026-684x1024.jpg","datePublished":"2016-10-28T11:34:47+00:00","dateModified":"2025-12-12T22:42:18+00:00","breadcrumb":{"@id":"https:\/\/weltlaeden.de\/pforzheim\/ueber-uns\/#breadcrumb"},"inLanguage":"de","potentialAction":[{"@type":"ReadAction","target":["https:\/\/weltlaeden.de\/pforzheim\/ueber-uns\/"]}]},{"@type":"ImageObject","inLanguage":"de","@id":"https:\/\/weltlaeden.de\/pforzheim\/ueber-uns\/#primaryimage","url":"https:\/\/weltlaeden.de\/pforzheim\/wp-content\/uploads\/sites\/61\/2025\/12\/mitarbeiter-2026.jpg","contentUrl":"https:\/\/weltlaeden.de\/pforzheim\/wp-content\/uploads\/sites\/61\/2025\/12\/mitarbeiter-2026.jpg","width":800,"height":1198},{"@type":"BreadcrumbList","@id":"https:\/\/weltlaeden.de\/pforzheim\/ueber-uns\/#breadcrumb","itemListElement":[{"@type":"ListItem","position":1,"name":"Startseite","item":"https:\/\/weltlaeden.de\/pforzheim\/"},{"@type":"ListItem","position":2,"name":"\u00dcber uns"}]},{"@type":"WebSite","@id":"https:\/\/weltlaeden.de\/pforzheim\/#website","url":"https:\/\/weltlaeden.de\/pforzheim\/","name":"Vorlage","description":"Faire Produkte seit 1990","potentialAction":[{"@type":"SearchAction","target":{"@type":"EntryPoint","urlTemplate":"https:\/\/weltlaeden.de\/pforzheim\/?s={search_term_string}"},"query-input":{"@type":"PropertyValueSpecification","valueRequired":true,"valueName":"search_term_string"}}],"inLanguage":"de"}]}},"_links":{"self":[{"href":"https:\/\/weltlaeden.de\/pforzheim\/wp-json\/wp\/v2\/pages\/219","targetHints":{"allow":["GET"]}}],"collection":[{"href":"https:\/\/weltlaeden.de\/pforzheim\/wp-json\/wp\/v2\/pages"}],"about":[{"href":"https:\/\/weltlaeden.de\/pforzheim\/wp-json\/wp\/v2\/types\/page"}],"author":[{"embeddable":true,"href":"https:\/\/weltlaeden.de\/pforzheim\/wp-json\/wp\/v2\/users\/1"}],"replies":[{"embeddable":true,"href":"https:\/\/weltlaeden.de\/pforzheim\/wp-json\/wp\/v2\/comments?post=219"}],"version-history":[{"count":52,"href":"https:\/\/weltlaeden.de\/pforzheim\/wp-json\/wp\/v2\/pages\/219\/revisions"}],"predecessor-version":[{"id":1290,"href":"https:\/\/weltlaeden.de\/pforzheim\/wp-json\/wp\/v2\/pages\/219\/revisions\/1290"}],"wp:attachment":[{"href":"https:\/\/weltlaeden.de\/pforzheim\/wp-json\/wp\/v2\/media?parent=219"}],"curies":[{"name":"wp","href":"https:\/\/api.w.org\/{rel}","templated":true}]}}